{"id":9607,"date":"2022-11-02T12:12:46","date_gmt":"2022-11-02T15:12:46","guid":{"rendered":"http:\/\/170.210.81.106\/newfade\/?page_id=9607"},"modified":"2022-11-09T10:25:52","modified_gmt":"2022-11-09T13:25:52","slug":"proyectos-finalizados-inv","status":"publish","type":"page","link":"https:\/\/fadeweb.uncoma.edu.ar\/index.php\/secretaria-de-ciencia-y-tecnica-y-relaciones-internacionales\/proyectos-finalizados-inv\/","title":{"rendered":"PROYECTOS FINALIZADOS INV"},"content":{"rendered":"\t\t<div data-elementor-type=\"wp-page\" data-elementor-id=\"9607\" class=\"elementor elementor-9607\" data-elementor-post-type=\"page\">\n\t\t\t\t\t\t<section class=\"elementor-section elementor-top-section elementor-element elementor-element-7c8e0d3 elementor-section-boxed elementor-section-height-default elementor-section-height-default\" data-id=\"7c8e0d3\" data-element_type=\"section\" data-e-type=\"section\">\n\t\t\t\t\t\t<div class=\"elementor-container elementor-column-gap-default\">\n\t\t\t\t\t<div class=\"elementor-column elementor-col-50 elementor-top-column elementor-element elementor-element-b9cee16\" data-id=\"b9cee16\" data-element_type=\"column\" data-e-type=\"column\">\n\t\t\t<div class=\"elementor-widget-wrap elementor-element-populated\">\n\t\t\t\t\t\t<div class=\"elementor-element elementor-element-b6a3859 elementor-widget elementor-widget-text-editor\" data-id=\"b6a3859\" data-element_type=\"widget\" data-e-type=\"widget\" data-widget_type=\"text-editor.default\">\n\t\t\t\t<div class=\"elementor-widget-container\">\n\t\t\t\t\t\t\t\t\t<h1><span class=\"titulo1\">SECRETAR\u00cdA DE CIENCIA Y T\u00c9CNICA Y RELACIONES INTERNACIONALES <\/span><\/h1><h2 class=\"titulo2\">PROYECTOS DE INVESTIGACION FINALIZADOS<\/h2><table class=\"proyectos\"><caption>2014-2017<\/caption><tbody><tr valign=\"middle\"><td class=\"cod\" valign=\"middle\" height=\"35\"><p><strong>C\u00f3digo <\/strong><\/p><\/td><td class=\"cabeza\" valign=\"middle\" height=\"35\"><p><strong> \u00a0Nombre<\/strong><\/p><\/td><td class=\"cabeza\" valign=\"middle\" height=\"35\"><p><strong>Director <\/strong><\/p><\/td><\/tr><tr valign=\"top\"><td class=\"uno\" valign=\"top\" height=\"55\"><strong>D 096 <\/strong><\/td><td class=\"dos\" valign=\"top\" height=\"55\"><a href=\"#D096\">HEGEMON\u00cdA Y RESISTENCIAS EN EL NORTE DE LA PATAGONIA. UN AN\u00c1LISIS COMUNICACIONAL DE PR\u00c1CTICAS CULTURALES Y EXPERIENCIAS DE SUBALTERNIDAD<\/a><\/td><td class=\"tres\" valign=\"top\" height=\"55\">Marcelo Loaiza<\/td><\/tr><tr valign=\"top\"><td class=\"uno\" valign=\"top\" height=\"55\"><strong>D 097 <\/strong><\/td><td class=\"dos\" valign=\"top\" height=\"55\"><span lang=\"es-ES\"><a href=\"#D097\">EL DERECHO DEL CAMBIO CLIM\u00c1TICO A NIVEL REGIONAL. POSTULADOS PARA SU IMPLEMENTACI\u00d3N.<\/a><\/span><\/td><td class=\"tres\" valign=\"top\" height=\"55\"><span lang=\"es-ES\">Nidia Bissig<\/span><br \/><span lang=\"es-ES\"> Marcelo I\u00f1iguez<\/span><\/td><\/tr><tr valign=\"top\"><td class=\"uno\" valign=\"top\" height=\"55\"><strong>D 098 <\/strong><\/td><td class=\"dos\" valign=\"top\" height=\"55\"><span lang=\"es-ES\"><a href=\"#D098\">DEFENSA DE LOS DERECHOS<\/a><\/span><\/td><td class=\"tres\" valign=\"top\" height=\"55\"><span lang=\"es-ES\">Alicia Ares Nogueira<br \/><\/span><span lang=\"es-ES\">Pablo Iribarren<\/span><\/td><\/tr><tr valign=\"top\"><td class=\"uno\" valign=\"top\" height=\"55\"><strong>D 099 <\/strong><\/td><td class=\"dos\" valign=\"top\" height=\"55\"><a href=\"#D099\">ABORDAJES MEDIALES Y TRANSMEDIALES DE LA CUESTI\u00d3N FANT\u00c1STICA<\/a><\/td><td class=\"tres\" valign=\"top\" height=\"55\">Ricardo Haye<br \/>Stella Poggian<\/td><\/tr><tr valign=\"top\"><td class=\"uno\" valign=\"top\" height=\"55\"><strong>D 100 <\/strong><\/td><td class=\"dos\" valign=\"top\" height=\"55\"><a href=\"#D100\">LA COMUNICACI\u00d3N ACAD\u00c9MICA: ESTRATEGIAS PARA EL AN\u00c1LISIS Y LA PRODUCCI\u00d3N TEXTUAL<\/a><\/td><td class=\"tres\" valign=\"top\" height=\"55\">Mar\u00eda Palmira Massi<br \/>Roxana Mu\u00f1oz<\/td><\/tr><\/tbody><\/table><table class=\"proyectos\"><caption>2015-2018<\/caption><tbody><tr valign=\"top\"><td class=\"uno\" valign=\"middle\" height=\"55\"><strong>D 101<\/strong><\/td><td class=\"dos\" valign=\"middle\" height=\"55\"><a href=\"#D101\">ESTADO, TERRITORIO Y MOVIMIENTOS SOCIALES EN LA ERA DE LA GLOBALIZACI\u00d3N. EL CASO DE LA PATAGONIA NORTE.<\/a><\/td><td class=\"tres\" valign=\"middle\" height=\"55\">Jos\u00e9 Luis Bonifacio<br \/>Laura Silvana Blanco<\/td><\/tr><tr valign=\"top\"><td class=\"uno\" valign=\"middle\" height=\"55\"><strong>D 102<\/strong><\/td><td class=\"dos\" valign=\"middle\" height=\"55\"><a href=\"#D102\">PERSPECTIVAS TE\u00d3RICAS SOBRE MODERNIDAD, RACIONALIZACI\u00d3N Y CUERPOS. AN\u00c1LISIS DESDE LA TEOR\u00cdA SOCIAL: CL\u00c1SICOS Y CONTEMPOR\u00c1NEOS.<\/a><\/td><td class=\"tres\" valign=\"middle\" height=\"55\">Ana Mar\u00eda Matus<\/td><\/tr><tr valign=\"top\"><td class=\"uno\" valign=\"middle\" height=\"55\"><strong>D 103<\/strong><\/td><td class=\"dos\" valign=\"middle\" height=\"55\"><a href=\"#D103\">CONFLICTIVIDAD SOCIAL, ESTADO Y POL\u00cdTICAS P\u00daBLICAS EN EL ALTO VALLE DE R\u00cdO NEGRO (2007-2015) <\/a><\/td><td class=\"tres\" valign=\"middle\" height=\"55\">Mar\u00eda Mazzoni<br \/>Pablo Schleifer<\/td><\/tr><\/tbody><\/table><table class=\"proyectos\"><caption>2016-2018<\/caption><tbody><tr valign=\"top\"><td class=\"uno\" valign=\"top\" height=\"55\"><strong>D 104 <\/strong><\/td><td class=\"dos\" valign=\"top\" height=\"55\"><a href=\"#D104\">LUCHAS TERRITORIALES Y FORMA ESTATAL EN LA POSCONVERTIBILIDAD (2002-2015): EXTRACTIVISMO, CRIMINALIZACI\u00d3N\/COMPENSACI\u00d3N Y RESISTENCIAS SOCIALES EN EXPERIENCIAS CONCRETAS DE \u00a0R\u00cdO NEGRO Y NEUQU\u00c9N<\/a><\/td><td class=\"tres\" valign=\"top\" height=\"55\">Mariana Giaretto<\/td><\/tr><tr valign=\"top\"><td class=\"uno\" valign=\"top\" height=\"55\"><strong>D 105 <\/strong><\/td><td class=\"dos\" valign=\"top\" height=\"55\"><a href=\"#D105\">TRAYECTORIAS MIGRATORIAS Y LABORALES EN TERRITORIOS RURALES Y URBANOS DEL NORTE DE LA PATAGONIA<\/a><\/td><td class=\"tres\" valign=\"top\" height=\"55\">Ver\u00f3nica Trpin<\/td><\/tr><tr valign=\"top\"><td class=\"uno\" valign=\"top\" height=\"55\"><strong>D 106 <\/strong><\/td><td class=\"dos\" valign=\"top\" height=\"55\"><a href=\"#D106\">DIVERSIFICACI\u00d3N PRODUCTIVA DE PRODUCTORES FAMILIARES DEL NORTE DE LA PATAGONIA. TIPOS E IMPACTOS SOCIALES Y TERRITORIALES<\/a><\/td><td class=\"tres\" valign=\"top\" height=\"55\">Norma Andrade<br \/>Carla Franquelli<\/td><\/tr><tr valign=\"top\"><td class=\"uno\" valign=\"top\" height=\"55\"><strong>D 107 <\/strong><\/td><td class=\"dos\" valign=\"top\" height=\"55\"><a href=\"#D107\">TRABAJO SOCIAL FORENSE EN LA REGI\u00d3N COMAHUE. MODALIDADES DE INTERVENCI\u00d3N EN PERSPECTIVA SOCIO JUR\u00cdDICA<\/a><\/td><td class=\"tres\" valign=\"top\" height=\"55\">Andr\u00e9s Ponce de Le\u00f3n<br \/>Cecilia Beit\u00eda<\/td><\/tr><tr valign=\"top\"><td class=\"uno\" valign=\"top\" height=\"55\"><strong>D 108 <\/strong><\/td><td class=\"dos\" valign=\"top\" height=\"55\"><a href=\"#D108\">PERIODISMO EN INTERNET: RUTINAS PRODUCTIVAS, NUEVAS NARRATIVAS E INTERACTIVIDAD<\/a><\/td><td class=\"tres\" valign=\"top\" height=\"55\">Alejandro Rost<br \/>Mar\u00eda Teresa Bernardi<\/td><\/tr><tr valign=\"top\"><td class=\"uno\" valign=\"top\" height=\"55\"><strong>D 109 <\/strong><\/td><td class=\"dos\" valign=\"top\" height=\"55\"><a href=\"#D109\">INTERVENCI\u00d3N PSICOSOCIAL: SIGNIFICACIONES, COMPRENSIONES Y SENTIDOS. ACERCAMIENTOS A<br \/>SU ESTUDIO ACTUAL<\/a><\/td><td class=\"tres\" valign=\"top\" height=\"55\">Ver\u00f3nica Contrera<br \/>Anal\u00eda Lazzaroni<\/td><\/tr><tr valign=\"top\"><td class=\"uno\" valign=\"top\" height=\"55\"><strong>D 110 <\/strong><\/td><td class=\"dos\" valign=\"top\" height=\"55\"><a href=\"#D110\">DIGESTO FEDERAL DE DERECHOS HUMANOS \u2013 PARTE II<\/a><\/td><td class=\"tres\" valign=\"top\" height=\"55\">Jorge Douglas Price<\/td><\/tr><tr valign=\"top\"><td class=\"uno\" valign=\"top\" height=\"55\"><strong>D 111 <\/strong><\/td><td class=\"dos\" valign=\"top\" height=\"55\"><a href=\"#D111\">RESISTENCIAS DE LAS MUJERES A LA OFENSIVA NEOEXTRACTIVISTA EN TERRITORIOS &#8216;ARRASADOS&#8217;. AN\u00c1LISIS DESDE LA COLONIALIDAD DE G\u00c9NERO EN ALLEN, R\u00cdO NEGRO<\/a><\/td><td class=\"tres\" valign=\"top\" height=\"55\">Mar\u00eda Bel\u00e9n \u00c1lvaro<br \/>Carlos Pescader<\/td><\/tr><tr valign=\"top\"><td class=\"uno\" valign=\"top\" height=\"55\">04\/D112<\/td><td class=\"dos\" valign=\"top\" height=\"55\"><a href=\"#D112\">HEGEMON\u00cdA Y PRACTICAS CULTURALES: TENSIONES Y ANTAGONISMOS EN EL TERRITORIO DE LA PATAGONIA NORTE<\/a><\/td><td class=\"tres\" valign=\"top\" height=\"55\">Loaiza, Marcelo<br \/>Monasterio, Julio Cesar<\/td><\/tr><tr valign=\"top\"><td class=\"uno\" valign=\"top\" height=\"55\"><strong>04\/D 113 <\/strong><\/td><td class=\"dos\" valign=\"top\" height=\"55\"><a href=\"#D113\">RECONFIGURACI\u00d3N DE LOS MUNDOS POSIBLES<\/a><\/td><td class=\"tres\" valign=\"top\" height=\"55\">Haye, Ricardo Miguel<br \/>Poggian, Stella Maris<\/td><\/tr><tr valign=\"top\"><td class=\"uno\" valign=\"top\" height=\"55\"><strong>04\/D 114 <\/strong><\/td><td class=\"dos\" valign=\"top\" height=\"55\"><a href=\"#D114\">M\u00c9RITO, RECONOCIMIENTO Y CASTIGO EN LAS TEOR\u00cdAS DISTRIBUTIVAS CONTEMPOR\u00c1NEAS<\/a><\/td><td class=\"tres\" valign=\"top\" height=\"55\">Lizarraga, Fernando Alberto<br \/>Duimich, Laura<\/td><\/tr><tr valign=\"top\"><td class=\"uno\" valign=\"top\" height=\"55\"><strong>04\/D 115 <\/strong><\/td><td class=\"dos\" valign=\"top\" height=\"55\"><a href=\"#D115\">ESTADO MUNICIPAL, GOBIERNO DIVIDIDO Y YUXTAPUESTO. POL\u00cdTICAS P\u00daBLICAS, ACTORES Y DISPUTAS POL\u00cdTICAS Y JURISDICCIONALES. UNA MIRADA DESDE LA CIUDAD DE NEUQU\u00c9N (2007\/2019) <\/a><\/td><td class=\"tres\" valign=\"top\" height=\"55\">Vaccarisi, Maria Elizabeth<br \/>Salerno, Isabel Edith<\/td><\/tr><tr valign=\"top\"><td class=\"uno\" valign=\"top\" height=\"55\"><strong>04\/D 116 <\/strong><\/td><td class=\"dos\" valign=\"top\" height=\"55\"><a href=\"#D116\">EL DERECHO REAL DE DOMINIO EN FUNCI\u00d3N AMBIENTAL. DESDE EL MODELO DE LIMITACIONES ADMINISTRATIVAS A LA PROPIEDAD AL MODELO DE ORDENAMIENTO AMBIENTAL DEL TERRITORIO<\/a><\/td><td class=\"tres\" valign=\"top\" height=\"55\">Fernandez, Juan Carlos<br \/>Laura Vinante<\/td><\/tr><\/tbody><\/table><h2>PROYECTOS ESPECIALES<\/h2><table class=\"proyectos\"><caption>Proyecto convocatoria Malvinas en la Universidad:<\/caption><tbody><tr valign=\"top\"><td class=\"uno\" valign=\"middle\" width=\"8%\" height=\"55\">\u00a0<\/td><td class=\"dos\" valign=\"middle\" width=\"77%\" height=\"55\">\u201cMalvinas en la Norpatagonia. 30 a\u00f1os de posguerra (1982-2012)\u201d .Convocatoria a proyectos de Investigaci\u00f3n \u201cMalvinas en la Universidad\u201d, de la Secretar\u00eda de Pol\u00edticas Universitarias.<\/td><td class=\"tres\" valign=\"middle\" width=\"15%\" height=\"55\">Isabel Salerno<\/td><\/tr><\/tbody><\/table><h2 class=\"titulo2\"><strong>Res\u00famenes proyectos de investigaci\u00f3n finalizados FADECS<\/strong><\/h2><p class=\"dos\">\u00a0<\/p><h2 class=\"subt1\"><strong>PROYECTOS 2015-2018<\/strong><\/h2><p class=\"subt1\"><strong><a id=\"D13\" name=\"D103\"><\/a><\/strong><\/p><h3 class=\"titulo3\"><strong>D103<\/strong><br \/><strong>Conflictividad social, Estado y pol\u00edticas p\u00fablicas en el Alto Valle de R\u00edo Negro (2007-2015) <\/strong><\/h3><p><span class=\"dos\"><strong>Directora: Mar\u00eda\u00a0 Mazzoni<\/strong><\/span><\/p><p><span class=\"dos\"><strong>Codirectora: Pablo Schleifer<\/strong><\/span><\/p><ul type=\"disc\"><li class=\"dos\">Ana Elena Garc\u00eda<\/li><li class=\"dos\">Cecilia Balladini<\/li><li class=\"dos\">Mar\u00eda Valeria Albardonedo<\/li><li class=\"dos\">Florencia L\u00eda Noem\u00ed Montenegro (becaria graduada)<\/li><li class=\"dos\">Fernanda Delarriva (becaria estudiante)<\/li><li class=\"dos\">Guillermina Peralta ( (becaria graduada))<\/li><\/ul><p class=\"dos\">La presente investigaci\u00f3n pretende indagar e interpretar la relaci\u00f3n entre la conflictividad social, el Estado y las pol\u00edticas p\u00fablicas en el Alto Valle de R\u00edo Negro en el per\u00edodo 2007-2015, para analizar los procesos de producci\u00f3n y reproducci\u00f3n del orden social tanto como los procesos de legitimaci\u00f3n simb\u00f3lica de ese orden. Puesto que entendemos que lo social es una totalidad compleja, multidimensional y contradictoria, postulamos que el an\u00e1lisis debe ser relacional, hist\u00f3rico y situado.<\/p><p class=\"dos\">Como hemos analizado en proyectos anteriores, el conflicto es constitutivo de las sociedades capitalistas; no obstante, aun cuando la reificaci\u00f3n de las desigualdades, contrastes, confrontaciones, contradicciones indica la existencia de relaciones de fuerza, al mismo tiempo las oculta y naturaliza. En este marco, el Estado capitalista constituye un actor con un alto grado de centralidad basada en la concentraci\u00f3n de la administraci\u00f3n, de la fijaci\u00f3n de pol\u00edticas p\u00fablicas y en el monopolio del uso leg\u00edtimo de la fuerza f\u00edsica y de la violencia simb\u00f3lica. Cada vez que el Estado establece una pol\u00edtica contribuye a la materializaci\u00f3n de un orden, toma posici\u00f3n sobre los conflictos y universaliza ese posicionamiento.<\/p><p class=\"dos\">As\u00ed, este trabajo busca examinar c\u00f3mo la conflictividad social se plasma en las pol\u00edticas p\u00fablicas que el Estado provincial y los principales Estados municipales del Alto Valle llevaron adelante, en articulaci\u00f3n con la pol\u00edtica nacional, durante los dos \u00faltimos per\u00edodos gubernamentales.<\/p><h3 class=\"titulo3\"><strong>D102<a id=\"D12\" name=\"D102\"><\/a><\/strong><br \/><strong>Perspectivas te\u00f3ricas sobre modernidad, racionalizaci\u00f3n y cuerpos. An\u00e1lisis desde la Teor\u00eda Social: cl\u00e1sicos y contempor\u00e1neos.<\/strong><\/h3><p class=\"dos\"><strong>Directora: Ana Matus<\/strong><\/p><ul><li class=\"dos\">Guisella Paulina Carre\u00f1o Conejera<\/li><li class=\"dos\">Daniela Isasi<\/li><li class=\"dos\">Guillermo Maqueda<\/li><li class=\"dos\">Jorgelina Montero<\/li><li class=\"dos\">Paola Invernizzi<\/li><li class=\"dos\">Camila Su\u00e1rez (becaria estudiante)<\/li><li class=\"dos\">Lorena Carina Rosales (estudiante)<\/li><\/ul><p class=\"dos\">La propuesta de trabajo formulada en esta investigaci\u00f3n, pretende articular las instancias en que se desarrolla la pr\u00e1ctica docente e investigativa de nuestro equipo, esto es, generar una articulaci\u00f3n dentro de las \u00e1reas de conocimiento te\u00f3rico y las necesarias mediaciones que se van suscitando para un an\u00e1lisis situado de las m\u00faltiples<br \/>realidades sociales.<\/p><p class=\"dos\">Desde la premisa que existe una vinculaci\u00f3n interna entre los supuestos epistemol\u00f3gicos, te\u00f3ricos y metodol\u00f3gicos en la formulaci\u00f3n de las Teor\u00edas Sociales, sostenemos la necesidad de indagar y profundizar en las principales fuentes te\u00f3ricas de nuestra disciplina para clarificar, debatir y producir conocimiento te\u00f3rico de manera que la reflexi\u00f3n se entienda como actividad de investigaci\u00f3n. En la l\u00ednea de lo que venimos argumentando, la teor\u00eda contiene la posibilidad de una pr\u00e1ctica; y a la vez, buscamos sistematizar nuestros recorridos para que el conocimiento producido pueda actualizar y propiciar debates y problem\u00e1ticas, abordados colectivamente, sobre la formaci\u00f3n y pr\u00e1ctica en el \u00e1rea de la Teor\u00eda Social. De esta manera, perspectivas te\u00f3ricas y epistemol\u00f3gicas de indagaci\u00f3n no desarrollada dentro de las l\u00edneas de pensamiento contenido en el \u00e1rea te\u00f3rica de nuestras disciplinas (Ciencias Sociales) podr\u00e1n ser<br \/>abordadas.<\/p><p class=\"dos\">No pretendemos que nuestra propuesta sea original en s\u00ed, ya que actualmente se impulsa esta l\u00ednea de trabajo en otros \u00e1mbitos de investigaci\u00f3n; pero si lo es para la formaci\u00f3n interna y los recorridos realizados hasta ahora.<\/p><p class=\"dos\">El recorte elegido para nuestro an\u00e1lisis parte de las categor\u00edas \u201cmodernidad\u201d &#8211; \u201cprocesos de racionalizaci\u00f3n\u201d y \u201ccuerpos\u201d, siempre desde un contexto conceptual que busca articular producciones cl\u00e1sicas y contempor\u00e1neas, que es el eje sobre el que nos interesa profundizar y difundir desde la adhesi\u00f3n a planteos de una lectura situada.<\/p><p class=\"dos\">El proyecto presentado, en su conjunto, articula con los fundamentos y supuestos mencionados desde los que se procura desenvolver una actitud de caja de herramientas \u2013 en sentido foucaultiano &#8211; con respecto a la teor\u00eda; para propiciar el abordaje relacional de las problem\u00e1ticas a partir de estrategias anal\u00edticas contenidas en la dimensi\u00f3n<br \/>conceptual.<\/p><h3 class=\"titulo3\"><strong><span class=\"subt1\"><a id=\"D101\" name=\"D101\"><\/a><\/span>D101<\/strong><\/h3><h3 class=\"dos\"><span class=\"titulo3\"><strong>\u201cEstado, Territorio y Movimientos Sociales en la era de la Globalizaci\u00f3n. El caso de la Patagonia Norte\u201d<\/strong><\/span><\/h3><p class=\"dos\"><strong>Director: Jos\u00e9 Luis Bonifacio<\/strong><\/p><p class=\"dos\"><strong>Codirectora: Laura Silvana Blanco<\/strong><\/p><ul><li class=\"dos\">Marcela Casta\u00f1\u00f3n<\/li><li class=\"dos\">Jorgelina Bizai<\/li><li class=\"dos\">Mar\u00eda Victoria Raffo<\/li><li class=\"dos\">Mar\u00eda Laura Mart\u00ednez<\/li><li class=\"dos\">Julia Burton<\/li><li class=\"dos\">Mauricio Vidal<br \/>Walter Andr\u00e9s Rivera Poblete (estudiante de posgrado)<\/li><li class=\"dos\">Fernando Cabrera<\/li><li class=\"dos\">Silvia Bascur<\/li><li class=\"dos\">Diego Enrique Sep\u00falveda (egresado)<\/li><li class=\"dos\">Mercedes L\u00f3pez Saubidet (integrante externa)<\/li><li class=\"dos\">Micaela Facinetti Guillem (graduada)<\/li><li class=\"dos\">Lorena Fabiana Bottaro (integrante externa)<\/li><\/ul><p class=\"dos\">Se pretende analizar y caracterizar los procesos de organizaci\u00f3n y subjetivaci\u00f3n pol\u00edtica de las clases subalternas en la Patagonia Norte en el contexto de los cambios en las formas de intervenci\u00f3n del Estado y en el marco de una crisis global del capitalismo. Los procesos de organizaci\u00f3n y subjetivaci\u00f3n pol\u00edtica se refieren a las formas en que se despliegan y operan los movimientos sociales y pol\u00edticos que se desarrollaron como respuesta a la ofensiva neoliberal. A saber: sindicatos, colectivos culturales, movimientos de g\u00e9nero, \u00e9tnicos, medioambientales, por el derecho a la tierra, la vivienda, la salud, la educaci\u00f3n, Movimientos por los Derechos Humanos.<\/p><p class=\"dos\">La mayor\u00eda de estos movimientos sociales son parte de la historia reciente de la Patagonia. En investigaciones realizadas por este grupo se mostr\u00f3 que los mismos hab\u00edan adquirido un nuevo \u00edmpetu a partir de la lucha contra el neoliberalismo de los a\u00f1os noventa y que de manera variable hab\u00edan desplegado un repertorio de acci\u00f3n colectiva cuyos rasgos m\u00e1s novedosos eran la democracia directa, la acci\u00f3n directa no convencional y la demanda de autonom\u00eda de la pol\u00edtica tradicional.<\/p><p class=\"dos\">En la presente investigaci\u00f3n se analizar\u00e1 c\u00f3mo estas acciones colectivas y estos novedosos rasgos se impregnan del nuevo escenario pol\u00edtico nacional y global. Las nuevas agendas pol\u00edticas llevadas adelante por el Estado en el marco de una crisis global del capital fueron modificando tambi\u00e9n el campo de las luchas de los movimientos sociales.<\/p><p class=\"dos\">Se parte de las siguientes proposiciones: a) en este te escenario es importante reconocer dos cambios fundamentales la fuerte inscripci\u00f3n territorial de las luchas sociales y la importante intervenci\u00f3n del Estado en los movimientos sociales en estos espacios. b) Estos cambios est\u00e1n fuertemente condicionados por la crisis global del capital.<\/p><h2 class=\"subt1\"><strong>PROYECTOS 2014-2017<\/strong><a id=\"D7\" name=\"D096\"><\/a><\/h2><h3 class=\"titulo3\"><strong>D-096 <\/strong><\/h3><h3 class=\"titulo3\"><strong>Hegemon\u00eda y resistencias en el norte de la Patagonia. Un an\u00e1lisis comunicacional de pr\u00e1cticas culturales y experiencias de subalternidad<\/strong><\/h3><p class=\"dos\"><strong>Director: Marcelo Loaiza<\/strong><\/p><ul><li class=\"dos\">Susana Ginobile<\/li><li class=\"dos\">Julio Monasterio<\/li><li class=\"dos\">Diana Solana<\/li><li class=\"dos\">Lorena Riffo (becaria Conicet)<\/li><li class=\"dos\">Daniela Castro (estudiante)<\/li><li class=\"dos\">Cynthia Torres (graduada)<\/li><li class=\"dos\">Julia Kejner (colaboradora)<\/li><li class=\"dos\">Paulo Duquelsky (estudiante)<\/li><li class=\"dos\">Alan Rocha (estudiante)<\/li><li class=\"dos\">Joaqu\u00edn Brand (becario estudiante)<\/li><li class=\"dos\">Martin Pedersen (estudiante)<\/li><\/ul><p class=\"dos\">Nuestro trabajo de investigaci\u00f3n, desde el campo de la comunicaci\u00f3n social en perspectiva interdisciplinaria, se propone identificar, describir y analizar experiencias de subalternidad.\u00a0 Daremos cuenta, as\u00ed, de discursos, pr\u00e1cticas culturales, mediaciones y circulaciones que cr\u00edticamente evidencien relaciones sociales desiguales construidas en resistencia a discursos\/modelos\/procesos hegem\u00f3nicos. Interesan especialmente sujetos y dispositivos asociados a procesos de oposici\u00f3n a las estrategias hegem\u00f3nicas en diversos \u00e1mbitos del campo social y cultural. Abordaremos as\u00ed una aproximaci\u00f3n inicial a la comprensi\u00f3n de la construcci\u00f3n de subjetividades en el territorio del norte de la Patagonia argentina, espacio cargado de met\u00e1foras y apelaciones a la naturaleza que dotan de referencias espec\u00edficas a estos procesos. Estas construcciones las comprenderemos en directa relaci\u00f3n con las condiciones macro sociales en que se desenvuelven y en las que son posibles, estableciendo nexos de configuraci\u00f3n, resignificaciones y resistencias.<\/p><p class=\"dos\"><span class=\"subt1\"><a id=\"D8\" name=\"D097\"><\/a><\/span><\/p><h3 class=\"titulo3\"><strong>D097<\/strong><\/h3><h3 class=\"titulo3\"><strong>El derecho del cambio clim\u00e1tico a nivel regional. Postulados para su implementaci\u00f3n.<\/strong><\/h3><p class=\"dos\"><strong>Directora: Nidia Bissig<\/strong><\/p><p class=\"dos\"><strong>Codirector: Marcelo I\u00f1iguez<\/strong><\/p><ul><li class=\"dos\">Juan Carlos Fern\u00e1ndez<\/li><li class=\"dos\">Efrain Pe\u00f1a Moreno<\/li><li class=\"dos\">Laura Andrea Vinante<\/li><li class=\"dos\">Ana Zinkgraf<\/li><li class=\"dos\">Gabriel Nicol\u00e1s Ludue\u00f1a<\/li><li class=\"dos\">Graciana Miller<\/li><li class=\"dos\">Julieta Aureli (estudiante)<\/li><li class=\"dos\">Diego Ram\u00edrez Fuentes (egresado Unco)<\/li><li class=\"dos\">Natalia Paola Cheli (Integrante externa)<\/li><li class=\"dos\">Mariano Cirone (integrante externo)<\/li><\/ul><p class=\"dos\">El\u00a0 proyecto est\u00e1 orientado a analizar el derecho internacional vigente en materia de cambio clim\u00e1tico y la determinaci\u00f3n de su\u00a0 modo de incorporaci\u00f3n a nivel local.<\/p><p class=\"dos\">Para ello, en una primera etapa se pretende estudiar y describir el\u00a0 marco del derecho internacional del cambio clim\u00e1tico.<\/p><p class=\"dos\">En una segunda etapa estudiar y describir el marco del derecho regional, especialmente enfocado en las provincias de R\u00edo Negro y Neuqu\u00e9n, aunque extensible tambi\u00e9n al resto de las provincias patag\u00f3nicas en cuanto hubiere alg\u00fan aspecto relevante que contemplar en dicho nivel territorial. En este marco el objetivo inicial ser\u00eda determinar la eventual existencia de sistemas normativos o normas aisladas que contemplen aspectos directa o indirectamente relacionados con el marco normativo internacional del cambio clim\u00e1tico.<\/p><p class=\"dos\">En una tercera etapa, y con los datos obtenidos en la segunda etapa, se pretende determinar el grado de necesidad de formulaci\u00f3n de un sistema normativo regional en la materia\u00a0 que garantice los derechos fundamentales de los pobladores obligados a migrar como consecuencia del cambio clim\u00e1tico; o, en caso de existencia del mismo, su grado de implementaci\u00f3n y definir eventuales modificaciones que conlleven a una protecci\u00f3n real de derechos.<\/p><p class=\"dos\"><span class=\"subt1\"><a id=\"D9\" name=\"D098\"><\/a><\/span><\/p><h3 class=\"titulo3\"><strong>D098<\/strong><\/h3><h3 class=\"titulo3\"><strong>Defensa de los Derechos<\/strong><\/h3><p class=\"dos\"><strong>Directora: Alicia Ares Nogueira<\/strong><\/p><p class=\"dos\"><strong>Codirector: Pablo Iribarren<\/strong><\/p><ul><li class=\"dos\">Graciela Echegaray<\/li><li class=\"dos\">Javier Mu\u00f1oz<\/li><li class=\"dos\">Ruth Luengo<\/li><li class=\"dos\">Javier Ulloa<\/li><li class=\"dos\">Silvina Vasallo (estudiante posgrado)<\/li><li class=\"dos\">Jes\u00fas Mercado (egresado UNco)<\/li><li class=\"dos\">Giovanna Moro (estudiante)<\/li><li class=\"dos\">Alejandro Kejner (estudiante)<\/li><li><span class=\"dos\">Dinorah Fait Villalobos<\/span><\/li><\/ul><p class=\"dos\">A partir del resultado del proyecto anterior (D 079) respecto a las usurpaciones llegamos a la conclusi\u00f3n que existe normativa, procesal y de fondo, que no dan resultado a la hora de su efectiva ejecuci\u00f3n. Quiz\u00e1s pueda responder, la situaci\u00f3n actual, a un cambio de paradigmas que, si bien expresados constitucionalmente, no est\u00e1n apropiados en todos los \u00e1mbitos del ejercicio del poder. La respuestas del ejecutivo, en lo que le compete, son de aspecto exclusivamente pol\u00edtico, alejado, muchas veces del \u00e1mbito jur\u00eddico y social. Pero \u00bfcu\u00e1l es la respuesta del poder judicial? \u00bfResponde a intereses de sector? \u00bfAct\u00faa de acuerdo a directivas de otro de los poderes del estado? La independencia con la que debe actuar, de acuerdo a la organizaci\u00f3n constitucional, \u00bfse refleja en sus decisiones? De los m\u00e9todos de selecci\u00f3n de magistrados puede surgir, en parte la respuesta a estos interrogantes.<\/p><p class=\"dos\">En Roma, cada uno de los per\u00edodos constitucionales tradicionalmente estudiados (Monarqu\u00eda, Rep\u00fablica e Imperio), tuvo su propia organizaci\u00f3n judicial y sistema procesal acorde a los principios supremos que sosten\u00edan a cada r\u00e9gimen.<\/p><p class=\"dos\">Analizar comparativamente las circunstancias que dieron lugar a esos cambios puede darnos algo de luz sobre la juridicidad o al menos la equidad de las diferentes propuestas que actualmente est\u00e1n en cuesti\u00f3n.<\/p><p class=\"dos\"><span class=\"subt1\"><a id=\"D10\" name=\"D099\"><\/a><\/span><\/p><h3 class=\"titulo3\"><strong>D099<\/strong><\/h3><h3 class=\"titulo3\"><strong>Abordajes mediales y transmediales de la cuesti\u00f3n fant\u00e1stica<\/strong><\/h3><p class=\"dos\"><strong>Director: Ricardo Haye<\/strong><\/p><p class=\"dos\"><strong>Codirectora: Stella Poggian<\/strong><\/p><ul><li class=\"dos\">Esteban Rozzisi<\/li><li class=\"dos\">Jes\u00fas Nori<\/li><li class=\"dos\">Daniela Henriquez<\/li><li class=\"dos\">Jorge Arabito (integrante externo)<\/li><li class=\"dos\">Lara Decuzzi (integrante externo)<\/li><li class=\"dos\">Virginia Medina Avila (integrante externo)<\/li><li class=\"dos\">Alejandra Casta\u00f1eda (integrante externa)<\/li><li class=\"dos\">Cecilia Boggio (asesora)<\/li><\/ul><p class=\"dos\">A medida que la representaci\u00f3n fue abandonando la pretensi\u00f3n isom\u00f3rfica de constituirse en el reflejo especular de personas, objetos o situaciones, fue creciendo la consideraci\u00f3n de los abordajes o tratamientos realizados (parcial o totalmente) desde concepciones fant\u00e1sticas.<\/p><p class=\"dos\">El siglo XX fue especialmente receptivo a estas formulaciones, aunque el t\u00e9rmino \u201cfantas\u00eda\u201d tiene antiguas ra\u00edces griegas que significan \u201chacer visible\u201d.<\/p><p class=\"dos\">En nuestro anterior ciclo de investigaci\u00f3n sostuvimos que, aunque la fantas\u00eda pueda ser en ocasiones un elemento distractivo o distorsionante de la realidad, tambi\u00e9n constituye una plataforma para observar esa misma realidad con otros ojos, desde otros \u00e1ngulos y, de ese modo, facilitar y ampliar nuestra creatividad y nuestra comprensi\u00f3n.<\/p><p class=\"dos\">En esta nueva instancia, a los temas, soportes y plataformas relevados sumamos los que propicia la textualizaci\u00f3n m\u00faltiple de la producci\u00f3n transmedia, una estrategia generadora de \u00e1mbitos narrativos\u00a0envolventes.<\/p><p class=\"dos\"><span class=\"subt1\"><a id=\"D11\" name=\"D100\"><\/a><\/span><\/p><h3 class=\"titulo3\"><strong>D100<\/strong><\/h3><h3 class=\"titulo3\"><strong>La comunicaci\u00f3n acad\u00e9mica: estrategias para el an\u00e1lisis y la producci\u00f3n textual<\/strong><\/h3><p class=\"dos\"><strong>Directora: Mar\u00eda Palmira Massi<\/strong><\/p><p class=\"dos\"><strong>Codirectora: Alicia Bosani<\/strong><\/p><ul><li class=\"dos\">Paula Josefina Liendo<\/li><li class=\"dos\">Adri\u00e1n Barsotti<\/li><li class=\"dos\">Laura Di Marco<\/li><li class=\"dos\">Yanina Sp\u00e1ngaro<\/li><li class=\"dos\">Miriam Anah\u00ed Flores (estudiante)<\/li><li class=\"dos\">Rita Bustos (estudiante)<\/li><li class=\"dos\">Mercedes Jerez Diez (estudiante posgrado)<\/li><\/ul><p class=\"dos\"><span class=\"dos\">El objetivo general del presente proyecto es examinar las pr\u00e1cticas discursivas relacionadas con la investigaci\u00f3n y difusi\u00f3n del conocimiento en el \u00e1mbito universitario. La propuesta se basa en la necesidad de abordar los aspectos te\u00f3ricos y metodol\u00f3gicos que permitan dise\u00f1ar estrategias de intervenci\u00f3n pedag\u00f3gica y dise\u00f1o de materiales adecuados a las necesidades reales de los alumnos que cursan la Licenciatura y el Profesorado en Comunicaci\u00f3n Social, y el Profesorado y Traductorado en Ingl\u00e9s. Se considera relevante la profundizaci\u00f3n del an\u00e1lisis de la alfabetizaci\u00f3n o cultura acad\u00e9mica,\u00a0como eje conceptual que, desde su dimensi\u00f3n pedag\u00f3gica, ofrece un alto potencial para el abordaje del desarrollo de estrategias de acceso, construcci\u00f3n y difusi\u00f3n del conocimiento en la universidad. El proyecto se enmarca en el An\u00e1lisis del Discurso como teor\u00eda y m\u00e9todo, con aportes provenientes de la Nueva Ret\u00f3rica, a fin de observar, comparar y sistematizar el an\u00e1lisis de textos acad\u00e9micos. Estos se abordar\u00e1n en sus instancias definitorias: intellectio \u2013al definir qu\u00e9 enunciar\u2013, inventio \u2013al seleccionar aquello que se quiere decir\u2013, dispositio \u2013al adoptar una determinada organizaci\u00f3n\u2013 y elocutio \u2013al proceder a la elaboraci\u00f3n ling\u00fc\u00edstica mediante la concurrencia de los recursos y estrategias m\u00e1s apropiados a la intenci\u00f3n comunicativa. <span lang=\"es-MX\">El An\u00e1lisis del Discurso, desde esta perspectiva, se concibe como una tarea hermen\u00e9utica: por un lado, se busca interpretar la intenci\u00f3n de la producci\u00f3n discursiva y, por el otro, describir y explicar la elecci\u00f3n, organizaci\u00f3n y jerarquizaci\u00f3n de insumos en la materializaci\u00f3n ling\u00fc\u00edstica. Finalmente, se analizan las estrategias utilizadas para alcanzar el prop\u00f3sito perlocutivo buscado.<\/span><\/span><\/p><h2 class=\"dos\"><span class=\"subt1\"><strong>PROYECTOS 2016-2019<\/strong><a id=\"D\" name=\"D104\"><\/a><\/span><\/h2><h3 class=\"titulo3\"><strong>D104<\/strong><\/h3><h3 class=\"titulo3\"><strong>Luchas territoriales y forma estatal en la posconvertibilidad (2002-2015): extractivismo, criminalizaci\u00f3n\/compensaci\u00f3n y resistencias sociales en experiencias concretas de \u00a0R\u00edo Negro y Neuqu\u00e9n<\/strong><\/h3><p class=\"dos\"><strong>Directora: Mariana Giaretto<\/strong><\/p><ul type=\"disc\"><li class=\"dos\">Yamai Zapata<\/li><li class=\"dos\">Ayel\u00e9n Penchulef<\/li><li class=\"dos\">Miguel Angel Garc\u00eda<\/li><li class=\"dos\">Victoria Naffa<\/li><li class=\"dos\">Carla Poth (asesora)<\/li><li class=\"dos\">Fernando Aizcizon (asesor)<\/li><li class=\"dos\">Alberto Bonnet (asesor)<\/li><\/ul><p class=\"dos\">En este proyecto de investigaci\u00f3n, nos proponemos analizar cr\u00edticamente las relaciones entre luchas territoriales y forma estatal, desde experiencias concretas de las provincias de R\u00edo Negro y Neuqu\u00e9n, identificando sus especificidades y al mismo tiempo caracterizando rasgos comunes en el marco de un modo particular de desenvolvimiento de la relaci\u00f3n entre modo de acumulaci\u00f3n y modo de dominaci\u00f3n (Bonnet y Piva, 2013) en la Argentina posconvertibilidad entre (2002 -2015).<\/p><p class=\"dos\">Desde una perspectiva social cr\u00edtica, identificamos tres grandes procesos transversales a las luchas territoriales: el despojo como resultado de la ofensiva extractivista del capital (Seoane, 2012), la violencia en manos de fuerzas represivas y, la dominaci\u00f3n ejercida en t\u00e9rminos de criminalizaci\u00f3n (Korol, 2009) \u00a0y \u00a0de compensaci\u00f3n como pol\u00edticas estatales (Gudynas, 2012)<\/p><p class=\"dos\">Cuando nos referimos a luchas territoriales, estamos focalizando en los modos de organizaci\u00f3n y resistencia colectiva que los sectores subalternos despliegan para defender y enfrentar la ofensiva del capital en sus territorios. De all\u00ed que, el territorio en disputa, sea problematizado en t\u00e9rminos de territorialidades y de territorializaci\u00f3n (Porto Gon\u00e7alvez, 2013) y las luchas territoriales sean consideradas como una totalidad compleja. En este sentido, las principales \u00a0luchas por tierra y vivienda urbanas como las luchas socioambientales y\/o de las comunidades ind\u00edgenas de nuestra regi\u00f3n en los \u00faltimos trece a\u00f1os, son el foco de nuestra problematizaci\u00f3n.<\/p><h2><strong>PROYECTOS 2017-2020<\/strong><span class=\"subt1\"><a id=\"D2\" name=\"D105\"><\/a><\/span><\/h2><p><strong>\u00a0<\/strong><\/p><h3 class=\"titulo3\"><strong>D105<\/strong><\/h3><h3 class=\"titulo3\"><strong>Trayectorias migratorias y laborales en territorios rurales y urbanos del Norte de la Patagonia<\/strong><\/h3><p class=\"dos\"><strong>Directora: Ver\u00f3nica Trpin<\/strong><\/p><ul type=\"disc\"><li class=\"dos\">Carina Faccio<\/li><li class=\"dos\">Silvia Brouchoud (becaria CONICET)<\/li><li class=\"dos\">Flavio Abarz\u00faa (becaria CONICET)<\/li><li class=\"dos\">Arminda Acchura (becaria UNCo)<\/li><li class=\"dos\">Magdalena Camejo (estudiante)<\/li><li class=\"dos\">Nelson Roa (estudiante)<\/li><li class=\"dos\">Andrea Sierra (integrante externo)<\/li><li class=\"dos\">Martha Radonich (asesora)<\/li><li class=\"dos\">Mar\u00eda Daniela Rodr\u00edguez (colaboradora)<\/li><\/ul><p class=\"dos\">Esta investigaci\u00f3n se centra en las trayectorias laborales y productivas de migrantes y sus familias en territorios rurales y urbanos en las provincias de R\u00edo Negro y Neuqu\u00e9n.<\/p><p class=\"dos\">En esta propuesta de estudio se indaga sobre las experiencias migratorias, las condiciones de trabajo y de vida de los sujetos y de las familias que participan de circuitos laborales y productivos destinados a migrantes, tales como la construcci\u00f3n, la horticultura, el comercio informal, la fabricaci\u00f3n de muebles o los servicios de cuidados. Esto nos lleva a profundizar los procesos de movilidad espacial de las poblaciones y de construcci\u00f3n del territorio atravesadas por desigualdades de clase, etnia, g\u00e9nero, nacionalidad y condici\u00f3n migratoria.<\/p><p class=\"dos\">La relevancia de atender esta tem\u00e1tica en las provincias del Norte de la Patagonia se vincula en primer lugar a tendencias nacionales en las que se observa que la movilidad de personas de nacionalidades latinoamericanas y africanas, ha aumentado de manera progresiva a partir de mediados del siglo XX. En este sentido, se advierte una creciente tendencia a su concentraci\u00f3n en \u00e1reas urbanas, periurbanas y rurales alejadas de las zonas fronterizas. Si bien tanto a nivel local como nacional los y las migrantes contribuyen significativamente en la producci\u00f3n de bienes y servicios, suelen ubicarse en las posiciones m\u00e1s degradadas de los diferentes \u00e1mbitos laborales, configurando circuitos productivos y de trabajo segmentados.<\/p><p class=\"dos\">En segundo lugar, hist\u00f3ricamente en las provincias de R\u00edo Negro y Neuqu\u00e9n las migraciones han constituido una variable demogr\u00e1fica relevante en el crecimiento poblacional, por lo que consideramos importante atender estos procesos en vinculaci\u00f3n a las configuraciones territoriales y productivas en \u00e1reas de din\u00e1mica socio-econ\u00f3mica de los valles irrigados -Valle Medio y Alto Valle del R\u00edo Negro y Valle Inferior del R\u00edo Neuqu\u00e9n-.<\/p><p class=\"dos\">Este proyecto sostiene un an\u00e1lisis comparativo acerca de c\u00f3mo los estados provinciales promovieron modelos de desarrollo basados exclusivamente en los recursos agua, petr\u00f3leo y gas y otras configuraciones m\u00e1s diversas y agrarias, modelos que posibilitaron migraciones diferenciales. Atender los factores macro-estructurales que definen las posibles movilidades territoriales as\u00ed como los factores micro estructurales, permite problematizar las maneras en que los y las migrantes recrean los diversos condicionamientos que delinean sus experiencias -ya sea reproduci\u00e9ndolas o confront\u00e1ndolas-, as\u00ed como recuperar sus condiciones de vida y de trabajo y las desigualdades presentes en sus trayectorias.<\/p><p class=\"dos\">Este estudio se sustenta en una metodolog\u00eda que combina distintos procedimientos, el hist\u00f3rico- comparativo, el estad\u00edstico-geogr\u00e1fico y estudio de caso. La estrategia de triangulaci\u00f3n de fuentes primarias y secundarias se basar\u00e1 en la combinaci\u00f3n de metodolog\u00edas cuantitativas y cualitativas.<\/p><p><span class=\"subt1\"><a id=\"D3\" name=\"D106\"><\/a><\/span><\/p><h3 class=\"titulo3\"><strong>D106<\/strong><\/h3><h3 class=\"titulo3\"><strong>Diversificaci\u00f3n productiva de productores familiares del norte de la Patagonia. Tipos e impactos sociales y territoriales<\/strong><\/h3><p class=\"dos\"><strong>Directora: Norma Andrade<\/strong><\/p><p class=\"dos\"><strong>Codirectora: Carla Franquelli<\/strong><\/p><ul type=\"disc\"><li class=\"dos\">Alejandro Karlau<\/li><li class=\"dos\">Lucila Baeza (estudiante)<\/li><li class=\"dos\">Yanina Torruella (estudiante)<\/li><li class=\"dos\">Nora Rivera (integrante no docente)<\/li><li class=\"dos\">M\u00f3nica Bendini (integrante externa)<\/li><li class=\"dos\">Graciela Mar\u00eda Preda (integrante externa)<\/li><li class=\"dos\">Pedro Tsakoumagkos (asesor)<\/li><li class=\"dos\">Cecilia Dufilho (colaboradora)<\/li><\/ul><p class=\"dos\">Las familias de productores familiares se orientan y asignan recursos a distintas actividades agrarias y no agrarias y con diferentes intensidades. Estas elecciones est\u00e1n condicionadas por la historia, la disponibilidad de recursos, por la combinaci\u00f3n de ocupaciones y por las pr\u00e1cticas y estrategias sociales. La dimensi\u00f3n temporal, por otra parte, es un eje esencial de la interpretaci\u00f3n de la diversificaci\u00f3n y lleva a considerarlo como un proceso din\u00e1mico. La diversificaci\u00f3n en las unidades de producci\u00f3n va desde la combinaci\u00f3n de ocupaciones y actividades prediales y no prediales a las actividades complementarias o alternativas. Tambi\u00e9n en situaciones de ruralidad tradicional pero renovada, aparecen nuevas actividades productivas y formas de asalarizaci\u00f3n no tradicionales. Esa diversificaci\u00f3n puede incluir en el norte de la Patagonia cambios tecnol\u00f3gicos y en el uso del suelo (actividades agroforestales, la producci\u00f3n hort\u00edcola, como el turismo en el espacio rural, las actividades recreativas y el procesamiento de productos agr\u00edcolas). Las causas y consecuencias de la diversificaci\u00f3n productiva est\u00e1n relacionadas con la movilidad de los miembros de la familia, con la movilizaci\u00f3n de recursos, la estacionalidad de las producciones y las caracter\u00edsticas de los mercados de productos y de trabajo. Podemos pensar en tres grandes tipos de diversificaci\u00f3n:<\/p><p class=\"dos\">1. La diversificaci\u00f3n agropecuaria, hace referencia a la incorporaci\u00f3n de otras actividades agr\u00edcolas o ganaderas dentro de la explotaci\u00f3n.<\/p><p class=\"dos\">2. La diversificaci\u00f3n estructural, donde la producci\u00f3n es no agr\u00edcola y de servicios y puede ser muy variada como el turismo y el agro, la producci\u00f3n de otras variedades o especies, el arrendamiento, la aparcer\u00eda hort\u00edcola, etc.<\/p><p class=\"dos\">3. La diversificaci\u00f3n de ingresos, que algunos autores denominan \u201cpluri-inserci\u00f3n\u201d. La diversificaci\u00f3n puede ocurrir tanto como respuesta a una situaci\u00f3n de crisis como por v\u00eda de pr\u00e1cticas adaptativas o de estrategias como forma de resistencia.<\/p><p class=\"dos\">Se analizar\u00e1n los factores y las formas de diversificaci\u00f3n productiva en territorios de producci\u00f3n familiar y de expansi\u00f3n del capital tanto a nivel de las unidades agrarias dom\u00e9sticas o familiares como de usos alternativos por parte de nuevos actores locales y extrarregionales (inversores, corporaciones, como tambi\u00e9n organizaciones de hecho y cooperativas).<\/p><p><span class=\"dos\"> Para analizar estos procesos a nivel de la unidad agraria y del territorio en su conjunto, se seleccionar\u00e1n \u00e1reas de estepa, cordillera y valle del norte de la Patagonia.<\/span><\/p><p><span class=\"subt1\"><a id=\"D4\" name=\"D107\"><\/a><\/span><\/p><h3 class=\"titulo3\"><strong>D107<\/strong><\/h3><h3 class=\"titulo3\"><strong>Trabajo Social Forense en la Regi\u00f3n Comahue. Modalidades de intervenci\u00f3n en perspectiva socio jur\u00eddica<\/strong><\/h3><p class=\"dos\"><strong>Director: Andr\u00e9s Ponce de Le\u00f3n<\/strong><\/p><p class=\"dos\"><strong>Codirectora: Cecilia Beit\u00eda<\/strong><\/p><ul><li class=\"dos\">Susana Rita Rodr\u00edguez<\/li><li class=\"dos\">Lidia Esther Gauna<\/li><li class=\"dos\">Mar\u00eda Eugenia Lizola<\/li><li class=\"dos\">Sandra Gramajo<\/li><li class=\"dos\">Carlos Conte<\/li><li class=\"dos\">Fernando Lanza<\/li><li class=\"dos\">Mar\u00eda Laura Arru\u00e9<\/li><\/ul><p class=\"dos\">Considerando que el campo de las ciencias sociales constituye una pieza clave del modus operandi de la modernidad en el proyecto de organizaci\u00f3n y control sobre la vida humana, proveyendo una plataforma de observaci\u00f3n cient\u00edfica sobre el mundo social que se quer\u00eda gobernar (Sousa Santos, 2001; Giddens, 1999; Wallerstein, 1991); que adem\u00e1s se ha consolidado al calor de la expansi\u00f3n de la intervenci\u00f3n del Estado, garante de su racionalidad y del apego a las normas; que se han diversificado en disciplinas, subdisciplinas e intersecciones disciplinares en un movimiento altamente din\u00e1mico, comprometido con los sucesos de su tiempo y valorado por su papel en la definici\u00f3n de los problemas p\u00fablicos; en este proyecto continuamos con el estudio y caracterizaci\u00f3n del Trabajo Social Forense en la Regi\u00f3n Comahue y nos proponemos abordar los procesos de intervenci\u00f3n en perspectiva socio jur\u00eddica que despliegan los profesionales para enfrentar los elevados niveles de conflictividad social que demandan su actuaci\u00f3n, en un escenario caracterizado por la abundante y cambiante normativa, la creciente burocratizaci\u00f3n de los sistemas de administraci\u00f3n de justicia, y la profundizaci\u00f3n del deterioro socio econ\u00f3mico y la conflictividad familiar.<\/p><p class=\"dos\">Metodol\u00f3gicamente nos planteamos una investigaci\u00f3n cualitativa, centrada en el estudio de fuentes primarias y secundarias, con el prop\u00f3sito de identificar, describir y analizar las actuaciones en perspectiva socio jur\u00eddica que despliegan los trabajadores sociales actualmente en la Regi\u00f3n Comahue para la atenci\u00f3n de problem\u00e1ticas complejas. Entendemos que los resultados del proyecto ser\u00e1n de utilidad para el crecimiento y desarrollo de este campo disciplinar en expansi\u00f3n, impactando tambi\u00e9n en el proceso formativo de grado y posgrado<\/p><p><span class=\"subt1\"><a id=\"D5\" name=\"D108\"><\/a><\/span><\/p><h3 class=\"titulo3\"><strong>D108<\/strong><\/h3><h3 class=\"titulo3\"><strong>Periodismo en internet: rutinas productivas, nuevas narrativas e interactividad<\/strong><\/h3><p class=\"dos\"><strong>Director: Alejandro Rost<\/strong><\/p><p class=\"dos\"><strong>Codirectora: Mar\u00eda Teresa Bernardi<\/strong><\/p><ul type=\"disc\"><li class=\"dos\">Fabi\u00e1n Bergero<\/li><li class=\"dos\">Laura Marcoccia<\/li><li class=\"dos\">Viviana Garc\u00eda<\/li><li class=\"dos\">Lieza Solaro<\/li><li class=\"dos\">Bettina Pinto Aparicio<\/li><li class=\"dos\">Sebasti\u00e1n Espi\u00f1o Collazo (egresado)<\/li><li class=\"dos\">\u00c1lvaro Liuzzi (integrante externo)<\/li><\/ul><p class=\"dos\">El periodismo est\u00e1 en un momento de transici\u00f3n. Busca su rumbo en un entorno econ\u00f3mico, cultural y tecnol\u00f3gico cambiante. Las formas de producci\u00f3n de la informaci\u00f3n en internet est\u00e1n marcadas por la velocidad en el ritmo de publicaci\u00f3n, las m\u00faltiples plataformas, las dificultades por encontrar modelos de negocio sustentables y la pelea por captar la atenci\u00f3n de una audiencia cada vez m\u00e1s dispersa e interactiva.<\/p><p class=\"dos\">Surgen nuevas formas de narrar la actualidad que obligan a crear contenidos para distintos medios y plataformas, incorporar lenguajes multimediales y fortalecer la identidad visual en entornos transmedia. Los usuarios han modificado sus formas de acceder a la informaci\u00f3n. Participan en forma activa y se constituyen en un eslab\u00f3n fundamental en la circulaci\u00f3n de noticias, cada vez m\u00e1s m\u00f3vil y social.<\/p><p class=\"dos\">Nos proponemos: 1) Estudiar en qu\u00e9 medida se han modificado las rutinas de producci\u00f3n de contenidos informativos, particularmente en medios nativos digitales de la Norpatagonia argentina.<\/p><p class=\"dos\">2) Analizar la interactividad en medios de la regi\u00f3n desde tres perspectivas: las opciones de participaci\u00f3n; las motivaciones y formas de acceso y navegaci\u00f3n de los usuarios; y los modos y la discursividad que utilizan en los foros y espacios de comentarios.<\/p><p class=\"dos\">Y 3) indagar sobre nuevas narrativas y estrategias visuales, en el contexto de su evoluci\u00f3n en dos d\u00e9cadas de periodismo digital en la Argentina. Partiendo de la vinculaci\u00f3n de estos elementos, buscamos generar propuestas de creaci\u00f3n de contenidos en medios informativos en internet, sobre todo para emprendimientos de peque\u00f1a y mediana escala.<\/p><p><span class=\"subt1\"><a id=\"D6\" name=\"D109\"><\/a><\/span><\/p><h3 class=\"titulo3\"><strong>D109 <\/strong><\/h3><h3 class=\"titulo3\"><strong>Intervenci\u00f3n Psicosocial: significaciones, comprensiones y sentidos. Acercamientos a su estudio actual<\/strong><\/h3><p class=\"dos\"><strong>Directora: Ver\u00f3nica Contrera<\/strong><\/p><p class=\"dos\"><strong>Codirectora: Anal\u00eda Lazzaroni<\/strong><\/p><ul type=\"disc\"><li class=\"dos\">Claudio C. Mart\u00ednez<\/li><li class=\"dos\">M. Lucrecia Reta<\/li><li class=\"dos\">Luc\u00eda Ver\u00f3nica Vald\u00e9s<\/li><li class=\"dos\">Andrea Jara (estudiante)<\/li><li class=\"dos\">Javier A. Salinas (Integrante externo)<\/li><\/ul><p class=\"dos\">Considerando que quienes integramos el equipo de investigaci\u00f3n, pertenecemos a diferentes disciplinas sociales, es que el presente proyecto surge de la necesidad de b\u00fasqueda, de una definici\u00f3n, de lo que realizamos constantemente y que denominamos \u201cintervenci\u00f3n psicosocial\u201d.<\/p><p class=\"dos\">\u00a0El inter\u00e9s se centra en el estudio y an\u00e1lisis de esta forma de denominar nuestras acciones, que podemos circunscribir a una manera particular de mirar e intervenir las problem\u00e1ticas psicosociales. Esta forma particular de configurar la intervenci\u00f3n, viene dada tanto por el avance en la comprensi\u00f3n de las problem\u00e1ticas y necesidades de los seres humanos, no solo enfocado desde lo asistencial o econ\u00f3mico, sino tambi\u00e9n desde las potencialidades, los derechos y las capacidades.<\/p><p class=\"dos\">El proyecto de investigaci\u00f3n apuesta entonces a la reflexi\u00f3n y debate te\u00f3rico- pr\u00e1ctico en el an\u00e1lisis de las instituciones, grupos, familias y comunidades, para comprender e intervenir en procesos sociales emergentes y nuevas subjetividades.<\/p><p class=\"dos\">Intentaremos as\u00ed realizar aportes para intervenir transdisciplinariamente en problem\u00e1ticas complejas en las que se requiere multi-referencialidad de cuerpos conceptuales y metodol\u00f3gicos. Nos propondremos actualizar y profundizar marcos conceptuales e interpretativos actuales de la psicolog\u00eda, la psicolog\u00eda social y el trabajo social en esa direcci\u00f3n.<\/p><p><span class=\"subt1\"><a id=\"D15\" name=\"D110\"><\/a><\/span><\/p><h3 class=\"titulo3\"><strong>D110 <\/strong><\/h3><h3 class=\"titulo3\"><strong>Digesto Federal de Derechos Humanos \u2013 Parte II<\/strong><\/h3><p class=\"dos\"><strong>Director: Jorge Douglas Price<\/strong><\/p><ul type=\"disc\"><li class=\"dos\">Raquel Calvo<\/li><li class=\"dos\">Natalia Basterrechea<\/li><li class=\"dos\">Carlos Jalil<\/li><li class=\"dos\">Jimena Gallis\u00e1<\/li><li class=\"dos\">Ana Lelia Calafat<\/li><li class=\"dos\">Roberto Ferrero<\/li><li class=\"dos\">Guillermo Dami\u00e1n Di Cola Milanesi (estudiante)<\/li><li class=\"dos\">Manuel Casta\u00f1\u00f3n L\u00f3pez (colaborador)<\/li><\/ul><p class=\"dos\">En la actualidad los fen\u00f3menos denominados \u201cinflaci\u00f3n legislativa\u201d y \u201ccontaminaci\u00f3n legislativa\u201d otorgan al sistema jur\u00eddico un cierto efecto de opacidad \u201cagregado\u201d.<\/p><p class=\"dos\">La dificultad para hallar, a\u00fan en sistemas de registro y b\u00fasqueda inteligente de datos, las fuentes jur\u00eddicas en las cuales basar reclamos o decisiones inherentes a derechos, se ha tornado dificultosa, a\u00fan si los sistemas expertos de recuperaci\u00f3n autom\u00e1tica de datos jur\u00eddicos permiten b\u00fasquedas m\u00e1s exhaustivas que en el pasado.<\/p><p class=\"dos\">El campo de los Derechos Humanos es una dimensi\u00f3n que atraviesa transversalmente a todo el sistema jur\u00eddico, nacional e internacional, y, por ende, el proyecto propone una investigaci\u00f3n sobre el sistema legal vigente en los tres niveles territoriales de poder de la Argentina, que abarque no solo la normativa nacional e internacional \u2013 adoptada por nuestro pa\u00eds \u2013 sino tambi\u00e9n la jurisprudencia sobre el tema.<\/p><p class=\"dos\">Se espera como resultado completar la construcci\u00f3n del sistema de base de datos iniciado en la Parte I de este Proyecto, en modo tal que responda a las citadas exigencias, proporcionando una mayor accesibilidad para usuarios no expertos, aumentando las posibilidades de uso efectivo de sistema juridico de los DDHH, tanto al interior como al exterior de los poderes del Estado.<\/p><p class=\"dos\">Todo el sistema se ha concebido para ser ensamblado al Sistema Argentino de Informaci\u00f3n Jur\u00eddica (SAIJ) dependiente del Ministerio de Justicia y Derechos Humanos de la Naci\u00f3n, habi\u00e9ndose ya entregado dos informes (Tratados y Constituciones) dentro del proceso de la Convocatoria INFOJUS 2013, en la que la fase 1 del Proyecto fuera elegida para ser desarrollada en red<\/p><p><span class=\"subt1\"><a id=\"D16\" name=\"D111\"><\/a><\/span><\/p><h3 class=\"titulo3\"><strong>D111 <\/strong><\/h3><h3 class=\"titulo3\"><strong>Resistencias de las mujeres a la ofensiva neoextractivista en territorios &#8216;arrasados&#8217;. An\u00e1lisis desde la colonialidad de g\u00e9nero en Allen, R\u00edo Negro<\/strong><\/h3><p class=\"dos\"><strong>Directora: Mar\u00eda Bel\u00e9n \u00c1lvaro <\/strong><\/p><p class=\"dos\"><strong>Codirector: Carlos Pescader<\/strong><\/p><ul type=\"disc\"><li class=\"dos\">Estefani Vicens<\/li><li class=\"dos\">Gabriela Correa (estudiante)<\/li><li class=\"dos\">Gisella Dorino (becaria estudiante)<\/li><li class=\"dos\">Agust\u00edn Marr\u00e9 (becario estudiante)<\/li><li class=\"dos\">Lautaro Aguilar (integrante externo)<\/li><li class=\"dos\">Mart\u00edn Alvarez Mullaly (integrante externo)<\/li><li class=\"dos\">Mart\u00edn D\u00edaz (asesor)<\/li><\/ul><p class=\"dos\">La problem\u00e1tica que planteamos es conocer c\u00f3mo afecta la vida, los territorios y los cuerpos de las mujeres la \u2018ofensiva neoextractivista\u2019, configurada por procesos de acumulaci\u00f3n por desposesi\u00f3n; y cu\u00e1les son las resistencias de esas mujeres.<\/p><p class=\"dos\">Situamos el estudio en la localidad de Allen, provincia de R\u00edo Negro, donde en la \u00faltima d\u00e9cada (2006-2016) la matriz hidrocarbur\u00edfera es impulsada por el Estado provincial y nacional, profundizando la disputa por el uso del suelo a actividades productivas hist\u00f3ricas en la regi\u00f3n, con consecuencias para la reproducci\u00f3n social de la vida.<\/p><p class=\"dos\">Al abordar el extractivismo desde el g\u00e9nero emerge la noci\u00f3n de \u2018despojos m\u00faltiples\u2019, concebidos no \u00fanicamente como la desposesi\u00f3n de bienes o riquezas materiales, sino como abanico heterog\u00e9neo que se ampl\u00eda a la expropiaci\u00f3n de toda riqueza susceptible de ser producida en \u2018entramados comunitarios\u2019 a trav\u00e9s de otros v\u00ednculos y relaciones humanas no plenamente sujetos a las l\u00f3gicas de la acumulaci\u00f3n del capital, entre los que podemos mencionar: soberan\u00eda alimentaria, lazos territoriales, iniciativas productivas \u2018otras\u2019.<\/p><p class=\"dos\">La intencionalidad de este enfoque es introducir las resistencias de las mujeres desde y para la construcci\u00f3n de subjetividades situadas. Ello nos posibilita iluminar en la memoria de largo plazo todos los otros aspectos de la transformaci\u00f3n impuesta a la vida de las mujeres, pero tambi\u00e9n de las comunidades, en los actuales escenarios del extractivismo. La lucha coyuntural contra el \u2018mal desarrollo\u2019 es una lucha hist\u00f3rica contra la colonialidad de g\u00e9nero, del sentir y del saber; y se inscribe en las consideraciones de la \u2018\u00e9tica del cuidado\u2019 feminista.<\/p><h3 class=\"titulo3\"><strong><span class=\"subt1\"><a id=\"D14\" name=\"D112\"><\/a><\/span>04\/D112<\/strong><\/h3><h3 class=\"titulo3\"><strong>HEGEMON\u00cdA Y PRACTICAS CULTURALES: TENSIONES Y ANTAGONISMOS EN EL TERRITORIO DE LA PATAGONIA NORTE<\/strong><\/h3><ul type=\"disc\"><li class=\"dos\">Loaiza, Marcelo -D<\/li><li class=\"dos\">Monasterio, Julio Cesar &#8211; Co<\/li><li class=\"dos\">Rocha Varsanyi , Alan \u2013Bc -Id<\/li><li class=\"dos\">Riffo, Lorena \u2013Bc-Id<\/li><li class=\"dos\">Solana, Diana -Id<\/li><li class=\"dos\">Kejner, Julia &#8211; Co<\/li><li class=\"dos\">Duquelsky, Paulo &#8211; Buia<\/li><li class=\"dos\">Brand, Joaqu\u00edn &#8211; Eu<\/li><li class=\"dos\">Qui\u00f1a, Guillermo Mart\u00edn &#8211; Id<\/li><\/ul><p class=\"dos\">Nuestro trabajo de investigaci\u00f3n propone analizar pr\u00e1cticas culturales en tensi\u00f3n con procesos hegem\u00f3nicos centradas en el territorio del norte de la Patagonia, que evidencien cr\u00edticamente relaciones sociales desiguales. Comprendemos estos procesos en su relaci\u00f3n dial\u00e9ctica con las caracter\u00edsticas que asume el modo de acumulaci\u00f3n en el territorio, que impone condiciones en las que se concretan estas pr\u00e1cticas y que a su vez establecen ciertos l\u00edmites en los que aquellas se desenvuelven, estableciendo as\u00ed nexos de configuraci\u00f3n, resignificaciones y resistencias con el modelo hegem\u00f3nico.<br \/>Al pensar el proceso de rearticulaci\u00f3n entre cultura y poder, en su dimensi\u00f3n pol\u00edtica, buscamos dar cuenta de las tensiones y de los antagonismos contra las tradiciones del aparato simb\u00f3lico de las clases dominantes. Ampliamos la noci\u00f3n de cultura y de hegemon\u00eda, sumando al an\u00e1lisis de la expresi\u00f3n de pr\u00e1cticas pol\u00edticas y econ\u00f3micas, un necesario an\u00e1lisis de la lucha por la producci\u00f3n y la apropiaci\u00f3n social del sentido.<br \/>Recuperamos el materialismo cultural como enfoque y m\u00e9todo para desmontar procesos de ruptura con el sentido establecido y naturalizado por las clases dominantes.<br \/>Nos interesan especialmente:-sujetos y pr\u00e1cticas en tensi\u00f3n, disputa y re-existencia al modelo de desarrollo hegem\u00f3nico: asambleas ciudadanas, movimientos campesinos e ind\u00edgenas, movimientos ambientales, organizaciones populares, colectivos culturales, tanto en s\u00ed como en sus articulaciones posibles. Destacamos el \u00e9nfasis en procesos de territorializaci\u00f3n, que configuran espacios de disputa y tensi\u00f3n con actores hegem\u00f3nicos.<\/p><h3 class=\"titulo3\"><strong><span class=\"subt1\"><a id=\"D17\" name=\"D113\"><\/a><\/span>04\/D113<\/strong><\/h3><h3 class=\"titulo3\"><strong>RECONFIGURACI\u00d3N DE LOS MUNDOS POSIBLES<\/strong><\/h3><ul type=\"disc\"><li class=\"dos\">Haye, Ricardo Miguel -D<\/li><li class=\"dos\">Poggian, Stella Maris &#8211; Co<\/li><li class=\"dos\">Rozzisi, Esteban -Id<\/li><li class=\"dos\">Nori Jes\u00fas &#8211; Id<\/li><li class=\"dos\">Carrizo Romina Bel\u00e9n &#8211; Eu<\/li><li class=\"dos\">Livares Gretel &#8211; Ia<\/li><li class=\"dos\">Arabito Jorge -Ie<\/li><li class=\"dos\">Decuzzi Lara &#8211; Ie<\/li><li class=\"dos\">Medina Avila Virginia &#8211; Ie<\/li><li class=\"dos\">Boggio Cecilia &#8211; As<\/li><\/ul><p class=\"dos\">En el amanecer de la \u201cmass comunicattion research\u201d, la corriente funcionalista decidi\u00f3 atribuirle a la acci\u00f3n de los medios un poder casi ilimitado para operar sobre la conciencia de los individuos.<br \/>Con el correr del tiempo aquellos planteos, muchos de los cuales encontraban su origen en la psicolog\u00eda conductista, fueron cayendo en la obsolescencia.<br \/>De este modo, ya avanzada la segunda mitad del siglo XX las consideraciones de Harold Lasswell acerca de las propiedades formidables de la propaganda para obtener la adhesi\u00f3n de las personas a planes pol\u00edticos predeterminados perdieron vigencia.<br \/>Sin embargo, los procesos confluyentes de concentraci\u00f3n econ\u00f3mica y convergencia tecnol\u00f3gica que dieron lugar al fen\u00f3meno actual de mediamorfosis sugieren que el ecosistema medi\u00e1tico ha desarrollado capacidades extraordinarias de incidencia social.<br \/>En gran medida, el car\u00e1cter pendulante que ofrecen las etapas sucesivas de los an\u00e1lisis sobre la comunicaci\u00f3n obedece, en particular, a la mayor o menor impronta de \u201cdeterminismo tecnol\u00f3gico\u201d que acepten, as\u00ed como al car\u00e1cter optimista o pesimista con que abordan su objeto de estudio, en general.<br \/>Esas miradas oscilantes entre la esperanza y el des\u00e1nimo tambi\u00e9n se verifican cuando observamos la evoluci\u00f3n que, en la construcci\u00f3n de los mundos posibles, ha existido desde que se acu\u00f1ara la noci\u00f3n de utop\u00eda hasta las m\u00e1s actuales fabulaciones asentadas sobre el concepto de distop\u00eda.<br \/>El Proyecto de investigaci\u00f3n que presentamos tiene como prop\u00f3sito establecer articulaciones entre las formas que el arte y la creatividad ponen al servicio de la edificaci\u00f3n de mundos posibles en el contexto de la \u201cecolog\u00eda de los medios<\/p><h3 class=\"titulo3\"><strong><span class=\"subt1\"><a id=\"D18\" name=\"D114\"><\/a><\/span>04\/D114<\/strong><\/h3><h3 class=\"titulo3\"><strong>M\u00c9RITO, RECONOCIMIENTO Y CASTIGO EN LAS TEOR\u00cdAS DISTRIBUTIVAS CONTEMPOR\u00c1NEAS<\/strong><\/h3><ul type=\"disc\"><li class=\"dos\">Lizarraga, Fernando Alberto \u2013 D<\/li><li class=\"dos\">Duimich Laura\u00a0 &#8211; Id<\/li><li class=\"dos\">Garc\u00eda Gualda, Suyai Malen \u2013 Id<\/li><li class=\"dos\">Sancho, Mar\u00eda Dolores -Id<\/li><li class=\"dos\">Alfieri, Mar\u00eda Emilia &#8211; Id<\/li><li class=\"dos\">Nabaes Jodar, Santiago Gin\u00e9s \u2013 Bc<\/li><li class=\"dos\">Mart\u00edn, Sebasti\u00e1n-\u00a0 Ie<\/li><li class=\"dos\">Barros, Manuel Sebasti\u00e1n &#8211; As<\/li><li class=\"dos\">Rossi, Miguel Angel- As<\/li><li class=\"dos\">Gutierrez Mariano -As<\/li><\/ul><p class=\"dos\">Con la reactivaci\u00f3n del debate filos\u00f3fico-pol\u00edtico sobre la justicia distributiva iniciado por la obra de John Rawls, surgieron varias corrientes te\u00f3ricas relevantes, entre ellas: el igualitarismo (liberal y socialista), el libertarismo de derecha y el comunitarismo. En este marco, las nociones de m\u00e9rito, reconocimiento y castigo se tornaron nodales y recibieron dispares tratamientos desde cada uno de estos enfoques. El igualitarismo liberal rechaza el m\u00e9rito y sus efectos, no aloja debidamente el reconocimiento y supone la ausencia de punici\u00f3n en un esquema ideal; el libertarismo de derecha rechaza el m\u00e9rito pero no regula sus efectos no igualitarios, es neutral frente al problema identitario y tiene como premisa del Estado m\u00ednimo la capacidad de castigar a quienes violen las libertades negativas. El comunitarismo es sensible al m\u00e9rito, al reconocimiento y a m\u00faltiples formas de castigo, desde una posici\u00f3n culturalista y particularista. Por lo expuesto, el presente proyecto se propone indagar en los debates te\u00f3ricos sobre el m\u00e9rito, el reconocimiento y el castigo, con el fin de sustentar (actuales y futuras) indagaciones emp\u00edricas sobre casos de la Patagonia Norte. En particular, esta propuesta busca: 1) establecer y problematizar el lugar de los conceptos de m\u00e9rito, reconocimiento y castigo en las teor\u00edas distributivas contempor\u00e1neas; 2) indagar en la tensi\u00f3n entre los dispositivos distributivos universalistas y particularistas; 3) examinar la relaci\u00f3n entre distribuci\u00f3n y reconocimiento; y 4) explorar el lugar del castigo en los esquemas distributivos y retributivos desde la perspectiva del control social, haciendo hincapi\u00e9 en las concepciones de seguridad, en los sujetos en pugna y en las agencias estatales relevantes.<\/p><h3 class=\"titulo3\"><strong><span class=\"subt1\"><a id=\"D19\" name=\"D115\"><\/a><\/span>04\/D115<\/strong><\/h3><h3 class=\"titulo3\"><strong>ESTADO MUNICIPAL, GOBIERNO DIVIDIDO Y YUXTAPUESTO. POL\u00cdTICAS P\u00daBLICAS, ACTORES Y DISPUTAS POL\u00cdTICAS Y JURISDICCIONALES. UNA MIRADA DESDE LA CIUDAD DE NEUQU\u00c9N<br \/>(2007\/2019) <\/strong><\/h3><ul type=\"disc\"><li class=\"dos\">Vaccarisi, Maria Elizabeth -D<\/li><li class=\"dos\">Salerno, Isabel Edith &#8211; Co<\/li><li class=\"dos\">Campos, Emilia &#8211; Id<\/li><li class=\"dos\">Moreno C\u00f3rdoba Mar\u00eda Laura \u2013 Id<\/li><li class=\"dos\">Alvarez Isabel \u2013 Ind<\/li><li class=\"dos\">Barrientos Paulina \u2013 Ia<\/li><li class=\"dos\">Perez Karin \u2013Ia<\/li><li class=\"dos\">Zennon Muichit, Marta\u00a0 -Ie<\/li><li class=\"dos\">Favaro Orieta \u2013As<\/li><li class=\"dos\">Zarev, Gustavo Co<\/li><\/ul><p class=\"dos\">La presente propuesta apunta a avanzar en el conocimiento del estado municipal de la ciudad de Neuqu\u00e9n en tanto gestor de pol\u00edticas p\u00fablicas en el marco de los procesos de conurbaci\u00f3n y metropolitizaci\u00f3n en desarrollo en torno a la capital provincial.<br \/>En el nuevo siglo, el sistema pol\u00edtico neuquino como espacio de disputa se complejiz\u00f3, a la hegemon\u00eda del MPN a nivel provincial se suma la coexistencia con gobiernos locales de otro signo pol\u00edtico, como es el caso de la capital (gobiernos yuxtapuestos). Los municipios yuxtapuestos evolucionan hacia un sistema multipartidista, en la ciudad de Neuqu\u00e9n surgen nuevas agrupaciones pol\u00edticas que complejizan el tablero pol\u00edtico local y se visibilizan en el Concejo Deliberante, diversificado y fragmentado en su composici\u00f3n (gobiernos divididos).<br \/>El estado municipal es un espacio de confluencia de m\u00faltiples actores y fuerzas pol\u00edtico-sociales pertenecientes a diferentes representaciones pol\u00edtico-partidarias y de distintas instancias jurisdiccionales (local, provincial y nacional). Este escenario es fuente de tensi\u00f3n, de conflicto y de consenso, que demanda desentra\u00f1ar la multiplicidad de dimensiones y vinculaciones a efectos de describir y comprender el contenido de las pol\u00edticas p\u00fablicas (2007\/2019), particularmente aquellas tendientes a favorecer el desarrollo territorial, productivo y ambiental de la microrregi\u00f3n de la Confluencia\/\u00c1rea Metropolitana de Neuqu\u00e9n.<br \/>Las decisiones gubernamentales requieren una tarea de maduraci\u00f3n y reformulaci\u00f3n de las pol\u00edticas p\u00fablicas para asumir el dise\u00f1o de estrategias de convergencia funcional de distintos niveles del Estado sobre problemas que se registran en el plano local pero que entran en tensi\u00f3n con un orden econ\u00f3mico globalizado y un orden pol\u00edtico complejo de escala mundial.<\/p><h3 class=\"titulo3\"><strong><span class=\"subt1\"><a id=\"D20\" name=\"D116\"><\/a><\/span>04\/D116<\/strong><\/h3><h3 class=\"titulo3\"><strong> EL DERECHO REAL DE DOMINIO EN FUNCI\u00d3N AMBIENTAL. DESDE EL MODELO DE LIMITACIONES ADMINISTRATIVAS A LA PROPIEDAD AL MODELO DE ORDENAMIENTO AMBIENTAL DEL TERRITORIO.<\/strong><\/h3><ul type=\"disc\"><li class=\"dos\">Fernandez, Juan Carlos &#8211; D<\/li><li class=\"dos\">Laura Vinante \u2013Id<\/li><li class=\"dos\">Savini, Gabriel\u00a0 -Id<\/li><li class=\"dos\">Fuentes, Diego Ramiro \u2013Id<\/li><li class=\"dos\">Arru\u00edz Gabriela \u2013Id<\/li><li class=\"dos\">Aureli, Julia \u2013 Eu<\/li><li class=\"dos\">Carabela, Antonella\u00a0 Ia<\/li><li class=\"dos\">Rerram\u00f3n, Santiago &#8211; Ia<\/li><li class=\"dos\">Cantero, Nicol\u00e1s &#8211; Ia<\/li><li class=\"dos\">Monzani, Alejandro\u00a0 -Ia<\/li><li class=\"dos\">Carballido Del Oro, Manuel\u00a0 -Ia<\/li><li class=\"dos\">Valenzuela, Fernanda\u00a0 -Eu<\/li><li class=\"dos\">Aun Silvia\u00a0 -Ie<\/li><li class=\"dos\">Olguin Geogina &#8211; Ie<\/li><li class=\"dos\">Ghisini, Fernado &#8211; Ie<\/li><\/ul><p class=\"dos\">El proyecto pretende determinar el estadio actual del derecho vigente respecto al derecho real de dominio y su configuraci\u00f3n en los distintos usos del suelo: urbano, agrario y minero.<br \/>Considerando que el instituto del derecho real de dominio ha sufrido una evoluci\u00f3n hist\u00f3rica desde un originario poder indefinido de usar, gozar y abusar de un inmueble hasta una limitaci\u00f3n derivada de la incorporaci\u00f3n de los derechos de incidencia colectiva en el nuevo C\u00f3digo Civil y Comercial de la Naci\u00f3n, el proyecto se propone investigar en el marco del derecho privado la redefinici\u00f3n de este derecho real.<br \/>Paralelamente,\u00a0 dado que en el marco del derecho administrativo la organizaci\u00f3n del territorio se ha encarado desde el instituto de las limitaciones administrativas al dominio como t\u00e9cnica que supone la preexistencia de\u00a0 un derecho de dominio que el Estado recorta a efectos de lograr la organizaci\u00f3n del territorio, nos proponemos investigar cu\u00e1l es la extensi\u00f3n de la potestad estatal de limitaci\u00f3n o de configuraci\u00f3n del derecho real de dominio de cara a la necesaria participaci\u00f3n ciudadana que implica el instrumento de ordenamiento ambiental del territorio incorporada en la Ley General del Ambiente.<br \/>Por ultimo,\u00a0 en la medida que la concretizaci\u00f3n de la extensi\u00f3n de potestades del derecho real de dominio se manifiesta espec\u00edficamente en los distintos usos del suelo habilitados administrativamente, el proyecto pretende analizar casos concretos de usos del suelo urbano, agrario y minero en la regi\u00f3n norpatag\u00f3nica.<\/p>\t\t\t\t\t\t\t\t<\/div>\n\t\t\t\t<\/div>\n\t\t\t\t<div class=\"elementor-element elementor-element-2ea388e elementor-widget elementor-widget-shortcode\" data-id=\"2ea388e\" data-element_type=\"widget\" data-e-type=\"widget\" data-widget_type=\"shortcode.default\">\n\t\t\t\t<div class=\"elementor-widget-container\">\n\t\t\t\t\t\t\t<div class=\"elementor-shortcode\">\t\t<div data-elementor-type=\"section\" data-elementor-id=\"4601\" class=\"elementor elementor-4601\" data-elementor-post-type=\"elementor_library\">\r\n\t\t\t\t\t<section class=\"elementor-section elementor-top-section elementor-element elementor-element-616db802 elementor-section-boxed elementor-section-height-default elementor-section-height-default\" data-id=\"616db802\" data-element_type=\"section\" data-e-type=\"section\">\n\t\t\t\t\t\t<div class=\"elementor-container elementor-column-gap-default\">\n\t\t\t\t\t<div class=\"elementor-column elementor-col-100 elementor-top-column elementor-element elementor-element-4a4fbccf\" data-id=\"4a4fbccf\" data-element_type=\"column\" data-e-type=\"column\">\n\t\t\t<div class=\"elementor-widget-wrap elementor-element-populated\">\n\t\t\t\t\t\t<div class=\"elementor-element elementor-element-251169b9 elementor-widget-divider--view-line elementor-widget elementor-widget-divider\" data-id=\"251169b9\" data-element_type=\"widget\" data-e-type=\"widget\" data-widget_type=\"divider.default\">\n\t\t\t\t<div class=\"elementor-widget-container\">\n\t\t\t\t\t\t\t<div class=\"elementor-divider\">\n\t\t\t<span class=\"elementor-divider-separator\">\n\t\t\t\t\t\t<\/span>\n\t\t<\/div>\n\t\t\t\t\t\t<\/div>\n\t\t\t\t<\/div>\n\t\t\t\t<div class=\"elementor-element elementor-element-694ecd60 elementor-widget elementor-widget-text-editor\" data-id=\"694ecd60\" data-element_type=\"widget\" data-e-type=\"widget\" data-widget_type=\"text-editor.default\">\n\t\t\t\t<div class=\"elementor-widget-container\">\n\t\t\t\t\t\t\t\t\t<p class=\"texto\"><strong>M\u00c1S INFORMACI\u00d3N<br \/><\/strong>Secretar\u00eda de Investigaci\u00f3n y Relaciones Internacionales <br \/>TE: (0298) 4433668\/668<\/p><p class=\"texto\">Correo electr\u00f3nico<br \/><strong><a href=\"mailto:invefade@gmail.com\">invefade@gmail.com<\/a><\/strong><a href=\"mailto:rrii.fadecs@gmail.com\"><br \/><\/a> Mendoza y Per\u00fa<br \/>(8332) General Roca, R\u00edo Negro <br \/>Argentina<\/p>\t\t\t\t\t\t\t\t<\/div>\n\t\t\t\t<\/div>\n\t\t\t\t\t<\/div>\n\t\t<\/div>\n\t\t\t\t\t<\/div>\n\t\t<\/section>\n\t\t\t\t<\/div>\r\n\t\t<\/div>\n\t\t\t\t\t\t<\/div>\n\t\t\t\t<\/div>\n\t\t\t\t\t<\/div>\n\t\t<\/div>\n\t\t\t\t<div class=\"elementor-column elementor-col-50 elementor-top-column elementor-element elementor-element-a676947\" data-id=\"a676947\" data-element_type=\"column\" data-e-type=\"column\">\n\t\t\t<div class=\"elementor-widget-wrap\">\n\t\t\t\t\t\t\t<\/div>\n\t\t<\/div>\n\t\t\t\t\t<\/div>\n\t\t<\/section>\n\t\t\t\t<\/div>\n\t\t","protected":false},"excerpt":{"rendered":"<p>SECRETAR\u00cdA DE CIENCIA Y T\u00c9CNICA Y RELACIONES INTERNACIONALES PROYECTOS DE INVESTIGACION FINALIZADOS 2014-2017 C\u00f3digo \u00a0Nombre Director D 096 HEGEMON\u00cdA Y RESISTENCIAS EN EL NORTE DE LA PATAGONIA. UN AN\u00c1LISIS COMUNICACIONAL DE PR\u00c1CTICAS CULTURALES Y EXPERIENCIAS DE SUBALTERNIDAD Marcelo Loaiza D 097 EL DERECHO DEL CAMBIO CLIM\u00c1TICO A NIVEL REGIONAL. POSTULADOS PARA SU IMPLEMENTACI\u00d3N. Nidia Bissig [&hellip;]<\/p>\n","protected":false},"author":4,"featured_media":0,"parent":3416,"menu_order":0,"comment_status":"closed","ping_status":"closed","template":"","meta":{"footnotes":""},"class_list":["post-9607","page","type-page","status-publish","hentry"],"_links":{"self":[{"href":"https:\/\/fadeweb.uncoma.edu.ar\/index.php\/wp-json\/wp\/v2\/pages\/9607","targetHints":{"allow":["GET"]}}],"collection":[{"href":"https:\/\/fadeweb.uncoma.edu.ar\/index.php\/wp-json\/wp\/v2\/pages"}],"about":[{"href":"https:\/\/fadeweb.uncoma.edu.ar\/index.php\/wp-json\/wp\/v2\/types\/page"}],"author":[{"embeddable":true,"href":"https:\/\/fadeweb.uncoma.edu.ar\/index.php\/wp-json\/wp\/v2\/users\/4"}],"replies":[{"embeddable":true,"href":"https:\/\/fadeweb.uncoma.edu.ar\/index.php\/wp-json\/wp\/v2\/comments?post=9607"}],"version-history":[{"count":7,"href":"https:\/\/fadeweb.uncoma.edu.ar\/index.php\/wp-json\/wp\/v2\/pages\/9607\/revisions"}],"predecessor-version":[{"id":10313,"href":"https:\/\/fadeweb.uncoma.edu.ar\/index.php\/wp-json\/wp\/v2\/pages\/9607\/revisions\/10313"}],"up":[{"embeddable":true,"href":"https:\/\/fadeweb.uncoma.edu.ar\/index.php\/wp-json\/wp\/v2\/pages\/3416"}],"wp:attachment":[{"href":"https:\/\/fadeweb.uncoma.edu.ar\/index.php\/wp-json\/wp\/v2\/media?parent=9607"}],"curies":[{"name":"wp","href":"https:\/\/api.w.org\/{rel}","templated":true}]}}