{"id":5815,"date":"2022-10-06T21:20:11","date_gmt":"2022-10-07T00:20:11","guid":{"rendered":"http:\/\/170.210.81.106\/newfade\/?page_id=5815"},"modified":"2022-10-07T19:07:42","modified_gmt":"2022-10-07T22:07:42","slug":"voluntariado","status":"publish","type":"page","link":"https:\/\/fadeweb.uncoma.edu.ar\/index.php\/secretaria-de-extension-y-asuntos-estudiantiles\/voluntariado\/","title":{"rendered":"VOLUNTARIADO"},"content":{"rendered":"\t\t<div data-elementor-type=\"wp-page\" data-elementor-id=\"5815\" class=\"elementor elementor-5815\" data-elementor-post-type=\"page\">\n\t\t\t\t\t\t<section class=\"elementor-section elementor-top-section elementor-element elementor-element-a321e75 elementor-section-boxed elementor-section-height-default elementor-section-height-default\" data-id=\"a321e75\" data-element_type=\"section\" data-e-type=\"section\">\n\t\t\t\t\t\t<div class=\"elementor-container elementor-column-gap-default\">\n\t\t\t\t\t<div class=\"elementor-column elementor-col-66 elementor-top-column elementor-element elementor-element-665b533\" data-id=\"665b533\" data-element_type=\"column\" data-e-type=\"column\">\n\t\t\t<div class=\"elementor-widget-wrap elementor-element-populated\">\n\t\t\t\t\t\t<div class=\"elementor-element elementor-element-559c12b elementor-widget elementor-widget-text-editor\" data-id=\"559c12b\" data-element_type=\"widget\" data-e-type=\"widget\" data-widget_type=\"text-editor.default\">\n\t\t\t\t<div class=\"elementor-widget-container\">\n\t\t\t\t\t\t\t\t\t<h2><span class=\"titulo3\">SECRETARIA DE EXTENSION Y ASUNTOS ESTUDIANTILES<\/span><\/h2><h1 class=\"titulo1\"><span class=\"titulo1\">VOLUNTARIADOS<\/span><\/h1>\t\t\t\t\t\t\t\t<\/div>\n\t\t\t\t<\/div>\n\t\t\t\t<div class=\"elementor-element elementor-element-06e1c8e elementor-widget elementor-widget-posts\" data-id=\"06e1c8e\" data-element_type=\"widget\" data-e-type=\"widget\" data-settings=\"{&quot;pagination_type&quot;:&quot;numbers_and_prev_next&quot;,&quot;full_content_row_gap&quot;:{&quot;unit&quot;:&quot;px&quot;,&quot;size&quot;:35,&quot;sizes&quot;:[]}}\" data-widget_type=\"posts.full_content\">\n\t\t\t\t<div class=\"elementor-widget-container\">\n\t\t\t\t\t\t\t<div class=\"elementor-posts-container elementor-posts elementor-posts--skin-full_content elementor-grid\" role=\"list\">\r\n\t\t\t\t<article class=\"elementor-post elementor-grid-item post-11776 post type-post status-publish format-standard has-post-thumbnail hentry category-14 category-extension category-notifadecs category-voluntariado\" role=\"listitem\">\r\n\t\t\t\t<div class=\"elementor-post__text\">\r\n\t\t\t\t<h3 class=\"elementor-post__title\">\r\n\t\t\t<a href=\"https:\/\/fadeweb.uncoma.edu.ar\/index.php\/2022\/12\/02\/programa-de-voluntariado-universitario-sigamos-estudiando\/\" >\r\n\t\t\t\tPROGRAMA DE VOLUNTARIADO UNIVERSITARIO \u201cSIGAMOS ESTUDIANDO\t\t\t<\/a>\r\n\t\t<\/h3>\r\n\t\t\t\t<div class=\"elementor-post__meta-data\">\r\n\t\t\t\t\t<span class=\"elementor-post-date\">\r\n\t\t\t2 diciembre, 2022\t\t<\/span>\r\n\t\t\t\t<\/div>\r\n\t\t<p><img fetchpriority=\"high\" fetchpriority=\"high\" decoding=\"async\" class=\"alignnone wp-image-11777 alignleft\" src=\"https:\/\/fadeweb.uncoma.edu.ar\/wp-content\/uploads\/2022\/12\/SIGAMOS-ESTUDIANDO-1024x1024.jpeg\" alt=\"SIGAMOS ESTUDIANDO\" width=\"600\" height=\"600\" srcset=\"https:\/\/fadeweb.uncoma.edu.ar\/wp-content\/uploads\/2022\/12\/SIGAMOS-ESTUDIANDO-1024x1024.jpeg 1024w, https:\/\/fadeweb.uncoma.edu.ar\/wp-content\/uploads\/2022\/12\/SIGAMOS-ESTUDIANDO-300x300.jpeg 300w, https:\/\/fadeweb.uncoma.edu.ar\/wp-content\/uploads\/2022\/12\/SIGAMOS-ESTUDIANDO-150x150.jpeg 150w, https:\/\/fadeweb.uncoma.edu.ar\/wp-content\/uploads\/2022\/12\/SIGAMOS-ESTUDIANDO-768x768.jpeg 768w, https:\/\/fadeweb.uncoma.edu.ar\/wp-content\/uploads\/2022\/12\/SIGAMOS-ESTUDIANDO-1536x1536.jpeg 1536w, https:\/\/fadeweb.uncoma.edu.ar\/wp-content\/uploads\/2022\/12\/SIGAMOS-ESTUDIANDO.jpeg 1599w\" sizes=\"(max-width: 600px) 100vw, 600px\" \/><\/p>\n<p style=\"text-align: left;\">La Secretar\u00eda de Extensi\u00f3n de la Facultad de Derecho y Ciencias Sociales informa que la Subsecretar\u00eda de Fortalecimiento de Trayectorias Estudiantiles (SSFTE) del Ministerio de Educaci\u00f3n de la Naci\u00f3n abre una nueva Convocatoria del Programa de Voluntariado Universitario \u201cSigamos Estudiando: Fortalecimiento de las trayectorias y la ense\u00f1anza en la Educaci\u00f3n Secundaria\u201d. La presente convocatoria financiar\u00e1 hasta $200.000 por proyecto.<\/p>\n<p style=\"text-align: left;\">Se convoca a todos los docentes interesados a presentar proyectos. Los mismos tendr\u00e1n como eje central la educaci\u00f3n como derecho, buscando de esta manera nuevas formas de integraci\u00f3n de los distintos niveles del sistema educativo.<\/p>\n<p style=\"text-align: left;\">M\u00e1s informaci\u00f3n en Bases y Condiciones y dem\u00e1s adjuntos, as\u00ed\u00a0como al correo: <a href=\"mailto:secretaria.extensionfadecs@gmail.com\">secretaria.extensionfadecs@gmail.com<\/a><\/p>\n<ul>\n<li style=\"text-align: left;\"><a href=\"https:\/\/fadeweb.uncoma.edu.ar\/wp-content\/uploads\/2022\/12\/BASES-Voluntariado-SIGAMOS-ESTUDIANDO-2022.pdf\">BASES Voluntariado SIGAMOS ESTUDIANDO 2022<\/a><\/li>\n<li style=\"text-align: left;\"><a href=\"https:\/\/fadeweb.uncoma.edu.ar\/wp-content\/uploads\/2022\/12\/Instructivo-de-Carga-2022.pdf\">Instructivo de Carga 2022<\/a><\/li>\n<li style=\"text-align: left;\"><a href=\"https:\/\/fadeweb.uncoma.edu.ar\/wp-content\/uploads\/2022\/12\/RESOL-2021-600-APN-ME.pdf\">RESOL-2021-600-APN-ME<\/a><\/li>\n<li style=\"text-align: left;\"><a href=\"https:\/\/fadeweb.uncoma.edu.ar\/wp-content\/uploads\/2022\/12\/RUBROS-FINANCIABLES.pdf\">RUBROS FINANCIABLES<\/a><\/li>\n<\/ul>\n<p style=\"text-align: left;\"><a href=\"https:\/\/extension.uncoma.edu.ar\/index.php\/voluntariado\/voluntariado-sigamos-estudiando\/\">M\u00c1S INFO<\/a><\/p>\n\t\t<\/div>\r\n\t\t\t\t<\/article>\r\n\t\t\t\t<article class=\"elementor-post elementor-grid-item post-6205 post type-post status-publish format-standard has-post-thumbnail hentry category-12 category-notifadecs category-voluntariado\" role=\"listitem\">\r\n\t\t\t\t<div class=\"elementor-post__text\">\r\n\t\t\t\t<h3 class=\"elementor-post__title\">\r\n\t\t\t<a href=\"https:\/\/fadeweb.uncoma.edu.ar\/index.php\/2019\/09\/02\/curso-de-capacitacion-cuidados-paliativos\/\" >\r\n\t\t\t\tCURSO DE CAPACITACI\u00d3N CUIDADOS PALIATIVOS\t\t\t<\/a>\r\n\t\t<\/h3>\r\n\t\t\t\t<div class=\"elementor-post__meta-data\">\r\n\t\t\t\t\t<span class=\"elementor-post-date\">\r\n\t\t\t2 septiembre, 2019\t\t<\/span>\r\n\t\t\t\t<\/div>\r\n\t\t<p class=\"texto\"><img decoding=\"async\" class=\"aligncenter wp-image-6206 size-full\" src=\"https:\/\/fadeweb.uncoma.edu.ar\/wp-content\/uploads\/2022\/10\/CUIDADOS_PALIATIVOS-copia.jpg\" alt=\"\" width=\"800\" height=\"533\" srcset=\"https:\/\/fadeweb.uncoma.edu.ar\/wp-content\/uploads\/2022\/10\/CUIDADOS_PALIATIVOS-copia.jpg 800w, https:\/\/fadeweb.uncoma.edu.ar\/wp-content\/uploads\/2022\/10\/CUIDADOS_PALIATIVOS-copia-300x200.jpg 300w, https:\/\/fadeweb.uncoma.edu.ar\/wp-content\/uploads\/2022\/10\/CUIDADOS_PALIATIVOS-copia-768x512.jpg 768w\" sizes=\"(max-width: 800px) 100vw, 800px\" \/>La Secretar\u00eda de Extensi\u00f3n de la Facultad de Derecho y Ciencias Sociales informa que est\u00e1 abierta la inscripci\u00f3n al Curso de Voluntariado Social de Capacitaci\u00f3n en Cuidados Paliativos. Est\u00e1 dirigido a cualquier persona de la comunidad que tenga el deseo de participar en tareas de asistencia al equipo de paliativos, tanto de car\u00e1cter administrativo como de apoyo en el acompa\u00f1amiento de pacientes en domicilio.<\/p>\n<p class=\"texto\">Este acompa\u00f1amiento se brinda cuando se detectan necesidades a nivel social o por razones de operatividad y tiempo, en los que el equipo no puede cubrir ni tampoco existe dicha asistencia en los hospitales de m\u00e1xima complejidad en ninguna parte del pa\u00eds.<\/p>\n<p class=\"texto\"><strong>El dictado comenzar\u00e1 el martes 3 de septiembre de 2019 a las 13 hs, en el aula 37 de nuestra casa de estudios<\/strong>. El curso tendr\u00e1 una duraci\u00f3n de nueve semanas, finalizar\u00e1 el martes 29 de octubre m\u00e1s una pr\u00e1ctica en campo, con encuentros semanales, los martes de 13 a 15 hs. El programa total ser\u00e1 de 16 horas de cursada m\u00e1s 12 horas de pr\u00e1ctica. Los cupos son limitados.<\/p>\n<p class=\"texto\"><strong>Requisitos obligatorios:<\/strong><\/p>\n<ul>\n<li><span class=\"texto\">Completar la ficha de inscripci\u00f3n y enviar por mail a\u00a0<a href=\"mailto:cuidadospaliativosgr@hotmail.com\">cuidadospaliativosgr@hotmail.com<\/a><\/span><\/li>\n<li class=\"texto\">Ser mayor de 18 a\u00f1os<\/li>\n<li class=\"texto\">Tener el esquema de vacunaci\u00f3n completo (para realizar la pr\u00e1ctica)<\/li>\n<li><span class=\"texto\">Tener seguro personal (para realizar la pr\u00e1ctica)<\/span><\/li>\n<\/ul>\n\t\t<\/div>\r\n\t\t\t\t<\/article>\r\n\t\t\t\t<article class=\"elementor-post elementor-grid-item post-6208 post type-post status-publish format-standard has-post-thumbnail hentry category-11 category-notifadecs category-voluntariado\" role=\"listitem\">\r\n\t\t\t\t<div class=\"elementor-post__text\">\r\n\t\t\t\t<h3 class=\"elementor-post__title\">\r\n\t\t\t<a href=\"https:\/\/fadeweb.uncoma.edu.ar\/index.php\/2018\/09\/17\/programa-de-proyectos-de-voluntariado-comunitario-solidaridad-y-cooperativismo\/\" >\r\n\t\t\t\tPROGRAMA DE PROYECTOS DE VOLUNTARIADO COMUNITARIO \u00abSOLIDARIDAD Y COOPERATIVISMO\u00bb\t\t\t<\/a>\r\n\t\t<\/h3>\r\n\t\t\t\t<div class=\"elementor-post__meta-data\">\r\n\t\t\t\t\t<span class=\"elementor-post-date\">\r\n\t\t\t17 septiembre, 2018\t\t<\/span>\r\n\t\t\t\t<\/div>\r\n\t\t<p class=\"texto\"><img decoding=\"async\" class=\"size-medium wp-image-6209 alignright\" src=\"https:\/\/fadeweb.uncoma.edu.ar\/wp-content\/uploads\/2022\/10\/calf-unco-229x300.jpg\" alt=\"\" width=\"229\" height=\"300\" srcset=\"https:\/\/fadeweb.uncoma.edu.ar\/wp-content\/uploads\/2022\/10\/calf-unco-229x300.jpg 229w, https:\/\/fadeweb.uncoma.edu.ar\/wp-content\/uploads\/2022\/10\/calf-unco.jpg 252w\" sizes=\"(max-width: 229px) 100vw, 229px\" \/>La Secretar\u00eda de Extensi\u00f3n de la FADECS informa que se abri\u00f3 una nueva convocatoria a presentar Proyectos de Voluntariado Comunitario \u00abSolidaridad y Cooperativismo\u00bb. La iniciativa surge de un convenio espec\u00edfico de cooperaci\u00f3n entre la Universidad Nacional del Comahue y la Cooperativa Provincial de Servicios P\u00fablicos y Comunitarios de Neuqu\u00e9n Limitada (CALF).<\/p>\n<p class=\"texto\">El acuerdo apunta a profundizar la vinculaci\u00f3n entre las partes y tiende a \u00abimplementar acciones orientadas a mejorar la calidad de vida de la poblaci\u00f3n neuquina, incentivando el compromiso de los estudiantes con la realidad social, promoviendo el concepto de solidaridad y cooperativismo como herramientas para el desarrollo que propendan a una sociedad de iguales\u00bb.<\/p>\n<p class=\"texto\">El convenio establece que se realizar\u00e1 mediante la convocatoria para la presentaci\u00f3n de proyectos conformados por:<\/p>\n<ul>\n<li class=\"texto\">docentes y estudiantes de la UNCo,<\/li>\n<li class=\"texto\">con una duraci\u00f3n de seis meses,<\/li>\n<li class=\"texto\">a desarrollarse en el \u00e1mbito de la ciudad de Neuqu\u00e9n,<\/li>\n<\/ul>\n<p class=\"texto\">sobre las siguientes tem\u00e1ticas:<\/p>\n<ul>\n<li class=\"texto\">Educaci\u00f3n,<\/li>\n<li class=\"texto\">Patrimonio comunitario y recreaci\u00f3n,<\/li>\n<li class=\"texto\">Cooperativismo y econom\u00eda social,<\/li>\n<li class=\"texto\">Ambiente,<\/li>\n<li class=\"texto\">Eficiencia energ\u00e9tica,<\/li>\n<li class=\"texto\">Promoci\u00f3n de la salud.<\/li>\n<\/ul>\n<p class=\"texto\">Las partes acuerdan que \u00abse asignar\u00e1 un subsidio a cada proyecto seleccionado de hasta:<\/p>\n<ul>\n<li class=\"texto\">un valor m\u00e1ximo de pesos cincuenta mil ($ 50.000).<\/li>\n<\/ul>\n<p class=\"texto\">Las condiciones de rendici\u00f3n de los mismos deber\u00e1n regirse bajo las normativas vigentes de la UNCo\u00bb.<\/p>\n<p class=\"texto\">La recepci\u00f3n de proyectos estar\u00e1\u00a0<strong>abierta hasta el 16 de octubre del corriente<\/strong>. El comit\u00e9 de admisi\u00f3n informar\u00e1 el 15 de noviembre el listado de proyectos admitidos y el comit\u00e9 evaluador informar\u00e1 en la primera semana de diciembre qu\u00e9 proyectos comenzar\u00e1n a implementarse en febrero de 2019.<\/p>\n<p class=\"texto\">Se agregan links de acceso a:<\/p>\n<ul>\n<li class=\"texto\"><a href=\"https:\/\/bit.ly\/2NS2txm\">Car\u00e1tula de Proyectos Solidarios<\/a><\/li>\n<li class=\"texto\"><a href=\"https:\/\/bit.ly\/2xh7g25\">Gu\u00eda de Presentaci\u00f3n Proyectos Solidarios 2018<\/a><\/li>\n<\/ul>\n<p class=\"texto\">Para m\u00e1s informaci\u00f3n puede comunicarse con la Secretar\u00eda de Extensi\u00f3n y Asuntos Estudiantiles de la FADECS en el horario de 08:00 a 14:00 hs, al mail:\u00a0<a href=\"mailto:secretaria.extensionfadecs@gmail.com\">secretaria.extensionfadecs@gmail.com<\/a>, o al tel\u00e9fono (0298) 4433668\/670 &#8211; Interno 26.<\/p>\n\t\t<\/div>\r\n\t\t\t\t<\/article>\r\n\t\t\t\t<\/div>\r\n\t\t\r\n\t\t\t\t\t\t<\/div>\n\t\t\t\t<\/div>\n\t\t\t\t<div class=\"elementor-element elementor-element-a287012 elementor-widget elementor-widget-text-editor\" data-id=\"a287012\" data-element_type=\"widget\" data-e-type=\"widget\" data-widget_type=\"text-editor.default\">\n\t\t\t\t<div class=\"elementor-widget-container\">\n\t\t\t\t\t\t\t\t\t<p><strong class=\"subt1\">Programa\u00a0 de Voluntariado Universitario- Convocatoria \u201cCompromiso Social\u201d<\/strong><br \/>Aprobados por resoluci\u00f3n\u00a0 de C.S. N.\u00ba 684\/2016<\/p><p class=\"texto\"><strong>1) Energ\u00eda Solar<\/strong><br \/>Directora : Mg. Isabel Salerno<\/p><p class=\"texto\"><strong>2) Mobbing y Bullyng<\/strong><br \/>Directora: Mg. Isabel Salerno<\/p><hr noshade=\"noshade\" \/><p class=\"subt1\">Programa\u00a0 de Voluntariado Universitario<\/p><p class=\"texto\"><strong>Turismo y Agricultura<\/strong><br \/>Directora: Norma Beatriz Andrade<\/p><p class=\"texto\"><strong>La causa Malvinas<\/strong><br \/>Directora Isabel Salerno<\/p>\t\t\t\t\t\t\t\t<\/div>\n\t\t\t\t<\/div>\n\t\t\t\t<div class=\"elementor-element elementor-element-3b54991 elementor-widget elementor-widget-shortcode\" data-id=\"3b54991\" data-element_type=\"widget\" data-e-type=\"widget\" data-widget_type=\"shortcode.default\">\n\t\t\t\t<div class=\"elementor-widget-container\">\n\t\t\t\t\t\t\t<div class=\"elementor-shortcode\">\t\t<div data-elementor-type=\"section\" data-elementor-id=\"4605\" class=\"elementor elementor-4605\" data-elementor-post-type=\"elementor_library\">\r\n\t\t\t\t\t<section class=\"elementor-section elementor-top-section elementor-element elementor-element-1f039b1f elementor-section-boxed elementor-section-height-default elementor-section-height-default\" data-id=\"1f039b1f\" data-element_type=\"section\" data-e-type=\"section\">\n\t\t\t\t\t\t<div class=\"elementor-container elementor-column-gap-default\">\n\t\t\t\t\t<div class=\"elementor-column elementor-col-100 elementor-top-column elementor-element elementor-element-11f9e382\" data-id=\"11f9e382\" data-element_type=\"column\" data-e-type=\"column\">\n\t\t\t<div class=\"elementor-widget-wrap elementor-element-populated\">\n\t\t\t\t\t\t<div class=\"elementor-element elementor-element-4368285 elementor-widget-divider--view-line elementor-widget elementor-widget-divider\" data-id=\"4368285\" data-element_type=\"widget\" data-e-type=\"widget\" data-widget_type=\"divider.default\">\n\t\t\t\t<div class=\"elementor-widget-container\">\n\t\t\t\t\t\t\t<div class=\"elementor-divider\">\n\t\t\t<span class=\"elementor-divider-separator\">\n\t\t\t\t\t\t<\/span>\n\t\t<\/div>\n\t\t\t\t\t\t<\/div>\n\t\t\t\t<\/div>\n\t\t\t\t<div class=\"elementor-element elementor-element-1641eaac elementor-widget elementor-widget-text-editor\" data-id=\"1641eaac\" data-element_type=\"widget\" data-e-type=\"widget\" data-widget_type=\"text-editor.default\">\n\t\t\t\t<div class=\"elementor-widget-container\">\n\t\t\t\t\t\t\t\t\t<p><strong>CONTACTO<\/strong><br \/>Cel: <span class=\"texto\">2984690225<\/span><br \/>Correo electr\u00f3nico: <a href=\"mailto:secretaria.extensionfadecs@gmail.com\">secretaria.extensionfadecs@gmail.com<\/a><br \/>Para inscripciones a cursos, charlas, etc: <a href=\"mailto:inscripciones.extensionfadecs@gmail.com\">inscripciones.extensionfadecs@gmail.com<\/a><br \/>Para inscripciones a pasant\u00edas: <a href=\"mailto:pasantias.extensionfadecs@gmail.com\">pasantias.extensionfadecs@gmail.com<\/a><\/p><p>Mendoza y Per\u00fa.<br \/>(8332) General Roca, R\u00edo Negro <br \/>Argentina<\/p>\t\t\t\t\t\t\t\t<\/div>\n\t\t\t\t<\/div>\n\t\t\t\t\t<\/div>\n\t\t<\/div>\n\t\t\t\t\t<\/div>\n\t\t<\/section>\n\t\t\t\t<\/div>\r\n\t\t<\/div>\n\t\t\t\t\t\t<\/div>\n\t\t\t\t<\/div>\n\t\t\t\t\t<\/div>\n\t\t<\/div>\n\t\t\t\t<div class=\"elementor-column elementor-col-33 elementor-top-column elementor-element elementor-element-18de7ec\" data-id=\"18de7ec\" data-element_type=\"column\" data-e-type=\"column\">\n\t\t\t<div class=\"elementor-widget-wrap elementor-element-populated\">\n\t\t\t\t\t\t<div class=\"elementor-element elementor-element-2dad91f elementor-nav-menu__align-start elementor-nav-menu--dropdown-none elementor-widget elementor-widget-nav-menu\" data-id=\"2dad91f\" data-element_type=\"widget\" data-e-type=\"widget\" id=\"menu-lateral\" data-settings=\"{&quot;layout&quot;:&quot;vertical&quot;,&quot;submenu_icon&quot;:{&quot;value&quot;:&quot;&lt;i class=\\&quot;fas fa-caret-down\\&quot; aria-hidden=\\&quot;true\\&quot;&gt;&lt;\\\/i&gt;&quot;,&quot;library&quot;:&quot;fa-solid&quot;}}\" data-widget_type=\"nav-menu.default\">\n\t\t\t\t<div class=\"elementor-widget-container\">\n\t\t\t\t\t\t\t\t<nav aria-label=\"Menu\" class=\"elementor-nav-menu--main elementor-nav-menu__container elementor-nav-menu--layout-vertical e--pointer-background e--animation-fade\">\r\n\t\t\t\t<ul id=\"menu-1-2dad91f\" class=\"elementor-nav-menu sm-vertical\"><li class=\"menu-item menu-item-type-post_type menu-item-object-page menu-item-5817\"><a href=\"https:\/\/fadeweb.uncoma.edu.ar\/index.php\/secretaria-de-extension-y-asuntos-estudiantiles\/proyectos-de-extension\/\" class=\"elementor-item\">PROYECTOS DE EXTENSION<\/a><\/li>\n<li class=\"menu-item menu-item-type-post_type menu-item-object-page menu-item-5818\"><a href=\"https:\/\/fadeweb.uncoma.edu.ar\/index.php\/secretaria-de-extension-y-asuntos-estudiantiles\/proyectos-de-extension-en-ejecucion\/\" class=\"elementor-item\">\u27a3 EN EJECUCION<\/a><\/li>\n<li class=\"menu-item menu-item-type-post_type menu-item-object-page menu-item-5819\"><a href=\"https:\/\/fadeweb.uncoma.edu.ar\/index.php\/secretaria-de-extension-y-asuntos-estudiantiles\/normativas-de-proyectos-de-extension\/\" class=\"elementor-item\">\u27a3 NORMATIVAS<\/a><\/li>\n<li class=\"menu-item menu-item-type-post_type menu-item-object-page menu-item-5820\"><a href=\"https:\/\/fadeweb.uncoma.edu.ar\/index.php\/secretaria-de-extension-y-asuntos-estudiantiles\/llamados-de-proyectos-de-extension\/\" class=\"elementor-item\">\u27a3 LLAMADOS<\/a><\/li>\n<li class=\"menu-item menu-item-type-post_type menu-item-object-page menu-item-5821\"><a href=\"https:\/\/fadeweb.uncoma.edu.ar\/index.php\/secretaria-de-extension-y-asuntos-estudiantiles\/becas-de-formacion-en-extension\/\" class=\"elementor-item\">\u27a3 BECARIOS<\/a><\/li>\n<li class=\"menu-item menu-item-type-post_type menu-item-object-page menu-item-5829\"><a href=\"https:\/\/fadeweb.uncoma.edu.ar\/index.php\/secretaria-de-extension-y-asuntos-estudiantiles\/pasantias\/\" class=\"elementor-item\">PASANTIAS<\/a><\/li>\n<li class=\"menu-item menu-item-type-post_type menu-item-object-page menu-item-has-children menu-item-5828\"><a href=\"https:\/\/fadeweb.uncoma.edu.ar\/index.php\/secretaria-de-extension-y-asuntos-estudiantiles\/diplomaturas\/\" class=\"elementor-item\">DIPLOMATURAS<\/a>\n<ul class=\"sub-menu elementor-nav-menu--dropdown\">\n\t<li class=\"menu-item menu-item-type-post_type menu-item-object-page menu-item-15412\"><a href=\"https:\/\/fadeweb.uncoma.edu.ar\/index.php\/reglamentacion-diplomaturas\/\" class=\"elementor-sub-item\">REGLAMENTACI\u00d3N<\/a><\/li>\n<\/ul>\n<\/li>\n<li class=\"menu-item menu-item-type-post_type menu-item-object-page menu-item-5835\"><a href=\"https:\/\/fadeweb.uncoma.edu.ar\/index.php\/secretaria-de-extension-y-asuntos-estudiantiles\/voluntariado\/\" class=\"elementor-item\">VOLUNTARIADO<\/a><\/li>\n<li class=\"menu-item menu-item-type-post_type menu-item-object-page menu-item-5827\"><a href=\"https:\/\/fadeweb.uncoma.edu.ar\/index.php\/secretaria-de-extension-y-asuntos-estudiantiles\/servicios-a-terceros\/\" class=\"elementor-item\">SERVICIOS A TERCEROS<\/a><\/li>\n<li class=\"menu-item menu-item-type-post_type menu-item-object-page menu-item-15436\"><a href=\"https:\/\/fadeweb.uncoma.edu.ar\/index.php\/secretaria-de-extension-y-asuntos-estudiantiles\/talles-upami\/\" class=\"elementor-item\">TALLERES UPAMI<\/a><\/li>\n<li class=\"menu-item menu-item-type-post_type menu-item-object-page menu-item-5826\"><a href=\"https:\/\/fadeweb.uncoma.edu.ar\/index.php\/secretaria-de-extension-y-asuntos-estudiantiles\/catedras-libres\/\" class=\"elementor-item\">C\u00c1TEDRAS LIBRES<\/a><\/li>\n<li class=\"menu-item menu-item-type-post_type menu-item-object-page menu-item-5825\"><a href=\"https:\/\/fadeweb.uncoma.edu.ar\/index.php\/secretaria-de-extension-y-asuntos-estudiantiles\/promocion-y-defensa-de-derechos-humanos\/\" class=\"elementor-item\">PROMOCI\u00d3N Y DEFENSA DE DERECHOS HUMANOS<\/a><\/li>\n<li class=\"menu-item menu-item-type-post_type menu-item-object-page menu-item-5824\"><a href=\"https:\/\/fadeweb.uncoma.edu.ar\/index.php\/secretaria-de-extension-y-asuntos-estudiantiles\/politica-de-formacion\/\" class=\"elementor-item\">POL\u00cdTICA DE FORMACI\u00d3N<\/a><\/li>\n<li class=\"menu-item menu-item-type-post_type menu-item-object-page menu-item-5823\"><a href=\"https:\/\/fadeweb.uncoma.edu.ar\/index.php\/secretaria-de-extension-y-asuntos-estudiantiles\/area-de-habitos-saludables\/\" class=\"elementor-item\">\u00c1REA DE H\u00c1BITOS SALUDABLES<\/a><\/li>\n<li class=\"menu-item menu-item-type-post_type menu-item-object-page menu-item-5830\"><a href=\"https:\/\/fadeweb.uncoma.edu.ar\/index.php\/publifadecs\/\" class=\"elementor-item\">DEPARTAMENTO DE PUBLICACIONES<\/a><\/li>\n<li class=\"menu-item menu-item-type-custom menu-item-object-custom menu-item-4497\"><a href=\"http:\/\/www.antena-libre.com.ar\/\" class=\"elementor-item\">RADIO ANTENA LIBRE<\/a><\/li>\n<\/ul>\t\t\t<\/nav>\r\n\t\t\t\t\t\t<nav class=\"elementor-nav-menu--dropdown elementor-nav-menu__container\" aria-hidden=\"true\">\r\n\t\t\t\t<ul id=\"menu-2-2dad91f\" class=\"elementor-nav-menu sm-vertical\"><li class=\"menu-item menu-item-type-post_type menu-item-object-page menu-item-5817\"><a href=\"https:\/\/fadeweb.uncoma.edu.ar\/index.php\/secretaria-de-extension-y-asuntos-estudiantiles\/proyectos-de-extension\/\" class=\"elementor-item\" tabindex=\"-1\">PROYECTOS DE EXTENSION<\/a><\/li>\n<li class=\"menu-item menu-item-type-post_type menu-item-object-page menu-item-5818\"><a href=\"https:\/\/fadeweb.uncoma.edu.ar\/index.php\/secretaria-de-extension-y-asuntos-estudiantiles\/proyectos-de-extension-en-ejecucion\/\" class=\"elementor-item\" tabindex=\"-1\">\u27a3 EN EJECUCION<\/a><\/li>\n<li class=\"menu-item menu-item-type-post_type menu-item-object-page menu-item-5819\"><a href=\"https:\/\/fadeweb.uncoma.edu.ar\/index.php\/secretaria-de-extension-y-asuntos-estudiantiles\/normativas-de-proyectos-de-extension\/\" class=\"elementor-item\" tabindex=\"-1\">\u27a3 NORMATIVAS<\/a><\/li>\n<li class=\"menu-item menu-item-type-post_type menu-item-object-page menu-item-5820\"><a href=\"https:\/\/fadeweb.uncoma.edu.ar\/index.php\/secretaria-de-extension-y-asuntos-estudiantiles\/llamados-de-proyectos-de-extension\/\" class=\"elementor-item\" tabindex=\"-1\">\u27a3 LLAMADOS<\/a><\/li>\n<li class=\"menu-item menu-item-type-post_type menu-item-object-page menu-item-5821\"><a href=\"https:\/\/fadeweb.uncoma.edu.ar\/index.php\/secretaria-de-extension-y-asuntos-estudiantiles\/becas-de-formacion-en-extension\/\" class=\"elementor-item\" tabindex=\"-1\">\u27a3 BECARIOS<\/a><\/li>\n<li class=\"menu-item menu-item-type-post_type menu-item-object-page menu-item-5829\"><a href=\"https:\/\/fadeweb.uncoma.edu.ar\/index.php\/secretaria-de-extension-y-asuntos-estudiantiles\/pasantias\/\" class=\"elementor-item\" tabindex=\"-1\">PASANTIAS<\/a><\/li>\n<li class=\"menu-item menu-item-type-post_type menu-item-object-page menu-item-has-children menu-item-5828\"><a href=\"https:\/\/fadeweb.uncoma.edu.ar\/index.php\/secretaria-de-extension-y-asuntos-estudiantiles\/diplomaturas\/\" class=\"elementor-item\" tabindex=\"-1\">DIPLOMATURAS<\/a>\n<ul class=\"sub-menu elementor-nav-menu--dropdown\">\n\t<li class=\"menu-item menu-item-type-post_type menu-item-object-page menu-item-15412\"><a href=\"https:\/\/fadeweb.uncoma.edu.ar\/index.php\/reglamentacion-diplomaturas\/\" class=\"elementor-sub-item\" tabindex=\"-1\">REGLAMENTACI\u00d3N<\/a><\/li>\n<\/ul>\n<\/li>\n<li class=\"menu-item menu-item-type-post_type menu-item-object-page menu-item-5835\"><a href=\"https:\/\/fadeweb.uncoma.edu.ar\/index.php\/secretaria-de-extension-y-asuntos-estudiantiles\/voluntariado\/\" class=\"elementor-item\" tabindex=\"-1\">VOLUNTARIADO<\/a><\/li>\n<li class=\"menu-item menu-item-type-post_type menu-item-object-page menu-item-5827\"><a href=\"https:\/\/fadeweb.uncoma.edu.ar\/index.php\/secretaria-de-extension-y-asuntos-estudiantiles\/servicios-a-terceros\/\" class=\"elementor-item\" tabindex=\"-1\">SERVICIOS A TERCEROS<\/a><\/li>\n<li class=\"menu-item menu-item-type-post_type menu-item-object-page menu-item-15436\"><a href=\"https:\/\/fadeweb.uncoma.edu.ar\/index.php\/secretaria-de-extension-y-asuntos-estudiantiles\/talles-upami\/\" class=\"elementor-item\" tabindex=\"-1\">TALLERES UPAMI<\/a><\/li>\n<li class=\"menu-item menu-item-type-post_type menu-item-object-page menu-item-5826\"><a href=\"https:\/\/fadeweb.uncoma.edu.ar\/index.php\/secretaria-de-extension-y-asuntos-estudiantiles\/catedras-libres\/\" class=\"elementor-item\" tabindex=\"-1\">C\u00c1TEDRAS LIBRES<\/a><\/li>\n<li class=\"menu-item menu-item-type-post_type menu-item-object-page menu-item-5825\"><a href=\"https:\/\/fadeweb.uncoma.edu.ar\/index.php\/secretaria-de-extension-y-asuntos-estudiantiles\/promocion-y-defensa-de-derechos-humanos\/\" class=\"elementor-item\" tabindex=\"-1\">PROMOCI\u00d3N Y DEFENSA DE DERECHOS HUMANOS<\/a><\/li>\n<li class=\"menu-item menu-item-type-post_type menu-item-object-page menu-item-5824\"><a href=\"https:\/\/fadeweb.uncoma.edu.ar\/index.php\/secretaria-de-extension-y-asuntos-estudiantiles\/politica-de-formacion\/\" class=\"elementor-item\" tabindex=\"-1\">POL\u00cdTICA DE FORMACI\u00d3N<\/a><\/li>\n<li class=\"menu-item menu-item-type-post_type menu-item-object-page menu-item-5823\"><a href=\"https:\/\/fadeweb.uncoma.edu.ar\/index.php\/secretaria-de-extension-y-asuntos-estudiantiles\/area-de-habitos-saludables\/\" class=\"elementor-item\" tabindex=\"-1\">\u00c1REA DE H\u00c1BITOS SALUDABLES<\/a><\/li>\n<li class=\"menu-item menu-item-type-post_type menu-item-object-page menu-item-5830\"><a href=\"https:\/\/fadeweb.uncoma.edu.ar\/index.php\/publifadecs\/\" class=\"elementor-item\" tabindex=\"-1\">DEPARTAMENTO DE PUBLICACIONES<\/a><\/li>\n<li class=\"menu-item menu-item-type-custom menu-item-object-custom menu-item-4497\"><a href=\"http:\/\/www.antena-libre.com.ar\/\" class=\"elementor-item\" tabindex=\"-1\">RADIO ANTENA LIBRE<\/a><\/li>\n<\/ul>\t\t\t<\/nav>\r\n\t\t\t\t\t\t<\/div>\n\t\t\t\t<\/div>\n\t\t\t\t\t<\/div>\n\t\t<\/div>\n\t\t\t\t\t<\/div>\n\t\t<\/section>\n\t\t\t\t<\/div>\n\t\t","protected":false},"excerpt":{"rendered":"<p>SECRETARIA DE EXTENSION Y ASUNTOS ESTUDIANTILES VOLUNTARIADOS Programa\u00a0 de Voluntariado Universitario- Convocatoria \u201cCompromiso Social\u201dAprobados por resoluci\u00f3n\u00a0 de C.S. N.\u00ba 684\/2016 1) Energ\u00eda SolarDirectora : Mg. Isabel Salerno 2) Mobbing y BullyngDirectora: Mg. Isabel Salerno Programa\u00a0 de Voluntariado Universitario Turismo y AgriculturaDirectora: Norma Beatriz Andrade La causa MalvinasDirectora Isabel Salerno<\/p>\n","protected":false},"author":2,"featured_media":0,"parent":3456,"menu_order":0,"comment_status":"closed","ping_status":"closed","template":"","meta":{"footnotes":""},"class_list":["post-5815","page","type-page","status-publish","hentry"],"_links":{"self":[{"href":"https:\/\/fadeweb.uncoma.edu.ar\/index.php\/wp-json\/wp\/v2\/pages\/5815","targetHints":{"allow":["GET"]}}],"collection":[{"href":"https:\/\/fadeweb.uncoma.edu.ar\/index.php\/wp-json\/wp\/v2\/pages"}],"about":[{"href":"https:\/\/fadeweb.uncoma.edu.ar\/index.php\/wp-json\/wp\/v2\/types\/page"}],"author":[{"embeddable":true,"href":"https:\/\/fadeweb.uncoma.edu.ar\/index.php\/wp-json\/wp\/v2\/users\/2"}],"replies":[{"embeddable":true,"href":"https:\/\/fadeweb.uncoma.edu.ar\/index.php\/wp-json\/wp\/v2\/comments?post=5815"}],"version-history":[{"count":5,"href":"https:\/\/fadeweb.uncoma.edu.ar\/index.php\/wp-json\/wp\/v2\/pages\/5815\/revisions"}],"predecessor-version":[{"id":6214,"href":"https:\/\/fadeweb.uncoma.edu.ar\/index.php\/wp-json\/wp\/v2\/pages\/5815\/revisions\/6214"}],"up":[{"embeddable":true,"href":"https:\/\/fadeweb.uncoma.edu.ar\/index.php\/wp-json\/wp\/v2\/pages\/3456"}],"wp:attachment":[{"href":"https:\/\/fadeweb.uncoma.edu.ar\/index.php\/wp-json\/wp\/v2\/media?parent=5815"}],"curies":[{"name":"wp","href":"https:\/\/api.w.org\/{rel}","templated":true}]}}