{"id":5813,"date":"2022-10-06T21:20:00","date_gmt":"2022-10-07T00:20:00","guid":{"rendered":"http:\/\/170.210.81.106\/newfade\/?page_id=5813"},"modified":"2022-10-07T21:27:34","modified_gmt":"2022-10-08T00:27:34","slug":"area-de-habitos-saludables","status":"publish","type":"page","link":"https:\/\/fadeweb.uncoma.edu.ar\/index.php\/secretaria-de-extension-y-asuntos-estudiantiles\/area-de-habitos-saludables\/","title":{"rendered":"\u00c1REA DE H\u00c1BITOS SALUDABLES"},"content":{"rendered":"\t\t<div data-elementor-type=\"wp-page\" data-elementor-id=\"5813\" class=\"elementor elementor-5813\" data-elementor-post-type=\"page\">\n\t\t\t\t\t\t<section class=\"elementor-section elementor-top-section elementor-element elementor-element-791bcae elementor-section-boxed elementor-section-height-default elementor-section-height-default\" data-id=\"791bcae\" data-element_type=\"section\" data-e-type=\"section\">\n\t\t\t\t\t\t<div class=\"elementor-container elementor-column-gap-default\">\n\t\t\t\t\t<div class=\"elementor-column elementor-col-66 elementor-top-column elementor-element elementor-element-749187d\" data-id=\"749187d\" data-element_type=\"column\" data-e-type=\"column\">\n\t\t\t<div class=\"elementor-widget-wrap elementor-element-populated\">\n\t\t\t\t\t\t<div class=\"elementor-element elementor-element-8e07e94 elementor-widget elementor-widget-text-editor\" data-id=\"8e07e94\" data-element_type=\"widget\" data-e-type=\"widget\" data-widget_type=\"text-editor.default\">\n\t\t\t\t<div class=\"elementor-widget-container\">\n\t\t\t\t\t\t\t\t\t<h2><span class=\"titulo3\">SECRETARIA DE EXTENSION Y ASUNTOS ESTUDIANTILES<\/span><\/h2><h1 class=\"titulo1\">\u00c1REA DE H\u00c1BITOS SALUDABLES<\/h1>\t\t\t\t\t\t\t\t<\/div>\n\t\t\t\t<\/div>\n\t\t\t\t<div class=\"elementor-element elementor-element-12fd75f elementor-widget elementor-widget-posts\" data-id=\"12fd75f\" data-element_type=\"widget\" data-e-type=\"widget\" data-settings=\"{&quot;pagination_type&quot;:&quot;numbers_and_prev_next&quot;,&quot;full_content_row_gap&quot;:{&quot;unit&quot;:&quot;px&quot;,&quot;size&quot;:35,&quot;sizes&quot;:[]}}\" data-widget_type=\"posts.full_content\">\n\t\t\t\t<div class=\"elementor-widget-container\">\n\t\t\t\t\t\t\t<div class=\"elementor-posts-container elementor-posts elementor-posts--skin-full_content elementor-grid\" role=\"list\">\r\n\t\t\t\t<article class=\"elementor-post elementor-grid-item post-20562 post type-post status-publish format-standard has-post-thumbnail hentry category-bienestar category-extension category-habitos-saludables category-notifadecs\" role=\"listitem\">\r\n\t\t\t\t<div class=\"elementor-post__text\">\r\n\t\t\t\t<h3 class=\"elementor-post__title\">\r\n\t\t\t<a href=\"https:\/\/fadeweb.uncoma.edu.ar\/index.php\/2024\/05\/03\/forma-parte-de-la-huerta-agroecologica-de-fadecs-fadel-3\/\" >\r\n\t\t\t\tFORM\u00c1 PARTE DE LA HUERTA AGROECOL\u00d3GICA DE FADECS-FADEL\t\t\t<\/a>\r\n\t\t<\/h3>\r\n\t\t\t\t<div class=\"elementor-post__meta-data\">\r\n\t\t\t\t\t<span class=\"elementor-post-date\">\r\n\t\t\t3 mayo, 2024\t\t<\/span>\r\n\t\t\t\t<\/div>\r\n\t\t<p><img fetchpriority=\"high\" fetchpriority=\"high\" decoding=\"async\" class=\"wp-image-20563 alignleft\" src=\"https:\/\/fadeweb.uncoma.edu.ar\/wp-content\/uploads\/2024\/05\/Huerta-2024-04-25-03-300x225.jpeg\" alt=\"\" width=\"600\" height=\"450\" srcset=\"https:\/\/fadeweb.uncoma.edu.ar\/wp-content\/uploads\/2024\/05\/Huerta-2024-04-25-03-300x225.jpeg 300w, https:\/\/fadeweb.uncoma.edu.ar\/wp-content\/uploads\/2024\/05\/Huerta-2024-04-25-03-1024x768.jpeg 1024w, https:\/\/fadeweb.uncoma.edu.ar\/wp-content\/uploads\/2024\/05\/Huerta-2024-04-25-03-768x576.jpeg 768w, https:\/\/fadeweb.uncoma.edu.ar\/wp-content\/uploads\/2024\/05\/Huerta-2024-04-25-03-1536x1152.jpeg 1536w, https:\/\/fadeweb.uncoma.edu.ar\/wp-content\/uploads\/2024\/05\/Huerta-2024-04-25-03.jpeg 1600w\" sizes=\"(max-width: 600px) 100vw, 600px\" \/> <img decoding=\"async\" class=\"wp-image-20564 alignleft\" src=\"https:\/\/fadeweb.uncoma.edu.ar\/wp-content\/uploads\/2024\/05\/Huerta-2024-04-25-04-300x226.jpeg\" alt=\"\" width=\"600\" height=\"451\" srcset=\"https:\/\/fadeweb.uncoma.edu.ar\/wp-content\/uploads\/2024\/05\/Huerta-2024-04-25-04-300x226.jpeg 300w, https:\/\/fadeweb.uncoma.edu.ar\/wp-content\/uploads\/2024\/05\/Huerta-2024-04-25-04-1024x770.jpeg 1024w, https:\/\/fadeweb.uncoma.edu.ar\/wp-content\/uploads\/2024\/05\/Huerta-2024-04-25-04-768x578.jpeg 768w, https:\/\/fadeweb.uncoma.edu.ar\/wp-content\/uploads\/2024\/05\/Huerta-2024-04-25-04.jpeg 1280w\" sizes=\"(max-width: 600px) 100vw, 600px\" \/>La huerta agroecol\u00f3gica que comenz\u00f3 a producir en 2019 en la FADECS, y este a\u00f1o se retoma en conjunto con FADEL,\u00a0contin\u00faa abierta para estudiantes, docentes, nodocentes y graduados que se quieran sumar. Estos \u00faltimos treinta d\u00edas ha visto el renacer de las plantaciones de arom\u00e1ticas (obtenidas a partir de un proyecto de voluntariado), con su acci\u00f3n repelente de distintos bichitos, pero tambi\u00e9n para acompa\u00f1ar comidas.<\/p>\n<p>&nbsp;<\/p>\n<p>El riego por goteo dar\u00e1 vida a la lavanda, que genera un clima especial, junto a romero, or\u00e9gano y, en breve, de los alm\u00e1cigos germinar\u00e1n\u00a0 las verduras de oto\u00f1o invierno, de hojas y de ra\u00edz, alimentos todos que se destinar\u00e1n a los propios estudiantes que impulsan y ponen el cuerpo a los trabajos. La tierra es muy productiva, ya se comprob\u00f3 hace cinco a\u00f1os, el agua hacer revivir a las plantas y la mano de los voluntarios har\u00e1 el resto.<\/p>\n<p>&nbsp;<\/p>\n<p>La Secretar\u00eda de Extensi\u00f3n de la FADECS y la Secretar\u00eda de Bienestar de la FADEL destacan la presencia y gu\u00eda de los especialistas de Pro Huerta del INTA Roca, Pablo V\u00e1squez y Diego Rodil, tanto en las reuniones de equipo como en la asistencia t\u00e9cnica y de provisi\u00f3n de insumos. Y te reiteran la invitaci\u00f3n a que te sumes al Proyecto Huerta Agroecol\u00f3gica de FADECS-FADEL. Est\u00e1s a tiempo de inscribirte a trav\u00e9s del siguiente formulario <a href=\"https:\/\/forms.gle\/TTHVxQjn8EkE2o3z9\">https:\/\/forms.gle\/TTHVxQjn8EkE2o3z9<\/a><\/p>\n<p>&nbsp;<\/p>\n<p>\u00a1Te esperamos!<\/p>\n\t\t<\/div>\r\n\t\t\t\t<\/article>\r\n\t\t\t\t<article class=\"elementor-post elementor-grid-item post-20416 post type-post status-publish format-standard has-post-thumbnail hentry category-extension category-habitos-saludables category-notifadecs category-proyectos-extension\" role=\"listitem\">\r\n\t\t\t\t<div class=\"elementor-post__text\">\r\n\t\t\t\t<h3 class=\"elementor-post__title\">\r\n\t\t\t<a href=\"https:\/\/fadeweb.uncoma.edu.ar\/index.php\/2024\/04\/22\/forma-parte-de-la-huerta-agroecologica-de-fadecs-fadel-2\/\" >\r\n\t\t\t\tFORM\u00c1 PARTE DE LA HUERTA AGROECOL\u00d3GICA DE FADECS-FADEL\t\t\t<\/a>\r\n\t\t<\/h3>\r\n\t\t\t\t<div class=\"elementor-post__meta-data\">\r\n\t\t\t\t\t<span class=\"elementor-post-date\">\r\n\t\t\t22 abril, 2024\t\t<\/span>\r\n\t\t\t\t<\/div>\r\n\t\t<p>La Secre<img decoding=\"async\" class=\"alignleft wp-image-20223\" src=\"https:\/\/fadeweb.uncoma.edu.ar\/wp-content\/uploads\/2024\/04\/huerta-con-fadel3-300x300.jpg\" alt=\"\" width=\"600\" height=\"600\" srcset=\"https:\/\/fadeweb.uncoma.edu.ar\/wp-content\/uploads\/2024\/04\/huerta-con-fadel3-300x300.jpg 300w, https:\/\/fadeweb.uncoma.edu.ar\/wp-content\/uploads\/2024\/04\/huerta-con-fadel3-1024x1024.jpg 1024w, https:\/\/fadeweb.uncoma.edu.ar\/wp-content\/uploads\/2024\/04\/huerta-con-fadel3-150x150.jpg 150w, https:\/\/fadeweb.uncoma.edu.ar\/wp-content\/uploads\/2024\/04\/huerta-con-fadel3-768x768.jpg 768w, https:\/\/fadeweb.uncoma.edu.ar\/wp-content\/uploads\/2024\/04\/huerta-con-fadel3.jpg 1080w\" sizes=\"(max-width: 600px) 100vw, 600px\" \/>tar\u00eda de Extensi\u00f3n de la FADECS y la Secretar\u00eda de Bienestar de la FADEL invitan a sumarse al Proyecto Huerta Agroecol\u00f3gica de FADECS-FADEL.<\/p>\n<p>Con la presencia y gu\u00eda de los especialistas de Pro Huerta del INTA Roca, Pablo V\u00e1squez y Diego Rodil, el mi\u00e9rcoles 24 de abril a las 14 se realizar\u00e1 una nueva reuni\u00f3n de equipo.<\/p>\n<p>La convocatoria a integrar el proyecto huerta esta abierta para estudiantes, docentes, no-docentes y graduados, quienes pueden sumarse inscribi\u00e9ndose en el formulario.<\/p>\n<p>El programa de la actividad contempla capacitaci\u00f3n, preparaci\u00f3n de la tierra para sembrar, organizaci\u00f3n del sistema de riego, elaboraci\u00f3n de alm\u00e1cigos, limpieza de terreno, cosecha y distribuci\u00f3n de la producci\u00f3n.<\/p>\n<p>Est\u00e1s a tiempo de inscribirte a trav\u00e9s del siguiente formulario https:\/\/forms.gle\/TTHVxQjn8EkE2o3z9<\/p>\n<p>\u00a1Te esperamos!<\/p>\n\t\t<\/div>\r\n\t\t\t\t<\/article>\r\n\t\t\t\t<article class=\"elementor-post elementor-grid-item post-8320 post type-post status-publish format-standard has-post-thumbnail hentry category-habitos-saludables category-notifadecs\" role=\"listitem\">\r\n\t\t\t\t<div class=\"elementor-post__text\">\r\n\t\t\t\t<h3 class=\"elementor-post__title\">\r\n\t\t\t<a href=\"https:\/\/fadeweb.uncoma.edu.ar\/index.php\/2022\/10\/24\/tercer-ciclo-del-taller-de-sensibilizacion\/\" >\r\n\t\t\t\tTERCER CICLO DEL TALLER DE SENSIBILIZACI\u00d3N\t\t\t<\/a>\r\n\t\t<\/h3>\r\n\t\t\t\t<div class=\"elementor-post__meta-data\">\r\n\t\t\t\t\t<span class=\"elementor-post-date\">\r\n\t\t\t24 octubre, 2022\t\t<\/span>\r\n\t\t\t\t<\/div>\r\n\t\t<p><img loading=\"lazy\" loading=\"lazy\" decoding=\"async\" class=\"size-medium wp-image-8322 alignleft\" src=\"https:\/\/fadeweb.uncoma.edu.ar\/wp-content\/uploads\/2022\/10\/Taller-Tercer-300x300.jpeg\" alt=\"\" width=\"300\" height=\"300\" srcset=\"https:\/\/fadeweb.uncoma.edu.ar\/wp-content\/uploads\/2022\/10\/Taller-Tercer-300x300.jpeg 300w, https:\/\/fadeweb.uncoma.edu.ar\/wp-content\/uploads\/2022\/10\/Taller-Tercer-1024x1024.jpeg 1024w, https:\/\/fadeweb.uncoma.edu.ar\/wp-content\/uploads\/2022\/10\/Taller-Tercer-150x150.jpeg 150w, https:\/\/fadeweb.uncoma.edu.ar\/wp-content\/uploads\/2022\/10\/Taller-Tercer-768x768.jpeg 768w, https:\/\/fadeweb.uncoma.edu.ar\/wp-content\/uploads\/2022\/10\/Taller-Tercer.jpeg 1280w\" sizes=\"auto, (max-width: 300px) 100vw, 300px\" \/><\/p>\n<div class=\"x11i5rnm xat24cr x1mh8g0r x1vvkbs xtlvy1s x126k92a\">\n<div dir=\"auto\">El \u00c1rea de H\u00e1bitos Saludables de la Secretar\u00eda de Extensi\u00f3n de la FADECS, inform\u00f3 que la tercera edici\u00f3n del \u00abTaller de Sensibilizaci\u00f3n: Herramientas de Mediaci\u00f3n Comunitaria para Prevenir la Violencia\u00bb comenzar\u00e1 el 26 de octubre, y se dictar\u00e1 todos los mi\u00e9rcoles en el aula 37, de 19 a 21 hs.<\/div>\n<\/div>\n<div class=\"x11i5rnm xat24cr x1mh8g0r x1vvkbs xtlvy1s x126k92a\">\n<div dir=\"auto\">El taller tiene una duraci\u00f3n de seis encuentros, y es libre y gratuito para toda la comunidad.<\/div>\n<\/div>\n<div class=\"x11i5rnm xat24cr x1mh8g0r x1vvkbs xtlvy1s x126k92a\">\n<div dir=\"auto\">La inscripci\u00f3n se realiza a trav\u00e9s del enlace <a class=\"x1i10hfl xjbqb8w x6umtig x1b1mbwd xaqea5y xav7gou x9f619 x1ypdohk xt0psk2 xe8uvvx xdj266r x11i5rnm xat24cr x1mh8g0r xexx8yu x4uap5 x18d9i69 xkhd6sd x16tdsg8 x1hl2dhg xggy1nq x1a2a7pz xt0b8zv x1fey0fg\" tabindex=\"0\" role=\"link\" href=\"https:\/\/bit.ly\/3D63ElG?fbclid=IwAR3Cgi9qFdZIBk6MgKoNQvh3_sFUT41yIl4Y-fCzJhc7L5jrPYM5k0E6orQ\" target=\"_blank\" rel=\"nofollow noopener\">https:\/\/bit.ly\/3D63ElG<\/a><\/div>\n<\/div>\n\t\t<\/div>\r\n\t\t\t\t<\/article>\r\n\t\t\t\t<article class=\"elementor-post elementor-grid-item post-6292 post type-post status-publish format-standard has-post-thumbnail hentry category-39 category-habitos-saludables category-notifadecs\" role=\"listitem\">\r\n\t\t\t\t<div class=\"elementor-post__text\">\r\n\t\t\t\t<h3 class=\"elementor-post__title\">\r\n\t\t\t<a href=\"https:\/\/fadeweb.uncoma.edu.ar\/index.php\/2020\/02\/28\/de-un-terreno-pelado-a-un-espacio-de-produccion\/\" >\r\n\t\t\t\tDE UN TERRENO PELADO A UN ESPACIO DE PRODUCCI\u00d3N\t\t\t<\/a>\r\n\t\t<\/h3>\r\n\t\t\t\t<div class=\"elementor-post__meta-data\">\r\n\t\t\t\t\t<span class=\"elementor-post-date\">\r\n\t\t\t28 febrero, 2020\t\t<\/span>\r\n\t\t\t\t<\/div>\r\n\t\t<p class=\"texto\"><img loading=\"lazy\" loading=\"lazy\" decoding=\"async\" class=\"aligncenter wp-image-6293 size-large\" src=\"https:\/\/fadeweb.uncoma.edu.ar\/wp-content\/uploads\/2022\/10\/h1-1024x683.jpg\" alt=\"\" width=\"800\" height=\"534\" srcset=\"https:\/\/fadeweb.uncoma.edu.ar\/wp-content\/uploads\/2022\/10\/h1-1024x683.jpg 1024w, https:\/\/fadeweb.uncoma.edu.ar\/wp-content\/uploads\/2022\/10\/h1-300x200.jpg 300w, https:\/\/fadeweb.uncoma.edu.ar\/wp-content\/uploads\/2022\/10\/h1-768x512.jpg 768w, https:\/\/fadeweb.uncoma.edu.ar\/wp-content\/uploads\/2022\/10\/h1-1536x1024.jpg 1536w, https:\/\/fadeweb.uncoma.edu.ar\/wp-content\/uploads\/2022\/10\/h1.jpg 1920w\" sizes=\"auto, (max-width: 800px) 100vw, 800px\" \/>El llamado a voluntarios para participar del taller te\u00f3rico-pr\u00e1ctico de Huerta Agroecol\u00f3gica fue exitoso por la respuesta y por la permanencia desde su comienzo hasta este viernes 28 de febrero, en que se celebr\u00f3 el ritmo continuo de cosecha y de distribuci\u00f3n de productos entre el estudiantado de la FADECS-UNCo. Nos acercamos a conversar con los voluntarios y los impulsores institucionales del proyecto, quienes nos contaron sobre la marcha del proyecto.<\/p>\n<p class=\"texto\">A la estudiante Guadalupe le despert\u00f3 el inter\u00e9s y se sum\u00f3 a la tarea, \u00abque var\u00eda en forma diaria, desde hacer bordos o sacar malezas de los bordos o plantar, y que va cambiando con la necesidad. Se aprende sobre la sustentabilidad y se fomenta conciencia en cuanto a la alimentaci\u00f3n. Es un espacio en donde se puede producir alimentos propios y libres de agrot\u00f3xicos, los que van al comedor o a las residencias universitarias, y nos llevarnos un conocimiento que podremos reproducir en nuestras casas y en otras huertas\u00bb.<\/p>\n<p class=\"texto\">\u00abAdem\u00e1s de los beneficios alimenticios que produce, dice Malena, es una ayuda como terapia, en la medida en que salimos de la rutina del d\u00eda a d\u00eda en la facultad. Lo que nos est\u00e1 haciendo falta son herramientas como pala, azada, rastrillo y manguera\u00bb.<\/p>\n<p class=\"texto\">A Claudia le parec\u00eda que \u00abiba a ser algo chico y fue creciendo en base al trabajo de unas quince personas. La huerta requiere un cuidado diario, se aprende en lo personal y en los v\u00ednculos con nuestros compa\u00f1eros y con los vecinos del barrio, y nos hace bien\u00bb.<\/p>\n<p class=\"texto\">El inter\u00e9s por cambiar la rutina e incorporarse a un espacio de aprendizaje sobre lo que es la producci\u00f3n org\u00e1nica a trav\u00e9s de la huerta, fue tambi\u00e9n lo convoc\u00f3 a Francisco. \u00abAc\u00e1 se aprende a sembrar, a cosechar y a relacionarse con las personas que se acercan, y a producir nuestra propia comida, tanto para la FADECS como para nuestras casas. Todo es producto de nuestro trabajo y de las personas que nos ayudaron a organizarnos en torno a este proyecto. Est\u00e1 invitada toda la comunidad a sumarse a este proyecto, somos diez o quince pero siempre es bienvenida la gente\u00bb, dijo.<\/p>\n<p class=\"texto\"><strong>Una primera experiencia muy alentadora<\/strong><\/p>\n<p class=\"texto\">El ingeniero agr\u00f3nomo Pablo V\u00e1zquez (INTA) explic\u00f3 que \u00abdesde Pro Huerta recibimos un pedido de asistencia t\u00e9cnica de parte del \u00c1rea de H\u00e1bitos Saludables de la FADECS-UNCo. As\u00ed, comenzamos con las capacitaciones y la provisi\u00f3n de semillas, y la casa de estudios particip\u00f3 con la presencia de los estudiantes a los que formamos en forma conjunta\u00bb.<\/p>\n<p class=\"texto\">Este v\u00ednculo lleva ya dos a\u00f1os y est\u00e1 encuadrado en un convenio marco con la UNCO que habilita a todos los trabajos que realiza el Instituto, \u00abson iniciativas que tomamos muy bien y que en este caso estuvo muy bien fundamentada y nos pareci\u00f3 muy interesante trabajar con estudiantes porque se les da un plus acerca del medio rural y la producci\u00f3n, es un recurso m\u00e1s en su carrera como futuro profesional\u00bb, dijo.<\/p>\n<p class=\"texto\">\u00abA nosotros nos sirve mucho interactuar con gente que sabe de lo social, los estudiantes han puesto mucho esfuerzo ac\u00e1 y estamos muy conformes con la marcha de la producci\u00f3n y de como va el trabajo del grupo. A futuro aspiramos a que sea una centro de capacitaci\u00f3n o demostrativo de Pro Huerta del INTA, en tecnolog\u00eda de riego, en cultivos, y otros aspectos, para que el p\u00fablico local que quiera venir a capacitarse y entender de huerta pueda recurrir a este lugar que para nosotros es muy importante\u00bb, dijo V\u00e1zquez.<\/p>\n<p class=\"texto\"><strong>Generar conciencia sobre alimentaci\u00f3n<\/strong><\/p>\n<p class=\"texto\">Este es un sue\u00f1o realizado para Patricia Pl\u00e1, del \u00c1rea de H\u00e1bitos Saludables de la Secretar\u00eda de Extensi\u00f3n de FADECS-UNCo, nacido a partir de un proyecto de Huerta Agroecol\u00f3gica y Comunitaria, presentado en 2019 ante las autoridades de la FADECS-UNCo y aprobado por el Consejo Directivo. En forma resumida explic\u00f3 que \u00aben septiembre se hicieron los plantines y alm\u00e1cigos, la primer siembra se hizo entre octubre y noviembre y en enero comenz\u00f3 la cosecha\u00bb.<\/p>\n<p class=\"texto\">\u00abEl objetivo principal es concientizar respecto de lo que comemos y, en el marco de la soberan\u00eda alimentaria, saber qu\u00e9 estamos comiendo y poder elegir y producir nuestros propios alimentos\u00bb, dijo. Con este programa, se hizo un llamado de voluntarios que tuvo una muy buena respuesta, se conform\u00f3 un equipo de once estudiantes, adem\u00e1s del apoyo y asesoramiento permanente de un ingeniero agr\u00f3nomo del INTA, adem\u00e1s de la provisi\u00f3n de las semillas.<\/p>\n<p class=\"texto\">\u00abDurante el receso de enero se ha cosechado y distribuido en distintas instituciones; a partir de febrero, con la llegada de los estudiantes, la producci\u00f3n se destin\u00f3 a las residencias estudiantiles y al comedor universitario\u00bb, dijo Pl\u00e1. Esta primera primer experiencia desde el Pro Huerta del INTA con la Universidad Nacional del Comahue contin\u00faa abierta para que los estudiantes se acerquen, pasen y se informen sobre los trabajos en marcha y los beneficios que genera compartir labores de cultivo.<\/p>\n\t\t<\/div>\r\n\t\t\t\t<\/article>\r\n\t\t\t\t<article class=\"elementor-post elementor-grid-item post-6295 post type-post status-publish format-standard has-post-thumbnail hentry category-39 category-habitos-saludables category-notifadecs\" role=\"listitem\">\r\n\t\t\t\t<div class=\"elementor-post__text\">\r\n\t\t\t\t<h3 class=\"elementor-post__title\">\r\n\t\t\t<a href=\"https:\/\/fadeweb.uncoma.edu.ar\/index.php\/2020\/02\/26\/los-estudiantes-de-la-huerta-cuentan-su-experiencia\/\" >\r\n\t\t\t\tLOS ESTUDIANTES DE LA HUERTA CUENTAN SU EXPERIENCIA\t\t\t<\/a>\r\n\t\t<\/h3>\r\n\t\t\t\t<div class=\"elementor-post__meta-data\">\r\n\t\t\t\t\t<span class=\"elementor-post-date\">\r\n\t\t\t26 febrero, 2020\t\t<\/span>\r\n\t\t\t\t<\/div>\r\n\t\t<p class=\"texto\"><img loading=\"lazy\" loading=\"lazy\" decoding=\"async\" class=\"aligncenter wp-image-6296 size-large\" src=\"https:\/\/fadeweb.uncoma.edu.ar\/wp-content\/uploads\/2022\/10\/h3-1024x683.jpg\" alt=\"\" width=\"800\" height=\"534\" srcset=\"https:\/\/fadeweb.uncoma.edu.ar\/wp-content\/uploads\/2022\/10\/h3-1024x683.jpg 1024w, https:\/\/fadeweb.uncoma.edu.ar\/wp-content\/uploads\/2022\/10\/h3-300x200.jpg 300w, https:\/\/fadeweb.uncoma.edu.ar\/wp-content\/uploads\/2022\/10\/h3-768x512.jpg 768w, https:\/\/fadeweb.uncoma.edu.ar\/wp-content\/uploads\/2022\/10\/h3-1536x1024.jpg 1536w, https:\/\/fadeweb.uncoma.edu.ar\/wp-content\/uploads\/2022\/10\/h3.jpg 1920w\" sizes=\"auto, (max-width: 800px) 100vw, 800px\" \/>El \u00c1rea de H\u00e1bitos Saludables de la Secretar\u00eda de Extensi\u00f3n de la FADECS-UNCo invita este viernes 28 de febrero a las 10 a un encuentro en la Huerta Agroecol\u00f3gica y Comunitaria de nuestra casa de estudios.<\/p>\n<p class=\"texto\">La propulsora de la iniciativa, Patricia Pl\u00e1, dijo que \u00abla propuesta apunta a brindar informaci\u00f3n y participar de toda la actividad que se lleva adelante. Durante la reuni\u00f3n se explicar\u00e1n cada uno de los pasos dados desde el comienzo del trabajo, que se inici\u00f3 con la siembra en septiembre de 2019,\u00a0 continu\u00f3 durante el verano con los cuidados de las plantaciones, y en este momento se est\u00e1 realizando la cosecha de las distintas variedades de verduras y hortalizas\u00bb.<\/p>\n<p class=\"texto\">Tal como se informara la semana pasada, lo obtenido en la huerta de la FADECS-UNCo se reparti\u00f3 en el Comedor Universitario y en las residencias universitarias. La producci\u00f3n de temporada incluy\u00f3 zapallo zucchini, zapallito verde, cinco variedades de tomate, zanahoria, apio, albahaca, lechuga, remolacha y perejil.<\/p>\n<p class=\"texto\">Pla dijo que \u00aba mediados de marzo estar\u00e1n los choclos y los primeros zapallos calabaza; en tanto que, el viernes 21 de febrero se comenz\u00f3 con la siembra de oto\u00f1o-invierno, en este caso con espinaca y acelga\u00bb.<\/p>\n<p class=\"texto\">El equipo de trabajo que realiza las tareas culturales est\u00e1 compuesto por los estudiantes Juli, Betiana, Catalina, Claudia, Esmeralda, Francisco, Guadalupe, Lucas, Malena, Martina, Vera, Diego, el ingeniero agr\u00f3nomo Pablo V\u00e1zquez (INTA), y Patricia Pl\u00e1 del \u00c1rea de H\u00e1bitos Saludables de FADECS-UNCo.<\/p>\n\t\t<\/div>\r\n\t\t\t\t<\/article>\r\n\t\t\t\t<article class=\"elementor-post elementor-grid-item post-6298 post type-post status-publish format-standard has-post-thumbnail hentry category-39 category-habitos-saludables category-notifadecs\" role=\"listitem\">\r\n\t\t\t\t<div class=\"elementor-post__text\">\r\n\t\t\t\t<h3 class=\"elementor-post__title\">\r\n\t\t\t<a href=\"https:\/\/fadeweb.uncoma.edu.ar\/index.php\/2020\/02\/21\/alimentos-agroecologicos-para-nuestros-estudiantes\/\" >\r\n\t\t\t\tALIMENTOS AGROECOL\u00d3GICOS PARA NUESTROS ESTUDIANTES\t\t\t<\/a>\r\n\t\t<\/h3>\r\n\t\t\t\t<div class=\"elementor-post__meta-data\">\r\n\t\t\t\t\t<span class=\"elementor-post-date\">\r\n\t\t\t21 febrero, 2020\t\t<\/span>\r\n\t\t\t\t<\/div>\r\n\t\t<p class=\"texto\"><img loading=\"lazy\" loading=\"lazy\" decoding=\"async\" class=\"aligncenter wp-image-6299 size-large\" src=\"https:\/\/fadeweb.uncoma.edu.ar\/wp-content\/uploads\/2022\/10\/huerta-1024x768.jpg\" alt=\"\" width=\"800\" height=\"600\" srcset=\"https:\/\/fadeweb.uncoma.edu.ar\/wp-content\/uploads\/2022\/10\/huerta-1024x768.jpg 1024w, https:\/\/fadeweb.uncoma.edu.ar\/wp-content\/uploads\/2022\/10\/huerta-300x225.jpg 300w, https:\/\/fadeweb.uncoma.edu.ar\/wp-content\/uploads\/2022\/10\/huerta-768x576.jpg 768w, https:\/\/fadeweb.uncoma.edu.ar\/wp-content\/uploads\/2022\/10\/huerta.jpg 1032w\" sizes=\"auto, (max-width: 800px) 100vw, 800px\" \/>La cosecha que se hizo esta semana en la huerta de la FADECS-UNCo se acerc\u00f3 a la Secretar\u00eda de Bienestar Estudiantil, a trav\u00e9s de la cual los productos obtenidos, luego del trabajo de los \u00faltimos meses, se destin\u00f3 a los estudiantes que ocupan las residencias universitarias.<\/p>\n<p class=\"texto\">El \u00c1rea de H\u00e1bitos Saludables de la Secretar\u00eda de Extensi\u00f3n, con la participaci\u00f3n activa de voluntarias\/os, lleva adelante la \u201cHuerta Agroecol\u00f3gica y Comunitaria\u201d. El proyecto Huerta cuenta con el aval institucional del Consejo Directivo de la FADECS (Resol. N\u00ba 174\/19) y plantea importantes beneficios a nivel individual y colectivo, favoreciendo tanto las condiciones bio-psicosociales como las de tipo cultural y econ\u00f3mico.<\/p>\n\t\t<\/div>\r\n\t\t\t\t<\/article>\r\n\t\t\t\t<\/div>\r\n\t\t\r\n\t\t\t\t<div class=\"e-load-more-anchor\" data-page=\"1\" data-max-page=\"4\" data-next-page=\"https:\/\/fadeweb.uncoma.edu.ar\/index.php\/wp-json\/wp\/v2\/pages\/5813\/page\/2\/\"><\/div>\r\n\t\t\t\t<nav class=\"elementor-pagination\" aria-label=\"Pagination\">\r\n\t\t\t<span class=\"page-numbers prev\">&laquo; Anterior<\/span>\n<span aria-current=\"page\" class=\"page-numbers current\"><span class=\"elementor-screen-only\">Page<\/span>1<\/span>\n<a class=\"page-numbers\" href=\"https:\/\/fadeweb.uncoma.edu.ar\/index.php\/wp-json\/wp\/v2\/pages\/5813\/page\/2\/\"><span class=\"elementor-screen-only\">Page<\/span>2<\/a>\n<a class=\"page-numbers\" href=\"https:\/\/fadeweb.uncoma.edu.ar\/index.php\/wp-json\/wp\/v2\/pages\/5813\/page\/3\/\"><span class=\"elementor-screen-only\">Page<\/span>3<\/a>\n<a class=\"page-numbers\" href=\"https:\/\/fadeweb.uncoma.edu.ar\/index.php\/wp-json\/wp\/v2\/pages\/5813\/page\/4\/\"><span class=\"elementor-screen-only\">Page<\/span>4<\/a>\n<a class=\"page-numbers next\" href=\"https:\/\/fadeweb.uncoma.edu.ar\/index.php\/wp-json\/wp\/v2\/pages\/5813\/page\/2\/\">Siguiente &raquo;<\/a>\t\t<\/nav>\r\n\t\t\t\t\t\t<\/div>\n\t\t\t\t<\/div>\n\t\t\t\t<div class=\"elementor-element elementor-element-13b610e elementor-widget elementor-widget-shortcode\" data-id=\"13b610e\" data-element_type=\"widget\" data-e-type=\"widget\" data-widget_type=\"shortcode.default\">\n\t\t\t\t<div class=\"elementor-widget-container\">\n\t\t\t\t\t\t\t<div class=\"elementor-shortcode\">\t\t<div data-elementor-type=\"section\" data-elementor-id=\"4605\" class=\"elementor elementor-4605\" data-elementor-post-type=\"elementor_library\">\r\n\t\t\t\t\t<section class=\"elementor-section elementor-top-section elementor-element elementor-element-1f039b1f elementor-section-boxed elementor-section-height-default elementor-section-height-default\" data-id=\"1f039b1f\" data-element_type=\"section\" data-e-type=\"section\">\n\t\t\t\t\t\t<div class=\"elementor-container elementor-column-gap-default\">\n\t\t\t\t\t<div class=\"elementor-column elementor-col-100 elementor-top-column elementor-element elementor-element-11f9e382\" data-id=\"11f9e382\" data-element_type=\"column\" data-e-type=\"column\">\n\t\t\t<div class=\"elementor-widget-wrap elementor-element-populated\">\n\t\t\t\t\t\t<div class=\"elementor-element elementor-element-4368285 elementor-widget-divider--view-line elementor-widget elementor-widget-divider\" data-id=\"4368285\" data-element_type=\"widget\" data-e-type=\"widget\" data-widget_type=\"divider.default\">\n\t\t\t\t<div class=\"elementor-widget-container\">\n\t\t\t\t\t\t\t<div class=\"elementor-divider\">\n\t\t\t<span class=\"elementor-divider-separator\">\n\t\t\t\t\t\t<\/span>\n\t\t<\/div>\n\t\t\t\t\t\t<\/div>\n\t\t\t\t<\/div>\n\t\t\t\t<div class=\"elementor-element elementor-element-1641eaac elementor-widget elementor-widget-text-editor\" data-id=\"1641eaac\" data-element_type=\"widget\" data-e-type=\"widget\" data-widget_type=\"text-editor.default\">\n\t\t\t\t<div class=\"elementor-widget-container\">\n\t\t\t\t\t\t\t\t\t<p><strong>CONTACTO<\/strong><br \/>Cel: <span class=\"texto\">2984690225<\/span><br \/>Correo electr\u00f3nico: <a href=\"mailto:secretaria.extensionfadecs@gmail.com\">secretaria.extensionfadecs@gmail.com<\/a><br \/>Para inscripciones a cursos, charlas, etc: <a href=\"mailto:inscripciones.extensionfadecs@gmail.com\">inscripciones.extensionfadecs@gmail.com<\/a><br \/>Para inscripciones a pasant\u00edas: <a href=\"mailto:pasantias.extensionfadecs@gmail.com\">pasantias.extensionfadecs@gmail.com<\/a><\/p><p>Mendoza y Per\u00fa.<br \/>(8332) General Roca, R\u00edo Negro <br \/>Argentina<\/p>\t\t\t\t\t\t\t\t<\/div>\n\t\t\t\t<\/div>\n\t\t\t\t\t<\/div>\n\t\t<\/div>\n\t\t\t\t\t<\/div>\n\t\t<\/section>\n\t\t\t\t<\/div>\r\n\t\t<\/div>\n\t\t\t\t\t\t<\/div>\n\t\t\t\t<\/div>\n\t\t\t\t\t<\/div>\n\t\t<\/div>\n\t\t\t\t<div class=\"elementor-column elementor-col-33 elementor-top-column elementor-element elementor-element-174d891\" data-id=\"174d891\" data-element_type=\"column\" data-e-type=\"column\">\n\t\t\t<div class=\"elementor-widget-wrap elementor-element-populated\">\n\t\t\t\t\t\t<div class=\"elementor-element elementor-element-c68f42f elementor-nav-menu__align-start elementor-nav-menu--dropdown-none elementor-widget elementor-widget-nav-menu\" data-id=\"c68f42f\" data-element_type=\"widget\" data-e-type=\"widget\" id=\"menu-lateral\" data-settings=\"{&quot;layout&quot;:&quot;vertical&quot;,&quot;submenu_icon&quot;:{&quot;value&quot;:&quot;&lt;i class=\\&quot;fas fa-caret-down\\&quot; aria-hidden=\\&quot;true\\&quot;&gt;&lt;\\\/i&gt;&quot;,&quot;library&quot;:&quot;fa-solid&quot;}}\" data-widget_type=\"nav-menu.default\">\n\t\t\t\t<div class=\"elementor-widget-container\">\n\t\t\t\t\t\t\t\t<nav aria-label=\"Menu\" class=\"elementor-nav-menu--main elementor-nav-menu__container elementor-nav-menu--layout-vertical e--pointer-background e--animation-fade\">\r\n\t\t\t\t<ul id=\"menu-1-c68f42f\" class=\"elementor-nav-menu sm-vertical\"><li class=\"menu-item menu-item-type-post_type menu-item-object-page menu-item-5817\"><a href=\"https:\/\/fadeweb.uncoma.edu.ar\/index.php\/secretaria-de-extension-y-asuntos-estudiantiles\/proyectos-de-extension\/\" class=\"elementor-item\">PROYECTOS DE EXTENSION<\/a><\/li>\n<li class=\"menu-item menu-item-type-post_type menu-item-object-page menu-item-5818\"><a href=\"https:\/\/fadeweb.uncoma.edu.ar\/index.php\/secretaria-de-extension-y-asuntos-estudiantiles\/proyectos-de-extension-en-ejecucion\/\" class=\"elementor-item\">\u27a3 EN EJECUCION<\/a><\/li>\n<li class=\"menu-item menu-item-type-post_type menu-item-object-page menu-item-5819\"><a href=\"https:\/\/fadeweb.uncoma.edu.ar\/index.php\/secretaria-de-extension-y-asuntos-estudiantiles\/normativas-de-proyectos-de-extension\/\" class=\"elementor-item\">\u27a3 NORMATIVAS<\/a><\/li>\n<li class=\"menu-item menu-item-type-post_type menu-item-object-page menu-item-5820\"><a href=\"https:\/\/fadeweb.uncoma.edu.ar\/index.php\/secretaria-de-extension-y-asuntos-estudiantiles\/llamados-de-proyectos-de-extension\/\" class=\"elementor-item\">\u27a3 LLAMADOS<\/a><\/li>\n<li class=\"menu-item menu-item-type-post_type menu-item-object-page menu-item-5821\"><a href=\"https:\/\/fadeweb.uncoma.edu.ar\/index.php\/secretaria-de-extension-y-asuntos-estudiantiles\/becas-de-formacion-en-extension\/\" class=\"elementor-item\">\u27a3 BECARIOS<\/a><\/li>\n<li class=\"menu-item menu-item-type-post_type menu-item-object-page menu-item-5829\"><a href=\"https:\/\/fadeweb.uncoma.edu.ar\/index.php\/secretaria-de-extension-y-asuntos-estudiantiles\/pasantias\/\" class=\"elementor-item\">PASANTIAS<\/a><\/li>\n<li class=\"menu-item menu-item-type-post_type menu-item-object-page menu-item-has-children menu-item-5828\"><a href=\"https:\/\/fadeweb.uncoma.edu.ar\/index.php\/secretaria-de-extension-y-asuntos-estudiantiles\/diplomaturas\/\" class=\"elementor-item\">DIPLOMATURAS<\/a>\n<ul class=\"sub-menu elementor-nav-menu--dropdown\">\n\t<li class=\"menu-item menu-item-type-post_type menu-item-object-page menu-item-15412\"><a href=\"https:\/\/fadeweb.uncoma.edu.ar\/index.php\/reglamentacion-diplomaturas\/\" class=\"elementor-sub-item\">REGLAMENTACI\u00d3N<\/a><\/li>\n<\/ul>\n<\/li>\n<li class=\"menu-item menu-item-type-post_type menu-item-object-page menu-item-5835\"><a href=\"https:\/\/fadeweb.uncoma.edu.ar\/index.php\/secretaria-de-extension-y-asuntos-estudiantiles\/voluntariado\/\" class=\"elementor-item\">VOLUNTARIADO<\/a><\/li>\n<li class=\"menu-item menu-item-type-post_type menu-item-object-page menu-item-5827\"><a href=\"https:\/\/fadeweb.uncoma.edu.ar\/index.php\/secretaria-de-extension-y-asuntos-estudiantiles\/servicios-a-terceros\/\" class=\"elementor-item\">SERVICIOS A TERCEROS<\/a><\/li>\n<li class=\"menu-item menu-item-type-post_type menu-item-object-page menu-item-15436\"><a href=\"https:\/\/fadeweb.uncoma.edu.ar\/index.php\/secretaria-de-extension-y-asuntos-estudiantiles\/talles-upami\/\" class=\"elementor-item\">TALLERES UPAMI<\/a><\/li>\n<li class=\"menu-item menu-item-type-post_type menu-item-object-page menu-item-5826\"><a href=\"https:\/\/fadeweb.uncoma.edu.ar\/index.php\/secretaria-de-extension-y-asuntos-estudiantiles\/catedras-libres\/\" class=\"elementor-item\">C\u00c1TEDRAS LIBRES<\/a><\/li>\n<li class=\"menu-item menu-item-type-post_type menu-item-object-page menu-item-5825\"><a href=\"https:\/\/fadeweb.uncoma.edu.ar\/index.php\/secretaria-de-extension-y-asuntos-estudiantiles\/promocion-y-defensa-de-derechos-humanos\/\" class=\"elementor-item\">PROMOCI\u00d3N Y DEFENSA DE DERECHOS HUMANOS<\/a><\/li>\n<li class=\"menu-item menu-item-type-post_type menu-item-object-page menu-item-5824\"><a href=\"https:\/\/fadeweb.uncoma.edu.ar\/index.php\/secretaria-de-extension-y-asuntos-estudiantiles\/politica-de-formacion\/\" class=\"elementor-item\">POL\u00cdTICA DE FORMACI\u00d3N<\/a><\/li>\n<li class=\"menu-item menu-item-type-post_type menu-item-object-page menu-item-5823\"><a href=\"https:\/\/fadeweb.uncoma.edu.ar\/index.php\/secretaria-de-extension-y-asuntos-estudiantiles\/area-de-habitos-saludables\/\" class=\"elementor-item\">\u00c1REA DE H\u00c1BITOS SALUDABLES<\/a><\/li>\n<li class=\"menu-item menu-item-type-post_type menu-item-object-page menu-item-5830\"><a href=\"https:\/\/fadeweb.uncoma.edu.ar\/index.php\/publifadecs\/\" class=\"elementor-item\">DEPARTAMENTO DE PUBLICACIONES<\/a><\/li>\n<li class=\"menu-item menu-item-type-custom menu-item-object-custom menu-item-4497\"><a href=\"http:\/\/www.antena-libre.com.ar\/\" class=\"elementor-item\">RADIO ANTENA LIBRE<\/a><\/li>\n<\/ul>\t\t\t<\/nav>\r\n\t\t\t\t\t\t<nav class=\"elementor-nav-menu--dropdown elementor-nav-menu__container\" aria-hidden=\"true\">\r\n\t\t\t\t<ul id=\"menu-2-c68f42f\" class=\"elementor-nav-menu sm-vertical\"><li class=\"menu-item menu-item-type-post_type menu-item-object-page menu-item-5817\"><a href=\"https:\/\/fadeweb.uncoma.edu.ar\/index.php\/secretaria-de-extension-y-asuntos-estudiantiles\/proyectos-de-extension\/\" class=\"elementor-item\" tabindex=\"-1\">PROYECTOS DE EXTENSION<\/a><\/li>\n<li class=\"menu-item menu-item-type-post_type menu-item-object-page menu-item-5818\"><a href=\"https:\/\/fadeweb.uncoma.edu.ar\/index.php\/secretaria-de-extension-y-asuntos-estudiantiles\/proyectos-de-extension-en-ejecucion\/\" class=\"elementor-item\" tabindex=\"-1\">\u27a3 EN EJECUCION<\/a><\/li>\n<li class=\"menu-item menu-item-type-post_type menu-item-object-page menu-item-5819\"><a href=\"https:\/\/fadeweb.uncoma.edu.ar\/index.php\/secretaria-de-extension-y-asuntos-estudiantiles\/normativas-de-proyectos-de-extension\/\" class=\"elementor-item\" tabindex=\"-1\">\u27a3 NORMATIVAS<\/a><\/li>\n<li class=\"menu-item menu-item-type-post_type menu-item-object-page menu-item-5820\"><a href=\"https:\/\/fadeweb.uncoma.edu.ar\/index.php\/secretaria-de-extension-y-asuntos-estudiantiles\/llamados-de-proyectos-de-extension\/\" class=\"elementor-item\" tabindex=\"-1\">\u27a3 LLAMADOS<\/a><\/li>\n<li class=\"menu-item menu-item-type-post_type menu-item-object-page menu-item-5821\"><a href=\"https:\/\/fadeweb.uncoma.edu.ar\/index.php\/secretaria-de-extension-y-asuntos-estudiantiles\/becas-de-formacion-en-extension\/\" class=\"elementor-item\" tabindex=\"-1\">\u27a3 BECARIOS<\/a><\/li>\n<li class=\"menu-item menu-item-type-post_type menu-item-object-page menu-item-5829\"><a href=\"https:\/\/fadeweb.uncoma.edu.ar\/index.php\/secretaria-de-extension-y-asuntos-estudiantiles\/pasantias\/\" class=\"elementor-item\" tabindex=\"-1\">PASANTIAS<\/a><\/li>\n<li class=\"menu-item menu-item-type-post_type menu-item-object-page menu-item-has-children menu-item-5828\"><a href=\"https:\/\/fadeweb.uncoma.edu.ar\/index.php\/secretaria-de-extension-y-asuntos-estudiantiles\/diplomaturas\/\" class=\"elementor-item\" tabindex=\"-1\">DIPLOMATURAS<\/a>\n<ul class=\"sub-menu elementor-nav-menu--dropdown\">\n\t<li class=\"menu-item menu-item-type-post_type menu-item-object-page menu-item-15412\"><a href=\"https:\/\/fadeweb.uncoma.edu.ar\/index.php\/reglamentacion-diplomaturas\/\" class=\"elementor-sub-item\" tabindex=\"-1\">REGLAMENTACI\u00d3N<\/a><\/li>\n<\/ul>\n<\/li>\n<li class=\"menu-item menu-item-type-post_type menu-item-object-page menu-item-5835\"><a href=\"https:\/\/fadeweb.uncoma.edu.ar\/index.php\/secretaria-de-extension-y-asuntos-estudiantiles\/voluntariado\/\" class=\"elementor-item\" tabindex=\"-1\">VOLUNTARIADO<\/a><\/li>\n<li class=\"menu-item menu-item-type-post_type menu-item-object-page menu-item-5827\"><a href=\"https:\/\/fadeweb.uncoma.edu.ar\/index.php\/secretaria-de-extension-y-asuntos-estudiantiles\/servicios-a-terceros\/\" class=\"elementor-item\" tabindex=\"-1\">SERVICIOS A TERCEROS<\/a><\/li>\n<li class=\"menu-item menu-item-type-post_type menu-item-object-page menu-item-15436\"><a href=\"https:\/\/fadeweb.uncoma.edu.ar\/index.php\/secretaria-de-extension-y-asuntos-estudiantiles\/talles-upami\/\" class=\"elementor-item\" tabindex=\"-1\">TALLERES UPAMI<\/a><\/li>\n<li class=\"menu-item menu-item-type-post_type menu-item-object-page menu-item-5826\"><a href=\"https:\/\/fadeweb.uncoma.edu.ar\/index.php\/secretaria-de-extension-y-asuntos-estudiantiles\/catedras-libres\/\" class=\"elementor-item\" tabindex=\"-1\">C\u00c1TEDRAS LIBRES<\/a><\/li>\n<li class=\"menu-item menu-item-type-post_type menu-item-object-page menu-item-5825\"><a href=\"https:\/\/fadeweb.uncoma.edu.ar\/index.php\/secretaria-de-extension-y-asuntos-estudiantiles\/promocion-y-defensa-de-derechos-humanos\/\" class=\"elementor-item\" tabindex=\"-1\">PROMOCI\u00d3N Y DEFENSA DE DERECHOS HUMANOS<\/a><\/li>\n<li class=\"menu-item menu-item-type-post_type menu-item-object-page menu-item-5824\"><a href=\"https:\/\/fadeweb.uncoma.edu.ar\/index.php\/secretaria-de-extension-y-asuntos-estudiantiles\/politica-de-formacion\/\" class=\"elementor-item\" tabindex=\"-1\">POL\u00cdTICA DE FORMACI\u00d3N<\/a><\/li>\n<li class=\"menu-item menu-item-type-post_type menu-item-object-page menu-item-5823\"><a href=\"https:\/\/fadeweb.uncoma.edu.ar\/index.php\/secretaria-de-extension-y-asuntos-estudiantiles\/area-de-habitos-saludables\/\" class=\"elementor-item\" tabindex=\"-1\">\u00c1REA DE H\u00c1BITOS SALUDABLES<\/a><\/li>\n<li class=\"menu-item menu-item-type-post_type menu-item-object-page menu-item-5830\"><a href=\"https:\/\/fadeweb.uncoma.edu.ar\/index.php\/publifadecs\/\" class=\"elementor-item\" tabindex=\"-1\">DEPARTAMENTO DE PUBLICACIONES<\/a><\/li>\n<li class=\"menu-item menu-item-type-custom menu-item-object-custom menu-item-4497\"><a href=\"http:\/\/www.antena-libre.com.ar\/\" class=\"elementor-item\" tabindex=\"-1\">RADIO ANTENA LIBRE<\/a><\/li>\n<\/ul>\t\t\t<\/nav>\r\n\t\t\t\t\t\t<\/div>\n\t\t\t\t<\/div>\n\t\t\t\t\t<\/div>\n\t\t<\/div>\n\t\t\t\t\t<\/div>\n\t\t<\/section>\n\t\t\t\t<\/div>\n\t\t","protected":false},"excerpt":{"rendered":"<p>SECRETARIA DE EXTENSION Y ASUNTOS ESTUDIANTILES \u00c1REA DE H\u00c1BITOS SALUDABLES<\/p>\n","protected":false},"author":2,"featured_media":0,"parent":3456,"menu_order":0,"comment_status":"closed","ping_status":"closed","template":"","meta":{"footnotes":""},"class_list":["post-5813","page","type-page","status-publish","hentry"],"_links":{"self":[{"href":"https:\/\/fadeweb.uncoma.edu.ar\/index.php\/wp-json\/wp\/v2\/pages\/5813","targetHints":{"allow":["GET"]}}],"collection":[{"href":"https:\/\/fadeweb.uncoma.edu.ar\/index.php\/wp-json\/wp\/v2\/pages"}],"about":[{"href":"https:\/\/fadeweb.uncoma.edu.ar\/index.php\/wp-json\/wp\/v2\/types\/page"}],"author":[{"embeddable":true,"href":"https:\/\/fadeweb.uncoma.edu.ar\/index.php\/wp-json\/wp\/v2\/users\/2"}],"replies":[{"embeddable":true,"href":"https:\/\/fadeweb.uncoma.edu.ar\/index.php\/wp-json\/wp\/v2\/comments?post=5813"}],"version-history":[{"count":4,"href":"https:\/\/fadeweb.uncoma.edu.ar\/index.php\/wp-json\/wp\/v2\/pages\/5813\/revisions"}],"predecessor-version":[{"id":6343,"href":"https:\/\/fadeweb.uncoma.edu.ar\/index.php\/wp-json\/wp\/v2\/pages\/5813\/revisions\/6343"}],"up":[{"embeddable":true,"href":"https:\/\/fadeweb.uncoma.edu.ar\/index.php\/wp-json\/wp\/v2\/pages\/3456"}],"wp:attachment":[{"href":"https:\/\/fadeweb.uncoma.edu.ar\/index.php\/wp-json\/wp\/v2\/media?parent=5813"}],"curies":[{"name":"wp","href":"https:\/\/api.w.org\/{rel}","templated":true}]}}