{"id":5811,"date":"2022-10-06T21:19:48","date_gmt":"2022-10-07T00:19:48","guid":{"rendered":"http:\/\/170.210.81.106\/newfade\/?page_id=5811"},"modified":"2022-10-07T20:37:11","modified_gmt":"2022-10-07T23:37:11","slug":"politica-de-formacion","status":"publish","type":"page","link":"https:\/\/fadeweb.uncoma.edu.ar\/index.php\/secretaria-de-extension-y-asuntos-estudiantiles\/politica-de-formacion\/","title":{"rendered":"POL\u00cdTICA DE FORMACI\u00d3N"},"content":{"rendered":"\t\t<div data-elementor-type=\"wp-page\" data-elementor-id=\"5811\" class=\"elementor elementor-5811\" data-elementor-post-type=\"page\">\n\t\t\t\t\t\t<section class=\"elementor-section elementor-top-section elementor-element elementor-element-1689515 elementor-section-boxed elementor-section-height-default elementor-section-height-default\" data-id=\"1689515\" data-element_type=\"section\" data-e-type=\"section\">\n\t\t\t\t\t\t<div class=\"elementor-container elementor-column-gap-default\">\n\t\t\t\t\t<div class=\"elementor-column elementor-col-66 elementor-top-column elementor-element elementor-element-5c07bdd\" data-id=\"5c07bdd\" data-element_type=\"column\" data-e-type=\"column\">\n\t\t\t<div class=\"elementor-widget-wrap elementor-element-populated\">\n\t\t\t\t\t\t<div class=\"elementor-element elementor-element-60f2e30 elementor-widget elementor-widget-text-editor\" data-id=\"60f2e30\" data-element_type=\"widget\" data-e-type=\"widget\" data-widget_type=\"text-editor.default\">\n\t\t\t\t<div class=\"elementor-widget-container\">\n\t\t\t\t\t\t\t\t\t<h2><span class=\"titulo3\">SECRETARIA DE EXTENSION Y ASUNTOS ESTUDIANTILES<\/span><\/h2><h1 class=\"titulo1\">POL\u00cdTICA DE FORMACI\u00d3N<\/h1>\t\t\t\t\t\t\t\t<\/div>\n\t\t\t\t<\/div>\n\t\t\t\t<div class=\"elementor-element elementor-element-3715ab7 elementor-widget elementor-widget-posts\" data-id=\"3715ab7\" data-element_type=\"widget\" data-e-type=\"widget\" data-settings=\"{&quot;pagination_type&quot;:&quot;numbers_and_prev_next&quot;,&quot;full_content_row_gap&quot;:{&quot;unit&quot;:&quot;px&quot;,&quot;size&quot;:35,&quot;sizes&quot;:[]}}\" data-widget_type=\"posts.full_content\">\n\t\t\t\t<div class=\"elementor-widget-container\">\n\t\t\t\t\t\t\t<div class=\"elementor-posts-container elementor-posts elementor-posts--skin-full_content elementor-grid\" role=\"list\">\r\n\t\t\t\t<article class=\"elementor-post elementor-grid-item post-22444 post type-post status-publish format-standard has-post-thumbnail hentry category-abogacia category-academica category-convenio category-decano category-extension category-notifadecs category-politica-formacion category-proyectos-extension category-sec-extension-teceros\" role=\"listitem\">\r\n\t\t\t\t<div class=\"elementor-post__text\">\r\n\t\t\t\t<h3 class=\"elementor-post__title\">\r\n\t\t\t<a href=\"https:\/\/fadeweb.uncoma.edu.ar\/index.php\/2024\/10\/29\/fadecs-realizara-actividades-conjuntas-con-el-instituto-provincial-para-la-administracion-publica-de-la-provincia-de-rio-negro\/\" >\r\n\t\t\t\tFADECS REALIZAR\u00c1 ACTIVIDADES CONJUNTAS CON EL INSTITUTO PROVINCIAL PARA LA ADMINISTRACI\u00d3N P\u00daBLICA DE LA PROVINCIA DE R\u00cdO NEGRO\t\t\t<\/a>\r\n\t\t<\/h3>\r\n\t\t\t\t<div class=\"elementor-post__meta-data\">\r\n\t\t\t\t\t<span class=\"elementor-post-date\">\r\n\t\t\t29 octubre, 2024\t\t<\/span>\r\n\t\t\t\t<\/div>\r\n\t\t<p><img fetchpriority=\"high\" fetchpriority=\"high\" decoding=\"async\" class=\"wp-image-22445 alignleft\" src=\"https:\/\/fadeweb.uncoma.edu.ar\/wp-content\/uploads\/2024\/10\/FADECS-IPAP-01-300x200.jpg\" alt=\"\" width=\"400\" height=\"267\" srcset=\"https:\/\/fadeweb.uncoma.edu.ar\/wp-content\/uploads\/2024\/10\/FADECS-IPAP-01-300x200.jpg 300w, https:\/\/fadeweb.uncoma.edu.ar\/wp-content\/uploads\/2024\/10\/FADECS-IPAP-01-1024x683.jpg 1024w, https:\/\/fadeweb.uncoma.edu.ar\/wp-content\/uploads\/2024\/10\/FADECS-IPAP-01-768x512.jpg 768w, https:\/\/fadeweb.uncoma.edu.ar\/wp-content\/uploads\/2024\/10\/FADECS-IPAP-01-1536x1024.jpg 1536w, https:\/\/fadeweb.uncoma.edu.ar\/wp-content\/uploads\/2024\/10\/FADECS-IPAP-01-2048x1366.jpg 2048w\" sizes=\"(max-width: 400px) 100vw, 400px\" \/> <img decoding=\"async\" class=\"wp-image-22446 alignleft\" src=\"https:\/\/fadeweb.uncoma.edu.ar\/wp-content\/uploads\/2024\/10\/FADECS-IPAP-02-300x258.jpg\" alt=\"\" width=\"312\" height=\"268\" srcset=\"https:\/\/fadeweb.uncoma.edu.ar\/wp-content\/uploads\/2024\/10\/FADECS-IPAP-02-300x258.jpg 300w, https:\/\/fadeweb.uncoma.edu.ar\/wp-content\/uploads\/2024\/10\/FADECS-IPAP-02-1024x882.jpg 1024w, https:\/\/fadeweb.uncoma.edu.ar\/wp-content\/uploads\/2024\/10\/FADECS-IPAP-02-768x661.jpg 768w, https:\/\/fadeweb.uncoma.edu.ar\/wp-content\/uploads\/2024\/10\/FADECS-IPAP-02-1536x1323.jpg 1536w, https:\/\/fadeweb.uncoma.edu.ar\/wp-content\/uploads\/2024\/10\/FADECS-IPAP-02.jpg 1600w\" sizes=\"(max-width: 312px) 100vw, 312px\" \/><\/p>\n<p>La FADECS y el Instituto Provincial de la Administraci\u00f3n P\u00fablica (IPAP) firmaron el lunes 28 de octubre del corriente un convenio para iniciar la ejecuci\u00f3n de actividades de extensi\u00f3n y capacitaci\u00f3n en forma conjunta.<\/p>\n<p>&nbsp;<\/p>\n<p>La suscripci\u00f3n del acuerdo fue presidido por la presidenta del Instituto Juana Benitez, junto al Decano Juan Carlos Fern\u00e1ndez. Las actividades que se proyectan est\u00e1n dirigidas, por un lado a la vinculaci\u00f3n y capacitaci\u00f3n a agentes de la administraci\u00f3n publica rionegrina, y por otro a la sociedad civil de la provincia de R\u00edo Negro.<\/p>\n<p>&nbsp;<\/p>\n<p>Se trata de un acuerdo que refuerza el compromiso mutuo entre la Universidad Nacional del Comahue y la Provincia de R\u00edo Negro por mejorar la calidad acad\u00e9mica, enriquecer las oportunidades educativas disponibles para la ciudadan\u00eda, y profundizar la transferencia mutua con el medio.<\/p>\n<p>&nbsp;<\/p>\n<p>\u00a1En defensa de la Universidad P\u00fablica!<\/p>\n\t\t<\/div>\r\n\t\t\t\t<\/article>\r\n\t\t\t\t<article class=\"elementor-post elementor-grid-item post-6276 post type-post status-publish format-standard has-post-thumbnail hentry category-11 category-notifadecs category-politica-formacion\" role=\"listitem\">\r\n\t\t\t\t<div class=\"elementor-post__text\">\r\n\t\t\t\t<h3 class=\"elementor-post__title\">\r\n\t\t\t<a href=\"https:\/\/fadeweb.uncoma.edu.ar\/index.php\/2018\/09\/10\/jornadas-de-violencia-de-genero\/\" >\r\n\t\t\t\tJORNADAS DE VIOLENCIA DE G\u00c9NERO\t\t\t<\/a>\r\n\t\t<\/h3>\r\n\t\t\t\t<div class=\"elementor-post__meta-data\">\r\n\t\t\t\t\t<span class=\"elementor-post-date\">\r\n\t\t\t10 septiembre, 2018\t\t<\/span>\r\n\t\t\t\t<\/div>\r\n\t\t<p class=\"texto\"><img decoding=\"async\" class=\"aligncenter wp-image-6277 size-large\" src=\"https:\/\/fadeweb.uncoma.edu.ar\/wp-content\/uploads\/2022\/10\/jvg-1024x724.jpg\" alt=\"\" width=\"800\" height=\"566\" srcset=\"https:\/\/fadeweb.uncoma.edu.ar\/wp-content\/uploads\/2022\/10\/jvg-1024x724.jpg 1024w, https:\/\/fadeweb.uncoma.edu.ar\/wp-content\/uploads\/2022\/10\/jvg-300x212.jpg 300w, https:\/\/fadeweb.uncoma.edu.ar\/wp-content\/uploads\/2022\/10\/jvg-768x543.jpg 768w, https:\/\/fadeweb.uncoma.edu.ar\/wp-content\/uploads\/2022\/10\/jvg-1536x1086.jpg 1536w, https:\/\/fadeweb.uncoma.edu.ar\/wp-content\/uploads\/2022\/10\/jvg.jpg 1920w\" sizes=\"(max-width: 800px) 100vw, 800px\" \/>La Secretar\u00eda Acad\u00e9mica de la Facultad de Derecho y Ciencias Sociales, por Resoluci\u00f3n 0073\/2018 del Consejo Directivo, organiza las \u00abJornadas de Violencia de G\u00e9nero\u00bb en el \u00e1mbito de la casa de estudios, destinadas a toda la comunidad universitaria, estudiantes, docentes, no docentes y graduados\/as.<\/p>\n<p class=\"texto\">Con este objetivo, los Departamentos Acad\u00e9micos acercaron propuestas de panelistas con experiencia en el abordaje de la tem\u00e1tica de violencia de g\u00e9nero, para que participen del encuentro. El listado que se conform\u00f3 para este primer encuentro est\u00e1 integrado por Mar\u00eda Soledad Gennari, D\u00e9bora Roxana Valle, Mar\u00eda Ang\u00e9lica Acosta, Mery Catrileo Salazar.<\/p>\n<p class=\"texto\">Las Jornadas se realizar\u00e1n e<strong>l 24 y 25 de septiembre de 16 a 20 hs en el aula Auditorio<\/strong>\u00a0de la FADECS, son libres, gratuitas y abiertas a toda la comunidad universitaria. Se extender\u00e1n certificados de asistencia.<\/p>\n<p class=\"texto\">Es co-organizada por las secretar\u00edas Acad\u00e9mica y de Extensi\u00f3n de la FADECS.<\/p>\n<p class=\"texto\">Inscripciones al correo de la Secretar\u00eda de Extensi\u00f3n y Asuntos Estudiantiles:\u00a0<a href=\"mailto:inscripciones.extensionfadecs@gmail.com\">inscripciones.extensionfadecs@gmail.com<\/a><\/p>\n\t\t<\/div>\r\n\t\t\t\t<\/article>\r\n\t\t\t\t<article class=\"elementor-post elementor-grid-item post-6273 post type-post status-publish format-standard has-post-thumbnail hentry category-11 category-notifadecs category-politica-formacion\" role=\"listitem\">\r\n\t\t\t\t<div class=\"elementor-post__text\">\r\n\t\t\t\t<h3 class=\"elementor-post__title\">\r\n\t\t\t<a href=\"https:\/\/fadeweb.uncoma.edu.ar\/index.php\/2018\/09\/10\/siguen-abiertas-las-inscripciones-para-el-seminario-de-periodismo-de-espectaculos\/\" >\r\n\t\t\t\tSIGUEN ABIERTAS LAS INSCRIPCIONES PARA EL SEMINARIO DE PERIODISMO DE ESPECT\u00c1CULOS\t\t\t<\/a>\r\n\t\t<\/h3>\r\n\t\t\t\t<div class=\"elementor-post__meta-data\">\r\n\t\t\t\t\t<span class=\"elementor-post-date\">\r\n\t\t\t10 septiembre, 2018\t\t<\/span>\r\n\t\t\t\t<\/div>\r\n\t\t<p class=\"texto\"><img loading=\"lazy\" loading=\"lazy\" decoding=\"async\" class=\"aligncenter wp-image-6274 size-large\" src=\"https:\/\/fadeweb.uncoma.edu.ar\/wp-content\/uploads\/2022\/10\/Sem-Per-Esp-2-1024x594.jpg\" alt=\"\" width=\"800\" height=\"464\" srcset=\"https:\/\/fadeweb.uncoma.edu.ar\/wp-content\/uploads\/2022\/10\/Sem-Per-Esp-2-1024x594.jpg 1024w, https:\/\/fadeweb.uncoma.edu.ar\/wp-content\/uploads\/2022\/10\/Sem-Per-Esp-2-300x174.jpg 300w, https:\/\/fadeweb.uncoma.edu.ar\/wp-content\/uploads\/2022\/10\/Sem-Per-Esp-2-768x445.jpg 768w, https:\/\/fadeweb.uncoma.edu.ar\/wp-content\/uploads\/2022\/10\/Sem-Per-Esp-2.jpg 1080w\" sizes=\"auto, (max-width: 800px) 100vw, 800px\" \/>Las inscripciones al seminario para todos los interesados siguen abiertas hasta el jueves 20 de septiembre, en la Secretar\u00eda de Extensi\u00f3n y Asuntos Estudiantiles de 8 a 14 hs o al siguiente correo\u00a0<a href=\"mailto:inscripciones.extensionfadecs@gmail.com\">inscripciones.extensionfadecs@gmail.com<\/a><\/p>\n<p class=\"texto\">Con una asistencia de 22 estudiantes, docentes y periodistas se realiz\u00f3 este s\u00e1bado 8 de septiembre la jornada de presentaci\u00f3n del Seminario de Periodismo de Espect\u00e1culo, a cargo de la Lic. Patricia Chaina. El contenido abord\u00f3 la premisas b\u00e1sicas del temario general que se orienta a periodismo de espect\u00e1culo, centrado en como ver pel\u00edculas o series de televisi\u00f3n desde un punto de vista del oficio period\u00edstico, que incluya la formaci\u00f3n acad\u00e9mica.<\/p>\n<p class=\"texto\">\u00abEl trabajo que se tom\u00f3 como disparador fue \u00abModos de ver\u00bb de John Berger, emitido por la BBC en la d\u00e9cada del &#8217;70, elegido para exponer claramente que nuestro modo de ver se forma socialmente en un contexto\u00bb, dijo. Se proyectaron dos pel\u00edculas sobre historias de mujeres actuales, que en los pr\u00f3ximos encuentros ser\u00e1n analizadas en base a lo que cada uno percibi\u00f3 y puede transmitir sobre el mensaje de los films.<\/p>\n<p class=\"texto\">Hubo mucha participaci\u00f3n e inter\u00e9s en los asistentes, alentados por seguir las historias de los personajes y las situaciones, con el objetivo de desarrollar profesionalmente un punto de vista cr\u00edtico y bien argumentado. \u00abEl planteo es aprender a construir una hip\u00f3tesis sobre las producciones del mundo del espect\u00e1culo y defenderla con argumentos s\u00f3lidos\u00bb, dijo Chaina.<\/p>\n<p class=\"texto\">En un mundo sobrecargado de historias audiovisuales, es necesario poder discernir quien<br \/>\nproduce las historias, quien las emite y quien las recibe, a ello se apunta con esta propuesta de combinar la reflexi\u00f3n con el entretenimiento. En la pr\u00f3xima reuni\u00f3n, el s\u00e1bado 29 de septiembre, se trabajar\u00e1 sobre las herramientas que permiten identificar de donde vienen los mensajes que se transmiten a trav\u00e9s de la industria del espect\u00e1culo, que son los que est\u00e1n construyendo los modos de ver.<\/p>\n\t\t<\/div>\r\n\t\t\t\t<\/article>\r\n\t\t\t\t<article class=\"elementor-post elementor-grid-item post-6283 post type-post status-publish format-standard has-post-thumbnail hentry category-11 category-notifadecs category-politica-formacion\" role=\"listitem\">\r\n\t\t\t\t<div class=\"elementor-post__text\">\r\n\t\t\t\t<h3 class=\"elementor-post__title\">\r\n\t\t\t<a href=\"https:\/\/fadeweb.uncoma.edu.ar\/index.php\/2018\/09\/05\/se-abre-un-debate-transparente-sobre-el-aborto-en-argentina\/\" >\r\n\t\t\t\tSE ABRE UN DEBATE TRANSPARENTE SOBRE EL ABORTO EN ARGENTINA\t\t\t<\/a>\r\n\t\t<\/h3>\r\n\t\t\t\t<div class=\"elementor-post__meta-data\">\r\n\t\t\t\t\t<span class=\"elementor-post-date\">\r\n\t\t\t5 septiembre, 2018\t\t<\/span>\r\n\t\t\t\t<\/div>\r\n\t\t<p><img loading=\"lazy\" loading=\"lazy\" decoding=\"async\" class=\"aligncenter wp-image-6284 size-large\" src=\"https:\/\/fadeweb.uncoma.edu.ar\/wp-content\/uploads\/2022\/10\/40684143_1120629934760328_7024519338749067264_n-1024x683.jpg\" alt=\"\" width=\"800\" height=\"534\" srcset=\"https:\/\/fadeweb.uncoma.edu.ar\/wp-content\/uploads\/2022\/10\/40684143_1120629934760328_7024519338749067264_n-1024x683.jpg 1024w, https:\/\/fadeweb.uncoma.edu.ar\/wp-content\/uploads\/2022\/10\/40684143_1120629934760328_7024519338749067264_n-300x200.jpg 300w, https:\/\/fadeweb.uncoma.edu.ar\/wp-content\/uploads\/2022\/10\/40684143_1120629934760328_7024519338749067264_n-768x512.jpg 768w, https:\/\/fadeweb.uncoma.edu.ar\/wp-content\/uploads\/2022\/10\/40684143_1120629934760328_7024519338749067264_n-1536x1024.jpg 1536w, https:\/\/fadeweb.uncoma.edu.ar\/wp-content\/uploads\/2022\/10\/40684143_1120629934760328_7024519338749067264_n.jpg 1920w\" sizes=\"auto, (max-width: 800px) 100vw, 800px\" \/>La charla \u201cRepensando el 8A: perspectiva de g\u00e9nero y derecho\u201d realizada ayer en el auditorio de la FADECS, cont\u00f3 con una amplia concurrencia profesional, acad\u00e9mica, estudiantil y de p\u00fablico en general. La Vicedecana Abog. Mar\u00eda Raquel Calvo dio la bienvenida a la Dra. Marisa Herrera, de amplia experiencia tanto en el campo de familia, infancia y adolescencia, como en bio\u00e9tica y en la investigaci\u00f3n social en el mundo del derecho.<\/p>\n<p>\u00abLa universidad tiene que estar abierta para que nos permita cumplir esta funci\u00f3n social, no s\u00f3lo de dictar clases y brindar conocimientos, sino de abrir el debate sobre estos temas que hacen a nuestra realidad social\u00bb, dijo Calvo. Por su parte la profesora Daiana Neri (UNCo), del Centro de Estudios Patagonia, expres\u00f3 que \u00abestos debates son necesarios para construir legitimidad y hacer nuestra sociedad m\u00e1s igualitaria, democr\u00e1tica y humana para las mujeres\u00bb.<\/p>\n<p>La doctora Marisa Herrera ha visitado la FADECS con anterioridad, en jornadas vinculadas a la carrera de Trabajo Social y en el marco del tratamiento del anteproyecto del Nuevo C\u00f3digo Civil y Comercial. En esta oportunidad, su presencia en el marco de la propuesta de repensar el 8A estuvo orientada \u00abal an\u00e1lisis de las cuentas pendientes y los nuevos caminos o a el \u00bfy ahora qu\u00e9 nos depara el futuro? Su charla estuvo dirigida a operadores en general, no s\u00f3lo jur\u00eddicos, por cuanto el debate interpela a los abogados y a los que no son abogados\u00bb, dijo.<\/p>\n<p>Este repensar juntos desde otro lugar que propone Herrera tiene como ejes el \u00abpor qu\u00e9 debatimos con tanto ah\u00ednco y fuerza el tema del &#8216;aborto ahora&#8217;, como tambi\u00e9n se han dado en el pa\u00eds durante los \u00faltimos a\u00f1os debates profundos en torno al matrimonio igualitario, identidad de g\u00e9nero, reproducci\u00f3n, violencia de g\u00e9nero, femicidio, y otras leyes que hacen que hoy estemos ac\u00e1 con otra fortaleza\u00bb, dijo.<\/p>\n<p>Las capacitaciones que brinda la profesional, \u00aben momentos de mayor tranquilidad desde lo jur\u00eddico, habilitan a limpiar la cancha y poner sobre la mesa que s\u00ed es debate jur\u00eddico y que no lo es, en el tema del aborto. Saber cu\u00e1les son los argumentos de peso que hay que contestar y cu\u00e1les son religiosos. En ese pr\u00f3ximo debate ideol\u00f3gico que reci\u00e9n empieza y queremos poner sobre la mesa, para aquellos que bregamos por una bio\u00e9tica laica y no de dogma, es claramente el sentido de lo que venimos a proponer\u00bb, dijo.<\/p>\n\t\t<\/div>\r\n\t\t\t\t<\/article>\r\n\t\t\t\t<article class=\"elementor-post elementor-grid-item post-6286 post type-post status-publish format-standard has-post-thumbnail hentry category-11 category-notifadecs category-politica-formacion\" role=\"listitem\">\r\n\t\t\t\t<div class=\"elementor-post__text\">\r\n\t\t\t\t<h3 class=\"elementor-post__title\">\r\n\t\t\t<a href=\"https:\/\/fadeweb.uncoma.edu.ar\/index.php\/2018\/09\/03\/charla-abierta-y-gratuita-repensando-el-8a-perspectiva-de-genero-y-derecho\/\" >\r\n\t\t\t\tCHARLA ABIERTA Y GRATUITA: \u201cREPENSANDO EL 8A: PERSPECTIVA DE G\u00c9NERO Y DERECHO\u201d\t\t\t<\/a>\r\n\t\t<\/h3>\r\n\t\t\t\t<div class=\"elementor-post__meta-data\">\r\n\t\t\t\t\t<span class=\"elementor-post-date\">\r\n\t\t\t3 septiembre, 2018\t\t<\/span>\r\n\t\t\t\t<\/div>\r\n\t\t<p class=\"texto\"><img loading=\"lazy\" loading=\"lazy\" decoding=\"async\" class=\"aligncenter wp-image-6287 size-large\" src=\"https:\/\/fadeweb.uncoma.edu.ar\/wp-content\/uploads\/2022\/10\/marisa-herrera-1024x683.jpg\" alt=\"\" width=\"800\" height=\"534\" srcset=\"https:\/\/fadeweb.uncoma.edu.ar\/wp-content\/uploads\/2022\/10\/marisa-herrera-1024x683.jpg 1024w, https:\/\/fadeweb.uncoma.edu.ar\/wp-content\/uploads\/2022\/10\/marisa-herrera-300x200.jpg 300w, https:\/\/fadeweb.uncoma.edu.ar\/wp-content\/uploads\/2022\/10\/marisa-herrera-768x512.jpg 768w, https:\/\/fadeweb.uncoma.edu.ar\/wp-content\/uploads\/2022\/10\/marisa-herrera-1536x1024.jpg 1536w, https:\/\/fadeweb.uncoma.edu.ar\/wp-content\/uploads\/2022\/10\/marisa-herrera.jpg 1920w\" sizes=\"auto, (max-width: 800px) 100vw, 800px\" \/>La Secretar\u00eda de Extensi\u00f3n y Asuntos Estudiantiles de la FADECS y el Centro de Estudios Patagonia invitan a toda la comunidad a participar de la charla abierta y gratuita \u201cREPENSANDO EL 8A: PERSPECTIVA DE G\u00c9NERO Y DERECHO\u201d, que se llevar\u00e1 a cabo en nuestra Facultad el d\u00eda<strong>\u00a0Lunes 03 de Septiembre a las 18 hs en el auditorio de la FADECS.<\/strong><\/p>\n<p class=\"texto\">La charla estar\u00e1 a cargo de la Dra. Marisa Herrera<strong>:<\/strong>\u00a0Abogada, Doctora en Derecho desde 2006, e investigadora adjunta del Consejo Nacional de Investigaciones Cient\u00edficas y T\u00e9cnicas (CONICET),\u00a0 especializada en temas de familia, infancia y adolescencia. Tambi\u00e9n es profesora de la Universidad de Buenos Aires (UBA) y la Universidad de Palermo (UP). Pero adem\u00e1s tiene un perfil de legisladora: impuls\u00f3 la redacci\u00f3n de normas hist\u00f3ricas para el pa\u00eds -como las de matrimonio igualitario y fertilizaci\u00f3n asistida- y es la \u00fanica cient\u00edfica del Consejo que particip\u00f3 de la reforma del nuevo C\u00f3digo Civil y Comercial de la Naci\u00f3n.<\/p>\n<p class=\"texto\">El tema central a debatir ser\u00e1: \u201cC\u00f3digo Civil y Comercial de la Naci\u00f3n desde la perspectiva de g\u00e9nero, visualizando los avances que en materia de igualdad se han logrado con su incorporaci\u00f3n a nuestro ordenamiento jur\u00eddico integral, y el largo camino que tiene que recorrer a\u00fan la sociedad civil para arribar a la igualdad de derechos plena\u201d.<\/p>\n<p class=\"texto\"><strong>Se informa que la participaci\u00f3n requiere inscripci\u00f3n previa:\u00a0<\/strong><\/p>\n<ul>\n<li class=\"texto\">Graduados, estudiantes y p\u00fablico en general en la Secretar\u00eda de Extensi\u00f3n y Asuntos Estudiantiles de la FADECS de 08:00 a 14:00 hs.<\/li>\n<\/ul>\n\t\t<\/div>\r\n\t\t\t\t<\/article>\r\n\t\t\t\t<article class=\"elementor-post elementor-grid-item post-6280 post type-post status-publish format-standard has-post-thumbnail hentry category-11 category-notifadecs category-politica-formacion\" role=\"listitem\">\r\n\t\t\t\t<div class=\"elementor-post__text\">\r\n\t\t\t\t<h3 class=\"elementor-post__title\">\r\n\t\t\t<a href=\"https:\/\/fadeweb.uncoma.edu.ar\/index.php\/2018\/08\/29\/seminario-de-periodismo-de-espectaculos-en-la-fadecs\/\" >\r\n\t\t\t\tSEMINARIO DE PERIODISMO DE ESPECT\u00c1CULOS EN LA FADECS\t\t\t<\/a>\r\n\t\t<\/h3>\r\n\t\t\t\t<div class=\"elementor-post__meta-data\">\r\n\t\t\t\t\t<span class=\"elementor-post-date\">\r\n\t\t\t29 agosto, 2018\t\t<\/span>\r\n\t\t\t\t<\/div>\r\n\t\t<p class=\"texto\"><img loading=\"lazy\" loading=\"lazy\" decoding=\"async\" class=\"aligncenter wp-image-6281 size-large\" src=\"https:\/\/fadeweb.uncoma.edu.ar\/wp-content\/uploads\/2022\/10\/pe-1024x683.jpg\" alt=\"\" width=\"800\" height=\"534\" srcset=\"https:\/\/fadeweb.uncoma.edu.ar\/wp-content\/uploads\/2022\/10\/pe-1024x683.jpg 1024w, https:\/\/fadeweb.uncoma.edu.ar\/wp-content\/uploads\/2022\/10\/pe-300x200.jpg 300w, https:\/\/fadeweb.uncoma.edu.ar\/wp-content\/uploads\/2022\/10\/pe-768x512.jpg 768w, https:\/\/fadeweb.uncoma.edu.ar\/wp-content\/uploads\/2022\/10\/pe-1536x1024.jpg 1536w, https:\/\/fadeweb.uncoma.edu.ar\/wp-content\/uploads\/2022\/10\/pe.jpg 1920w\" sizes=\"auto, (max-width: 800px) 100vw, 800px\" \/>La Secretar\u00eda de Extensi\u00f3n de la FADECS informa que se dictar\u00e1 el Seminario Te\u00f3rico Pr\u00e1ctico de Periodismo de Espect\u00e1culos, el mismo de desarrollar\u00e1 los d\u00edas s\u00e1bados de 9 a 16 hs a partir del 8 de septiembre del corriente en aula a confirmar (se adjunta cronograma tentativo), y estar\u00e1 a cargo de la Lic. Patricia M. Chaina.<\/p>\n<p class=\"texto\">El seminario est\u00e1 destinado a estudiantes de la carrera de Comunicaci\u00f3n Social y al p\u00fablico en general especializado en la materia.<\/p>\n<p class=\"texto\">El dictado corresponde al segundo cuatrimestre de 2018 (septiembre, octubre y noviembre), con modalidad presencial y seguimiento on line. En cronograma adjunto se detalla: 6 reuniones de 7 hs. cada una, e incluye visualizaci\u00f3n de pel\u00edculas, series de TV y coberturas de eventos.<\/p>\n<p class=\"texto\">El seminario cuenta con aval institucional del Consejo Directivo de la FADECS, mediante resoluci\u00f3n N\u00ba 0138\/2018. Se extender\u00e1n certificaciones.<\/p>\n<p class=\"texto\">Entre los objetivos generales se busca:<\/p>\n<ul>\n<li class=\"texto\">Promover una mirada cr\u00edtica, l\u00fadica y argumentativa, sobre el \u201cmaravilloso mundo del entretenimiento\u201d, a trav\u00e9s de propuestas narrativas donde se combina la creatividad de autor y la fundamentaci\u00f3n acad\u00e9mica. Esto permite el desarrollo profesional del periodismo del g\u00e9nero, en su especialidad gourmet: la cr\u00edtica de espect\u00e1culos.<\/li>\n<li class=\"texto\">Orientar en el uso de las categor\u00edas de an\u00e1lisis destinadas comprender el funcionamiento de los productos que son nuestro\u00a0 \u2018objeto de estudio\u2019: pel\u00edculas, series de TV, libros, obras de teatro. Evaluar y ponderar su recepci\u00f3n en las audiencias, en relaci\u00f3n a sus contextos.<\/li>\n<li class=\"texto\">Estimular la elaboraci\u00f3n de puntos de vista que extiendan la trama acad\u00e9mica de las Carreras de Comunicaci\u00f3n, en Am\u00e9rica Latina. Y compartir elementos que permitan identificar el alcance de la mirada cr\u00edtica, en la formaci\u00f3n de tendencias socioculturales.<\/li>\n<\/ul>\n<p class=\"texto\">Los costos son los siguientes:<\/p>\n<ul>\n<li class=\"texto\">Sin costo alguno para Estudiantes y Docentes de la Facultad de Derecho y Ciencias Sociales.<\/li>\n<li class=\"texto\">Para el p\u00fablico general con un costo por alumno de $ 800 al mes, con un total de $ 2.400 la matr\u00edcula completa del seminario.<\/li>\n<\/ul>\n<p class=\"texto\">Informaci\u00f3n e inscripciones en la Secretar\u00eda de Extensi\u00f3n y Asuntos Estudiantiles de 8 a 14 hs o al correo\u00a0<a href=\"mailto:inscripciones.extensionfadecs@gmail.com\">inscripciones.extensionfadecs@gmail.com<\/a><\/p>\n<p class=\"texto\">El Programa est\u00e1\u00a0<a href=\"https:\/\/bit.ly\/2NtetC1\"><strong>disponible aqu\u00ed<\/strong><\/a><\/p>\n\t\t<\/div>\r\n\t\t\t\t<\/article>\r\n\t\t\t\t<\/div>\r\n\t\t\r\n\t\t\t\t\t\t<\/div>\n\t\t\t\t<\/div>\n\t\t\t\t<div class=\"elementor-element elementor-element-8ab8e70 elementor-widget elementor-widget-shortcode\" data-id=\"8ab8e70\" data-element_type=\"widget\" data-e-type=\"widget\" data-widget_type=\"shortcode.default\">\n\t\t\t\t<div class=\"elementor-widget-container\">\n\t\t\t\t\t\t\t<div class=\"elementor-shortcode\">\t\t<div data-elementor-type=\"section\" data-elementor-id=\"4605\" class=\"elementor elementor-4605\" data-elementor-post-type=\"elementor_library\">\r\n\t\t\t\t\t<section class=\"elementor-section elementor-top-section elementor-element elementor-element-1f039b1f elementor-section-boxed elementor-section-height-default elementor-section-height-default\" data-id=\"1f039b1f\" data-element_type=\"section\" data-e-type=\"section\">\n\t\t\t\t\t\t<div class=\"elementor-container elementor-column-gap-default\">\n\t\t\t\t\t<div class=\"elementor-column elementor-col-100 elementor-top-column elementor-element elementor-element-11f9e382\" data-id=\"11f9e382\" data-element_type=\"column\" data-e-type=\"column\">\n\t\t\t<div class=\"elementor-widget-wrap elementor-element-populated\">\n\t\t\t\t\t\t<div class=\"elementor-element elementor-element-4368285 elementor-widget-divider--view-line elementor-widget elementor-widget-divider\" data-id=\"4368285\" data-element_type=\"widget\" data-e-type=\"widget\" data-widget_type=\"divider.default\">\n\t\t\t\t<div class=\"elementor-widget-container\">\n\t\t\t\t\t\t\t<div class=\"elementor-divider\">\n\t\t\t<span class=\"elementor-divider-separator\">\n\t\t\t\t\t\t<\/span>\n\t\t<\/div>\n\t\t\t\t\t\t<\/div>\n\t\t\t\t<\/div>\n\t\t\t\t<div class=\"elementor-element elementor-element-1641eaac elementor-widget elementor-widget-text-editor\" data-id=\"1641eaac\" data-element_type=\"widget\" data-e-type=\"widget\" data-widget_type=\"text-editor.default\">\n\t\t\t\t<div class=\"elementor-widget-container\">\n\t\t\t\t\t\t\t\t\t<p><strong>CONTACTO<\/strong><br \/>Cel: <span class=\"texto\">2984690225<\/span><br \/>Correo electr\u00f3nico: <a href=\"mailto:secretaria.extensionfadecs@gmail.com\">secretaria.extensionfadecs@gmail.com<\/a><br \/>Para inscripciones a cursos, charlas, etc: <a href=\"mailto:inscripciones.extensionfadecs@gmail.com\">inscripciones.extensionfadecs@gmail.com<\/a><br \/>Para inscripciones a pasant\u00edas: <a href=\"mailto:pasantias.extensionfadecs@gmail.com\">pasantias.extensionfadecs@gmail.com<\/a><\/p><p>Mendoza y Per\u00fa.<br \/>(8332) General Roca, R\u00edo Negro <br \/>Argentina<\/p>\t\t\t\t\t\t\t\t<\/div>\n\t\t\t\t<\/div>\n\t\t\t\t\t<\/div>\n\t\t<\/div>\n\t\t\t\t\t<\/div>\n\t\t<\/section>\n\t\t\t\t<\/div>\r\n\t\t<\/div>\n\t\t\t\t\t\t<\/div>\n\t\t\t\t<\/div>\n\t\t\t\t\t<\/div>\n\t\t<\/div>\n\t\t\t\t<div class=\"elementor-column elementor-col-33 elementor-top-column elementor-element elementor-element-c547dd0\" data-id=\"c547dd0\" data-element_type=\"column\" data-e-type=\"column\">\n\t\t\t<div class=\"elementor-widget-wrap elementor-element-populated\">\n\t\t\t\t\t\t<div class=\"elementor-element elementor-element-207a4d8 elementor-nav-menu__align-start elementor-nav-menu--dropdown-none elementor-widget elementor-widget-nav-menu\" data-id=\"207a4d8\" data-element_type=\"widget\" data-e-type=\"widget\" id=\"menu-lateral\" data-settings=\"{&quot;layout&quot;:&quot;vertical&quot;,&quot;submenu_icon&quot;:{&quot;value&quot;:&quot;&lt;i class=\\&quot;fas fa-caret-down\\&quot; aria-hidden=\\&quot;true\\&quot;&gt;&lt;\\\/i&gt;&quot;,&quot;library&quot;:&quot;fa-solid&quot;}}\" data-widget_type=\"nav-menu.default\">\n\t\t\t\t<div class=\"elementor-widget-container\">\n\t\t\t\t\t\t\t\t<nav aria-label=\"Menu\" class=\"elementor-nav-menu--main elementor-nav-menu__container elementor-nav-menu--layout-vertical e--pointer-background e--animation-fade\">\r\n\t\t\t\t<ul id=\"menu-1-207a4d8\" class=\"elementor-nav-menu sm-vertical\"><li class=\"menu-item menu-item-type-post_type menu-item-object-page menu-item-5817\"><a href=\"https:\/\/fadeweb.uncoma.edu.ar\/index.php\/secretaria-de-extension-y-asuntos-estudiantiles\/proyectos-de-extension\/\" class=\"elementor-item\">PROYECTOS DE EXTENSION<\/a><\/li>\n<li class=\"menu-item menu-item-type-post_type menu-item-object-page menu-item-5818\"><a href=\"https:\/\/fadeweb.uncoma.edu.ar\/index.php\/secretaria-de-extension-y-asuntos-estudiantiles\/proyectos-de-extension-en-ejecucion\/\" class=\"elementor-item\">\u27a3 EN EJECUCION<\/a><\/li>\n<li class=\"menu-item menu-item-type-post_type menu-item-object-page menu-item-5819\"><a href=\"https:\/\/fadeweb.uncoma.edu.ar\/index.php\/secretaria-de-extension-y-asuntos-estudiantiles\/normativas-de-proyectos-de-extension\/\" class=\"elementor-item\">\u27a3 NORMATIVAS<\/a><\/li>\n<li class=\"menu-item menu-item-type-post_type menu-item-object-page menu-item-5820\"><a href=\"https:\/\/fadeweb.uncoma.edu.ar\/index.php\/secretaria-de-extension-y-asuntos-estudiantiles\/llamados-de-proyectos-de-extension\/\" class=\"elementor-item\">\u27a3 LLAMADOS<\/a><\/li>\n<li class=\"menu-item menu-item-type-post_type menu-item-object-page menu-item-5821\"><a href=\"https:\/\/fadeweb.uncoma.edu.ar\/index.php\/secretaria-de-extension-y-asuntos-estudiantiles\/becas-de-formacion-en-extension\/\" class=\"elementor-item\">\u27a3 BECARIOS<\/a><\/li>\n<li class=\"menu-item menu-item-type-post_type menu-item-object-page menu-item-5829\"><a href=\"https:\/\/fadeweb.uncoma.edu.ar\/index.php\/secretaria-de-extension-y-asuntos-estudiantiles\/pasantias\/\" class=\"elementor-item\">PASANTIAS<\/a><\/li>\n<li class=\"menu-item menu-item-type-post_type menu-item-object-page menu-item-has-children menu-item-5828\"><a href=\"https:\/\/fadeweb.uncoma.edu.ar\/index.php\/secretaria-de-extension-y-asuntos-estudiantiles\/diplomaturas\/\" class=\"elementor-item\">DIPLOMATURAS<\/a>\n<ul class=\"sub-menu elementor-nav-menu--dropdown\">\n\t<li class=\"menu-item menu-item-type-post_type menu-item-object-page menu-item-15412\"><a href=\"https:\/\/fadeweb.uncoma.edu.ar\/index.php\/reglamentacion-diplomaturas\/\" class=\"elementor-sub-item\">REGLAMENTACI\u00d3N<\/a><\/li>\n<\/ul>\n<\/li>\n<li class=\"menu-item menu-item-type-post_type menu-item-object-page menu-item-5835\"><a href=\"https:\/\/fadeweb.uncoma.edu.ar\/index.php\/secretaria-de-extension-y-asuntos-estudiantiles\/voluntariado\/\" class=\"elementor-item\">VOLUNTARIADO<\/a><\/li>\n<li class=\"menu-item menu-item-type-post_type menu-item-object-page menu-item-5827\"><a href=\"https:\/\/fadeweb.uncoma.edu.ar\/index.php\/secretaria-de-extension-y-asuntos-estudiantiles\/servicios-a-terceros\/\" class=\"elementor-item\">SERVICIOS A TERCEROS<\/a><\/li>\n<li class=\"menu-item menu-item-type-post_type menu-item-object-page menu-item-15436\"><a href=\"https:\/\/fadeweb.uncoma.edu.ar\/index.php\/secretaria-de-extension-y-asuntos-estudiantiles\/talles-upami\/\" class=\"elementor-item\">TALLERES UPAMI<\/a><\/li>\n<li class=\"menu-item menu-item-type-post_type menu-item-object-page menu-item-5826\"><a href=\"https:\/\/fadeweb.uncoma.edu.ar\/index.php\/secretaria-de-extension-y-asuntos-estudiantiles\/catedras-libres\/\" class=\"elementor-item\">C\u00c1TEDRAS LIBRES<\/a><\/li>\n<li class=\"menu-item menu-item-type-post_type menu-item-object-page menu-item-5825\"><a href=\"https:\/\/fadeweb.uncoma.edu.ar\/index.php\/secretaria-de-extension-y-asuntos-estudiantiles\/promocion-y-defensa-de-derechos-humanos\/\" class=\"elementor-item\">PROMOCI\u00d3N Y DEFENSA DE DERECHOS HUMANOS<\/a><\/li>\n<li class=\"menu-item menu-item-type-post_type menu-item-object-page menu-item-5824\"><a href=\"https:\/\/fadeweb.uncoma.edu.ar\/index.php\/secretaria-de-extension-y-asuntos-estudiantiles\/politica-de-formacion\/\" class=\"elementor-item\">POL\u00cdTICA DE FORMACI\u00d3N<\/a><\/li>\n<li class=\"menu-item menu-item-type-post_type menu-item-object-page menu-item-5823\"><a href=\"https:\/\/fadeweb.uncoma.edu.ar\/index.php\/secretaria-de-extension-y-asuntos-estudiantiles\/area-de-habitos-saludables\/\" class=\"elementor-item\">\u00c1REA DE H\u00c1BITOS SALUDABLES<\/a><\/li>\n<li class=\"menu-item menu-item-type-post_type menu-item-object-page menu-item-5830\"><a href=\"https:\/\/fadeweb.uncoma.edu.ar\/index.php\/publifadecs\/\" class=\"elementor-item\">DEPARTAMENTO DE PUBLICACIONES<\/a><\/li>\n<li class=\"menu-item menu-item-type-custom menu-item-object-custom menu-item-4497\"><a href=\"http:\/\/www.antena-libre.com.ar\/\" class=\"elementor-item\">RADIO ANTENA LIBRE<\/a><\/li>\n<\/ul>\t\t\t<\/nav>\r\n\t\t\t\t\t\t<nav class=\"elementor-nav-menu--dropdown elementor-nav-menu__container\" aria-hidden=\"true\">\r\n\t\t\t\t<ul id=\"menu-2-207a4d8\" class=\"elementor-nav-menu sm-vertical\"><li class=\"menu-item menu-item-type-post_type menu-item-object-page menu-item-5817\"><a href=\"https:\/\/fadeweb.uncoma.edu.ar\/index.php\/secretaria-de-extension-y-asuntos-estudiantiles\/proyectos-de-extension\/\" class=\"elementor-item\" tabindex=\"-1\">PROYECTOS DE EXTENSION<\/a><\/li>\n<li class=\"menu-item menu-item-type-post_type menu-item-object-page menu-item-5818\"><a href=\"https:\/\/fadeweb.uncoma.edu.ar\/index.php\/secretaria-de-extension-y-asuntos-estudiantiles\/proyectos-de-extension-en-ejecucion\/\" class=\"elementor-item\" tabindex=\"-1\">\u27a3 EN EJECUCION<\/a><\/li>\n<li class=\"menu-item menu-item-type-post_type menu-item-object-page menu-item-5819\"><a href=\"https:\/\/fadeweb.uncoma.edu.ar\/index.php\/secretaria-de-extension-y-asuntos-estudiantiles\/normativas-de-proyectos-de-extension\/\" class=\"elementor-item\" tabindex=\"-1\">\u27a3 NORMATIVAS<\/a><\/li>\n<li class=\"menu-item menu-item-type-post_type menu-item-object-page menu-item-5820\"><a href=\"https:\/\/fadeweb.uncoma.edu.ar\/index.php\/secretaria-de-extension-y-asuntos-estudiantiles\/llamados-de-proyectos-de-extension\/\" class=\"elementor-item\" tabindex=\"-1\">\u27a3 LLAMADOS<\/a><\/li>\n<li class=\"menu-item menu-item-type-post_type menu-item-object-page menu-item-5821\"><a href=\"https:\/\/fadeweb.uncoma.edu.ar\/index.php\/secretaria-de-extension-y-asuntos-estudiantiles\/becas-de-formacion-en-extension\/\" class=\"elementor-item\" tabindex=\"-1\">\u27a3 BECARIOS<\/a><\/li>\n<li class=\"menu-item menu-item-type-post_type menu-item-object-page menu-item-5829\"><a href=\"https:\/\/fadeweb.uncoma.edu.ar\/index.php\/secretaria-de-extension-y-asuntos-estudiantiles\/pasantias\/\" class=\"elementor-item\" tabindex=\"-1\">PASANTIAS<\/a><\/li>\n<li class=\"menu-item menu-item-type-post_type menu-item-object-page menu-item-has-children menu-item-5828\"><a href=\"https:\/\/fadeweb.uncoma.edu.ar\/index.php\/secretaria-de-extension-y-asuntos-estudiantiles\/diplomaturas\/\" class=\"elementor-item\" tabindex=\"-1\">DIPLOMATURAS<\/a>\n<ul class=\"sub-menu elementor-nav-menu--dropdown\">\n\t<li class=\"menu-item menu-item-type-post_type menu-item-object-page menu-item-15412\"><a href=\"https:\/\/fadeweb.uncoma.edu.ar\/index.php\/reglamentacion-diplomaturas\/\" class=\"elementor-sub-item\" tabindex=\"-1\">REGLAMENTACI\u00d3N<\/a><\/li>\n<\/ul>\n<\/li>\n<li class=\"menu-item menu-item-type-post_type menu-item-object-page menu-item-5835\"><a href=\"https:\/\/fadeweb.uncoma.edu.ar\/index.php\/secretaria-de-extension-y-asuntos-estudiantiles\/voluntariado\/\" class=\"elementor-item\" tabindex=\"-1\">VOLUNTARIADO<\/a><\/li>\n<li class=\"menu-item menu-item-type-post_type menu-item-object-page menu-item-5827\"><a href=\"https:\/\/fadeweb.uncoma.edu.ar\/index.php\/secretaria-de-extension-y-asuntos-estudiantiles\/servicios-a-terceros\/\" class=\"elementor-item\" tabindex=\"-1\">SERVICIOS A TERCEROS<\/a><\/li>\n<li class=\"menu-item menu-item-type-post_type menu-item-object-page menu-item-15436\"><a href=\"https:\/\/fadeweb.uncoma.edu.ar\/index.php\/secretaria-de-extension-y-asuntos-estudiantiles\/talles-upami\/\" class=\"elementor-item\" tabindex=\"-1\">TALLERES UPAMI<\/a><\/li>\n<li class=\"menu-item menu-item-type-post_type menu-item-object-page menu-item-5826\"><a href=\"https:\/\/fadeweb.uncoma.edu.ar\/index.php\/secretaria-de-extension-y-asuntos-estudiantiles\/catedras-libres\/\" class=\"elementor-item\" tabindex=\"-1\">C\u00c1TEDRAS LIBRES<\/a><\/li>\n<li class=\"menu-item menu-item-type-post_type menu-item-object-page menu-item-5825\"><a href=\"https:\/\/fadeweb.uncoma.edu.ar\/index.php\/secretaria-de-extension-y-asuntos-estudiantiles\/promocion-y-defensa-de-derechos-humanos\/\" class=\"elementor-item\" tabindex=\"-1\">PROMOCI\u00d3N Y DEFENSA DE DERECHOS HUMANOS<\/a><\/li>\n<li class=\"menu-item menu-item-type-post_type menu-item-object-page menu-item-5824\"><a href=\"https:\/\/fadeweb.uncoma.edu.ar\/index.php\/secretaria-de-extension-y-asuntos-estudiantiles\/politica-de-formacion\/\" class=\"elementor-item\" tabindex=\"-1\">POL\u00cdTICA DE FORMACI\u00d3N<\/a><\/li>\n<li class=\"menu-item menu-item-type-post_type menu-item-object-page menu-item-5823\"><a href=\"https:\/\/fadeweb.uncoma.edu.ar\/index.php\/secretaria-de-extension-y-asuntos-estudiantiles\/area-de-habitos-saludables\/\" class=\"elementor-item\" tabindex=\"-1\">\u00c1REA DE H\u00c1BITOS SALUDABLES<\/a><\/li>\n<li class=\"menu-item menu-item-type-post_type menu-item-object-page menu-item-5830\"><a href=\"https:\/\/fadeweb.uncoma.edu.ar\/index.php\/publifadecs\/\" class=\"elementor-item\" tabindex=\"-1\">DEPARTAMENTO DE PUBLICACIONES<\/a><\/li>\n<li class=\"menu-item menu-item-type-custom menu-item-object-custom menu-item-4497\"><a href=\"http:\/\/www.antena-libre.com.ar\/\" class=\"elementor-item\" tabindex=\"-1\">RADIO ANTENA LIBRE<\/a><\/li>\n<\/ul>\t\t\t<\/nav>\r\n\t\t\t\t\t\t<\/div>\n\t\t\t\t<\/div>\n\t\t\t\t\t<\/div>\n\t\t<\/div>\n\t\t\t\t\t<\/div>\n\t\t<\/section>\n\t\t\t\t<\/div>\n\t\t","protected":false},"excerpt":{"rendered":"<p>SECRETARIA DE EXTENSION Y ASUNTOS ESTUDIANTILES POL\u00cdTICA DE FORMACI\u00d3N<\/p>\n","protected":false},"author":2,"featured_media":0,"parent":3456,"menu_order":0,"comment_status":"closed","ping_status":"closed","template":"","meta":{"footnotes":""},"class_list":["post-5811","page","type-page","status-publish","hentry"],"_links":{"self":[{"href":"https:\/\/fadeweb.uncoma.edu.ar\/index.php\/wp-json\/wp\/v2\/pages\/5811","targetHints":{"allow":["GET"]}}],"collection":[{"href":"https:\/\/fadeweb.uncoma.edu.ar\/index.php\/wp-json\/wp\/v2\/pages"}],"about":[{"href":"https:\/\/fadeweb.uncoma.edu.ar\/index.php\/wp-json\/wp\/v2\/types\/page"}],"author":[{"embeddable":true,"href":"https:\/\/fadeweb.uncoma.edu.ar\/index.php\/wp-json\/wp\/v2\/users\/2"}],"replies":[{"embeddable":true,"href":"https:\/\/fadeweb.uncoma.edu.ar\/index.php\/wp-json\/wp\/v2\/comments?post=5811"}],"version-history":[{"count":4,"href":"https:\/\/fadeweb.uncoma.edu.ar\/index.php\/wp-json\/wp\/v2\/pages\/5811\/revisions"}],"predecessor-version":[{"id":6291,"href":"https:\/\/fadeweb.uncoma.edu.ar\/index.php\/wp-json\/wp\/v2\/pages\/5811\/revisions\/6291"}],"up":[{"embeddable":true,"href":"https:\/\/fadeweb.uncoma.edu.ar\/index.php\/wp-json\/wp\/v2\/pages\/3456"}],"wp:attachment":[{"href":"https:\/\/fadeweb.uncoma.edu.ar\/index.php\/wp-json\/wp\/v2\/media?parent=5811"}],"curies":[{"name":"wp","href":"https:\/\/api.w.org\/{rel}","templated":true}]}}