{"id":5809,"date":"2022-10-06T21:19:37","date_gmt":"2022-10-07T00:19:37","guid":{"rendered":"http:\/\/170.210.81.106\/newfade\/?page_id=5809"},"modified":"2022-10-07T20:09:28","modified_gmt":"2022-10-07T23:09:28","slug":"promocion-y-defensa-de-derechos-humanos","status":"publish","type":"page","link":"https:\/\/fadeweb.uncoma.edu.ar\/index.php\/secretaria-de-extension-y-asuntos-estudiantiles\/promocion-y-defensa-de-derechos-humanos\/","title":{"rendered":"PROMOCI\u00d3N Y DEFENSA DE DERECHOS HUMANOS"},"content":{"rendered":"\t\t<div data-elementor-type=\"wp-page\" data-elementor-id=\"5809\" class=\"elementor elementor-5809\" data-elementor-post-type=\"page\">\n\t\t\t\t\t\t<section class=\"elementor-section elementor-top-section elementor-element elementor-element-2e75919 elementor-section-boxed elementor-section-height-default elementor-section-height-default\" data-id=\"2e75919\" data-element_type=\"section\" data-e-type=\"section\">\n\t\t\t\t\t\t<div class=\"elementor-container elementor-column-gap-default\">\n\t\t\t\t\t<div class=\"elementor-column elementor-col-66 elementor-top-column elementor-element elementor-element-64e87d0\" data-id=\"64e87d0\" data-element_type=\"column\" data-e-type=\"column\">\n\t\t\t<div class=\"elementor-widget-wrap elementor-element-populated\">\n\t\t\t\t\t\t<div class=\"elementor-element elementor-element-0ecaae8 elementor-widget elementor-widget-text-editor\" data-id=\"0ecaae8\" data-element_type=\"widget\" data-e-type=\"widget\" data-widget_type=\"text-editor.default\">\n\t\t\t\t<div class=\"elementor-widget-container\">\n\t\t\t\t\t\t\t\t\t<h2><span class=\"titulo3\">SECRETARIA DE EXTENSION Y ASUNTOS ESTUDIANTILES<\/span><\/h2><h1 class=\"titulo1\">PROMOCI\u00d3N Y DEFENSA DE DERECHOS HUMANOS<\/h1>\t\t\t\t\t\t\t\t<\/div>\n\t\t\t\t<\/div>\n\t\t\t\t<div class=\"elementor-element elementor-element-debfdd3 elementor-widget elementor-widget-posts\" data-id=\"debfdd3\" data-element_type=\"widget\" data-e-type=\"widget\" data-settings=\"{&quot;pagination_type&quot;:&quot;numbers_and_prev_next&quot;,&quot;full_content_row_gap&quot;:{&quot;unit&quot;:&quot;px&quot;,&quot;size&quot;:35,&quot;sizes&quot;:[]}}\" data-widget_type=\"posts.full_content\">\n\t\t\t\t<div class=\"elementor-widget-container\">\n\t\t\t\t\t\t\t<div class=\"elementor-posts-container elementor-posts elementor-posts--skin-full_content elementor-grid\" role=\"list\">\r\n\t\t\t\t<article class=\"elementor-post elementor-grid-item post-20982 post type-post status-publish format-standard has-post-thumbnail hentry category-abogacia category-dd-hh category-derecho category-notifadecs category-promocion-defensa-derechos-humanos category-violencia-de-genero\" role=\"listitem\">\r\n\t\t\t\t<div class=\"elementor-post__text\">\r\n\t\t\t\t<h3 class=\"elementor-post__title\">\r\n\t\t\t<a href=\"https:\/\/fadeweb.uncoma.edu.ar\/index.php\/2024\/06\/03\/3j-ni-una-menos-vivas-nos-queremos\/\" >\r\n\t\t\t\t#3J: NI UNA MENOS, VIVAS NOS QUEREMOS\t\t\t<\/a>\r\n\t\t<\/h3>\r\n\t\t\t\t<div class=\"elementor-post__meta-data\">\r\n\t\t\t\t\t<span class=\"elementor-post-date\">\r\n\t\t\t3 junio, 2024\t\t<\/span>\r\n\t\t\t\t<\/div>\r\n\t\t<p><img fetchpriority=\"high\" fetchpriority=\"high\" decoding=\"async\" class=\"alignleft wp-image-20983\" src=\"https:\/\/fadeweb.uncoma.edu.ar\/wp-content\/uploads\/2024\/06\/Ni-una-menos-300x251.jpg\" alt=\"\" width=\"600\" height=\"503\" srcset=\"https:\/\/fadeweb.uncoma.edu.ar\/wp-content\/uploads\/2024\/06\/Ni-una-menos-300x251.jpg 300w, https:\/\/fadeweb.uncoma.edu.ar\/wp-content\/uploads\/2024\/06\/Ni-una-menos-768x644.jpg 768w, https:\/\/fadeweb.uncoma.edu.ar\/wp-content\/uploads\/2024\/06\/Ni-una-menos.jpg 940w\" sizes=\"(max-width: 600px) 100vw, 600px\" \/>La c\u00e1tedra de G\u00e9nero, Diversidad y Derecho de la carrera de Abogac\u00eda de FADECS-UNCo impuls\u00f3 la creaci\u00f3n de un mapa interactivo que sintetiza los espacios de acompa\u00f1amiento para personas en situaci\u00f3n de violencia que funcionan en la zona del Alto Valle.<\/p>\n<p>&nbsp;<\/p>\n<p>Estudiantes, docentes y graduadas se sumaron a la iniciativa y en esta fecha deseamos compartir los avances logrados. Invitamos a todes a que puedan acceder y difundir el mapa disponible en el QR.<\/p>\n<p>&nbsp;<\/p>\n<p>Desde este mismo espacio comenzamos a sistematizar los femicidios, transfemicidios y travesticidios ocurridos en R\u00edo Negro y Neuqu\u00e9n, desde 2015. Entendemos que visibilizar los nombres de las v\u00edctimas es una forma de exigir justicia, sembrar memoria y renovar el compromiso a favor de los derechos de las mujeres y diversidades.<\/p>\n<p>&nbsp;<\/p>\n<p><a href=\"https:\/\/www.facebook.com\/hashtag\/niunamenos?__eep__=6&amp;__cft__%5b0%5d=AZWWN28-3KyWJl0nLlXwJU4oiVZkxT7GRe1YpyZYaJPxDJhVE1BsjRLaQBtP68f_a588e92XGwBlUt90BO_l9Z-V3EPktZwkVFmbXOgaX9oUV1s5b6t6F6raLDzlQfMYbpJqICVkTjYkao1d-dNsoeIej2FciZAPMpp111AvHXhtHcu32Bl4Q-e2XY6PZyhv_Sjb8LRRNaCgfOd5HBP5bVfByMS8jwq0hkfZq7yqyU5laQ&amp;__tn__=*NK-R\">#Niunamenos<\/a><\/p>\n<p><a href=\"https:\/\/www.facebook.com\/hashtag\/vivasnosqueremos?__eep__=6&amp;__cft__%5b0%5d=AZWWN28-3KyWJl0nLlXwJU4oiVZkxT7GRe1YpyZYaJPxDJhVE1BsjRLaQBtP68f_a588e92XGwBlUt90BO_l9Z-V3EPktZwkVFmbXOgaX9oUV1s5b6t6F6raLDzlQfMYbpJqICVkTjYkao1d-dNsoeIej2FciZAPMpp111AvHXhtHcu32Bl4Q-e2XY6PZyhv_Sjb8LRRNaCgfOd5HBP5bVfByMS8jwq0hkfZq7yqyU5laQ&amp;__tn__=*NK-R\">#VivasNosQueremos<\/a><\/p>\n<p><a href=\"https:\/\/www.facebook.com\/hashtag\/bastadeodio?__eep__=6&amp;__cft__%5b0%5d=AZWWN28-3KyWJl0nLlXwJU4oiVZkxT7GRe1YpyZYaJPxDJhVE1BsjRLaQBtP68f_a588e92XGwBlUt90BO_l9Z-V3EPktZwkVFmbXOgaX9oUV1s5b6t6F6raLDzlQfMYbpJqICVkTjYkao1d-dNsoeIej2FciZAPMpp111AvHXhtHcu32Bl4Q-e2XY6PZyhv_Sjb8LRRNaCgfOd5HBP5bVfByMS8jwq0hkfZq7yqyU5laQ&amp;__tn__=*NK-R\">#BastadeOdio<\/a><\/p>\n<p>&nbsp;<\/p>\n<p>(c\u00e1tedra de G\u00e9nero, Diversidad y Derecho)<\/p>\n\t\t<\/div>\r\n\t\t\t\t<\/article>\r\n\t\t\t\t<article class=\"elementor-post elementor-grid-item post-17834 post type-post status-publish format-standard has-post-thumbnail hentry category-academica category-notifadecs category-promocion-defensa-derechos-humanos category-servicio-social category-trabajo-social\" role=\"listitem\">\r\n\t\t\t\t<div class=\"elementor-post__text\">\r\n\t\t\t\t<h3 class=\"elementor-post__title\">\r\n\t\t\t<a href=\"https:\/\/fadeweb.uncoma.edu.ar\/index.php\/2023\/10\/23\/primer-encuentro-regional-dispositivos-de-abordaje-de-personas-en-situacion-de-calle\/\" >\r\n\t\t\t\tPRIMER ENCUENTRO REGIONAL DISPOSITIVOS DE ABORDAJE DE PERSONAS EN SITUACI\u00d3N DE CALLE\t\t\t<\/a>\r\n\t\t<\/h3>\r\n\t\t\t\t<div class=\"elementor-post__meta-data\">\r\n\t\t\t\t\t<span class=\"elementor-post-date\">\r\n\t\t\t23 octubre, 2023\t\t<\/span>\r\n\t\t\t\t<\/div>\r\n\t\t<p>PRIMER ENCUENTRO REGIONAL DISPOSITIVOS DE ABORDAJE DE PERSONAS EN SITUACI\u00d3N DE CALLE, a llevarse a cabo el viernes 3 de noviembre en instalaciones del Complejo Cultural Cipolletti (calle Fern\u00e1ndez Oro N\u00ba 57) .<\/p>\n<p>&nbsp;<\/p>\n<p>La iniciativa es organizada por Secretaria de Desarrollo Humano y Promoci\u00f3n Comunitaria &#8211; Gobierno de Cipolletti, Departamento de Trabajo Social M\u00f3dulo Neuqu\u00e9n (FADECS UNCo) y Red de Contingencia de Cipolletti y cuenta con Aval Institucional y Acad\u00e9mico de FADECS N\u00ba 609\/23.<\/p>\n<p>&nbsp;<\/p>\n<p>La misma se fundamenta y tiene como finalidad que, ante la complejidad de situaciones sociales, en espec\u00edfico de las personas en situaci\u00f3n de calle, se observa la necesidad de desarrollar un espacio de socializaci\u00f3n de herramientas desde la perspectiva de Derechos Humanos, a fin de contribuir en el fortalecimiento tanto de Dispositivos de Abordaje como de las Redes Institucionales\/organizacionales.<\/p>\n<p>&nbsp;<\/p>\n<p>Formulario de inscripci\u00f3n https:\/\/docs.google.com\/forms\/d\/e\/1FAIpQLSdBiKbIPdoX_-FWHqgEBfL3EaYQYFB0vezAMNRVAtVJj1PhTA\/viewform<\/p>\n<p>&nbsp;<\/p>\n<p><img decoding=\"async\" class=\"wp-image-17835 alignnone\" src=\"https:\/\/fadeweb.uncoma.edu.ar\/wp-content\/uploads\/2023\/10\/PRIMER-ENCUENTRO-REGIONAL-DISPOSITIVOS-DE-ABORDAJE-DE-PERSONAS-EN-SITUACION-DE-CALLE-169x300.jpeg\" alt=\"\" width=\"600\" height=\"1068\" srcset=\"https:\/\/fadeweb.uncoma.edu.ar\/wp-content\/uploads\/2023\/10\/PRIMER-ENCUENTRO-REGIONAL-DISPOSITIVOS-DE-ABORDAJE-DE-PERSONAS-EN-SITUACION-DE-CALLE-169x300.jpeg 169w, https:\/\/fadeweb.uncoma.edu.ar\/wp-content\/uploads\/2023\/10\/PRIMER-ENCUENTRO-REGIONAL-DISPOSITIVOS-DE-ABORDAJE-DE-PERSONAS-EN-SITUACION-DE-CALLE-575x1024.jpeg 575w, https:\/\/fadeweb.uncoma.edu.ar\/wp-content\/uploads\/2023\/10\/PRIMER-ENCUENTRO-REGIONAL-DISPOSITIVOS-DE-ABORDAJE-DE-PERSONAS-EN-SITUACION-DE-CALLE.jpeg 719w\" sizes=\"(max-width: 600px) 100vw, 600px\" \/> <img decoding=\"async\" class=\"wp-image-17836 alignnone\" src=\"https:\/\/fadeweb.uncoma.edu.ar\/wp-content\/uploads\/2023\/10\/PRIMER-ENCUENTRO-REGIONAL-DISPOSITIVOS-DE-ABORDAJE-DE-PERSONAS-EN-SITUACION-DE-CALLE_page-0001-212x300.jpg\" alt=\"\" width=\"600\" height=\"848\" srcset=\"https:\/\/fadeweb.uncoma.edu.ar\/wp-content\/uploads\/2023\/10\/PRIMER-ENCUENTRO-REGIONAL-DISPOSITIVOS-DE-ABORDAJE-DE-PERSONAS-EN-SITUACION-DE-CALLE_page-0001-212x300.jpg 212w, https:\/\/fadeweb.uncoma.edu.ar\/wp-content\/uploads\/2023\/10\/PRIMER-ENCUENTRO-REGIONAL-DISPOSITIVOS-DE-ABORDAJE-DE-PERSONAS-EN-SITUACION-DE-CALLE_page-0001-725x1024.jpg 725w, https:\/\/fadeweb.uncoma.edu.ar\/wp-content\/uploads\/2023\/10\/PRIMER-ENCUENTRO-REGIONAL-DISPOSITIVOS-DE-ABORDAJE-DE-PERSONAS-EN-SITUACION-DE-CALLE_page-0001-768x1085.jpg 768w, https:\/\/fadeweb.uncoma.edu.ar\/wp-content\/uploads\/2023\/10\/PRIMER-ENCUENTRO-REGIONAL-DISPOSITIVOS-DE-ABORDAJE-DE-PERSONAS-EN-SITUACION-DE-CALLE_page-0001-1087x1536.jpg 1087w, https:\/\/fadeweb.uncoma.edu.ar\/wp-content\/uploads\/2023\/10\/PRIMER-ENCUENTRO-REGIONAL-DISPOSITIVOS-DE-ABORDAJE-DE-PERSONAS-EN-SITUACION-DE-CALLE_page-0001.jpg 1241w\" sizes=\"(max-width: 600px) 100vw, 600px\" \/> <img loading=\"lazy\" loading=\"lazy\" decoding=\"async\" class=\"wp-image-17837 alignleft\" src=\"https:\/\/fadeweb.uncoma.edu.ar\/wp-content\/uploads\/2023\/10\/PRIMER-ENCUENTRO-REGIONAL-DISPOSITIVOS-DE-ABORDAJE-DE-PERSONAS-EN-SITUACION-DE-CALLE_page-0002-212x300.jpg\" alt=\"\" width=\"600\" height=\"848\" srcset=\"https:\/\/fadeweb.uncoma.edu.ar\/wp-content\/uploads\/2023\/10\/PRIMER-ENCUENTRO-REGIONAL-DISPOSITIVOS-DE-ABORDAJE-DE-PERSONAS-EN-SITUACION-DE-CALLE_page-0002-212x300.jpg 212w, https:\/\/fadeweb.uncoma.edu.ar\/wp-content\/uploads\/2023\/10\/PRIMER-ENCUENTRO-REGIONAL-DISPOSITIVOS-DE-ABORDAJE-DE-PERSONAS-EN-SITUACION-DE-CALLE_page-0002-725x1024.jpg 725w, https:\/\/fadeweb.uncoma.edu.ar\/wp-content\/uploads\/2023\/10\/PRIMER-ENCUENTRO-REGIONAL-DISPOSITIVOS-DE-ABORDAJE-DE-PERSONAS-EN-SITUACION-DE-CALLE_page-0002-768x1085.jpg 768w, https:\/\/fadeweb.uncoma.edu.ar\/wp-content\/uploads\/2023\/10\/PRIMER-ENCUENTRO-REGIONAL-DISPOSITIVOS-DE-ABORDAJE-DE-PERSONAS-EN-SITUACION-DE-CALLE_page-0002-1087x1536.jpg 1087w, https:\/\/fadeweb.uncoma.edu.ar\/wp-content\/uploads\/2023\/10\/PRIMER-ENCUENTRO-REGIONAL-DISPOSITIVOS-DE-ABORDAJE-DE-PERSONAS-EN-SITUACION-DE-CALLE_page-0002.jpg 1241w\" sizes=\"auto, (max-width: 600px) 100vw, 600px\" \/><\/p>\n\t\t<\/div>\r\n\t\t\t\t<\/article>\r\n\t\t\t\t<article class=\"elementor-post elementor-grid-item post-14249 post type-post status-publish format-standard has-post-thumbnail hentry category-escuela-de-capacitacion-judicial category-notifadecs category-promocion-defensa-derechos-humanos\" role=\"listitem\">\r\n\t\t\t\t<div class=\"elementor-post__text\">\r\n\t\t\t\t<h3 class=\"elementor-post__title\">\r\n\t\t\t<a href=\"https:\/\/fadeweb.uncoma.edu.ar\/index.php\/2023\/03\/06\/14249\/\" >\r\n\t\t\t\tCAPACITACI\u00d3N VIRTUAL \u201cNI\u00d1OS, NI\u00d1AS Y ADOLESCENTES EN CONFLICTO CON LA LEY PENAL\u00bb\t\t\t<\/a>\r\n\t\t<\/h3>\r\n\t\t\t\t<div class=\"elementor-post__meta-data\">\r\n\t\t\t\t\t<span class=\"elementor-post-date\">\r\n\t\t\t6 marzo, 2023\t\t<\/span>\r\n\t\t\t\t<\/div>\r\n\t\t<p><img loading=\"lazy\" loading=\"lazy\" decoding=\"async\" class=\"wp-image-14250 alignleft\" src=\"https:\/\/fadeweb.uncoma.edu.ar\/wp-content\/uploads\/2023\/03\/Capacitacion-Virtual-208x300.jpeg\" alt=\"\" width=\"600\" height=\"866\" srcset=\"https:\/\/fadeweb.uncoma.edu.ar\/wp-content\/uploads\/2023\/03\/Capacitacion-Virtual-208x300.jpeg 208w, https:\/\/fadeweb.uncoma.edu.ar\/wp-content\/uploads\/2023\/03\/Capacitacion-Virtual-709x1024.jpeg 709w, https:\/\/fadeweb.uncoma.edu.ar\/wp-content\/uploads\/2023\/03\/Capacitacion-Virtual-768x1108.jpeg 768w, https:\/\/fadeweb.uncoma.edu.ar\/wp-content\/uploads\/2023\/03\/Capacitacion-Virtual.jpeg 900w\" sizes=\"auto, (max-width: 600px) 100vw, 600px\" \/><\/p>\n<p>El dictado de la capacitaci\u00f3n comienza el 29 de marzo y finaliza el 31 de mayo, y tiene una duraci\u00f3n de 9 (nueve) semanas. Se compone de un M\u00f3dulo Introductorio, cinco m\u00f3dulos tem\u00e1ticos y un M\u00f3dulo Final. El cursado es de acceso gratuito.<\/p>\n<p>Los objetivos de la capacitaci\u00f3n son aportar la mirada local y regional; contribuir al proceso de reflexi\u00f3n en Regi\u00f3n Patag\u00f3nica Argentina y espec\u00edficamente en la Provincia de R\u00edo Negro, sobre la administraci\u00f3n de justicia penal de personas menores de 18 a\u00f1os; y colaborar en la formaci\u00f3n de profesionales capacitados\/as para trabajar en organismos e instituciones relacionados a la promoci\u00f3n, protecci\u00f3n y ejercicio de derechos especialmente a la tem\u00e1tica de responsabilidad penal adolescente de la provincia.<\/p>\n<p>&nbsp;<\/p>\n<p><a href=\"https:\/\/fadeweb.uncoma.edu.ar\/wp-content\/uploads\/2023\/03\/Capacitacion-Virtual.pdf\">Programa y Cronograma de cursadas<\/a><\/p>\n\t\t<\/div>\r\n\t\t\t\t<\/article>\r\n\t\t\t\t<article class=\"elementor-post elementor-grid-item post-13678 post type-post status-publish format-standard has-post-thumbnail hentry category-dd-hh category-decano category-extension category-notifadecs category-programa-de-educacion-en-contexto-de-encierro category-promocion-defensa-derechos-humanos category-proyectos-extension\" role=\"listitem\">\r\n\t\t\t\t<div class=\"elementor-post__text\">\r\n\t\t\t\t<h3 class=\"elementor-post__title\">\r\n\t\t\t<a href=\"https:\/\/fadeweb.uncoma.edu.ar\/index.php\/2023\/02\/13\/la-fadecs-avanza-en-el-desarrollo-de-politicas-de-educacion-en-contexto-de-encierro\/\" >\r\n\t\t\t\tLA FADECS AVANZA EN EL DESARROLLO DE POL\u00cdTICAS DE EDUCACI\u00d3N EN CONTEXTO DE ENCIERRO\t\t\t<\/a>\r\n\t\t<\/h3>\r\n\t\t\t\t<div class=\"elementor-post__meta-data\">\r\n\t\t\t\t\t<span class=\"elementor-post-date\">\r\n\t\t\t13 febrero, 2023\t\t<\/span>\r\n\t\t\t\t<\/div>\r\n\t\t<p style=\"text-align: left;\"><img loading=\"lazy\" loading=\"lazy\" decoding=\"async\" class=\"wp-image-13679 alignleft\" src=\"https:\/\/fadeweb.uncoma.edu.ar\/wp-content\/uploads\/2023\/02\/WhatsApp-Image-2023-02-13-at-11.07.13-300x226.jpeg\" alt=\"\" width=\"600\" height=\"451\" srcset=\"https:\/\/fadeweb.uncoma.edu.ar\/wp-content\/uploads\/2023\/02\/WhatsApp-Image-2023-02-13-at-11.07.13-300x226.jpeg 300w, https:\/\/fadeweb.uncoma.edu.ar\/wp-content\/uploads\/2023\/02\/WhatsApp-Image-2023-02-13-at-11.07.13-1024x770.jpeg 1024w, https:\/\/fadeweb.uncoma.edu.ar\/wp-content\/uploads\/2023\/02\/WhatsApp-Image-2023-02-13-at-11.07.13-768x578.jpeg 768w, https:\/\/fadeweb.uncoma.edu.ar\/wp-content\/uploads\/2023\/02\/WhatsApp-Image-2023-02-13-at-11.07.13.jpeg 1280w\" sizes=\"auto, (max-width: 600px) 100vw, 600px\" \/> <img loading=\"lazy\" loading=\"lazy\" decoding=\"async\" class=\"wp-image-13680 alignleft\" src=\"https:\/\/fadeweb.uncoma.edu.ar\/wp-content\/uploads\/2023\/02\/WhatsApp-Image-2023-02-13-at-11.07.17-1-300x226.jpeg\" alt=\"\" width=\"600\" height=\"451\" srcset=\"https:\/\/fadeweb.uncoma.edu.ar\/wp-content\/uploads\/2023\/02\/WhatsApp-Image-2023-02-13-at-11.07.17-1-300x226.jpeg 300w, https:\/\/fadeweb.uncoma.edu.ar\/wp-content\/uploads\/2023\/02\/WhatsApp-Image-2023-02-13-at-11.07.17-1-1024x770.jpeg 1024w, https:\/\/fadeweb.uncoma.edu.ar\/wp-content\/uploads\/2023\/02\/WhatsApp-Image-2023-02-13-at-11.07.17-1-768x578.jpeg 768w, https:\/\/fadeweb.uncoma.edu.ar\/wp-content\/uploads\/2023\/02\/WhatsApp-Image-2023-02-13-at-11.07.17-1.jpeg 1280w\" sizes=\"auto, (max-width: 600px) 100vw, 600px\" \/><\/p>\n<p style=\"text-align: left;\">El Decano de la Facultad de Derecho y Ciencias Sociales, Juan Carlos Fern\u00e1ndez, la Secretaria del Consejo Directivo Mar\u00eda Raquel Calvo, la Secretaria de Extensi\u00f3n y Asuntos Estudiantiles Sof\u00eda Szechenyi, y la codirectora del proyecto de extensi\u00f3n \u201cBarrios con identidad, v\u00ednculos y derechos\u201d, Ana Calafat, junto con los consejeros y consejeras Paula Mu\u00f1oz, Marcos Ancao, Belen Rojas, Julieta Hadad, Laura Lagos y Fernando Ponce, y las alumnas extensionistas Julieta Echeverr\u00eda, Carla Flores, Camila Tejada, Romina Carrasco, Ivon Espinoza, recibieron el viernes 10 de febrero de 2023 a la Dra. Luisina Abrach, Coordinadora del Programa de Educaci\u00f3n en Contexto de Encierro de la Universidad Nacional del Comahue.<\/p>\n<p>&nbsp;<\/p>\n<p>El encuentro tuvo por objetivo constituirse en un hito inicial para la generaci\u00f3n de una propuesta reguladora integral de la educaci\u00f3n en contexto de encierro en el \u00e1mbito de la Universidad Nacional del Comahue, y surgi\u00f3 como consecuencia de la decisi\u00f3n tomada por el Consejo Directivo en la sesi\u00f3n de noviembre de 2022, a instancias de proyectos presentados por consejeras y consejeros del claustro estudiantil, que concluy\u00f3 en la necesidad de que la tem\u00e1tica sea abordada por el \u00f3rgano m\u00e1ximo de gobierno de la Universidad.<\/p>\n<p>&nbsp;<\/p>\n<p>Conforme a lo manifestado por el decano al inicio del encuentro, a trav\u00e9s del programa implementado por la Universidad, como de las actividades de extensi\u00f3n desarrolladas en nuestra Facultad, \u00abse han implementado pr\u00e1cticas de educaci\u00f3n en contextos de encierro que han generado aportes beneficiosos, los que deben recuperarse para la formulaci\u00f3n de una pol\u00edtica integral y sistem\u00e1tica de educaci\u00f3n en contexto de encierro, que culmine en un marco normativo integral de regulaci\u00f3n de la ense\u00f1anza en contexto de encierro\u00bb.<\/p>\n\t\t<\/div>\r\n\t\t\t\t<\/article>\r\n\t\t\t\t<article class=\"elementor-post elementor-grid-item post-9347 post type-post status-publish format-standard has-post-thumbnail hentry category-notifadecs category-promocion-defensa-derechos-humanos\" role=\"listitem\">\r\n\t\t\t\t<div class=\"elementor-post__text\">\r\n\t\t\t\t<h3 class=\"elementor-post__title\">\r\n\t\t\t<a href=\"https:\/\/fadeweb.uncoma.edu.ar\/index.php\/2022\/11\/01\/homenaje-a-las-madres-de-plaza-de-mayo-filial-neuquen-y-alto-valle\/\" >\r\n\t\t\t\tHOMENAJE A LAS MADRES DE PLAZA DE MAYO FILIAL NEUQU\u00c9N Y ALTO VALLE\t\t\t<\/a>\r\n\t\t<\/h3>\r\n\t\t\t\t<div class=\"elementor-post__meta-data\">\r\n\t\t\t\t\t<span class=\"elementor-post-date\">\r\n\t\t\t1 noviembre, 2022\t\t<\/span>\r\n\t\t\t\t<\/div>\r\n\t\t<p><img loading=\"lazy\" loading=\"lazy\" decoding=\"async\" class=\"size-medium wp-image-9350 alignleft\" src=\"https:\/\/fadeweb.uncoma.edu.ar\/wp-content\/uploads\/2022\/11\/Homenaje-a-las-Madres-CEPACC-230x300.jpg\" alt=\"\" width=\"230\" height=\"300\" srcset=\"https:\/\/fadeweb.uncoma.edu.ar\/wp-content\/uploads\/2022\/11\/Homenaje-a-las-Madres-CEPACC-230x300.jpg 230w, https:\/\/fadeweb.uncoma.edu.ar\/wp-content\/uploads\/2022\/11\/Homenaje-a-las-Madres-CEPACC-787x1024.jpg 787w, https:\/\/fadeweb.uncoma.edu.ar\/wp-content\/uploads\/2022\/11\/Homenaje-a-las-Madres-CEPACC-768x1000.jpg 768w, https:\/\/fadeweb.uncoma.edu.ar\/wp-content\/uploads\/2022\/11\/Homenaje-a-las-Madres-CEPACC-1180x1536.jpg 1180w, https:\/\/fadeweb.uncoma.edu.ar\/wp-content\/uploads\/2022\/11\/Homenaje-a-las-Madres-CEPACC-1573x2048.jpg 1573w, https:\/\/fadeweb.uncoma.edu.ar\/wp-content\/uploads\/2022\/11\/Homenaje-a-las-Madres-CEPACC-scaled.jpg 1966w\" sizes=\"auto, (max-width: 230px) 100vw, 230px\" \/><\/p>\n<div class=\"xdj266r x11i5rnm xat24cr x1mh8g0r x1vvkbs x126k92a\">\n<div dir=\"auto\">Presentaci\u00f3n, Proyecci\u00f3n y charla debate de la Pel\u00edcula Documental \u201cLa Ronda de los Pa\u00f1uelos al Sur\u201d<\/div>\n<\/div>\n<div class=\"x11i5rnm xat24cr x1mh8g0r x1vvkbs xtlvy1s x126k92a\">\n<div dir=\"auto\">El d\u00eda Jueves 10 de noviembre de 2022 a partir de las 17 hs, en el Auditorio de la Facultad de Derecho y Ciencias Sociales \u2013 UNCo-, se llevar\u00e1 a cabo un homenaje a las Madres de Plaza de Mayo filial Neuqu\u00e9n y Alto Valle. El mismo consistir\u00e1 en la presentaci\u00f3n, proyecci\u00f3n y charla debate de la Pel\u00edcula Documental \u201cLa Ronda de los Pa\u00f1uelos al Sur\u201d, del director y guionista Gustavo Gzain y constar\u00e1 con m\u00fasica en vivo, instalaciones en referencia a los pa\u00f1uelos blancos y entrega de reconocimientos. La jornada contar\u00e1 con la presencia de las MADRES, In\u00e9s y Lol\u00edn, y el Grupo por la Memoria y Compromiso con las Madres y los 30.000.<\/div>\n<\/div>\n<div class=\"x11i5rnm xat24cr x1mh8g0r x1vvkbs xtlvy1s x126k92a\">\n<div dir=\"auto\">La actividad es organizada y realizada por el Centro de Estudios Patag\u00f3nicos de Comunicaci\u00f3n y Cultura que funciona dentro de la Facultad de Derecho y Ciencias Sociales de la Universidad Nacional del Comahue y es auspiciada por la C\u00e1tedra de Periodismo Televisivo de la Carrera de Comunicaci\u00f3n Social y la Secretaria de Bienestar Estudiantil de FADECS-UNCo.<\/div>\n<\/div>\n<div class=\"x11i5rnm xat24cr x1mh8g0r x1vvkbs xtlvy1s x126k92a\">\n<div dir=\"auto\">\u201cLa Ronda de los Pa\u00f1uelos al Sur\u201d, es un largometraje Documental Cinematogr\u00e1fico que forma parte de una \u201cNarrativa Transmedia\u201d que comenz\u00f3 a realizarse en el a\u00f1o 2011 y se extiende hasta la actualidad. La Narrativa, y la pel\u00edcula documental, est\u00e1 realizada por el Director, Profesor e Investigador Gustavo Gzain junto a un grupo de realizadoras y realizadores, Iru S\u00e1nchez, Lorena Gal\u00e1n, Violeta Arzamendia, entre otrxs. La realizaci\u00f3n se llevo adelante en reconocimiento y homenaje a Las Madres de Plaza de Mayo filial Neuqu\u00e9n y Alto Valle, por su accionar en defensa de los Derechos Humanos, en sus m\u00e1s de 40 a\u00f1os de lucha junto al pueblo.<\/div>\n<\/div>\n<div class=\"x11i5rnm xat24cr x1mh8g0r x1vvkbs xtlvy1s x126k92a\">\n<div dir=\"auto\">(Secretar\u00eda de Bienestar Estudiantil)<\/div>\n<\/div>\n\t\t<\/div>\r\n\t\t\t\t<\/article>\r\n\t\t\t\t<article class=\"elementor-post elementor-grid-item post-6228 post type-post status-publish format-standard has-post-thumbnail hentry category-11 category-notifadecs category-promocion-defensa-derechos-humanos\" role=\"listitem\">\r\n\t\t\t\t<div class=\"elementor-post__text\">\r\n\t\t\t\t<h3 class=\"elementor-post__title\">\r\n\t\t\t<a href=\"https:\/\/fadeweb.uncoma.edu.ar\/index.php\/2018\/08\/22\/proyecto-de-extension-taller-de-resocializacion-para-personas-privadas-de-su-libertad\/\" >\r\n\t\t\t\tPROYECTO DE EXTENSI\u00d3N &#8211; TALLER DE RESOCIALIZACI\u00d3N PARA PERSONAS PRIVADAS DE SU LIBERTAD\t\t\t<\/a>\r\n\t\t<\/h3>\r\n\t\t\t\t<div class=\"elementor-post__meta-data\">\r\n\t\t\t\t\t<span class=\"elementor-post-date\">\r\n\t\t\t22 agosto, 2018\t\t<\/span>\r\n\t\t\t\t<\/div>\r\n\t\t<p class=\"texto\"><img loading=\"lazy\" loading=\"lazy\" decoding=\"async\" class=\"aligncenter wp-image-6229 size-large\" src=\"https:\/\/fadeweb.uncoma.edu.ar\/wp-content\/uploads\/2022\/10\/tppdsl-1024x683.jpg\" alt=\"\" width=\"800\" height=\"534\" srcset=\"https:\/\/fadeweb.uncoma.edu.ar\/wp-content\/uploads\/2022\/10\/tppdsl-1024x683.jpg 1024w, https:\/\/fadeweb.uncoma.edu.ar\/wp-content\/uploads\/2022\/10\/tppdsl-300x200.jpg 300w, https:\/\/fadeweb.uncoma.edu.ar\/wp-content\/uploads\/2022\/10\/tppdsl-768x512.jpg 768w, https:\/\/fadeweb.uncoma.edu.ar\/wp-content\/uploads\/2022\/10\/tppdsl-1536x1024.jpg 1536w, https:\/\/fadeweb.uncoma.edu.ar\/wp-content\/uploads\/2022\/10\/tppdsl.jpg 1920w\" sizes=\"auto, (max-width: 800px) 100vw, 800px\" \/>Los abogados Federico Batagelj (egresado UBA) adscripto del Seminario de Penal I, del profesor Nicol\u00e1s Garc\u00eda, y Miguel Angel Zeballos (graduado UNCo) y la estudiante de abogac\u00eda Florencia Sandobal Valentini, conforman el Grupo del Taller \u00abFormaci\u00f3n en Derechos Humanos como dispositivo educativo para la resocializaci\u00f3n de las personas privadas de su libertad\u00bb. Esta iniciativa cobr\u00f3 forma por medio de un Proyecto de Extensi\u00f3n aprobado el a\u00f1o pasado mediante Resoluci\u00f3n 1078\/18 del Consejo Superior de la UNCo, el cual es dirigido por la profesora Ana Calafat.<\/p>\n<p class=\"texto\">El grupo est\u00e1 integrado, adem\u00e1s, por los estudiantes de Abogac\u00eda Camila Garc\u00eda Garc\u00eda, Romina Isabel Carrasco, Antonella Daiana Celis, Romina Ayelen D\u00edaz, Fernando Daniel Ramoa y Mauro Istueta. Estos profesionales y estudiantes, algunos de ellos de estrecho v\u00ednculo con el Observatorio de Derecho Humanos de R\u00edo Negro, participan de los encuentros que se vienen realizando en el Establecimiento de Ejecuci\u00f3n Penal N\u00famero II (ex alcaid\u00eda) de General Roca.<\/p>\n<p class=\"texto\">El abordaje de la problem\u00e1tica del r\u00e9gimen jur\u00eddico de aplicaci\u00f3n de la pena que hace referencia el proyecto de extensi\u00f3n incluye, adem\u00e1s del contenido te\u00f3rico, una pr\u00e1ctica tendiente a generar la oportunidad de establecer v\u00ednculos entre las personas privadas de su libertad y la universidad. Seg\u00fan datos estad\u00edsticos internacionales, que coinciden con relevamientos locales, la pol\u00edtica m\u00e1s efectiva contra la reincidencia es la que se lleva a cabo por medio de la educaci\u00f3n.<\/p>\n<p class=\"texto\">Esta actividad se desarrolla desde abril de este a\u00f1o, con el objetivo de abrir el juego para generar un trabajo interdisciplinario y formar redes de contenci\u00f3n. Batagelj explica que \u00abel pilar fundamental es garantizar el derecho y hacer real la concreci\u00f3n del acceso a la educaci\u00f3n. Con muy buenos resultados por cuanto ya se registra la inscripci\u00f3n de los detenidos en las carreras de la FADECS-UNCo\u00bb.<br \/>\nEn otro orden, apunta a poner en situaci\u00f3n a los profesionales o futuros profesionales, con una visi\u00f3n m\u00e1s acorde a la realidad de las personas o familias que se enfrentan al sistema penal.<\/p>\n<p class=\"texto\">Federico Batagelj indic\u00f3 que \u00ablos interesados en participar est\u00e1n invitados, tanto para acompa\u00f1ar iniciativas en marcha como a generar proyectos alternativos\u00bb. El taller se extender\u00e1 hasta fin de a\u00f1o y al finalizar el m\u00f3dulo se entregar\u00e1n certificados de asistencia.<\/p>\n<p class=\"texto\">El equipo de trabajo se re\u00fane dos veces por semana, martes y jueves de 13 a 14 hs, en la Biblioteca del establecimiento penal, y adem\u00e1s dedican un d\u00eda a la planificaci\u00f3n, los lunes de 8 a 10 hs, en el edificio nuevo de la FADECS.<\/p>\n\t\t<\/div>\r\n\t\t\t\t<\/article>\r\n\t\t\t\t<\/div>\r\n\t\t\r\n\t\t\t\t<div class=\"e-load-more-anchor\" data-page=\"1\" data-max-page=\"3\" data-next-page=\"https:\/\/fadeweb.uncoma.edu.ar\/index.php\/wp-json\/wp\/v2\/pages\/5809\/page\/2\/\"><\/div>\r\n\t\t\t\t<nav class=\"elementor-pagination\" aria-label=\"Pagination\">\r\n\t\t\t<span class=\"page-numbers prev\">&laquo; Anterior<\/span>\n<span aria-current=\"page\" class=\"page-numbers current\"><span class=\"elementor-screen-only\">Page<\/span>1<\/span>\n<a class=\"page-numbers\" href=\"https:\/\/fadeweb.uncoma.edu.ar\/index.php\/wp-json\/wp\/v2\/pages\/5809\/page\/2\/\"><span class=\"elementor-screen-only\">Page<\/span>2<\/a>\n<a class=\"page-numbers\" href=\"https:\/\/fadeweb.uncoma.edu.ar\/index.php\/wp-json\/wp\/v2\/pages\/5809\/page\/3\/\"><span class=\"elementor-screen-only\">Page<\/span>3<\/a>\n<a class=\"page-numbers next\" href=\"https:\/\/fadeweb.uncoma.edu.ar\/index.php\/wp-json\/wp\/v2\/pages\/5809\/page\/2\/\">Siguiente &raquo;<\/a>\t\t<\/nav>\r\n\t\t\t\t\t\t<\/div>\n\t\t\t\t<\/div>\n\t\t\t\t<div class=\"elementor-element elementor-element-7b4c8f2 elementor-widget elementor-widget-shortcode\" data-id=\"7b4c8f2\" data-element_type=\"widget\" data-e-type=\"widget\" data-widget_type=\"shortcode.default\">\n\t\t\t\t<div class=\"elementor-widget-container\">\n\t\t\t\t\t\t\t<div class=\"elementor-shortcode\">\t\t<div data-elementor-type=\"section\" data-elementor-id=\"4605\" class=\"elementor elementor-4605\" data-elementor-post-type=\"elementor_library\">\r\n\t\t\t\t\t<section class=\"elementor-section elementor-top-section elementor-element elementor-element-1f039b1f elementor-section-boxed elementor-section-height-default elementor-section-height-default\" data-id=\"1f039b1f\" data-element_type=\"section\" data-e-type=\"section\">\n\t\t\t\t\t\t<div class=\"elementor-container elementor-column-gap-default\">\n\t\t\t\t\t<div class=\"elementor-column elementor-col-100 elementor-top-column elementor-element elementor-element-11f9e382\" data-id=\"11f9e382\" data-element_type=\"column\" data-e-type=\"column\">\n\t\t\t<div class=\"elementor-widget-wrap elementor-element-populated\">\n\t\t\t\t\t\t<div class=\"elementor-element elementor-element-4368285 elementor-widget-divider--view-line elementor-widget elementor-widget-divider\" data-id=\"4368285\" data-element_type=\"widget\" data-e-type=\"widget\" data-widget_type=\"divider.default\">\n\t\t\t\t<div class=\"elementor-widget-container\">\n\t\t\t\t\t\t\t<div class=\"elementor-divider\">\n\t\t\t<span class=\"elementor-divider-separator\">\n\t\t\t\t\t\t<\/span>\n\t\t<\/div>\n\t\t\t\t\t\t<\/div>\n\t\t\t\t<\/div>\n\t\t\t\t<div class=\"elementor-element elementor-element-1641eaac elementor-widget elementor-widget-text-editor\" data-id=\"1641eaac\" data-element_type=\"widget\" data-e-type=\"widget\" data-widget_type=\"text-editor.default\">\n\t\t\t\t<div class=\"elementor-widget-container\">\n\t\t\t\t\t\t\t\t\t<p><strong>CONTACTO<\/strong><br \/>Cel: <span class=\"texto\">2984690225<\/span><br \/>Correo electr\u00f3nico: <a href=\"mailto:secretaria.extensionfadecs@gmail.com\">secretaria.extensionfadecs@gmail.com<\/a><br \/>Para inscripciones a cursos, charlas, etc: <a href=\"mailto:inscripciones.extensionfadecs@gmail.com\">inscripciones.extensionfadecs@gmail.com<\/a><br \/>Para inscripciones a pasant\u00edas: <a href=\"mailto:pasantias.extensionfadecs@gmail.com\">pasantias.extensionfadecs@gmail.com<\/a><\/p><p>Mendoza y Per\u00fa.<br \/>(8332) General Roca, R\u00edo Negro <br \/>Argentina<\/p>\t\t\t\t\t\t\t\t<\/div>\n\t\t\t\t<\/div>\n\t\t\t\t\t<\/div>\n\t\t<\/div>\n\t\t\t\t\t<\/div>\n\t\t<\/section>\n\t\t\t\t<\/div>\r\n\t\t<\/div>\n\t\t\t\t\t\t<\/div>\n\t\t\t\t<\/div>\n\t\t\t\t\t<\/div>\n\t\t<\/div>\n\t\t\t\t<div class=\"elementor-column elementor-col-33 elementor-top-column elementor-element elementor-element-2689abd\" data-id=\"2689abd\" data-element_type=\"column\" data-e-type=\"column\">\n\t\t\t<div class=\"elementor-widget-wrap elementor-element-populated\">\n\t\t\t\t\t\t<div class=\"elementor-element elementor-element-5153f33 elementor-nav-menu__align-start elementor-nav-menu--dropdown-none elementor-widget elementor-widget-nav-menu\" data-id=\"5153f33\" data-element_type=\"widget\" data-e-type=\"widget\" id=\"menu-lateral\" data-settings=\"{&quot;layout&quot;:&quot;vertical&quot;,&quot;submenu_icon&quot;:{&quot;value&quot;:&quot;&lt;i class=\\&quot;fas fa-caret-down\\&quot; aria-hidden=\\&quot;true\\&quot;&gt;&lt;\\\/i&gt;&quot;,&quot;library&quot;:&quot;fa-solid&quot;}}\" data-widget_type=\"nav-menu.default\">\n\t\t\t\t<div class=\"elementor-widget-container\">\n\t\t\t\t\t\t\t\t<nav aria-label=\"Menu\" class=\"elementor-nav-menu--main elementor-nav-menu__container elementor-nav-menu--layout-vertical e--pointer-background e--animation-fade\">\r\n\t\t\t\t<ul id=\"menu-1-5153f33\" class=\"elementor-nav-menu sm-vertical\"><li class=\"menu-item menu-item-type-post_type menu-item-object-page menu-item-5817\"><a href=\"https:\/\/fadeweb.uncoma.edu.ar\/index.php\/secretaria-de-extension-y-asuntos-estudiantiles\/proyectos-de-extension\/\" class=\"elementor-item\">PROYECTOS DE EXTENSION<\/a><\/li>\n<li class=\"menu-item menu-item-type-post_type menu-item-object-page menu-item-5818\"><a href=\"https:\/\/fadeweb.uncoma.edu.ar\/index.php\/secretaria-de-extension-y-asuntos-estudiantiles\/proyectos-de-extension-en-ejecucion\/\" class=\"elementor-item\">\u27a3 EN EJECUCION<\/a><\/li>\n<li class=\"menu-item menu-item-type-post_type menu-item-object-page menu-item-5819\"><a href=\"https:\/\/fadeweb.uncoma.edu.ar\/index.php\/secretaria-de-extension-y-asuntos-estudiantiles\/normativas-de-proyectos-de-extension\/\" class=\"elementor-item\">\u27a3 NORMATIVAS<\/a><\/li>\n<li class=\"menu-item menu-item-type-post_type menu-item-object-page menu-item-5820\"><a href=\"https:\/\/fadeweb.uncoma.edu.ar\/index.php\/secretaria-de-extension-y-asuntos-estudiantiles\/llamados-de-proyectos-de-extension\/\" class=\"elementor-item\">\u27a3 LLAMADOS<\/a><\/li>\n<li class=\"menu-item menu-item-type-post_type menu-item-object-page menu-item-5821\"><a href=\"https:\/\/fadeweb.uncoma.edu.ar\/index.php\/secretaria-de-extension-y-asuntos-estudiantiles\/becas-de-formacion-en-extension\/\" class=\"elementor-item\">\u27a3 BECARIOS<\/a><\/li>\n<li class=\"menu-item menu-item-type-post_type menu-item-object-page menu-item-5829\"><a href=\"https:\/\/fadeweb.uncoma.edu.ar\/index.php\/secretaria-de-extension-y-asuntos-estudiantiles\/pasantias\/\" class=\"elementor-item\">PASANTIAS<\/a><\/li>\n<li class=\"menu-item menu-item-type-post_type menu-item-object-page menu-item-has-children menu-item-5828\"><a href=\"https:\/\/fadeweb.uncoma.edu.ar\/index.php\/secretaria-de-extension-y-asuntos-estudiantiles\/diplomaturas\/\" class=\"elementor-item\">DIPLOMATURAS<\/a>\n<ul class=\"sub-menu elementor-nav-menu--dropdown\">\n\t<li class=\"menu-item menu-item-type-post_type menu-item-object-page menu-item-15412\"><a href=\"https:\/\/fadeweb.uncoma.edu.ar\/index.php\/reglamentacion-diplomaturas\/\" class=\"elementor-sub-item\">REGLAMENTACI\u00d3N<\/a><\/li>\n<\/ul>\n<\/li>\n<li class=\"menu-item menu-item-type-post_type menu-item-object-page menu-item-5835\"><a href=\"https:\/\/fadeweb.uncoma.edu.ar\/index.php\/secretaria-de-extension-y-asuntos-estudiantiles\/voluntariado\/\" class=\"elementor-item\">VOLUNTARIADO<\/a><\/li>\n<li class=\"menu-item menu-item-type-post_type menu-item-object-page menu-item-5827\"><a href=\"https:\/\/fadeweb.uncoma.edu.ar\/index.php\/secretaria-de-extension-y-asuntos-estudiantiles\/servicios-a-terceros\/\" class=\"elementor-item\">SERVICIOS A TERCEROS<\/a><\/li>\n<li class=\"menu-item menu-item-type-post_type menu-item-object-page menu-item-15436\"><a href=\"https:\/\/fadeweb.uncoma.edu.ar\/index.php\/secretaria-de-extension-y-asuntos-estudiantiles\/talles-upami\/\" class=\"elementor-item\">TALLERES UPAMI<\/a><\/li>\n<li class=\"menu-item menu-item-type-post_type menu-item-object-page menu-item-5826\"><a href=\"https:\/\/fadeweb.uncoma.edu.ar\/index.php\/secretaria-de-extension-y-asuntos-estudiantiles\/catedras-libres\/\" class=\"elementor-item\">C\u00c1TEDRAS LIBRES<\/a><\/li>\n<li class=\"menu-item menu-item-type-post_type menu-item-object-page menu-item-5825\"><a href=\"https:\/\/fadeweb.uncoma.edu.ar\/index.php\/secretaria-de-extension-y-asuntos-estudiantiles\/promocion-y-defensa-de-derechos-humanos\/\" class=\"elementor-item\">PROMOCI\u00d3N Y DEFENSA DE DERECHOS HUMANOS<\/a><\/li>\n<li class=\"menu-item menu-item-type-post_type menu-item-object-page menu-item-5824\"><a href=\"https:\/\/fadeweb.uncoma.edu.ar\/index.php\/secretaria-de-extension-y-asuntos-estudiantiles\/politica-de-formacion\/\" class=\"elementor-item\">POL\u00cdTICA DE FORMACI\u00d3N<\/a><\/li>\n<li class=\"menu-item menu-item-type-post_type menu-item-object-page menu-item-5823\"><a href=\"https:\/\/fadeweb.uncoma.edu.ar\/index.php\/secretaria-de-extension-y-asuntos-estudiantiles\/area-de-habitos-saludables\/\" class=\"elementor-item\">\u00c1REA DE H\u00c1BITOS SALUDABLES<\/a><\/li>\n<li class=\"menu-item menu-item-type-post_type menu-item-object-page menu-item-5830\"><a href=\"https:\/\/fadeweb.uncoma.edu.ar\/index.php\/publifadecs\/\" class=\"elementor-item\">DEPARTAMENTO DE PUBLICACIONES<\/a><\/li>\n<li class=\"menu-item menu-item-type-custom menu-item-object-custom menu-item-4497\"><a href=\"http:\/\/www.antena-libre.com.ar\/\" class=\"elementor-item\">RADIO ANTENA LIBRE<\/a><\/li>\n<\/ul>\t\t\t<\/nav>\r\n\t\t\t\t\t\t<nav class=\"elementor-nav-menu--dropdown elementor-nav-menu__container\" aria-hidden=\"true\">\r\n\t\t\t\t<ul id=\"menu-2-5153f33\" class=\"elementor-nav-menu sm-vertical\"><li class=\"menu-item menu-item-type-post_type menu-item-object-page menu-item-5817\"><a href=\"https:\/\/fadeweb.uncoma.edu.ar\/index.php\/secretaria-de-extension-y-asuntos-estudiantiles\/proyectos-de-extension\/\" class=\"elementor-item\" tabindex=\"-1\">PROYECTOS DE EXTENSION<\/a><\/li>\n<li class=\"menu-item menu-item-type-post_type menu-item-object-page menu-item-5818\"><a href=\"https:\/\/fadeweb.uncoma.edu.ar\/index.php\/secretaria-de-extension-y-asuntos-estudiantiles\/proyectos-de-extension-en-ejecucion\/\" class=\"elementor-item\" tabindex=\"-1\">\u27a3 EN EJECUCION<\/a><\/li>\n<li class=\"menu-item menu-item-type-post_type menu-item-object-page menu-item-5819\"><a href=\"https:\/\/fadeweb.uncoma.edu.ar\/index.php\/secretaria-de-extension-y-asuntos-estudiantiles\/normativas-de-proyectos-de-extension\/\" class=\"elementor-item\" tabindex=\"-1\">\u27a3 NORMATIVAS<\/a><\/li>\n<li class=\"menu-item menu-item-type-post_type menu-item-object-page menu-item-5820\"><a href=\"https:\/\/fadeweb.uncoma.edu.ar\/index.php\/secretaria-de-extension-y-asuntos-estudiantiles\/llamados-de-proyectos-de-extension\/\" class=\"elementor-item\" tabindex=\"-1\">\u27a3 LLAMADOS<\/a><\/li>\n<li class=\"menu-item menu-item-type-post_type menu-item-object-page menu-item-5821\"><a href=\"https:\/\/fadeweb.uncoma.edu.ar\/index.php\/secretaria-de-extension-y-asuntos-estudiantiles\/becas-de-formacion-en-extension\/\" class=\"elementor-item\" tabindex=\"-1\">\u27a3 BECARIOS<\/a><\/li>\n<li class=\"menu-item menu-item-type-post_type menu-item-object-page menu-item-5829\"><a href=\"https:\/\/fadeweb.uncoma.edu.ar\/index.php\/secretaria-de-extension-y-asuntos-estudiantiles\/pasantias\/\" class=\"elementor-item\" tabindex=\"-1\">PASANTIAS<\/a><\/li>\n<li class=\"menu-item menu-item-type-post_type menu-item-object-page menu-item-has-children menu-item-5828\"><a href=\"https:\/\/fadeweb.uncoma.edu.ar\/index.php\/secretaria-de-extension-y-asuntos-estudiantiles\/diplomaturas\/\" class=\"elementor-item\" tabindex=\"-1\">DIPLOMATURAS<\/a>\n<ul class=\"sub-menu elementor-nav-menu--dropdown\">\n\t<li class=\"menu-item menu-item-type-post_type menu-item-object-page menu-item-15412\"><a href=\"https:\/\/fadeweb.uncoma.edu.ar\/index.php\/reglamentacion-diplomaturas\/\" class=\"elementor-sub-item\" tabindex=\"-1\">REGLAMENTACI\u00d3N<\/a><\/li>\n<\/ul>\n<\/li>\n<li class=\"menu-item menu-item-type-post_type menu-item-object-page menu-item-5835\"><a href=\"https:\/\/fadeweb.uncoma.edu.ar\/index.php\/secretaria-de-extension-y-asuntos-estudiantiles\/voluntariado\/\" class=\"elementor-item\" tabindex=\"-1\">VOLUNTARIADO<\/a><\/li>\n<li class=\"menu-item menu-item-type-post_type menu-item-object-page menu-item-5827\"><a href=\"https:\/\/fadeweb.uncoma.edu.ar\/index.php\/secretaria-de-extension-y-asuntos-estudiantiles\/servicios-a-terceros\/\" class=\"elementor-item\" tabindex=\"-1\">SERVICIOS A TERCEROS<\/a><\/li>\n<li class=\"menu-item menu-item-type-post_type menu-item-object-page menu-item-15436\"><a href=\"https:\/\/fadeweb.uncoma.edu.ar\/index.php\/secretaria-de-extension-y-asuntos-estudiantiles\/talles-upami\/\" class=\"elementor-item\" tabindex=\"-1\">TALLERES UPAMI<\/a><\/li>\n<li class=\"menu-item menu-item-type-post_type menu-item-object-page menu-item-5826\"><a href=\"https:\/\/fadeweb.uncoma.edu.ar\/index.php\/secretaria-de-extension-y-asuntos-estudiantiles\/catedras-libres\/\" class=\"elementor-item\" tabindex=\"-1\">C\u00c1TEDRAS LIBRES<\/a><\/li>\n<li class=\"menu-item menu-item-type-post_type menu-item-object-page menu-item-5825\"><a href=\"https:\/\/fadeweb.uncoma.edu.ar\/index.php\/secretaria-de-extension-y-asuntos-estudiantiles\/promocion-y-defensa-de-derechos-humanos\/\" class=\"elementor-item\" tabindex=\"-1\">PROMOCI\u00d3N Y DEFENSA DE DERECHOS HUMANOS<\/a><\/li>\n<li class=\"menu-item menu-item-type-post_type menu-item-object-page menu-item-5824\"><a href=\"https:\/\/fadeweb.uncoma.edu.ar\/index.php\/secretaria-de-extension-y-asuntos-estudiantiles\/politica-de-formacion\/\" class=\"elementor-item\" tabindex=\"-1\">POL\u00cdTICA DE FORMACI\u00d3N<\/a><\/li>\n<li class=\"menu-item menu-item-type-post_type menu-item-object-page menu-item-5823\"><a href=\"https:\/\/fadeweb.uncoma.edu.ar\/index.php\/secretaria-de-extension-y-asuntos-estudiantiles\/area-de-habitos-saludables\/\" class=\"elementor-item\" tabindex=\"-1\">\u00c1REA DE H\u00c1BITOS SALUDABLES<\/a><\/li>\n<li class=\"menu-item menu-item-type-post_type menu-item-object-page menu-item-5830\"><a href=\"https:\/\/fadeweb.uncoma.edu.ar\/index.php\/publifadecs\/\" class=\"elementor-item\" tabindex=\"-1\">DEPARTAMENTO DE PUBLICACIONES<\/a><\/li>\n<li class=\"menu-item menu-item-type-custom menu-item-object-custom menu-item-4497\"><a href=\"http:\/\/www.antena-libre.com.ar\/\" class=\"elementor-item\" tabindex=\"-1\">RADIO ANTENA LIBRE<\/a><\/li>\n<\/ul>\t\t\t<\/nav>\r\n\t\t\t\t\t\t<\/div>\n\t\t\t\t<\/div>\n\t\t\t\t\t<\/div>\n\t\t<\/div>\n\t\t\t\t\t<\/div>\n\t\t<\/section>\n\t\t\t\t<\/div>\n\t\t","protected":false},"excerpt":{"rendered":"<p>SECRETARIA DE EXTENSION Y ASUNTOS ESTUDIANTILES PROMOCI\u00d3N Y DEFENSA DE DERECHOS HUMANOS<\/p>\n","protected":false},"author":2,"featured_media":0,"parent":3456,"menu_order":0,"comment_status":"closed","ping_status":"closed","template":"","meta":{"footnotes":""},"class_list":["post-5809","page","type-page","status-publish","hentry"],"_links":{"self":[{"href":"https:\/\/fadeweb.uncoma.edu.ar\/index.php\/wp-json\/wp\/v2\/pages\/5809","targetHints":{"allow":["GET"]}}],"collection":[{"href":"https:\/\/fadeweb.uncoma.edu.ar\/index.php\/wp-json\/wp\/v2\/pages"}],"about":[{"href":"https:\/\/fadeweb.uncoma.edu.ar\/index.php\/wp-json\/wp\/v2\/types\/page"}],"author":[{"embeddable":true,"href":"https:\/\/fadeweb.uncoma.edu.ar\/index.php\/wp-json\/wp\/v2\/users\/2"}],"replies":[{"embeddable":true,"href":"https:\/\/fadeweb.uncoma.edu.ar\/index.php\/wp-json\/wp\/v2\/comments?post=5809"}],"version-history":[{"count":4,"href":"https:\/\/fadeweb.uncoma.edu.ar\/index.php\/wp-json\/wp\/v2\/pages\/5809\/revisions"}],"predecessor-version":[{"id":6271,"href":"https:\/\/fadeweb.uncoma.edu.ar\/index.php\/wp-json\/wp\/v2\/pages\/5809\/revisions\/6271"}],"up":[{"embeddable":true,"href":"https:\/\/fadeweb.uncoma.edu.ar\/index.php\/wp-json\/wp\/v2\/pages\/3456"}],"wp:attachment":[{"href":"https:\/\/fadeweb.uncoma.edu.ar\/index.php\/wp-json\/wp\/v2\/media?parent=5809"}],"curies":[{"name":"wp","href":"https:\/\/api.w.org\/{rel}","templated":true}]}}