{"id":5803,"date":"2022-10-06T20:48:41","date_gmt":"2022-10-06T23:48:41","guid":{"rendered":"http:\/\/170.210.81.106\/newfade\/?page_id=5803"},"modified":"2024-12-11T12:04:44","modified_gmt":"2024-12-11T15:04:44","slug":"diplomaturas","status":"publish","type":"page","link":"https:\/\/fadeweb.uncoma.edu.ar\/index.php\/secretaria-de-extension-y-asuntos-estudiantiles\/diplomaturas\/","title":{"rendered":"DIPLOMATURAS"},"content":{"rendered":"\t\t<div data-elementor-type=\"wp-page\" data-elementor-id=\"5803\" class=\"elementor elementor-5803\" data-elementor-post-type=\"page\">\n\t\t\t\t\t\t<section class=\"elementor-section elementor-top-section elementor-element elementor-element-e4b7caa elementor-section-boxed elementor-section-height-default elementor-section-height-default\" data-id=\"e4b7caa\" data-element_type=\"section\" data-e-type=\"section\">\n\t\t\t\t\t\t<div class=\"elementor-container elementor-column-gap-default\">\n\t\t\t\t\t<div class=\"elementor-column elementor-col-66 elementor-top-column elementor-element elementor-element-a6918b5\" data-id=\"a6918b5\" data-element_type=\"column\" data-e-type=\"column\">\n\t\t\t<div class=\"elementor-widget-wrap elementor-element-populated\">\n\t\t\t\t\t\t<div class=\"elementor-element elementor-element-8edf386 elementor-widget elementor-widget-text-editor\" data-id=\"8edf386\" data-element_type=\"widget\" data-e-type=\"widget\" data-widget_type=\"text-editor.default\">\n\t\t\t\t<div class=\"elementor-widget-container\">\n\t\t\t\t\t\t\t\t\t<h2><span class=\"titulo3\">SECRETARIA DE EXTENSION Y ASUNTOS ESTUDIANTILES<\/span><\/h2><h1 class=\"titulo1\">DIPLOMATURAS<\/h1><p class=\"texto\">La <a href=\"https:\/\/fadeweb.uncoma.edu.ar\/wp-content\/uploads\/2022\/10\/ord_491_2019-ord-diplomaturas.pdf\">Ordenanza N\u00ba 491\/2019<\/a>, reglamenta las Diplomaturas de Extensi\u00f3n de la Universidad Nacional del Comahue.<\/p>\t\t\t\t\t\t\t\t<\/div>\n\t\t\t\t<\/div>\n\t\t\t\t<div class=\"elementor-element elementor-element-6a7404a elementor-widget elementor-widget-posts\" data-id=\"6a7404a\" data-element_type=\"widget\" data-e-type=\"widget\" data-settings=\"{&quot;pagination_type&quot;:&quot;numbers_and_prev_next&quot;,&quot;full_content_row_gap&quot;:{&quot;unit&quot;:&quot;px&quot;,&quot;size&quot;:35,&quot;sizes&quot;:[]}}\" data-widget_type=\"posts.full_content\">\n\t\t\t\t<div class=\"elementor-widget-container\">\n\t\t\t\t\t\t\t<div class=\"elementor-posts-container elementor-posts elementor-posts--skin-full_content elementor-grid\" role=\"list\">\r\n\t\t\t\t<article class=\"elementor-post elementor-grid-item post-26862 post type-post status-publish format-standard has-post-thumbnail hentry category-la-ciudad-de-las-ninas-y-los-ninos category-notifadecs\" role=\"listitem\">\r\n\t\t\t\t<div class=\"elementor-post__text\">\r\n\t\t\t\t<h3 class=\"elementor-post__title\">\r\n\t\t\t<a href=\"https:\/\/fadeweb.uncoma.edu.ar\/index.php\/2025\/10\/31\/decima-edicion-de-la-diplomatura-de-extension-la-ciudad-de-las-ninas-y-ninos\/\" >\r\n\t\t\t\tD\u00c9CIMA EDICI\u00d3N DE LA DIPLOMATURA DE EXTENSI\u00d3N \u201cLA CIUDAD DE LAS NI\u00d1AS Y NI\u00d1OS\u201d\t\t\t<\/a>\r\n\t\t<\/h3>\r\n\t\t\t\t<div class=\"elementor-post__meta-data\">\r\n\t\t\t\t\t<span class=\"elementor-post-date\">\r\n\t\t\t31 octubre, 2025\t\t<\/span>\r\n\t\t\t\t<\/div>\r\n\t\t<p><img fetchpriority=\"high\" fetchpriority=\"high\" decoding=\"async\" class=\"alignnone wp-image-26861 size-large\" src=\"https:\/\/fadeweb.uncoma.edu.ar\/wp-content\/uploads\/2025\/10\/diplomatura-tonucci1-1024x559.jpeg\" alt=\"Tonucci impulsa cambio de paradigma urbano D\u00c9CIMA EDICI\u00d3N DE LA DIPLOMATURA DE EXTENSI\u00d3N \u201cLA CIUDAD DE LAS NI\u00d1AS Y NI\u00d1OS\u201d\" width=\"800\" height=\"437\" srcset=\"https:\/\/fadeweb.uncoma.edu.ar\/wp-content\/uploads\/2025\/10\/diplomatura-tonucci1-1024x559.jpeg 1024w, https:\/\/fadeweb.uncoma.edu.ar\/wp-content\/uploads\/2025\/10\/diplomatura-tonucci1-300x164.jpeg 300w, https:\/\/fadeweb.uncoma.edu.ar\/wp-content\/uploads\/2025\/10\/diplomatura-tonucci1-768x419.jpeg 768w, https:\/\/fadeweb.uncoma.edu.ar\/wp-content\/uploads\/2025\/10\/diplomatura-tonucci1-1536x838.jpeg 1536w, https:\/\/fadeweb.uncoma.edu.ar\/wp-content\/uploads\/2025\/10\/diplomatura-tonucci1.jpeg 1600w\" sizes=\"(max-width: 800px) 100vw, 800px\" \/><\/p>\n<p>&nbsp;<\/p>\n<p>La d\u00e9cima edici\u00f3n de la Diplomatura de Extensi\u00f3n \u201cLa Ciudad de las Ni\u00f1as y los Ni\u00f1os\u201d de Francesco Tonucci, se inici\u00f3 de manera formal este jueves 30 de octubre a trav\u00e9s de la plataforma Zoom. Intervinieron en el acto de apertura el pedagogo Franceso Tonucci, la coordinadora del Proyecto Internacional \u201cLa ciudad de las ni\u00f1as y los ni\u00f1os\u201d Lorena Morachimo, la coordinadora nacional Paula Querido, y por la FADECS el decano Juan Carlos Fern\u00e1ndez, y la secretaria de Extensi\u00f3n Sofia Szechenyi.<\/p>\n<p>Esta es una iniciativa conjunta entre la Facultad de Derecho y Ciencias Sociales de la Universidad Nacional del Comahue y la Asociaci\u00f3n Francesco Tonucci. Y en esta edici\u00f3n cursar\u00e1n como becados de la FADECS-UNCo Emilia Josefina Ter\u00e1n, Mar\u00eda Sol de las Nieves \u00d1ancucheo, Suellen Giaccio Manjon, Tamara Noem\u00ed Claveria y Alejandra Giselle Marichelar.<\/p>\n<p>Las\/los cursantes de la diplomatura se ubican geogr\u00e1ficamente en R\u00edo Grande do Sul, Vinhedo SP, Recife, Jundia\u00ed, Salvador, Brasileia, R\u00edo Negro (Colombia), Regi\u00f3n Comahue, Alicante, Rosario, y Santa Fe. Las cursadas se realizar\u00e1n de manera virtual y los contenidos buscan impulsar la autonom\u00eda, el derecho al juego y la participaci\u00f3n activa de los ni\u00f1os y ni\u00f1as en la vida urbana. El objetivo es formar promotores de participaci\u00f3n infantil para fortalecer la Red Argentina del Proyecto y contribuir a la generaci\u00f3n de pol\u00edticas p\u00fablicas que garanticen los derechos de la infancia.<\/p>\n<p>En la apertura, Francesco Tonucci sostuvo que la propuesta de la Diplomatura implica un cambio de paradigma de ciudad y vida urbana, enfocada especialmente en los ni\u00f1os y las ni\u00f1as, lo que implica pensar en el m\u00e1s fr\u00e1gil, para no olvidarse de nadie. Colocando la mira en cambiar la ciudad porque la reconoce equivocada, recuerda que la propuesta de la diplomatura no es un proyecto educativo, no se refiere a los ni\u00f1os como alumnos, sino que se refiere a los ni\u00f1os como ciudadanos peque\u00f1os.<\/p>\n<p>En ese marco, enfatiz\u00f3 que se ofrece a quien puede intervenir con autoridad para cambiar la ciudad; al intendente que es quien debe asumir el proyecto y elevarlo al Concejo Municipal para que lo apruebe, por ser el lugar donde se asientan el oficialismo y la oposici\u00f3n. En este proyecto, los ni\u00f1os y las ni\u00f1as asumen un papel protag\u00f3nico y lo asumen de una forma interesante y casi divertida, un poco como dec\u00eda Antoine de Saint-Exup\u00e9ry, quien escribi\u00f3 que \u00abtodos los adultos alguna vez fueron ni\u00f1os, pero casi nadie se acuerda\u00bb.<\/p>\n<p>El decano Fern\u00e1ndez, por su parte, destac\u00f3 que el proceso formativo de esta diplomatura, abarca a 15 pa\u00edses en m\u00e1s de 30 a\u00f1os, y en Am\u00e9rica Latina a m\u00e1s de 100 ciudades, y record\u00f3 que constituye una brillante idea proponer un nuevo paradigma de ciudad, de la mano de Francesco Tonucci, a quien consider\u00f3 una luminaria para muchas persona en todo el mundo.<\/p>\n<p>La FADECS felicita a los participantes por el compromiso asumido al inscribirse para ser parte, en esta nueva edici\u00f3n de la Diplomatura, de un espacio enriquecedor para todas y todos los cursantes.<\/p>\n\t\t<\/div>\r\n\t\t\t\t<\/article>\r\n\t\t\t\t<article class=\"elementor-post elementor-grid-item post-26620 post type-post status-publish format-standard has-post-thumbnail hentry category-la-ciudad-de-las-ninas-y-los-ninos category-notifadecs\" role=\"listitem\">\r\n\t\t\t\t<div class=\"elementor-post__text\">\r\n\t\t\t\t<h3 class=\"elementor-post__title\">\r\n\t\t\t<a href=\"https:\/\/fadeweb.uncoma.edu.ar\/index.php\/2025\/10\/02\/becas-para-la-diplomatura-la-ciudad-de-las-ninas-y-los-ninos-edicion-internacional\/\" >\r\n\t\t\t\tBECAS PARA LA DIPLOMATURA \u201cLA CIUDAD DE LAS NI\u00d1AS Y LOS NI\u00d1OS\u201d EDICI\u00d3N INTERNACIONAL\t\t\t<\/a>\r\n\t\t<\/h3>\r\n\t\t\t\t<div class=\"elementor-post__meta-data\">\r\n\t\t\t\t\t<span class=\"elementor-post-date\">\r\n\t\t\t2 octubre, 2025\t\t<\/span>\r\n\t\t\t\t<\/div>\r\n\t\t<p><img decoding=\"async\" class=\"alignnone wp-image-26621\" src=\"https:\/\/fadeweb.uncoma.edu.ar\/wp-content\/uploads\/2025\/10\/becas-tonucci-2025-819x1024.jpg\" alt=\"BECAS PARA LA DIPLOMATURA \u201cLA CIUDAD DE LAS NI\u00d1AS Y LOS NI\u00d1OS\u201d EDICI\u00d3N INTERNACIONAL\" width=\"640\" height=\"800\" srcset=\"https:\/\/fadeweb.uncoma.edu.ar\/wp-content\/uploads\/2025\/10\/becas-tonucci-2025-819x1024.jpg 819w, https:\/\/fadeweb.uncoma.edu.ar\/wp-content\/uploads\/2025\/10\/becas-tonucci-2025-240x300.jpg 240w, https:\/\/fadeweb.uncoma.edu.ar\/wp-content\/uploads\/2025\/10\/becas-tonucci-2025-768x960.jpg 768w, https:\/\/fadeweb.uncoma.edu.ar\/wp-content\/uploads\/2025\/10\/becas-tonucci-2025.jpg 1080w\" sizes=\"(max-width: 640px) 100vw, 640px\" \/><\/p>\n<p>La Secretar\u00eda de Extensi\u00f3n y Asuntos Estudiantiles otorgar\u00e1 5 becas a estudiantes de las carreras de abogac\u00eda y servicio social de la FADECS para cursar la diplomatura \u201cLa ciudad de las ni\u00f1as y los ni\u00f1os\u201d edici\u00f3n Internacional. Organizada por la Asociaci\u00f3n Francesco Tonucci.<\/p>\n<p><strong>Requisitos:<\/strong> Ser estudiante avanzado\/a de las carreras de abogac\u00eda y servicio social<\/p>\n<p><strong>Inicio:<\/strong> jueves 16 octubre<\/p>\n<p><strong>Modalidad:<\/strong> virtual<\/p>\n<p>Documentaci\u00f3n a presentar: certificado de regularidad y rendimiento acad\u00e9mico<\/p>\n<p><strong>Inscripciones:<\/strong> desde el 2 al 14 de octubre en el siguiente <a href=\"https:\/\/docs.google.com\/forms\/d\/e\/1FAIpQLSfs_AOlcrukD4ORi8MGV-O7v4RIGTO0GZwLsPEsg-oWeyZncg\/viewform?usp=header\">formulario<\/a>.<\/p>\n<p>Por dudas o consultas escribir a <a href=\"mailto:inscripciones.extensionfadecs@gmail.com\">inscripciones.extensionfadecs@gmail.com<\/a><\/p>\n\t\t<\/div>\r\n\t\t\t\t<\/article>\r\n\t\t\t\t<article class=\"elementor-post elementor-grid-item post-25236 post type-post status-publish format-standard has-post-thumbnail hentry category-diplomatura-en-periodismo-de-cultura-y-espectaculos category-notifadecs\" role=\"listitem\">\r\n\t\t\t\t<div class=\"elementor-post__text\">\r\n\t\t\t\t<h3 class=\"elementor-post__title\">\r\n\t\t\t<a href=\"https:\/\/fadeweb.uncoma.edu.ar\/index.php\/2025\/05\/12\/se-entregaron-los-diplomas-de-la-diplomatura-en-periodismo-de-cultura-y-espectaculos-2024\/\" >\r\n\t\t\t\tSE ENTREGARON LOS DIPLOMAS DE LA DIPLOMATURA EN PERIODISMO DE CULTURA Y ESPECT\u00c1CULOS 2024\t\t\t<\/a>\r\n\t\t<\/h3>\r\n\t\t\t\t<div class=\"elementor-post__meta-data\">\r\n\t\t\t\t\t<span class=\"elementor-post-date\">\r\n\t\t\t12 mayo, 2025\t\t<\/span>\r\n\t\t\t\t<\/div>\r\n\t\t<p><img decoding=\"async\" class=\"alignnone wp-image-25237 size-large\" src=\"https:\/\/fadeweb.uncoma.edu.ar\/wp-content\/uploads\/2025\/05\/0-1024x689.jpg\" alt=\"SE ENTREGARON LOS DIPLOMAS DE LA DIPLOMATURA EN PERIODISMO DE CULTURA Y ESPECT\u00c1CULOS 2024\" width=\"800\" height=\"538\" srcset=\"https:\/\/fadeweb.uncoma.edu.ar\/wp-content\/uploads\/2025\/05\/0-1024x689.jpg 1024w, https:\/\/fadeweb.uncoma.edu.ar\/wp-content\/uploads\/2025\/05\/0-300x202.jpg 300w, https:\/\/fadeweb.uncoma.edu.ar\/wp-content\/uploads\/2025\/05\/0-768x516.jpg 768w, https:\/\/fadeweb.uncoma.edu.ar\/wp-content\/uploads\/2025\/05\/0.jpg 1200w\" sizes=\"(max-width: 800px) 100vw, 800px\" \/><\/p>\n<p>El decano Juan Carlos Fern\u00e1ndez y la secretaria de Extensi\u00f3n Sofia Szechenyi asistieron el viernes 9 de mayo a la entrega de diplomas de la Diplomatura en Periodismo de Cultura y Espect\u00e1culos, dictada en la FADECS entre junio y diciembre de 2024, bajo la direcci\u00f3n de Patricia Chaina, periodista y licenciada en Comunicaci\u00f3n Social (UBA).<\/p>\n<p>La actividad se realiz\u00f3 en formato mixto, virtual y presencial y, adem\u00e1s, se present\u00f3 all\u00ed el dossier de trabajos realizados durante este trayecto formativo, en los g\u00e9neros de cr\u00f3nica y cr\u00edticas, en los rubros cine, teatro, televisi\u00f3n, m\u00fasica y eventos en vivo.<\/p>\n<p>Con la presencia de los estudiantes que recibieron sus diplomas, acompa\u00f1ados por sus familias y quienes asistieron en forma virtual, fue un emotivo momento de evaluaci\u00f3n colectiva, donde cada uno expres\u00f3 de qu\u00e9 manera esta diplomatura aport\u00f3 a su formaci\u00f3n acad\u00e9mica. Se valoriz\u00f3 la modalidad virtual, la solidez del grupo que creci\u00f3 durante los siete meses de cursada, y la calidad profesional de los docentes.<\/p>\n<p>Tambi\u00e9n se puso en valor el sost\u00e9n brindado por esta Universidad y por la Facultad, y por quienes acompa\u00f1aron el recorrido en su instancia institucional y organizativa, Alejandro Candia (UBA) y Rodrigo Sandoval (FADECS-UNCo).<\/p>\n<p>Particip\u00f3 del acto, en forma presencial, el docente y director de cine Gustavo Gzain. Y en forma virtual, los docentes Macarena Deluca (Universidad Nacional de La Plata) y Roque Casciero (diario P\u00e1gina\/12). Tambi\u00e9n quienes dictaron clases magistrales como la guionista Alejandra Rojo (Universidad de Paris 8) desde Francia, y el realizador Carlos Echeverr\u00eda (Universidad Nacional de Tierra del Fuego).<\/p>\n<p>La calidad de la formaci\u00f3n acad\u00e9mica desde la Universidad P\u00fablica demostr\u00f3 as\u00ed, una vez m\u00e1s, su lugar central para generar un futuro donde sea posible el desarrollo de una vida social, plena e inclusiva. Aun cuando hablemos de cosas, en apariencia banales, como \u00abel maravilloso mundo del espect\u00e1culo\u00bb.<\/p>\n<p>El dossier con los mejores trabajos se puede <a href=\"https:\/\/fadeweb.uncoma.edu.ar\/index.php\/secretaria-de-extension-y-asuntos-estudiantiles\/diplomaturas\/diplomatura-en-periodismo-de-cultura-y-espectaculos\/dossier\/\"><strong>visitar ac\u00e1<\/strong><\/a>.<\/p>\n\t\t<\/div>\r\n\t\t\t\t<\/article>\r\n\t\t\t\t<article class=\"elementor-post elementor-grid-item post-25173 post type-post status-publish format-standard has-post-thumbnail hentry category-diplomatura-en-periodismo-de-cultura-y-espectaculos category-notifadecs\" role=\"listitem\">\r\n\t\t\t\t<div class=\"elementor-post__text\">\r\n\t\t\t\t<h3 class=\"elementor-post__title\">\r\n\t\t\t<a href=\"https:\/\/fadeweb.uncoma.edu.ar\/index.php\/2025\/05\/09\/hoy-entrega-de-diplomas-de-la-diplomatura-en-periodismo-de-cultura-y-espectaculos\/\" >\r\n\t\t\t\tHOY, ENTREGA DE DIPLOMAS DE LA DIPLOMATURA EN PERIODISMO DE CULTURA Y ESPECT\u00c1CULOS\t\t\t<\/a>\r\n\t\t<\/h3>\r\n\t\t\t\t<div class=\"elementor-post__meta-data\">\r\n\t\t\t\t\t<span class=\"elementor-post-date\">\r\n\t\t\t9 mayo, 2025\t\t<\/span>\r\n\t\t\t\t<\/div>\r\n\t\t<p><img loading=\"lazy\" loading=\"lazy\" decoding=\"async\" class=\"alignnone wp-image-25174\" src=\"https:\/\/fadeweb.uncoma.edu.ar\/wp-content\/uploads\/2025\/05\/diplo.jpg\" alt=\"HOY, ENTREGA DE DIPLOMAS DE LA DIPLOMATURA EN PERIODISMO DE CULTURA Y ESPECT\u00c1CULOS\" width=\"600\" height=\"423\" srcset=\"https:\/\/fadeweb.uncoma.edu.ar\/wp-content\/uploads\/2025\/05\/diplo.jpg 828w, https:\/\/fadeweb.uncoma.edu.ar\/wp-content\/uploads\/2025\/05\/diplo-300x212.jpg 300w, https:\/\/fadeweb.uncoma.edu.ar\/wp-content\/uploads\/2025\/05\/diplo-768x542.jpg 768w\" sizes=\"auto, (max-width: 600px) 100vw, 600px\" \/><\/p>\n<p>Se realizar\u00e1 hoy la entrega de diplomas de la Diplomatura en Periodismo de Cultura y Espect\u00e1culos, dictada en la FADECS entre junio y diciembre de 2024. La actividad se realizar\u00e1 a las 17, en forma virtual (por Meet) y presencial en aula 5 de nuestra casa de estudios. Adem\u00e1s, se presentar\u00e1 el dossier de trabajos realizados en los rubros cine, teatro, televisi\u00f3n y m\u00fasica.<\/p>\n<p>Estar\u00e1n presentes el decano Juan Carlos Fern\u00e1ndez y la secretaria de Extensi\u00f3n Sofia Szechenyi, y la directora acad\u00e9mica Licenciada Patricia Chaina. Y en forma virtual, docentes de los seminarios y profesionales que dieron clases magistrales, entre ellas\/os Macarena Deluca, Roque Casciero, Alexandra Rojo, Maitena Minella.<\/p>\n<p>El dossier con los mejores trabajos <a href=\"https:\/\/fadeweb.uncoma.edu.ar\/index.php\/secretaria-de-extension-y-asuntos-estudiantiles\/diplomaturas\/diplomatura-en-periodismo-de-cultura-y-espectaculos\/dossier\/\"><strong>se puede visitar ac\u00e1<\/strong><\/a>.<\/p>\n\t\t<\/div>\r\n\t\t\t\t<\/article>\r\n\t\t\t\t<article class=\"elementor-post elementor-grid-item post-22929 post type-post status-publish format-standard has-post-thumbnail hentry category-la-ciudad-de-las-ninas-y-los-ninos category-notifadecs\" role=\"listitem\">\r\n\t\t\t\t<div class=\"elementor-post__text\">\r\n\t\t\t\t<h3 class=\"elementor-post__title\">\r\n\t\t\t<a href=\"https:\/\/fadeweb.uncoma.edu.ar\/index.php\/2024\/12\/16\/cierre-de-la-diplomatura-nacional-proyecto-la-ciudad-de-las-ninas-y-los-ninos-2024\/\" >\r\n\t\t\t\tCIERRE DE LA DIPLOMATURA NACIONAL PROYECTO LA CIUDAD DE LAS NI\u00d1AS Y LOS NI\u00d1OS 2024\t\t\t<\/a>\r\n\t\t<\/h3>\r\n\t\t\t\t<div class=\"elementor-post__meta-data\">\r\n\t\t\t\t\t<span class=\"elementor-post-date\">\r\n\t\t\t16 diciembre, 2024\t\t<\/span>\r\n\t\t\t\t<\/div>\r\n\t\t<p><img loading=\"lazy\" loading=\"lazy\" decoding=\"async\" class=\"alignnone wp-image-22930\" src=\"https:\/\/fadeweb.uncoma.edu.ar\/wp-content\/uploads\/2024\/12\/Captura-de-pantalla-2024-12-14-105038-1024x469.png\" alt=\"CIERRE DE LA DIPLOMATURA NACIONAL PROYECTO LA CIUDAD DE LAS NI\u00d1AS Y LOS NI\u00d1OS 2024\" width=\"500\" height=\"229\" srcset=\"https:\/\/fadeweb.uncoma.edu.ar\/wp-content\/uploads\/2024\/12\/Captura-de-pantalla-2024-12-14-105038-1024x469.png 1024w, https:\/\/fadeweb.uncoma.edu.ar\/wp-content\/uploads\/2024\/12\/Captura-de-pantalla-2024-12-14-105038-300x137.png 300w, https:\/\/fadeweb.uncoma.edu.ar\/wp-content\/uploads\/2024\/12\/Captura-de-pantalla-2024-12-14-105038-768x351.png 768w, https:\/\/fadeweb.uncoma.edu.ar\/wp-content\/uploads\/2024\/12\/Captura-de-pantalla-2024-12-14-105038-1536x703.png 1536w, https:\/\/fadeweb.uncoma.edu.ar\/wp-content\/uploads\/2024\/12\/Captura-de-pantalla-2024-12-14-105038.png 1914w\" sizes=\"auto, (max-width: 500px) 100vw, 500px\" \/> <img loading=\"lazy\" loading=\"lazy\" decoding=\"async\" class=\"alignnone wp-image-22942\" src=\"https:\/\/fadeweb.uncoma.edu.ar\/wp-content\/uploads\/2024\/12\/tonucci1-1024x452.jpg\" alt=\"\" width=\"518\" height=\"229\" srcset=\"https:\/\/fadeweb.uncoma.edu.ar\/wp-content\/uploads\/2024\/12\/tonucci1-1024x452.jpg 1024w, https:\/\/fadeweb.uncoma.edu.ar\/wp-content\/uploads\/2024\/12\/tonucci1-300x133.jpg 300w, https:\/\/fadeweb.uncoma.edu.ar\/wp-content\/uploads\/2024\/12\/tonucci1-768x339.jpg 768w, https:\/\/fadeweb.uncoma.edu.ar\/wp-content\/uploads\/2024\/12\/tonucci1.jpg 1080w\" sizes=\"auto, (max-width: 518px) 100vw, 518px\" \/><\/p>\n<p>Con la entrega de 53 diplomas, se llev\u00f3 a cabo la Jornada de Cierre de la Tercera Edici\u00f3n a nivel nacional de la Diplomatura, realizada el s\u00e1bado 14 de diciembre de 2024, con la presencia del decano de la FADECS Juan Carlos Fern\u00e1ndez y la secretaria de Extensi\u00f3n Sofia Szechenyi. Por la Asociaci\u00f3n que preside Francesco Tonucci, el psicopedagogo estuvo acompa\u00f1ado por la licenciada Lorena Morachimo (vicepresidenta), la especialista Paula Querido (directora) y todo el equipo de trabajo de la Asociaci\u00f3n, y la Defensora de los Derechos de Ni\u00f1as, Ni\u00f1os y Adolescentes de la Naci\u00f3n Marisa Graham.<\/p>\n<p>Esta nueva edici\u00f3n de la Diplomatura \u00abLa Ciudad de las Ni\u00f1as y los Ni\u00f1os\u00bb, fue organizada por la Secretar\u00eda de Extensi\u00f3n de la Facultad de Derecho y Ciencias Sociales de la UNCo y la Asociaci\u00f3n de Francesco Tonucci, en colaboraci\u00f3n con la Defensor\u00eda Nacional de los Derechos de las Ni\u00f1as, Ni\u00f1os y Adolescentes de Argentina. A la misma se sumaron entidades de R\u00edo Negro y Neuqu\u00e9n, Argentina e Iberoam\u00e9rica, reforzando el esfuerzo conjunto y el compromiso con los derechos de las ni\u00f1as, ni\u00f1os y adolescentes.<\/p>\n<p>El convenio entre la Defensor\u00eda Nacional y la UNCo, dispuso que el proceso formativo estuviera a cargo del equipo pedag\u00f3gico de la Asociaci\u00f3n Francesco Tonucci. La convocatoria reuni\u00f3 a m\u00e1s de 60 referentes territoriales de ciudades, entidades y organizaciones de todo el pa\u00eds, a trav\u00e9s de la cual se profundiz\u00f3 la \u201cfilosof\u00eda tonucciana\u201d. La construcci\u00f3n colectiva de herramientas para dise\u00f1ar e implementar acciones y pol\u00edticas p\u00fablicas, trabaj\u00f3 sobre ejes como el juego, la participaci\u00f3n, la autonom\u00eda, y sobre conceptos como el de la oreja verde o de la piedra en el zapato, con una aptitud transformadora muy importante.<\/p>\n<p>Fuerte impacto del proyecto en la FADECS<\/p>\n<p>\u00abEs un encuentro de una densidad institucional y acad\u00e9mica profunda, en esta nueva edici\u00f3n se ahondaron las visiones alternativas que muchas personas est\u00e1n trabajando desde sus lugares, y est\u00e1n contribuyendo a un nuevo modo de ver el mundo. Al inicio de la diplomatura indicamos que la calidad acad\u00e9mica del grupo liderado por Francesco Tonucci est\u00e1 fuera de discusi\u00f3n por las universidades e instituciones que lo avalan, como en esta oportunidad el equipo de La DEFE y la participaci\u00f3n de la se\u00f1ora Defensora, Marisa Graham\u00bb, dijo el decano de FADECS.<\/p>\n<p>Tampoco hay duda del gran impacto territorial que en much\u00edsimas latitudes est\u00e1 teniendo esta perspectiva acad\u00e9mica, filos\u00f3fica, te\u00f3rica, metodol\u00f3gica. Es diferencial, no todas las grandes ideas tienen la posibilidad de ser aplicadas y encarnadas en el tiempo en el que sus referentes est\u00e1n transitando por este plan. Es muy importante rescatar esta efectiva transformaci\u00f3n social y territorial que ha tenido en relativamente muy poco tiempo esta perspectiva. Y que es tambi\u00e9n jur\u00eddica porque Tonucci tambi\u00e9n nos ha aportado dos o tres visiones muy interesantes de la convenci\u00f3n del derecho y de las infancias. Cualquier abogado o abogada presente, que est\u00e9 trabajando en la materia o que ha sido influido por estas perspectivas, puede y deber\u00eda empezar a aplicar en lo inmediato.<\/p>\n<p>En la apertura de la jornada se afirm\u00f3 que nuestra casa de estudios es testigo importante, en la medida en que fue impactada en forma relevante por la transformaci\u00f3n socioterritorial que ha tenido la visi\u00f3n filos\u00f3fica y el proyecto acad\u00e9mico de la Asociaci\u00f3n. Se vivi\u00f3 desde lugares distintos, por caso a partir del v\u00ednculo con los intendentes y las intendentas de R\u00edo Negro y Neuqu\u00e9n, con requerimientos desde esos sectores para con personas que integran la red liderada por Tonucci o vinculadas a la red, para realizar reediciones de organizaci\u00f3n barrial, territorial, entre otros.<\/p>\n<p>\u00abDesde nuestro lugar de decano, dijo Fern\u00e1ndez, por las propuestas de trabajo, de transformaci\u00f3n, tanto en el aspecto edilicio, como en el modo de dar clases, o del modo de estar los docentes, no docente y estudiantes en nuestra vida acad\u00e9mica diaria, que es hasta hoy de modo muy fuerte adultoc\u00e9ntrica. Espero que podamos seguir recorriendo juntos este camino en forma institucional y que podamos seguir proyectando en toda nuestra comunidad, que hoy ha llegado a un nivel latinoamericano. Y aunque no se alcanzara, ya hoy hay un logro muy importante, a partir del fuerte impacto que han tenido estos proyectos en la organizaci\u00f3n que me toca dirigir. A partir de los intendentes e intendentas de nuestra zona de influencia nos reclaman determinadas pr\u00e1cticas, vinculadas a esta visi\u00f3n no adultoc\u00e9ntrica\u00bb.<\/p>\n\t\t<\/div>\r\n\t\t\t\t<\/article>\r\n\t\t\t\t<article class=\"elementor-post elementor-grid-item post-22857 post type-post status-publish format-standard has-post-thumbnail hentry category-diplomatura-en-periodismo-de-cultura-y-espectaculos category-notifadecs\" role=\"listitem\">\r\n\t\t\t\t<div class=\"elementor-post__text\">\r\n\t\t\t\t<h3 class=\"elementor-post__title\">\r\n\t\t\t<a href=\"https:\/\/fadeweb.uncoma.edu.ar\/index.php\/2024\/12\/11\/nacho-gadano-brillo-en-la-diplomatura-en-periodismo-de-cultura-y-espectaculos\/\" >\r\n\t\t\t\tNACHO GADANO BRILL\u00d3 EN LA DIPLOMATURA EN PERIODISMO DE CULTURA Y ESPECT\u00c1CULOS\t\t\t<\/a>\r\n\t\t<\/h3>\r\n\t\t\t\t<div class=\"elementor-post__meta-data\">\r\n\t\t\t\t\t<span class=\"elementor-post-date\">\r\n\t\t\t11 diciembre, 2024\t\t<\/span>\r\n\t\t\t\t<\/div>\r\n\t\t<p><img loading=\"lazy\" loading=\"lazy\" decoding=\"async\" class=\"wp-image-22858 alignleft\" src=\"https:\/\/fadeweb.uncoma.edu.ar\/wp-content\/uploads\/2024\/12\/gadano-1024x1024.jpeg\" alt=\"NACHO GADANO BRILL\u00d3 EN LA DIPLOMATURA EN PERIODISMO DE CULTURA Y ESPECT\u00c1CULOS\" width=\"600\" height=\"600\" srcset=\"https:\/\/fadeweb.uncoma.edu.ar\/wp-content\/uploads\/2024\/12\/gadano-1024x1024.jpeg 1024w, https:\/\/fadeweb.uncoma.edu.ar\/wp-content\/uploads\/2024\/12\/gadano-300x300.jpeg 300w, https:\/\/fadeweb.uncoma.edu.ar\/wp-content\/uploads\/2024\/12\/gadano-150x150.jpeg 150w, https:\/\/fadeweb.uncoma.edu.ar\/wp-content\/uploads\/2024\/12\/gadano-768x768.jpeg 768w, https:\/\/fadeweb.uncoma.edu.ar\/wp-content\/uploads\/2024\/12\/gadano-1536x1536.jpeg 1536w, https:\/\/fadeweb.uncoma.edu.ar\/wp-content\/uploads\/2024\/12\/gadano.jpeg 1600w\" sizes=\"auto, (max-width: 600px) 100vw, 600px\" \/><\/p>\n<p>La disociaci\u00f3n entre el personaje y la persona que se manifiesta en la actuaci\u00f3n, como gran paradigma, es f\u00e1cilmente reconocible en el caso de Nacho Gadano. El actor, nacido en Roca, supo consolidar un espacio propio y f\u00e1cilmente identificable alrededor de su figura, en el multifac\u00e9tico y superpoblado mundo de la actuaci\u00f3n.<\/p>\n<p>El s\u00e1bado 7 de diciembre, en una nueva entrevista colectiva de la Diplomatura en Periodismo de Cultura y Espect\u00e1culos, el actor que es \u00abel Zonzini\u00bb de la pel\u00edcula Nahir, \u00abel Turco\u00bb de Monz\u00f3n, la serie de TV, o, en sus inicios, el \u00abMart\u00edn\u00bb en la tira Alen luz de luna, mostr\u00f3 su parte humana, su amabilidad, su entrega genuina a una conversaci\u00f3n en la que durante unas tres horas, habl\u00f3 de todo: sus inicios, su formaci\u00f3n, la carrera y las exigencias del oficio en la era de inmediatez, comandada por las multiplataformas. Tambi\u00e9n de la actualidad sociopol\u00edtica.<\/p>\n<p>Confirm\u00f3 as\u00ed la semejanza entre la construcci\u00f3n de una carrera actoral y un gran edificio: hay cimientos, pilares, paredes. \u00abHay voluntad y decisi\u00f3n\u00bb, dijo. Tambi\u00e9n hay algo especial, no siempre perceptible: talento. Ese brillo que rodea al personaje cuando el actor toma la escena. Aunque Nacho Gadano descree del \u00abvirtuosismo del talento\u00bb. Conf\u00eda m\u00e1s en la destreza que otorga la formaci\u00f3n ya sea en el canto o la actuaci\u00f3n. Y en crecer, creando redes.<\/p>\n<p>\u00abEn la cultura entramos todos\u00bb dijo, mientras recreaba una foto que tuvo lugar la semana pasada frente al teatro San Mart\u00edn de Avenida Corrientes con el ic\u00f3nico Arnaldo Andr\u00e9 de un lado, y el prestigioso Osmar Nu\u00f1ez del otro. Al medio, \u00e9l, que puede iluminar la noche con su sonrisa, esa que le dio entrada al maravilloso mundo del espect\u00e1culo, y sostenerla hoy, cuando ya es un actor prestigioso y consagrado.<\/p>\n<p>\u00a1Un lujo haberte tenido con nosotros en este espacio de aprendizaje y reflexi\u00f3n!<\/p>\n\t\t<\/div>\r\n\t\t\t\t<\/article>\r\n\t\t\t\t<\/div>\r\n\t\t\r\n\t\t\t\t<div class=\"e-load-more-anchor\" data-page=\"1\" data-max-page=\"14\" data-next-page=\"https:\/\/fadeweb.uncoma.edu.ar\/index.php\/wp-json\/wp\/v2\/pages\/5803\/page\/2\/\"><\/div>\r\n\t\t\t\t<nav class=\"elementor-pagination\" aria-label=\"Pagination\">\r\n\t\t\t<span class=\"page-numbers prev\">&laquo; Anterior<\/span>\n<span aria-current=\"page\" class=\"page-numbers current\"><span class=\"elementor-screen-only\">Page<\/span>1<\/span>\n<a class=\"page-numbers\" href=\"https:\/\/fadeweb.uncoma.edu.ar\/index.php\/wp-json\/wp\/v2\/pages\/5803\/page\/2\/\"><span class=\"elementor-screen-only\">Page<\/span>2<\/a>\n<a class=\"page-numbers\" href=\"https:\/\/fadeweb.uncoma.edu.ar\/index.php\/wp-json\/wp\/v2\/pages\/5803\/page\/3\/\"><span class=\"elementor-screen-only\">Page<\/span>3<\/a>\n<a class=\"page-numbers\" href=\"https:\/\/fadeweb.uncoma.edu.ar\/index.php\/wp-json\/wp\/v2\/pages\/5803\/page\/4\/\"><span class=\"elementor-screen-only\">Page<\/span>4<\/a>\n<a class=\"page-numbers\" href=\"https:\/\/fadeweb.uncoma.edu.ar\/index.php\/wp-json\/wp\/v2\/pages\/5803\/page\/5\/\"><span class=\"elementor-screen-only\">Page<\/span>5<\/a>\n<a class=\"page-numbers next\" href=\"https:\/\/fadeweb.uncoma.edu.ar\/index.php\/wp-json\/wp\/v2\/pages\/5803\/page\/2\/\">Siguiente &raquo;<\/a>\t\t<\/nav>\r\n\t\t\t\t\t\t<\/div>\n\t\t\t\t<\/div>\n\t\t\t\t<div class=\"elementor-element elementor-element-c349e1a elementor-widget elementor-widget-shortcode\" data-id=\"c349e1a\" data-element_type=\"widget\" data-e-type=\"widget\" data-widget_type=\"shortcode.default\">\n\t\t\t\t<div class=\"elementor-widget-container\">\n\t\t\t\t\t\t\t<div class=\"elementor-shortcode\">\t\t<div data-elementor-type=\"section\" data-elementor-id=\"4605\" class=\"elementor elementor-4605\" data-elementor-post-type=\"elementor_library\">\r\n\t\t\t\t\t<section class=\"elementor-section elementor-top-section elementor-element elementor-element-1f039b1f elementor-section-boxed elementor-section-height-default elementor-section-height-default\" data-id=\"1f039b1f\" data-element_type=\"section\" data-e-type=\"section\">\n\t\t\t\t\t\t<div class=\"elementor-container elementor-column-gap-default\">\n\t\t\t\t\t<div class=\"elementor-column elementor-col-100 elementor-top-column elementor-element elementor-element-11f9e382\" data-id=\"11f9e382\" data-element_type=\"column\" data-e-type=\"column\">\n\t\t\t<div class=\"elementor-widget-wrap elementor-element-populated\">\n\t\t\t\t\t\t<div class=\"elementor-element elementor-element-4368285 elementor-widget-divider--view-line elementor-widget elementor-widget-divider\" data-id=\"4368285\" data-element_type=\"widget\" data-e-type=\"widget\" data-widget_type=\"divider.default\">\n\t\t\t\t<div class=\"elementor-widget-container\">\n\t\t\t\t\t\t\t<div class=\"elementor-divider\">\n\t\t\t<span class=\"elementor-divider-separator\">\n\t\t\t\t\t\t<\/span>\n\t\t<\/div>\n\t\t\t\t\t\t<\/div>\n\t\t\t\t<\/div>\n\t\t\t\t<div class=\"elementor-element elementor-element-1641eaac elementor-widget elementor-widget-text-editor\" data-id=\"1641eaac\" data-element_type=\"widget\" data-e-type=\"widget\" data-widget_type=\"text-editor.default\">\n\t\t\t\t<div class=\"elementor-widget-container\">\n\t\t\t\t\t\t\t\t\t<p><strong>CONTACTO<\/strong><br \/>Cel: <span class=\"texto\">2984690225<\/span><br \/>Correo electr\u00f3nico: <a href=\"mailto:secretaria.extensionfadecs@gmail.com\">secretaria.extensionfadecs@gmail.com<\/a><br \/>Para inscripciones a cursos, charlas, etc: <a href=\"mailto:inscripciones.extensionfadecs@gmail.com\">inscripciones.extensionfadecs@gmail.com<\/a><br \/>Para inscripciones a pasant\u00edas: <a href=\"mailto:pasantias.extensionfadecs@gmail.com\">pasantias.extensionfadecs@gmail.com<\/a><\/p><p>Mendoza y Per\u00fa.<br \/>(8332) General Roca, R\u00edo Negro <br \/>Argentina<\/p>\t\t\t\t\t\t\t\t<\/div>\n\t\t\t\t<\/div>\n\t\t\t\t\t<\/div>\n\t\t<\/div>\n\t\t\t\t\t<\/div>\n\t\t<\/section>\n\t\t\t\t<\/div>\r\n\t\t<\/div>\n\t\t\t\t\t\t<\/div>\n\t\t\t\t<\/div>\n\t\t\t\t\t<\/div>\n\t\t<\/div>\n\t\t\t\t<div class=\"elementor-column elementor-col-33 elementor-top-column elementor-element elementor-element-61028ff\" data-id=\"61028ff\" data-element_type=\"column\" data-e-type=\"column\">\n\t\t\t<div class=\"elementor-widget-wrap elementor-element-populated\">\n\t\t\t\t\t\t<div class=\"elementor-element elementor-element-abc3f7f elementor-nav-menu__align-start elementor-nav-menu--dropdown-none elementor-widget elementor-widget-nav-menu\" data-id=\"abc3f7f\" data-element_type=\"widget\" data-e-type=\"widget\" id=\"menu-lateral\" data-settings=\"{&quot;layout&quot;:&quot;vertical&quot;,&quot;submenu_icon&quot;:{&quot;value&quot;:&quot;&lt;i class=\\&quot;fas fa-caret-down\\&quot; aria-hidden=\\&quot;true\\&quot;&gt;&lt;\\\/i&gt;&quot;,&quot;library&quot;:&quot;fa-solid&quot;}}\" data-widget_type=\"nav-menu.default\">\n\t\t\t\t<div class=\"elementor-widget-container\">\n\t\t\t\t\t\t\t\t<nav aria-label=\"Menu\" class=\"elementor-nav-menu--main elementor-nav-menu__container elementor-nav-menu--layout-vertical e--pointer-background e--animation-fade\">\r\n\t\t\t\t<ul id=\"menu-1-abc3f7f\" class=\"elementor-nav-menu sm-vertical\"><li class=\"menu-item menu-item-type-post_type menu-item-object-page menu-item-5817\"><a href=\"https:\/\/fadeweb.uncoma.edu.ar\/index.php\/secretaria-de-extension-y-asuntos-estudiantiles\/proyectos-de-extension\/\" class=\"elementor-item\">PROYECTOS DE EXTENSION<\/a><\/li>\n<li class=\"menu-item menu-item-type-post_type menu-item-object-page menu-item-5818\"><a href=\"https:\/\/fadeweb.uncoma.edu.ar\/index.php\/secretaria-de-extension-y-asuntos-estudiantiles\/proyectos-de-extension-en-ejecucion\/\" class=\"elementor-item\">\u27a3 EN EJECUCION<\/a><\/li>\n<li class=\"menu-item menu-item-type-post_type menu-item-object-page menu-item-5819\"><a href=\"https:\/\/fadeweb.uncoma.edu.ar\/index.php\/secretaria-de-extension-y-asuntos-estudiantiles\/normativas-de-proyectos-de-extension\/\" class=\"elementor-item\">\u27a3 NORMATIVAS<\/a><\/li>\n<li class=\"menu-item menu-item-type-post_type menu-item-object-page menu-item-5820\"><a href=\"https:\/\/fadeweb.uncoma.edu.ar\/index.php\/secretaria-de-extension-y-asuntos-estudiantiles\/llamados-de-proyectos-de-extension\/\" class=\"elementor-item\">\u27a3 LLAMADOS<\/a><\/li>\n<li class=\"menu-item menu-item-type-post_type menu-item-object-page menu-item-5821\"><a href=\"https:\/\/fadeweb.uncoma.edu.ar\/index.php\/secretaria-de-extension-y-asuntos-estudiantiles\/becas-de-formacion-en-extension\/\" class=\"elementor-item\">\u27a3 BECARIOS<\/a><\/li>\n<li class=\"menu-item menu-item-type-post_type menu-item-object-page menu-item-5829\"><a href=\"https:\/\/fadeweb.uncoma.edu.ar\/index.php\/secretaria-de-extension-y-asuntos-estudiantiles\/pasantias\/\" class=\"elementor-item\">PASANTIAS<\/a><\/li>\n<li class=\"menu-item menu-item-type-post_type menu-item-object-page menu-item-has-children menu-item-5828\"><a href=\"https:\/\/fadeweb.uncoma.edu.ar\/index.php\/secretaria-de-extension-y-asuntos-estudiantiles\/diplomaturas\/\" class=\"elementor-item\">DIPLOMATURAS<\/a>\n<ul class=\"sub-menu elementor-nav-menu--dropdown\">\n\t<li class=\"menu-item menu-item-type-post_type menu-item-object-page menu-item-15412\"><a href=\"https:\/\/fadeweb.uncoma.edu.ar\/index.php\/reglamentacion-diplomaturas\/\" class=\"elementor-sub-item\">REGLAMENTACI\u00d3N<\/a><\/li>\n<\/ul>\n<\/li>\n<li class=\"menu-item menu-item-type-post_type menu-item-object-page menu-item-5835\"><a href=\"https:\/\/fadeweb.uncoma.edu.ar\/index.php\/secretaria-de-extension-y-asuntos-estudiantiles\/voluntariado\/\" class=\"elementor-item\">VOLUNTARIADO<\/a><\/li>\n<li class=\"menu-item menu-item-type-post_type menu-item-object-page menu-item-5827\"><a href=\"https:\/\/fadeweb.uncoma.edu.ar\/index.php\/secretaria-de-extension-y-asuntos-estudiantiles\/servicios-a-terceros\/\" class=\"elementor-item\">SERVICIOS A TERCEROS<\/a><\/li>\n<li class=\"menu-item menu-item-type-post_type menu-item-object-page menu-item-15436\"><a href=\"https:\/\/fadeweb.uncoma.edu.ar\/index.php\/secretaria-de-extension-y-asuntos-estudiantiles\/talles-upami\/\" class=\"elementor-item\">TALLERES UPAMI<\/a><\/li>\n<li class=\"menu-item menu-item-type-post_type menu-item-object-page menu-item-5826\"><a href=\"https:\/\/fadeweb.uncoma.edu.ar\/index.php\/secretaria-de-extension-y-asuntos-estudiantiles\/catedras-libres\/\" class=\"elementor-item\">C\u00c1TEDRAS LIBRES<\/a><\/li>\n<li class=\"menu-item menu-item-type-post_type menu-item-object-page menu-item-5825\"><a href=\"https:\/\/fadeweb.uncoma.edu.ar\/index.php\/secretaria-de-extension-y-asuntos-estudiantiles\/promocion-y-defensa-de-derechos-humanos\/\" class=\"elementor-item\">PROMOCI\u00d3N Y DEFENSA DE DERECHOS HUMANOS<\/a><\/li>\n<li class=\"menu-item menu-item-type-post_type menu-item-object-page menu-item-5824\"><a href=\"https:\/\/fadeweb.uncoma.edu.ar\/index.php\/secretaria-de-extension-y-asuntos-estudiantiles\/politica-de-formacion\/\" class=\"elementor-item\">POL\u00cdTICA DE FORMACI\u00d3N<\/a><\/li>\n<li class=\"menu-item menu-item-type-post_type menu-item-object-page menu-item-5823\"><a href=\"https:\/\/fadeweb.uncoma.edu.ar\/index.php\/secretaria-de-extension-y-asuntos-estudiantiles\/area-de-habitos-saludables\/\" class=\"elementor-item\">\u00c1REA DE H\u00c1BITOS SALUDABLES<\/a><\/li>\n<li class=\"menu-item menu-item-type-post_type menu-item-object-page menu-item-5830\"><a href=\"https:\/\/fadeweb.uncoma.edu.ar\/index.php\/publifadecs\/\" class=\"elementor-item\">DEPARTAMENTO DE PUBLICACIONES<\/a><\/li>\n<li class=\"menu-item menu-item-type-custom menu-item-object-custom menu-item-4497\"><a href=\"http:\/\/www.antena-libre.com.ar\/\" class=\"elementor-item\">RADIO ANTENA LIBRE<\/a><\/li>\n<\/ul>\t\t\t<\/nav>\r\n\t\t\t\t\t\t<nav class=\"elementor-nav-menu--dropdown elementor-nav-menu__container\" aria-hidden=\"true\">\r\n\t\t\t\t<ul id=\"menu-2-abc3f7f\" class=\"elementor-nav-menu sm-vertical\"><li class=\"menu-item menu-item-type-post_type menu-item-object-page menu-item-5817\"><a href=\"https:\/\/fadeweb.uncoma.edu.ar\/index.php\/secretaria-de-extension-y-asuntos-estudiantiles\/proyectos-de-extension\/\" class=\"elementor-item\" tabindex=\"-1\">PROYECTOS DE EXTENSION<\/a><\/li>\n<li class=\"menu-item menu-item-type-post_type menu-item-object-page menu-item-5818\"><a href=\"https:\/\/fadeweb.uncoma.edu.ar\/index.php\/secretaria-de-extension-y-asuntos-estudiantiles\/proyectos-de-extension-en-ejecucion\/\" class=\"elementor-item\" tabindex=\"-1\">\u27a3 EN EJECUCION<\/a><\/li>\n<li class=\"menu-item menu-item-type-post_type menu-item-object-page menu-item-5819\"><a href=\"https:\/\/fadeweb.uncoma.edu.ar\/index.php\/secretaria-de-extension-y-asuntos-estudiantiles\/normativas-de-proyectos-de-extension\/\" class=\"elementor-item\" tabindex=\"-1\">\u27a3 NORMATIVAS<\/a><\/li>\n<li class=\"menu-item menu-item-type-post_type menu-item-object-page menu-item-5820\"><a href=\"https:\/\/fadeweb.uncoma.edu.ar\/index.php\/secretaria-de-extension-y-asuntos-estudiantiles\/llamados-de-proyectos-de-extension\/\" class=\"elementor-item\" tabindex=\"-1\">\u27a3 LLAMADOS<\/a><\/li>\n<li class=\"menu-item menu-item-type-post_type menu-item-object-page menu-item-5821\"><a href=\"https:\/\/fadeweb.uncoma.edu.ar\/index.php\/secretaria-de-extension-y-asuntos-estudiantiles\/becas-de-formacion-en-extension\/\" class=\"elementor-item\" tabindex=\"-1\">\u27a3 BECARIOS<\/a><\/li>\n<li class=\"menu-item menu-item-type-post_type menu-item-object-page menu-item-5829\"><a href=\"https:\/\/fadeweb.uncoma.edu.ar\/index.php\/secretaria-de-extension-y-asuntos-estudiantiles\/pasantias\/\" class=\"elementor-item\" tabindex=\"-1\">PASANTIAS<\/a><\/li>\n<li class=\"menu-item menu-item-type-post_type menu-item-object-page menu-item-has-children menu-item-5828\"><a href=\"https:\/\/fadeweb.uncoma.edu.ar\/index.php\/secretaria-de-extension-y-asuntos-estudiantiles\/diplomaturas\/\" class=\"elementor-item\" tabindex=\"-1\">DIPLOMATURAS<\/a>\n<ul class=\"sub-menu elementor-nav-menu--dropdown\">\n\t<li class=\"menu-item menu-item-type-post_type menu-item-object-page menu-item-15412\"><a href=\"https:\/\/fadeweb.uncoma.edu.ar\/index.php\/reglamentacion-diplomaturas\/\" class=\"elementor-sub-item\" tabindex=\"-1\">REGLAMENTACI\u00d3N<\/a><\/li>\n<\/ul>\n<\/li>\n<li class=\"menu-item menu-item-type-post_type menu-item-object-page menu-item-5835\"><a href=\"https:\/\/fadeweb.uncoma.edu.ar\/index.php\/secretaria-de-extension-y-asuntos-estudiantiles\/voluntariado\/\" class=\"elementor-item\" tabindex=\"-1\">VOLUNTARIADO<\/a><\/li>\n<li class=\"menu-item menu-item-type-post_type menu-item-object-page menu-item-5827\"><a href=\"https:\/\/fadeweb.uncoma.edu.ar\/index.php\/secretaria-de-extension-y-asuntos-estudiantiles\/servicios-a-terceros\/\" class=\"elementor-item\" tabindex=\"-1\">SERVICIOS A TERCEROS<\/a><\/li>\n<li class=\"menu-item menu-item-type-post_type menu-item-object-page menu-item-15436\"><a href=\"https:\/\/fadeweb.uncoma.edu.ar\/index.php\/secretaria-de-extension-y-asuntos-estudiantiles\/talles-upami\/\" class=\"elementor-item\" tabindex=\"-1\">TALLERES UPAMI<\/a><\/li>\n<li class=\"menu-item menu-item-type-post_type menu-item-object-page menu-item-5826\"><a href=\"https:\/\/fadeweb.uncoma.edu.ar\/index.php\/secretaria-de-extension-y-asuntos-estudiantiles\/catedras-libres\/\" class=\"elementor-item\" tabindex=\"-1\">C\u00c1TEDRAS LIBRES<\/a><\/li>\n<li class=\"menu-item menu-item-type-post_type menu-item-object-page menu-item-5825\"><a href=\"https:\/\/fadeweb.uncoma.edu.ar\/index.php\/secretaria-de-extension-y-asuntos-estudiantiles\/promocion-y-defensa-de-derechos-humanos\/\" class=\"elementor-item\" tabindex=\"-1\">PROMOCI\u00d3N Y DEFENSA DE DERECHOS HUMANOS<\/a><\/li>\n<li class=\"menu-item menu-item-type-post_type menu-item-object-page menu-item-5824\"><a href=\"https:\/\/fadeweb.uncoma.edu.ar\/index.php\/secretaria-de-extension-y-asuntos-estudiantiles\/politica-de-formacion\/\" class=\"elementor-item\" tabindex=\"-1\">POL\u00cdTICA DE FORMACI\u00d3N<\/a><\/li>\n<li class=\"menu-item menu-item-type-post_type menu-item-object-page menu-item-5823\"><a href=\"https:\/\/fadeweb.uncoma.edu.ar\/index.php\/secretaria-de-extension-y-asuntos-estudiantiles\/area-de-habitos-saludables\/\" class=\"elementor-item\" tabindex=\"-1\">\u00c1REA DE H\u00c1BITOS SALUDABLES<\/a><\/li>\n<li class=\"menu-item menu-item-type-post_type menu-item-object-page menu-item-5830\"><a href=\"https:\/\/fadeweb.uncoma.edu.ar\/index.php\/publifadecs\/\" class=\"elementor-item\" tabindex=\"-1\">DEPARTAMENTO DE PUBLICACIONES<\/a><\/li>\n<li class=\"menu-item menu-item-type-custom menu-item-object-custom menu-item-4497\"><a href=\"http:\/\/www.antena-libre.com.ar\/\" class=\"elementor-item\" tabindex=\"-1\">RADIO ANTENA LIBRE<\/a><\/li>\n<\/ul>\t\t\t<\/nav>\r\n\t\t\t\t\t\t<\/div>\n\t\t\t\t<\/div>\n\t\t\t\t\t<\/div>\n\t\t<\/div>\n\t\t\t\t\t<\/div>\n\t\t<\/section>\n\t\t\t\t<\/div>\n\t\t","protected":false},"excerpt":{"rendered":"<p>SECRETARIA DE EXTENSION Y ASUNTOS ESTUDIANTILES DIPLOMATURAS La Ordenanza N\u00ba 491\/2019, reglamenta las Diplomaturas de Extensi\u00f3n de la Universidad Nacional del Comahue.<\/p>\n","protected":false},"author":2,"featured_media":0,"parent":3456,"menu_order":0,"comment_status":"closed","ping_status":"closed","template":"","meta":{"footnotes":""},"class_list":["post-5803","page","type-page","status-publish","hentry"],"_links":{"self":[{"href":"https:\/\/fadeweb.uncoma.edu.ar\/index.php\/wp-json\/wp\/v2\/pages\/5803","targetHints":{"allow":["GET"]}}],"collection":[{"href":"https:\/\/fadeweb.uncoma.edu.ar\/index.php\/wp-json\/wp\/v2\/pages"}],"about":[{"href":"https:\/\/fadeweb.uncoma.edu.ar\/index.php\/wp-json\/wp\/v2\/types\/page"}],"author":[{"embeddable":true,"href":"https:\/\/fadeweb.uncoma.edu.ar\/index.php\/wp-json\/wp\/v2\/users\/2"}],"replies":[{"embeddable":true,"href":"https:\/\/fadeweb.uncoma.edu.ar\/index.php\/wp-json\/wp\/v2\/comments?post=5803"}],"version-history":[{"count":13,"href":"https:\/\/fadeweb.uncoma.edu.ar\/index.php\/wp-json\/wp\/v2\/pages\/5803\/revisions"}],"predecessor-version":[{"id":22881,"href":"https:\/\/fadeweb.uncoma.edu.ar\/index.php\/wp-json\/wp\/v2\/pages\/5803\/revisions\/22881"}],"up":[{"embeddable":true,"href":"https:\/\/fadeweb.uncoma.edu.ar\/index.php\/wp-json\/wp\/v2\/pages\/3456"}],"wp:attachment":[{"href":"https:\/\/fadeweb.uncoma.edu.ar\/index.php\/wp-json\/wp\/v2\/media?parent=5803"}],"curies":[{"name":"wp","href":"https:\/\/api.w.org\/{rel}","templated":true}]}}