{"id":5797,"date":"2022-10-06T20:28:54","date_gmt":"2022-10-06T23:28:54","guid":{"rendered":"http:\/\/170.210.81.106\/newfade\/?page_id=5797"},"modified":"2022-11-11T13:44:24","modified_gmt":"2022-11-11T16:44:24","slug":"llamados-de-proyectos-de-extension","status":"publish","type":"page","link":"https:\/\/fadeweb.uncoma.edu.ar\/index.php\/secretaria-de-extension-y-asuntos-estudiantiles\/llamados-de-proyectos-de-extension\/","title":{"rendered":"LLAMADOS DE PROYECTOS DE EXTENSION"},"content":{"rendered":"\t\t<div data-elementor-type=\"wp-page\" data-elementor-id=\"5797\" class=\"elementor elementor-5797\" data-elementor-post-type=\"page\">\n\t\t\t\t\t\t<section class=\"elementor-section elementor-top-section elementor-element elementor-element-8edb30b elementor-section-boxed elementor-section-height-default elementor-section-height-default\" data-id=\"8edb30b\" data-element_type=\"section\" data-e-type=\"section\">\n\t\t\t\t\t\t<div class=\"elementor-container elementor-column-gap-default\">\n\t\t\t\t\t<div class=\"elementor-column elementor-col-66 elementor-top-column elementor-element elementor-element-9e82af3\" data-id=\"9e82af3\" data-element_type=\"column\" data-e-type=\"column\">\n\t\t\t<div class=\"elementor-widget-wrap elementor-element-populated\">\n\t\t\t\t\t\t<div class=\"elementor-element elementor-element-425255b elementor-widget elementor-widget-text-editor\" data-id=\"425255b\" data-element_type=\"widget\" data-e-type=\"widget\" data-widget_type=\"text-editor.default\">\n\t\t\t\t<div class=\"elementor-widget-container\">\n\t\t\t\t\t\t\t\t\t<h2><span class=\"titulo3\">SECRETARIA DE EXTENSION Y ASUNTOS ESTUDIANTILES<\/span><\/h2><h1 class=\"titulo1\">LLAMADOS PARA LA PRESENTACION DE PROYECTOS<\/h1><p class=\"texto\">Cada a\u00f1o hay un llamado para la presentaci\u00f3n de Proyectos de Extensi\u00f3n que usualmente se realiza en el mes de septiembre para su evaluaci\u00f3n y aprobaci\u00f3n para el a\u00f1o siguiente<\/p><p class=\"texto\">La convocatoria se rige por la <a href=\"https:\/\/fadeweb.uncoma.edu.ar\/wp-content\/uploads\/2022\/10\/ord_0075_1994_16.pdf\">Ordenanza 075<\/a><\/p><p class=\"texto\">La presentaci\u00f3n debe ser en papel, y en formato digital (archivo de Word).<\/p>\t\t\t\t\t\t\t\t<\/div>\n\t\t\t\t<\/div>\n\t\t\t\t<div class=\"elementor-element elementor-element-138bfaf elementor-widget elementor-widget-posts\" data-id=\"138bfaf\" data-element_type=\"widget\" data-e-type=\"widget\" data-settings=\"{&quot;full_content_row_gap&quot;:{&quot;unit&quot;:&quot;px&quot;,&quot;size&quot;:35,&quot;sizes&quot;:[]}}\" data-widget_type=\"posts.full_content\">\n\t\t\t\t<div class=\"elementor-widget-container\">\n\t\t\t\t\t\t\t<div class=\"elementor-posts-container elementor-posts elementor-posts--skin-full_content elementor-grid\" role=\"list\">\r\n\t\t\t\t<article class=\"elementor-post elementor-grid-item post-21749 post type-post status-publish format-standard has-post-thumbnail hentry category-extension category-llamados-proyectos category-notifadecs\" role=\"listitem\">\r\n\t\t\t\t<div class=\"elementor-post__text\">\r\n\t\t\t\t<h3 class=\"elementor-post__title\">\r\n\t\t\t<a href=\"https:\/\/fadeweb.uncoma.edu.ar\/index.php\/2024\/09\/03\/convocatoria-a-proyectos-de-extension-universitaria-2024\/\" >\r\n\t\t\t\tCONVOCATORIA A PROYECTOS DE EXTENSI\u00d3N UNIVERSITARIA 2024\t\t\t<\/a>\r\n\t\t<\/h3>\r\n\t\t\t\t<div class=\"elementor-post__meta-data\">\r\n\t\t\t\t\t<span class=\"elementor-post-date\">\r\n\t\t\t3 septiembre, 2024\t\t<\/span>\r\n\t\t\t\t<\/div>\r\n\t\t<p><img fetchpriority=\"high\" fetchpriority=\"high\" decoding=\"async\" class=\"alignnone wp-image-21750\" src=\"https:\/\/fadeweb.uncoma.edu.ar\/wp-content\/uploads\/2024\/09\/conv-ext-725x1024.jpeg\" alt=\"CONVOCATORIA A PROYECTOS DE EXTENSI\u00d3N UNIVERSITARIA 2024 \" width=\"600\" height=\"848\" srcset=\"https:\/\/fadeweb.uncoma.edu.ar\/wp-content\/uploads\/2024\/09\/conv-ext-725x1024.jpeg 725w, https:\/\/fadeweb.uncoma.edu.ar\/wp-content\/uploads\/2024\/09\/conv-ext-212x300.jpeg 212w, https:\/\/fadeweb.uncoma.edu.ar\/wp-content\/uploads\/2024\/09\/conv-ext-768x1085.jpeg 768w, https:\/\/fadeweb.uncoma.edu.ar\/wp-content\/uploads\/2024\/09\/conv-ext-1087x1536.jpeg 1087w, https:\/\/fadeweb.uncoma.edu.ar\/wp-content\/uploads\/2024\/09\/conv-ext.jpeg 1132w\" sizes=\"(max-width: 600px) 100vw, 600px\" \/><\/p>\n<p>La Secretar\u00eda de Extensi\u00f3n Universitaria invita a toda la comunidad acad\u00e9mica a participar en la Convocatoria a Proyectos de Extensi\u00f3n Universitaria, en el marco de los 30 A\u00f1os de Autonom\u00eda Universitaria .<\/p>\n<p>Esta es tu oportunidad para presentar proyectos de extensi\u00f3n que fortalezcan la vinculaci\u00f3n entre la universidad y la comunidad, contribuyendo al desarrollo regional a trav\u00e9s de iniciativas que aborden los siguientes ejes tem\u00e1ticos:<\/p>\n<ul>\n<li>Derechos Humanos y Ciudadan\u00eda<\/li>\n<li>Ambiente y Desarrollo Sostenible<\/li>\n<li>G\u00e9nero y Diversidad<\/li>\n<li>Territorios, Culturas e Interculturalidad<\/li>\n<\/ul>\n<p><strong>Fechas de Presentaci\u00f3n:<\/strong> Desde el lunes 2 de septiembre hasta el lunes 23 de septiembre.<\/p>\n<p>Para m\u00e1s informaci\u00f3n sobre bases, condiciones y asesoramiento, dirigirse a la Secretar\u00eda de Extensi\u00f3n de la FADECS a los siguientes contactos:<br \/>\n<a href=\"mailto:secretaria.extensionfadecs@gmail.com\">secretaria.extensionfadecs@gmail.com<\/a><br \/>\nal celular 2984690225.<\/p>\n<p>Las bases y condiciones de la convocatoria se pueden descargar en el <strong><a href=\"https:\/\/fadeweb.uncoma.edu.ar\/wp-content\/uploads\/2024\/09\/Convocatoria-ordinaria-2024-5_240902_143314.pdf\">siguiente link<\/a><\/strong>.<\/p>\n<p>\u00a1No te quedes afuera y s\u00e9 parte de este espacio de transformaci\u00f3n social!<\/p>\n\t\t<\/div>\r\n\t\t\t\t<\/article>\r\n\t\t\t\t<article class=\"elementor-post elementor-grid-item post-3500 post type-post status-publish format-standard has-post-thumbnail hentry category-14 category-llamados-proyectos category-notifadecs category-proyectos-extension\" role=\"listitem\">\r\n\t\t\t\t<div class=\"elementor-post__text\">\r\n\t\t\t\t<h3 class=\"elementor-post__title\">\r\n\t\t\t<a href=\"https:\/\/fadeweb.uncoma.edu.ar\/index.php\/2022\/09\/14\/convocatoria-de-proyectos-de-extension-universitaria-2022-universidad-cultura-y-territorio\/\" >\r\n\t\t\t\tConvocatoria de Proyectos de Extensi\u00f3n Universitaria 2022 UNIVERSIDAD, CULTURA y TERRITORIO\t\t\t<\/a>\r\n\t\t<\/h3>\r\n\t\t\t\t<div class=\"elementor-post__meta-data\">\r\n\t\t\t\t\t<span class=\"elementor-post-date\">\r\n\t\t\t14 septiembre, 2022\t\t<\/span>\r\n\t\t\t\t<\/div>\r\n\t\t<p><span class=\"texto\"><img decoding=\"async\" class=\"aligncenter wp-image-3501 size-full\" src=\"https:\/\/fadeweb.uncoma.edu.ar\/wp-content\/uploads\/2022\/09\/uct.jpg\" alt=\"\" width=\"734\" height=\"734\" srcset=\"https:\/\/fadeweb.uncoma.edu.ar\/wp-content\/uploads\/2022\/09\/uct.jpg 734w, https:\/\/fadeweb.uncoma.edu.ar\/wp-content\/uploads\/2022\/09\/uct-300x300.jpg 300w, https:\/\/fadeweb.uncoma.edu.ar\/wp-content\/uploads\/2022\/09\/uct-150x150.jpg 150w\" sizes=\"(max-width: 734px) 100vw, 734px\" \/>La Secretaria de Extensi\u00f3n de FADECS informa que desde la Secretar\u00eda de\u00a0 Pol\u00edticas Universitarias, mediante la Subsecretar\u00eda de Fortalecimiento de Trayectorias Estudiantiles,\u00a0se realiza la convocatoria de Proyectos de Extensi\u00f3n Universitaria 2022: Universidad, Cultura y Territorio.<\/span><span class=\"texto\">.<\/span><\/p>\n<p class=\"texto\"><strong>La convocatoria cierra el 24\/10\/20222.<\/strong><\/p>\n<p>M\u00e1s informaci\u00f3n en<br \/>\n<a href=\"mailto:secretaria.extensionfadecs@gmail.com\">secretaria.extensionfadecs@gmail.com<\/a>\u00a0|<\/p>\n<ul>\n<li style=\"list-style-type: none;\">\n<ul>\n<li>\u00a0<a href=\"https:\/\/fadeweb.uncoma.edu.ar\/wp-content\/uploads\/2022\/10\/anexo-1-BASES-CONV-UEyT-22.pdf\">ANEXO1: BASES, PAUTAS Y CONDICIONES<\/a><\/li>\n<li>\u00a0<a href=\"https:\/\/fadeweb.uncoma.edu.ar\/wp-content\/uploads\/2022\/10\/anexo-2-RUBROS-FINANCIABLES.pdf\">ANEXO 2 RUBROS FINANCIABLES<\/a><\/li>\n<li>\u00a0<a href=\"https:\/\/fadeweb.uncoma.edu.ar\/wp-content\/uploads\/2022\/10\/CARTA-COMPROMISO-Y-FICHA-DE-ORGANIZACION-VINCULADA-2021.docx\">CARTA COMPROMISO Y FICHA DE ORGANIZACI\u00d3N VINCULADA 2021<\/a><\/li>\n<li>\u00a0<a href=\"https:\/\/fadeweb.uncoma.edu.ar\/wp-content\/uploads\/2022\/10\/Ficha-de-catedra.doc\">FICHA DE C\u00c1TEDRA<\/a><\/li>\n<li>\u00a0<a href=\"https:\/\/fadeweb.uncoma.edu.ar\/wp-content\/uploads\/2022\/10\/GUIA-CONV-UEyT-22.pdf\">GUIA CONV UEyT 22<\/a><\/li>\n<li>\u00a0<a href=\"https:\/\/fadeweb.uncoma.edu.ar\/wp-content\/uploads\/2022\/10\/RESOL-LANZAM-UEyR-22.pdf\">RESOL LANZAM UEyR 22<\/a><\/li>\n<\/ul>\n<\/li>\n<\/ul>\n\t\t<\/div>\r\n\t\t\t\t<\/article>\r\n\t\t\t\t<article class=\"elementor-post elementor-grid-item post-5868 post type-post status-publish format-standard hentry category-llamados-proyectos category-proyectos-extension\" role=\"listitem\">\r\n\t\t\t\t<div class=\"elementor-post__text\">\r\n\t\t\t\t<h3 class=\"elementor-post__title\">\r\n\t\t\t<a href=\"https:\/\/fadeweb.uncoma.edu.ar\/index.php\/2021\/10\/19\/manual-de-uso-secretaria-de-extension-mocovi-extension\/\" >\r\n\t\t\t\tMANUAL DE USO &#8211; SECRETAR\u00cdA DE EXTENSI\u00d3N &#8211; MOCOVI EXTENSI\u00d3N\t\t\t<\/a>\r\n\t\t<\/h3>\r\n\t\t\t\t<div class=\"elementor-post__meta-data\">\r\n\t\t\t\t\t<span class=\"elementor-post-date\">\r\n\t\t\t19 octubre, 2021\t\t<\/span>\r\n\t\t\t\t<\/div>\r\n\t\t<p class=\"texto\">El m\u00f3dulo Extensi\u00f3n del sistema Mocovi fue creado con el fin de agilizar la carga de los proyectos y de llevar a cabo una manera m\u00e1s organizada a la hora de evaluar los mismos. Cada formulador, es decir responsable de cargar el proyecto, deber\u00e1 solicitar un usuario para ingresar al sistema a la Secretar\u00eda de Extensi\u00f3n de su Unidad Acad\u00e9mica indicando nombre, apellido, mail y facultad a la que pertenece.<\/p>\n<p class=\"texto\">Los pasos de carga del formulario correspondiente se encuentran en el m\u00f3dulo Extensi\u00f3n que se puede descargar aqu\u00ed: <a href=\"https:\/\/fadeweb.uncoma.edu.ar\/wp-content\/uploads\/2022\/05\/Manual_de_Uso___Secretar_a_de_Extensi_n_de_Unidad_Acad_mica___Mocovi_Extensi_n.pdf\">Manual_de_Uso_Mocovi<\/a><\/p>\n\t\t<\/div>\r\n\t\t\t\t<\/article>\r\n\t\t\t\t<article class=\"elementor-post elementor-grid-item post-5873 post type-post status-publish format-standard hentry category-llamados-proyectos category-proyectos-extension\" role=\"listitem\">\r\n\t\t\t\t<div class=\"elementor-post__text\">\r\n\t\t\t\t<h3 class=\"elementor-post__title\">\r\n\t\t\t<a href=\"https:\/\/fadeweb.uncoma.edu.ar\/index.php\/2021\/10\/04\/prorroga-para-la-presentacion-convocatoria-de-proyectos-de-extension-universitaria-2021\/\" >\r\n\t\t\t\tPR\u00d3RROGA PARA LA PRESENTACI\u00d3N CONVOCATORIA DE PROYECTOS DE EXTENSI\u00d3N UNIVERSITARIA 2021\t\t\t<\/a>\r\n\t\t<\/h3>\r\n\t\t\t\t<div class=\"elementor-post__meta-data\">\r\n\t\t\t\t\t<span class=\"elementor-post-date\">\r\n\t\t\t4 octubre, 2021\t\t<\/span>\r\n\t\t\t\t<\/div>\r\n\t\t<p class=\"texto\"><strong><img decoding=\"async\" class=\"aligncenter wp-image-5874 size-large\" src=\"https:\/\/fadeweb.uncoma.edu.ar\/wp-content\/uploads\/2022\/10\/prorroga-ext-fadecs-1021x1024.jpg\" alt=\"\" width=\"800\" height=\"802\" srcset=\"https:\/\/fadeweb.uncoma.edu.ar\/wp-content\/uploads\/2022\/10\/prorroga-ext-fadecs-1021x1024.jpg 1021w, https:\/\/fadeweb.uncoma.edu.ar\/wp-content\/uploads\/2022\/10\/prorroga-ext-fadecs-300x300.jpg 300w, https:\/\/fadeweb.uncoma.edu.ar\/wp-content\/uploads\/2022\/10\/prorroga-ext-fadecs-150x150.jpg 150w, https:\/\/fadeweb.uncoma.edu.ar\/wp-content\/uploads\/2022\/10\/prorroga-ext-fadecs-768x770.jpg 768w, https:\/\/fadeweb.uncoma.edu.ar\/wp-content\/uploads\/2022\/10\/prorroga-ext-fadecs.jpg 1031w\" sizes=\"(max-width: 800px) 100vw, 800px\" \/>Emergencia Sanitaria COVID 19<br \/>\nAcciones para la Pandemia y Pospandemia<\/strong><\/p>\n<p class=\"texto\">La Secretar\u00eda de Extensi\u00f3n Universitaria informa que la presentaci\u00f3n de proyectos Convocatoria 2021, con el eje tem\u00e1tico \u201cEmergencia Sanitaria COVID \u2013 19 acciones para la Pandemia y Pospandemia\u201d, ampli\u00f3 el plazo para formalizar las propuestas hasta el 5 de noviembre inclusive.<\/p>\n<p class=\"texto\">Las bases y condiciones de la convocatoria ordinaria de proyectos de extensi\u00f3n 2021 tienen como tema el abordaje de los problemas emergentes de la pandemia COVID \u2013 19, las configuraciones de la situaci\u00f3n actual reflejados en acciones para la mitigaci\u00f3n y contenci\u00f3n de las situaciones de mayor impacto. Abordaje e intervenci\u00f3n de aspectos considerados cr\u00edticos de la pandemia COVID- 19 en curso y l\u00edneas de identificaci\u00f3n e intervenci\u00f3n prospectiva para las condiciones de pospandemia.<\/p>\n<p class=\"texto\">En ese contexto tambi\u00e9n se consideran las propuestas que bajo la forma de l\u00ednea de base \/ diagn\u00f3stico de situaci\u00f3n y acciones pertinentes, promuevan acciones que aborden situaciones de pospandemia.<\/p>\n<p class=\"texto\">La convocatoria se organiza a trav\u00e9s dos componentes, de acuerdo a la fuente de financiamiento y el perfil esperado de las propuestas. El Componente A se integra con $ 6.000.000 de recursos propios de la universidad. Los fondos se distribuir\u00e1n de manera igualitaria entre las 17 Unidades Acad\u00e9micas correspondiendo a cada una $352.941.<\/p>\n<p class=\"texto\">Los proyectos de este componente podr\u00e1n tener una duraci\u00f3n de hasta 3 a\u00f1os. El orden de prioridad de las propuestas ser\u00e1 determinado por las comisiones de extensi\u00f3n e investigaci\u00f3n de los consejos directivos de las unidades acad\u00e9micas.<\/p>\n<p class=\"texto\">El Componente B dispone de 6.000.000 pesos del Programa Fortalecimiento de la Extensi\u00f3n, producto de la incorporaci\u00f3n de la Extensi\u00f3n Universitaria al presupuesto nacional del sistema, distribuido por la Secretar\u00eda de Pol\u00edticas Universitarias. Se financiar\u00e1n hasta 17 proyectos a cada uno de los cuales les corresponder\u00e1n $352.941.<\/p>\n<p class=\"texto\">Las propuestas de este componente deber\u00e1n contar con un abordaje interdisciplinar de los temas. Los proyectos de este componente tendr\u00e1n una duraci\u00f3n de 2 a\u00f1os. Las propuestas ser\u00e1n evaluadas por el Consejo de Extensi\u00f3n Universitaria.<\/p>\n<p class=\"texto\">La convocatoria tiene como fecha de apertura el 1 de septiembre de 2021 y como fecha de cierre el 5 de noviembre de 2021, inclusive.<\/p>\n<p><span class=\"texto\">Consultas: Secretar\u00eda de Extensi\u00f3n de la FADECS, debiendo colocar la leyenda: \u00abProyectos de Extensi\u00f3n 2021 &#8211; Componente A\u00bb o \u00abProyectos de Extensi\u00f3n 2021 &#8211; Componente B: PFE (SPU)\u00bb, al correo\u00a0<a href=\"mailto:secretaria.extensionfadecs@gmail.com\">secretaria.extensionfadecs@gmail.com<\/a><\/span><\/p>\n\t\t<\/div>\r\n\t\t\t\t<\/article>\r\n\t\t\t\t<article class=\"elementor-post elementor-grid-item post-5940 post type-post status-publish format-standard hentry category-13 category-llamados-proyectos category-notifadecs\" role=\"listitem\">\r\n\t\t\t\t<div class=\"elementor-post__text\">\r\n\t\t\t\t<h3 class=\"elementor-post__title\">\r\n\t\t\t<a href=\"https:\/\/fadeweb.uncoma.edu.ar\/index.php\/2021\/09\/03\/convocatoria-de-proyectos-de-extension-universitaria-2021-2\/\" >\r\n\t\t\t\tCONVOCATORIA DE PROYECTOS DE EXTENSI\u00d3N UNIVERSITARIA 2021\t\t\t<\/a>\r\n\t\t<\/h3>\r\n\t\t\t\t<div class=\"elementor-post__meta-data\">\r\n\t\t\t\t\t<span class=\"elementor-post-date\">\r\n\t\t\t3 septiembre, 2021\t\t<\/span>\r\n\t\t\t\t<\/div>\r\n\t\t<p><img loading=\"lazy\" loading=\"lazy\" decoding=\"async\" class=\"aligncenter wp-image-7736 size-large\" src=\"https:\/\/fadeweb.uncoma.edu.ar\/wp-content\/uploads\/2021\/09\/WhatsApp-Image-2021-09-02-at-09.47.56-1024x1024.jpeg\" alt=\"\" width=\"800\" height=\"800\" srcset=\"https:\/\/fadeweb.uncoma.edu.ar\/wp-content\/uploads\/2021\/09\/WhatsApp-Image-2021-09-02-at-09.47.56-1024x1024.jpeg 1024w, https:\/\/fadeweb.uncoma.edu.ar\/wp-content\/uploads\/2021\/09\/WhatsApp-Image-2021-09-02-at-09.47.56-300x300.jpeg 300w, https:\/\/fadeweb.uncoma.edu.ar\/wp-content\/uploads\/2021\/09\/WhatsApp-Image-2021-09-02-at-09.47.56-150x150.jpeg 150w, https:\/\/fadeweb.uncoma.edu.ar\/wp-content\/uploads\/2021\/09\/WhatsApp-Image-2021-09-02-at-09.47.56-768x767.jpeg 768w, https:\/\/fadeweb.uncoma.edu.ar\/wp-content\/uploads\/2021\/09\/WhatsApp-Image-2021-09-02-at-09.47.56.jpeg 1280w\" sizes=\"auto, (max-width: 800px) 100vw, 800px\" \/><\/p>\n<h2 class=\"subt1\">Emergencia Sanitaria COVID 19<br \/>\nAcciones para la Pandemia y Pospandemia<\/h2>\n<p class=\"texto\">La Secretar\u00eda de Extensi\u00f3n Universitaria abri\u00f3 la presentaci\u00f3n de proyectos Convocatoria 2021, con el eje tem\u00e1tico \u201cEmergencia Sanitaria COVID \u2013 19 acciones para la Pandemia y Pospandemia\u201d. Habr\u00e1 plazo para formalizar las propuestas hasta el 10 de octubre inclusive.<\/p>\n<p class=\"texto\">Transcurrido m\u00e1s de un a\u00f1o de diferentes fases de su propagaci\u00f3n resulta inevitable observar el car\u00e1cter multidimensional de sus impactos, el resultado luctuoso de morbilidad, mortalidad todav\u00eda en curso y las consecuencias sociales, econ\u00f3micas y culturales de la emergencia sanitaria.<\/p>\n<p class=\"texto\">Las alternativas espec\u00edficas de los temas actuales en curso registran como elemento transversal la alteraci\u00f3n de la habitualidad de las relaciones humanas en el \u00e1mbito p\u00fablico y las que se generan en la esfera de la intersubjetividad m\u00e1s cercana y privada. El car\u00e1cter traum\u00e1tico y multidimensional, sus consecuencias socioecon\u00f3micas, sus efectos sobre los marcos conceptuales preexistentes, sobre las pr\u00e1cticas en procesos colectivos complejos y en los v\u00ednculos, y experiencias particulares.<\/p>\n<p class=\"texto\">Tal situaci\u00f3n de crisis con derivaciones a\u00fan inciertas, requiere de compromisos extraordinarios de quienes pueden actuar solidariamente en la emergencia, mitigando sus impactos y tambi\u00e9n en la tarea de reflexionar, imaginar y\/o proyectar escenarios de post pandemia. Este contexto implica una responsabilidad institucional de un compromiso irrenunciable con la regi\u00f3n por parte de nuestra Universidad como la mayor organizaci\u00f3n del sistema cient\u00edfico tecnol\u00f3gico, por su configuraci\u00f3n y cobertura territorial, la diversidad y potencia de su comunidad.<\/p>\n<p class=\"texto\">La complejidad de este per\u00edodo signado por p\u00e9rdidas entre las que resaltan la vida y salud de las personas, genera la demanda de intervenciones que acompa\u00f1en y contengan los aspectos considerados urgentes en el marco de la formulaci\u00f3n como proyectos de extensi\u00f3n universitaria de esta convocatoria. Se propone que las acciones, definidas como Actividades puntuales, Proyectos y Programas se consideren de manera sist\u00e9mica, transversal e igualitaria sobre la base de agendas definidas por los temas identificados como prioritarios como parte del di\u00e1logo con las comunidades, sus representantes, referentes y miembros.<\/p>\n<p class=\"texto\">Resulta necesario generar los escenarios para que el abordaje de los temas y las pr\u00e1cticas de la extensi\u00f3n universitaria, fortalezcan a la regi\u00f3n de modo consistentes con la diversidad de perspectivas disciplinares y las trayectorias desarrolladas en el tiempo por la Universidad en la relaci\u00f3n con las comunidades a trav\u00e9s de la extensi\u00f3n.<br \/>\nLas bases y condiciones de la convocatoria ordinaria de proyectos de extensi\u00f3n 2021 tienen como tema el abordaje de los problemas emergentes de la pandemia COVID \u2013 19, las configuraciones de la situaci\u00f3n actual reflejados en acciones para la mitigaci\u00f3n y contenci\u00f3n de las situaciones de mayor impacto. Abordaje e intervenci\u00f3n de aspectos considerados cr\u00edticos de la pandemia COVID- 19 en curso y l\u00edneas de identificaci\u00f3n e intervenci\u00f3n prospectiva para las condiciones de pospandemia.<\/p>\n<p class=\"texto\">En ese contexto tambi\u00e9n se consideran las propuestas que bajo la forma de l\u00ednea de base \/ diagn\u00f3stico de situaci\u00f3n y acciones pertinentes, promuevan acciones que aborden situaciones de pospandemia.<\/p>\n<p class=\"texto\">La convocatoria se organiza a trav\u00e9s dos componentes, de acuerdo a la fuente de financiamiento y el perfil esperado de las propuestas. El Componente A se integra con $ 6.000.000 de recursos propios de la universidad. Los fondos se distribuir\u00e1n de manera igualitaria entre las 17 Unidades Acad\u00e9micas correspondiendo a cada una $352.941.<\/p>\n<p class=\"texto\">Los proyectos de este componente podr\u00e1n tener una duraci\u00f3n de hasta 3 a\u00f1os. El orden de prioridad de las propuestas ser\u00e1 determinado por las comisiones de extensi\u00f3n e investigaci\u00f3n de los consejos directivos de las unidades acad\u00e9micas.<\/p>\n<p class=\"texto\">El Componente B dispone de 6.000.000 pesos del Programa Fortalecimiento de la Extensi\u00f3n, producto de la incorporaci\u00f3n de la Extensi\u00f3n Universitaria al presupuesto nacional del sistema, distribuido por la Secretar\u00eda de Pol\u00edticas Universitarias. Se financiar\u00e1n hasta 17 proyectos a cada uno de los cuales les corresponder\u00e1n $352.941.<\/p>\n<p class=\"texto\">Las propuestas de este componente deber\u00e1n contar con un abordaje interdisciplinar de los temas. Los proyectos de este componente tendr\u00e1n una duraci\u00f3n de 2 a\u00f1os. Las propuestas ser\u00e1n evaluadas por el Consejo de Extensi\u00f3n Universitaria.<\/p>\n<p class=\"texto\">La convocatoria tiene como fecha de apertura el 1 de septiembre de 2021 y como fecha de cierre el 10 de octubre de 2021, inclusive.<\/p>\n<p class=\"texto\">Consultas: Secretar\u00eda de Extensi\u00f3n de la FADECS, debiendo colocar la leyenda: \u00abProyectos de Extensi\u00f3n 2021 &#8211; Componente A\u00bb o \u00abProyectos de Extensi\u00f3n 2021 &#8211; Componente B: PFE (SPU)\u00bb, al correo secretaria.extensionfadecs@gmail.com<\/p>\n<p class=\"texto\"><a href=\"https:\/\/fadeweb.uncoma.edu.ar\/wp-content\/uploads\/2022\/10\/Bases_Convocatoria-A.pdf\">Bases_Convocatoria A:<\/a><br \/>\n<a href=\"https:\/\/fadeweb.uncoma.edu.ar\/wp-content\/uploads\/2022\/10\/Bases_Convocatoria-B.pdf\">Bases_Convocatoria B:<\/a><\/p>\n\t\t<\/div>\r\n\t\t\t\t<\/article>\r\n\t\t\t\t<article class=\"elementor-post elementor-grid-item post-5944 post type-post status-publish format-standard hentry category-llamados-proyectos\" role=\"listitem\">\r\n\t\t\t\t<div class=\"elementor-post__text\">\r\n\t\t\t\t<h3 class=\"elementor-post__title\">\r\n\t\t\t<a href=\"https:\/\/fadeweb.uncoma.edu.ar\/index.php\/2019\/12\/15\/prorroga-de-convocatoria-a-proyectos-de-extension-febrero-2020\/\" >\r\n\t\t\t\tPRORROGA DE CONVOCATORIA A PROYECTOS DE EXTENSI\u00d3N &#8211; FEBRERO 2020\t\t\t<\/a>\r\n\t\t<\/h3>\r\n\t\t\t\t<div class=\"elementor-post__meta-data\">\r\n\t\t\t\t\t<span class=\"elementor-post-date\">\r\n\t\t\t15 diciembre, 2019\t\t<\/span>\r\n\t\t\t\t<\/div>\r\n\t\t<p>La Secretar\u00eda de Extensi\u00f3n informa a los interesados en presentar Proyectos de Extensi\u00f3n que la convocatoria correspondiente al a\u00f1o 2019 se posterg\u00f3 hasta el mes de febrero del a\u00f1o 2020, en virtud del paso a la digitalizaci\u00f3n del sistema para la presentaci\u00f3n y rendici\u00f3n de los proyectos de extensi\u00f3n. A fin de implementar este cambio, se esta trabajando en la actualizaci\u00f3n del sistema inform\u00e1tico, y en la\u00a0 modificaci\u00f3n de la ordenanza que reglamentaba la presentaci\u00f3n de los proyectos, a efectos de que sea m\u00e1s \u00e1gil y adecuada a los nuevos procedimientos.<\/p>\n\t\t<\/div>\r\n\t\t\t\t<\/article>\r\n\t\t\t\t<\/div>\r\n\t\t\r\n\t\t\t\t\t\t<\/div>\n\t\t\t\t<\/div>\n\t\t\t\t<div class=\"elementor-element elementor-element-c5850ae elementor-widget elementor-widget-shortcode\" data-id=\"c5850ae\" data-element_type=\"widget\" data-e-type=\"widget\" data-widget_type=\"shortcode.default\">\n\t\t\t\t<div class=\"elementor-widget-container\">\n\t\t\t\t\t\t\t<div class=\"elementor-shortcode\">\t\t<div data-elementor-type=\"section\" data-elementor-id=\"4605\" class=\"elementor elementor-4605\" data-elementor-post-type=\"elementor_library\">\r\n\t\t\t\t\t<section class=\"elementor-section elementor-top-section elementor-element elementor-element-1f039b1f elementor-section-boxed elementor-section-height-default elementor-section-height-default\" data-id=\"1f039b1f\" data-element_type=\"section\" data-e-type=\"section\">\n\t\t\t\t\t\t<div class=\"elementor-container elementor-column-gap-default\">\n\t\t\t\t\t<div class=\"elementor-column elementor-col-100 elementor-top-column elementor-element elementor-element-11f9e382\" data-id=\"11f9e382\" data-element_type=\"column\" data-e-type=\"column\">\n\t\t\t<div class=\"elementor-widget-wrap elementor-element-populated\">\n\t\t\t\t\t\t<div class=\"elementor-element elementor-element-4368285 elementor-widget-divider--view-line elementor-widget elementor-widget-divider\" data-id=\"4368285\" data-element_type=\"widget\" data-e-type=\"widget\" data-widget_type=\"divider.default\">\n\t\t\t\t<div class=\"elementor-widget-container\">\n\t\t\t\t\t\t\t<div class=\"elementor-divider\">\n\t\t\t<span class=\"elementor-divider-separator\">\n\t\t\t\t\t\t<\/span>\n\t\t<\/div>\n\t\t\t\t\t\t<\/div>\n\t\t\t\t<\/div>\n\t\t\t\t<div class=\"elementor-element elementor-element-1641eaac elementor-widget elementor-widget-text-editor\" data-id=\"1641eaac\" data-element_type=\"widget\" data-e-type=\"widget\" data-widget_type=\"text-editor.default\">\n\t\t\t\t<div class=\"elementor-widget-container\">\n\t\t\t\t\t\t\t\t\t<p><strong>CONTACTO<\/strong><br \/>Cel: <span class=\"texto\">2984690225<\/span><br \/>Correo electr\u00f3nico: <a href=\"mailto:secretaria.extensionfadecs@gmail.com\">secretaria.extensionfadecs@gmail.com<\/a><br \/>Para inscripciones a cursos, charlas, etc: <a href=\"mailto:inscripciones.extensionfadecs@gmail.com\">inscripciones.extensionfadecs@gmail.com<\/a><br \/>Para inscripciones a pasant\u00edas: <a href=\"mailto:pasantias.extensionfadecs@gmail.com\">pasantias.extensionfadecs@gmail.com<\/a><\/p><p>Mendoza y Per\u00fa.<br \/>(8332) General Roca, R\u00edo Negro <br \/>Argentina<\/p>\t\t\t\t\t\t\t\t<\/div>\n\t\t\t\t<\/div>\n\t\t\t\t\t<\/div>\n\t\t<\/div>\n\t\t\t\t\t<\/div>\n\t\t<\/section>\n\t\t\t\t<\/div>\r\n\t\t<\/div>\n\t\t\t\t\t\t<\/div>\n\t\t\t\t<\/div>\n\t\t\t\t\t<\/div>\n\t\t<\/div>\n\t\t\t\t<div class=\"elementor-column elementor-col-33 elementor-top-column elementor-element elementor-element-3fbc892\" data-id=\"3fbc892\" data-element_type=\"column\" data-e-type=\"column\">\n\t\t\t<div class=\"elementor-widget-wrap elementor-element-populated\">\n\t\t\t\t\t\t<div class=\"elementor-element elementor-element-d4b49f0 elementor-nav-menu__align-start elementor-nav-menu--dropdown-none elementor-widget elementor-widget-nav-menu\" data-id=\"d4b49f0\" data-element_type=\"widget\" data-e-type=\"widget\" id=\"menu-lateral\" data-settings=\"{&quot;layout&quot;:&quot;vertical&quot;,&quot;submenu_icon&quot;:{&quot;value&quot;:&quot;&lt;i class=\\&quot;fas fa-caret-down\\&quot; aria-hidden=\\&quot;true\\&quot;&gt;&lt;\\\/i&gt;&quot;,&quot;library&quot;:&quot;fa-solid&quot;}}\" data-widget_type=\"nav-menu.default\">\n\t\t\t\t<div class=\"elementor-widget-container\">\n\t\t\t\t\t\t\t\t<nav aria-label=\"Menu\" class=\"elementor-nav-menu--main elementor-nav-menu__container elementor-nav-menu--layout-vertical e--pointer-background e--animation-fade\">\r\n\t\t\t\t<ul id=\"menu-1-d4b49f0\" class=\"elementor-nav-menu sm-vertical\"><li class=\"menu-item menu-item-type-post_type menu-item-object-page menu-item-5817\"><a href=\"https:\/\/fadeweb.uncoma.edu.ar\/index.php\/secretaria-de-extension-y-asuntos-estudiantiles\/proyectos-de-extension\/\" class=\"elementor-item\">PROYECTOS DE EXTENSION<\/a><\/li>\n<li class=\"menu-item menu-item-type-post_type menu-item-object-page menu-item-5818\"><a href=\"https:\/\/fadeweb.uncoma.edu.ar\/index.php\/secretaria-de-extension-y-asuntos-estudiantiles\/proyectos-de-extension-en-ejecucion\/\" class=\"elementor-item\">\u27a3 EN EJECUCION<\/a><\/li>\n<li class=\"menu-item menu-item-type-post_type menu-item-object-page menu-item-5819\"><a href=\"https:\/\/fadeweb.uncoma.edu.ar\/index.php\/secretaria-de-extension-y-asuntos-estudiantiles\/normativas-de-proyectos-de-extension\/\" class=\"elementor-item\">\u27a3 NORMATIVAS<\/a><\/li>\n<li class=\"menu-item menu-item-type-post_type menu-item-object-page menu-item-5820\"><a href=\"https:\/\/fadeweb.uncoma.edu.ar\/index.php\/secretaria-de-extension-y-asuntos-estudiantiles\/llamados-de-proyectos-de-extension\/\" class=\"elementor-item\">\u27a3 LLAMADOS<\/a><\/li>\n<li class=\"menu-item menu-item-type-post_type menu-item-object-page menu-item-5821\"><a href=\"https:\/\/fadeweb.uncoma.edu.ar\/index.php\/secretaria-de-extension-y-asuntos-estudiantiles\/becas-de-formacion-en-extension\/\" class=\"elementor-item\">\u27a3 BECARIOS<\/a><\/li>\n<li class=\"menu-item menu-item-type-post_type menu-item-object-page menu-item-5829\"><a href=\"https:\/\/fadeweb.uncoma.edu.ar\/index.php\/secretaria-de-extension-y-asuntos-estudiantiles\/pasantias\/\" class=\"elementor-item\">PASANTIAS<\/a><\/li>\n<li class=\"menu-item menu-item-type-post_type menu-item-object-page menu-item-has-children menu-item-5828\"><a href=\"https:\/\/fadeweb.uncoma.edu.ar\/index.php\/secretaria-de-extension-y-asuntos-estudiantiles\/diplomaturas\/\" class=\"elementor-item\">DIPLOMATURAS<\/a>\n<ul class=\"sub-menu elementor-nav-menu--dropdown\">\n\t<li class=\"menu-item menu-item-type-post_type menu-item-object-page menu-item-15412\"><a href=\"https:\/\/fadeweb.uncoma.edu.ar\/index.php\/reglamentacion-diplomaturas\/\" class=\"elementor-sub-item\">REGLAMENTACI\u00d3N<\/a><\/li>\n<\/ul>\n<\/li>\n<li class=\"menu-item menu-item-type-post_type menu-item-object-page menu-item-5835\"><a href=\"https:\/\/fadeweb.uncoma.edu.ar\/index.php\/secretaria-de-extension-y-asuntos-estudiantiles\/voluntariado\/\" class=\"elementor-item\">VOLUNTARIADO<\/a><\/li>\n<li class=\"menu-item menu-item-type-post_type menu-item-object-page menu-item-5827\"><a href=\"https:\/\/fadeweb.uncoma.edu.ar\/index.php\/secretaria-de-extension-y-asuntos-estudiantiles\/servicios-a-terceros\/\" class=\"elementor-item\">SERVICIOS A TERCEROS<\/a><\/li>\n<li class=\"menu-item menu-item-type-post_type menu-item-object-page menu-item-15436\"><a href=\"https:\/\/fadeweb.uncoma.edu.ar\/index.php\/secretaria-de-extension-y-asuntos-estudiantiles\/talles-upami\/\" class=\"elementor-item\">TALLERES UPAMI<\/a><\/li>\n<li class=\"menu-item menu-item-type-post_type menu-item-object-page menu-item-5826\"><a href=\"https:\/\/fadeweb.uncoma.edu.ar\/index.php\/secretaria-de-extension-y-asuntos-estudiantiles\/catedras-libres\/\" class=\"elementor-item\">C\u00c1TEDRAS LIBRES<\/a><\/li>\n<li class=\"menu-item menu-item-type-post_type menu-item-object-page menu-item-5825\"><a href=\"https:\/\/fadeweb.uncoma.edu.ar\/index.php\/secretaria-de-extension-y-asuntos-estudiantiles\/promocion-y-defensa-de-derechos-humanos\/\" class=\"elementor-item\">PROMOCI\u00d3N Y DEFENSA DE DERECHOS HUMANOS<\/a><\/li>\n<li class=\"menu-item menu-item-type-post_type menu-item-object-page menu-item-5824\"><a href=\"https:\/\/fadeweb.uncoma.edu.ar\/index.php\/secretaria-de-extension-y-asuntos-estudiantiles\/politica-de-formacion\/\" class=\"elementor-item\">POL\u00cdTICA DE FORMACI\u00d3N<\/a><\/li>\n<li class=\"menu-item menu-item-type-post_type menu-item-object-page menu-item-5823\"><a href=\"https:\/\/fadeweb.uncoma.edu.ar\/index.php\/secretaria-de-extension-y-asuntos-estudiantiles\/area-de-habitos-saludables\/\" class=\"elementor-item\">\u00c1REA DE H\u00c1BITOS SALUDABLES<\/a><\/li>\n<li class=\"menu-item menu-item-type-post_type menu-item-object-page menu-item-5830\"><a href=\"https:\/\/fadeweb.uncoma.edu.ar\/index.php\/publifadecs\/\" class=\"elementor-item\">DEPARTAMENTO DE PUBLICACIONES<\/a><\/li>\n<li class=\"menu-item menu-item-type-custom menu-item-object-custom menu-item-4497\"><a href=\"http:\/\/www.antena-libre.com.ar\/\" class=\"elementor-item\">RADIO ANTENA LIBRE<\/a><\/li>\n<\/ul>\t\t\t<\/nav>\r\n\t\t\t\t\t\t<nav class=\"elementor-nav-menu--dropdown elementor-nav-menu__container\" aria-hidden=\"true\">\r\n\t\t\t\t<ul id=\"menu-2-d4b49f0\" class=\"elementor-nav-menu sm-vertical\"><li class=\"menu-item menu-item-type-post_type menu-item-object-page menu-item-5817\"><a href=\"https:\/\/fadeweb.uncoma.edu.ar\/index.php\/secretaria-de-extension-y-asuntos-estudiantiles\/proyectos-de-extension\/\" class=\"elementor-item\" tabindex=\"-1\">PROYECTOS DE EXTENSION<\/a><\/li>\n<li class=\"menu-item menu-item-type-post_type menu-item-object-page menu-item-5818\"><a href=\"https:\/\/fadeweb.uncoma.edu.ar\/index.php\/secretaria-de-extension-y-asuntos-estudiantiles\/proyectos-de-extension-en-ejecucion\/\" class=\"elementor-item\" tabindex=\"-1\">\u27a3 EN EJECUCION<\/a><\/li>\n<li class=\"menu-item menu-item-type-post_type menu-item-object-page menu-item-5819\"><a href=\"https:\/\/fadeweb.uncoma.edu.ar\/index.php\/secretaria-de-extension-y-asuntos-estudiantiles\/normativas-de-proyectos-de-extension\/\" class=\"elementor-item\" tabindex=\"-1\">\u27a3 NORMATIVAS<\/a><\/li>\n<li class=\"menu-item menu-item-type-post_type menu-item-object-page menu-item-5820\"><a href=\"https:\/\/fadeweb.uncoma.edu.ar\/index.php\/secretaria-de-extension-y-asuntos-estudiantiles\/llamados-de-proyectos-de-extension\/\" class=\"elementor-item\" tabindex=\"-1\">\u27a3 LLAMADOS<\/a><\/li>\n<li class=\"menu-item menu-item-type-post_type menu-item-object-page menu-item-5821\"><a href=\"https:\/\/fadeweb.uncoma.edu.ar\/index.php\/secretaria-de-extension-y-asuntos-estudiantiles\/becas-de-formacion-en-extension\/\" class=\"elementor-item\" tabindex=\"-1\">\u27a3 BECARIOS<\/a><\/li>\n<li class=\"menu-item menu-item-type-post_type menu-item-object-page menu-item-5829\"><a href=\"https:\/\/fadeweb.uncoma.edu.ar\/index.php\/secretaria-de-extension-y-asuntos-estudiantiles\/pasantias\/\" class=\"elementor-item\" tabindex=\"-1\">PASANTIAS<\/a><\/li>\n<li class=\"menu-item menu-item-type-post_type menu-item-object-page menu-item-has-children menu-item-5828\"><a href=\"https:\/\/fadeweb.uncoma.edu.ar\/index.php\/secretaria-de-extension-y-asuntos-estudiantiles\/diplomaturas\/\" class=\"elementor-item\" tabindex=\"-1\">DIPLOMATURAS<\/a>\n<ul class=\"sub-menu elementor-nav-menu--dropdown\">\n\t<li class=\"menu-item menu-item-type-post_type menu-item-object-page menu-item-15412\"><a href=\"https:\/\/fadeweb.uncoma.edu.ar\/index.php\/reglamentacion-diplomaturas\/\" class=\"elementor-sub-item\" tabindex=\"-1\">REGLAMENTACI\u00d3N<\/a><\/li>\n<\/ul>\n<\/li>\n<li class=\"menu-item menu-item-type-post_type menu-item-object-page menu-item-5835\"><a href=\"https:\/\/fadeweb.uncoma.edu.ar\/index.php\/secretaria-de-extension-y-asuntos-estudiantiles\/voluntariado\/\" class=\"elementor-item\" tabindex=\"-1\">VOLUNTARIADO<\/a><\/li>\n<li class=\"menu-item menu-item-type-post_type menu-item-object-page menu-item-5827\"><a href=\"https:\/\/fadeweb.uncoma.edu.ar\/index.php\/secretaria-de-extension-y-asuntos-estudiantiles\/servicios-a-terceros\/\" class=\"elementor-item\" tabindex=\"-1\">SERVICIOS A TERCEROS<\/a><\/li>\n<li class=\"menu-item menu-item-type-post_type menu-item-object-page menu-item-15436\"><a href=\"https:\/\/fadeweb.uncoma.edu.ar\/index.php\/secretaria-de-extension-y-asuntos-estudiantiles\/talles-upami\/\" class=\"elementor-item\" tabindex=\"-1\">TALLERES UPAMI<\/a><\/li>\n<li class=\"menu-item menu-item-type-post_type menu-item-object-page menu-item-5826\"><a href=\"https:\/\/fadeweb.uncoma.edu.ar\/index.php\/secretaria-de-extension-y-asuntos-estudiantiles\/catedras-libres\/\" class=\"elementor-item\" tabindex=\"-1\">C\u00c1TEDRAS LIBRES<\/a><\/li>\n<li class=\"menu-item menu-item-type-post_type menu-item-object-page menu-item-5825\"><a href=\"https:\/\/fadeweb.uncoma.edu.ar\/index.php\/secretaria-de-extension-y-asuntos-estudiantiles\/promocion-y-defensa-de-derechos-humanos\/\" class=\"elementor-item\" tabindex=\"-1\">PROMOCI\u00d3N Y DEFENSA DE DERECHOS HUMANOS<\/a><\/li>\n<li class=\"menu-item menu-item-type-post_type menu-item-object-page menu-item-5824\"><a href=\"https:\/\/fadeweb.uncoma.edu.ar\/index.php\/secretaria-de-extension-y-asuntos-estudiantiles\/politica-de-formacion\/\" class=\"elementor-item\" tabindex=\"-1\">POL\u00cdTICA DE FORMACI\u00d3N<\/a><\/li>\n<li class=\"menu-item menu-item-type-post_type menu-item-object-page menu-item-5823\"><a href=\"https:\/\/fadeweb.uncoma.edu.ar\/index.php\/secretaria-de-extension-y-asuntos-estudiantiles\/area-de-habitos-saludables\/\" class=\"elementor-item\" tabindex=\"-1\">\u00c1REA DE H\u00c1BITOS SALUDABLES<\/a><\/li>\n<li class=\"menu-item menu-item-type-post_type menu-item-object-page menu-item-5830\"><a href=\"https:\/\/fadeweb.uncoma.edu.ar\/index.php\/publifadecs\/\" class=\"elementor-item\" tabindex=\"-1\">DEPARTAMENTO DE PUBLICACIONES<\/a><\/li>\n<li class=\"menu-item menu-item-type-custom menu-item-object-custom menu-item-4497\"><a href=\"http:\/\/www.antena-libre.com.ar\/\" class=\"elementor-item\" tabindex=\"-1\">RADIO ANTENA LIBRE<\/a><\/li>\n<\/ul>\t\t\t<\/nav>\r\n\t\t\t\t\t\t<\/div>\n\t\t\t\t<\/div>\n\t\t\t\t\t<\/div>\n\t\t<\/div>\n\t\t\t\t\t<\/div>\n\t\t<\/section>\n\t\t\t\t<\/div>\n\t\t","protected":false},"excerpt":{"rendered":"<p>SECRETARIA DE EXTENSION Y ASUNTOS ESTUDIANTILES LLAMADOS PARA LA PRESENTACION DE PROYECTOS Cada a\u00f1o hay un llamado para la presentaci\u00f3n de Proyectos de Extensi\u00f3n que usualmente se realiza en el mes de septiembre para su evaluaci\u00f3n y aprobaci\u00f3n para el a\u00f1o siguiente La convocatoria se rige por la Ordenanza 075 La presentaci\u00f3n debe ser en [&hellip;]<\/p>\n","protected":false},"author":2,"featured_media":0,"parent":3456,"menu_order":0,"comment_status":"closed","ping_status":"closed","template":"","meta":{"footnotes":""},"class_list":["post-5797","page","type-page","status-publish","hentry"],"_links":{"self":[{"href":"https:\/\/fadeweb.uncoma.edu.ar\/index.php\/wp-json\/wp\/v2\/pages\/5797","targetHints":{"allow":["GET"]}}],"collection":[{"href":"https:\/\/fadeweb.uncoma.edu.ar\/index.php\/wp-json\/wp\/v2\/pages"}],"about":[{"href":"https:\/\/fadeweb.uncoma.edu.ar\/index.php\/wp-json\/wp\/v2\/types\/page"}],"author":[{"embeddable":true,"href":"https:\/\/fadeweb.uncoma.edu.ar\/index.php\/wp-json\/wp\/v2\/users\/2"}],"replies":[{"embeddable":true,"href":"https:\/\/fadeweb.uncoma.edu.ar\/index.php\/wp-json\/wp\/v2\/comments?post=5797"}],"version-history":[{"count":10,"href":"https:\/\/fadeweb.uncoma.edu.ar\/index.php\/wp-json\/wp\/v2\/pages\/5797\/revisions"}],"predecessor-version":[{"id":10618,"href":"https:\/\/fadeweb.uncoma.edu.ar\/index.php\/wp-json\/wp\/v2\/pages\/5797\/revisions\/10618"}],"up":[{"embeddable":true,"href":"https:\/\/fadeweb.uncoma.edu.ar\/index.php\/wp-json\/wp\/v2\/pages\/3456"}],"wp:attachment":[{"href":"https:\/\/fadeweb.uncoma.edu.ar\/index.php\/wp-json\/wp\/v2\/media?parent=5797"}],"curies":[{"name":"wp","href":"https:\/\/api.w.org\/{rel}","templated":true}]}}