{"id":5629,"date":"2022-10-06T10:25:16","date_gmt":"2022-10-06T13:25:16","guid":{"rendered":"http:\/\/170.210.81.106\/newfade\/?page_id=5629"},"modified":"2022-11-11T13:37:07","modified_gmt":"2022-11-11T16:37:07","slug":"becas-de-movilidad-sec-ciencia-y-tec-y-rel-intern","status":"publish","type":"page","link":"https:\/\/fadeweb.uncoma.edu.ar\/index.php\/secretaria-de-ciencia-y-tecnica-y-relaciones-internacionales\/becas-de-movilidad-sec-ciencia-y-tec-y-rel-intern\/","title":{"rendered":"BECAS DE MOVILIDAD SEC CIENCIA Y TEC Y REL INTERN"},"content":{"rendered":"\t\t<div data-elementor-type=\"wp-page\" data-elementor-id=\"5629\" class=\"elementor elementor-5629\" data-elementor-post-type=\"page\">\n\t\t\t\t\t\t<section class=\"elementor-section elementor-top-section elementor-element elementor-element-8796764 elementor-section-boxed elementor-section-height-default elementor-section-height-default\" data-id=\"8796764\" data-element_type=\"section\" data-e-type=\"section\">\n\t\t\t\t\t\t<div class=\"elementor-container elementor-column-gap-default\">\n\t\t\t\t\t<div class=\"elementor-column elementor-col-66 elementor-top-column elementor-element elementor-element-b65a641\" data-id=\"b65a641\" data-element_type=\"column\" data-e-type=\"column\">\n\t\t\t<div class=\"elementor-widget-wrap elementor-element-populated\">\n\t\t\t\t\t\t<div class=\"elementor-element elementor-element-e74b084 elementor-widget elementor-widget-text-editor\" data-id=\"e74b084\" data-element_type=\"widget\" data-e-type=\"widget\" data-widget_type=\"text-editor.default\">\n\t\t\t\t<div class=\"elementor-widget-container\">\n\t\t\t\t\t\t\t\t\t<h1><span class=\"titulo1\">SECRETAR\u00cdA DE CIENCIA Y T\u00c9CNICA Y RELACIONES INTERNACIONALES <\/span><\/h1><h2 class=\"subt1\">CONVOCATORIA DE MOVILIDAD INTERNACIONAL UNCo (<a href=\"https:\/\/fadeweb.uncoma.edu.ar\/wp-content\/uploads\/2022\/10\/Comunicado_Convocatoria-Internacional-UNCo.pdf\">descargar<\/a>)<\/h2><h3><span class=\"titulo2\">PROGRAMAS DE MOVILIDAD<\/span><\/h3>\t\t\t\t\t\t\t\t<\/div>\n\t\t\t\t<\/div>\n\t\t\t\t<div class=\"elementor-element elementor-element-2d6aa65 elementor-widget elementor-widget-image\" data-id=\"2d6aa65\" data-element_type=\"widget\" data-e-type=\"widget\" data-widget_type=\"image.default\">\n\t\t\t\t<div class=\"elementor-widget-container\">\n\t\t\t\t\t\t\t\t\t\t\t\t\t\t\t<img fetchpriority=\"high\" decoding=\"async\" width=\"800\" height=\"800\" src=\"https:\/\/fadeweb.uncoma.edu.ar\/wp-content\/uploads\/2022\/10\/pila2022-1024x1024.jpg\" class=\"attachment-large size-large wp-image-5714\" alt=\"PILA. Convocatoria dirigida a estudiantes de grado de todas las carreras, para realizar una movilidad virtual durante el segundo semestre 2022. Podr\u00e1s realizar movilidad con universidades de: Mexico, Colombia, Cuba, Nicaragua, Brasil y Uruguay. Tenes tiempo hasta el 24\/06\/22. Solicita bases y condiciones en: movilidadout.internacionales@central.uncoma.edu.ar\" srcset=\"https:\/\/fadeweb.uncoma.edu.ar\/wp-content\/uploads\/2022\/10\/pila2022-1024x1024.jpg 1024w, https:\/\/fadeweb.uncoma.edu.ar\/wp-content\/uploads\/2022\/10\/pila2022-300x300.jpg 300w, https:\/\/fadeweb.uncoma.edu.ar\/wp-content\/uploads\/2022\/10\/pila2022-150x150.jpg 150w, https:\/\/fadeweb.uncoma.edu.ar\/wp-content\/uploads\/2022\/10\/pila2022-768x768.jpg 768w, https:\/\/fadeweb.uncoma.edu.ar\/wp-content\/uploads\/2022\/10\/pila2022.jpg 1080w\" sizes=\"(max-width: 800px) 100vw, 800px\" \/>\t\t\t\t\t\t\t\t\t\t\t\t\t\t\t<\/div>\n\t\t\t\t<\/div>\n\t\t\t\t<div class=\"elementor-element elementor-element-87e768e elementor-widget elementor-widget-text-editor\" data-id=\"87e768e\" data-element_type=\"widget\" data-e-type=\"widget\" data-widget_type=\"text-editor.default\">\n\t\t\t\t<div class=\"elementor-widget-container\">\n\t\t\t\t\t\t\t\t\t<h4><span class=\"subt1\">CONVOCATORIA DE MOVILIDAD PILA VIRTUAL<\/span><\/h4><p class=\"texto\">El \u00e1rea de Movilidad Internacional de la Subsecretar\u00eda de Relaciones Internacionales de la UNCo informa que la Facultad de Econom\u00eda y Administraci\u00f3n y la Facultad de Humanidades presentaron propuestas de asignaturas para el programa de movilidad Virtual, lo que nos abre las puertas a participar en la reciprocidad de estudiantes bajo esta modalidad de intercambio.<\/p><p class=\"texto\">Por tal motivo, invita a que ingresen a la <a href=\"http:\/\/pila.cin.edu.ar\/?ai=marca||224000006\">web de PILA<\/a>, donde se presenta la oferta acad\u00e9mica para que, por medio de la utilizaci\u00f3n de filtros, puedan conocer en qu\u00e9 pa\u00edses o universidades encuentran oferta acad\u00e9mica a fin y as\u00ed asesorar a los estudiantes.<\/p><p><a href=\"https:\/\/fadeweb.uncoma.edu.ar\/wp-content\/uploads\/2022\/10\/1_Bases-y-condiciones_PILA-Virtual_2_2022.pdf\">1_Bases y condiciones_PILA Virtual<\/a><\/p><p class=\"texto\"><a href=\"https:\/\/fadeweb.uncoma.edu.ar\/wp-content\/uploads\/2022\/10\/2_Formulario-de-postulacion-UNCo_2_2022_PILA.doc\">2_Formulario de postulaci\u00f3n UNCo_2_2022_PILA<\/a><\/p><p class=\"texto\"><a href=\"https:\/\/fadeweb.uncoma.edu.ar\/wp-content\/uploads\/2022\/10\/3_Formulario-de-postulacion_PILAVirtual_2_2022.docx\">3_Formulario de postulaci\u00f3n_PILAVirtual<\/a><\/p><p class=\"texto\"><a href=\"https:\/\/fadeweb.uncoma.edu.ar\/wp-content\/uploads\/2022\/10\/4_GUIA-DEL-ESTUDIANTE-PILA-VIRTUAL-2022-2.pdf\">4_GUIA-DEL-ESTUDIANTE-PILA-VIRTUAL<\/a><\/p><h5>\u00a0<\/h5><h5>MOVILIDAD ESTUDIANTIL<\/h5><p class=\"texto\">Por distintos programas de movilidad, la UNCo env\u00eda estudiantes propios y recibe estudiantes de otras universidades de la Argentina y del extranjero.<br \/>Estos son los programas de movilidad en los que ha participado la Facultad de Derecho y Ciencias Sociales:<\/p>\t\t\t\t\t\t\t\t<\/div>\n\t\t\t\t<\/div>\n\t\t\t\t<div class=\"elementor-element elementor-element-cd8453b elementor-widget elementor-widget-text-editor\" data-id=\"cd8453b\" data-element_type=\"widget\" data-e-type=\"widget\" data-widget_type=\"text-editor.default\">\n\t\t\t\t<div class=\"elementor-widget-container\">\n\t\t\t\t\t\t\t\t\t<table class=\"becas\"><caption>MOVILIDAD OUT -PRESENCIAL<\/caption><thead><tr><th width=\"35%\"><strong>Estudiante<\/strong><\/th><th width=\"35%\"><strong>DESTINO<\/strong><\/th><th width=\"20%\"><strong>A\u00d1O\/ cuatrimestre<\/strong><\/th><th width=\"20%\"><strong>Carrera<\/strong><\/th><\/tr><\/thead><tbody><tr><td width=\"35%\" height=\"22\">Kalmbach Jonas<\/td><td width=\"35%\">Benem\u00e9rita Universidad Aut\u00f3noma de Puebla &#8211; M\u00e9xico<\/td><td width=\"20%\">2016\/2<\/td><td width=\"20%\">Sociolog\u00eda<\/td><\/tr><tr><td width=\"35%\" height=\"22\">Ruiz de Galarreta, Natal\u00ed Sol<\/td><td width=\"35%\">Universidad Aut\u00f3noma del Estado de M\u00e9xico<\/td><td width=\"20%\">2017\/1<\/td><td width=\"20%\">Comunicaci\u00f3n<\/td><\/tr><tr><td width=\"35%\" height=\"22\">Yllera, Diego Rodolfo<\/td><td width=\"35%\">Universidad de la Rioja &#8211; Espa\u00f1a<\/td><td width=\"20%\">2017\/2<\/td><td width=\"20%\">Abogac\u00eda<\/td><\/tr><tr><td width=\"35%\" height=\"22\">Recabarren, Juan Manuel<\/td><td width=\"35%\">Universidad de la Rioja &#8211; Espa\u00f1a<\/td><td width=\"20%\">2018\/2<\/td><td width=\"20%\">Abogac\u00eda<\/td><\/tr><tr><td width=\"35%\" height=\"22\">Sep\u00falveda, Daniela Ail\u00edn<\/td><td width=\"35%\">Universidad de Granada &#8211; Espa\u00f1a<\/td><td width=\"20%\">2018\/2<\/td><td width=\"20%\">Abogac\u00eda<\/td><\/tr><\/tbody><\/table><table class=\"becas\"><caption>MOVILIDAD IN<\/caption><tbody><tr><td>Torres Moro, Stephanie<\/td><td>Universidad de Puebla\u00a0&#8211; M\u00e9xico<\/td><td>2016\/1<\/td><td>Abogac\u00eda<\/td><\/tr><tr><td width=\"35%\" height=\"22\">Ramos de Siqueira, J\u00e9ssica Cristina<\/td><td width=\"35%\">UNICENTRO &#8211; Brasil<\/td><td width=\"20%\">2016\/2<\/td><td width=\"20%\">Comunicaci\u00f3n<\/td><\/tr><tr><td width=\"35%\" height=\"22\">Javier Hernandez, M\u00f3nica<\/td><td width=\"35%\">Aut\u00f3noma de Puebla &#8211; M\u00e9xico<\/td><td width=\"20%\">2016\/2<\/td><td width=\"20%\">Comunicaci\u00f3n<\/td><\/tr><tr><td width=\"35%\" height=\"22\">Cordero Mu\u00f1oz, Fernanda Elizabeth<\/td><td width=\"35%\">Universidad de Guadalajara &#8211; M\u00e9xico<\/td><td width=\"20%\">2017\/2<\/td><td width=\"20%\">Servicio Social<\/td><\/tr><tr><td width=\"35%\" height=\"22\">Reyes Zenteno, Mar\u00eda Guadalupe<\/td><td width=\"35%\">Aut\u00f3noma de Estado de M\u00e9xico<\/td><td width=\"20%\">2018\/1<\/td><td width=\"20%\">Abogac\u00eda<\/td><\/tr><tr><td width=\"35%\" height=\"22\">Gil Angulo, Grecia Edelmira<\/td><td width=\"35%\">Universidad de Baja California &#8211; M\u00e9xico<\/td><td width=\"20%\">2018\/2<\/td><td width=\"20%\">Comunicaci\u00f3n<\/td><\/tr><tr><td width=\"35%\" height=\"22\">Paulino de Figueiredo, Fabricio<\/td><td width=\"35%\">Universidade Federal de Mato Grosso\u00a0Brasil<\/td><td width=\"20%\">2020\/1<\/td><td width=\"20%\">Abogac\u00eda\u00a0 (presencial\/virtual)<\/td><\/tr><\/tbody><\/table><p><strong>PROGRAMA PILA &#8211; VIRTUAL<\/strong><\/p><table class=\"becas\"><caption>OUT<\/caption><tbody><tr><td width=\"35%\" height=\"22\">Simonelli, Carlos Andr\u00e9s<\/td><td width=\"35%\">Universidad Aut\u00f3noma de Chile<\/td><td width=\"20%\">2021\/2<\/td><td width=\"20%\">Prof. Comunicaci\u00f3n<\/td><\/tr><tr><td width=\"35%\" height=\"22\">Witte, Martina<\/td><td width=\"35%\">Universidad de Guadalajara &#8211; M\u00e9xico<\/td><td width=\"20%\">2021\/2<\/td><td width=\"20%\">Lic. Comunicaci\u00f3n<\/td><\/tr><\/tbody><\/table><table class=\"becas\"><caption>IN<\/caption><tbody><tr><td width=\"35%\" height=\"22\">Golcalves da Silva, Erika Kelliane<\/td><td width=\"35%\">Universidad Paulista\u00a0\u00a0Brasil<\/td><td width=\"20%\">2021\/2<\/td><td width=\"20%\">Abogac\u00eda<\/td><\/tr><\/tbody><\/table><table class=\"becas\"><caption>Primer cuatrimestre 2016<\/caption><thead><tr><th valign=\"middle\" width=\"20%\" height=\"22\"><strong>Estudiante<\/strong><\/th><th valign=\"middle\" width=\"20%\" height=\"22\"><strong>Programa<\/strong><\/th><th valign=\"middle\" width=\"20%\" height=\"22\"><strong>Origen<\/strong><\/th><th valign=\"middle\" width=\"20%\" height=\"22\"><strong>Destino<\/strong><\/th><th valign=\"middle\" width=\"20%\" height=\"22\"><strong>Carrera<\/strong><\/th><\/tr><\/thead><tbody><tr><td valign=\"middle\" width=\"128\">Grecia Elizabeth Rold\u00e1n<\/td><td valign=\"middle\" width=\"129\">Movilidad Ciencias Sociales<\/td><td valign=\"middle\" width=\"147\">UNCo<\/td><td valign=\"middle\" width=\"110\">UNLP<\/td><td valign=\"middle\" width=\"130\">Sociolog\u00eda<\/td><\/tr><tr><td valign=\"middle\" width=\"128\">Henry Iv\u00e1n Acu\u00f1a<\/td><td valign=\"middle\" width=\"129\">Movilidad Ciencias Sociales<\/td><td valign=\"middle\" width=\"147\">UNCo<\/td><td valign=\"middle\" width=\"110\">UNicen<\/td><td valign=\"middle\" width=\"130\">Servicio Social<\/td><\/tr><tr><td valign=\"middle\" width=\"128\">Kalmbach, Jon\u00e1s<\/td><td valign=\"middle\" width=\"129\">Convocatoria UNCo<\/td><td valign=\"middle\" width=\"147\">UNCo<\/td><td valign=\"middle\" width=\"110\">Benem\u00e9rita Universidad Aut\u00f3noma de Puebla (M\u00e9xico)<\/td><td valign=\"middle\" width=\"130\">Sociolog\u00eda<\/td><\/tr><tr><td valign=\"middle\" width=\"128\">Gonz\u00e1lez Ram\u00edrez, Mar\u00eda Fernanda<\/td><td valign=\"middle\" width=\"129\">Convenio espec\u00edfico<\/td><td valign=\"middle\" width=\"147\">Universidad Aut\u00f3noma de Baja California (M\u00e9xico)<\/td><td valign=\"middle\" width=\"110\">UNCo<\/td><td valign=\"middle\" width=\"130\">Abogac\u00eda<\/td><\/tr><tr><td valign=\"middle\" width=\"128\">Javier Hern\u00e1ndez, M\u00f3nica<\/td><td valign=\"middle\" width=\"129\">Convenio<br \/>espec\u00edfico<\/td><td valign=\"middle\" width=\"147\">Benem\u00e9rita Universidad Aut\u00f3noma de Puebla (M\u00e9xico)<\/td><td valign=\"middle\" width=\"110\">UNCo<\/td><td valign=\"middle\" width=\"130\">Comunicaci\u00f3n Social<\/td><\/tr><tr><td valign=\"middle\" width=\"128\">Torres Moro, Stephanie<\/td><td valign=\"middle\" width=\"129\">JIMA<\/td><td valign=\"middle\" width=\"147\">Benem\u00e9rita Universidad Aut\u00f3noma de Puebla (M\u00e9xico)<\/td><td valign=\"middle\" width=\"110\">UNCo<\/td><td valign=\"middle\" width=\"130\">Abogac\u00eda<\/td><\/tr><\/tbody><\/table><table class=\"becas\"><caption>Segundo cuatrimestre 2015<\/caption><thead><tr><th valign=\"middle\" width=\"20%\" height=\"22\"><strong>Estudiante<\/strong><\/th><th valign=\"middle\" width=\"20%\" height=\"22\"><strong>Programa<\/strong><\/th><th valign=\"middle\" width=\"20%\" height=\"22\"><strong>Origen<\/strong><\/th><th valign=\"middle\" width=\"20%\" height=\"22\"><strong>Destino<\/strong><\/th><th valign=\"middle\" width=\"20%\" height=\"22\"><strong>Carrera<\/strong><\/th><\/tr><\/thead><tbody><tr><td valign=\"middle\" width=\"20%\">Mariana Elizabeth Di Febo<\/td><td valign=\"middle\" width=\"20%\">Movilidad Ciencias Sociales<\/td><td valign=\"middle\" width=\"20%\">UNSJ<\/td><td valign=\"middle\" width=\"20%\">UNCo<\/td><td valign=\"middle\" width=\"20%\">Servicio Social<\/td><\/tr><tr><td valign=\"middle\" width=\"20%\">Paola Celeste Garrido<\/td><td valign=\"middle\" width=\"20%\">Movilidad Ciencias Sociales<\/td><td valign=\"middle\" width=\"20%\">UNSJ<\/td><td valign=\"middle\" width=\"20%\">UNCo<\/td><td valign=\"middle\" width=\"20%\">Servicio Social<\/td><\/tr><tr><td valign=\"middle\" width=\"20%\">Romina Mar\u00eda Simionatti<\/td><td valign=\"middle\" width=\"20%\">Movilidad Ciencias Sociales<\/td><td valign=\"middle\" width=\"20%\">Universidad de Lan\u00fas<\/td><td valign=\"middle\" width=\"20%\">UNCo<\/td><td valign=\"middle\" width=\"20%\">Servicio Social<\/td><\/tr><tr><td valign=\"middle\" width=\"20%\">Pedro Porta Fern\u00e1ndez<\/td><td valign=\"middle\" width=\"20%\">Movilidad Ciencias Sociales<\/td><td valign=\"middle\" width=\"20%\">UNLP<\/td><td valign=\"middle\" width=\"20%\">UNCo<\/td><td valign=\"middle\" width=\"20%\">Servicio Social<\/td><\/tr><tr><td valign=\"middle\" width=\"20%\">Carolina Rodr\u00edguez Terreros<\/td><td valign=\"middle\" width=\"20%\">Convenio espec\u00edfico<\/td><td valign=\"middle\" width=\"20%\">Universidad Aut\u00f3noma de Baja California (M\u00e9xico)<\/td><td valign=\"middle\" width=\"20%\">UNCo<\/td><td valign=\"middle\" width=\"20%\">Comunicaci\u00f3n Social<\/td><\/tr><tr><td valign=\"middle\" width=\"20%\">Anais Garc\u00eda Padilla<\/td><td valign=\"middle\" width=\"20%\">Convenio espec\u00edfico<\/td><td valign=\"middle\" width=\"20%\">Universidad Aut\u00f3noma de Baja California (M\u00e9xico)<\/td><td valign=\"middle\" width=\"20%\">UNCo<\/td><td valign=\"middle\" width=\"20%\">Comunicaci\u00f3n Social<\/td><\/tr><\/tbody><\/table><table class=\"becas\"><caption>Primer cuatrimestre 2015<\/caption><thead><tr><th valign=\"middle\" height=\"22\"><strong>Estudiante<\/strong><\/th><th valign=\"middle\" height=\"22\"><strong>Programa<\/strong><\/th><th valign=\"middle\" height=\"22\"><strong>Origen<\/strong><\/th><th valign=\"middle\" height=\"22\"><strong>Destino<\/strong><\/th><th valign=\"middle\" height=\"22\"><strong>Carrera<\/strong><\/th><\/tr><\/thead><tbody><tr><td class=\"texto\" valign=\"middle\" width=\"644\" height=\"22\">Esmeralda Salazar<\/td><td class=\"texto\" valign=\"middle\" width=\"644\" height=\"22\">Convenio espec\u00edfico<\/td><td class=\"texto\" valign=\"middle\" width=\"644\" height=\"22\">Universidad de Sonora (M\u00e9xico)<\/td><td class=\"texto\" valign=\"middle\" width=\"644\" height=\"22\">UNCo<\/td><td class=\"texto\" valign=\"middle\" width=\"644\" height=\"22\">Abogac\u00eda<\/td><\/tr><tr><td class=\"texto\" valign=\"middle\" width=\"644\" height=\"22\">Roselyn Rodarte<\/td><td class=\"texto\" valign=\"middle\" width=\"644\" height=\"22\">Convenio espec\u00edfico<\/td><td class=\"texto\" valign=\"middle\" width=\"644\" height=\"22\">Universidad de Sonora (M\u00e9xico)<\/td><td class=\"texto\" valign=\"middle\" width=\"644\" height=\"22\">UNCo<\/td><td class=\"texto\" valign=\"middle\" width=\"644\" height=\"22\">Abogac\u00eda<\/td><\/tr><tr><td class=\"texto\" valign=\"middle\" width=\"644\" height=\"22\">Leandro Exequiel Aranguez<\/td><td class=\"texto\" valign=\"middle\" width=\"644\" height=\"22\">AUSA<\/td><td class=\"texto\" valign=\"middle\" width=\"644\" height=\"22\">Universidad Nacional de Cuyo<\/td><td class=\"texto\" valign=\"middle\" width=\"644\" height=\"22\">UNCo<\/td><td class=\"texto\" valign=\"middle\" width=\"644\" height=\"22\">Abogac\u00eda<\/td><\/tr><\/tbody><\/table><h3 class=\"titulo3\">MOVILIDAD DOCENTE<\/h3><p class=\"titulo3\"><span class=\"texto\">La UNCo participa tambi\u00e9n en programas de movilidad docente al exterior de la Secretar\u00eda de Pol\u00edticas Universitarias, por ejemplo a Madrid y a Par\u00eds.<br \/>M\u00e1s informaci\u00f3n sobre el programa: <a href=\"http:\/\/portales.educacion.gov.ar\/spu\/cooperacion-internacional\/cooperacion_bilateral\/programa-de-movilidad-de-docentes-a-madrid-y-a-paris\/\">http:\/\/portales.educacion.gov.ar\/spu\/cooperacion-internacional\/cooperacion_bilateral\/programa-de-movilidad-de-docentes-a-madrid-y-a-paris\/<\/a><br \/>Docentes de la Fadecs que participan de estos programas<\/span>:<\/p><table class=\"becas\"><caption>Primer cuatrimestre 2016<\/caption><thead><tr><th valign=\"middle\" height=\"22\"><strong>Docente<\/strong><\/th><th valign=\"middle\" height=\"22\"><strong>Programa<\/strong><\/th><th valign=\"middle\" height=\"22\"><strong>Origen<\/strong><\/th><th valign=\"middle\" height=\"22\"><strong>Destino<\/strong><\/th><th valign=\"middle\" height=\"22\"><strong>Carrera<\/strong><\/th><\/tr><\/thead><tbody><tr><td valign=\"middle\" width=\"20%\" height=\"22\"><p class=\"texto\">Ver\u00f3nica Trpin<\/p><\/td><td valign=\"middle\" width=\"20%\" height=\"22\"><p class=\"texto\">Movilidad a Madrid<\/p><\/td><td valign=\"middle\" width=\"20%\" height=\"22\"><p class=\"texto\">UNCo<\/p><\/td><td valign=\"middle\" width=\"20%\" height=\"22\">\u00a0<\/td><td valign=\"middle\" width=\"20%\" height=\"22\"><p class=\"texto\">Sociolog\u00eda<\/p><\/td><\/tr><\/tbody><\/table><table class=\"becas\"><caption>Primer cuatrimestre 2015<\/caption><thead><tr><th valign=\"middle\" height=\"22\"><strong>Docente<\/strong><\/th><th valign=\"middle\" height=\"22\"><strong>Programa<\/strong><\/th><th valign=\"middle\" height=\"22\"><strong>Origen<\/strong><\/th><th valign=\"middle\" height=\"22\"><strong>Destino<\/strong><\/th><th valign=\"middle\" height=\"22\"><strong>Carrera<\/strong><\/th><\/tr><\/thead><tbody><tr><td valign=\"middle\" width=\"20%\" height=\"22\"><p class=\"texto\">Cristina Garc\u00eda V\u00e1zquez<\/p><\/td><td valign=\"middle\" width=\"20%\" height=\"22\"><p class=\"texto\">Movilidad a Madrid<\/p><\/td><td valign=\"middle\" width=\"20%\" height=\"22\"><p class=\"texto\">UNCo<\/p><\/td><td valign=\"middle\" width=\"20%\" height=\"22\">\u00a0<\/td><td valign=\"middle\" width=\"20%\" height=\"22\"><p class=\"texto\">Sociolog\u00eda<\/p><\/td><\/tr><\/tbody><\/table>\t\t\t\t\t\t\t\t<\/div>\n\t\t\t\t<\/div>\n\t\t\t\t<div class=\"elementor-element elementor-element-cfcc55e elementor-widget elementor-widget-shortcode\" data-id=\"cfcc55e\" data-element_type=\"widget\" data-e-type=\"widget\" data-widget_type=\"shortcode.default\">\n\t\t\t\t<div class=\"elementor-widget-container\">\n\t\t\t\t\t\t\t<div class=\"elementor-shortcode\">\t\t<div data-elementor-type=\"section\" data-elementor-id=\"4601\" class=\"elementor elementor-4601\" data-elementor-post-type=\"elementor_library\">\r\n\t\t\t\t\t<section class=\"elementor-section elementor-top-section elementor-element elementor-element-616db802 elementor-section-boxed elementor-section-height-default elementor-section-height-default\" data-id=\"616db802\" data-element_type=\"section\" data-e-type=\"section\">\n\t\t\t\t\t\t<div class=\"elementor-container elementor-column-gap-default\">\n\t\t\t\t\t<div class=\"elementor-column elementor-col-100 elementor-top-column elementor-element elementor-element-4a4fbccf\" data-id=\"4a4fbccf\" data-element_type=\"column\" data-e-type=\"column\">\n\t\t\t<div class=\"elementor-widget-wrap elementor-element-populated\">\n\t\t\t\t\t\t<div class=\"elementor-element elementor-element-251169b9 elementor-widget-divider--view-line elementor-widget elementor-widget-divider\" data-id=\"251169b9\" data-element_type=\"widget\" data-e-type=\"widget\" data-widget_type=\"divider.default\">\n\t\t\t\t<div class=\"elementor-widget-container\">\n\t\t\t\t\t\t\t<div class=\"elementor-divider\">\n\t\t\t<span class=\"elementor-divider-separator\">\n\t\t\t\t\t\t<\/span>\n\t\t<\/div>\n\t\t\t\t\t\t<\/div>\n\t\t\t\t<\/div>\n\t\t\t\t<div class=\"elementor-element elementor-element-694ecd60 elementor-widget elementor-widget-text-editor\" data-id=\"694ecd60\" data-element_type=\"widget\" data-e-type=\"widget\" data-widget_type=\"text-editor.default\">\n\t\t\t\t<div class=\"elementor-widget-container\">\n\t\t\t\t\t\t\t\t\t<p class=\"texto\"><strong>M\u00c1S INFORMACI\u00d3N<br \/><\/strong>Secretar\u00eda de Investigaci\u00f3n y Relaciones Internacionales <br \/>TE: (0298) 4433668\/668<\/p><p class=\"texto\">Correo electr\u00f3nico<br \/><strong><a href=\"mailto:invefade@gmail.com\">invefade@gmail.com<\/a><\/strong><a href=\"mailto:rrii.fadecs@gmail.com\"><br \/><\/a> Mendoza y Per\u00fa<br \/>(8332) General Roca, R\u00edo Negro <br \/>Argentina<\/p>\t\t\t\t\t\t\t\t<\/div>\n\t\t\t\t<\/div>\n\t\t\t\t\t<\/div>\n\t\t<\/div>\n\t\t\t\t\t<\/div>\n\t\t<\/section>\n\t\t\t\t<\/div>\r\n\t\t<\/div>\n\t\t\t\t\t\t<\/div>\n\t\t\t\t<\/div>\n\t\t\t\t\t<\/div>\n\t\t<\/div>\n\t\t\t\t<div class=\"elementor-column elementor-col-33 elementor-top-column elementor-element elementor-element-bee05c6\" data-id=\"bee05c6\" data-element_type=\"column\" data-e-type=\"column\">\n\t\t\t<div class=\"elementor-widget-wrap elementor-element-populated\">\n\t\t\t\t\t\t<div class=\"elementor-element elementor-element-d9af581 elementor-widget elementor-widget-shortcode\" data-id=\"d9af581\" data-element_type=\"widget\" data-e-type=\"widget\" data-widget_type=\"shortcode.default\">\n\t\t\t\t<div class=\"elementor-widget-container\">\n\t\t\t\t\t\t\t<div class=\"elementor-shortcode\">\t\t<div data-elementor-type=\"section\" data-elementor-id=\"4603\" class=\"elementor elementor-4603\" data-elementor-post-type=\"elementor_library\">\r\n\t\t\t\t\t<section class=\"elementor-section elementor-top-section elementor-element elementor-element-6bffb94b elementor-section-boxed elementor-section-height-default elementor-section-height-default\" data-id=\"6bffb94b\" data-element_type=\"section\" data-e-type=\"section\">\n\t\t\t\t\t\t<div class=\"elementor-container elementor-column-gap-default\">\n\t\t\t\t\t<div class=\"elementor-column elementor-col-100 elementor-top-column elementor-element elementor-element-70c1b643\" data-id=\"70c1b643\" data-element_type=\"column\" data-e-type=\"column\">\n\t\t\t<div class=\"elementor-widget-wrap elementor-element-populated\">\n\t\t\t\t\t\t<div class=\"elementor-element elementor-element-78405566 elementor-align-justify elementor-widget elementor-widget-button\" data-id=\"78405566\" data-element_type=\"widget\" data-e-type=\"widget\" data-widget_type=\"button.default\">\n\t\t\t\t<div class=\"elementor-widget-container\">\n\t\t\t\t\t\t\t\t\t<div class=\"elementor-button-wrapper\">\n\t\t\t\t\t<a class=\"elementor-button elementor-button-link elementor-size-sm\" href=\"https:\/\/fadeweb.uncoma.edu.ar\/index.php\/secretaria-de-ciencia-y-tecnica-y-relaciones-internacionales\/novedades-sec-ciencia-y-tec-y-rel-intern\/\">\n\t\t\t\t\t\t<span class=\"elementor-button-content-wrapper\">\n\t\t\t\t\t\t\t\t\t<span class=\"elementor-button-text\">NOVEDADES<\/span>\n\t\t\t\t\t<\/span>\n\t\t\t\t\t<\/a>\n\t\t\t\t<\/div>\n\t\t\t\t\t\t\t\t<\/div>\n\t\t\t\t<\/div>\n\t\t\t\t<div class=\"elementor-element elementor-element-a138522 elementor-widget elementor-widget-heading\" data-id=\"a138522\" data-element_type=\"widget\" data-e-type=\"widget\" data-widget_type=\"heading.default\">\n\t\t\t\t<div class=\"elementor-widget-container\">\n\t\t\t\t\t<div class=\"elementor-heading-title elementor-size-default\">INVESTIGACION<\/div>\t\t\t\t<\/div>\n\t\t\t\t<\/div>\n\t\t\t\t<div class=\"elementor-element elementor-element-95d7015 elementor-align-justify elementor-widget elementor-widget-button\" data-id=\"95d7015\" data-element_type=\"widget\" data-e-type=\"widget\" data-widget_type=\"button.default\">\n\t\t\t\t<div class=\"elementor-widget-container\">\n\t\t\t\t\t\t\t\t\t<div class=\"elementor-button-wrapper\">\n\t\t\t\t\t<a class=\"elementor-button elementor-button-link elementor-size-sm\" href=\"https:\/\/fadeweb.uncoma.edu.ar\/index.php\/secretaria-de-ciencia-y-tecnica-y-relaciones-internacionales\/proyectos-sec-ciencia-y-tec-y-rel-intern\/\">\n\t\t\t\t\t\t<span class=\"elementor-button-content-wrapper\">\n\t\t\t\t\t\t<span class=\"elementor-button-icon\">\n\t\t\t\t<i aria-hidden=\"true\" class=\"far fa-arrow-alt-circle-right\"><\/i>\t\t\t<\/span>\n\t\t\t\t\t\t\t\t\t<span class=\"elementor-button-text\">Proyectos VIGENTES<\/span>\n\t\t\t\t\t<\/span>\n\t\t\t\t\t<\/a>\n\t\t\t\t<\/div>\n\t\t\t\t\t\t\t\t<\/div>\n\t\t\t\t<\/div>\n\t\t\t\t<div class=\"elementor-element elementor-element-c37e8bd elementor-align-justify elementor-widget elementor-widget-button\" data-id=\"c37e8bd\" data-element_type=\"widget\" data-e-type=\"widget\" data-widget_type=\"button.default\">\n\t\t\t\t<div class=\"elementor-widget-container\">\n\t\t\t\t\t\t\t\t\t<div class=\"elementor-button-wrapper\">\n\t\t\t\t\t<a class=\"elementor-button elementor-button-link elementor-size-sm\" href=\"https:\/\/fadeweb.uncoma.edu.ar\/index.php\/secretaria-de-ciencia-y-tecnica-y-relaciones-internacionales\/proyectos-finalizados-inv\/\">\n\t\t\t\t\t\t<span class=\"elementor-button-content-wrapper\">\n\t\t\t\t\t\t<span class=\"elementor-button-icon\">\n\t\t\t\t<i aria-hidden=\"true\" class=\"far fa-arrow-alt-circle-right\"><\/i>\t\t\t<\/span>\n\t\t\t\t\t\t\t\t\t<span class=\"elementor-button-text\">Proyectos FINALIZADOS<\/span>\n\t\t\t\t\t<\/span>\n\t\t\t\t\t<\/a>\n\t\t\t\t<\/div>\n\t\t\t\t\t\t\t\t<\/div>\n\t\t\t\t<\/div>\n\t\t\t\t<div class=\"elementor-element elementor-element-7a820a66 elementor-align-justify elementor-widget elementor-widget-button\" data-id=\"7a820a66\" data-element_type=\"widget\" data-e-type=\"widget\" data-widget_type=\"button.default\">\n\t\t\t\t<div class=\"elementor-widget-container\">\n\t\t\t\t\t\t\t\t\t<div class=\"elementor-button-wrapper\">\n\t\t\t\t\t<a class=\"elementor-button elementor-button-link elementor-size-sm\" href=\"https:\/\/fadeweb.uncoma.edu.ar\/index.php\/secretaria-de-ciencia-y-tecnica-y-relaciones-internacionales\/participacion-en-proyectos-externos-sec-ciencia-y-tec-y-rel-intern\/\">\n\t\t\t\t\t\t<span class=\"elementor-button-content-wrapper\">\n\t\t\t\t\t\t<span class=\"elementor-button-icon\">\n\t\t\t\t<i aria-hidden=\"true\" class=\"far fa-arrow-alt-circle-right\"><\/i>\t\t\t<\/span>\n\t\t\t\t\t\t\t\t\t<span class=\"elementor-button-text\">Participaci\u00f3n en proyectos externos<\/span>\n\t\t\t\t\t<\/span>\n\t\t\t\t\t<\/a>\n\t\t\t\t<\/div>\n\t\t\t\t\t\t\t\t<\/div>\n\t\t\t\t<\/div>\n\t\t\t\t<div class=\"elementor-element elementor-element-532bbd28 elementor-align-justify elementor-widget elementor-widget-button\" data-id=\"532bbd28\" data-element_type=\"widget\" data-e-type=\"widget\" data-widget_type=\"button.default\">\n\t\t\t\t<div class=\"elementor-widget-container\">\n\t\t\t\t\t\t\t\t\t<div class=\"elementor-button-wrapper\">\n\t\t\t\t\t<a class=\"elementor-button elementor-button-link elementor-size-sm\" href=\"https:\/\/fadeweb.uncoma.edu.ar\/index.php\/secretaria-de-ciencia-y-tecnica-y-relaciones-internacionales\/formularios-y-normativas-sec-ciencia-y-tec-y-rel-intern\/\">\n\t\t\t\t\t\t<span class=\"elementor-button-content-wrapper\">\n\t\t\t\t\t\t<span class=\"elementor-button-icon\">\n\t\t\t\t<i aria-hidden=\"true\" class=\"far fa-arrow-alt-circle-right\"><\/i>\t\t\t<\/span>\n\t\t\t\t\t\t\t\t\t<span class=\"elementor-button-text\">Formularios y normativas<\/span>\n\t\t\t\t\t<\/span>\n\t\t\t\t\t<\/a>\n\t\t\t\t<\/div>\n\t\t\t\t\t\t\t\t<\/div>\n\t\t\t\t<\/div>\n\t\t\t\t<div class=\"elementor-element elementor-element-2225e829 elementor-align-justify elementor-widget elementor-widget-button\" data-id=\"2225e829\" data-element_type=\"widget\" data-e-type=\"widget\" data-widget_type=\"button.default\">\n\t\t\t\t<div class=\"elementor-widget-container\">\n\t\t\t\t\t\t\t\t\t<div class=\"elementor-button-wrapper\">\n\t\t\t\t\t<a class=\"elementor-button elementor-button-link elementor-size-sm\" href=\"https:\/\/fadeweb.uncoma.edu.ar\/index.php\/secretaria-de-ciencia-y-tecnica-y-relaciones-internacionales\/centros-e-institutos-sec-ciencia-y-tec-y-rel-intern\/\">\n\t\t\t\t\t\t<span class=\"elementor-button-content-wrapper\">\n\t\t\t\t\t\t<span class=\"elementor-button-icon\">\n\t\t\t\t<i aria-hidden=\"true\" class=\"far fa-arrow-alt-circle-right\"><\/i>\t\t\t<\/span>\n\t\t\t\t\t\t\t\t\t<span class=\"elementor-button-text\">Centros e institutos<\/span>\n\t\t\t\t\t<\/span>\n\t\t\t\t\t<\/a>\n\t\t\t\t<\/div>\n\t\t\t\t\t\t\t\t<\/div>\n\t\t\t\t<\/div>\n\t\t\t\t<div class=\"elementor-element elementor-element-e5802c8 elementor-align-justify elementor-widget elementor-widget-button\" data-id=\"e5802c8\" data-element_type=\"widget\" data-e-type=\"widget\" data-widget_type=\"button.default\">\n\t\t\t\t<div class=\"elementor-widget-container\">\n\t\t\t\t\t\t\t\t\t<div class=\"elementor-button-wrapper\">\n\t\t\t\t\t<a class=\"elementor-button elementor-button-link elementor-size-sm\" href=\"https:\/\/fadeweb.uncoma.edu.ar\/index.php\/secretaria-de-ciencia-y-tecnica-y-relaciones-internacionales\/becas-de-investigacion-sec-ciencia-y-tec-y-rel-intern\/\">\n\t\t\t\t\t\t<span class=\"elementor-button-content-wrapper\">\n\t\t\t\t\t\t<span class=\"elementor-button-icon\">\n\t\t\t\t<i aria-hidden=\"true\" class=\"far fa-arrow-alt-circle-right\"><\/i>\t\t\t<\/span>\n\t\t\t\t\t\t\t\t\t<span class=\"elementor-button-text\">Becas de investigaci\u00f3n<\/span>\n\t\t\t\t\t<\/span>\n\t\t\t\t\t<\/a>\n\t\t\t\t<\/div>\n\t\t\t\t\t\t\t\t<\/div>\n\t\t\t\t<\/div>\n\t\t\t\t<div class=\"elementor-element elementor-element-3d4fbe53 elementor-widget elementor-widget-heading\" data-id=\"3d4fbe53\" data-element_type=\"widget\" data-e-type=\"widget\" data-widget_type=\"heading.default\">\n\t\t\t\t<div class=\"elementor-widget-container\">\n\t\t\t\t\t<div class=\"elementor-heading-title elementor-size-default\">RELACIONES INTERNACIONALES <\/div>\t\t\t\t<\/div>\n\t\t\t\t<\/div>\n\t\t\t\t<div class=\"elementor-element elementor-element-87bac45 elementor-align-justify elementor-widget elementor-widget-button\" data-id=\"87bac45\" data-element_type=\"widget\" data-e-type=\"widget\" data-widget_type=\"button.default\">\n\t\t\t\t<div class=\"elementor-widget-container\">\n\t\t\t\t\t\t\t\t\t<div class=\"elementor-button-wrapper\">\n\t\t\t\t\t<a class=\"elementor-button elementor-button-link elementor-size-sm\" href=\"https:\/\/fadeweb.uncoma.edu.ar\/index.php\/secretaria-de-ciencia-y-tecnica-y-relaciones-internacionales\/becas-de-movilidad-sec-ciencia-y-tec-y-rel-intern\/\">\n\t\t\t\t\t\t<span class=\"elementor-button-content-wrapper\">\n\t\t\t\t\t\t<span class=\"elementor-button-icon\">\n\t\t\t\t<i aria-hidden=\"true\" class=\"far fa-arrow-alt-circle-right\"><\/i>\t\t\t<\/span>\n\t\t\t\t\t\t\t\t\t<span class=\"elementor-button-text\">Becas de movilidad<\/span>\n\t\t\t\t\t<\/span>\n\t\t\t\t\t<\/a>\n\t\t\t\t<\/div>\n\t\t\t\t\t\t\t\t<\/div>\n\t\t\t\t<\/div>\n\t\t\t\t<div class=\"elementor-element elementor-element-3f28b99e elementor-align-justify elementor-widget elementor-widget-button\" data-id=\"3f28b99e\" data-element_type=\"widget\" data-e-type=\"widget\" data-widget_type=\"button.default\">\n\t\t\t\t<div class=\"elementor-widget-container\">\n\t\t\t\t\t\t\t\t\t<div class=\"elementor-button-wrapper\">\n\t\t\t\t\t<a class=\"elementor-button elementor-button-link elementor-size-sm\" href=\"#\">\n\t\t\t\t\t\t<span class=\"elementor-button-content-wrapper\">\n\t\t\t\t\t\t<span class=\"elementor-button-icon\">\n\t\t\t\t<i aria-hidden=\"true\" class=\"far fa-arrow-alt-circle-right\"><\/i>\t\t\t<\/span>\n\t\t\t\t\t\t\t\t\t<span class=\"elementor-button-text\">Programas de redes<\/span>\n\t\t\t\t\t<\/span>\n\t\t\t\t\t<\/a>\n\t\t\t\t<\/div>\n\t\t\t\t\t\t\t\t<\/div>\n\t\t\t\t<\/div>\n\t\t\t\t<div class=\"elementor-element elementor-element-3f31e508 elementor-align-justify elementor-widget elementor-widget-button\" data-id=\"3f31e508\" data-element_type=\"widget\" data-e-type=\"widget\" data-widget_type=\"button.default\">\n\t\t\t\t<div class=\"elementor-widget-container\">\n\t\t\t\t\t\t\t\t\t<div class=\"elementor-button-wrapper\">\n\t\t\t\t\t<a class=\"elementor-button elementor-button-link elementor-size-sm\" href=\"https:\/\/fadeweb.uncoma.edu.ar\/index.php\/secretaria-de-ciencia-y-tecnica-y-relaciones-internacionales\/fotos-y-videos-sec-ciencia-y-tec-y-rel-intern\/\">\n\t\t\t\t\t\t<span class=\"elementor-button-content-wrapper\">\n\t\t\t\t\t\t<span class=\"elementor-button-icon\">\n\t\t\t\t<i aria-hidden=\"true\" class=\"far fa-arrow-alt-circle-right\"><\/i>\t\t\t<\/span>\n\t\t\t\t\t\t\t\t\t<span class=\"elementor-button-text\">Fotos y videos<\/span>\n\t\t\t\t\t<\/span>\n\t\t\t\t\t<\/a>\n\t\t\t\t<\/div>\n\t\t\t\t\t\t\t\t<\/div>\n\t\t\t\t<\/div>\n\t\t\t\t\t<\/div>\n\t\t<\/div>\n\t\t\t\t\t<\/div>\n\t\t<\/section>\n\t\t\t\t<\/div>\r\n\t\t<\/div>\n\t\t\t\t\t\t<\/div>\n\t\t\t\t<\/div>\n\t\t\t\t<div class=\"elementor-element elementor-element-3216c94 elementor-nav-menu__align-start elementor-nav-menu--dropdown-none elementor-widget elementor-widget-nav-menu\" data-id=\"3216c94\" data-element_type=\"widget\" data-e-type=\"widget\" id=\"menu-lateral\" data-settings=\"{&quot;layout&quot;:&quot;vertical&quot;,&quot;submenu_icon&quot;:{&quot;value&quot;:&quot;&lt;i class=\\&quot;fas fa-caret-down\\&quot; aria-hidden=\\&quot;true\\&quot;&gt;&lt;\\\/i&gt;&quot;,&quot;library&quot;:&quot;fa-solid&quot;}}\" data-widget_type=\"nav-menu.default\">\n\t\t\t\t<div class=\"elementor-widget-container\">\n\t\t\t\t\t\t\t\t<nav aria-label=\"Menu\" class=\"elementor-nav-menu--main elementor-nav-menu__container elementor-nav-menu--layout-vertical e--pointer-background e--animation-fade\">\r\n\t\t\t\t<ul id=\"menu-1-3216c94\" class=\"elementor-nav-menu sm-vertical\"><li class=\"menu-item menu-item-type-post_type menu-item-object-page menu-item-4567\"><a href=\"https:\/\/fadeweb.uncoma.edu.ar\/index.php\/autoridades\/\" class=\"elementor-item\">AUTORIDADES<\/a><\/li>\n<li class=\"menu-item menu-item-type-post_type menu-item-object-page menu-item-4566\"><a href=\"https:\/\/fadeweb.uncoma.edu.ar\/index.php\/autoridades\/decano\/\" class=\"elementor-item\">DECANO<\/a><\/li>\n<li class=\"menu-item menu-item-type-post_type menu-item-object-page menu-item-4570\"><a href=\"https:\/\/fadeweb.uncoma.edu.ar\/index.php\/autoridades\/consejo-directivo\/\" class=\"elementor-item\">CONSEJO DIRECTIVO<\/a><\/li>\n<li class=\"menu-item menu-item-type-post_type menu-item-object-page menu-item-4568\"><a href=\"https:\/\/fadeweb.uncoma.edu.ar\/index.php\/autoridades\/secretaria-academica\/\" class=\"elementor-item\">SEC. ACADEMICA<\/a><\/li>\n<li class=\"menu-item menu-item-type-post_type menu-item-object-page menu-item-4571\"><a href=\"https:\/\/fadeweb.uncoma.edu.ar\/index.php\/secretaria-de-ciencia-y-tecnica-y-relaciones-internacionales\/\" class=\"elementor-item\">SEC. CIENCIA Y TECNICA Y RR. II.<\/a><\/li>\n<li class=\"menu-item menu-item-type-post_type menu-item-object-page menu-item-4572\"><a href=\"https:\/\/fadeweb.uncoma.edu.ar\/index.php\/secretaria-de-extension-y-asuntos-estudiantiles\/\" class=\"elementor-item\">SEC. EXTENSION<\/a><\/li>\n<li class=\"menu-item menu-item-type-post_type menu-item-object-page menu-item-4569\"><a href=\"https:\/\/fadeweb.uncoma.edu.ar\/index.php\/autoridades\/secretaria-administrativa\/\" class=\"elementor-item\">SEC. ADMINISTRATIVA<\/a><\/li>\n<li class=\"menu-item menu-item-type-post_type menu-item-object-page menu-item-4573\"><a href=\"https:\/\/fadeweb.uncoma.edu.ar\/index.php\/secretaria-de-bienestar-estudiantil\/\" class=\"elementor-item\">SEC. BIENESTAR<\/a><\/li>\n<\/ul>\t\t\t<\/nav>\r\n\t\t\t\t\t\t<nav class=\"elementor-nav-menu--dropdown elementor-nav-menu__container\" aria-hidden=\"true\">\r\n\t\t\t\t<ul id=\"menu-2-3216c94\" class=\"elementor-nav-menu sm-vertical\"><li class=\"menu-item menu-item-type-post_type menu-item-object-page menu-item-4567\"><a href=\"https:\/\/fadeweb.uncoma.edu.ar\/index.php\/autoridades\/\" class=\"elementor-item\" tabindex=\"-1\">AUTORIDADES<\/a><\/li>\n<li class=\"menu-item menu-item-type-post_type menu-item-object-page menu-item-4566\"><a href=\"https:\/\/fadeweb.uncoma.edu.ar\/index.php\/autoridades\/decano\/\" class=\"elementor-item\" tabindex=\"-1\">DECANO<\/a><\/li>\n<li class=\"menu-item menu-item-type-post_type menu-item-object-page menu-item-4570\"><a href=\"https:\/\/fadeweb.uncoma.edu.ar\/index.php\/autoridades\/consejo-directivo\/\" class=\"elementor-item\" tabindex=\"-1\">CONSEJO DIRECTIVO<\/a><\/li>\n<li class=\"menu-item menu-item-type-post_type menu-item-object-page menu-item-4568\"><a href=\"https:\/\/fadeweb.uncoma.edu.ar\/index.php\/autoridades\/secretaria-academica\/\" class=\"elementor-item\" tabindex=\"-1\">SEC. ACADEMICA<\/a><\/li>\n<li class=\"menu-item menu-item-type-post_type menu-item-object-page menu-item-4571\"><a href=\"https:\/\/fadeweb.uncoma.edu.ar\/index.php\/secretaria-de-ciencia-y-tecnica-y-relaciones-internacionales\/\" class=\"elementor-item\" tabindex=\"-1\">SEC. CIENCIA Y TECNICA Y RR. II.<\/a><\/li>\n<li class=\"menu-item menu-item-type-post_type menu-item-object-page menu-item-4572\"><a href=\"https:\/\/fadeweb.uncoma.edu.ar\/index.php\/secretaria-de-extension-y-asuntos-estudiantiles\/\" class=\"elementor-item\" tabindex=\"-1\">SEC. EXTENSION<\/a><\/li>\n<li class=\"menu-item menu-item-type-post_type menu-item-object-page menu-item-4569\"><a href=\"https:\/\/fadeweb.uncoma.edu.ar\/index.php\/autoridades\/secretaria-administrativa\/\" class=\"elementor-item\" tabindex=\"-1\">SEC. ADMINISTRATIVA<\/a><\/li>\n<li class=\"menu-item menu-item-type-post_type menu-item-object-page menu-item-4573\"><a href=\"https:\/\/fadeweb.uncoma.edu.ar\/index.php\/secretaria-de-bienestar-estudiantil\/\" class=\"elementor-item\" tabindex=\"-1\">SEC. BIENESTAR<\/a><\/li>\n<\/ul>\t\t\t<\/nav>\r\n\t\t\t\t\t\t<\/div>\n\t\t\t\t<\/div>\n\t\t\t\t\t<\/div>\n\t\t<\/div>\n\t\t\t\t\t<\/div>\n\t\t<\/section>\n\t\t\t\t<\/div>\n\t\t","protected":false},"excerpt":{"rendered":"<p>SECRETAR\u00cdA DE CIENCIA Y T\u00c9CNICA Y RELACIONES INTERNACIONALES CONVOCATORIA DE MOVILIDAD INTERNACIONAL UNCo (descargar) PROGRAMAS DE MOVILIDAD CONVOCATORIA DE MOVILIDAD PILA VIRTUAL El \u00e1rea de Movilidad Internacional de la Subsecretar\u00eda de Relaciones Internacionales de la UNCo informa que la Facultad de Econom\u00eda y Administraci\u00f3n y la Facultad de Humanidades presentaron propuestas de asignaturas para el [&hellip;]<\/p>\n","protected":false},"author":2,"featured_media":0,"parent":3416,"menu_order":0,"comment_status":"closed","ping_status":"closed","template":"","meta":{"footnotes":""},"class_list":["post-5629","page","type-page","status-publish","hentry"],"_links":{"self":[{"href":"https:\/\/fadeweb.uncoma.edu.ar\/index.php\/wp-json\/wp\/v2\/pages\/5629","targetHints":{"allow":["GET"]}}],"collection":[{"href":"https:\/\/fadeweb.uncoma.edu.ar\/index.php\/wp-json\/wp\/v2\/pages"}],"about":[{"href":"https:\/\/fadeweb.uncoma.edu.ar\/index.php\/wp-json\/wp\/v2\/types\/page"}],"author":[{"embeddable":true,"href":"https:\/\/fadeweb.uncoma.edu.ar\/index.php\/wp-json\/wp\/v2\/users\/2"}],"replies":[{"embeddable":true,"href":"https:\/\/fadeweb.uncoma.edu.ar\/index.php\/wp-json\/wp\/v2\/comments?post=5629"}],"version-history":[{"count":31,"href":"https:\/\/fadeweb.uncoma.edu.ar\/index.php\/wp-json\/wp\/v2\/pages\/5629\/revisions"}],"predecessor-version":[{"id":10591,"href":"https:\/\/fadeweb.uncoma.edu.ar\/index.php\/wp-json\/wp\/v2\/pages\/5629\/revisions\/10591"}],"up":[{"embeddable":true,"href":"https:\/\/fadeweb.uncoma.edu.ar\/index.php\/wp-json\/wp\/v2\/pages\/3416"}],"wp:attachment":[{"href":"https:\/\/fadeweb.uncoma.edu.ar\/index.php\/wp-json\/wp\/v2\/media?parent=5629"}],"curies":[{"name":"wp","href":"https:\/\/api.w.org\/{rel}","templated":true}]}}