{"id":5617,"date":"2022-10-06T09:52:48","date_gmt":"2022-10-06T12:52:48","guid":{"rendered":"http:\/\/170.210.81.106\/newfade\/?page_id=5617"},"modified":"2022-11-09T10:24:17","modified_gmt":"2022-11-09T13:24:17","slug":"centros-e-institutos-sec-ciencia-y-tec-y-rel-intern","status":"publish","type":"page","link":"https:\/\/fadeweb.uncoma.edu.ar\/index.php\/secretaria-de-ciencia-y-tecnica-y-relaciones-internacionales\/centros-e-institutos-sec-ciencia-y-tec-y-rel-intern\/","title":{"rendered":"CENTROS E INSTITUTOS SEC CIENCIA Y TEC Y REL INTERN"},"content":{"rendered":"\t\t<div data-elementor-type=\"wp-page\" data-elementor-id=\"5617\" class=\"elementor elementor-5617\" data-elementor-post-type=\"page\">\n\t\t\t\t\t\t<section class=\"elementor-section elementor-top-section elementor-element elementor-element-bff6e27 elementor-section-boxed elementor-section-height-default elementor-section-height-default\" data-id=\"bff6e27\" data-element_type=\"section\" data-e-type=\"section\">\n\t\t\t\t\t\t<div class=\"elementor-container elementor-column-gap-default\">\n\t\t\t\t\t<div class=\"elementor-column elementor-col-66 elementor-top-column elementor-element elementor-element-d3105ad\" data-id=\"d3105ad\" data-element_type=\"column\" data-e-type=\"column\">\n\t\t\t<div class=\"elementor-widget-wrap elementor-element-populated\">\n\t\t\t\t\t\t<div class=\"elementor-element elementor-element-e951e2d elementor-widget elementor-widget-text-editor\" data-id=\"e951e2d\" data-element_type=\"widget\" data-e-type=\"widget\" data-widget_type=\"text-editor.default\">\n\t\t\t\t<div class=\"elementor-widget-container\">\n\t\t\t\t\t\t\t\t\t<h1><span class=\"titulo1\">SECRETAR\u00cdA DE CIENCIA Y T\u00c9CNICA Y RELACIONES INTERNACIONALES<\/span><\/h1>\n<h2><span class=\"titulo2\">CENTROS, INSTITUTOS DE INVESTIGACI\u00d3N<\/span><\/h2>\n\t\t\t\t\t\t\t\t<\/div>\n\t\t\t\t<\/div>\n\t\t\t\t<div class=\"elementor-element elementor-element-35355cb elementor-widget elementor-widget-text-editor\" data-id=\"35355cb\" data-element_type=\"widget\" data-e-type=\"widget\" data-widget_type=\"text-editor.default\">\n\t\t\t\t<div class=\"elementor-widget-container\">\n\t\t\t\t\t\t\t\t\t<h4 class=\"subt1a\" align=\"left\">GESA<\/h4><p class=\"texto\" align=\"left\">El Grupo de Estudios Sociales Agrarios (GESA) del Departamento de Ciencias Pol\u00edticas y Sociales de la Facultad de Derecho y Ciencias Sociales de la Universidad Nacional del Comahue desarrolla actividades acad\u00e9micas desde<br \/>1982. Los investigadores fundadores son la Dra. M\u00f3nica Bendini y el MSc. Pedro Tsakoumagkos.<\/p><p class=\"texto\" align=\"left\">El GESA constituye un \u00e1mbito de discusi\u00f3n, producci\u00f3n de conocimiento y an\u00e1lisis de acciones sociales en el marco de las problem\u00e1ticas agrarias y agroindustriales del norte de la Patagonia.<\/p><p class=\"texto\" align=\"left\">Conforman el GESA, un equipo interdisciplinario de soci\u00f3logos, ge\u00f3grafos, historiadores, asistentes sociales, ingenieros agr\u00f3nomos y economistas especializados en temas rurales, agrarios y agroindustriales, coordinado<br \/>por la Dra. M\u00f3nica Bendini. Son codirectores de Proyectos: el MSc. Pedro Tsakoumagkos y la Lic. Martha Mabel Radonich<\/p><p class=\"texto\" align=\"left\">En el terreno de la investigaci\u00f3n, el GESA impulsa las siguientes l\u00edneas<br \/>de trabajo:<\/p><p class=\"texto\" align=\"left\">&#8211; Campesinado, pobreza rural y problem\u00e1tica ambiental en zonas \u00e1ridas y de altura.<br \/>&#8211; Globalizaci\u00f3n, sistemas agroalimentarios y cadenas de valor agr\u00edcola.<br \/>&#8211; Productores, trabajadores y empresas en regiones agr\u00edcolas de exportaci\u00f3n.<br \/>&#8211; El trabajo femenino y los migrantes estacionales en la fruticultura.<br \/>&#8211; Organizaci\u00f3n social de la agricultura y espacios rurales<\/p><p class=\"texto\" align=\"left\">A partir del desarrollo de programas de investigaci\u00f3n y de los intercambios acad\u00e9micos realizados por convenios con universidades nacionales y extranjeras, surge en 1994 el Programa de Postgrado en Sociolog\u00eda de la Agricultura Latinoamericana. El Postgrado se inicia como Especializaci\u00f3n con Orientaciones en: Empleo y reestructuraci\u00f3n del<br \/>mercado de trabajo agrario y Organizaci\u00f3n social de la agricultura en zonas \u00e1ridas. En 1991, el Programa se ampl\u00eda a Maestr\u00eda, acreditada por el Ministerio de Educaci\u00f3n y actualmente categorizada \u00abB\u00bb.<\/p><p class=\"texto\" align=\"left\">El GESA mantiene intercambios acad\u00e9micos con: Universidad Austral de Chile, Universidad Federal de Pernambuco, la Universidad de la Rep\u00fablica de Uruguay, Universidad de Guelph (Canad\u00e1), Univesidad de Iowa (USA), Instituto de Ciencias Sociales de la UNAM (M\u00e9xico), Instituto Gino Germani y Programa Interdisciplinario en Estudios Agrarios y Agroindustriales de la Universidad de Buenos Aires; forma parte de la Red Interuniversitaria Nacional de G\u00e9nero y Trabajo, y de Programas ALFA-UE: Desarrollo Territorial e Integraci\u00f3n Regional entre la Uni\u00f3n Europea y el MERCOSUR, y Red ESTRELA sobre Agricultura Sostenible y Seguridad Alimentaria.<\/p><p class=\"texto\" align=\"left\"><strong>Direcci\u00f3n postal: <\/strong><br \/>GESA &#8211; FADECS- UNCo<br \/>Calle Buenos Aires 1400<br \/>Ciudad de Neuqu\u00e9n (8300)<br \/>Argentina<br \/><strong><a href=\"mailto:gesa@uncoma.edu.ar\">gesa@uncoma.edu.ar<\/a><\/strong><\/p><p class=\"texto\" align=\"left\"><a href=\"http:\/\/investigadores.uncoma.edu.ar\/GESA\/pagina.htm\">http:\/\/investigadores.uncoma.edu.ar\/GESA\/pagina.htm<\/a><\/p><hr noshade=\"noshade\" \/><h4 class=\"subt1a\" align=\"left\">CEIP<\/h4><h4 class=\"texto\"><strong>CENTRO DE ESTUDIOS INSTITUCIONALES PATAG\u00d3NICO<br \/><\/strong><\/h4><p class=\"texto\"><strong>Car\u00e1cter institucional y objetivos del Centro<\/strong><\/p><p class=\"texto\">El <em>CENTRO DE ESTUDIOS INSTITUCIONALES PATAG\u00d3NICO<\/em> (CEIP) es un Grupo de Investigaci\u00f3n y Extensi\u00f3n sobre Democracia Local y Dise\u00f1o Institucional, dependiente de la Facultad de Derecho y Ciencias Sociales de la Universidad Nacional del Comahue, Rep\u00fablica Argentina.<\/p><p class=\"texto\">Tiene, en suma, como objeto de estudio y campo de acci\u00f3n fundamental el de las cuestiones vinculadas al dise\u00f1o institucional y el desarrollo local.<\/p><p class=\"texto\"><strong>Breve rese\u00f1a de sus actividades <\/strong><\/p><p class=\"texto\">El Grupo de Investigaci\u00f3n tuvo sus primeras acciones a partir de 1989, iniciando sus primeras investigaciones en 1991 con el estudio de las cuestiones del Federalismo de cara a la reforma constitucional nacional, estudio que fue utilizado por diversos actores en el marco de la Convenci\u00f3n de 1994. Entre los a\u00f1os 1997 y 2007, se sucedieron los proyectos sobre reg\u00edmenes municipales comparados, sistemas regionales, microrregiones y federalismo, poder local y globalizaci\u00f3n (que comport\u00f3 un esfuerzo de s\u00edntesis de los anteriores), todos ellos proyectos oficiales de la UNC sometidos a sus procesos de evaluaci\u00f3n externa previa y posterior.<\/p><p class=\"texto\">Correlativamente el CEIP ha prestado asistencia a diversos municipios de la zona en cuestiones de dise\u00f1o institucional-legal, as\u00ed por ejemplo a los Municipios de Allen, El Bols\u00f3n, San Patricio del Cha\u00f1ar, Neuqu\u00e9n y cooper\u00f3 en el desarrollo de los digestos de Catriel, Cinco Saltos, Allen, Fern\u00e1ndez Oro, Villa Regina, Chichinales, Choele Choel, Luis Beltr\u00e1n y Viedma.<\/p><p class=\"texto\">La estructura del CEIP se ha preparado para atender actividades de asistencia t\u00e9cnica (como las expresadas), de promoci\u00f3n y sensibilizaci\u00f3n de las cuestiones de dise\u00f1o y modernizaci\u00f3n del gobierno local.<\/p><p class=\"texto\">Su estructura est\u00e1 compuesta por una Direcci\u00f3n, actualmente ocupada por el Dr. Jorge E. Douglas Price, fundador del Centro, un Vice-Direcci\u00f3n, ocupada por la Dra. Mar\u00eda Raquel Calvo y un \u00e1rea de Programas Espec\u00edficos, en la que se designan responsables ad hoc dentro de cada convenio o programa de cooperaci\u00f3n.<\/p><p><span class=\"texto\"><strong>Director:<\/strong> Dr. Jorge Douglas Price<br \/><a href=\"mailto:jorgedouglas952@gmail.com\">jorgedouglas952@gmail.com<\/a><br \/><a href=\"mailto:jorge.douglas@fade.uncoma.edu.ar\">jorge.douglas@fade.uncoma.edu.ar <\/a><\/span><\/p><p class=\"texto\"><strong>Datos para contactos:<\/strong><\/p><p class=\"texto\"><strong>Administraci\u00f3n CEIP (FADECS): <\/strong>Sr. Federico Aravena<br \/>Tel\u00e9fono: 0298-4433668 (int.35) Correo electr\u00f3nico: <a href=\"mailto:help_ceip@hotmail.com\">help_ceip@hotmail.com<\/a><\/p><p class=\"texto\"><strong>Vice Direcci\u00f3n<\/strong>: Dra. Mar\u00eda Raquel Calvo E-mail: <a href=\"mailto:kelycalvo@gmail.com\">kelycalvo@gmail.com <\/a> \u00a0\u00a0<a href=\"mailto:maria.calvo@fade.uncoma.edu.ar\">maria.calvo@fade.uncoma.edu.ar<\/a><br \/>Tel\u00e9fono: 54 \u2013 298 \u2013 4427131 (Cel. 0298-15577862)<\/p><hr noshade=\"noshade\" \/><h4 class=\"subt1a\">Laboratorio Transmedia de la Patagonia<\/h4><p class=\"texto\">El Laboratorio fue creado el 16 de agosto de 2013 por resoluci\u00f3n 155 del Consejo Directivo de la Fadecs.<\/p><p class=\"texto\">Surge a partir de la iniciativa del equipo de investigaci\u00f3n sobre Periodismo Digital que viene trabajando en la UNComahue desde 2005 y del equipo de c\u00e1tedra del \u00e1rea de Periodismo Impreso y Digital de la Fadecs, que trabaja en esta materia desde 2001.<\/p><p class=\"texto\">Tiene como objetivos fundamentales ampliar y desarrollar una serie de premisas: la producci\u00f3n cient\u00edfica, la generaci\u00f3n de espacios de experimentaci\u00f3n en el \u00e1mbito de los medios digitales en general, y de las narrativas transmedia en particular, y a la formaci\u00f3n de recursos humanos tanto docentes como estudiantes de la carrera de Comunicaci\u00f3n Social, que se dicta en la facultad.<\/p><p class=\"texto\">A trav\u00e9s del laboratorio, se apujnta a la <strong>vinculaci\u00f3n<\/strong> con otros laboratorios o centros de estudios en periodismo digital, la <strong>transferencia<\/strong> m\u00e1s fluida de resultados y la <strong>producci\u00f3n<\/strong> <strong>colaborativa<\/strong> con otros centros, facultades y universidades, tanto del pa\u00eds como del exterior. Se busca alentar la <strong>movilidad<\/strong> entre centros educativos tanto para el personal docente como para los y las estudiantes que deseen perfeccionar su formaci\u00f3n.<\/p><p class=\"texto\">Equipo docente inicial:<\/p><ul><li class=\"texto\">Dr Alejandro Rost<\/li><li class=\"texto\">Mg Fabi\u00e1n Bergero<\/li><li class=\"texto\">Esp Mar\u00eda Teresa Bernardi<\/li><li class=\"texto\">Esp Viviana Garc\u00eda<\/li><li class=\"texto\">Lic Lieza Solaro<\/li><\/ul><p class=\"texto\">Contacto: <a href=\"mailto:rostalejandro@gmail.com\">rostalejandro@gmail.com<\/a><\/p><p class=\"texto\">Sitio web: <a href=\"http:\/\/red-accion.uncoma.edu.ar\/\">http:\/\/red-accion.uncoma.edu.ar<\/a><\/p><p class=\"texto\">Blog: <a href=\"http:\/\/periodismoyotrasyerbas.blogspot.com.ar\/\">http:\/\/periodismoyotrasyerbas.blogspot.com.ar\/<\/a><\/p>\t\t\t\t\t\t\t\t<\/div>\n\t\t\t\t<\/div>\n\t\t\t\t<div class=\"elementor-element elementor-element-00f1158 elementor-widget elementor-widget-shortcode\" data-id=\"00f1158\" data-element_type=\"widget\" data-e-type=\"widget\" data-widget_type=\"shortcode.default\">\n\t\t\t\t<div class=\"elementor-widget-container\">\n\t\t\t\t\t\t\t<div class=\"elementor-shortcode\">\t\t<div data-elementor-type=\"section\" data-elementor-id=\"4601\" class=\"elementor elementor-4601\" data-elementor-post-type=\"elementor_library\">\r\n\t\t\t\t\t<section class=\"elementor-section elementor-top-section elementor-element elementor-element-616db802 elementor-section-boxed elementor-section-height-default elementor-section-height-default\" data-id=\"616db802\" data-element_type=\"section\" data-e-type=\"section\">\n\t\t\t\t\t\t<div class=\"elementor-container elementor-column-gap-default\">\n\t\t\t\t\t<div class=\"elementor-column elementor-col-100 elementor-top-column elementor-element elementor-element-4a4fbccf\" data-id=\"4a4fbccf\" data-element_type=\"column\" data-e-type=\"column\">\n\t\t\t<div class=\"elementor-widget-wrap elementor-element-populated\">\n\t\t\t\t\t\t<div class=\"elementor-element elementor-element-251169b9 elementor-widget-divider--view-line elementor-widget elementor-widget-divider\" data-id=\"251169b9\" data-element_type=\"widget\" data-e-type=\"widget\" data-widget_type=\"divider.default\">\n\t\t\t\t<div class=\"elementor-widget-container\">\n\t\t\t\t\t\t\t<div class=\"elementor-divider\">\n\t\t\t<span class=\"elementor-divider-separator\">\n\t\t\t\t\t\t<\/span>\n\t\t<\/div>\n\t\t\t\t\t\t<\/div>\n\t\t\t\t<\/div>\n\t\t\t\t<div class=\"elementor-element elementor-element-694ecd60 elementor-widget elementor-widget-text-editor\" data-id=\"694ecd60\" data-element_type=\"widget\" data-e-type=\"widget\" data-widget_type=\"text-editor.default\">\n\t\t\t\t<div class=\"elementor-widget-container\">\n\t\t\t\t\t\t\t\t\t<p class=\"texto\"><strong>M\u00c1S INFORMACI\u00d3N<br \/><\/strong>Secretar\u00eda de Investigaci\u00f3n y Relaciones Internacionales <br \/>TE: (0298) 4433668\/668<\/p><p class=\"texto\">Correo electr\u00f3nico<br \/><strong><a href=\"mailto:invefade@gmail.com\">invefade@gmail.com<\/a><\/strong><a href=\"mailto:rrii.fadecs@gmail.com\"><br \/><\/a> Mendoza y Per\u00fa<br \/>(8332) General Roca, R\u00edo Negro <br \/>Argentina<\/p>\t\t\t\t\t\t\t\t<\/div>\n\t\t\t\t<\/div>\n\t\t\t\t\t<\/div>\n\t\t<\/div>\n\t\t\t\t\t<\/div>\n\t\t<\/section>\n\t\t\t\t<\/div>\r\n\t\t<\/div>\n\t\t\t\t\t\t<\/div>\n\t\t\t\t<\/div>\n\t\t\t\t\t<\/div>\n\t\t<\/div>\n\t\t\t\t<div class=\"elementor-column elementor-col-33 elementor-top-column elementor-element elementor-element-2fc5859\" data-id=\"2fc5859\" data-element_type=\"column\" data-e-type=\"column\">\n\t\t\t<div class=\"elementor-widget-wrap elementor-element-populated\">\n\t\t\t\t\t\t<div class=\"elementor-element elementor-element-1648289 elementor-nav-menu__align-start elementor-nav-menu--dropdown-none elementor-widget elementor-widget-nav-menu\" data-id=\"1648289\" data-element_type=\"widget\" data-e-type=\"widget\" id=\"menu-lateral\" data-settings=\"{&quot;layout&quot;:&quot;vertical&quot;,&quot;submenu_icon&quot;:{&quot;value&quot;:&quot;&lt;i class=\\&quot;fas fa-caret-down\\&quot; aria-hidden=\\&quot;true\\&quot;&gt;&lt;\\\/i&gt;&quot;,&quot;library&quot;:&quot;fa-solid&quot;}}\" data-widget_type=\"nav-menu.default\">\n\t\t\t\t<div class=\"elementor-widget-container\">\n\t\t\t\t\t\t\t\t<nav aria-label=\"Menu\" class=\"elementor-nav-menu--main elementor-nav-menu__container elementor-nav-menu--layout-vertical e--pointer-background e--animation-fade\">\r\n\t\t\t\t<ul id=\"menu-1-1648289\" class=\"elementor-nav-menu sm-vertical\"><li class=\"menu-item menu-item-type-post_type menu-item-object-page menu-item-4567\"><a href=\"https:\/\/fadeweb.uncoma.edu.ar\/index.php\/autoridades\/\" class=\"elementor-item\">AUTORIDADES<\/a><\/li>\n<li class=\"menu-item menu-item-type-post_type menu-item-object-page menu-item-4566\"><a href=\"https:\/\/fadeweb.uncoma.edu.ar\/index.php\/autoridades\/decano\/\" class=\"elementor-item\">DECANO<\/a><\/li>\n<li class=\"menu-item menu-item-type-post_type menu-item-object-page menu-item-4570\"><a href=\"https:\/\/fadeweb.uncoma.edu.ar\/index.php\/autoridades\/consejo-directivo\/\" class=\"elementor-item\">CONSEJO DIRECTIVO<\/a><\/li>\n<li class=\"menu-item menu-item-type-post_type menu-item-object-page menu-item-4568\"><a href=\"https:\/\/fadeweb.uncoma.edu.ar\/index.php\/autoridades\/secretaria-academica\/\" class=\"elementor-item\">SEC. ACADEMICA<\/a><\/li>\n<li class=\"menu-item menu-item-type-post_type menu-item-object-page menu-item-4571\"><a href=\"https:\/\/fadeweb.uncoma.edu.ar\/index.php\/secretaria-de-ciencia-y-tecnica-y-relaciones-internacionales\/\" class=\"elementor-item\">SEC. CIENCIA Y TECNICA Y RR. II.<\/a><\/li>\n<li class=\"menu-item menu-item-type-post_type menu-item-object-page menu-item-4572\"><a href=\"https:\/\/fadeweb.uncoma.edu.ar\/index.php\/secretaria-de-extension-y-asuntos-estudiantiles\/\" class=\"elementor-item\">SEC. EXTENSION<\/a><\/li>\n<li class=\"menu-item menu-item-type-post_type menu-item-object-page menu-item-4569\"><a href=\"https:\/\/fadeweb.uncoma.edu.ar\/index.php\/autoridades\/secretaria-administrativa\/\" class=\"elementor-item\">SEC. ADMINISTRATIVA<\/a><\/li>\n<li class=\"menu-item menu-item-type-post_type menu-item-object-page menu-item-4573\"><a href=\"https:\/\/fadeweb.uncoma.edu.ar\/index.php\/secretaria-de-bienestar-estudiantil\/\" class=\"elementor-item\">SEC. BIENESTAR<\/a><\/li>\n<\/ul>\t\t\t<\/nav>\r\n\t\t\t\t\t\t<nav class=\"elementor-nav-menu--dropdown elementor-nav-menu__container\" aria-hidden=\"true\">\r\n\t\t\t\t<ul id=\"menu-2-1648289\" class=\"elementor-nav-menu sm-vertical\"><li class=\"menu-item menu-item-type-post_type menu-item-object-page menu-item-4567\"><a href=\"https:\/\/fadeweb.uncoma.edu.ar\/index.php\/autoridades\/\" class=\"elementor-item\" tabindex=\"-1\">AUTORIDADES<\/a><\/li>\n<li class=\"menu-item menu-item-type-post_type menu-item-object-page menu-item-4566\"><a href=\"https:\/\/fadeweb.uncoma.edu.ar\/index.php\/autoridades\/decano\/\" class=\"elementor-item\" tabindex=\"-1\">DECANO<\/a><\/li>\n<li class=\"menu-item menu-item-type-post_type menu-item-object-page menu-item-4570\"><a href=\"https:\/\/fadeweb.uncoma.edu.ar\/index.php\/autoridades\/consejo-directivo\/\" class=\"elementor-item\" tabindex=\"-1\">CONSEJO DIRECTIVO<\/a><\/li>\n<li class=\"menu-item menu-item-type-post_type menu-item-object-page menu-item-4568\"><a href=\"https:\/\/fadeweb.uncoma.edu.ar\/index.php\/autoridades\/secretaria-academica\/\" class=\"elementor-item\" tabindex=\"-1\">SEC. ACADEMICA<\/a><\/li>\n<li class=\"menu-item menu-item-type-post_type menu-item-object-page menu-item-4571\"><a href=\"https:\/\/fadeweb.uncoma.edu.ar\/index.php\/secretaria-de-ciencia-y-tecnica-y-relaciones-internacionales\/\" class=\"elementor-item\" tabindex=\"-1\">SEC. CIENCIA Y TECNICA Y RR. II.<\/a><\/li>\n<li class=\"menu-item menu-item-type-post_type menu-item-object-page menu-item-4572\"><a href=\"https:\/\/fadeweb.uncoma.edu.ar\/index.php\/secretaria-de-extension-y-asuntos-estudiantiles\/\" class=\"elementor-item\" tabindex=\"-1\">SEC. EXTENSION<\/a><\/li>\n<li class=\"menu-item menu-item-type-post_type menu-item-object-page menu-item-4569\"><a href=\"https:\/\/fadeweb.uncoma.edu.ar\/index.php\/autoridades\/secretaria-administrativa\/\" class=\"elementor-item\" tabindex=\"-1\">SEC. ADMINISTRATIVA<\/a><\/li>\n<li class=\"menu-item menu-item-type-post_type menu-item-object-page menu-item-4573\"><a href=\"https:\/\/fadeweb.uncoma.edu.ar\/index.php\/secretaria-de-bienestar-estudiantil\/\" class=\"elementor-item\" tabindex=\"-1\">SEC. BIENESTAR<\/a><\/li>\n<\/ul>\t\t\t<\/nav>\r\n\t\t\t\t\t\t<\/div>\n\t\t\t\t<\/div>\n\t\t\t\t\t<\/div>\n\t\t<\/div>\n\t\t\t\t\t<\/div>\n\t\t<\/section>\n\t\t\t\t<\/div>\n\t\t","protected":false},"excerpt":{"rendered":"<p>SECRETAR\u00cdA DE CIENCIA Y T\u00c9CNICA Y RELACIONES INTERNACIONALES CENTROS, INSTITUTOS DE INVESTIGACI\u00d3N GESA El Grupo de Estudios Sociales Agrarios (GESA) del Departamento de Ciencias Pol\u00edticas y Sociales de la Facultad de Derecho y Ciencias Sociales de la Universidad Nacional del Comahue desarrolla actividades acad\u00e9micas desde1982. Los investigadores fundadores son la Dra. M\u00f3nica Bendini y el [&hellip;]<\/p>\n","protected":false},"author":2,"featured_media":0,"parent":3416,"menu_order":0,"comment_status":"closed","ping_status":"closed","template":"","meta":{"footnotes":""},"class_list":["post-5617","page","type-page","status-publish","hentry"],"_links":{"self":[{"href":"https:\/\/fadeweb.uncoma.edu.ar\/index.php\/wp-json\/wp\/v2\/pages\/5617","targetHints":{"allow":["GET"]}}],"collection":[{"href":"https:\/\/fadeweb.uncoma.edu.ar\/index.php\/wp-json\/wp\/v2\/pages"}],"about":[{"href":"https:\/\/fadeweb.uncoma.edu.ar\/index.php\/wp-json\/wp\/v2\/types\/page"}],"author":[{"embeddable":true,"href":"https:\/\/fadeweb.uncoma.edu.ar\/index.php\/wp-json\/wp\/v2\/users\/2"}],"replies":[{"embeddable":true,"href":"https:\/\/fadeweb.uncoma.edu.ar\/index.php\/wp-json\/wp\/v2\/comments?post=5617"}],"version-history":[{"count":10,"href":"https:\/\/fadeweb.uncoma.edu.ar\/index.php\/wp-json\/wp\/v2\/pages\/5617\/revisions"}],"predecessor-version":[{"id":10307,"href":"https:\/\/fadeweb.uncoma.edu.ar\/index.php\/wp-json\/wp\/v2\/pages\/5617\/revisions\/10307"}],"up":[{"embeddable":true,"href":"https:\/\/fadeweb.uncoma.edu.ar\/index.php\/wp-json\/wp\/v2\/pages\/3416"}],"wp:attachment":[{"href":"https:\/\/fadeweb.uncoma.edu.ar\/index.php\/wp-json\/wp\/v2\/media?parent=5617"}],"curies":[{"name":"wp","href":"https:\/\/api.w.org\/{rel}","templated":true}]}}