{"id":3777,"date":"2022-09-16T16:22:11","date_gmt":"2022-09-16T16:22:11","guid":{"rendered":"http:\/\/web.fadecs.uncoma.edu.ar\/?page_id=3777"},"modified":"2022-10-09T22:09:24","modified_gmt":"2022-10-10T01:09:24","slug":"titulos-publicados-2003","status":"publish","type":"page","link":"https:\/\/fadeweb.uncoma.edu.ar\/index.php\/publifadecs\/titulos-publicados-2003\/","title":{"rendered":"TITULOS PUBLICADOS 2003"},"content":{"rendered":"\t\t<div data-elementor-type=\"wp-page\" data-elementor-id=\"3777\" class=\"elementor elementor-3777\" data-elementor-post-type=\"page\">\n\t\t\t\t\t\t<section class=\"elementor-section elementor-top-section elementor-element elementor-element-e6b9360 elementor-section-boxed elementor-section-height-default elementor-section-height-default\" data-id=\"e6b9360\" data-element_type=\"section\" data-e-type=\"section\">\n\t\t\t\t\t\t<div class=\"elementor-container elementor-column-gap-default\">\n\t\t\t\t\t<div class=\"elementor-column elementor-col-66 elementor-top-column elementor-element elementor-element-1be03d2\" data-id=\"1be03d2\" data-element_type=\"column\" data-e-type=\"column\">\n\t\t\t<div class=\"elementor-widget-wrap elementor-element-populated\">\n\t\t\t\t\t\t<div class=\"elementor-element elementor-element-1ab2d3e elementor-widget elementor-widget-text-editor\" data-id=\"1ab2d3e\" data-element_type=\"widget\" data-e-type=\"widget\" data-widget_type=\"text-editor.default\">\n\t\t\t\t<div class=\"elementor-widget-container\">\n\t\t\t\t\t\t\t\t\t<h3><span class=\"texto\">SECRETARIA DE EXTENSION<\/span><\/h3>\t\t\t\t\t\t\t\t<\/div>\n\t\t\t\t<\/div>\n\t\t\t\t<div class=\"elementor-element elementor-element-7015b5c elementor-widget elementor-widget-heading\" data-id=\"7015b5c\" data-element_type=\"widget\" data-e-type=\"widget\" data-widget_type=\"heading.default\">\n\t\t\t\t<div class=\"elementor-widget-container\">\n\t\t\t\t\t<h2 class=\"elementor-heading-title elementor-size-default\">PUBLIFADECS<\/h2>\t\t\t\t<\/div>\n\t\t\t\t<\/div>\n\t\t\t\t<div class=\"elementor-element elementor-element-8ad1370 elementor-widget elementor-widget-shortcode\" data-id=\"8ad1370\" data-element_type=\"widget\" data-e-type=\"widget\" data-widget_type=\"shortcode.default\">\n\t\t\t\t<div class=\"elementor-widget-container\">\n\t\t\t\t\t\t\t<div class=\"elementor-shortcode\">\t\t<div data-elementor-type=\"section\" data-elementor-id=\"4612\" class=\"elementor elementor-4612\" data-elementor-post-type=\"elementor_library\">\r\n\t\t\t\t\t<section class=\"elementor-section elementor-top-section elementor-element elementor-element-6364b083 elementor-section-boxed elementor-section-height-default elementor-section-height-default\" data-id=\"6364b083\" data-element_type=\"section\" data-e-type=\"section\">\n\t\t\t\t\t\t<div class=\"elementor-container elementor-column-gap-default\">\n\t\t\t\t\t<div class=\"elementor-column elementor-col-100 elementor-top-column elementor-element elementor-element-46b625cb\" data-id=\"46b625cb\" data-element_type=\"column\" data-e-type=\"column\">\n\t\t\t<div class=\"elementor-widget-wrap elementor-element-populated\">\n\t\t\t\t\t\t<section class=\"elementor-section elementor-inner-section elementor-element elementor-element-5560bc37 elementor-section-boxed elementor-section-height-default elementor-section-height-default\" data-id=\"5560bc37\" data-element_type=\"section\" data-e-type=\"section\">\n\t\t\t\t\t\t<div class=\"elementor-container elementor-column-gap-default\">\n\t\t\t\t\t<div class=\"elementor-column elementor-col-50 elementor-inner-column elementor-element elementor-element-5044b353\" data-id=\"5044b353\" data-element_type=\"column\" data-e-type=\"column\">\n\t\t\t<div class=\"elementor-widget-wrap elementor-element-populated\">\n\t\t\t\t\t\t<div class=\"elementor-element elementor-element-28645217 elementor-widget elementor-widget-image\" data-id=\"28645217\" data-element_type=\"widget\" data-e-type=\"widget\" data-widget_type=\"image.default\">\n\t\t\t\t<div class=\"elementor-widget-container\">\n\t\t\t\t\t\t\t\t\t\t\t\t\t\t\t<img decoding=\"async\" width=\"195\" height=\"149\" src=\"https:\/\/fadeweb.uncoma.edu.ar\/wp-content\/uploads\/2022\/09\/PUBLIFADECSLOGO-1.jpg\" class=\"attachment-large size-large wp-image-4611\" alt=\"\" \/>\t\t\t\t\t\t\t\t\t\t\t\t\t\t\t<\/div>\n\t\t\t\t<\/div>\n\t\t\t\t\t<\/div>\n\t\t<\/div>\n\t\t\t\t<div class=\"elementor-column elementor-col-50 elementor-inner-column elementor-element elementor-element-6d00d3c7\" data-id=\"6d00d3c7\" data-element_type=\"column\" data-e-type=\"column\">\n\t\t\t<div class=\"elementor-widget-wrap elementor-element-populated\">\n\t\t\t\t\t\t<div class=\"elementor-element elementor-element-701a0937 elementor-tabs-view-horizontal elementor-widget elementor-widget-tabs\" data-id=\"701a0937\" data-element_type=\"widget\" data-e-type=\"widget\" data-widget_type=\"tabs.default\">\n\t\t\t\t<div class=\"elementor-widget-container\">\n\t\t\t\t\t\t\t<div class=\"elementor-tabs\">\n\t\t\t<div class=\"elementor-tabs-wrapper\" role=\"tablist\" >\n\t\t\t\t\t\t\t\t\t<div id=\"elementor-tab-title-1881\" class=\"elementor-tab-title elementor-tab-desktop-title\" aria-selected=\"true\" data-tab=\"1\" role=\"tab\" tabindex=\"0\" aria-controls=\"elementor-tab-content-1881\" aria-expanded=\"false\">Quienes somos<\/div>\n\t\t\t\t\t\t\t\t\t<div id=\"elementor-tab-title-1882\" class=\"elementor-tab-title elementor-tab-desktop-title\" aria-selected=\"false\" data-tab=\"2\" role=\"tab\" tabindex=\"-1\" aria-controls=\"elementor-tab-content-1882\" aria-expanded=\"false\">C\u00f3mo publicar<\/div>\n\t\t\t\t\t\t\t\t\t<div id=\"elementor-tab-title-1883\" class=\"elementor-tab-title elementor-tab-desktop-title\" aria-selected=\"false\" data-tab=\"3\" role=\"tab\" tabindex=\"-1\" aria-controls=\"elementor-tab-content-1883\" aria-expanded=\"false\">C\u00f3mo comprar<\/div>\n\t\t\t\t\t\t\t\t\t<div id=\"elementor-tab-title-1884\" class=\"elementor-tab-title elementor-tab-desktop-title\" aria-selected=\"false\" data-tab=\"4\" role=\"tab\" tabindex=\"-1\" aria-controls=\"elementor-tab-content-1884\" aria-expanded=\"false\">Contacto<\/div>\n\t\t\t\t\t\t\t<\/div>\n\t\t\t<div class=\"elementor-tabs-content-wrapper\" role=\"tablist\" aria-orientation=\"vertical\">\n\t\t\t\t\t\t\t\t\t<div class=\"elementor-tab-title elementor-tab-mobile-title\" aria-selected=\"true\" data-tab=\"1\" role=\"tab\" tabindex=\"0\" aria-controls=\"elementor-tab-content-1881\" aria-expanded=\"false\">Quienes somos<\/div>\n\t\t\t\t\t<div id=\"elementor-tab-content-1881\" class=\"elementor-tab-content elementor-clearfix\" data-tab=\"1\" role=\"tabpanel\" aria-labelledby=\"elementor-tab-title-1881\" tabindex=\"0\" hidden=\"false\"><p>El Departamento de Publicaciones de la Facultad de Derecho y Ciencias Sociales, de la Universidad Nacional del Comahue, tiene una Coordinaci\u00f3n Ejecutiva a cargo de la <strong>Dise\u00f1adora Viviana Garc\u00eda<\/strong>. El Departamento es integrado adem\u00e1s por el <strong>Comunicador Social Adrian Pereyra<\/strong> en el \u00e1rea de edici\u00f3n, la nodocentes <strong>Sandra Erratchu<\/strong> en el \u00e1rea administrativa y <strong>Hugo Quintrem\u00e1n <\/strong>a cargo de la impresi\u00f3n y atenci\u00f3n del kiosco.<\/p><\/div>\n\t\t\t\t\t\t\t\t\t<div class=\"elementor-tab-title elementor-tab-mobile-title\" aria-selected=\"false\" data-tab=\"2\" role=\"tab\" tabindex=\"-1\" aria-controls=\"elementor-tab-content-1882\" aria-expanded=\"false\">C\u00f3mo publicar<\/div>\n\t\t\t\t\t<div id=\"elementor-tab-content-1882\" class=\"elementor-tab-content elementor-clearfix\" data-tab=\"2\" role=\"tabpanel\" aria-labelledby=\"elementor-tab-title-1882\" tabindex=\"0\" hidden=\"hidden\"><p class=\"subt1a\" align=\"left\">A los autores interesados en contratar nuestros servicios:<\/p><p class=\"texto\" align=\"left\">De nuestra consideraci\u00f3n:<\/p><p class=\"texto\" align=\"left\">Nos es grato dirigirnos a ud. a fin de responder su consulta sobre las caracter\u00edsticas del servicio de publicaci\u00f3n de nuestro sello editorial. El Departamento de Publicaciones es una organizaci\u00f3n dependiente de la Facultad de Derecho y Ciencias Sociales de la Universidad Nacional del Comahue.<\/p><p class=\"texto\" align=\"left\">Es nuestro objetivo satisfacer y generar demandas acad\u00e9micas y extrauniversitarias, editando materiales de inter\u00e9s elaborados en \u00e1mbitos diversos de la producci\u00f3n cient\u00edfico-literaria de la regi\u00f3n. El Consejo Editorial efectuar\u00e1 el control acad\u00e9mico de los trabajos que los Departamentos, los docentes o los investigadores presenten para ser publicados, y ser\u00e1 sometido a referato seg\u00fan sus caracter\u00edsticas.<\/p><p class=\"texto\" align=\"left\">La impresi\u00f3n de trabajos de terceras personas se realiza gracias a nuestro excedente en la capacidad de producci\u00f3n. Esta posibilidad se concreta bajo las condiciones de contrataci\u00f3n de servicios establecidas por la casa de estudios. Es requisito el pago del cincuenta por ciento (50 %) del costo de la edici\u00f3n al acordar la edici\u00f3n, y el resto contra entrega del total del material impreso.<\/p><p class=\"texto\" align=\"left\">El servicio que se contrata se compone de insumos (tonner, papel, master, cola de encuadernaci\u00f3n, broches), y producci\u00f3n (correcci\u00f3n ortogr\u00e1fica, diagramaci\u00f3n de interior, dise\u00f1o de tapa). El visto bueno final de la obra ser\u00e1 dado con un m\u00e1ximo de dos monos (copias armadas como libros) que ser\u00e1 controlado por el autor.<\/p><p class=\"texto\" align=\"left\">El servicio incluye el tr\u00e1mite de inscripci\u00f3n en el Registro de la Propiedad Intelectual, que se realiza en la C\u00e1mara Argentina del Libro, por el que se obtiene el n\u00famero de ISBN (International Standard Book Number o N\u00famero Internacional Normalizado para libros) de la obra. Este sistema permite que cada t\u00edtulo publicado tenga un n\u00famero de identificaci\u00f3n \u00fanico y simple compuesto por diez n\u00fameros, una \u00abC\u00e9dula de Identidad\u00bb para cada libro, que se aplica independientemente del destino que el editor asigne al libro: venta, distribuci\u00f3n gratuita o circulaci\u00f3n en c\u00edrculos espec\u00edficos.<\/p><\/div>\n\t\t\t\t\t\t\t\t\t<div class=\"elementor-tab-title elementor-tab-mobile-title\" aria-selected=\"false\" data-tab=\"3\" role=\"tab\" tabindex=\"-1\" aria-controls=\"elementor-tab-content-1883\" aria-expanded=\"false\">C\u00f3mo comprar<\/div>\n\t\t\t\t\t<div id=\"elementor-tab-content-1883\" class=\"elementor-tab-content elementor-clearfix\" data-tab=\"3\" role=\"tabpanel\" aria-labelledby=\"elementor-tab-title-1883\" tabindex=\"0\" hidden=\"hidden\"><p>Los interesados en adquirir alguna de nuestras publicaciones dirigir su pedido a la siguiente direcci\u00f3n <a href=\"mailto:publifadecs@hotmail.com\"><strong>publifadecs@hotmail.com<\/strong><\/a><\/p><\/div>\n\t\t\t\t\t\t\t\t\t<div class=\"elementor-tab-title elementor-tab-mobile-title\" aria-selected=\"false\" data-tab=\"4\" role=\"tab\" tabindex=\"-1\" aria-controls=\"elementor-tab-content-1884\" aria-expanded=\"false\">Contacto<\/div>\n\t\t\t\t\t<div id=\"elementor-tab-content-1884\" class=\"elementor-tab-content elementor-clearfix\" data-tab=\"4\" role=\"tabpanel\" aria-labelledby=\"elementor-tab-title-1884\" tabindex=\"0\" hidden=\"hidden\"><p>Puede enviarnos un mail a: <a href=\"mailto:publifadecs@hotmail.com\"><strong>publifadecs@hotmail.com<\/strong><\/a><\/p><\/div>\n\t\t\t\t\t\t\t<\/div>\n\t\t<\/div>\n\t\t\t\t\t\t<\/div>\n\t\t\t\t<\/div>\n\t\t\t\t\t<\/div>\n\t\t<\/div>\n\t\t\t\t\t<\/div>\n\t\t<\/section>\n\t\t\t\t\t<\/div>\n\t\t<\/div>\n\t\t\t\t\t<\/div>\n\t\t<\/section>\n\t\t\t\t<\/div>\r\n\t\t<\/div>\n\t\t\t\t\t\t<\/div>\n\t\t\t\t<\/div>\n\t\t\t\t<div class=\"elementor-element elementor-element-2007752 elementor-widget elementor-widget-text-editor\" data-id=\"2007752\" data-element_type=\"widget\" data-e-type=\"widget\" data-widget_type=\"text-editor.default\">\n\t\t\t\t<div class=\"elementor-widget-container\">\n\t\t\t\t\t\t\t\t\t<h4>T\u00cdTULOS PUBLICADOS 2003<\/h4>\t\t\t\t\t\t\t\t<\/div>\n\t\t\t\t<\/div>\n\t\t\t\t<div class=\"elementor-element elementor-element-8a4e865 elementor-nav-menu--dropdown-tablet elementor-nav-menu__text-align-aside elementor-nav-menu--toggle elementor-nav-menu--burger elementor-widget elementor-widget-global elementor-global-6353 elementor-widget-nav-menu\" data-id=\"8a4e865\" data-element_type=\"widget\" data-e-type=\"widget\" data-settings=\"{&quot;layout&quot;:&quot;horizontal&quot;,&quot;submenu_icon&quot;:{&quot;value&quot;:&quot;fas fa-caret-down&quot;,&quot;library&quot;:&quot;fa-solid&quot;},&quot;toggle&quot;:&quot;burger&quot;}\" data-widget_type=\"nav-menu.default\">\n\t\t\t\t<div class=\"elementor-widget-container\">\n\t\t\t\t\t\t\t\t<nav aria-label=\"Menu\" class=\"elementor-nav-menu--main elementor-nav-menu__container elementor-nav-menu--layout-horizontal e--pointer-underline e--animation-fade\">\r\n\t\t\t\t<ul id=\"menu-1-8a4e865\" class=\"elementor-nav-menu\"><li class=\"menu-item menu-item-type-post_type menu-item-object-page menu-item-4544\"><a href=\"https:\/\/fadeweb.uncoma.edu.ar\/index.php\/publifadecs\/titulos-publicados-2010\/\" class=\"elementor-item\">2010<\/a><\/li>\n<li class=\"menu-item menu-item-type-post_type menu-item-object-page menu-item-4545\"><a href=\"https:\/\/fadeweb.uncoma.edu.ar\/index.php\/publifadecs\/titulos-publicados-2009\/\" class=\"elementor-item\">2009<\/a><\/li>\n<li class=\"menu-item menu-item-type-post_type menu-item-object-page menu-item-4546\"><a href=\"https:\/\/fadeweb.uncoma.edu.ar\/index.php\/publifadecs\/titulos-publicados-2008\/\" class=\"elementor-item\">2008<\/a><\/li>\n<li class=\"menu-item menu-item-type-post_type menu-item-object-page menu-item-4547\"><a href=\"https:\/\/fadeweb.uncoma.edu.ar\/index.php\/publifadecs\/titulos-publicados-2006\/\" class=\"elementor-item\">2006<\/a><\/li>\n<li class=\"menu-item menu-item-type-post_type menu-item-object-page menu-item-4548\"><a href=\"https:\/\/fadeweb.uncoma.edu.ar\/index.php\/publifadecs\/titulos-publicados-2005\/\" class=\"elementor-item\">2005<\/a><\/li>\n<li class=\"menu-item menu-item-type-post_type menu-item-object-page menu-item-4549\"><a href=\"https:\/\/fadeweb.uncoma.edu.ar\/index.php\/publifadecs\/titulos-publicados-2004\/\" class=\"elementor-item\">2004<\/a><\/li>\n<li class=\"menu-item menu-item-type-post_type menu-item-object-page menu-item-4550\"><a href=\"https:\/\/fadeweb.uncoma.edu.ar\/index.php\/publifadecs\/titulos-publicados-2003\/\" class=\"elementor-item\">2003<\/a><\/li>\n<li class=\"menu-item menu-item-type-post_type menu-item-object-page menu-item-4551\"><a href=\"https:\/\/fadeweb.uncoma.edu.ar\/index.php\/publifadecs\/titulos-publicados-2002\/\" class=\"elementor-item\">2002<\/a><\/li>\n<li class=\"menu-item menu-item-type-post_type menu-item-object-page menu-item-4552\"><a href=\"https:\/\/fadeweb.uncoma.edu.ar\/index.php\/publifadecs\/titulos-publicados-2001\/\" class=\"elementor-item\">2001<\/a><\/li>\n<li class=\"menu-item menu-item-type-post_type menu-item-object-page menu-item-4553\"><a href=\"https:\/\/fadeweb.uncoma.edu.ar\/index.php\/publifadecs\/titulos-publicados-2000\/\" class=\"elementor-item\">2000<\/a><\/li>\n<li class=\"menu-item menu-item-type-post_type menu-item-object-page menu-item-4554\"><a href=\"https:\/\/fadeweb.uncoma.edu.ar\/index.php\/publifadecs\/titulos-publicados-1998\/\" class=\"elementor-item\">1998<\/a><\/li>\n<li class=\"menu-item menu-item-type-post_type menu-item-object-page menu-item-4555\"><a href=\"https:\/\/fadeweb.uncoma.edu.ar\/index.php\/publifadecs\/titulos-publicados-1997\/\" class=\"elementor-item\">1997<\/a><\/li>\n<li class=\"menu-item menu-item-type-post_type menu-item-object-page menu-item-4556\"><a href=\"https:\/\/fadeweb.uncoma.edu.ar\/index.php\/publifadecs\/titulos-publicados-1996\/\" class=\"elementor-item\">1996<\/a><\/li>\n<li class=\"menu-item menu-item-type-post_type menu-item-object-page menu-item-4557\"><a href=\"https:\/\/fadeweb.uncoma.edu.ar\/index.php\/publifadecs\/titulos-publicados-1995\/\" class=\"elementor-item\">1995<\/a><\/li>\n<\/ul>\t\t\t<\/nav>\r\n\t\t\t\t\t<div class=\"elementor-menu-toggle\" role=\"button\" tabindex=\"0\" aria-label=\"Menu Toggle\" aria-expanded=\"false\">\r\n\t\t\t<i aria-hidden=\"true\" role=\"presentation\" class=\"elementor-menu-toggle__icon--open eicon-menu-bar\"><\/i><i aria-hidden=\"true\" role=\"presentation\" class=\"elementor-menu-toggle__icon--close eicon-close\"><\/i>\t\t<\/div>\r\n\t\t\t\t\t<nav class=\"elementor-nav-menu--dropdown elementor-nav-menu__container\" aria-hidden=\"true\">\r\n\t\t\t\t<ul id=\"menu-2-8a4e865\" class=\"elementor-nav-menu\"><li class=\"menu-item menu-item-type-post_type menu-item-object-page menu-item-4544\"><a href=\"https:\/\/fadeweb.uncoma.edu.ar\/index.php\/publifadecs\/titulos-publicados-2010\/\" class=\"elementor-item\" tabindex=\"-1\">2010<\/a><\/li>\n<li class=\"menu-item menu-item-type-post_type menu-item-object-page menu-item-4545\"><a href=\"https:\/\/fadeweb.uncoma.edu.ar\/index.php\/publifadecs\/titulos-publicados-2009\/\" class=\"elementor-item\" tabindex=\"-1\">2009<\/a><\/li>\n<li class=\"menu-item menu-item-type-post_type menu-item-object-page menu-item-4546\"><a href=\"https:\/\/fadeweb.uncoma.edu.ar\/index.php\/publifadecs\/titulos-publicados-2008\/\" class=\"elementor-item\" tabindex=\"-1\">2008<\/a><\/li>\n<li class=\"menu-item menu-item-type-post_type menu-item-object-page menu-item-4547\"><a href=\"https:\/\/fadeweb.uncoma.edu.ar\/index.php\/publifadecs\/titulos-publicados-2006\/\" class=\"elementor-item\" tabindex=\"-1\">2006<\/a><\/li>\n<li class=\"menu-item menu-item-type-post_type menu-item-object-page menu-item-4548\"><a href=\"https:\/\/fadeweb.uncoma.edu.ar\/index.php\/publifadecs\/titulos-publicados-2005\/\" class=\"elementor-item\" tabindex=\"-1\">2005<\/a><\/li>\n<li class=\"menu-item menu-item-type-post_type menu-item-object-page menu-item-4549\"><a href=\"https:\/\/fadeweb.uncoma.edu.ar\/index.php\/publifadecs\/titulos-publicados-2004\/\" class=\"elementor-item\" tabindex=\"-1\">2004<\/a><\/li>\n<li class=\"menu-item menu-item-type-post_type menu-item-object-page menu-item-4550\"><a href=\"https:\/\/fadeweb.uncoma.edu.ar\/index.php\/publifadecs\/titulos-publicados-2003\/\" class=\"elementor-item\" tabindex=\"-1\">2003<\/a><\/li>\n<li class=\"menu-item menu-item-type-post_type menu-item-object-page menu-item-4551\"><a href=\"https:\/\/fadeweb.uncoma.edu.ar\/index.php\/publifadecs\/titulos-publicados-2002\/\" class=\"elementor-item\" tabindex=\"-1\">2002<\/a><\/li>\n<li class=\"menu-item menu-item-type-post_type menu-item-object-page menu-item-4552\"><a href=\"https:\/\/fadeweb.uncoma.edu.ar\/index.php\/publifadecs\/titulos-publicados-2001\/\" class=\"elementor-item\" tabindex=\"-1\">2001<\/a><\/li>\n<li class=\"menu-item menu-item-type-post_type menu-item-object-page menu-item-4553\"><a href=\"https:\/\/fadeweb.uncoma.edu.ar\/index.php\/publifadecs\/titulos-publicados-2000\/\" class=\"elementor-item\" tabindex=\"-1\">2000<\/a><\/li>\n<li class=\"menu-item menu-item-type-post_type menu-item-object-page menu-item-4554\"><a href=\"https:\/\/fadeweb.uncoma.edu.ar\/index.php\/publifadecs\/titulos-publicados-1998\/\" class=\"elementor-item\" tabindex=\"-1\">1998<\/a><\/li>\n<li class=\"menu-item menu-item-type-post_type menu-item-object-page menu-item-4555\"><a href=\"https:\/\/fadeweb.uncoma.edu.ar\/index.php\/publifadecs\/titulos-publicados-1997\/\" class=\"elementor-item\" tabindex=\"-1\">1997<\/a><\/li>\n<li class=\"menu-item menu-item-type-post_type menu-item-object-page menu-item-4556\"><a href=\"https:\/\/fadeweb.uncoma.edu.ar\/index.php\/publifadecs\/titulos-publicados-1996\/\" class=\"elementor-item\" tabindex=\"-1\">1996<\/a><\/li>\n<li class=\"menu-item menu-item-type-post_type menu-item-object-page menu-item-4557\"><a href=\"https:\/\/fadeweb.uncoma.edu.ar\/index.php\/publifadecs\/titulos-publicados-1995\/\" class=\"elementor-item\" tabindex=\"-1\">1995<\/a><\/li>\n<\/ul>\t\t\t<\/nav>\r\n\t\t\t\t\t\t<\/div>\n\t\t\t\t<\/div>\n\t\t\t\t<div class=\"elementor-element elementor-element-9b1c6ff elementor-widget elementor-widget-heading\" data-id=\"9b1c6ff\" data-element_type=\"widget\" data-e-type=\"widget\" data-widget_type=\"heading.default\">\n\t\t\t\t<div class=\"elementor-widget-container\">\n\t\t\t\t\t<h2 class=\"elementor-heading-title elementor-size-default\">A\u00f1o 2003<\/h2>\t\t\t\t<\/div>\n\t\t\t\t<\/div>\n\t\t\t\t<section class=\"elementor-section elementor-inner-section elementor-element elementor-element-3f4c39b elementor-section-boxed elementor-section-height-default elementor-section-height-default\" data-id=\"3f4c39b\" data-element_type=\"section\" data-e-type=\"section\">\n\t\t\t\t\t\t<div class=\"elementor-container elementor-column-gap-default\">\n\t\t\t\t\t<div class=\"elementor-column elementor-col-33 elementor-inner-column elementor-element elementor-element-abed16d\" data-id=\"abed16d\" data-element_type=\"column\" data-e-type=\"column\">\n\t\t\t<div class=\"elementor-widget-wrap\">\n\t\t\t\t\t\t\t<\/div>\n\t\t<\/div>\n\t\t\t\t<div class=\"elementor-column elementor-col-33 elementor-inner-column elementor-element elementor-element-4947e8c\" data-id=\"4947e8c\" data-element_type=\"column\" data-e-type=\"column\">\n\t\t\t<div class=\"elementor-widget-wrap elementor-element-populated\">\n\t\t\t\t\t\t<div class=\"elementor-element elementor-element-c4d0157 elementor-widget elementor-widget-text-editor\" data-id=\"c4d0157\" data-element_type=\"widget\" data-e-type=\"widget\" data-widget_type=\"text-editor.default\">\n\t\t\t\t<div class=\"elementor-widget-container\">\n\t\t\t\t\t\t\t\t\t<p>Revista de la Facultad N\u00ba 9<em><br \/><\/em>ISSN 950-9859-51-6<br \/>166 p\u00e1gs.<br \/>A\u00f1o de edici\u00f3n: 2003<br \/>Soporte papel<br \/>Precio $ 10<br \/>PubliFadecs<\/p>\t\t\t\t\t\t\t\t<\/div>\n\t\t\t\t<\/div>\n\t\t\t\t\t<\/div>\n\t\t<\/div>\n\t\t\t\t<div class=\"elementor-column elementor-col-33 elementor-inner-column elementor-element elementor-element-9fde715\" data-id=\"9fde715\" data-element_type=\"column\" data-e-type=\"column\">\n\t\t\t<div class=\"elementor-widget-wrap elementor-element-populated\">\n\t\t\t\t\t\t<div class=\"elementor-element elementor-element-9d62547 elementor-widget elementor-widget-text-editor\" data-id=\"9d62547\" data-element_type=\"widget\" data-e-type=\"widget\" data-widget_type=\"text-editor.default\">\n\t\t\t\t<div class=\"elementor-widget-container\">\n\t\t\t\t\t\t\t\t\t<p><strong>Art\u00edculos:<\/strong> Consideraciones sobre el concepto de \u201cpoder\u201d en Hannah Arendt; Tecnolog\u00eda, organizaci\u00f3n y econom\u00eda. Una revisi\u00f3n; Estado, enclave y gobernabilidad en la provincia de Neuquen; Relaciones inter\u00e9tnicas: contradicciones entre el discurso; y otros.<\/p>\t\t\t\t\t\t\t\t<\/div>\n\t\t\t\t<\/div>\n\t\t\t\t\t<\/div>\n\t\t<\/div>\n\t\t\t\t\t<\/div>\n\t\t<\/section>\n\t\t\t\t<section class=\"elementor-section elementor-inner-section elementor-element elementor-element-d0ae54b elementor-section-boxed elementor-section-height-default elementor-section-height-default\" data-id=\"d0ae54b\" data-element_type=\"section\" data-e-type=\"section\">\n\t\t\t\t\t\t<div class=\"elementor-container elementor-column-gap-default\">\n\t\t\t\t\t<div class=\"elementor-column elementor-col-33 elementor-inner-column elementor-element elementor-element-742ef52\" data-id=\"742ef52\" data-element_type=\"column\" data-e-type=\"column\">\n\t\t\t<div class=\"elementor-widget-wrap\">\n\t\t\t\t\t\t\t<\/div>\n\t\t<\/div>\n\t\t\t\t<div class=\"elementor-column elementor-col-33 elementor-inner-column elementor-element elementor-element-ffe6997\" data-id=\"ffe6997\" data-element_type=\"column\" data-e-type=\"column\">\n\t\t\t<div class=\"elementor-widget-wrap elementor-element-populated\">\n\t\t\t\t\t\t<div class=\"elementor-element elementor-element-fa9cb41 elementor-widget elementor-widget-text-editor\" data-id=\"fa9cb41\" data-element_type=\"widget\" data-e-type=\"widget\" data-widget_type=\"text-editor.default\">\n\t\t\t\t<div class=\"elementor-widget-container\">\n\t\t\t\t\t\t\t\t\t<p>T\u00edtulo: <em><br \/><\/em>Aprendizaje tecnol\u00f3gico y sistema de innovaci\u00f3n<br \/>Subt\u00edtulo: <em><br \/><\/em>Estudio sobre la Provincia de R\u00edo Negro<em><br \/><\/em>Autor: Patricia Lar\u00eda (coord.)<br \/>ISBN 950-9859-81-8<br \/>188 p\u00e1gs.<br \/>A\u00f1o de edici\u00f3n: 2003 \u2013 1ra. ed.<br \/>Soporte papel<br \/>Precio $ 18<br \/>PubliFadecs<\/p>\t\t\t\t\t\t\t\t<\/div>\n\t\t\t\t<\/div>\n\t\t\t\t\t<\/div>\n\t\t<\/div>\n\t\t\t\t<div class=\"elementor-column elementor-col-33 elementor-inner-column elementor-element elementor-element-2fda408\" data-id=\"2fda408\" data-element_type=\"column\" data-e-type=\"column\">\n\t\t\t<div class=\"elementor-widget-wrap elementor-element-populated\">\n\t\t\t\t\t\t<div class=\"elementor-element elementor-element-0d6a34d elementor-widget elementor-widget-text-editor\" data-id=\"0d6a34d\" data-element_type=\"widget\" data-e-type=\"widget\" data-widget_type=\"text-editor.default\">\n\t\t\t\t<div class=\"elementor-widget-container\">\n\t\t\t\t\t\t\t\t\t<p><strong>Resumen:<\/strong> Los procesos de generaci\u00f3n y distribuci\u00f3n de tecnolog\u00eda juegan un papel central en la conformaci\u00f3n de las din\u00e1micas econ\u00f3micas y sociales. Las revoluciones cient\u00edficas en microelectr\u00f3nica, gen\u00e9tica, nuevos materiales y energ\u00eda no convencional seguramente destruir\u00e1n los procesos y productos conocidos introduciendo otros nuevos en el corto plazo.<\/p>\t\t\t\t\t\t\t\t<\/div>\n\t\t\t\t<\/div>\n\t\t\t\t\t<\/div>\n\t\t<\/div>\n\t\t\t\t\t<\/div>\n\t\t<\/section>\n\t\t\t\t<section class=\"elementor-section elementor-inner-section elementor-element elementor-element-3507efa elementor-section-boxed elementor-section-height-default elementor-section-height-default\" data-id=\"3507efa\" data-element_type=\"section\" data-e-type=\"section\">\n\t\t\t\t\t\t<div class=\"elementor-container elementor-column-gap-default\">\n\t\t\t\t\t<div class=\"elementor-column elementor-col-33 elementor-inner-column elementor-element elementor-element-983fc07\" data-id=\"983fc07\" data-element_type=\"column\" data-e-type=\"column\">\n\t\t\t<div class=\"elementor-widget-wrap\">\n\t\t\t\t\t\t\t<\/div>\n\t\t<\/div>\n\t\t\t\t<div class=\"elementor-column elementor-col-33 elementor-inner-column elementor-element elementor-element-39da8a3\" data-id=\"39da8a3\" data-element_type=\"column\" data-e-type=\"column\">\n\t\t\t<div class=\"elementor-widget-wrap elementor-element-populated\">\n\t\t\t\t\t\t<div class=\"elementor-element elementor-element-e1fcdec elementor-widget elementor-widget-text-editor\" data-id=\"e1fcdec\" data-element_type=\"widget\" data-e-type=\"widget\" data-widget_type=\"text-editor.default\">\n\t\t\t\t<div class=\"elementor-widget-container\">\n\t\t\t\t\t\t\t\t\t<p><a id=\"jurisprudencia31\" name=\"jurisprudencia31\"><\/a><br \/>T\u00edtulo:<br \/>Comentarios de Jurisprudencia A\u00f1o XII N\u00ba 31 &#8211; 2003<br \/>Autor: Colegio de Abogados de General Roca \u2013 Colegio de Abogados Alto Valle Oeste<br \/>196 p\u00e1gs.<br \/>A\u00f1o de edici\u00f3n: 2003 \u2013 1ra. ed.<br \/>Soporte papel<br \/>Precio $<br \/>PubliFadecs<\/p>\t\t\t\t\t\t\t\t<\/div>\n\t\t\t\t<\/div>\n\t\t\t\t\t<\/div>\n\t\t<\/div>\n\t\t\t\t<div class=\"elementor-column elementor-col-33 elementor-inner-column elementor-element elementor-element-cba82ad\" data-id=\"cba82ad\" data-element_type=\"column\" data-e-type=\"column\">\n\t\t\t<div class=\"elementor-widget-wrap elementor-element-populated\">\n\t\t\t\t\t\t<div class=\"elementor-element elementor-element-070453e elementor-widget elementor-widget-text-editor\" data-id=\"070453e\" data-element_type=\"widget\" data-e-type=\"widget\" data-widget_type=\"text-editor.default\">\n\t\t\t\t<div class=\"elementor-widget-container\">\n\t\t\t\t\t\t\t\t\t<p><strong>Resumen:<\/strong> Esta revista es un espacio abierto al que aportan material de inter\u00e9s los abogados de los colegios de General Roca y de Alto Valle Oeste.<\/p>\t\t\t\t\t\t\t\t<\/div>\n\t\t\t\t<\/div>\n\t\t\t\t\t<\/div>\n\t\t<\/div>\n\t\t\t\t\t<\/div>\n\t\t<\/section>\n\t\t\t\t<section class=\"elementor-section elementor-inner-section elementor-element elementor-element-e96b728 elementor-section-boxed elementor-section-height-default elementor-section-height-default\" data-id=\"e96b728\" data-element_type=\"section\" data-e-type=\"section\">\n\t\t\t\t\t\t<div class=\"elementor-container elementor-column-gap-default\">\n\t\t\t\t\t<div class=\"elementor-column elementor-col-33 elementor-inner-column elementor-element elementor-element-dc2d2cf\" data-id=\"dc2d2cf\" data-element_type=\"column\" data-e-type=\"column\">\n\t\t\t<div class=\"elementor-widget-wrap\">\n\t\t\t\t\t\t\t<\/div>\n\t\t<\/div>\n\t\t\t\t<div class=\"elementor-column elementor-col-33 elementor-inner-column elementor-element elementor-element-5c46fed\" data-id=\"5c46fed\" data-element_type=\"column\" data-e-type=\"column\">\n\t\t\t<div class=\"elementor-widget-wrap elementor-element-populated\">\n\t\t\t\t\t\t<div class=\"elementor-element elementor-element-fc53096 elementor-widget elementor-widget-text-editor\" data-id=\"fc53096\" data-element_type=\"widget\" data-e-type=\"widget\" data-widget_type=\"text-editor.default\">\n\t\t\t\t<div class=\"elementor-widget-container\">\n\t\t\t\t\t\t\t\t\t<p>T\u00edtulo: <em><br \/><\/em>Ense\u00f1anza de la geometr\u00eda del plano<em><br \/><\/em>Subt\u00edtulo: <em><br \/><\/em>Construcciones geom\u00e9tricas<em><br \/><\/em>Autor: Patricia Detzel y otros.<br \/>46 p\u00e1gs.<br \/>A\u00f1o de edici\u00f3n: 2003 \u2013 1ra. ed.<br \/>Soporte papel<br \/>Precio $<br \/>PubliFadecs<\/p>\t\t\t\t\t\t\t\t<\/div>\n\t\t\t\t<\/div>\n\t\t\t\t\t<\/div>\n\t\t<\/div>\n\t\t\t\t<div class=\"elementor-column elementor-col-33 elementor-inner-column elementor-element elementor-element-2e5f7c5\" data-id=\"2e5f7c5\" data-element_type=\"column\" data-e-type=\"column\">\n\t\t\t<div class=\"elementor-widget-wrap elementor-element-populated\">\n\t\t\t\t\t\t<div class=\"elementor-element elementor-element-9a0524c elementor-widget elementor-widget-text-editor\" data-id=\"9a0524c\" data-element_type=\"widget\" data-e-type=\"widget\" data-widget_type=\"text-editor.default\">\n\t\t\t\t<div class=\"elementor-widget-container\">\n\t\t\t\t\t\t\t\t\t<p><strong>Resumen: <\/strong>Este primer trabajo es parte de una Serie de Cuadernos de Matem\u00e1tica destinado a docentes de Matem\u00e1tica y alumnos de Profesorado en esta \u00e1rea. Surge despu\u00e9s de varios a\u00f1os de investigaci\u00f3n en el marco de un proyecto sobre Ense\u00f1anza de la Matem\u00e1tica subsidiado por la Secretar\u00eda de Investigaci\u00f3n de la Universidad Nacional del Comahue.<\/p>\t\t\t\t\t\t\t\t<\/div>\n\t\t\t\t<\/div>\n\t\t\t\t\t<\/div>\n\t\t<\/div>\n\t\t\t\t\t<\/div>\n\t\t<\/section>\n\t\t\t\t<section class=\"elementor-section elementor-inner-section elementor-element elementor-element-88add1d elementor-section-boxed elementor-section-height-default elementor-section-height-default\" data-id=\"88add1d\" data-element_type=\"section\" data-e-type=\"section\">\n\t\t\t\t\t\t<div class=\"elementor-container elementor-column-gap-default\">\n\t\t\t\t\t<div class=\"elementor-column elementor-col-33 elementor-inner-column elementor-element elementor-element-8e4d4f2\" data-id=\"8e4d4f2\" data-element_type=\"column\" data-e-type=\"column\">\n\t\t\t<div class=\"elementor-widget-wrap\">\n\t\t\t\t\t\t\t<\/div>\n\t\t<\/div>\n\t\t\t\t<div class=\"elementor-column elementor-col-33 elementor-inner-column elementor-element elementor-element-321b146\" data-id=\"321b146\" data-element_type=\"column\" data-e-type=\"column\">\n\t\t\t<div class=\"elementor-widget-wrap elementor-element-populated\">\n\t\t\t\t\t\t<div class=\"elementor-element elementor-element-31765be elementor-widget elementor-widget-text-editor\" data-id=\"31765be\" data-element_type=\"widget\" data-e-type=\"widget\" data-widget_type=\"text-editor.default\">\n\t\t\t\t<div class=\"elementor-widget-container\">\n\t\t\t\t\t\t\t\t\t<p><a id=\"juventud-drc\" name=\"juventud-drc\"><\/a><br \/>T\u00edtulo:<br \/>Juventud y desocupaci\u00f3n en la Regi\u00f3n Comahue<em><br \/><\/em>Autor: Natalio Kisnerman y otros<br \/>ISBN 950-9859-91-5<br \/>102 p\u00e1gs.<br \/>A\u00f1o de edici\u00f3n: 2003 \u2013 1ra. ed.<br \/>Soporte papel<br \/>Precio $ 15<br \/>PubliFadecs<\/p>\t\t\t\t\t\t\t\t<\/div>\n\t\t\t\t<\/div>\n\t\t\t\t\t<\/div>\n\t\t<\/div>\n\t\t\t\t<div class=\"elementor-column elementor-col-33 elementor-inner-column elementor-element elementor-element-2d2af12\" data-id=\"2d2af12\" data-element_type=\"column\" data-e-type=\"column\">\n\t\t\t<div class=\"elementor-widget-wrap elementor-element-populated\">\n\t\t\t\t\t\t<div class=\"elementor-element elementor-element-eca3f4e elementor-widget elementor-widget-text-editor\" data-id=\"eca3f4e\" data-element_type=\"widget\" data-e-type=\"widget\" data-widget_type=\"text-editor.default\">\n\t\t\t\t<div class=\"elementor-widget-container\">\n\t\t\t\t\t\t\t\t\t<p><strong>Resumen:<\/strong> Esta investigaci\u00f3n se propone el estudio de las representaciones sociales y valores que desarrollan los j\u00f3venes entre los 15 a 24 a\u00f1os, frente a la precarizaci\u00f3n del empleo y creciente desocupaci\u00f3n. A partir de ello, identificar los modelos o estrategias de transici\u00f3n que construyen, para resolver la futura inserci\u00f3n laboral.<\/p>\t\t\t\t\t\t\t\t<\/div>\n\t\t\t\t<\/div>\n\t\t\t\t\t<\/div>\n\t\t<\/div>\n\t\t\t\t\t<\/div>\n\t\t<\/section>\n\t\t\t\t<section class=\"elementor-section elementor-inner-section elementor-element elementor-element-d8c7e40 elementor-section-boxed elementor-section-height-default elementor-section-height-default\" data-id=\"d8c7e40\" data-element_type=\"section\" data-e-type=\"section\">\n\t\t\t\t\t\t<div class=\"elementor-container elementor-column-gap-default\">\n\t\t\t\t\t<div class=\"elementor-column elementor-col-33 elementor-inner-column elementor-element elementor-element-64ef2da\" data-id=\"64ef2da\" data-element_type=\"column\" data-e-type=\"column\">\n\t\t\t<div class=\"elementor-widget-wrap\">\n\t\t\t\t\t\t\t<\/div>\n\t\t<\/div>\n\t\t\t\t<div class=\"elementor-column elementor-col-33 elementor-inner-column elementor-element elementor-element-8c8ef20\" data-id=\"8c8ef20\" data-element_type=\"column\" data-e-type=\"column\">\n\t\t\t<div class=\"elementor-widget-wrap elementor-element-populated\">\n\t\t\t\t\t\t<div class=\"elementor-element elementor-element-ef58566 elementor-widget elementor-widget-text-editor\" data-id=\"ef58566\" data-element_type=\"widget\" data-e-type=\"widget\" data-widget_type=\"text-editor.default\">\n\t\t\t\t<div class=\"elementor-widget-container\">\n\t\t\t\t\t\t\t\t\t<p><a id=\"defensaj\" name=\"defensaj\"><\/a><br \/>T\u00edtulo:<br \/>La defensa en juicio<em><br \/><\/em>Autor: Fernando S\u00e1nchez Freytes<br \/>ISBN 950-9859-92-3<br \/>154 p\u00e1gs.<br \/>A\u00f1o de edici\u00f3n: 2003 \u2013 1ra. ed.<br \/>Soporte papel<br \/>Precio $ 15<br \/>PubliFadecs<\/p>\t\t\t\t\t\t\t\t<\/div>\n\t\t\t\t<\/div>\n\t\t\t\t\t<\/div>\n\t\t<\/div>\n\t\t\t\t<div class=\"elementor-column elementor-col-33 elementor-inner-column elementor-element elementor-element-5ee1f4c\" data-id=\"5ee1f4c\" data-element_type=\"column\" data-e-type=\"column\">\n\t\t\t<div class=\"elementor-widget-wrap elementor-element-populated\">\n\t\t\t\t\t\t<div class=\"elementor-element elementor-element-7c52baa elementor-widget elementor-widget-text-editor\" data-id=\"7c52baa\" data-element_type=\"widget\" data-e-type=\"widget\" data-widget_type=\"text-editor.default\">\n\t\t\t\t<div class=\"elementor-widget-container\">\n\t\t\t\t\t\t\t\t\t<p><strong>Resumen:<\/strong> En el fuero penal, cierto n\u00famero de defensores sean particulares y oficiales, al encarar su trabajo no son del todo \u201ceficientes\u201d, fruto de que voluntaria o involuntariamente dejan en manos de los otros operadores del sistema penal la marcha del caso asignado. Para evitar estas anomal\u00edas y lograr contrariamente una seria y eficaz defensa, el autor se propuso en esta obra dejar plasmados cu\u00e1les son las principales obligaciones y derecho que tiene todo letrado penal frente a su pupilo y al proceso judicial propiamente dicho.<\/p>\t\t\t\t\t\t\t\t<\/div>\n\t\t\t\t<\/div>\n\t\t\t\t\t<\/div>\n\t\t<\/div>\n\t\t\t\t\t<\/div>\n\t\t<\/section>\n\t\t\t\t<section class=\"elementor-section elementor-inner-section elementor-element elementor-element-bcc3790 elementor-section-boxed elementor-section-height-default elementor-section-height-default\" data-id=\"bcc3790\" data-element_type=\"section\" data-e-type=\"section\">\n\t\t\t\t\t\t<div class=\"elementor-container elementor-column-gap-default\">\n\t\t\t\t\t<div class=\"elementor-column elementor-col-33 elementor-inner-column elementor-element elementor-element-7015503\" data-id=\"7015503\" data-element_type=\"column\" data-e-type=\"column\">\n\t\t\t<div class=\"elementor-widget-wrap\">\n\t\t\t\t\t\t\t<\/div>\n\t\t<\/div>\n\t\t\t\t<div class=\"elementor-column elementor-col-33 elementor-inner-column elementor-element elementor-element-333e6d3\" data-id=\"333e6d3\" data-element_type=\"column\" data-e-type=\"column\">\n\t\t\t<div class=\"elementor-widget-wrap elementor-element-populated\">\n\t\t\t\t\t\t<div class=\"elementor-element elementor-element-de3c0d9 elementor-widget elementor-widget-text-editor\" data-id=\"de3c0d9\" data-element_type=\"widget\" data-e-type=\"widget\" data-widget_type=\"text-editor.default\">\n\t\t\t\t<div class=\"elementor-widget-container\">\n\t\t\t\t\t\t\t\t\t<p><a id=\"leyenda-continua\" name=\"leyenda-continua\"><\/a><br \/>T\u00edtulo:<br \/><em>La leyenda continua<\/em><br \/>Subt\u00edtulo: <em><br \/><\/em>Temas y narraciones en Salud Mental modalidad rionegrina<em><br \/><\/em>Autor: Jos\u00e9 Schiappa Pietra<br \/>ISBN 987-1154-05-4<br \/>364 p\u00e1gs.<br \/>A\u00f1o de edici\u00f3n: 2003 \u2013 1ra. ed.<br \/>Soporte papel<br \/>Precio $ 25<br \/>PubliFadecs<\/p>\t\t\t\t\t\t\t\t<\/div>\n\t\t\t\t<\/div>\n\t\t\t\t\t<\/div>\n\t\t<\/div>\n\t\t\t\t<div class=\"elementor-column elementor-col-33 elementor-inner-column elementor-element elementor-element-cda2e28\" data-id=\"cda2e28\" data-element_type=\"column\" data-e-type=\"column\">\n\t\t\t<div class=\"elementor-widget-wrap elementor-element-populated\">\n\t\t\t\t\t\t<div class=\"elementor-element elementor-element-4267d77 elementor-widget elementor-widget-text-editor\" data-id=\"4267d77\" data-element_type=\"widget\" data-e-type=\"widget\" data-widget_type=\"text-editor.default\">\n\t\t\t\t<div class=\"elementor-widget-container\">\n\t\t\t\t\t\t\t\t\t<p><strong>Resumen:<\/strong> El autor es un reconocido psic\u00f3logo que lleg\u00f3 al Alto Valle, desde su Santa Fe natal, en 1978. Integr\u00f3 distintos servicios de Salud Mental de la regi\u00f3n y fue uno de los protagonistas del Proyecto de Desmanicomializaci\u00f3n de la provincia de R\u00edo Negro, que liber\u00f3 a los sufrientes mentales del encierro y la marginaci\u00f3n.<\/p>\t\t\t\t\t\t\t\t<\/div>\n\t\t\t\t<\/div>\n\t\t\t\t\t<\/div>\n\t\t<\/div>\n\t\t\t\t\t<\/div>\n\t\t<\/section>\n\t\t\t\t<section class=\"elementor-section elementor-inner-section elementor-element elementor-element-aaec6c3 elementor-section-boxed elementor-section-height-default elementor-section-height-default\" data-id=\"aaec6c3\" data-element_type=\"section\" data-e-type=\"section\">\n\t\t\t\t\t\t<div class=\"elementor-container elementor-column-gap-default\">\n\t\t\t\t\t<div class=\"elementor-column elementor-col-33 elementor-inner-column elementor-element elementor-element-a900bbf\" data-id=\"a900bbf\" data-element_type=\"column\" data-e-type=\"column\">\n\t\t\t<div class=\"elementor-widget-wrap\">\n\t\t\t\t\t\t\t<\/div>\n\t\t<\/div>\n\t\t\t\t<div class=\"elementor-column elementor-col-33 elementor-inner-column elementor-element elementor-element-23012cf\" data-id=\"23012cf\" data-element_type=\"column\" data-e-type=\"column\">\n\t\t\t<div class=\"elementor-widget-wrap elementor-element-populated\">\n\t\t\t\t\t\t<div class=\"elementor-element elementor-element-7e22ad8 elementor-widget elementor-widget-text-editor\" data-id=\"7e22ad8\" data-element_type=\"widget\" data-e-type=\"widget\" data-widget_type=\"text-editor.default\">\n\t\t\t\t<div class=\"elementor-widget-container\">\n\t\t\t\t\t\t\t\t\t<p>T\u00edtulo: <em><br \/><\/em>Sindicatura concursal<br \/>Subt\u00edtulo:<br \/>Nociones b\u00e1sicas de Derecho Procesal Civil<em><br \/><\/em>Autor: H\u00e9ctor C\u00e9sar Peruzzi<br \/>ISBN 950-9859-51-6<br \/>166 p\u00e1gs.<br \/>A\u00f1o de edici\u00f3n: 2003 &#8211; 1ra. reimpr.<br \/>Soporte papel<br \/>Precio $ 18<br \/>PubliFadecs<\/p>\t\t\t\t\t\t\t\t<\/div>\n\t\t\t\t<\/div>\n\t\t\t\t\t<\/div>\n\t\t<\/div>\n\t\t\t\t<div class=\"elementor-column elementor-col-33 elementor-inner-column elementor-element elementor-element-d97f185\" data-id=\"d97f185\" data-element_type=\"column\" data-e-type=\"column\">\n\t\t\t<div class=\"elementor-widget-wrap elementor-element-populated\">\n\t\t\t\t\t\t<div class=\"elementor-element elementor-element-9e75bb2 elementor-widget elementor-widget-text-editor\" data-id=\"9e75bb2\" data-element_type=\"widget\" data-e-type=\"widget\" data-widget_type=\"text-editor.default\">\n\t\t\t\t<div class=\"elementor-widget-container\">\n\t\t\t\t\t\t\t\t\t<p><strong>Resumen:<\/strong> Nociones de Derecho Procesal Civil adaptado para el conocimiento de Peritos, Martilleros y dem\u00e1s auxiliares del Poder Judicial.<\/p>\t\t\t\t\t\t\t\t<\/div>\n\t\t\t\t<\/div>\n\t\t\t\t\t<\/div>\n\t\t<\/div>\n\t\t\t\t\t<\/div>\n\t\t<\/section>\n\t\t\t\t<section class=\"elementor-section elementor-inner-section elementor-element elementor-element-d6ed8d2 elementor-section-boxed elementor-section-height-default elementor-section-height-default\" data-id=\"d6ed8d2\" data-element_type=\"section\" data-e-type=\"section\">\n\t\t\t\t\t\t<div class=\"elementor-container elementor-column-gap-default\">\n\t\t\t\t\t<div class=\"elementor-column elementor-col-33 elementor-inner-column elementor-element elementor-element-ac08ad9\" data-id=\"ac08ad9\" data-element_type=\"column\" data-e-type=\"column\">\n\t\t\t<div class=\"elementor-widget-wrap\">\n\t\t\t\t\t\t\t<\/div>\n\t\t<\/div>\n\t\t\t\t<div class=\"elementor-column elementor-col-33 elementor-inner-column elementor-element elementor-element-5a4f902\" data-id=\"5a4f902\" data-element_type=\"column\" data-e-type=\"column\">\n\t\t\t<div class=\"elementor-widget-wrap elementor-element-populated\">\n\t\t\t\t\t\t<div class=\"elementor-element elementor-element-5978d18 elementor-widget elementor-widget-text-editor\" data-id=\"5978d18\" data-element_type=\"widget\" data-e-type=\"widget\" data-widget_type=\"text-editor.default\">\n\t\t\t\t<div class=\"elementor-widget-container\">\n\t\t\t\t\t\t\t\t\t<p><a id=\"tratadosi\" name=\"tratadosi\"><\/a><br \/>T\u00edtulo:<br \/>Tratados de integraci\u00f3n<em><br \/><\/em>Autor: Rodolfo Ponce de Le\u00f3n<br \/>ISBN 950-9859-11-7<br \/>98 p\u00e1gs.<br \/>A\u00f1o de edici\u00f3n 2003 \u2013 2\u00ba reimpr.<br \/>Serie de C\u00e1tedra<br \/>Soporte papel<br \/>Precio $ 10<br \/>PubliFadecs<\/p>\t\t\t\t\t\t\t\t<\/div>\n\t\t\t\t<\/div>\n\t\t\t\t\t<\/div>\n\t\t<\/div>\n\t\t\t\t<div class=\"elementor-column elementor-col-33 elementor-inner-column elementor-element elementor-element-2100f34\" data-id=\"2100f34\" data-element_type=\"column\" data-e-type=\"column\">\n\t\t\t<div class=\"elementor-widget-wrap elementor-element-populated\">\n\t\t\t\t\t\t<div class=\"elementor-element elementor-element-2ef0bc1 elementor-widget elementor-widget-text-editor\" data-id=\"2ef0bc1\" data-element_type=\"widget\" data-e-type=\"widget\" data-widget_type=\"text-editor.default\">\n\t\t\t\t<div class=\"elementor-widget-container\">\n\t\t\t\t\t\t\t\t\t<p><strong>Resumen: <\/strong>El trabajo tiene por objeto acercar los instrumentos jur\u00eddicos b\u00e1sicos del vertiginoso y fenomenal proceso de integraci\u00f3n que vive nuestro pa\u00eds con sus hermanos sudamericanos. Dirigido a los alumnos y focalizado en algunos puntos del Programa de la materia Derecho Constitucional, de la Facultad de Derecho y Ciencias Sociales de la UNComahue, es sin duda de utilidad para profesores, profesionales y estudiosos del tema.<\/p>\t\t\t\t\t\t\t\t<\/div>\n\t\t\t\t<\/div>\n\t\t\t\t\t<\/div>\n\t\t<\/div>\n\t\t\t\t\t<\/div>\n\t\t<\/section>\n\t\t\t\t<section class=\"elementor-section elementor-inner-section elementor-element elementor-element-a7440a8 elementor-section-boxed elementor-section-height-default elementor-section-height-default\" data-id=\"a7440a8\" data-element_type=\"section\" data-e-type=\"section\">\n\t\t\t\t\t\t<div class=\"elementor-container elementor-column-gap-default\">\n\t\t\t\t\t<div class=\"elementor-column elementor-col-33 elementor-inner-column elementor-element elementor-element-7a120cf\" data-id=\"7a120cf\" data-element_type=\"column\" data-e-type=\"column\">\n\t\t\t<div class=\"elementor-widget-wrap\">\n\t\t\t\t\t\t\t<\/div>\n\t\t<\/div>\n\t\t\t\t<div class=\"elementor-column elementor-col-33 elementor-inner-column elementor-element elementor-element-8c97138\" data-id=\"8c97138\" data-element_type=\"column\" data-e-type=\"column\">\n\t\t\t<div class=\"elementor-widget-wrap elementor-element-populated\">\n\t\t\t\t\t\t<div class=\"elementor-element elementor-element-8dc8a8a elementor-widget elementor-widget-text-editor\" data-id=\"8dc8a8a\" data-element_type=\"widget\" data-e-type=\"widget\" data-widget_type=\"text-editor.default\">\n\t\t\t\t<div class=\"elementor-widget-container\">\n\t\t\t\t\t\t\t\t\t<p><a id=\"vida-instituciones\" name=\"vida-instituciones\"><\/a><br \/>T\u00edtulo:<br \/>Vida de las Instituciones<em><br \/><\/em>Autor: Pablo Franco<br \/>ISBN 950-9859-94-X<br \/>115 p\u00e1gs.<br \/>A\u00f1o de edici\u00f3n: 2003 \u2013 1ra. ed.<br \/>Soporte papel<br \/>PubliFadecs<br \/>Precio $ 15.-<\/p>\t\t\t\t\t\t\t\t<\/div>\n\t\t\t\t<\/div>\n\t\t\t\t\t<\/div>\n\t\t<\/div>\n\t\t\t\t<div class=\"elementor-column elementor-col-33 elementor-inner-column elementor-element elementor-element-d327bf9\" data-id=\"d327bf9\" data-element_type=\"column\" data-e-type=\"column\">\n\t\t\t<div class=\"elementor-widget-wrap elementor-element-populated\">\n\t\t\t\t\t\t<div class=\"elementor-element elementor-element-99970f3 elementor-widget elementor-widget-text-editor\" data-id=\"99970f3\" data-element_type=\"widget\" data-e-type=\"widget\" data-widget_type=\"text-editor.default\">\n\t\t\t\t<div class=\"elementor-widget-container\">\n\t\t\t\t\t\t\t\t\t<p><strong>Resumen:<\/strong> Este libro est\u00e1 dirigido a los que trabajan o estudian el fen\u00f3meno de las instituciones p\u00fablicas. Escuelas, centros de salud mental, programas destinados a j\u00f3venes en riesgo psicosocial constituyen las unidades de an\u00e1lisis. Las instituciones tienen vida. Hay vida en las instituciones. En estas p\u00e1ginas intentamos acercarnos a ese mundo complejo.<\/p>\t\t\t\t\t\t\t\t<\/div>\n\t\t\t\t<\/div>\n\t\t\t\t\t<\/div>\n\t\t<\/div>\n\t\t\t\t\t<\/div>\n\t\t<\/section>\n\t\t\t\t<div class=\"elementor-element elementor-element-07ecd1b elementor-widget elementor-widget-shortcode\" data-id=\"07ecd1b\" data-element_type=\"widget\" data-e-type=\"widget\" data-widget_type=\"shortcode.default\">\n\t\t\t\t<div class=\"elementor-widget-container\">\n\t\t\t\t\t\t\t<div class=\"elementor-shortcode\">\t\t<div data-elementor-type=\"section\" data-elementor-id=\"4609\" class=\"elementor elementor-4609\" data-elementor-post-type=\"elementor_library\">\r\n\t\t\t\t\t<section class=\"elementor-section elementor-top-section elementor-element elementor-element-272e975d elementor-section-boxed elementor-section-height-default elementor-section-height-default\" data-id=\"272e975d\" data-element_type=\"section\" data-e-type=\"section\">\n\t\t\t\t\t\t<div class=\"elementor-container elementor-column-gap-default\">\n\t\t\t\t\t<div class=\"elementor-column elementor-col-100 elementor-top-column elementor-element elementor-element-44f68879\" data-id=\"44f68879\" data-element_type=\"column\" data-e-type=\"column\">\n\t\t\t<div class=\"elementor-widget-wrap elementor-element-populated\">\n\t\t\t\t\t\t<div class=\"elementor-element elementor-element-412ac052 elementor-widget-divider--view-line elementor-widget elementor-widget-divider\" data-id=\"412ac052\" data-element_type=\"widget\" data-e-type=\"widget\" data-widget_type=\"divider.default\">\n\t\t\t\t<div class=\"elementor-widget-container\">\n\t\t\t\t\t\t\t<div class=\"elementor-divider\">\n\t\t\t<span class=\"elementor-divider-separator\">\n\t\t\t\t\t\t<\/span>\n\t\t<\/div>\n\t\t\t\t\t\t<\/div>\n\t\t\t\t<\/div>\n\t\t\t\t<div class=\"elementor-element elementor-element-63396594 elementor-widget elementor-widget-text-editor\" data-id=\"63396594\" data-element_type=\"widget\" data-e-type=\"widget\" data-widget_type=\"text-editor.default\">\n\t\t\t\t<div class=\"elementor-widget-container\">\n\t\t\t\t\t\t\t\t\t<p><strong>INFORMACI\u00d3N<\/strong><br \/>Publicaciones<br \/>TE: (0298) 4433668, int 18<br \/>Correo electr\u00f3nico: <a href=\"mailto:publifadecs@hotmail.com\"><strong>publifadecs@hotmail.com<\/strong><\/a><br \/>Mendoza y Per\u00fa.<br \/>(8332) General Roca, R\u00edo Negro <br \/>Argentina<\/p>\t\t\t\t\t\t\t\t<\/div>\n\t\t\t\t<\/div>\n\t\t\t\t\t<\/div>\n\t\t<\/div>\n\t\t\t\t\t<\/div>\n\t\t<\/section>\n\t\t\t\t<\/div>\r\n\t\t<\/div>\n\t\t\t\t\t\t<\/div>\n\t\t\t\t<\/div>\n\t\t\t\t\t<\/div>\n\t\t<\/div>\n\t\t\t\t<div class=\"elementor-column elementor-col-33 elementor-top-column elementor-element elementor-element-4529700\" data-id=\"4529700\" data-element_type=\"column\" data-e-type=\"column\">\n\t\t\t<div class=\"elementor-widget-wrap elementor-element-populated\">\n\t\t\t\t\t\t<div class=\"elementor-element elementor-element-25151f7 elementor-nav-menu__align-start elementor-nav-menu--dropdown-none elementor-widget elementor-widget-nav-menu\" data-id=\"25151f7\" data-element_type=\"widget\" data-e-type=\"widget\" id=\"menu-lateral\" data-settings=\"{&quot;layout&quot;:&quot;vertical&quot;,&quot;submenu_icon&quot;:{&quot;value&quot;:&quot;&lt;i class=\\&quot;fas fa-caret-down\\&quot; aria-hidden=\\&quot;true\\&quot;&gt;&lt;\\\/i&gt;&quot;,&quot;library&quot;:&quot;fa-solid&quot;}}\" data-widget_type=\"nav-menu.default\">\n\t\t\t\t<div class=\"elementor-widget-container\">\n\t\t\t\t\t\t\t\t<nav aria-label=\"Menu\" class=\"elementor-nav-menu--main elementor-nav-menu__container elementor-nav-menu--layout-vertical e--pointer-background e--animation-fade\">\r\n\t\t\t\t<ul id=\"menu-1-25151f7\" class=\"elementor-nav-menu sm-vertical\"><li class=\"menu-item menu-item-type-post_type menu-item-object-page menu-item-4540\"><a href=\"https:\/\/fadeweb.uncoma.edu.ar\/index.php\/publifadecs\/\" class=\"elementor-item\">TITULOS PUBLICADOS<\/a><\/li>\n<li class=\"menu-item menu-item-type-post_type menu-item-object-page menu-item-4541\"><a href=\"https:\/\/fadeweb.uncoma.edu.ar\/index.php\/publifadecs\/autores-publicados\/\" class=\"elementor-item\">AUTORES PUBLICADOS<\/a><\/li>\n<li class=\"menu-item menu-item-type-post_type menu-item-object-page menu-item-4542\"><a href=\"https:\/\/fadeweb.uncoma.edu.ar\/index.php\/publifadecs\/titulos-en-imprenta\/\" class=\"elementor-item\">TITULOS EN IMPRENTA<\/a><\/li>\n<li class=\"menu-item menu-item-type-post_type menu-item-object-page menu-item-4543\"><a href=\"https:\/\/fadeweb.uncoma.edu.ar\/index.php\/publifadecs\/revista\/\" class=\"elementor-item\">REVISTA DE LA FACULTAD<\/a><\/li>\n<\/ul>\t\t\t<\/nav>\r\n\t\t\t\t\t\t<nav class=\"elementor-nav-menu--dropdown elementor-nav-menu__container\" aria-hidden=\"true\">\r\n\t\t\t\t<ul id=\"menu-2-25151f7\" class=\"elementor-nav-menu sm-vertical\"><li class=\"menu-item menu-item-type-post_type menu-item-object-page menu-item-4540\"><a href=\"https:\/\/fadeweb.uncoma.edu.ar\/index.php\/publifadecs\/\" class=\"elementor-item\" tabindex=\"-1\">TITULOS PUBLICADOS<\/a><\/li>\n<li class=\"menu-item menu-item-type-post_type menu-item-object-page menu-item-4541\"><a href=\"https:\/\/fadeweb.uncoma.edu.ar\/index.php\/publifadecs\/autores-publicados\/\" class=\"elementor-item\" tabindex=\"-1\">AUTORES PUBLICADOS<\/a><\/li>\n<li class=\"menu-item menu-item-type-post_type menu-item-object-page menu-item-4542\"><a href=\"https:\/\/fadeweb.uncoma.edu.ar\/index.php\/publifadecs\/titulos-en-imprenta\/\" class=\"elementor-item\" tabindex=\"-1\">TITULOS EN IMPRENTA<\/a><\/li>\n<li class=\"menu-item menu-item-type-post_type menu-item-object-page menu-item-4543\"><a href=\"https:\/\/fadeweb.uncoma.edu.ar\/index.php\/publifadecs\/revista\/\" class=\"elementor-item\" tabindex=\"-1\">REVISTA DE LA FACULTAD<\/a><\/li>\n<\/ul>\t\t\t<\/nav>\r\n\t\t\t\t\t\t<\/div>\n\t\t\t\t<\/div>\n\t\t\t\t\t<\/div>\n\t\t<\/div>\n\t\t\t\t\t<\/div>\n\t\t<\/section>\n\t\t\t\t<\/div>\n\t\t","protected":false},"excerpt":{"rendered":"<p>SECRETARIA DE EXTENSION PUBLIFADECS T\u00cdTULOS PUBLICADOS 2003 A\u00f1o 2003 Revista de la Facultad N\u00ba 9ISSN 950-9859-51-6166 p\u00e1gs.A\u00f1o de edici\u00f3n: 2003Soporte papelPrecio $ 10PubliFadecs Art\u00edculos: Consideraciones sobre el concepto de \u201cpoder\u201d en Hannah Arendt; Tecnolog\u00eda, organizaci\u00f3n y econom\u00eda. Una revisi\u00f3n; Estado, enclave y gobernabilidad en la provincia de Neuquen; Relaciones inter\u00e9tnicas: contradicciones entre el discurso; y [&hellip;]<\/p>\n","protected":false},"author":2,"featured_media":0,"parent":3552,"menu_order":0,"comment_status":"closed","ping_status":"closed","template":"","meta":{"footnotes":""},"class_list":["post-3777","page","type-page","status-publish","hentry"],"_links":{"self":[{"href":"https:\/\/fadeweb.uncoma.edu.ar\/index.php\/wp-json\/wp\/v2\/pages\/3777","targetHints":{"allow":["GET"]}}],"collection":[{"href":"https:\/\/fadeweb.uncoma.edu.ar\/index.php\/wp-json\/wp\/v2\/pages"}],"about":[{"href":"https:\/\/fadeweb.uncoma.edu.ar\/index.php\/wp-json\/wp\/v2\/types\/page"}],"author":[{"embeddable":true,"href":"https:\/\/fadeweb.uncoma.edu.ar\/index.php\/wp-json\/wp\/v2\/users\/2"}],"replies":[{"embeddable":true,"href":"https:\/\/fadeweb.uncoma.edu.ar\/index.php\/wp-json\/wp\/v2\/comments?post=3777"}],"version-history":[{"count":21,"href":"https:\/\/fadeweb.uncoma.edu.ar\/index.php\/wp-json\/wp\/v2\/pages\/3777\/revisions"}],"predecessor-version":[{"id":6797,"href":"https:\/\/fadeweb.uncoma.edu.ar\/index.php\/wp-json\/wp\/v2\/pages\/3777\/revisions\/6797"}],"up":[{"embeddable":true,"href":"https:\/\/fadeweb.uncoma.edu.ar\/index.php\/wp-json\/wp\/v2\/pages\/3552"}],"wp:attachment":[{"href":"https:\/\/fadeweb.uncoma.edu.ar\/index.php\/wp-json\/wp\/v2\/media?parent=3777"}],"curies":[{"name":"wp","href":"https:\/\/api.w.org\/{rel}","templated":true}]}}