{"id":3758,"date":"2022-09-16T16:04:40","date_gmt":"2022-09-16T16:04:40","guid":{"rendered":"http:\/\/web.fadecs.uncoma.edu.ar\/?page_id=3758"},"modified":"2022-10-09T22:04:25","modified_gmt":"2022-10-10T01:04:25","slug":"titulos-publicados-2005","status":"publish","type":"page","link":"https:\/\/fadeweb.uncoma.edu.ar\/index.php\/publifadecs\/titulos-publicados-2005\/","title":{"rendered":"TITULOS PUBLICADOS 2005"},"content":{"rendered":"\t\t<div data-elementor-type=\"wp-page\" data-elementor-id=\"3758\" class=\"elementor elementor-3758\" data-elementor-post-type=\"page\">\n\t\t\t\t\t\t<section class=\"elementor-section elementor-top-section elementor-element elementor-element-ab9a3ad elementor-section-boxed elementor-section-height-default elementor-section-height-default\" data-id=\"ab9a3ad\" data-element_type=\"section\" data-e-type=\"section\">\n\t\t\t\t\t\t<div class=\"elementor-container elementor-column-gap-default\">\n\t\t\t\t\t<div class=\"elementor-column elementor-col-66 elementor-top-column elementor-element elementor-element-5a4d7ab\" data-id=\"5a4d7ab\" data-element_type=\"column\" data-e-type=\"column\">\n\t\t\t<div class=\"elementor-widget-wrap elementor-element-populated\">\n\t\t\t\t\t\t<div class=\"elementor-element elementor-element-ed791e8 elementor-widget elementor-widget-text-editor\" data-id=\"ed791e8\" data-element_type=\"widget\" data-e-type=\"widget\" data-widget_type=\"text-editor.default\">\n\t\t\t\t<div class=\"elementor-widget-container\">\n\t\t\t\t\t\t\t\t\t<h3><span class=\"texto\">SECRETARIA DE EXTENSION<\/span><\/h3>\t\t\t\t\t\t\t\t<\/div>\n\t\t\t\t<\/div>\n\t\t\t\t<div class=\"elementor-element elementor-element-1e45e85 elementor-widget elementor-widget-heading\" data-id=\"1e45e85\" data-element_type=\"widget\" data-e-type=\"widget\" data-widget_type=\"heading.default\">\n\t\t\t\t<div class=\"elementor-widget-container\">\n\t\t\t\t\t<h2 class=\"elementor-heading-title elementor-size-default\">PUBLIFADECS<\/h2>\t\t\t\t<\/div>\n\t\t\t\t<\/div>\n\t\t\t\t<div class=\"elementor-element elementor-element-119ca81 elementor-widget elementor-widget-shortcode\" data-id=\"119ca81\" data-element_type=\"widget\" data-e-type=\"widget\" data-widget_type=\"shortcode.default\">\n\t\t\t\t<div class=\"elementor-widget-container\">\n\t\t\t\t\t\t\t<div class=\"elementor-shortcode\">\t\t<div data-elementor-type=\"section\" data-elementor-id=\"4612\" class=\"elementor elementor-4612\" data-elementor-post-type=\"elementor_library\">\r\n\t\t\t\t\t<section class=\"elementor-section elementor-top-section elementor-element elementor-element-6364b083 elementor-section-boxed elementor-section-height-default elementor-section-height-default\" data-id=\"6364b083\" data-element_type=\"section\" data-e-type=\"section\">\n\t\t\t\t\t\t<div class=\"elementor-container elementor-column-gap-default\">\n\t\t\t\t\t<div class=\"elementor-column elementor-col-100 elementor-top-column elementor-element elementor-element-46b625cb\" data-id=\"46b625cb\" data-element_type=\"column\" data-e-type=\"column\">\n\t\t\t<div class=\"elementor-widget-wrap elementor-element-populated\">\n\t\t\t\t\t\t<section class=\"elementor-section elementor-inner-section elementor-element elementor-element-5560bc37 elementor-section-boxed elementor-section-height-default elementor-section-height-default\" data-id=\"5560bc37\" data-element_type=\"section\" data-e-type=\"section\">\n\t\t\t\t\t\t<div class=\"elementor-container elementor-column-gap-default\">\n\t\t\t\t\t<div class=\"elementor-column elementor-col-50 elementor-inner-column elementor-element elementor-element-5044b353\" data-id=\"5044b353\" data-element_type=\"column\" data-e-type=\"column\">\n\t\t\t<div class=\"elementor-widget-wrap elementor-element-populated\">\n\t\t\t\t\t\t<div class=\"elementor-element elementor-element-28645217 elementor-widget elementor-widget-image\" data-id=\"28645217\" data-element_type=\"widget\" data-e-type=\"widget\" data-widget_type=\"image.default\">\n\t\t\t\t<div class=\"elementor-widget-container\">\n\t\t\t\t\t\t\t\t\t\t\t\t\t\t\t<img decoding=\"async\" width=\"195\" height=\"149\" src=\"https:\/\/fadeweb.uncoma.edu.ar\/wp-content\/uploads\/2022\/09\/PUBLIFADECSLOGO-1.jpg\" class=\"attachment-large size-large wp-image-4611\" alt=\"\" \/>\t\t\t\t\t\t\t\t\t\t\t\t\t\t\t<\/div>\n\t\t\t\t<\/div>\n\t\t\t\t\t<\/div>\n\t\t<\/div>\n\t\t\t\t<div class=\"elementor-column elementor-col-50 elementor-inner-column elementor-element elementor-element-6d00d3c7\" data-id=\"6d00d3c7\" data-element_type=\"column\" data-e-type=\"column\">\n\t\t\t<div class=\"elementor-widget-wrap elementor-element-populated\">\n\t\t\t\t\t\t<div class=\"elementor-element elementor-element-701a0937 elementor-tabs-view-horizontal elementor-widget elementor-widget-tabs\" data-id=\"701a0937\" data-element_type=\"widget\" data-e-type=\"widget\" data-widget_type=\"tabs.default\">\n\t\t\t\t<div class=\"elementor-widget-container\">\n\t\t\t\t\t\t\t<div class=\"elementor-tabs\">\n\t\t\t<div class=\"elementor-tabs-wrapper\" role=\"tablist\" >\n\t\t\t\t\t\t\t\t\t<div id=\"elementor-tab-title-1881\" class=\"elementor-tab-title elementor-tab-desktop-title\" aria-selected=\"true\" data-tab=\"1\" role=\"tab\" tabindex=\"0\" aria-controls=\"elementor-tab-content-1881\" aria-expanded=\"false\">Quienes somos<\/div>\n\t\t\t\t\t\t\t\t\t<div id=\"elementor-tab-title-1882\" class=\"elementor-tab-title elementor-tab-desktop-title\" aria-selected=\"false\" data-tab=\"2\" role=\"tab\" tabindex=\"-1\" aria-controls=\"elementor-tab-content-1882\" aria-expanded=\"false\">C\u00f3mo publicar<\/div>\n\t\t\t\t\t\t\t\t\t<div id=\"elementor-tab-title-1883\" class=\"elementor-tab-title elementor-tab-desktop-title\" aria-selected=\"false\" data-tab=\"3\" role=\"tab\" tabindex=\"-1\" aria-controls=\"elementor-tab-content-1883\" aria-expanded=\"false\">C\u00f3mo comprar<\/div>\n\t\t\t\t\t\t\t\t\t<div id=\"elementor-tab-title-1884\" class=\"elementor-tab-title elementor-tab-desktop-title\" aria-selected=\"false\" data-tab=\"4\" role=\"tab\" tabindex=\"-1\" aria-controls=\"elementor-tab-content-1884\" aria-expanded=\"false\">Contacto<\/div>\n\t\t\t\t\t\t\t<\/div>\n\t\t\t<div class=\"elementor-tabs-content-wrapper\" role=\"tablist\" aria-orientation=\"vertical\">\n\t\t\t\t\t\t\t\t\t<div class=\"elementor-tab-title elementor-tab-mobile-title\" aria-selected=\"true\" data-tab=\"1\" role=\"tab\" tabindex=\"0\" aria-controls=\"elementor-tab-content-1881\" aria-expanded=\"false\">Quienes somos<\/div>\n\t\t\t\t\t<div id=\"elementor-tab-content-1881\" class=\"elementor-tab-content elementor-clearfix\" data-tab=\"1\" role=\"tabpanel\" aria-labelledby=\"elementor-tab-title-1881\" tabindex=\"0\" hidden=\"false\"><p>El Departamento de Publicaciones de la Facultad de Derecho y Ciencias Sociales, de la Universidad Nacional del Comahue, tiene una Coordinaci\u00f3n Ejecutiva a cargo de la <strong>Dise\u00f1adora Viviana Garc\u00eda<\/strong>. El Departamento es integrado adem\u00e1s por el <strong>Comunicador Social Adrian Pereyra<\/strong> en el \u00e1rea de edici\u00f3n, la nodocentes <strong>Sandra Erratchu<\/strong> en el \u00e1rea administrativa y <strong>Hugo Quintrem\u00e1n <\/strong>a cargo de la impresi\u00f3n y atenci\u00f3n del kiosco.<\/p><\/div>\n\t\t\t\t\t\t\t\t\t<div class=\"elementor-tab-title elementor-tab-mobile-title\" aria-selected=\"false\" data-tab=\"2\" role=\"tab\" tabindex=\"-1\" aria-controls=\"elementor-tab-content-1882\" aria-expanded=\"false\">C\u00f3mo publicar<\/div>\n\t\t\t\t\t<div id=\"elementor-tab-content-1882\" class=\"elementor-tab-content elementor-clearfix\" data-tab=\"2\" role=\"tabpanel\" aria-labelledby=\"elementor-tab-title-1882\" tabindex=\"0\" hidden=\"hidden\"><p class=\"subt1a\" align=\"left\">A los autores interesados en contratar nuestros servicios:<\/p><p class=\"texto\" align=\"left\">De nuestra consideraci\u00f3n:<\/p><p class=\"texto\" align=\"left\">Nos es grato dirigirnos a ud. a fin de responder su consulta sobre las caracter\u00edsticas del servicio de publicaci\u00f3n de nuestro sello editorial. El Departamento de Publicaciones es una organizaci\u00f3n dependiente de la Facultad de Derecho y Ciencias Sociales de la Universidad Nacional del Comahue.<\/p><p class=\"texto\" align=\"left\">Es nuestro objetivo satisfacer y generar demandas acad\u00e9micas y extrauniversitarias, editando materiales de inter\u00e9s elaborados en \u00e1mbitos diversos de la producci\u00f3n cient\u00edfico-literaria de la regi\u00f3n. El Consejo Editorial efectuar\u00e1 el control acad\u00e9mico de los trabajos que los Departamentos, los docentes o los investigadores presenten para ser publicados, y ser\u00e1 sometido a referato seg\u00fan sus caracter\u00edsticas.<\/p><p class=\"texto\" align=\"left\">La impresi\u00f3n de trabajos de terceras personas se realiza gracias a nuestro excedente en la capacidad de producci\u00f3n. Esta posibilidad se concreta bajo las condiciones de contrataci\u00f3n de servicios establecidas por la casa de estudios. Es requisito el pago del cincuenta por ciento (50 %) del costo de la edici\u00f3n al acordar la edici\u00f3n, y el resto contra entrega del total del material impreso.<\/p><p class=\"texto\" align=\"left\">El servicio que se contrata se compone de insumos (tonner, papel, master, cola de encuadernaci\u00f3n, broches), y producci\u00f3n (correcci\u00f3n ortogr\u00e1fica, diagramaci\u00f3n de interior, dise\u00f1o de tapa). El visto bueno final de la obra ser\u00e1 dado con un m\u00e1ximo de dos monos (copias armadas como libros) que ser\u00e1 controlado por el autor.<\/p><p class=\"texto\" align=\"left\">El servicio incluye el tr\u00e1mite de inscripci\u00f3n en el Registro de la Propiedad Intelectual, que se realiza en la C\u00e1mara Argentina del Libro, por el que se obtiene el n\u00famero de ISBN (International Standard Book Number o N\u00famero Internacional Normalizado para libros) de la obra. Este sistema permite que cada t\u00edtulo publicado tenga un n\u00famero de identificaci\u00f3n \u00fanico y simple compuesto por diez n\u00fameros, una \u00abC\u00e9dula de Identidad\u00bb para cada libro, que se aplica independientemente del destino que el editor asigne al libro: venta, distribuci\u00f3n gratuita o circulaci\u00f3n en c\u00edrculos espec\u00edficos.<\/p><\/div>\n\t\t\t\t\t\t\t\t\t<div class=\"elementor-tab-title elementor-tab-mobile-title\" aria-selected=\"false\" data-tab=\"3\" role=\"tab\" tabindex=\"-1\" aria-controls=\"elementor-tab-content-1883\" aria-expanded=\"false\">C\u00f3mo comprar<\/div>\n\t\t\t\t\t<div id=\"elementor-tab-content-1883\" class=\"elementor-tab-content elementor-clearfix\" data-tab=\"3\" role=\"tabpanel\" aria-labelledby=\"elementor-tab-title-1883\" tabindex=\"0\" hidden=\"hidden\"><p>Los interesados en adquirir alguna de nuestras publicaciones dirigir su pedido a la siguiente direcci\u00f3n <a href=\"mailto:publifadecs@hotmail.com\"><strong>publifadecs@hotmail.com<\/strong><\/a><\/p><\/div>\n\t\t\t\t\t\t\t\t\t<div class=\"elementor-tab-title elementor-tab-mobile-title\" aria-selected=\"false\" data-tab=\"4\" role=\"tab\" tabindex=\"-1\" aria-controls=\"elementor-tab-content-1884\" aria-expanded=\"false\">Contacto<\/div>\n\t\t\t\t\t<div id=\"elementor-tab-content-1884\" class=\"elementor-tab-content elementor-clearfix\" data-tab=\"4\" role=\"tabpanel\" aria-labelledby=\"elementor-tab-title-1884\" tabindex=\"0\" hidden=\"hidden\"><p>Puede enviarnos un mail a: <a href=\"mailto:publifadecs@hotmail.com\"><strong>publifadecs@hotmail.com<\/strong><\/a><\/p><\/div>\n\t\t\t\t\t\t\t<\/div>\n\t\t<\/div>\n\t\t\t\t\t\t<\/div>\n\t\t\t\t<\/div>\n\t\t\t\t\t<\/div>\n\t\t<\/div>\n\t\t\t\t\t<\/div>\n\t\t<\/section>\n\t\t\t\t\t<\/div>\n\t\t<\/div>\n\t\t\t\t\t<\/div>\n\t\t<\/section>\n\t\t\t\t<\/div>\r\n\t\t<\/div>\n\t\t\t\t\t\t<\/div>\n\t\t\t\t<\/div>\n\t\t\t\t<div class=\"elementor-element elementor-element-7c92420 elementor-widget elementor-widget-text-editor\" data-id=\"7c92420\" data-element_type=\"widget\" data-e-type=\"widget\" data-widget_type=\"text-editor.default\">\n\t\t\t\t<div class=\"elementor-widget-container\">\n\t\t\t\t\t\t\t\t\t<h4>T\u00cdTULOS PUBLICADOS 2005<\/h4>\t\t\t\t\t\t\t\t<\/div>\n\t\t\t\t<\/div>\n\t\t\t\t<div class=\"elementor-element elementor-element-4e08804 elementor-nav-menu--dropdown-tablet elementor-nav-menu__text-align-aside elementor-nav-menu--toggle elementor-nav-menu--burger elementor-widget elementor-widget-global elementor-global-6353 elementor-widget-nav-menu\" data-id=\"4e08804\" data-element_type=\"widget\" data-e-type=\"widget\" data-settings=\"{&quot;layout&quot;:&quot;horizontal&quot;,&quot;submenu_icon&quot;:{&quot;value&quot;:&quot;fas fa-caret-down&quot;,&quot;library&quot;:&quot;fa-solid&quot;},&quot;toggle&quot;:&quot;burger&quot;}\" data-widget_type=\"nav-menu.default\">\n\t\t\t\t<div class=\"elementor-widget-container\">\n\t\t\t\t\t\t\t\t<nav aria-label=\"Menu\" class=\"elementor-nav-menu--main elementor-nav-menu__container elementor-nav-menu--layout-horizontal e--pointer-underline e--animation-fade\">\r\n\t\t\t\t<ul id=\"menu-1-4e08804\" class=\"elementor-nav-menu\"><li class=\"menu-item menu-item-type-post_type menu-item-object-page menu-item-4544\"><a href=\"https:\/\/fadeweb.uncoma.edu.ar\/index.php\/publifadecs\/titulos-publicados-2010\/\" class=\"elementor-item\">2010<\/a><\/li>\n<li class=\"menu-item menu-item-type-post_type menu-item-object-page menu-item-4545\"><a href=\"https:\/\/fadeweb.uncoma.edu.ar\/index.php\/publifadecs\/titulos-publicados-2009\/\" class=\"elementor-item\">2009<\/a><\/li>\n<li class=\"menu-item menu-item-type-post_type menu-item-object-page menu-item-4546\"><a href=\"https:\/\/fadeweb.uncoma.edu.ar\/index.php\/publifadecs\/titulos-publicados-2008\/\" class=\"elementor-item\">2008<\/a><\/li>\n<li class=\"menu-item menu-item-type-post_type menu-item-object-page menu-item-4547\"><a href=\"https:\/\/fadeweb.uncoma.edu.ar\/index.php\/publifadecs\/titulos-publicados-2006\/\" class=\"elementor-item\">2006<\/a><\/li>\n<li class=\"menu-item menu-item-type-post_type menu-item-object-page menu-item-4548\"><a href=\"https:\/\/fadeweb.uncoma.edu.ar\/index.php\/publifadecs\/titulos-publicados-2005\/\" class=\"elementor-item\">2005<\/a><\/li>\n<li class=\"menu-item menu-item-type-post_type menu-item-object-page menu-item-4549\"><a href=\"https:\/\/fadeweb.uncoma.edu.ar\/index.php\/publifadecs\/titulos-publicados-2004\/\" class=\"elementor-item\">2004<\/a><\/li>\n<li class=\"menu-item menu-item-type-post_type menu-item-object-page menu-item-4550\"><a href=\"https:\/\/fadeweb.uncoma.edu.ar\/index.php\/publifadecs\/titulos-publicados-2003\/\" class=\"elementor-item\">2003<\/a><\/li>\n<li class=\"menu-item menu-item-type-post_type menu-item-object-page menu-item-4551\"><a href=\"https:\/\/fadeweb.uncoma.edu.ar\/index.php\/publifadecs\/titulos-publicados-2002\/\" class=\"elementor-item\">2002<\/a><\/li>\n<li class=\"menu-item menu-item-type-post_type menu-item-object-page menu-item-4552\"><a href=\"https:\/\/fadeweb.uncoma.edu.ar\/index.php\/publifadecs\/titulos-publicados-2001\/\" class=\"elementor-item\">2001<\/a><\/li>\n<li class=\"menu-item menu-item-type-post_type menu-item-object-page menu-item-4553\"><a href=\"https:\/\/fadeweb.uncoma.edu.ar\/index.php\/publifadecs\/titulos-publicados-2000\/\" class=\"elementor-item\">2000<\/a><\/li>\n<li class=\"menu-item menu-item-type-post_type menu-item-object-page menu-item-4554\"><a href=\"https:\/\/fadeweb.uncoma.edu.ar\/index.php\/publifadecs\/titulos-publicados-1998\/\" class=\"elementor-item\">1998<\/a><\/li>\n<li class=\"menu-item menu-item-type-post_type menu-item-object-page menu-item-4555\"><a href=\"https:\/\/fadeweb.uncoma.edu.ar\/index.php\/publifadecs\/titulos-publicados-1997\/\" class=\"elementor-item\">1997<\/a><\/li>\n<li class=\"menu-item menu-item-type-post_type menu-item-object-page menu-item-4556\"><a href=\"https:\/\/fadeweb.uncoma.edu.ar\/index.php\/publifadecs\/titulos-publicados-1996\/\" class=\"elementor-item\">1996<\/a><\/li>\n<li class=\"menu-item menu-item-type-post_type menu-item-object-page menu-item-4557\"><a href=\"https:\/\/fadeweb.uncoma.edu.ar\/index.php\/publifadecs\/titulos-publicados-1995\/\" class=\"elementor-item\">1995<\/a><\/li>\n<\/ul>\t\t\t<\/nav>\r\n\t\t\t\t\t<div class=\"elementor-menu-toggle\" role=\"button\" tabindex=\"0\" aria-label=\"Menu Toggle\" aria-expanded=\"false\">\r\n\t\t\t<i aria-hidden=\"true\" role=\"presentation\" class=\"elementor-menu-toggle__icon--open eicon-menu-bar\"><\/i><i aria-hidden=\"true\" role=\"presentation\" class=\"elementor-menu-toggle__icon--close eicon-close\"><\/i>\t\t<\/div>\r\n\t\t\t\t\t<nav class=\"elementor-nav-menu--dropdown elementor-nav-menu__container\" aria-hidden=\"true\">\r\n\t\t\t\t<ul id=\"menu-2-4e08804\" class=\"elementor-nav-menu\"><li class=\"menu-item menu-item-type-post_type menu-item-object-page menu-item-4544\"><a href=\"https:\/\/fadeweb.uncoma.edu.ar\/index.php\/publifadecs\/titulos-publicados-2010\/\" class=\"elementor-item\" tabindex=\"-1\">2010<\/a><\/li>\n<li class=\"menu-item menu-item-type-post_type menu-item-object-page menu-item-4545\"><a href=\"https:\/\/fadeweb.uncoma.edu.ar\/index.php\/publifadecs\/titulos-publicados-2009\/\" class=\"elementor-item\" tabindex=\"-1\">2009<\/a><\/li>\n<li class=\"menu-item menu-item-type-post_type menu-item-object-page menu-item-4546\"><a href=\"https:\/\/fadeweb.uncoma.edu.ar\/index.php\/publifadecs\/titulos-publicados-2008\/\" class=\"elementor-item\" tabindex=\"-1\">2008<\/a><\/li>\n<li class=\"menu-item menu-item-type-post_type menu-item-object-page menu-item-4547\"><a href=\"https:\/\/fadeweb.uncoma.edu.ar\/index.php\/publifadecs\/titulos-publicados-2006\/\" class=\"elementor-item\" tabindex=\"-1\">2006<\/a><\/li>\n<li class=\"menu-item menu-item-type-post_type menu-item-object-page menu-item-4548\"><a href=\"https:\/\/fadeweb.uncoma.edu.ar\/index.php\/publifadecs\/titulos-publicados-2005\/\" class=\"elementor-item\" tabindex=\"-1\">2005<\/a><\/li>\n<li class=\"menu-item menu-item-type-post_type menu-item-object-page menu-item-4549\"><a href=\"https:\/\/fadeweb.uncoma.edu.ar\/index.php\/publifadecs\/titulos-publicados-2004\/\" class=\"elementor-item\" tabindex=\"-1\">2004<\/a><\/li>\n<li class=\"menu-item menu-item-type-post_type menu-item-object-page menu-item-4550\"><a href=\"https:\/\/fadeweb.uncoma.edu.ar\/index.php\/publifadecs\/titulos-publicados-2003\/\" class=\"elementor-item\" tabindex=\"-1\">2003<\/a><\/li>\n<li class=\"menu-item menu-item-type-post_type menu-item-object-page menu-item-4551\"><a href=\"https:\/\/fadeweb.uncoma.edu.ar\/index.php\/publifadecs\/titulos-publicados-2002\/\" class=\"elementor-item\" tabindex=\"-1\">2002<\/a><\/li>\n<li class=\"menu-item menu-item-type-post_type menu-item-object-page menu-item-4552\"><a href=\"https:\/\/fadeweb.uncoma.edu.ar\/index.php\/publifadecs\/titulos-publicados-2001\/\" class=\"elementor-item\" tabindex=\"-1\">2001<\/a><\/li>\n<li class=\"menu-item menu-item-type-post_type menu-item-object-page menu-item-4553\"><a href=\"https:\/\/fadeweb.uncoma.edu.ar\/index.php\/publifadecs\/titulos-publicados-2000\/\" class=\"elementor-item\" tabindex=\"-1\">2000<\/a><\/li>\n<li class=\"menu-item menu-item-type-post_type menu-item-object-page menu-item-4554\"><a href=\"https:\/\/fadeweb.uncoma.edu.ar\/index.php\/publifadecs\/titulos-publicados-1998\/\" class=\"elementor-item\" tabindex=\"-1\">1998<\/a><\/li>\n<li class=\"menu-item menu-item-type-post_type menu-item-object-page menu-item-4555\"><a href=\"https:\/\/fadeweb.uncoma.edu.ar\/index.php\/publifadecs\/titulos-publicados-1997\/\" class=\"elementor-item\" tabindex=\"-1\">1997<\/a><\/li>\n<li class=\"menu-item menu-item-type-post_type menu-item-object-page menu-item-4556\"><a href=\"https:\/\/fadeweb.uncoma.edu.ar\/index.php\/publifadecs\/titulos-publicados-1996\/\" class=\"elementor-item\" tabindex=\"-1\">1996<\/a><\/li>\n<li class=\"menu-item menu-item-type-post_type menu-item-object-page menu-item-4557\"><a href=\"https:\/\/fadeweb.uncoma.edu.ar\/index.php\/publifadecs\/titulos-publicados-1995\/\" class=\"elementor-item\" tabindex=\"-1\">1995<\/a><\/li>\n<\/ul>\t\t\t<\/nav>\r\n\t\t\t\t\t\t<\/div>\n\t\t\t\t<\/div>\n\t\t\t\t<div class=\"elementor-element elementor-element-01e534c elementor-widget elementor-widget-heading\" data-id=\"01e534c\" data-element_type=\"widget\" data-e-type=\"widget\" data-widget_type=\"heading.default\">\n\t\t\t\t<div class=\"elementor-widget-container\">\n\t\t\t\t\t<h2 class=\"elementor-heading-title elementor-size-default\">A\u00f1o 2005<\/h2>\t\t\t\t<\/div>\n\t\t\t\t<\/div>\n\t\t\t\t<section class=\"elementor-section elementor-inner-section elementor-element elementor-element-38593ec elementor-section-boxed elementor-section-height-default elementor-section-height-default\" data-id=\"38593ec\" data-element_type=\"section\" data-e-type=\"section\">\n\t\t\t\t\t\t<div class=\"elementor-container elementor-column-gap-default\">\n\t\t\t\t\t<div class=\"elementor-column elementor-col-33 elementor-inner-column elementor-element elementor-element-4ed0f65\" data-id=\"4ed0f65\" data-element_type=\"column\" data-e-type=\"column\">\n\t\t\t<div class=\"elementor-widget-wrap elementor-element-populated\">\n\t\t\t\t\t\t<div class=\"elementor-element elementor-element-35c1b8a elementor-widget elementor-widget-image\" data-id=\"35c1b8a\" data-element_type=\"widget\" data-e-type=\"widget\" data-widget_type=\"image.default\">\n\t\t\t\t<div class=\"elementor-widget-container\">\n\t\t\t\t\t\t\t\t\t\t\t\t\t\t\t<img decoding=\"async\" width=\"100\" height=\"142\" src=\"https:\/\/fadeweb.uncoma.edu.ar\/wp-content\/uploads\/2022\/09\/revistafacultad11.jpg\" class=\"attachment-large size-large wp-image-3649\" alt=\"\" \/>\t\t\t\t\t\t\t\t\t\t\t\t\t\t\t<\/div>\n\t\t\t\t<\/div>\n\t\t\t\t\t<\/div>\n\t\t<\/div>\n\t\t\t\t<div class=\"elementor-column elementor-col-33 elementor-inner-column elementor-element elementor-element-0f25a0b\" data-id=\"0f25a0b\" data-element_type=\"column\" data-e-type=\"column\">\n\t\t\t<div class=\"elementor-widget-wrap elementor-element-populated\">\n\t\t\t\t\t\t<div class=\"elementor-element elementor-element-7f5cdf1 elementor-widget elementor-widget-text-editor\" data-id=\"7f5cdf1\" data-element_type=\"widget\" data-e-type=\"widget\" data-widget_type=\"text-editor.default\">\n\t\t\t\t<div class=\"elementor-widget-container\">\n\t\t\t\t\t\t\t\t\t<p><strong>Revista de la Facultad Estudios sociales n\u00ba 11<\/strong><em><br \/><\/em>ISSN 950-9859-51-6<br \/>224 p\u00e1gs.<br \/>A\u00f1o de edici\u00f3n 2005 &#8211; 1ra. edic.<br \/>Soporte papel<br \/>Precio $ 20<br \/>PubliFadecs<\/p>\t\t\t\t\t\t\t\t<\/div>\n\t\t\t\t<\/div>\n\t\t\t\t\t<\/div>\n\t\t<\/div>\n\t\t\t\t<div class=\"elementor-column elementor-col-33 elementor-inner-column elementor-element elementor-element-109d02e\" data-id=\"109d02e\" data-element_type=\"column\" data-e-type=\"column\">\n\t\t\t<div class=\"elementor-widget-wrap elementor-element-populated\">\n\t\t\t\t\t\t<div class=\"elementor-element elementor-element-1bfab0d elementor-widget elementor-widget-text-editor\" data-id=\"1bfab0d\" data-element_type=\"widget\" data-e-type=\"widget\" data-widget_type=\"text-editor.default\">\n\t\t\t\t<div class=\"elementor-widget-container\">\n\t\t\t\t\t\t\t\t\t<p><strong>Art\u00edculos:<\/strong> Democracia: espacios de racionalidad a \u201cimagen y semejanza\u201d; La empresa educativa y el espaldarazo estatal; La <em>estatalizaci\u00f3n<\/em> de la ocupaci\u00f3n en Neuqu\u00e9n-Plottier; Mercados y crisis. Hayek, Firedman y Polanyi; Negar, rectificar, ironizar\u2026 Otras formas de la polifon\u00eda; La sustentaci\u00f3n doctrinaria del medio. El art\u00edculo editorial; Sobre la generaci\u00f3n \u201cX\u201d y sus derivas; 20 a\u00f1os despu\u00e9s\u2026 Partidos dominantes y pol\u00edticos sin partidos; Crimen y castigo. Trasgresi\u00f3n de leyes y estrategias de Estado; Hablando de sobornos en el Senado.<\/p>\t\t\t\t\t\t\t\t<\/div>\n\t\t\t\t<\/div>\n\t\t\t\t\t<\/div>\n\t\t<\/div>\n\t\t\t\t\t<\/div>\n\t\t<\/section>\n\t\t\t\t<section class=\"elementor-section elementor-inner-section elementor-element elementor-element-df6f9d2 elementor-section-boxed elementor-section-height-default elementor-section-height-default\" data-id=\"df6f9d2\" data-element_type=\"section\" data-e-type=\"section\">\n\t\t\t\t\t\t<div class=\"elementor-container elementor-column-gap-default\">\n\t\t\t\t\t<div class=\"elementor-column elementor-col-33 elementor-inner-column elementor-element elementor-element-7cc1147\" data-id=\"7cc1147\" data-element_type=\"column\" data-e-type=\"column\">\n\t\t\t<div class=\"elementor-widget-wrap elementor-element-populated\">\n\t\t\t\t\t\t<div class=\"elementor-element elementor-element-081df69 elementor-widget elementor-widget-image\" data-id=\"081df69\" data-element_type=\"widget\" data-e-type=\"widget\" data-widget_type=\"image.default\">\n\t\t\t\t<div class=\"elementor-widget-container\">\n\t\t\t\t\t\t\t\t\t\t\t\t\t\t\t<img decoding=\"async\" width=\"100\" height=\"134\" src=\"https:\/\/fadeweb.uncoma.edu.ar\/wp-content\/uploads\/2022\/09\/comentariosdejurisprudencia33.jpg\" class=\"attachment-large size-large wp-image-3631\" alt=\"\" \/>\t\t\t\t\t\t\t\t\t\t\t\t\t\t\t<\/div>\n\t\t\t\t<\/div>\n\t\t\t\t\t<\/div>\n\t\t<\/div>\n\t\t\t\t<div class=\"elementor-column elementor-col-33 elementor-inner-column elementor-element elementor-element-4284418\" data-id=\"4284418\" data-element_type=\"column\" data-e-type=\"column\">\n\t\t\t<div class=\"elementor-widget-wrap elementor-element-populated\">\n\t\t\t\t\t\t<div class=\"elementor-element elementor-element-6c0d6e3 elementor-widget elementor-widget-text-editor\" data-id=\"6c0d6e3\" data-element_type=\"widget\" data-e-type=\"widget\" data-widget_type=\"text-editor.default\">\n\t\t\t\t<div class=\"elementor-widget-container\">\n\t\t\t\t\t\t\t\t\t<p><a id=\"jurisprudencia33\" name=\"jurisprudencia33\"><\/a><br \/>T\u00edtulo:<br \/><strong>Comentarios de Jurisprudencia A\u00f1o XIV N\u00ba 33 &#8211; 2005<\/strong><br \/>Autor: Colegio de Abogados de General Roca \u2013 Colegio de Abogados Alto Valle Oeste<br \/>196 p\u00e1gs.<br \/>A\u00f1o de edici\u00f3n 2005 \u2013 1ra. ed.<br \/>Soporte papel<br \/>Precio $<br \/>PubliFadecs<\/p>\t\t\t\t\t\t\t\t<\/div>\n\t\t\t\t<\/div>\n\t\t\t\t\t<\/div>\n\t\t<\/div>\n\t\t\t\t<div class=\"elementor-column elementor-col-33 elementor-inner-column elementor-element elementor-element-6e549d1\" data-id=\"6e549d1\" data-element_type=\"column\" data-e-type=\"column\">\n\t\t\t<div class=\"elementor-widget-wrap elementor-element-populated\">\n\t\t\t\t\t\t<div class=\"elementor-element elementor-element-08d20c1 elementor-widget elementor-widget-text-editor\" data-id=\"08d20c1\" data-element_type=\"widget\" data-e-type=\"widget\" data-widget_type=\"text-editor.default\">\n\t\t\t\t<div class=\"elementor-widget-container\">\n\t\t\t\t\t\t\t\t\t<p><strong>Resumen:<\/strong> Esta revista es un espacio abierto al que aportan material de inter\u00e9s los abogados de los colegios de General Roca y de Alto Valle Oeste.<\/p>\t\t\t\t\t\t\t\t<\/div>\n\t\t\t\t<\/div>\n\t\t\t\t\t<\/div>\n\t\t<\/div>\n\t\t\t\t\t<\/div>\n\t\t<\/section>\n\t\t\t\t<section class=\"elementor-section elementor-inner-section elementor-element elementor-element-10b2cfb elementor-section-boxed elementor-section-height-default elementor-section-height-default\" data-id=\"10b2cfb\" data-element_type=\"section\" data-e-type=\"section\">\n\t\t\t\t\t\t<div class=\"elementor-container elementor-column-gap-default\">\n\t\t\t\t\t<div class=\"elementor-column elementor-col-33 elementor-inner-column elementor-element elementor-element-89275fc\" data-id=\"89275fc\" data-element_type=\"column\" data-e-type=\"column\">\n\t\t\t<div class=\"elementor-widget-wrap\">\n\t\t\t\t\t\t\t<\/div>\n\t\t<\/div>\n\t\t\t\t<div class=\"elementor-column elementor-col-33 elementor-inner-column elementor-element elementor-element-cbe72ac\" data-id=\"cbe72ac\" data-element_type=\"column\" data-e-type=\"column\">\n\t\t\t<div class=\"elementor-widget-wrap elementor-element-populated\">\n\t\t\t\t\t\t<div class=\"elementor-element elementor-element-24ac388 elementor-widget elementor-widget-text-editor\" data-id=\"24ac388\" data-element_type=\"widget\" data-e-type=\"widget\" data-widget_type=\"text-editor.default\">\n\t\t\t\t<div class=\"elementor-widget-container\">\n\t\t\t\t\t\t\t\t\t<p><a id=\"aprendizaje-nm\" name=\"aprendizaje-nm\"><\/a><br \/>T\u00edtulo:<br \/><strong>El aprendizaje en el nivel medio<\/strong><em><br \/><\/em>Subt\u00edtulo:<em><br \/>Un estudio a partir del discurso de sus actores<br \/><\/em>Autor: Diana Mart\u00edn<br \/>ISBN 987-1154-56-9<br \/>238 p\u00e1gs.<br \/>A\u00f1o de edici\u00f3n 2005 &#8211; 1ra. edic.<br \/>Soporte papel<br \/>Precio $ 15<br \/>PubliFadecs<\/p>\t\t\t\t\t\t\t\t<\/div>\n\t\t\t\t<\/div>\n\t\t\t\t\t<\/div>\n\t\t<\/div>\n\t\t\t\t<div class=\"elementor-column elementor-col-33 elementor-inner-column elementor-element elementor-element-22db54e\" data-id=\"22db54e\" data-element_type=\"column\" data-e-type=\"column\">\n\t\t\t<div class=\"elementor-widget-wrap elementor-element-populated\">\n\t\t\t\t\t\t<div class=\"elementor-element elementor-element-b469809 elementor-widget elementor-widget-text-editor\" data-id=\"b469809\" data-element_type=\"widget\" data-e-type=\"widget\" data-widget_type=\"text-editor.default\">\n\t\t\t\t<div class=\"elementor-widget-container\">\n\t\t\t\t\t\t\t\t\t<p><strong>Resumen<\/strong>:\u00bfQu\u00e9 concepci\u00f3n de aprendizaje tienen los profesores y qu\u00e9 concepci\u00f3n tienen los alumnos? Este libro expone los resultados de una investigaci\u00f3n al respecto, realizada en dos escuelas medias de la Provincia de R\u00edo Negro. A partir de los discursos de sus protagonistas \u2013de las expectativas de los docentes, del inter\u00e9s o desinter\u00e9s de los estudiantes- y de sus interacciones en la cotidianeidad escolar, se aborda una de las problem\u00e1ticas con m\u00e1s tensiones en el \u00e1mbito educativo: el aprendizaje en el nivel medio.<\/p>\t\t\t\t\t\t\t\t<\/div>\n\t\t\t\t<\/div>\n\t\t\t\t\t<\/div>\n\t\t<\/div>\n\t\t\t\t\t<\/div>\n\t\t<\/section>\n\t\t\t\t<section class=\"elementor-section elementor-inner-section elementor-element elementor-element-b3fea56 elementor-section-boxed elementor-section-height-default elementor-section-height-default\" data-id=\"b3fea56\" data-element_type=\"section\" data-e-type=\"section\">\n\t\t\t\t\t\t<div class=\"elementor-container elementor-column-gap-default\">\n\t\t\t\t\t<div class=\"elementor-column elementor-col-33 elementor-inner-column elementor-element elementor-element-5e9ca66\" data-id=\"5e9ca66\" data-element_type=\"column\" data-e-type=\"column\">\n\t\t\t<div class=\"elementor-widget-wrap\">\n\t\t\t\t\t\t\t<\/div>\n\t\t<\/div>\n\t\t\t\t<div class=\"elementor-column elementor-col-33 elementor-inner-column elementor-element elementor-element-370926e\" data-id=\"370926e\" data-element_type=\"column\" data-e-type=\"column\">\n\t\t\t<div class=\"elementor-widget-wrap elementor-element-populated\">\n\t\t\t\t\t\t<div class=\"elementor-element elementor-element-2f9df8a elementor-widget elementor-widget-text-editor\" data-id=\"2f9df8a\" data-element_type=\"widget\" data-e-type=\"widget\" data-widget_type=\"text-editor.default\">\n\t\t\t\t<div class=\"elementor-widget-container\">\n\t\t\t\t\t\t\t\t\t<p><a id=\"ecjaanqn\" name=\"ecjaanqn\"><\/a><br \/>T\u00edtulo:<br \/><strong>El control judicial de la Actividad Administrativa en Neuqu\u00e9n<\/strong><em><br \/><\/em>Autor: Pablo Guti\u00e9rrez Colantuono<br \/>ISBN 987-1154-52-6<br \/>248 p\u00e1gs.<br \/>A\u00f1o de edici\u00f3n 2005 &#8211; 1ra. edic.<br \/>Soporte papel<br \/>Precio $ 25<br \/>PubliFadecs<\/p>\t\t\t\t\t\t\t\t<\/div>\n\t\t\t\t<\/div>\n\t\t\t\t\t<\/div>\n\t\t<\/div>\n\t\t\t\t<div class=\"elementor-column elementor-col-33 elementor-inner-column elementor-element elementor-element-a3512f8\" data-id=\"a3512f8\" data-element_type=\"column\" data-e-type=\"column\">\n\t\t\t<div class=\"elementor-widget-wrap elementor-element-populated\">\n\t\t\t\t\t\t<div class=\"elementor-element elementor-element-1951eee elementor-widget elementor-widget-text-editor\" data-id=\"1951eee\" data-element_type=\"widget\" data-e-type=\"widget\" data-widget_type=\"text-editor.default\">\n\t\t\t\t<div class=\"elementor-widget-container\">\n\t\t\t\t\t\t\t\t\t<p><strong>Resumen:<\/strong> La obra que se presenta al lector tiene por objeto analizar el control judicial de la actividad administrativa en la provincia del Neuqu\u00e9n resaltando, en especial, las caracter\u00edsticas que lo diferencia del resto de las regulaciones existentes en el vasto derecho p\u00fablico provincial y federal. As\u00ed, incluyendo el proceso administrativo \u2013Ley 1305-, la acci\u00f3n de amparo \u2013Ley 1981-, el amparo por mora \u2013Ley 1981 y modificaciones Ley 2433-, la acci\u00f3n de inconstitucionalidad \u2013Ley 2130- u, finalmente, la revisi\u00f3n judicial del ejercicio de la funci\u00f3n administrativa.<\/p>\t\t\t\t\t\t\t\t<\/div>\n\t\t\t\t<\/div>\n\t\t\t\t\t<\/div>\n\t\t<\/div>\n\t\t\t\t\t<\/div>\n\t\t<\/section>\n\t\t\t\t<section class=\"elementor-section elementor-inner-section elementor-element elementor-element-2f2efb8 elementor-section-boxed elementor-section-height-default elementor-section-height-default\" data-id=\"2f2efb8\" data-element_type=\"section\" data-e-type=\"section\">\n\t\t\t\t\t\t<div class=\"elementor-container elementor-column-gap-default\">\n\t\t\t\t\t<div class=\"elementor-column elementor-col-33 elementor-inner-column elementor-element elementor-element-b6c978a\" data-id=\"b6c978a\" data-element_type=\"column\" data-e-type=\"column\">\n\t\t\t<div class=\"elementor-widget-wrap\">\n\t\t\t\t\t\t\t<\/div>\n\t\t<\/div>\n\t\t\t\t<div class=\"elementor-column elementor-col-33 elementor-inner-column elementor-element elementor-element-5101a0a\" data-id=\"5101a0a\" data-element_type=\"column\" data-e-type=\"column\">\n\t\t\t<div class=\"elementor-widget-wrap elementor-element-populated\">\n\t\t\t\t\t\t<div class=\"elementor-element elementor-element-e28fe6f elementor-widget elementor-widget-text-editor\" data-id=\"e28fe6f\" data-element_type=\"widget\" data-e-type=\"widget\" data-widget_type=\"text-editor.default\">\n\t\t\t\t<div class=\"elementor-widget-container\">\n\t\t\t\t\t\t\t\t\t<p><a id=\"hombre-abatido\" name=\"hombre-abatido\"><\/a><br \/>T\u00edtulo:<br \/><strong>El hombre abatido<\/strong><em><br \/><\/em>Subt\u00edtulo:<em><br \/>Individuos e instituciones en la Argentina posmoderna<br \/><\/em>Autor: Pablo Franco<br \/>ISBN 987-1154-53-4<br \/>214 p\u00e1gs<br \/>A\u00f1o de edici\u00f3n: 2005 \u2013 1ra. edic.<br \/>Soporte papel<br \/>Precio $ 15.-<br \/>PubliFadecs<\/p>\t\t\t\t\t\t\t\t<\/div>\n\t\t\t\t<\/div>\n\t\t\t\t\t<\/div>\n\t\t<\/div>\n\t\t\t\t<div class=\"elementor-column elementor-col-33 elementor-inner-column elementor-element elementor-element-b5bd718\" data-id=\"b5bd718\" data-element_type=\"column\" data-e-type=\"column\">\n\t\t\t<div class=\"elementor-widget-wrap elementor-element-populated\">\n\t\t\t\t\t\t<div class=\"elementor-element elementor-element-6cad770 elementor-widget elementor-widget-text-editor\" data-id=\"6cad770\" data-element_type=\"widget\" data-e-type=\"widget\" data-widget_type=\"text-editor.default\">\n\t\t\t\t<div class=\"elementor-widget-container\">\n\t\t\t\t\t\t\t\t\t<p><strong>Resumen:<\/strong> \u201cSeg\u00fan se concibe al hombre, se concibe a la sociedad\u201d. Esta regla cubre a toda esta obra otorg\u00e1ndole una presencia que supera a la mera denuncia o descripci\u00f3n narrativa. Picante, constructiva incisiva, escudri\u00f1a el conflicto humano desde todas sus aristas en forma fluida y llevadera. Las relaciones entre los hombres, j\u00f3venes, familias e instituciones presentan el soporte te\u00f3rico y el aporte de la madurez y experiencia enriquecedora del autor.<\/p>\t\t\t\t\t\t\t\t<\/div>\n\t\t\t\t<\/div>\n\t\t\t\t\t<\/div>\n\t\t<\/div>\n\t\t\t\t\t<\/div>\n\t\t<\/section>\n\t\t\t\t<section class=\"elementor-section elementor-inner-section elementor-element elementor-element-f3f5f04 elementor-section-boxed elementor-section-height-default elementor-section-height-default\" data-id=\"f3f5f04\" data-element_type=\"section\" data-e-type=\"section\">\n\t\t\t\t\t\t<div class=\"elementor-container elementor-column-gap-default\">\n\t\t\t\t\t<div class=\"elementor-column elementor-col-33 elementor-inner-column elementor-element elementor-element-c235b39\" data-id=\"c235b39\" data-element_type=\"column\" data-e-type=\"column\">\n\t\t\t<div class=\"elementor-widget-wrap\">\n\t\t\t\t\t\t\t<\/div>\n\t\t<\/div>\n\t\t\t\t<div class=\"elementor-column elementor-col-33 elementor-inner-column elementor-element elementor-element-a9fed5b\" data-id=\"a9fed5b\" data-element_type=\"column\" data-e-type=\"column\">\n\t\t\t<div class=\"elementor-widget-wrap elementor-element-populated\">\n\t\t\t\t\t\t<div class=\"elementor-element elementor-element-cba7f62 elementor-widget elementor-widget-text-editor\" data-id=\"cba7f62\" data-element_type=\"widget\" data-e-type=\"widget\" data-widget_type=\"text-editor.default\">\n\t\t\t\t<div class=\"elementor-widget-container\">\n\t\t\t\t\t\t\t\t\t<p><a id=\"enrpexd\" name=\"enrpexd\"><\/a><br \/>T\u00edtulo:<br \/><strong>Ense\u00f1anza de los n\u00fameros racionales positivos<\/strong><em><br \/><\/em>Subt\u00edtulo: <em><br \/><\/em>Su expresi\u00f3n decimal<em><br \/><\/em>Autor: Rosa Mart\u00ednez y otros.<br \/>ISBN 987-1154-62-3<br \/>54 p\u00e1gs.<br \/>A\u00f1o de edici\u00f3n 2005 \u2013 1ra. edic.<br \/>Soporte papel<br \/>Precio $<br \/>PubliFadecs<\/p>\t\t\t\t\t\t\t\t<\/div>\n\t\t\t\t<\/div>\n\t\t\t\t\t<\/div>\n\t\t<\/div>\n\t\t\t\t<div class=\"elementor-column elementor-col-33 elementor-inner-column elementor-element elementor-element-cc283b8\" data-id=\"cc283b8\" data-element_type=\"column\" data-e-type=\"column\">\n\t\t\t<div class=\"elementor-widget-wrap elementor-element-populated\">\n\t\t\t\t\t\t<div class=\"elementor-element elementor-element-e581c33 elementor-widget elementor-widget-text-editor\" data-id=\"e581c33\" data-element_type=\"widget\" data-e-type=\"widget\" data-widget_type=\"text-editor.default\">\n\t\t\t\t<div class=\"elementor-widget-container\">\n\t\t\t\t\t\t\t\t\t<p><strong>Resumen:<\/strong> Esta publicaci\u00f3n es la tercera de una serie de Cuadernos de Matem\u00e1tica, destinada a docentes de Matem\u00e1tica y alumnos de Profesorados en esta \u00e1rea. Surge despu\u00e9s de varios a\u00f1os de investigaci\u00f3n en el marco de un proyecto sobre Ense\u00f1anza de la Matem\u00e1tica subsidiado por la Secretar\u00eda de Investigaci\u00f3n de la Universidad Nacional del Comahue.<\/p>\t\t\t\t\t\t\t\t<\/div>\n\t\t\t\t<\/div>\n\t\t\t\t\t<\/div>\n\t\t<\/div>\n\t\t\t\t\t<\/div>\n\t\t<\/section>\n\t\t\t\t<section class=\"elementor-section elementor-inner-section elementor-element elementor-element-f714277 elementor-section-boxed elementor-section-height-default elementor-section-height-default\" data-id=\"f714277\" data-element_type=\"section\" data-e-type=\"section\">\n\t\t\t\t\t\t<div class=\"elementor-container elementor-column-gap-default\">\n\t\t\t\t\t<div class=\"elementor-column elementor-col-33 elementor-inner-column elementor-element elementor-element-e209234\" data-id=\"e209234\" data-element_type=\"column\" data-e-type=\"column\">\n\t\t\t<div class=\"elementor-widget-wrap\">\n\t\t\t\t\t\t\t<\/div>\n\t\t<\/div>\n\t\t\t\t<div class=\"elementor-column elementor-col-33 elementor-inner-column elementor-element elementor-element-2b17829\" data-id=\"2b17829\" data-element_type=\"column\" data-e-type=\"column\">\n\t\t\t<div class=\"elementor-widget-wrap elementor-element-populated\">\n\t\t\t\t\t\t<div class=\"elementor-element elementor-element-d6f38e3 elementor-widget elementor-widget-text-editor\" data-id=\"d6f38e3\" data-element_type=\"widget\" data-e-type=\"widget\" data-widget_type=\"text-editor.default\">\n\t\t\t\t<div class=\"elementor-widget-container\">\n\t\t\t\t\t\t\t\t\t<p><a id=\"enrpf\" name=\"enrpf\"><\/a><br \/>T\u00edtulo:<br \/><strong>Ense\u00f1anza de los n\u00fameros racionales positivos<\/strong><em><br \/><\/em>Subt\u00edtulo: <em><br \/><\/em>Las fracciones<em><br \/><\/em>Autor: Alicia Fern\u00e1ndez y otros.<br \/>ISBN 987-1154-42-9<br \/>62 p\u00e1gs.<br \/>A\u00f1o de edici\u00f3n 2005 \u2013 1ra. edic.<br \/>Soporte papel<br \/>Precio $<br \/>PubliFadecs<\/p>\t\t\t\t\t\t\t\t<\/div>\n\t\t\t\t<\/div>\n\t\t\t\t\t<\/div>\n\t\t<\/div>\n\t\t\t\t<div class=\"elementor-column elementor-col-33 elementor-inner-column elementor-element elementor-element-7b43428\" data-id=\"7b43428\" data-element_type=\"column\" data-e-type=\"column\">\n\t\t\t<div class=\"elementor-widget-wrap elementor-element-populated\">\n\t\t\t\t\t\t<div class=\"elementor-element elementor-element-8969ef7 elementor-widget elementor-widget-text-editor\" data-id=\"8969ef7\" data-element_type=\"widget\" data-e-type=\"widget\" data-widget_type=\"text-editor.default\">\n\t\t\t\t<div class=\"elementor-widget-container\">\n\t\t\t\t\t\t\t\t\t<p><strong>Resumen:<\/strong> Esta publicaci\u00f3n es la segunda de una serie de Cuadernos de Matem\u00e1tica, destinada a docentes de Matem\u00e1tica y alumnos de Profesorados en esta \u00e1rea. Surge despu\u00e9s de varios a\u00f1os de investigaci\u00f3n en el marco de un proyecto sobre Ense\u00f1anza de la Matem\u00e1tica subsidiado por la Secretar\u00eda de Investigaci\u00f3n de la Universidad Nacional del Comahue.<\/p>\t\t\t\t\t\t\t\t<\/div>\n\t\t\t\t<\/div>\n\t\t\t\t\t<\/div>\n\t\t<\/div>\n\t\t\t\t\t<\/div>\n\t\t<\/section>\n\t\t\t\t<section class=\"elementor-section elementor-inner-section elementor-element elementor-element-c32139a elementor-section-boxed elementor-section-height-default elementor-section-height-default\" data-id=\"c32139a\" data-element_type=\"section\" data-e-type=\"section\">\n\t\t\t\t\t\t<div class=\"elementor-container elementor-column-gap-default\">\n\t\t\t\t\t<div class=\"elementor-column elementor-col-33 elementor-inner-column elementor-element elementor-element-d6ce38b\" data-id=\"d6ce38b\" data-element_type=\"column\" data-e-type=\"column\">\n\t\t\t<div class=\"elementor-widget-wrap\">\n\t\t\t\t\t\t\t<\/div>\n\t\t<\/div>\n\t\t\t\t<div class=\"elementor-column elementor-col-33 elementor-inner-column elementor-element elementor-element-3cf273d\" data-id=\"3cf273d\" data-element_type=\"column\" data-e-type=\"column\">\n\t\t\t<div class=\"elementor-widget-wrap elementor-element-populated\">\n\t\t\t\t\t\t<div class=\"elementor-element elementor-element-8ba9abd elementor-widget elementor-widget-text-editor\" data-id=\"8ba9abd\" data-element_type=\"widget\" data-e-type=\"widget\" data-widget_type=\"text-editor.default\">\n\t\t\t\t<div class=\"elementor-widget-container\">\n\t\t\t\t\t\t\t\t\t<p><a id=\"trilla-agua\" name=\"trilla-agua\"><\/a><br \/>T\u00edtulo:<br \/><em>Entre la trilla y el agua<\/em><br \/>Subt\u00edtulo: <em><br \/>Una historia de vida de una familia inmigrante en Paso Piedra<br \/><\/em>Autor: Mariela L\u00f3pez Vicente<br \/>ISBN 987-1154-86-0<br \/>150 p\u00e1gs.<br \/>A\u00f1o de edici\u00f3n 2005 &#8211; 1ra. edic.<br \/>Colecci\u00f3n Historias de vida<br \/>Soporte papel<br \/>Precio $ 20<br \/>PubliFadecs<\/p>\t\t\t\t\t\t\t\t<\/div>\n\t\t\t\t<\/div>\n\t\t\t\t\t<\/div>\n\t\t<\/div>\n\t\t\t\t<div class=\"elementor-column elementor-col-33 elementor-inner-column elementor-element elementor-element-281a55f\" data-id=\"281a55f\" data-element_type=\"column\" data-e-type=\"column\">\n\t\t\t<div class=\"elementor-widget-wrap elementor-element-populated\">\n\t\t\t\t\t\t<div class=\"elementor-element elementor-element-bdc885c elementor-widget elementor-widget-text-editor\" data-id=\"bdc885c\" data-element_type=\"widget\" data-e-type=\"widget\" data-widget_type=\"text-editor.default\">\n\t\t\t\t<div class=\"elementor-widget-container\">\n\t\t\t\t\t\t\t\t\t<p><strong>Resumen:<\/strong> \u201cEsta historia comenz\u00f3 cuando el sentido com\u00fan me dec\u00eda que no ser\u00edan muchos los a\u00f1os que mi abuelo me acompa\u00f1ar\u00eda\u2026 En varias oportunidades hab\u00eda tratado de que me contara sus historias para as\u00ed registrarlas, pero nunca fue posible. Poco despu\u00e9s de comenzar a contar, el abuelo Melchor se deten\u00eda porque un nudo cerraba su garganta. Aparec\u00edan l\u00e1grimas en sus ojos y me dec\u00eda <em>\u201cotro d\u00eda seguimos, otro dia&#8230;\u201d<\/em> Cuando nuevamente lo intent\u00e1bamos, suced\u00eda otra vez\u2026 En esos d\u00edas, aquel d\u00eda que le oprim\u00eda la garganta ya no era exclusivo de \u00e9l: tambi\u00e9n se hab\u00eda apoderado de la m\u00eda\u201d.<\/p>\t\t\t\t\t\t\t\t<\/div>\n\t\t\t\t<\/div>\n\t\t\t\t\t<\/div>\n\t\t<\/div>\n\t\t\t\t\t<\/div>\n\t\t<\/section>\n\t\t\t\t<section class=\"elementor-section elementor-inner-section elementor-element elementor-element-bf6f2c4 elementor-section-boxed elementor-section-height-default elementor-section-height-default\" data-id=\"bf6f2c4\" data-element_type=\"section\" data-e-type=\"section\">\n\t\t\t\t\t\t<div class=\"elementor-container elementor-column-gap-default\">\n\t\t\t\t\t<div class=\"elementor-column elementor-col-33 elementor-inner-column elementor-element elementor-element-cf920d8\" data-id=\"cf920d8\" data-element_type=\"column\" data-e-type=\"column\">\n\t\t\t<div class=\"elementor-widget-wrap\">\n\t\t\t\t\t\t\t<\/div>\n\t\t<\/div>\n\t\t\t\t<div class=\"elementor-column elementor-col-33 elementor-inner-column elementor-element elementor-element-678335a\" data-id=\"678335a\" data-element_type=\"column\" data-e-type=\"column\">\n\t\t\t<div class=\"elementor-widget-wrap elementor-element-populated\">\n\t\t\t\t\t\t<div class=\"elementor-element elementor-element-5d35c73 elementor-widget elementor-widget-text-editor\" data-id=\"5d35c73\" data-element_type=\"widget\" data-e-type=\"widget\" data-widget_type=\"text-editor.default\">\n\t\t\t\t<div class=\"elementor-widget-container\">\n\t\t\t\t\t\t\t\t\t<p>T\u00edtulo: <em><br \/>Estudios de Derecho Romano &#8211;<\/em>edic. corregida y ampliada-<br \/>Autor: Miguel Gallegos Garc\u00eda<br \/>ISBN 987-1154-46-1<br \/>112 p\u00e1gs.<br \/>A\u00f1o de edici\u00f3n 2005 \u2013 3ra. ed.<br \/>Colecci\u00f3n Serie de c\u00e1tedra<br \/>Soporte papel<br \/>Precio $ 10<br \/>PubliFadecs<\/p>\t\t\t\t\t\t\t\t<\/div>\n\t\t\t\t<\/div>\n\t\t\t\t\t<\/div>\n\t\t<\/div>\n\t\t\t\t<div class=\"elementor-column elementor-col-33 elementor-inner-column elementor-element elementor-element-e486f40\" data-id=\"e486f40\" data-element_type=\"column\" data-e-type=\"column\">\n\t\t\t<div class=\"elementor-widget-wrap elementor-element-populated\">\n\t\t\t\t\t\t<div class=\"elementor-element elementor-element-2409894 elementor-widget elementor-widget-text-editor\" data-id=\"2409894\" data-element_type=\"widget\" data-e-type=\"widget\" data-widget_type=\"text-editor.default\">\n\t\t\t\t<div class=\"elementor-widget-container\">\n\t\t\t\t\t\t\t\t\t<p><strong>Resumen:<\/strong> Periodizaci\u00f3n del Derecho Romano en los romanistas espa\u00f1oles contempor\u00e1neos; El Libro VI de Polibio y la Constituci\u00f3n de la Rep\u00fablica Romana; El Imperio Romano Tard\u00edo. Estado y Derecho; Los Fideicomisos. El Fideicomiso de herencia; Interpretaci\u00f3n del negocio jur\u00eddico. La causa cuariana.<\/p>\t\t\t\t\t\t\t\t<\/div>\n\t\t\t\t<\/div>\n\t\t\t\t\t<\/div>\n\t\t<\/div>\n\t\t\t\t\t<\/div>\n\t\t<\/section>\n\t\t\t\t<section class=\"elementor-section elementor-inner-section elementor-element elementor-element-f7dc687 elementor-section-boxed elementor-section-height-default elementor-section-height-default\" data-id=\"f7dc687\" data-element_type=\"section\" data-e-type=\"section\">\n\t\t\t\t\t\t<div class=\"elementor-container elementor-column-gap-default\">\n\t\t\t\t\t<div class=\"elementor-column elementor-col-33 elementor-inner-column elementor-element elementor-element-1a38464\" data-id=\"1a38464\" data-element_type=\"column\" data-e-type=\"column\">\n\t\t\t<div class=\"elementor-widget-wrap\">\n\t\t\t\t\t\t\t<\/div>\n\t\t<\/div>\n\t\t\t\t<div class=\"elementor-column elementor-col-33 elementor-inner-column elementor-element elementor-element-dbd9a40\" data-id=\"dbd9a40\" data-element_type=\"column\" data-e-type=\"column\">\n\t\t\t<div class=\"elementor-widget-wrap elementor-element-populated\">\n\t\t\t\t\t\t<div class=\"elementor-element elementor-element-c6b47e6 elementor-widget elementor-widget-text-editor\" data-id=\"c6b47e6\" data-element_type=\"widget\" data-e-type=\"widget\" data-widget_type=\"text-editor.default\">\n\t\t\t\t<div class=\"elementor-widget-container\">\n\t\t\t\t\t\t\t\t\t<p><a id=\"hatd\" name=\"hatd\"><\/a><br \/>T\u00edtulo:<br \/>Historia y Actualidad de la Teor\u00eda del Delito<em><br \/><\/em>Autor: Fernando S\u00e1nchez Freytes<br \/>ISBN 987-1154-57-7<br \/>444 p\u00e1gs.<br \/>A\u00f1o de edici\u00f3n: 2005 \u2013 1ra. ed.<br \/>Soporte papel<br \/>Precio $ 25<br \/>PubliFadecs<\/p>\t\t\t\t\t\t\t\t<\/div>\n\t\t\t\t<\/div>\n\t\t\t\t\t<\/div>\n\t\t<\/div>\n\t\t\t\t<div class=\"elementor-column elementor-col-33 elementor-inner-column elementor-element elementor-element-f600f99\" data-id=\"f600f99\" data-element_type=\"column\" data-e-type=\"column\">\n\t\t\t<div class=\"elementor-widget-wrap elementor-element-populated\">\n\t\t\t\t\t\t<div class=\"elementor-element elementor-element-e905324 elementor-widget elementor-widget-text-editor\" data-id=\"e905324\" data-element_type=\"widget\" data-e-type=\"widget\" data-widget_type=\"text-editor.default\">\n\t\t\t\t<div class=\"elementor-widget-container\">\n\t\t\t\t\t\t\t\t\t<p><strong>Resumen:<\/strong> Esta obra, junto a las ya publicadas por esta misma editorial, Principales alcances y controversias de Derecho Penal y De los primeros pensamientos a la Ley Penal vigente, viene a completar un an\u00e1lisis extenso sobre el Libro Primero del C\u00f3digo Penal Argentino (lo que se conoce acad\u00e9micamente como \u201cDerecho Penal I\u201d, parte general). <\/p>\t\t\t\t\t\t\t\t<\/div>\n\t\t\t\t<\/div>\n\t\t\t\t\t<\/div>\n\t\t<\/div>\n\t\t\t\t\t<\/div>\n\t\t<\/section>\n\t\t\t\t<section class=\"elementor-section elementor-inner-section elementor-element elementor-element-32d273f elementor-section-boxed elementor-section-height-default elementor-section-height-default\" data-id=\"32d273f\" data-element_type=\"section\" data-e-type=\"section\">\n\t\t\t\t\t\t<div class=\"elementor-container elementor-column-gap-default\">\n\t\t\t\t\t<div class=\"elementor-column elementor-col-33 elementor-inner-column elementor-element elementor-element-2efcc6b\" data-id=\"2efcc6b\" data-element_type=\"column\" data-e-type=\"column\">\n\t\t\t<div class=\"elementor-widget-wrap\">\n\t\t\t\t\t\t\t<\/div>\n\t\t<\/div>\n\t\t\t\t<div class=\"elementor-column elementor-col-33 elementor-inner-column elementor-element elementor-element-e8fdc34\" data-id=\"e8fdc34\" data-element_type=\"column\" data-e-type=\"column\">\n\t\t\t<div class=\"elementor-widget-wrap elementor-element-populated\">\n\t\t\t\t\t\t<div class=\"elementor-element elementor-element-5256a23 elementor-widget elementor-widget-text-editor\" data-id=\"5256a23\" data-element_type=\"widget\" data-e-type=\"widget\" data-widget_type=\"text-editor.default\">\n\t\t\t\t<div class=\"elementor-widget-container\">\n\t\t\t\t\t\t\t\t\t<p><a id=\"visita-inspector\" name=\"visita-inspector\"><\/a><br \/>T\u00edtulo:<br \/>Hoy nos visita el inspector<br \/>Subt\u00edtulo:<br \/>Historia e historias de la Inspecci\u00f3n y Supervisi\u00f3n escolar en R\u00edo Negro y Neuqu\u00e9n, 1884-1992<em><br \/><\/em>Autor: Mirta E. Teobaldo, Amelia B. Garc\u00eda y Mar\u00eda A. Nicoletti<br \/>ISBN 987-1154-69-0<br \/>182 p\u00e1gs.<br \/>A\u00f1o de edici\u00f3n 2005 \u2013 1ra. edic.<br \/>Soporte papel<br \/>Precio $ 15<br \/>PubliFadecs<\/p>\t\t\t\t\t\t\t\t<\/div>\n\t\t\t\t<\/div>\n\t\t\t\t\t<\/div>\n\t\t<\/div>\n\t\t\t\t<div class=\"elementor-column elementor-col-33 elementor-inner-column elementor-element elementor-element-0cb4021\" data-id=\"0cb4021\" data-element_type=\"column\" data-e-type=\"column\">\n\t\t\t<div class=\"elementor-widget-wrap elementor-element-populated\">\n\t\t\t\t\t\t<div class=\"elementor-element elementor-element-960dd22 elementor-widget elementor-widget-text-editor\" data-id=\"960dd22\" data-element_type=\"widget\" data-e-type=\"widget\" data-widget_type=\"text-editor.default\">\n\t\t\t\t<div class=\"elementor-widget-container\">\n\t\t\t\t\t\t\t\t\t<p><strong>Resumen<\/strong>: En este libro se historiza la construcci\u00f3n del campo de la Inspecci\u00f3n\/Supervisi\u00f3n en R\u00edo Negro y Neuqu\u00e9n (1884-1992) y se analizan a partir del juego de las representaciones, la cuesti\u00f3n de la denominaci\u00f3n de dicho campo (Inspecci\u00f3n\/supervisi\u00f3n) y las distintas miradas de los diversos actores del sistema educativo acerca de los Inspectores\/Supervisores. Tambi\u00e9n estas representaciones se abordan desde la perspectiva de g\u00e9nero, y las relaciones de poder entre las diferentes modalidades de gesti\u00f3n, particularmente en el caso de Neuqu\u00e9n.\u00a0<\/p>\t\t\t\t\t\t\t\t<\/div>\n\t\t\t\t<\/div>\n\t\t\t\t\t<\/div>\n\t\t<\/div>\n\t\t\t\t\t<\/div>\n\t\t<\/section>\n\t\t\t\t<section class=\"elementor-section elementor-inner-section elementor-element elementor-element-fd60fb0 elementor-section-boxed elementor-section-height-default elementor-section-height-default\" data-id=\"fd60fb0\" data-element_type=\"section\" data-e-type=\"section\">\n\t\t\t\t\t\t<div class=\"elementor-container elementor-column-gap-default\">\n\t\t\t\t\t<div class=\"elementor-column elementor-col-33 elementor-inner-column elementor-element elementor-element-7f3fb1c\" data-id=\"7f3fb1c\" data-element_type=\"column\" data-e-type=\"column\">\n\t\t\t<div class=\"elementor-widget-wrap\">\n\t\t\t\t\t\t\t<\/div>\n\t\t<\/div>\n\t\t\t\t<div class=\"elementor-column elementor-col-33 elementor-inner-column elementor-element elementor-element-fc5f33f\" data-id=\"fc5f33f\" data-element_type=\"column\" data-e-type=\"column\">\n\t\t\t<div class=\"elementor-widget-wrap elementor-element-populated\">\n\t\t\t\t\t\t<div class=\"elementor-element elementor-element-9adccba elementor-widget elementor-widget-text-editor\" data-id=\"9adccba\" data-element_type=\"widget\" data-e-type=\"widget\" data-widget_type=\"text-editor.default\">\n\t\t\t\t<div class=\"elementor-widget-container\">\n\t\t\t\t\t\t\t\t\t<p><a id=\"lcdla\" name=\"lcdla\"><\/a><br \/>T\u00edtulo:<br \/>La constituci\u00f3n de los argentinos<em><br \/><\/em>Autor: Ricardo Gamba<br \/>ISBN 950-9859-95-8<br \/>354 p\u00e1gs.<br \/>A\u00f1o de edici\u00f3n 2005 &#8211; 1ra. edic.<br \/>Soporte papel<br \/>Precio $ 30<br \/>PubliFadecs<\/p>\t\t\t\t\t\t\t\t<\/div>\n\t\t\t\t<\/div>\n\t\t\t\t\t<\/div>\n\t\t<\/div>\n\t\t\t\t<div class=\"elementor-column elementor-col-33 elementor-inner-column elementor-element elementor-element-9b1c3e7\" data-id=\"9b1c3e7\" data-element_type=\"column\" data-e-type=\"column\">\n\t\t\t<div class=\"elementor-widget-wrap elementor-element-populated\">\n\t\t\t\t\t\t<div class=\"elementor-element elementor-element-6701d27 elementor-widget elementor-widget-text-editor\" data-id=\"6701d27\" data-element_type=\"widget\" data-e-type=\"widget\" data-widget_type=\"text-editor.default\">\n\t\t\t\t<div class=\"elementor-widget-container\">\n\t\t\t\t\t\t\t\t\t<p><strong>Resumen:<\/strong> Es la obra de alguien que domina muy diversos campos del saber (derecho, teor\u00eda social, \u00e9tica filos\u00f3fica, sociolog\u00eda y letras cl\u00e1sicas) No pod\u00eda haberlo escrito alguien que no estuviera capacitado en estos variados horizontes de interpretaci\u00f3n. Y que no contara, adem\u00e1s, con la inteligencia madura, la profanidad de esp\u00edritu anal\u00edtico y el compromiso sincero por una sociedad mejor. El libro tiene un expl\u00edcita intenci\u00f3n nacional: la de clarificar las posibilidades y l\u00edmites que encuentra Argentina en su constituci\u00f3n jur\u00eddica y social, las trabas jur\u00eddico, formales y morales para sus posibilidades de desarrollo adecuadas.<\/p>\t\t\t\t\t\t\t\t<\/div>\n\t\t\t\t<\/div>\n\t\t\t\t\t<\/div>\n\t\t<\/div>\n\t\t\t\t\t<\/div>\n\t\t<\/section>\n\t\t\t\t<section class=\"elementor-section elementor-inner-section elementor-element elementor-element-5e60b59 elementor-section-boxed elementor-section-height-default elementor-section-height-default\" data-id=\"5e60b59\" data-element_type=\"section\" data-e-type=\"section\">\n\t\t\t\t\t\t<div class=\"elementor-container elementor-column-gap-default\">\n\t\t\t\t\t<div class=\"elementor-column elementor-col-33 elementor-inner-column elementor-element elementor-element-1b7e1ab\" data-id=\"1b7e1ab\" data-element_type=\"column\" data-e-type=\"column\">\n\t\t\t<div class=\"elementor-widget-wrap\">\n\t\t\t\t\t\t\t<\/div>\n\t\t<\/div>\n\t\t\t\t<div class=\"elementor-column elementor-col-33 elementor-inner-column elementor-element elementor-element-aaff7e9\" data-id=\"aaff7e9\" data-element_type=\"column\" data-e-type=\"column\">\n\t\t\t<div class=\"elementor-widget-wrap elementor-element-populated\">\n\t\t\t\t\t\t<div class=\"elementor-element elementor-element-edb2fa9 elementor-widget elementor-widget-text-editor\" data-id=\"edb2fa9\" data-element_type=\"widget\" data-e-type=\"widget\" data-widget_type=\"text-editor.default\">\n\t\t\t\t<div class=\"elementor-widget-container\">\n\t\t\t\t\t\t\t\t\t<p><a id=\"monografia\" name=\"monografia\"><\/a><br \/>T\u00edtulo:<br \/>La monograf\u00eda<em><br \/><\/em>Subt\u00edtulo: <em><br \/><\/em>Tipolog\u00eda y ret\u00f3rica de su producci\u00f3n textual<em><br \/><\/em>Autor: Grupo de Estudios del Discurso del Comahue<br \/>ISBN 987-1154-68-2<br \/>204 p\u00e1gs.<br \/>A\u00f1o de edici\u00f3n: 2005 .- 1ra. ed.<br \/>Soporte papel<br \/>Precio $ 25.-<br \/>PubliFadecs<\/p>\t\t\t\t\t\t\t\t<\/div>\n\t\t\t\t<\/div>\n\t\t\t\t\t<\/div>\n\t\t<\/div>\n\t\t\t\t<div class=\"elementor-column elementor-col-33 elementor-inner-column elementor-element elementor-element-17a9260\" data-id=\"17a9260\" data-element_type=\"column\" data-e-type=\"column\">\n\t\t\t<div class=\"elementor-widget-wrap elementor-element-populated\">\n\t\t\t\t\t\t<div class=\"elementor-element elementor-element-f75f4f8 elementor-widget elementor-widget-text-editor\" data-id=\"f75f4f8\" data-element_type=\"widget\" data-e-type=\"widget\" data-widget_type=\"text-editor.default\">\n\t\t\t\t<div class=\"elementor-widget-container\">\n\t\t\t\t\t\t\t\t\t<p><strong>Resumen:<\/strong> Con claridad y sencillez, este Manual de Redacci\u00f3n, destinado a estudiantes universitarios, expone los contenidos esenciales de los distintos tipos de monograf\u00edas e ilustra sobre t\u00e9cnicas de trabajo intelectual que se requieren para su producci\u00f3n. La obra consigna el marco te\u00f3rico en el que se inscribe la propuesta metodol\u00f3gica, una caracterizaci\u00f3n general de la monograf\u00eda y una descripci\u00f3n, con fines did\u00e1cticos, de los diferentes tipos de monograf\u00edas \u2013compilativa, informe e investigativa-. Este libro \u2013que tiene la garant\u00eda de la amplia experiencia de sus autoras- pretende ser de utilidad tanto a estudiantes como a profesores.<\/p>\t\t\t\t\t\t\t\t<\/div>\n\t\t\t\t<\/div>\n\t\t\t\t\t<\/div>\n\t\t<\/div>\n\t\t\t\t\t<\/div>\n\t\t<\/section>\n\t\t\t\t<section class=\"elementor-section elementor-inner-section elementor-element elementor-element-dfdb8bc elementor-section-boxed elementor-section-height-default elementor-section-height-default\" data-id=\"dfdb8bc\" data-element_type=\"section\" data-e-type=\"section\">\n\t\t\t\t\t\t<div class=\"elementor-container elementor-column-gap-default\">\n\t\t\t\t\t<div class=\"elementor-column elementor-col-33 elementor-inner-column elementor-element elementor-element-51d17b6\" data-id=\"51d17b6\" data-element_type=\"column\" data-e-type=\"column\">\n\t\t\t<div class=\"elementor-widget-wrap\">\n\t\t\t\t\t\t\t<\/div>\n\t\t<\/div>\n\t\t\t\t<div class=\"elementor-column elementor-col-33 elementor-inner-column elementor-element elementor-element-9293b60\" data-id=\"9293b60\" data-element_type=\"column\" data-e-type=\"column\">\n\t\t\t<div class=\"elementor-widget-wrap elementor-element-populated\">\n\t\t\t\t\t\t<div class=\"elementor-element elementor-element-af2a736 elementor-widget elementor-widget-text-editor\" data-id=\"af2a736\" data-element_type=\"widget\" data-e-type=\"widget\" data-widget_type=\"text-editor.default\">\n\t\t\t\t<div class=\"elementor-widget-container\">\n\t\t\t\t\t\t\t\t\t<p><a id=\"sociedad-pensada\" name=\"sociedad-pensada\"><\/a><br \/>T\u00edtulo:<br \/>La sociedad pensada<em><br \/><\/em>Autor: Gloria Mas, coord. (Grupo GRESS)<br \/>ISBN 950-9859-88-5<br \/>174 p\u00e1gs.<br \/>A\u00f1o de edici\u00f3n 2005 \u2013 3ra. reimpr.<br \/>Soporte papel<br \/>Precio $ 12<br \/>PubliFadecs<\/p>\t\t\t\t\t\t\t\t<\/div>\n\t\t\t\t<\/div>\n\t\t\t\t\t<\/div>\n\t\t<\/div>\n\t\t\t\t<div class=\"elementor-column elementor-col-33 elementor-inner-column elementor-element elementor-element-151092c\" data-id=\"151092c\" data-element_type=\"column\" data-e-type=\"column\">\n\t\t\t<div class=\"elementor-widget-wrap elementor-element-populated\">\n\t\t\t\t\t\t<div class=\"elementor-element elementor-element-c1a471a elementor-widget elementor-widget-text-editor\" data-id=\"c1a471a\" data-element_type=\"widget\" data-e-type=\"widget\" data-widget_type=\"text-editor.default\">\n\t\t\t\t<div class=\"elementor-widget-container\">\n\t\t\t\t\t\t\t\t\t<p><strong>Resumen:<\/strong> El Grupo de Estudios Sociales del Sur est\u00e1 integrado por docentes-investigadores de la Universidad Nacional del Comahue. El presente trabajo tuvo como origen la necesidad, registrada en la experiencia docente de sus miembros, de brindar a los estudiantes algunos materiales te\u00f3ricos que los introduzcan en la dif\u00edcil tarea de comprensi\u00f3n de la realidad social. El contenido del libro pretende formar parte de un primer tomo, y la ambici\u00f3n del grupo es continuar con tomos sucesivos, siguiendo algunos derroteros del pensamiento sociol\u00f3gico hasta el presente. <\/p>\t\t\t\t\t\t\t\t<\/div>\n\t\t\t\t<\/div>\n\t\t\t\t\t<\/div>\n\t\t<\/div>\n\t\t\t\t\t<\/div>\n\t\t<\/section>\n\t\t\t\t<section class=\"elementor-section elementor-inner-section elementor-element elementor-element-39a8b10 elementor-section-boxed elementor-section-height-default elementor-section-height-default\" data-id=\"39a8b10\" data-element_type=\"section\" data-e-type=\"section\">\n\t\t\t\t\t\t<div class=\"elementor-container elementor-column-gap-default\">\n\t\t\t\t\t<div class=\"elementor-column elementor-col-33 elementor-inner-column elementor-element elementor-element-eb01ec2\" data-id=\"eb01ec2\" data-element_type=\"column\" data-e-type=\"column\">\n\t\t\t<div class=\"elementor-widget-wrap\">\n\t\t\t\t\t\t\t<\/div>\n\t\t<\/div>\n\t\t\t\t<div class=\"elementor-column elementor-col-33 elementor-inner-column elementor-element elementor-element-346c52d\" data-id=\"346c52d\" data-element_type=\"column\" data-e-type=\"column\">\n\t\t\t<div class=\"elementor-widget-wrap elementor-element-populated\">\n\t\t\t\t\t\t<div class=\"elementor-element elementor-element-3c514c6 elementor-widget elementor-widget-text-editor\" data-id=\"3c514c6\" data-element_type=\"widget\" data-e-type=\"widget\" data-widget_type=\"text-editor.default\">\n\t\t\t\t<div class=\"elementor-widget-container\">\n\t\t\t\t\t\t\t\t\t<p><a id=\"lvmdoe\" name=\"lvmdoe\"><\/a><br \/>T\u00edtulo:<br \/>Las vacas de M\u00edster Darwin y otros ensayos<em><br \/><\/em>Autor: Fernando Liz\u00e1rraga y Leonardo Salgado<br \/>ISBN 987-1154-70-4<br \/>184 p\u00e1gs.<br \/>A\u00f1o de edici\u00f3n 2005 \u2013 1ra. edic.<br \/>Soporte papel<br \/>Precio $ 20<br \/>PubliFadecs<\/p>\t\t\t\t\t\t\t\t<\/div>\n\t\t\t\t<\/div>\n\t\t\t\t\t<\/div>\n\t\t<\/div>\n\t\t\t\t<div class=\"elementor-column elementor-col-33 elementor-inner-column elementor-element elementor-element-9d19423\" data-id=\"9d19423\" data-element_type=\"column\" data-e-type=\"column\">\n\t\t\t<div class=\"elementor-widget-wrap elementor-element-populated\">\n\t\t\t\t\t\t<div class=\"elementor-element elementor-element-31bbb05 elementor-widget elementor-widget-text-editor\" data-id=\"31bbb05\" data-element_type=\"widget\" data-e-type=\"widget\" data-widget_type=\"text-editor.default\">\n\t\t\t\t<div class=\"elementor-widget-container\">\n\t\t\t\t\t\t\t\t\t<p><strong>Resumen:<\/strong> Docentes y estudiantes de Biolog\u00eda, tanto en las universidades como en otros niveles de la educaci\u00f3n, necesitan de ensayos como \u00e9stos para tener alternativas m\u00e1s accesibles y entretenidas que, con calidad y bien escritas, estimulen el conocimiento y la investigaci\u00f3n de ciertos temas, y nos permitan escapar de los normalmente \u00e1ridos textos \u2018de estudio\u2019[\u2026] Son historias nuestras, de nuestro pa\u00eds y de nuestra comunidad cient\u00edfica, que merecen ser transmitidas a nuestra gente para mostrar que, antes y ahora, la ciencia (aqu\u00ed y en otras partes) es una actividad humana y por lo tanto social, que la hacen personas que a veces aciertan y a veces se equivocan, y que siempre siguen su vocaci\u00f3n, su intuici\u00f3n y su convicci\u00f3n.<\/p>\t\t\t\t\t\t\t\t<\/div>\n\t\t\t\t<\/div>\n\t\t\t\t\t<\/div>\n\t\t<\/div>\n\t\t\t\t\t<\/div>\n\t\t<\/section>\n\t\t\t\t<section class=\"elementor-section elementor-inner-section elementor-element elementor-element-3a9b637 elementor-section-boxed elementor-section-height-default elementor-section-height-default\" data-id=\"3a9b637\" data-element_type=\"section\" data-e-type=\"section\">\n\t\t\t\t\t\t<div class=\"elementor-container elementor-column-gap-default\">\n\t\t\t\t\t<div class=\"elementor-column elementor-col-33 elementor-inner-column elementor-element elementor-element-3e31105\" data-id=\"3e31105\" data-element_type=\"column\" data-e-type=\"column\">\n\t\t\t<div class=\"elementor-widget-wrap\">\n\t\t\t\t\t\t\t<\/div>\n\t\t<\/div>\n\t\t\t\t<div class=\"elementor-column elementor-col-33 elementor-inner-column elementor-element elementor-element-c731324\" data-id=\"c731324\" data-element_type=\"column\" data-e-type=\"column\">\n\t\t\t<div class=\"elementor-widget-wrap elementor-element-populated\">\n\t\t\t\t\t\t<div class=\"elementor-element elementor-element-b5f852f elementor-widget elementor-widget-text-editor\" data-id=\"b5f852f\" data-element_type=\"widget\" data-e-type=\"widget\" data-widget_type=\"text-editor.default\">\n\t\t\t\t<div class=\"elementor-widget-container\">\n\t\t\t\t\t\t\t\t\t<p>T\u00edtulo: <em><br \/><\/em>Temas de Derecho Romano<em><br \/><\/em>Autor: Alicia Ares Nogueira<br \/>ISBN 987-1154-20-8<br \/>54 p\u00e1gs.<br \/>A\u00f1o de edici\u00f3n: 2005 \u2013 1ra. ed.<br \/>Soporte papel<br \/>Precio $<br \/>PubliFadecs<\/p>\t\t\t\t\t\t\t\t<\/div>\n\t\t\t\t<\/div>\n\t\t\t\t\t<\/div>\n\t\t<\/div>\n\t\t\t\t<div class=\"elementor-column elementor-col-33 elementor-inner-column elementor-element elementor-element-b57a587\" data-id=\"b57a587\" data-element_type=\"column\" data-e-type=\"column\">\n\t\t\t<div class=\"elementor-widget-wrap elementor-element-populated\">\n\t\t\t\t\t\t<div class=\"elementor-element elementor-element-7f922d9 elementor-widget elementor-widget-text-editor\" data-id=\"7f922d9\" data-element_type=\"widget\" data-e-type=\"widget\" data-widget_type=\"text-editor.default\">\n\t\t\t\t<div class=\"elementor-widget-container\">\n\t\t\t\t\t\t\t\t\t<p><strong>Resumen:<\/strong> Si analizamos las m\u00faltiples razones que justifican la inclusi\u00f3n del estudio del Derecho Romano en los planes de estudio de las carreras de Derecho, podremos tener alguna luz respecto de qu\u00e9 sistema implementar para ense\u00f1arla. Muchos son los autores que dedican p\u00e1ginas a este tema y, a la luz de la vigencia ininterrumpida de determinada estructura de programa, pareciera que poco hay para reformular. En realidad no se trata de replantear contenidos de los programas ni descubrir los sistemas que no se hubieran trabajado hasta ahora.<\/p>\t\t\t\t\t\t\t\t<\/div>\n\t\t\t\t<\/div>\n\t\t\t\t\t<\/div>\n\t\t<\/div>\n\t\t\t\t\t<\/div>\n\t\t<\/section>\n\t\t\t\t<section class=\"elementor-section elementor-inner-section elementor-element elementor-element-44b6814 elementor-section-boxed elementor-section-height-default elementor-section-height-default\" data-id=\"44b6814\" data-element_type=\"section\" data-e-type=\"section\">\n\t\t\t\t\t\t<div class=\"elementor-container elementor-column-gap-default\">\n\t\t\t\t\t<div class=\"elementor-column elementor-col-33 elementor-inner-column elementor-element elementor-element-fe7fd5e\" data-id=\"fe7fd5e\" data-element_type=\"column\" data-e-type=\"column\">\n\t\t\t<div class=\"elementor-widget-wrap\">\n\t\t\t\t\t\t\t<\/div>\n\t\t<\/div>\n\t\t\t\t<div class=\"elementor-column elementor-col-33 elementor-inner-column elementor-element elementor-element-13b0776\" data-id=\"13b0776\" data-element_type=\"column\" data-e-type=\"column\">\n\t\t\t<div class=\"elementor-widget-wrap elementor-element-populated\">\n\t\t\t\t\t\t<div class=\"elementor-element elementor-element-f8003ef elementor-widget elementor-widget-text-editor\" data-id=\"f8003ef\" data-element_type=\"widget\" data-e-type=\"widget\" data-widget_type=\"text-editor.default\">\n\t\t\t\t<div class=\"elementor-widget-container\">\n\t\t\t\t\t\t\t\t\t<p><a id=\"bisagra-hermeneutica\" name=\"bisagra-hermeneutica\"><\/a><br \/>T\u00edtulo:<br \/>Una bisagra entre la Hermen\u00e9utica y la Filosof\u00eda de las Ciencias<em><br \/><\/em>Subt\u00edtulo:<em><br \/><\/em>Estudios actuales en torno a la ret\u00f3rica filos\u00f3fica contempor\u00e1nea<em><br \/><\/em>Autor: Mar\u00eda Eugenia Borsani<br \/>ISBN 987-1154-80-1<br \/>186 p\u00e1gs.<br \/>A\u00f1o de edici\u00f3n 2005 \u2013 1ra. edic.<br \/>Soporte papel<br \/>Precio $ 15<br \/>PubliFadecs<\/p>\t\t\t\t\t\t\t\t<\/div>\n\t\t\t\t<\/div>\n\t\t\t\t\t<\/div>\n\t\t<\/div>\n\t\t\t\t<div class=\"elementor-column elementor-col-33 elementor-inner-column elementor-element elementor-element-3b718eb\" data-id=\"3b718eb\" data-element_type=\"column\" data-e-type=\"column\">\n\t\t\t<div class=\"elementor-widget-wrap elementor-element-populated\">\n\t\t\t\t\t\t<div class=\"elementor-element elementor-element-c47eef0 elementor-widget elementor-widget-text-editor\" data-id=\"c47eef0\" data-element_type=\"widget\" data-e-type=\"widget\" data-widget_type=\"text-editor.default\">\n\t\t\t\t<div class=\"elementor-widget-container\">\n\t\t\t\t\t\t\t\t\t<p><strong>Resumen:<\/strong> Reflexionar en torno a nuevas ponderaciones de la ret\u00f3rica y en tal sentido, proponer a esta como bisagra entre la hermen\u00e9utica y la filosof\u00eda de las ciencias, tiene como prop\u00f3sito final restituirle su genuino alcance en tanto desempe\u00f1o de una capacidad humana emplazada en toda actividad interpretativa y soporte de todo acto de significaci\u00f3n. Una investigaci\u00f3n de estas caracter\u00edsticas inyecta aire fresco a la filosof\u00eda y plantea una perspectiva que cada vez es m\u00e1s activa en los foros filos\u00f3ficos actuales.<\/p>\t\t\t\t\t\t\t\t<\/div>\n\t\t\t\t<\/div>\n\t\t\t\t\t<\/div>\n\t\t<\/div>\n\t\t\t\t\t<\/div>\n\t\t<\/section>\n\t\t\t\t<div class=\"elementor-element elementor-element-e8530a1 elementor-widget elementor-widget-shortcode\" data-id=\"e8530a1\" data-element_type=\"widget\" data-e-type=\"widget\" data-widget_type=\"shortcode.default\">\n\t\t\t\t<div class=\"elementor-widget-container\">\n\t\t\t\t\t\t\t<div class=\"elementor-shortcode\">\t\t<div data-elementor-type=\"section\" data-elementor-id=\"4609\" class=\"elementor elementor-4609\" data-elementor-post-type=\"elementor_library\">\r\n\t\t\t\t\t<section class=\"elementor-section elementor-top-section elementor-element elementor-element-272e975d elementor-section-boxed elementor-section-height-default elementor-section-height-default\" data-id=\"272e975d\" data-element_type=\"section\" data-e-type=\"section\">\n\t\t\t\t\t\t<div class=\"elementor-container elementor-column-gap-default\">\n\t\t\t\t\t<div class=\"elementor-column elementor-col-100 elementor-top-column elementor-element elementor-element-44f68879\" data-id=\"44f68879\" data-element_type=\"column\" data-e-type=\"column\">\n\t\t\t<div class=\"elementor-widget-wrap elementor-element-populated\">\n\t\t\t\t\t\t<div class=\"elementor-element elementor-element-412ac052 elementor-widget-divider--view-line elementor-widget elementor-widget-divider\" data-id=\"412ac052\" data-element_type=\"widget\" data-e-type=\"widget\" data-widget_type=\"divider.default\">\n\t\t\t\t<div class=\"elementor-widget-container\">\n\t\t\t\t\t\t\t<div class=\"elementor-divider\">\n\t\t\t<span class=\"elementor-divider-separator\">\n\t\t\t\t\t\t<\/span>\n\t\t<\/div>\n\t\t\t\t\t\t<\/div>\n\t\t\t\t<\/div>\n\t\t\t\t<div class=\"elementor-element elementor-element-63396594 elementor-widget elementor-widget-text-editor\" data-id=\"63396594\" data-element_type=\"widget\" data-e-type=\"widget\" data-widget_type=\"text-editor.default\">\n\t\t\t\t<div class=\"elementor-widget-container\">\n\t\t\t\t\t\t\t\t\t<p><strong>INFORMACI\u00d3N<\/strong><br \/>Publicaciones<br \/>TE: (0298) 4433668, int 18<br \/>Correo electr\u00f3nico: <a href=\"mailto:publifadecs@hotmail.com\"><strong>publifadecs@hotmail.com<\/strong><\/a><br \/>Mendoza y Per\u00fa.<br \/>(8332) General Roca, R\u00edo Negro <br \/>Argentina<\/p>\t\t\t\t\t\t\t\t<\/div>\n\t\t\t\t<\/div>\n\t\t\t\t\t<\/div>\n\t\t<\/div>\n\t\t\t\t\t<\/div>\n\t\t<\/section>\n\t\t\t\t<\/div>\r\n\t\t<\/div>\n\t\t\t\t\t\t<\/div>\n\t\t\t\t<\/div>\n\t\t\t\t\t<\/div>\n\t\t<\/div>\n\t\t\t\t<div class=\"elementor-column elementor-col-33 elementor-top-column elementor-element elementor-element-02b0363\" data-id=\"02b0363\" data-element_type=\"column\" data-e-type=\"column\">\n\t\t\t<div class=\"elementor-widget-wrap elementor-element-populated\">\n\t\t\t\t\t\t<div class=\"elementor-element elementor-element-866d525 elementor-nav-menu__align-start elementor-nav-menu--dropdown-none elementor-widget elementor-widget-nav-menu\" data-id=\"866d525\" data-element_type=\"widget\" data-e-type=\"widget\" id=\"menu-lateral\" data-settings=\"{&quot;layout&quot;:&quot;vertical&quot;,&quot;submenu_icon&quot;:{&quot;value&quot;:&quot;&lt;i class=\\&quot;fas fa-caret-down\\&quot; aria-hidden=\\&quot;true\\&quot;&gt;&lt;\\\/i&gt;&quot;,&quot;library&quot;:&quot;fa-solid&quot;}}\" data-widget_type=\"nav-menu.default\">\n\t\t\t\t<div class=\"elementor-widget-container\">\n\t\t\t\t\t\t\t\t<nav aria-label=\"Menu\" class=\"elementor-nav-menu--main elementor-nav-menu__container elementor-nav-menu--layout-vertical e--pointer-background e--animation-fade\">\r\n\t\t\t\t<ul id=\"menu-1-866d525\" class=\"elementor-nav-menu sm-vertical\"><li class=\"menu-item menu-item-type-post_type menu-item-object-page menu-item-4540\"><a href=\"https:\/\/fadeweb.uncoma.edu.ar\/index.php\/publifadecs\/\" class=\"elementor-item\">TITULOS PUBLICADOS<\/a><\/li>\n<li class=\"menu-item menu-item-type-post_type menu-item-object-page menu-item-4541\"><a href=\"https:\/\/fadeweb.uncoma.edu.ar\/index.php\/publifadecs\/autores-publicados\/\" class=\"elementor-item\">AUTORES PUBLICADOS<\/a><\/li>\n<li class=\"menu-item menu-item-type-post_type menu-item-object-page menu-item-4542\"><a href=\"https:\/\/fadeweb.uncoma.edu.ar\/index.php\/publifadecs\/titulos-en-imprenta\/\" class=\"elementor-item\">TITULOS EN IMPRENTA<\/a><\/li>\n<li class=\"menu-item menu-item-type-post_type menu-item-object-page menu-item-4543\"><a href=\"https:\/\/fadeweb.uncoma.edu.ar\/index.php\/publifadecs\/revista\/\" class=\"elementor-item\">REVISTA DE LA FACULTAD<\/a><\/li>\n<\/ul>\t\t\t<\/nav>\r\n\t\t\t\t\t\t<nav class=\"elementor-nav-menu--dropdown elementor-nav-menu__container\" aria-hidden=\"true\">\r\n\t\t\t\t<ul id=\"menu-2-866d525\" class=\"elementor-nav-menu sm-vertical\"><li class=\"menu-item menu-item-type-post_type menu-item-object-page menu-item-4540\"><a href=\"https:\/\/fadeweb.uncoma.edu.ar\/index.php\/publifadecs\/\" class=\"elementor-item\" tabindex=\"-1\">TITULOS PUBLICADOS<\/a><\/li>\n<li class=\"menu-item menu-item-type-post_type menu-item-object-page menu-item-4541\"><a href=\"https:\/\/fadeweb.uncoma.edu.ar\/index.php\/publifadecs\/autores-publicados\/\" class=\"elementor-item\" tabindex=\"-1\">AUTORES PUBLICADOS<\/a><\/li>\n<li class=\"menu-item menu-item-type-post_type menu-item-object-page menu-item-4542\"><a href=\"https:\/\/fadeweb.uncoma.edu.ar\/index.php\/publifadecs\/titulos-en-imprenta\/\" class=\"elementor-item\" tabindex=\"-1\">TITULOS EN IMPRENTA<\/a><\/li>\n<li class=\"menu-item menu-item-type-post_type menu-item-object-page menu-item-4543\"><a href=\"https:\/\/fadeweb.uncoma.edu.ar\/index.php\/publifadecs\/revista\/\" class=\"elementor-item\" tabindex=\"-1\">REVISTA DE LA FACULTAD<\/a><\/li>\n<\/ul>\t\t\t<\/nav>\r\n\t\t\t\t\t\t<\/div>\n\t\t\t\t<\/div>\n\t\t\t\t\t<\/div>\n\t\t<\/div>\n\t\t\t\t\t<\/div>\n\t\t<\/section>\n\t\t\t\t<\/div>\n\t\t","protected":false},"excerpt":{"rendered":"<p>SECRETARIA DE EXTENSION PUBLIFADECS T\u00cdTULOS PUBLICADOS 2005 A\u00f1o 2005 Revista de la Facultad Estudios sociales n\u00ba 11ISSN 950-9859-51-6224 p\u00e1gs.A\u00f1o de edici\u00f3n 2005 &#8211; 1ra. edic.Soporte papelPrecio $ 20PubliFadecs Art\u00edculos: Democracia: espacios de racionalidad a \u201cimagen y semejanza\u201d; La empresa educativa y el espaldarazo estatal; La estatalizaci\u00f3n de la ocupaci\u00f3n en Neuqu\u00e9n-Plottier; Mercados y crisis. Hayek, [&hellip;]<\/p>\n","protected":false},"author":2,"featured_media":0,"parent":3552,"menu_order":0,"comment_status":"closed","ping_status":"closed","template":"","meta":{"footnotes":""},"class_list":["post-3758","page","type-page","status-publish","hentry"],"_links":{"self":[{"href":"https:\/\/fadeweb.uncoma.edu.ar\/index.php\/wp-json\/wp\/v2\/pages\/3758","targetHints":{"allow":["GET"]}}],"collection":[{"href":"https:\/\/fadeweb.uncoma.edu.ar\/index.php\/wp-json\/wp\/v2\/pages"}],"about":[{"href":"https:\/\/fadeweb.uncoma.edu.ar\/index.php\/wp-json\/wp\/v2\/types\/page"}],"author":[{"embeddable":true,"href":"https:\/\/fadeweb.uncoma.edu.ar\/index.php\/wp-json\/wp\/v2\/users\/2"}],"replies":[{"embeddable":true,"href":"https:\/\/fadeweb.uncoma.edu.ar\/index.php\/wp-json\/wp\/v2\/comments?post=3758"}],"version-history":[{"count":45,"href":"https:\/\/fadeweb.uncoma.edu.ar\/index.php\/wp-json\/wp\/v2\/pages\/3758\/revisions"}],"predecessor-version":[{"id":6784,"href":"https:\/\/fadeweb.uncoma.edu.ar\/index.php\/wp-json\/wp\/v2\/pages\/3758\/revisions\/6784"}],"up":[{"embeddable":true,"href":"https:\/\/fadeweb.uncoma.edu.ar\/index.php\/wp-json\/wp\/v2\/pages\/3552"}],"wp:attachment":[{"href":"https:\/\/fadeweb.uncoma.edu.ar\/index.php\/wp-json\/wp\/v2\/media?parent=3758"}],"curies":[{"name":"wp","href":"https:\/\/api.w.org\/{rel}","templated":true}]}}