{"id":3738,"date":"2022-09-16T15:50:42","date_gmt":"2022-09-16T15:50:42","guid":{"rendered":"http:\/\/web.fadecs.uncoma.edu.ar\/?page_id=3738"},"modified":"2022-10-09T22:10:38","modified_gmt":"2022-10-10T01:10:38","slug":"titulos-publicados-2006","status":"publish","type":"page","link":"https:\/\/fadeweb.uncoma.edu.ar\/index.php\/publifadecs\/titulos-publicados-2006\/","title":{"rendered":"TITULOS PUBLICADOS 2006"},"content":{"rendered":"\t\t<div data-elementor-type=\"wp-page\" data-elementor-id=\"3738\" class=\"elementor elementor-3738\" data-elementor-post-type=\"page\">\n\t\t\t\t\t\t<section class=\"elementor-section elementor-top-section elementor-element elementor-element-47a8fbf elementor-section-boxed elementor-section-height-default elementor-section-height-default\" data-id=\"47a8fbf\" data-element_type=\"section\" data-e-type=\"section\">\n\t\t\t\t\t\t<div class=\"elementor-container elementor-column-gap-default\">\n\t\t\t\t\t<div class=\"elementor-column elementor-col-66 elementor-top-column elementor-element elementor-element-d56de1a\" data-id=\"d56de1a\" data-element_type=\"column\" data-e-type=\"column\">\n\t\t\t<div class=\"elementor-widget-wrap elementor-element-populated\">\n\t\t\t\t\t\t<div class=\"elementor-element elementor-element-757bf0d elementor-widget elementor-widget-text-editor\" data-id=\"757bf0d\" data-element_type=\"widget\" data-e-type=\"widget\" data-widget_type=\"text-editor.default\">\n\t\t\t\t<div class=\"elementor-widget-container\">\n\t\t\t\t\t\t\t\t\t<h3><span class=\"texto\">SECRETARIA DE EXTENSION<\/span><\/h3>\t\t\t\t\t\t\t\t<\/div>\n\t\t\t\t<\/div>\n\t\t\t\t<div class=\"elementor-element elementor-element-69ae6c6 elementor-widget elementor-widget-heading\" data-id=\"69ae6c6\" data-element_type=\"widget\" data-e-type=\"widget\" data-widget_type=\"heading.default\">\n\t\t\t\t<div class=\"elementor-widget-container\">\n\t\t\t\t\t<h2 class=\"elementor-heading-title elementor-size-default\">PUBLIFADECS<\/h2>\t\t\t\t<\/div>\n\t\t\t\t<\/div>\n\t\t\t\t<div class=\"elementor-element elementor-element-ab6688c elementor-widget elementor-widget-shortcode\" data-id=\"ab6688c\" data-element_type=\"widget\" data-e-type=\"widget\" data-widget_type=\"shortcode.default\">\n\t\t\t\t<div class=\"elementor-widget-container\">\n\t\t\t\t\t\t\t<div class=\"elementor-shortcode\">\t\t<div data-elementor-type=\"section\" data-elementor-id=\"4612\" class=\"elementor elementor-4612\" data-elementor-post-type=\"elementor_library\">\r\n\t\t\t\t\t<section class=\"elementor-section elementor-top-section elementor-element elementor-element-6364b083 elementor-section-boxed elementor-section-height-default elementor-section-height-default\" data-id=\"6364b083\" data-element_type=\"section\" data-e-type=\"section\">\n\t\t\t\t\t\t<div class=\"elementor-container elementor-column-gap-default\">\n\t\t\t\t\t<div class=\"elementor-column elementor-col-100 elementor-top-column elementor-element elementor-element-46b625cb\" data-id=\"46b625cb\" data-element_type=\"column\" data-e-type=\"column\">\n\t\t\t<div class=\"elementor-widget-wrap elementor-element-populated\">\n\t\t\t\t\t\t<section class=\"elementor-section elementor-inner-section elementor-element elementor-element-5560bc37 elementor-section-boxed elementor-section-height-default elementor-section-height-default\" data-id=\"5560bc37\" data-element_type=\"section\" data-e-type=\"section\">\n\t\t\t\t\t\t<div class=\"elementor-container elementor-column-gap-default\">\n\t\t\t\t\t<div class=\"elementor-column elementor-col-50 elementor-inner-column elementor-element elementor-element-5044b353\" data-id=\"5044b353\" data-element_type=\"column\" data-e-type=\"column\">\n\t\t\t<div class=\"elementor-widget-wrap elementor-element-populated\">\n\t\t\t\t\t\t<div class=\"elementor-element elementor-element-28645217 elementor-widget elementor-widget-image\" data-id=\"28645217\" data-element_type=\"widget\" data-e-type=\"widget\" data-widget_type=\"image.default\">\n\t\t\t\t<div class=\"elementor-widget-container\">\n\t\t\t\t\t\t\t\t\t\t\t\t\t\t\t<img decoding=\"async\" width=\"195\" height=\"149\" src=\"https:\/\/fadeweb.uncoma.edu.ar\/wp-content\/uploads\/2022\/09\/PUBLIFADECSLOGO-1.jpg\" class=\"attachment-large size-large wp-image-4611\" alt=\"\" \/>\t\t\t\t\t\t\t\t\t\t\t\t\t\t\t<\/div>\n\t\t\t\t<\/div>\n\t\t\t\t\t<\/div>\n\t\t<\/div>\n\t\t\t\t<div class=\"elementor-column elementor-col-50 elementor-inner-column elementor-element elementor-element-6d00d3c7\" data-id=\"6d00d3c7\" data-element_type=\"column\" data-e-type=\"column\">\n\t\t\t<div class=\"elementor-widget-wrap elementor-element-populated\">\n\t\t\t\t\t\t<div class=\"elementor-element elementor-element-701a0937 elementor-tabs-view-horizontal elementor-widget elementor-widget-tabs\" data-id=\"701a0937\" data-element_type=\"widget\" data-e-type=\"widget\" data-widget_type=\"tabs.default\">\n\t\t\t\t<div class=\"elementor-widget-container\">\n\t\t\t\t\t\t\t<div class=\"elementor-tabs\">\n\t\t\t<div class=\"elementor-tabs-wrapper\" role=\"tablist\" >\n\t\t\t\t\t\t\t\t\t<div id=\"elementor-tab-title-1881\" class=\"elementor-tab-title elementor-tab-desktop-title\" aria-selected=\"true\" data-tab=\"1\" role=\"tab\" tabindex=\"0\" aria-controls=\"elementor-tab-content-1881\" aria-expanded=\"false\">Quienes somos<\/div>\n\t\t\t\t\t\t\t\t\t<div id=\"elementor-tab-title-1882\" class=\"elementor-tab-title elementor-tab-desktop-title\" aria-selected=\"false\" data-tab=\"2\" role=\"tab\" tabindex=\"-1\" aria-controls=\"elementor-tab-content-1882\" aria-expanded=\"false\">C\u00f3mo publicar<\/div>\n\t\t\t\t\t\t\t\t\t<div id=\"elementor-tab-title-1883\" class=\"elementor-tab-title elementor-tab-desktop-title\" aria-selected=\"false\" data-tab=\"3\" role=\"tab\" tabindex=\"-1\" aria-controls=\"elementor-tab-content-1883\" aria-expanded=\"false\">C\u00f3mo comprar<\/div>\n\t\t\t\t\t\t\t\t\t<div id=\"elementor-tab-title-1884\" class=\"elementor-tab-title elementor-tab-desktop-title\" aria-selected=\"false\" data-tab=\"4\" role=\"tab\" tabindex=\"-1\" aria-controls=\"elementor-tab-content-1884\" aria-expanded=\"false\">Contacto<\/div>\n\t\t\t\t\t\t\t<\/div>\n\t\t\t<div class=\"elementor-tabs-content-wrapper\" role=\"tablist\" aria-orientation=\"vertical\">\n\t\t\t\t\t\t\t\t\t<div class=\"elementor-tab-title elementor-tab-mobile-title\" aria-selected=\"true\" data-tab=\"1\" role=\"tab\" tabindex=\"0\" aria-controls=\"elementor-tab-content-1881\" aria-expanded=\"false\">Quienes somos<\/div>\n\t\t\t\t\t<div id=\"elementor-tab-content-1881\" class=\"elementor-tab-content elementor-clearfix\" data-tab=\"1\" role=\"tabpanel\" aria-labelledby=\"elementor-tab-title-1881\" tabindex=\"0\" hidden=\"false\"><p>El Departamento de Publicaciones de la Facultad de Derecho y Ciencias Sociales, de la Universidad Nacional del Comahue, tiene una Coordinaci\u00f3n Ejecutiva a cargo de la <strong>Dise\u00f1adora Viviana Garc\u00eda<\/strong>. El Departamento es integrado adem\u00e1s por el <strong>Comunicador Social Adrian Pereyra<\/strong> en el \u00e1rea de edici\u00f3n, la nodocentes <strong>Sandra Erratchu<\/strong> en el \u00e1rea administrativa y <strong>Hugo Quintrem\u00e1n <\/strong>a cargo de la impresi\u00f3n y atenci\u00f3n del kiosco.<\/p><\/div>\n\t\t\t\t\t\t\t\t\t<div class=\"elementor-tab-title elementor-tab-mobile-title\" aria-selected=\"false\" data-tab=\"2\" role=\"tab\" tabindex=\"-1\" aria-controls=\"elementor-tab-content-1882\" aria-expanded=\"false\">C\u00f3mo publicar<\/div>\n\t\t\t\t\t<div id=\"elementor-tab-content-1882\" class=\"elementor-tab-content elementor-clearfix\" data-tab=\"2\" role=\"tabpanel\" aria-labelledby=\"elementor-tab-title-1882\" tabindex=\"0\" hidden=\"hidden\"><p class=\"subt1a\" align=\"left\">A los autores interesados en contratar nuestros servicios:<\/p><p class=\"texto\" align=\"left\">De nuestra consideraci\u00f3n:<\/p><p class=\"texto\" align=\"left\">Nos es grato dirigirnos a ud. a fin de responder su consulta sobre las caracter\u00edsticas del servicio de publicaci\u00f3n de nuestro sello editorial. El Departamento de Publicaciones es una organizaci\u00f3n dependiente de la Facultad de Derecho y Ciencias Sociales de la Universidad Nacional del Comahue.<\/p><p class=\"texto\" align=\"left\">Es nuestro objetivo satisfacer y generar demandas acad\u00e9micas y extrauniversitarias, editando materiales de inter\u00e9s elaborados en \u00e1mbitos diversos de la producci\u00f3n cient\u00edfico-literaria de la regi\u00f3n. El Consejo Editorial efectuar\u00e1 el control acad\u00e9mico de los trabajos que los Departamentos, los docentes o los investigadores presenten para ser publicados, y ser\u00e1 sometido a referato seg\u00fan sus caracter\u00edsticas.<\/p><p class=\"texto\" align=\"left\">La impresi\u00f3n de trabajos de terceras personas se realiza gracias a nuestro excedente en la capacidad de producci\u00f3n. Esta posibilidad se concreta bajo las condiciones de contrataci\u00f3n de servicios establecidas por la casa de estudios. Es requisito el pago del cincuenta por ciento (50 %) del costo de la edici\u00f3n al acordar la edici\u00f3n, y el resto contra entrega del total del material impreso.<\/p><p class=\"texto\" align=\"left\">El servicio que se contrata se compone de insumos (tonner, papel, master, cola de encuadernaci\u00f3n, broches), y producci\u00f3n (correcci\u00f3n ortogr\u00e1fica, diagramaci\u00f3n de interior, dise\u00f1o de tapa). El visto bueno final de la obra ser\u00e1 dado con un m\u00e1ximo de dos monos (copias armadas como libros) que ser\u00e1 controlado por el autor.<\/p><p class=\"texto\" align=\"left\">El servicio incluye el tr\u00e1mite de inscripci\u00f3n en el Registro de la Propiedad Intelectual, que se realiza en la C\u00e1mara Argentina del Libro, por el que se obtiene el n\u00famero de ISBN (International Standard Book Number o N\u00famero Internacional Normalizado para libros) de la obra. Este sistema permite que cada t\u00edtulo publicado tenga un n\u00famero de identificaci\u00f3n \u00fanico y simple compuesto por diez n\u00fameros, una \u00abC\u00e9dula de Identidad\u00bb para cada libro, que se aplica independientemente del destino que el editor asigne al libro: venta, distribuci\u00f3n gratuita o circulaci\u00f3n en c\u00edrculos espec\u00edficos.<\/p><\/div>\n\t\t\t\t\t\t\t\t\t<div class=\"elementor-tab-title elementor-tab-mobile-title\" aria-selected=\"false\" data-tab=\"3\" role=\"tab\" tabindex=\"-1\" aria-controls=\"elementor-tab-content-1883\" aria-expanded=\"false\">C\u00f3mo comprar<\/div>\n\t\t\t\t\t<div id=\"elementor-tab-content-1883\" class=\"elementor-tab-content elementor-clearfix\" data-tab=\"3\" role=\"tabpanel\" aria-labelledby=\"elementor-tab-title-1883\" tabindex=\"0\" hidden=\"hidden\"><p>Los interesados en adquirir alguna de nuestras publicaciones dirigir su pedido a la siguiente direcci\u00f3n <a href=\"mailto:publifadecs@hotmail.com\"><strong>publifadecs@hotmail.com<\/strong><\/a><\/p><\/div>\n\t\t\t\t\t\t\t\t\t<div class=\"elementor-tab-title elementor-tab-mobile-title\" aria-selected=\"false\" data-tab=\"4\" role=\"tab\" tabindex=\"-1\" aria-controls=\"elementor-tab-content-1884\" aria-expanded=\"false\">Contacto<\/div>\n\t\t\t\t\t<div id=\"elementor-tab-content-1884\" class=\"elementor-tab-content elementor-clearfix\" data-tab=\"4\" role=\"tabpanel\" aria-labelledby=\"elementor-tab-title-1884\" tabindex=\"0\" hidden=\"hidden\"><p>Puede enviarnos un mail a: <a href=\"mailto:publifadecs@hotmail.com\"><strong>publifadecs@hotmail.com<\/strong><\/a><\/p><\/div>\n\t\t\t\t\t\t\t<\/div>\n\t\t<\/div>\n\t\t\t\t\t\t<\/div>\n\t\t\t\t<\/div>\n\t\t\t\t\t<\/div>\n\t\t<\/div>\n\t\t\t\t\t<\/div>\n\t\t<\/section>\n\t\t\t\t\t<\/div>\n\t\t<\/div>\n\t\t\t\t\t<\/div>\n\t\t<\/section>\n\t\t\t\t<\/div>\r\n\t\t<\/div>\n\t\t\t\t\t\t<\/div>\n\t\t\t\t<\/div>\n\t\t\t\t<div class=\"elementor-element elementor-element-ff28655 elementor-widget elementor-widget-text-editor\" data-id=\"ff28655\" data-element_type=\"widget\" data-e-type=\"widget\" data-widget_type=\"text-editor.default\">\n\t\t\t\t<div class=\"elementor-widget-container\">\n\t\t\t\t\t\t\t\t\t<h4>T\u00cdTULOS PUBLICADOS 2006<\/h4>\t\t\t\t\t\t\t\t<\/div>\n\t\t\t\t<\/div>\n\t\t\t\t<div class=\"elementor-element elementor-element-415b5cd elementor-nav-menu--dropdown-tablet elementor-nav-menu__text-align-aside elementor-nav-menu--toggle elementor-nav-menu--burger elementor-widget elementor-widget-global elementor-global-6353 elementor-widget-nav-menu\" data-id=\"415b5cd\" data-element_type=\"widget\" data-e-type=\"widget\" data-settings=\"{&quot;layout&quot;:&quot;horizontal&quot;,&quot;submenu_icon&quot;:{&quot;value&quot;:&quot;fas fa-caret-down&quot;,&quot;library&quot;:&quot;fa-solid&quot;},&quot;toggle&quot;:&quot;burger&quot;}\" data-widget_type=\"nav-menu.default\">\n\t\t\t\t<div class=\"elementor-widget-container\">\n\t\t\t\t\t\t\t\t<nav aria-label=\"Menu\" class=\"elementor-nav-menu--main elementor-nav-menu__container elementor-nav-menu--layout-horizontal e--pointer-underline e--animation-fade\">\r\n\t\t\t\t<ul id=\"menu-1-415b5cd\" class=\"elementor-nav-menu\"><li class=\"menu-item menu-item-type-post_type menu-item-object-page menu-item-4544\"><a href=\"https:\/\/fadeweb.uncoma.edu.ar\/index.php\/publifadecs\/titulos-publicados-2010\/\" class=\"elementor-item\">2010<\/a><\/li>\n<li class=\"menu-item menu-item-type-post_type menu-item-object-page menu-item-4545\"><a href=\"https:\/\/fadeweb.uncoma.edu.ar\/index.php\/publifadecs\/titulos-publicados-2009\/\" class=\"elementor-item\">2009<\/a><\/li>\n<li class=\"menu-item menu-item-type-post_type menu-item-object-page menu-item-4546\"><a href=\"https:\/\/fadeweb.uncoma.edu.ar\/index.php\/publifadecs\/titulos-publicados-2008\/\" class=\"elementor-item\">2008<\/a><\/li>\n<li class=\"menu-item menu-item-type-post_type menu-item-object-page menu-item-4547\"><a href=\"https:\/\/fadeweb.uncoma.edu.ar\/index.php\/publifadecs\/titulos-publicados-2006\/\" class=\"elementor-item\">2006<\/a><\/li>\n<li class=\"menu-item menu-item-type-post_type menu-item-object-page menu-item-4548\"><a href=\"https:\/\/fadeweb.uncoma.edu.ar\/index.php\/publifadecs\/titulos-publicados-2005\/\" class=\"elementor-item\">2005<\/a><\/li>\n<li class=\"menu-item menu-item-type-post_type menu-item-object-page menu-item-4549\"><a href=\"https:\/\/fadeweb.uncoma.edu.ar\/index.php\/publifadecs\/titulos-publicados-2004\/\" class=\"elementor-item\">2004<\/a><\/li>\n<li class=\"menu-item menu-item-type-post_type menu-item-object-page menu-item-4550\"><a href=\"https:\/\/fadeweb.uncoma.edu.ar\/index.php\/publifadecs\/titulos-publicados-2003\/\" class=\"elementor-item\">2003<\/a><\/li>\n<li class=\"menu-item menu-item-type-post_type menu-item-object-page menu-item-4551\"><a href=\"https:\/\/fadeweb.uncoma.edu.ar\/index.php\/publifadecs\/titulos-publicados-2002\/\" class=\"elementor-item\">2002<\/a><\/li>\n<li class=\"menu-item menu-item-type-post_type menu-item-object-page menu-item-4552\"><a href=\"https:\/\/fadeweb.uncoma.edu.ar\/index.php\/publifadecs\/titulos-publicados-2001\/\" class=\"elementor-item\">2001<\/a><\/li>\n<li class=\"menu-item menu-item-type-post_type menu-item-object-page menu-item-4553\"><a href=\"https:\/\/fadeweb.uncoma.edu.ar\/index.php\/publifadecs\/titulos-publicados-2000\/\" class=\"elementor-item\">2000<\/a><\/li>\n<li class=\"menu-item menu-item-type-post_type menu-item-object-page menu-item-4554\"><a href=\"https:\/\/fadeweb.uncoma.edu.ar\/index.php\/publifadecs\/titulos-publicados-1998\/\" class=\"elementor-item\">1998<\/a><\/li>\n<li class=\"menu-item menu-item-type-post_type menu-item-object-page menu-item-4555\"><a href=\"https:\/\/fadeweb.uncoma.edu.ar\/index.php\/publifadecs\/titulos-publicados-1997\/\" class=\"elementor-item\">1997<\/a><\/li>\n<li class=\"menu-item menu-item-type-post_type menu-item-object-page menu-item-4556\"><a href=\"https:\/\/fadeweb.uncoma.edu.ar\/index.php\/publifadecs\/titulos-publicados-1996\/\" class=\"elementor-item\">1996<\/a><\/li>\n<li class=\"menu-item menu-item-type-post_type menu-item-object-page menu-item-4557\"><a href=\"https:\/\/fadeweb.uncoma.edu.ar\/index.php\/publifadecs\/titulos-publicados-1995\/\" class=\"elementor-item\">1995<\/a><\/li>\n<\/ul>\t\t\t<\/nav>\r\n\t\t\t\t\t<div class=\"elementor-menu-toggle\" role=\"button\" tabindex=\"0\" aria-label=\"Menu Toggle\" aria-expanded=\"false\">\r\n\t\t\t<i aria-hidden=\"true\" role=\"presentation\" class=\"elementor-menu-toggle__icon--open eicon-menu-bar\"><\/i><i aria-hidden=\"true\" role=\"presentation\" class=\"elementor-menu-toggle__icon--close eicon-close\"><\/i>\t\t<\/div>\r\n\t\t\t\t\t<nav class=\"elementor-nav-menu--dropdown elementor-nav-menu__container\" aria-hidden=\"true\">\r\n\t\t\t\t<ul id=\"menu-2-415b5cd\" class=\"elementor-nav-menu\"><li class=\"menu-item menu-item-type-post_type menu-item-object-page menu-item-4544\"><a href=\"https:\/\/fadeweb.uncoma.edu.ar\/index.php\/publifadecs\/titulos-publicados-2010\/\" class=\"elementor-item\" tabindex=\"-1\">2010<\/a><\/li>\n<li class=\"menu-item menu-item-type-post_type menu-item-object-page menu-item-4545\"><a href=\"https:\/\/fadeweb.uncoma.edu.ar\/index.php\/publifadecs\/titulos-publicados-2009\/\" class=\"elementor-item\" tabindex=\"-1\">2009<\/a><\/li>\n<li class=\"menu-item menu-item-type-post_type menu-item-object-page menu-item-4546\"><a href=\"https:\/\/fadeweb.uncoma.edu.ar\/index.php\/publifadecs\/titulos-publicados-2008\/\" class=\"elementor-item\" tabindex=\"-1\">2008<\/a><\/li>\n<li class=\"menu-item menu-item-type-post_type menu-item-object-page menu-item-4547\"><a href=\"https:\/\/fadeweb.uncoma.edu.ar\/index.php\/publifadecs\/titulos-publicados-2006\/\" class=\"elementor-item\" tabindex=\"-1\">2006<\/a><\/li>\n<li class=\"menu-item menu-item-type-post_type menu-item-object-page menu-item-4548\"><a href=\"https:\/\/fadeweb.uncoma.edu.ar\/index.php\/publifadecs\/titulos-publicados-2005\/\" class=\"elementor-item\" tabindex=\"-1\">2005<\/a><\/li>\n<li class=\"menu-item menu-item-type-post_type menu-item-object-page menu-item-4549\"><a href=\"https:\/\/fadeweb.uncoma.edu.ar\/index.php\/publifadecs\/titulos-publicados-2004\/\" class=\"elementor-item\" tabindex=\"-1\">2004<\/a><\/li>\n<li class=\"menu-item menu-item-type-post_type menu-item-object-page menu-item-4550\"><a href=\"https:\/\/fadeweb.uncoma.edu.ar\/index.php\/publifadecs\/titulos-publicados-2003\/\" class=\"elementor-item\" tabindex=\"-1\">2003<\/a><\/li>\n<li class=\"menu-item menu-item-type-post_type menu-item-object-page menu-item-4551\"><a href=\"https:\/\/fadeweb.uncoma.edu.ar\/index.php\/publifadecs\/titulos-publicados-2002\/\" class=\"elementor-item\" tabindex=\"-1\">2002<\/a><\/li>\n<li class=\"menu-item menu-item-type-post_type menu-item-object-page menu-item-4552\"><a href=\"https:\/\/fadeweb.uncoma.edu.ar\/index.php\/publifadecs\/titulos-publicados-2001\/\" class=\"elementor-item\" tabindex=\"-1\">2001<\/a><\/li>\n<li class=\"menu-item menu-item-type-post_type menu-item-object-page menu-item-4553\"><a href=\"https:\/\/fadeweb.uncoma.edu.ar\/index.php\/publifadecs\/titulos-publicados-2000\/\" class=\"elementor-item\" tabindex=\"-1\">2000<\/a><\/li>\n<li class=\"menu-item menu-item-type-post_type menu-item-object-page menu-item-4554\"><a href=\"https:\/\/fadeweb.uncoma.edu.ar\/index.php\/publifadecs\/titulos-publicados-1998\/\" class=\"elementor-item\" tabindex=\"-1\">1998<\/a><\/li>\n<li class=\"menu-item menu-item-type-post_type menu-item-object-page menu-item-4555\"><a href=\"https:\/\/fadeweb.uncoma.edu.ar\/index.php\/publifadecs\/titulos-publicados-1997\/\" class=\"elementor-item\" tabindex=\"-1\">1997<\/a><\/li>\n<li class=\"menu-item menu-item-type-post_type menu-item-object-page menu-item-4556\"><a href=\"https:\/\/fadeweb.uncoma.edu.ar\/index.php\/publifadecs\/titulos-publicados-1996\/\" class=\"elementor-item\" tabindex=\"-1\">1996<\/a><\/li>\n<li class=\"menu-item menu-item-type-post_type menu-item-object-page menu-item-4557\"><a href=\"https:\/\/fadeweb.uncoma.edu.ar\/index.php\/publifadecs\/titulos-publicados-1995\/\" class=\"elementor-item\" tabindex=\"-1\">1995<\/a><\/li>\n<\/ul>\t\t\t<\/nav>\r\n\t\t\t\t\t\t<\/div>\n\t\t\t\t<\/div>\n\t\t\t\t<div class=\"elementor-element elementor-element-2db197d elementor-widget elementor-widget-heading\" data-id=\"2db197d\" data-element_type=\"widget\" data-e-type=\"widget\" data-widget_type=\"heading.default\">\n\t\t\t\t<div class=\"elementor-widget-container\">\n\t\t\t\t\t<h2 class=\"elementor-heading-title elementor-size-default\">A\u00f1o 2006<\/h2>\t\t\t\t<\/div>\n\t\t\t\t<\/div>\n\t\t\t\t<section class=\"elementor-section elementor-inner-section elementor-element elementor-element-1daa86f elementor-section-boxed elementor-section-height-default elementor-section-height-default\" data-id=\"1daa86f\" data-element_type=\"section\" data-e-type=\"section\">\n\t\t\t\t\t\t<div class=\"elementor-container elementor-column-gap-default\">\n\t\t\t\t\t<div class=\"elementor-column elementor-col-33 elementor-inner-column elementor-element elementor-element-d223b39\" data-id=\"d223b39\" data-element_type=\"column\" data-e-type=\"column\">\n\t\t\t<div class=\"elementor-widget-wrap elementor-element-populated\">\n\t\t\t\t\t\t<div class=\"elementor-element elementor-element-2f228e8 elementor-widget elementor-widget-image\" data-id=\"2f228e8\" data-element_type=\"widget\" data-e-type=\"widget\" data-widget_type=\"image.default\">\n\t\t\t\t<div class=\"elementor-widget-container\">\n\t\t\t\t\t\t\t\t\t\t\t\t\t\t\t<img decoding=\"async\" width=\"100\" height=\"142\" src=\"https:\/\/fadeweb.uncoma.edu.ar\/wp-content\/uploads\/2022\/09\/untecho1.jpg\" class=\"attachment-large size-large wp-image-3629\" alt=\"\" \/>\t\t\t\t\t\t\t\t\t\t\t\t\t\t\t<\/div>\n\t\t\t\t<\/div>\n\t\t\t\t\t<\/div>\n\t\t<\/div>\n\t\t\t\t<div class=\"elementor-column elementor-col-33 elementor-inner-column elementor-element elementor-element-310a121\" data-id=\"310a121\" data-element_type=\"column\" data-e-type=\"column\">\n\t\t\t<div class=\"elementor-widget-wrap elementor-element-populated\">\n\t\t\t\t\t\t<div class=\"elementor-element elementor-element-57c919a elementor-widget elementor-widget-text-editor\" data-id=\"57c919a\" data-element_type=\"widget\" data-e-type=\"widget\" data-widget_type=\"text-editor.default\">\n\t\t\t\t<div class=\"elementor-widget-container\">\n\t\t\t\t\t\t\t\t\t<p>T\u00edtulo:<strong> <br \/>20 A\u00f1os <br \/><\/strong>Subt\u00edtulo:<strong> <br \/><\/strong>Construyendo H\u00e1bitat, Promoci\u00f3n y Ciudadan\u00eda<strong><br \/><\/strong>Autor: Adriana Hipperdinger [et. al.]<br \/>ISBN 987-604-019-7<br \/>A\u00f1o de edici\u00f3n 2006 \u2013 1ra. ed.<br \/>Soporte papel<br \/>Precio $ <br \/>PubliFadecs<\/p>\t\t\t\t\t\t\t\t<\/div>\n\t\t\t\t<\/div>\n\t\t\t\t\t<\/div>\n\t\t<\/div>\n\t\t\t\t<div class=\"elementor-column elementor-col-33 elementor-inner-column elementor-element elementor-element-30c7d6e\" data-id=\"30c7d6e\" data-element_type=\"column\" data-e-type=\"column\">\n\t\t\t<div class=\"elementor-widget-wrap elementor-element-populated\">\n\t\t\t\t\t\t<div class=\"elementor-element elementor-element-23dbe23 elementor-widget elementor-widget-text-editor\" data-id=\"23dbe23\" data-element_type=\"widget\" data-e-type=\"widget\" data-widget_type=\"text-editor.default\">\n\t\t\t\t<div class=\"elementor-widget-container\">\n\t\t\t\t\t\t\t\t\t<p><strong>Resumen: <\/strong>El hablar de las pr\u00e1cticas que sostenemos como seres humanos constituye un ejercicio que nos ayuda a entender mejor lo que hacemos. Imbuidos en el hacer, pocas veces prestamos atenci\u00f3n en documentar este tr\u00e1nsito. Es por eso que queremos este libro. Porque pensamos que la pr\u00e1ctica de la palabra crea identidad. En ese sentido, quienes integramos UN TECHO Para Mi Hermano nos reconocemos en estos discursos que indagan, desde distintos lugares, en qui\u00e9nes somos y nos ayudan a construirnos.<\/p>\t\t\t\t\t\t\t\t<\/div>\n\t\t\t\t<\/div>\n\t\t\t\t\t<\/div>\n\t\t<\/div>\n\t\t\t\t\t<\/div>\n\t\t<\/section>\n\t\t\t\t<section class=\"elementor-section elementor-inner-section elementor-element elementor-element-e4b9c8a elementor-section-boxed elementor-section-height-default elementor-section-height-default\" data-id=\"e4b9c8a\" data-element_type=\"section\" data-e-type=\"section\">\n\t\t\t\t\t\t<div class=\"elementor-container elementor-column-gap-default\">\n\t\t\t\t\t<div class=\"elementor-column elementor-col-33 elementor-inner-column elementor-element elementor-element-c30720a\" data-id=\"c30720a\" data-element_type=\"column\" data-e-type=\"column\">\n\t\t\t<div class=\"elementor-widget-wrap elementor-element-populated\">\n\t\t\t\t\t\t<div class=\"elementor-element elementor-element-94d0496 elementor-widget elementor-widget-image\" data-id=\"94d0496\" data-element_type=\"widget\" data-e-type=\"widget\" data-widget_type=\"image.default\">\n\t\t\t\t<div class=\"elementor-widget-container\">\n\t\t\t\t\t\t\t\t\t\t\t\t\t\t\t<img decoding=\"async\" width=\"100\" height=\"133\" src=\"https:\/\/fadeweb.uncoma.edu.ar\/wp-content\/uploads\/2022\/09\/ausencias.jpg\" class=\"attachment-large size-large wp-image-3630\" alt=\"\" \/>\t\t\t\t\t\t\t\t\t\t\t\t\t\t\t<\/div>\n\t\t\t\t<\/div>\n\t\t\t\t\t<\/div>\n\t\t<\/div>\n\t\t\t\t<div class=\"elementor-column elementor-col-33 elementor-inner-column elementor-element elementor-element-7b06030\" data-id=\"7b06030\" data-element_type=\"column\" data-e-type=\"column\">\n\t\t\t<div class=\"elementor-widget-wrap elementor-element-populated\">\n\t\t\t\t\t\t<div class=\"elementor-element elementor-element-9b86ea6 elementor-widget elementor-widget-text-editor\" data-id=\"9b86ea6\" data-element_type=\"widget\" data-e-type=\"widget\" data-widget_type=\"text-editor.default\">\n\t\t\t\t<div class=\"elementor-widget-container\">\n\t\t\t\t\t\t\t\t\t<p>T\u00edtulo: <br \/><strong>Ausencias<\/strong><br \/>Autor<strong>:<\/strong> Proyecto Despertares Taller de escritura de cuentos cortos, relatos breves, poes\u00edas y textos period\u00edsticos.<br \/>ISBN 987-1154-98-4<br \/>88 P\u00e1gs.<br \/>A\u00f1o de edici\u00f3n: 2006 \u2013 1ra. ed.<br \/>Soporte papel<br \/><em>No se comercializa<br \/><\/em>PubliFadecs<\/p>\t\t\t\t\t\t\t\t<\/div>\n\t\t\t\t<\/div>\n\t\t\t\t\t<\/div>\n\t\t<\/div>\n\t\t\t\t<div class=\"elementor-column elementor-col-33 elementor-inner-column elementor-element elementor-element-a48fbce\" data-id=\"a48fbce\" data-element_type=\"column\" data-e-type=\"column\">\n\t\t\t<div class=\"elementor-widget-wrap elementor-element-populated\">\n\t\t\t\t\t\t<div class=\"elementor-element elementor-element-74f2208 elementor-widget elementor-widget-text-editor\" data-id=\"74f2208\" data-element_type=\"widget\" data-e-type=\"widget\" data-widget_type=\"text-editor.default\">\n\t\t\t\t<div class=\"elementor-widget-container\">\n\t\t\t\t\t\t\t\t\t<p><strong>Resumen:<\/strong> La intenci\u00f3n del proyecto \u2013denominado \u201cDespertares\u201d- fue no s\u00f3lo realizar un taller de escritura, sino lograr que la producci\u00f3n obtenida del mismo fuera publicada para que lo escrito quedara plasmado y se materializara en un \u201clibro\u201d que asegurara su perdurabilidad en el tiempo. <\/p>\t\t\t\t\t\t\t\t<\/div>\n\t\t\t\t<\/div>\n\t\t\t\t\t<\/div>\n\t\t<\/div>\n\t\t\t\t\t<\/div>\n\t\t<\/section>\n\t\t\t\t<section class=\"elementor-section elementor-inner-section elementor-element elementor-element-282b9b8 elementor-section-boxed elementor-section-height-default elementor-section-height-default\" data-id=\"282b9b8\" data-element_type=\"section\" data-e-type=\"section\">\n\t\t\t\t\t\t<div class=\"elementor-container elementor-column-gap-default\">\n\t\t\t\t\t<div class=\"elementor-column elementor-col-33 elementor-inner-column elementor-element elementor-element-cf25e81\" data-id=\"cf25e81\" data-element_type=\"column\" data-e-type=\"column\">\n\t\t\t<div class=\"elementor-widget-wrap\">\n\t\t\t\t\t\t\t<\/div>\n\t\t<\/div>\n\t\t\t\t<div class=\"elementor-column elementor-col-33 elementor-inner-column elementor-element elementor-element-6f0b283\" data-id=\"6f0b283\" data-element_type=\"column\" data-e-type=\"column\">\n\t\t\t<div class=\"elementor-widget-wrap elementor-element-populated\">\n\t\t\t\t\t\t<div class=\"elementor-element elementor-element-ae88396 elementor-widget elementor-widget-text-editor\" data-id=\"ae88396\" data-element_type=\"widget\" data-e-type=\"widget\" data-widget_type=\"text-editor.default\">\n\t\t\t\t<div class=\"elementor-widget-container\">\n\t\t\t\t\t\t\t\t\t<p><a id=\"bosquea\" name=\"bosquea\"><\/a><br \/>T\u00edtulo:<br \/><strong>Bosque afuera<\/strong><br \/>Autor: Juan Ra\u00fal Rithner [et. al.]<br \/>ISBN 987-604-008-1<br \/>144 p\u00e1gs.<br \/>A\u00f1o de edici\u00f3n: 2006 \u2013 1ra. ed.<br \/>Soporte papel<br \/>Precio $<br \/>PubliFadecs<\/p>\t\t\t\t\t\t\t\t<\/div>\n\t\t\t\t<\/div>\n\t\t\t\t\t<\/div>\n\t\t<\/div>\n\t\t\t\t<div class=\"elementor-column elementor-col-33 elementor-inner-column elementor-element elementor-element-615f631\" data-id=\"615f631\" data-element_type=\"column\" data-e-type=\"column\">\n\t\t\t<div class=\"elementor-widget-wrap elementor-element-populated\">\n\t\t\t\t\t\t<div class=\"elementor-element elementor-element-fef0529 elementor-widget elementor-widget-text-editor\" data-id=\"fef0529\" data-element_type=\"widget\" data-e-type=\"widget\" data-widget_type=\"text-editor.default\">\n\t\t\t\t<div class=\"elementor-widget-container\">\n\t\t\t\t\t\t\t\t\t<p><strong>Resumen:<\/strong> \u201cPodemos incidir para que el bosque se enmara\u00f1e en su propia abundancia y belleza y se arraigue y crezca bosque adentro. Pero tambi\u00e9n podemos incidir para que ese bosque salga a sembrar semillas, canto, verde y vida, bosque comunicaci\u00f3n, bosque pr\u00f3digo, bosque mano abierta, bosque afuera\u2026\u201d Experiencias en derredor de la Atenci\u00f3n Primaria de la Salud, la comunicaci\u00f3n interpersonal y grupal, el est\u00edmulo a la creatividad, la producci\u00f3n y la gesti\u00f3n comunicativa en las organizaciones.<\/p>\t\t\t\t\t\t\t\t<\/div>\n\t\t\t\t<\/div>\n\t\t\t\t\t<\/div>\n\t\t<\/div>\n\t\t\t\t\t<\/div>\n\t\t<\/section>\n\t\t\t\t<section class=\"elementor-section elementor-inner-section elementor-element elementor-element-cd50cf1 elementor-section-boxed elementor-section-height-default elementor-section-height-default\" data-id=\"cd50cf1\" data-element_type=\"section\" data-e-type=\"section\">\n\t\t\t\t\t\t<div class=\"elementor-container elementor-column-gap-default\">\n\t\t\t\t\t<div class=\"elementor-column elementor-col-33 elementor-inner-column elementor-element elementor-element-a0f047a\" data-id=\"a0f047a\" data-element_type=\"column\" data-e-type=\"column\">\n\t\t\t<div class=\"elementor-widget-wrap elementor-element-populated\">\n\t\t\t\t\t\t<div class=\"elementor-element elementor-element-43ab07f elementor-widget elementor-widget-image\" data-id=\"43ab07f\" data-element_type=\"widget\" data-e-type=\"widget\" data-widget_type=\"image.default\">\n\t\t\t\t<div class=\"elementor-widget-container\">\n\t\t\t\t\t\t\t\t\t\t\t\t\t\t\t<img loading=\"lazy\" decoding=\"async\" width=\"100\" height=\"134\" src=\"https:\/\/fadeweb.uncoma.edu.ar\/wp-content\/uploads\/2022\/09\/comentariosdejurisprudencia33.jpg\" class=\"attachment-large size-large wp-image-3631\" alt=\"\" \/>\t\t\t\t\t\t\t\t\t\t\t\t\t\t\t<\/div>\n\t\t\t\t<\/div>\n\t\t\t\t\t<\/div>\n\t\t<\/div>\n\t\t\t\t<div class=\"elementor-column elementor-col-33 elementor-inner-column elementor-element elementor-element-ba7699f\" data-id=\"ba7699f\" data-element_type=\"column\" data-e-type=\"column\">\n\t\t\t<div class=\"elementor-widget-wrap elementor-element-populated\">\n\t\t\t\t\t\t<div class=\"elementor-element elementor-element-78ea7eb elementor-widget elementor-widget-text-editor\" data-id=\"78ea7eb\" data-element_type=\"widget\" data-e-type=\"widget\" data-widget_type=\"text-editor.default\">\n\t\t\t\t<div class=\"elementor-widget-container\">\n\t\t\t\t\t\t\t\t\t<p><a id=\"jurisprudencia34\" name=\"jurisprudencia34\"><\/a><br \/>T\u00edtulo:<br \/><strong>Comentarios de Jurisprudenci<\/strong><em>a<\/em><br \/>A\u00f1o XV N\u00ba 34 &#8211; 2006<br \/>Autor: Colegio de Abogados de General Roca \u2013 Colegio de Abogados Alto Valle Oeste<br \/>186 p\u00e1gs.<br \/>A\u00f1o de edici\u00f3n 2006 \u2013 1ra. ed.<br \/>Soporte papel<br \/>Precio $<br \/>PubliFadecs<\/p>\t\t\t\t\t\t\t\t<\/div>\n\t\t\t\t<\/div>\n\t\t\t\t\t<\/div>\n\t\t<\/div>\n\t\t\t\t<div class=\"elementor-column elementor-col-33 elementor-inner-column elementor-element elementor-element-bcd48b9\" data-id=\"bcd48b9\" data-element_type=\"column\" data-e-type=\"column\">\n\t\t\t<div class=\"elementor-widget-wrap elementor-element-populated\">\n\t\t\t\t\t\t<div class=\"elementor-element elementor-element-da94e44 elementor-widget elementor-widget-text-editor\" data-id=\"da94e44\" data-element_type=\"widget\" data-e-type=\"widget\" data-widget_type=\"text-editor.default\">\n\t\t\t\t<div class=\"elementor-widget-container\">\n\t\t\t\t\t\t\t\t\t<p><strong>Resumen:<\/strong> Esta revista es un espacio abierto al que aportan material de inter\u00e9s los abogados de los colegios de General Roca y de Alto Valle Oeste.<\/p>\t\t\t\t\t\t\t\t<\/div>\n\t\t\t\t<\/div>\n\t\t\t\t\t<\/div>\n\t\t<\/div>\n\t\t\t\t\t<\/div>\n\t\t<\/section>\n\t\t\t\t<section class=\"elementor-section elementor-inner-section elementor-element elementor-element-0dc234f elementor-section-boxed elementor-section-height-default elementor-section-height-default\" data-id=\"0dc234f\" data-element_type=\"section\" data-e-type=\"section\">\n\t\t\t\t\t\t<div class=\"elementor-container elementor-column-gap-default\">\n\t\t\t\t\t<div class=\"elementor-column elementor-col-33 elementor-inner-column elementor-element elementor-element-cf2c2d7\" data-id=\"cf2c2d7\" data-element_type=\"column\" data-e-type=\"column\">\n\t\t\t<div class=\"elementor-widget-wrap elementor-element-populated\">\n\t\t\t\t\t\t<div class=\"elementor-element elementor-element-4222fc2 elementor-widget elementor-widget-image\" data-id=\"4222fc2\" data-element_type=\"widget\" data-e-type=\"widget\" data-widget_type=\"image.default\">\n\t\t\t\t<div class=\"elementor-widget-container\">\n\t\t\t\t\t\t\t\t\t\t\t\t\t\t\t<img loading=\"lazy\" decoding=\"async\" width=\"100\" height=\"126\" src=\"https:\/\/fadeweb.uncoma.edu.ar\/wp-content\/uploads\/2022\/09\/cuadernosderechopenal3.jpg\" class=\"attachment-large size-large wp-image-3632\" alt=\"\" \/>\t\t\t\t\t\t\t\t\t\t\t\t\t\t\t<\/div>\n\t\t\t\t<\/div>\n\t\t\t\t\t<\/div>\n\t\t<\/div>\n\t\t\t\t<div class=\"elementor-column elementor-col-33 elementor-inner-column elementor-element elementor-element-3be1c55\" data-id=\"3be1c55\" data-element_type=\"column\" data-e-type=\"column\">\n\t\t\t<div class=\"elementor-widget-wrap elementor-element-populated\">\n\t\t\t\t\t\t<div class=\"elementor-element elementor-element-07c9673 elementor-widget elementor-widget-text-editor\" data-id=\"07c9673\" data-element_type=\"widget\" data-e-type=\"widget\" data-widget_type=\"text-editor.default\">\n\t\t\t\t<div class=\"elementor-widget-container\">\n\t\t\t\t\t\t\t\t\t<p><a id=\"cuadernos-dp\" name=\"cuadernos-dp\"><\/a><br \/>T\u00edtulo:<br \/><strong>Cuadernos de Derecho Penal<\/strong><em><br \/><\/em>Autor: Instituto de Derecho Penal y Procesal Penal del Colegio de Abogados y Procuradores de Neuqu\u00e9n<br \/>328 p\u00e1gs.<br \/>A\u00f1o de edici\u00f3n 2006 \u2013 1ra. ed.<br \/>Soporte papel<br \/>Precio $<br \/>Publifadecs<\/p>\t\t\t\t\t\t\t\t<\/div>\n\t\t\t\t<\/div>\n\t\t\t\t\t<\/div>\n\t\t<\/div>\n\t\t\t\t<div class=\"elementor-column elementor-col-33 elementor-inner-column elementor-element elementor-element-1c5ddfd\" data-id=\"1c5ddfd\" data-element_type=\"column\" data-e-type=\"column\">\n\t\t\t<div class=\"elementor-widget-wrap elementor-element-populated\">\n\t\t\t\t\t\t<div class=\"elementor-element elementor-element-37a56e7 elementor-widget elementor-widget-text-editor\" data-id=\"37a56e7\" data-element_type=\"widget\" data-e-type=\"widget\" data-widget_type=\"text-editor.default\">\n\t\t\t\t<div class=\"elementor-widget-container\">\n\t\t\t\t\t\t\t\t\t<p><strong>Resumen:<\/strong> La realizaci\u00f3n de trabajos escritos como estos, no s\u00f3lo requiere conocimiento en la materia. Precisan algo m\u00e1s. Precisan re-pensar lo postulado. Y as\u00ed como la sabidur\u00eda no radica en la cantidad de cosas conocidas, sino en aquellas que se reflexionaron, as\u00ed tambi\u00e9n esta faena importa una gran actitud reflexiva. All\u00ed nace la cr\u00edtica, que junto a la grandeza de la humildad, nos permiten avanzar aceptando el cambio <\/p>\t\t\t\t\t\t\t\t<\/div>\n\t\t\t\t<\/div>\n\t\t\t\t\t<\/div>\n\t\t<\/div>\n\t\t\t\t\t<\/div>\n\t\t<\/section>\n\t\t\t\t<section class=\"elementor-section elementor-inner-section elementor-element elementor-element-31bb11e elementor-section-boxed elementor-section-height-default elementor-section-height-default\" data-id=\"31bb11e\" data-element_type=\"section\" data-e-type=\"section\">\n\t\t\t\t\t\t<div class=\"elementor-container elementor-column-gap-default\">\n\t\t\t\t\t<div class=\"elementor-column elementor-col-33 elementor-inner-column elementor-element elementor-element-d42f982\" data-id=\"d42f982\" data-element_type=\"column\" data-e-type=\"column\">\n\t\t\t<div class=\"elementor-widget-wrap elementor-element-populated\">\n\t\t\t\t\t\t<div class=\"elementor-element elementor-element-8814a60 elementor-widget elementor-widget-image\" data-id=\"8814a60\" data-element_type=\"widget\" data-e-type=\"widget\" data-widget_type=\"image.default\">\n\t\t\t\t<div class=\"elementor-widget-container\">\n\t\t\t\t\t\t\t\t\t\t\t\t\t\t\t<img loading=\"lazy\" decoding=\"async\" width=\"100\" height=\"123\" src=\"https:\/\/fadeweb.uncoma.edu.ar\/wp-content\/uploads\/2022\/09\/convenio169delaOIT.jpg\" class=\"attachment-large size-large wp-image-3633\" alt=\"\" \/>\t\t\t\t\t\t\t\t\t\t\t\t\t\t\t<\/div>\n\t\t\t\t<\/div>\n\t\t\t\t\t<\/div>\n\t\t<\/div>\n\t\t\t\t<div class=\"elementor-column elementor-col-33 elementor-inner-column elementor-element elementor-element-c6bb7dc\" data-id=\"c6bb7dc\" data-element_type=\"column\" data-e-type=\"column\">\n\t\t\t<div class=\"elementor-widget-wrap elementor-element-populated\">\n\t\t\t\t\t\t<div class=\"elementor-element elementor-element-c633f7f elementor-widget elementor-widget-text-editor\" data-id=\"c633f7f\" data-element_type=\"widget\" data-e-type=\"widget\" data-widget_type=\"text-editor.default\">\n\t\t\t\t<div class=\"elementor-widget-container\">\n\t\t\t\t\t\t\t\t\t<p><a id=\"169\" name=\"169\"><\/a><br \/>T\u00edtulo<strong>:<br \/><\/strong><strong>Convenio 169 de la OIT sobre pueblo ind\u00edgenas (Comentado y anotado)<\/strong><em><br \/><\/em>Autor: Juan Manuel Salgado<br \/>ISBN 987-1154-88-7<br \/>372 p\u00e1gs.<br \/>A\u00f1o de edici\u00f3n: 2006 \u2013 1ra. ed.<br \/>Soporte papel<br \/>Precio $<br \/>PubliFadecs<\/p>\t\t\t\t\t\t\t\t<\/div>\n\t\t\t\t<\/div>\n\t\t\t\t\t<\/div>\n\t\t<\/div>\n\t\t\t\t<div class=\"elementor-column elementor-col-33 elementor-inner-column elementor-element elementor-element-e475b33\" data-id=\"e475b33\" data-element_type=\"column\" data-e-type=\"column\">\n\t\t\t<div class=\"elementor-widget-wrap elementor-element-populated\">\n\t\t\t\t\t\t<div class=\"elementor-element elementor-element-1a82187 elementor-widget elementor-widget-text-editor\" data-id=\"1a82187\" data-element_type=\"widget\" data-e-type=\"widget\" data-widget_type=\"text-editor.default\">\n\t\t\t\t<div class=\"elementor-widget-container\">\n\t\t\t\t\t\t\t\t\t<p><strong>Resumen:<\/strong> La incorporaci\u00f3n al \u00e1mbito interno del derecho internacional de los derechos humanos, la reforma constitucional de 1994, que reconoci\u00f3 la preexistencia \u00e9tnica y cultural de los pueblos ind\u00edgenas, y la ratificaci\u00f3n del Convenio 169 de la OIT, constituyen un vuelco fundamental dentro del derecho positivo que apenas ha comenzado a asimilarse por la doctrina y jurisprudencia. El objetivo de este manual es servir de instrumento para revertir esta situaci\u00f3n ilegal y facilitar la aplicaci\u00f3n del derecho vigente en la actualidad.<\/p>\t\t\t\t\t\t\t\t<\/div>\n\t\t\t\t<\/div>\n\t\t\t\t\t<\/div>\n\t\t<\/div>\n\t\t\t\t\t<\/div>\n\t\t<\/section>\n\t\t\t\t<section class=\"elementor-section elementor-inner-section elementor-element elementor-element-72c00cd elementor-section-boxed elementor-section-height-default elementor-section-height-default\" data-id=\"72c00cd\" data-element_type=\"section\" data-e-type=\"section\">\n\t\t\t\t\t\t<div class=\"elementor-container elementor-column-gap-default\">\n\t\t\t\t\t<div class=\"elementor-column elementor-col-33 elementor-inner-column elementor-element elementor-element-3e703aa\" data-id=\"3e703aa\" data-element_type=\"column\" data-e-type=\"column\">\n\t\t\t<div class=\"elementor-widget-wrap elementor-element-populated\">\n\t\t\t\t\t\t<div class=\"elementor-element elementor-element-5821087 elementor-widget elementor-widget-image\" data-id=\"5821087\" data-element_type=\"widget\" data-e-type=\"widget\" data-widget_type=\"image.default\">\n\t\t\t\t<div class=\"elementor-widget-container\">\n\t\t\t\t\t\t\t\t\t\t\t\t\t\t\t<img loading=\"lazy\" decoding=\"async\" width=\"100\" height=\"128\" src=\"https:\/\/fadeweb.uncoma.edu.ar\/wp-content\/uploads\/2022\/09\/delapatriaylosactos.jpg\" class=\"attachment-large size-large wp-image-3634\" alt=\"\" \/>\t\t\t\t\t\t\t\t\t\t\t\t\t\t\t<\/div>\n\t\t\t\t<\/div>\n\t\t\t\t\t<\/div>\n\t\t<\/div>\n\t\t\t\t<div class=\"elementor-column elementor-col-33 elementor-inner-column elementor-element elementor-element-8ee6908\" data-id=\"8ee6908\" data-element_type=\"column\" data-e-type=\"column\">\n\t\t\t<div class=\"elementor-widget-wrap elementor-element-populated\">\n\t\t\t\t\t\t<div class=\"elementor-element elementor-element-f8ce437 elementor-widget elementor-widget-text-editor\" data-id=\"f8ce437\" data-element_type=\"widget\" data-e-type=\"widget\" data-widget_type=\"text-editor.default\">\n\t\t\t\t<div class=\"elementor-widget-container\">\n\t\t\t\t\t\t\t\t\t<p><a id=\"dlpylape\" name=\"dlpylape\"><\/a><br \/>T\u00edtulo:<br \/><strong>De la patria y los actos patrios escolare<\/strong><em>s<br \/><\/em>Autor: Carlos R. Schulmaister y Rodolfo C. Tonini<br \/>ISBN 987-1154-87-9<br \/>224 p\u00e1gs.<br \/>A\u00f1o de edici\u00f3n: 2006 \u2013 1ra. ed.<br \/>Soporte papel<br \/>Precio $ 20.-<br \/>PubliFadecs<\/p>\t\t\t\t\t\t\t\t<\/div>\n\t\t\t\t<\/div>\n\t\t\t\t\t<\/div>\n\t\t<\/div>\n\t\t\t\t<div class=\"elementor-column elementor-col-33 elementor-inner-column elementor-element elementor-element-2813e82\" data-id=\"2813e82\" data-element_type=\"column\" data-e-type=\"column\">\n\t\t\t<div class=\"elementor-widget-wrap elementor-element-populated\">\n\t\t\t\t\t\t<div class=\"elementor-element elementor-element-03bc1e1 elementor-widget elementor-widget-text-editor\" data-id=\"03bc1e1\" data-element_type=\"widget\" data-e-type=\"widget\" data-widget_type=\"text-editor.default\">\n\t\t\t\t<div class=\"elementor-widget-container\">\n\t\t\t\t\t\t\t\t\t<p><strong>Resumen:<\/strong> Provenientes de campos disciplinares distintos \u2013las ciencias sociales y la m\u00fasica- y de adscripciones y luchas pol\u00edticas en los dos grandes movimientos pol\u00edticos del siglo XX, dos colegas y amigos arriban a conclusiones compartidas en un tema que tiene mucho que ver con su com\u00fan oficio de educadores: la patria y el patriotismo en relaci\u00f3n con los actos patrios escolares.<\/p>\t\t\t\t\t\t\t\t<\/div>\n\t\t\t\t<\/div>\n\t\t\t\t\t<\/div>\n\t\t<\/div>\n\t\t\t\t\t<\/div>\n\t\t<\/section>\n\t\t\t\t<section class=\"elementor-section elementor-inner-section elementor-element elementor-element-9cfb60c elementor-section-boxed elementor-section-height-default elementor-section-height-default\" data-id=\"9cfb60c\" data-element_type=\"section\" data-e-type=\"section\">\n\t\t\t\t\t\t<div class=\"elementor-container elementor-column-gap-default\">\n\t\t\t\t\t<div class=\"elementor-column elementor-col-33 elementor-inner-column elementor-element elementor-element-f742401\" data-id=\"f742401\" data-element_type=\"column\" data-e-type=\"column\">\n\t\t\t<div class=\"elementor-widget-wrap elementor-element-populated\">\n\t\t\t\t\t\t<div class=\"elementor-element elementor-element-f0a2f72 elementor-widget elementor-widget-image\" data-id=\"f0a2f72\" data-element_type=\"widget\" data-e-type=\"widget\" data-widget_type=\"image.default\">\n\t\t\t\t<div class=\"elementor-widget-container\">\n\t\t\t\t\t\t\t\t\t\t\t\t\t\t\t<img loading=\"lazy\" decoding=\"async\" width=\"100\" height=\"126\" src=\"https:\/\/fadeweb.uncoma.edu.ar\/wp-content\/uploads\/2022\/09\/ensenanzadelageometriadelplano.jpg\" class=\"attachment-large size-large wp-image-3638\" alt=\"\" \/>\t\t\t\t\t\t\t\t\t\t\t\t\t\t\t<\/div>\n\t\t\t\t<\/div>\n\t\t\t\t\t<\/div>\n\t\t<\/div>\n\t\t\t\t<div class=\"elementor-column elementor-col-33 elementor-inner-column elementor-element elementor-element-cbcda7a\" data-id=\"cbcda7a\" data-element_type=\"column\" data-e-type=\"column\">\n\t\t\t<div class=\"elementor-widget-wrap elementor-element-populated\">\n\t\t\t\t\t\t<div class=\"elementor-element elementor-element-7028866 elementor-widget elementor-widget-text-editor\" data-id=\"7028866\" data-element_type=\"widget\" data-e-type=\"widget\" data-widget_type=\"text-editor.default\">\n\t\t\t\t<div class=\"elementor-widget-container\">\n\t\t\t\t\t\t\t\t\t<p><a id=\"geometria-plano\" name=\"geometria-plano\"><\/a><br \/>T\u00edtulo:<br \/><strong>Ense\u00f1anza de la geometr\u00eda del plano<\/strong><br \/>Subt\u00edtulo:<br \/>Construcciones geom\u00e9tricas<br \/><strong>Autor:<\/strong> Patricia Detzel y otros.<br \/>50 p\u00e1gs.<br \/>A\u00f1o de edici\u00f3n: 2006 \u2013 1ra. reimpresi\u00f3n<br \/>Soporte papel<br \/>Precio $<br \/>PubliFadecs<\/p>\t\t\t\t\t\t\t\t<\/div>\n\t\t\t\t<\/div>\n\t\t\t\t\t<\/div>\n\t\t<\/div>\n\t\t\t\t<div class=\"elementor-column elementor-col-33 elementor-inner-column elementor-element elementor-element-ae52227\" data-id=\"ae52227\" data-element_type=\"column\" data-e-type=\"column\">\n\t\t\t<div class=\"elementor-widget-wrap elementor-element-populated\">\n\t\t\t\t\t\t<div class=\"elementor-element elementor-element-874c419 elementor-widget elementor-widget-text-editor\" data-id=\"874c419\" data-element_type=\"widget\" data-e-type=\"widget\" data-widget_type=\"text-editor.default\">\n\t\t\t\t<div class=\"elementor-widget-container\">\n\t\t\t\t\t\t\t\t\t<p><strong>Resumen:<\/strong> Esta es la primera reimpresi\u00f3n del primer cuaderno de la Serie de Investigaci\u00f3n: Cuadernos de Matem\u00e1tica destinada a docentes de Matem\u00e1tica y alumnos de Profesorado en esta \u00e1rea. Surge despu\u00e9s de varios a\u00f1os de investigaci\u00f3n en el marco de un proyecto sobre Ense\u00f1anza de la Matem\u00e1tica subsidiado por la Secretar\u00eda de Investigaci\u00f3n de la Universidad Nacional del Comahue.<\/p>\t\t\t\t\t\t\t\t<\/div>\n\t\t\t\t<\/div>\n\t\t\t\t\t<\/div>\n\t\t<\/div>\n\t\t\t\t\t<\/div>\n\t\t<\/section>\n\t\t\t\t<section class=\"elementor-section elementor-inner-section elementor-element elementor-element-2172aaf elementor-section-boxed elementor-section-height-default elementor-section-height-default\" data-id=\"2172aaf\" data-element_type=\"section\" data-e-type=\"section\">\n\t\t\t\t\t\t<div class=\"elementor-container elementor-column-gap-default\">\n\t\t\t\t\t<div class=\"elementor-column elementor-col-33 elementor-inner-column elementor-element elementor-element-84e4523\" data-id=\"84e4523\" data-element_type=\"column\" data-e-type=\"column\">\n\t\t\t<div class=\"elementor-widget-wrap elementor-element-populated\">\n\t\t\t\t\t\t<div class=\"elementor-element elementor-element-eb01112 elementor-widget elementor-widget-image\" data-id=\"eb01112\" data-element_type=\"widget\" data-e-type=\"widget\" data-widget_type=\"image.default\">\n\t\t\t\t<div class=\"elementor-widget-container\">\n\t\t\t\t\t\t\t\t\t\t\t\t\t\t\t<img loading=\"lazy\" decoding=\"async\" width=\"100\" height=\"130\" src=\"https:\/\/fadeweb.uncoma.edu.ar\/wp-content\/uploads\/2022\/09\/lecturaescrituraobjeto.jpg\" class=\"attachment-large size-large wp-image-3642\" alt=\"\" \/>\t\t\t\t\t\t\t\t\t\t\t\t\t\t\t<\/div>\n\t\t\t\t<\/div>\n\t\t\t\t\t<\/div>\n\t\t<\/div>\n\t\t\t\t<div class=\"elementor-column elementor-col-33 elementor-inner-column elementor-element elementor-element-851c1e1\" data-id=\"851c1e1\" data-element_type=\"column\" data-e-type=\"column\">\n\t\t\t<div class=\"elementor-widget-wrap elementor-element-populated\">\n\t\t\t\t\t\t<div class=\"elementor-element elementor-element-013ec28 elementor-widget elementor-widget-text-editor\" data-id=\"013ec28\" data-element_type=\"widget\" data-e-type=\"widget\" data-widget_type=\"text-editor.default\">\n\t\t\t\t<div class=\"elementor-widget-container\">\n\t\t\t\t\t\t\t\t\t<p><a id=\"lecodrp\" name=\"lecodrp\"><\/a><br \/>T\u00edtulo:<br \/><strong>La lectura y la escritura como objeto de reflexi\u00f3n y pr\u00e1ctica<\/strong><em><br \/><\/em>Subt\u00edtulo: <em><br \/>Una propuesta para el nivel medio<br \/><\/em>Autor: Rosana Mu\u00f1oz y Laura Marcoccia (CEDIC)<em><br \/><\/em>ISBN 987-604-002-2<em><br \/><\/em>70 p\u00e1gs.<em><br \/><\/em>A\u00f1o de edici\u00f3n: 2006 \u2013 1ra. ed.<em><br \/><\/em>Soporte papel<em><br \/><\/em>Precio $ 15<em><br \/><\/em>PubliFadecs<\/p>\t\t\t\t\t\t\t\t<\/div>\n\t\t\t\t<\/div>\n\t\t\t\t\t<\/div>\n\t\t<\/div>\n\t\t\t\t<div class=\"elementor-column elementor-col-33 elementor-inner-column elementor-element elementor-element-6faa5a1\" data-id=\"6faa5a1\" data-element_type=\"column\" data-e-type=\"column\">\n\t\t\t<div class=\"elementor-widget-wrap elementor-element-populated\">\n\t\t\t\t\t\t<div class=\"elementor-element elementor-element-2763412 elementor-widget elementor-widget-text-editor\" data-id=\"2763412\" data-element_type=\"widget\" data-e-type=\"widget\" data-widget_type=\"text-editor.default\">\n\t\t\t\t<div class=\"elementor-widget-container\">\n\t\t\t\t\t\t\t\t\t<p><strong>Resumen:<\/strong> La necesidad de buscar estrategias que contribuyan a la formaci\u00f3n de lectores y escritores de textos propios del \u00e1mbito escolar-acad\u00e9mico impulsa la propuesta de estas p\u00e1ginas. En este sentido, este cuaderno pretende ser una invitaci\u00f3n a pensar en una did\u00e1ctica de la lectura y la escritura desde todas las \u00e1reas del conocimiento.<\/p>\t\t\t\t\t\t\t\t<\/div>\n\t\t\t\t<\/div>\n\t\t\t\t\t<\/div>\n\t\t<\/div>\n\t\t\t\t\t<\/div>\n\t\t<\/section>\n\t\t\t\t<section class=\"elementor-section elementor-inner-section elementor-element elementor-element-f255fc4 elementor-section-boxed elementor-section-height-default elementor-section-height-default\" data-id=\"f255fc4\" data-element_type=\"section\" data-e-type=\"section\">\n\t\t\t\t\t\t<div class=\"elementor-container elementor-column-gap-default\">\n\t\t\t\t\t<div class=\"elementor-column elementor-col-33 elementor-inner-column elementor-element elementor-element-8e562c4\" data-id=\"8e562c4\" data-element_type=\"column\" data-e-type=\"column\">\n\t\t\t<div class=\"elementor-widget-wrap\">\n\t\t\t\t\t\t\t<\/div>\n\t\t<\/div>\n\t\t\t\t<div class=\"elementor-column elementor-col-33 elementor-inner-column elementor-element elementor-element-c3218ee\" data-id=\"c3218ee\" data-element_type=\"column\" data-e-type=\"column\">\n\t\t\t<div class=\"elementor-widget-wrap elementor-element-populated\">\n\t\t\t\t\t\t<div class=\"elementor-element elementor-element-115cd1b elementor-widget elementor-widget-text-editor\" data-id=\"115cd1b\" data-element_type=\"widget\" data-e-type=\"widget\" data-widget_type=\"text-editor.default\">\n\t\t\t\t<div class=\"elementor-widget-container\">\n\t\t\t\t\t\t\t\t\t<p><a id=\"estilo-municipal\" name=\"estilo-municipal\"><\/a><br \/>T\u00edtulo: <strong>Manual de estilo municipal<br \/><\/strong>Autor: Juan Mario Galdeano<br \/>ISBN 987-604-010-3<br \/>380 p\u00e1gs.<br \/>A\u00f1o de edici\u00f3n: 2006 \u2013 1ra. ed.<br \/>Soporte papel<br \/>Precio $<br \/>PubliFadecs<\/p>\t\t\t\t\t\t\t\t<\/div>\n\t\t\t\t<\/div>\n\t\t\t\t\t<\/div>\n\t\t<\/div>\n\t\t\t\t<div class=\"elementor-column elementor-col-33 elementor-inner-column elementor-element elementor-element-ba0b34d\" data-id=\"ba0b34d\" data-element_type=\"column\" data-e-type=\"column\">\n\t\t\t<div class=\"elementor-widget-wrap elementor-element-populated\">\n\t\t\t\t\t\t<div class=\"elementor-element elementor-element-d6a2a8d elementor-widget elementor-widget-text-editor\" data-id=\"d6a2a8d\" data-element_type=\"widget\" data-e-type=\"widget\" data-widget_type=\"text-editor.default\">\n\t\t\t\t<div class=\"elementor-widget-container\">\n\t\t\t\t\t\t\t\t\t<p><strong>Resumen:<\/strong> Este Manual de estilo municipal no pretende ser un diccionario, ni mucho menos un libro de gram\u00e1tica, sintaxis o morfolog\u00eda. Nace por la necesidad que tienen los comunicadores y periodistas cuando escriben en una redacci\u00f3n: les falta tiempo para detenerse a analizar las expresiones que utilizan. Por ello, este libro es un compendio de vocablos usados en forma indebida en notas, memorandos, gacetillas, folletos, publicidades, ordenanzas, decretos y carteles de la v\u00eda p\u00fablica, en numerosas municipalidades de la provincia del Neuqu\u00e9n y del pa\u00eds.<\/p>\t\t\t\t\t\t\t\t<\/div>\n\t\t\t\t<\/div>\n\t\t\t\t\t<\/div>\n\t\t<\/div>\n\t\t\t\t\t<\/div>\n\t\t<\/section>\n\t\t\t\t<section class=\"elementor-section elementor-inner-section elementor-element elementor-element-394d756 elementor-section-boxed elementor-section-height-default elementor-section-height-default\" data-id=\"394d756\" data-element_type=\"section\" data-e-type=\"section\">\n\t\t\t\t\t\t<div class=\"elementor-container elementor-column-gap-default\">\n\t\t\t\t\t<div class=\"elementor-column elementor-col-33 elementor-inner-column elementor-element elementor-element-a97e6cd\" data-id=\"a97e6cd\" data-element_type=\"column\" data-e-type=\"column\">\n\t\t\t<div class=\"elementor-widget-wrap\">\n\t\t\t\t\t\t\t<\/div>\n\t\t<\/div>\n\t\t\t\t<div class=\"elementor-column elementor-col-33 elementor-inner-column elementor-element elementor-element-db7c296\" data-id=\"db7c296\" data-element_type=\"column\" data-e-type=\"column\">\n\t\t\t<div class=\"elementor-widget-wrap elementor-element-populated\">\n\t\t\t\t\t\t<div class=\"elementor-element elementor-element-0ef0f7b elementor-widget elementor-widget-text-editor\" data-id=\"0ef0f7b\" data-element_type=\"widget\" data-e-type=\"widget\" data-widget_type=\"text-editor.default\">\n\t\t\t\t<div class=\"elementor-widget-container\">\n\t\t\t\t\t\t\t\t\t<p><a id=\"microrrelatos\" name=\"microrrelatos\"><\/a><br \/>T\u00edtulo:<br \/><strong>Microrrelatos Argentinos <\/strong><br \/>Subt\u00edtulo:<br \/>Antolog\u00eda de narraciones brev\u00edsimas<br \/>Autor: David Lagmanovich y Laura Pollastri<br \/>ISBN 987-604-021-9<br \/>138 p\u00e1gs.<br \/>A\u00f1o de edici\u00f3n: 2006 \u2013 1ra. ed.<br \/>Soporte papel<br \/>No se comercializa<br \/>PubliFadecs<\/p>\t\t\t\t\t\t\t\t<\/div>\n\t\t\t\t<\/div>\n\t\t\t\t\t<\/div>\n\t\t<\/div>\n\t\t\t\t<div class=\"elementor-column elementor-col-33 elementor-inner-column elementor-element elementor-element-629f437\" data-id=\"629f437\" data-element_type=\"column\" data-e-type=\"column\">\n\t\t\t<div class=\"elementor-widget-wrap elementor-element-populated\">\n\t\t\t\t\t\t<div class=\"elementor-element elementor-element-39bd7d6 elementor-widget elementor-widget-text-editor\" data-id=\"39bd7d6\" data-element_type=\"widget\" data-e-type=\"widget\" data-widget_type=\"text-editor.default\">\n\t\t\t\t<div class=\"elementor-widget-container\">\n\t\t\t\t\t\t\t\t\t<p><strong>Resumen:<\/strong> En todas las \u00e9pocas, desde las m\u00e1s remotas, se han escrito narraciones brev\u00edsimas, ya aut\u00f3nomas, ya intercaladas dentro de narraciones m\u00e1s extensas. Sin embargo, la conciencia de un g\u00e9nero que cultive tales formas, muchas veces subsumidas en el \u201cfragmento\u201d, s\u00f3lo comienza a insinuarse con el romanticismo del siglo XIX, pervive de forma subterr\u00e1nea en el simbolismo y el modernismo hisp\u00e1nico, y alumbra definitivamente en las vanguardias surgidas a partir de la segunda d\u00e9cada del siglo XX.<\/p>\t\t\t\t\t\t\t\t<\/div>\n\t\t\t\t<\/div>\n\t\t\t\t\t<\/div>\n\t\t<\/div>\n\t\t\t\t\t<\/div>\n\t\t<\/section>\n\t\t\t\t<section class=\"elementor-section elementor-inner-section elementor-element elementor-element-0c27a78 elementor-section-boxed elementor-section-height-default elementor-section-height-default\" data-id=\"0c27a78\" data-element_type=\"section\" data-e-type=\"section\">\n\t\t\t\t\t\t<div class=\"elementor-container elementor-column-gap-default\">\n\t\t\t\t\t<div class=\"elementor-column elementor-col-33 elementor-inner-column elementor-element elementor-element-d218c98\" data-id=\"d218c98\" data-element_type=\"column\" data-e-type=\"column\">\n\t\t\t<div class=\"elementor-widget-wrap\">\n\t\t\t\t\t\t\t<\/div>\n\t\t<\/div>\n\t\t\t\t<div class=\"elementor-column elementor-col-33 elementor-inner-column elementor-element elementor-element-093922e\" data-id=\"093922e\" data-element_type=\"column\" data-e-type=\"column\">\n\t\t\t<div class=\"elementor-widget-wrap elementor-element-populated\">\n\t\t\t\t\t\t<div class=\"elementor-element elementor-element-609daf9 elementor-widget elementor-widget-text-editor\" data-id=\"609daf9\" data-element_type=\"widget\" data-e-type=\"widget\" data-widget_type=\"text-editor.default\">\n\t\t\t\t<div class=\"elementor-widget-container\">\n\t\t\t\t\t\t\t\t\t<p><a id=\"nrpsoc\" name=\"nrpsoc\"><\/a><br \/>T\u00edtulo:<br \/><strong>Ni\u00f1ez en riesgo y pol\u00edticas sociales<\/strong><em><br \/><\/em>Autores: Dinorah Fait Villalobos (Directora Proy. de Investigaci\u00f3n)<br \/>ISBN 987-1154-78-X<br \/>112 p\u00e1gs.<br \/>A\u00f1o de edici\u00f3n: 2006 \u2013 1ra. ed.<br \/>Soporte papel<br \/>Precio $ 20<br \/>Publifadecs<\/p>\t\t\t\t\t\t\t\t<\/div>\n\t\t\t\t<\/div>\n\t\t\t\t\t<\/div>\n\t\t<\/div>\n\t\t\t\t<div class=\"elementor-column elementor-col-33 elementor-inner-column elementor-element elementor-element-e1e84b8\" data-id=\"e1e84b8\" data-element_type=\"column\" data-e-type=\"column\">\n\t\t\t<div class=\"elementor-widget-wrap elementor-element-populated\">\n\t\t\t\t\t\t<div class=\"elementor-element elementor-element-7152326 elementor-widget elementor-widget-text-editor\" data-id=\"7152326\" data-element_type=\"widget\" data-e-type=\"widget\" data-widget_type=\"text-editor.default\">\n\t\t\t\t<div class=\"elementor-widget-container\">\n\t\t\t\t\t\t\t\t\t<p><strong>Resumen:<\/strong> En el camino de esta investigaci\u00f3n, a trav\u00e9s del an\u00e1lisis de la implementaci\u00f3n de Pol\u00edticas Sociales, espec\u00edficamente del Programa Prom\u00edn, encontramos conceptos correspondientes a la epistemolog\u00eda de la cultura dominante, utilizados por los Trabajadores Sociales, y enraizados en sus pr\u00e1cticas profesionales, tales como: riesgo social menor vs. ni\u00f1o-ni\u00f1a-beneficiario-beneficaria.<\/p>\t\t\t\t\t\t\t\t<\/div>\n\t\t\t\t<\/div>\n\t\t\t\t\t<\/div>\n\t\t<\/div>\n\t\t\t\t\t<\/div>\n\t\t<\/section>\n\t\t\t\t<section class=\"elementor-section elementor-inner-section elementor-element elementor-element-28c9079 elementor-section-boxed elementor-section-height-default elementor-section-height-default\" data-id=\"28c9079\" data-element_type=\"section\" data-e-type=\"section\">\n\t\t\t\t\t\t<div class=\"elementor-container elementor-column-gap-default\">\n\t\t\t\t\t<div class=\"elementor-column elementor-col-33 elementor-inner-column elementor-element elementor-element-0e5308a\" data-id=\"0e5308a\" data-element_type=\"column\" data-e-type=\"column\">\n\t\t\t<div class=\"elementor-widget-wrap\">\n\t\t\t\t\t\t\t<\/div>\n\t\t<\/div>\n\t\t\t\t<div class=\"elementor-column elementor-col-33 elementor-inner-column elementor-element elementor-element-bae41f5\" data-id=\"bae41f5\" data-element_type=\"column\" data-e-type=\"column\">\n\t\t\t<div class=\"elementor-widget-wrap elementor-element-populated\">\n\t\t\t\t\t\t<div class=\"elementor-element elementor-element-e3f515f elementor-widget elementor-widget-text-editor\" data-id=\"e3f515f\" data-element_type=\"widget\" data-e-type=\"widget\" data-widget_type=\"text-editor.default\">\n\t\t\t\t<div class=\"elementor-widget-container\">\n\t\t\t\t\t\t\t\t\t<p><a id=\"pensar-rio\" name=\"pensar-rio\"><\/a><br \/>T\u00edtulo:<br \/><strong>Pensar el r\u00edo<\/strong><br \/>Subt\u00edtulo: <em><br \/>Una propuesta para la construcci\u00f3n de conocimientos escolares referidos a los ambientes fluviales<br \/><\/em>Autor: Pamela Diaco, Pablo Macchi y Eduardo Lozano<br \/>ISBN 950-33-0574-8<br \/>94 p\u00e1gs.<br \/>A\u00f1o de edici\u00f3n: 2006 \u2013 1ra. ed.<br \/>Soporte papel<br \/>Precio $<br \/>PubliFadecs<\/p>\t\t\t\t\t\t\t\t<\/div>\n\t\t\t\t<\/div>\n\t\t\t\t\t<\/div>\n\t\t<\/div>\n\t\t\t\t<div class=\"elementor-column elementor-col-33 elementor-inner-column elementor-element elementor-element-b97d227\" data-id=\"b97d227\" data-element_type=\"column\" data-e-type=\"column\">\n\t\t\t<div class=\"elementor-widget-wrap elementor-element-populated\">\n\t\t\t\t\t\t<div class=\"elementor-element elementor-element-d50563e elementor-widget elementor-widget-text-editor\" data-id=\"d50563e\" data-element_type=\"widget\" data-e-type=\"widget\" data-widget_type=\"text-editor.default\">\n\t\t\t\t<div class=\"elementor-widget-container\">\n\t\t\t\t\t\t\t\t\t<p><strong>Resumen:<\/strong> \u201cPensar el r\u00edo\u201d es una construcci\u00f3n realizada en contextos favorables de producci\u00f3n. Con profesionalismo y un fuerte compromiso, estos docentes se involucraron en un trabajo tan desafiante como movilizador, esperan transmitir en el \u00e1mbito de la ense\u00f1anza el valor de la investigaci\u00f3n escolar, no s\u00f3lo dentro de la esfera de las ciencias naturales, sino tambi\u00e9n en el campo de la reflexi\u00f3n metacognitiva.<\/p>\t\t\t\t\t\t\t\t<\/div>\n\t\t\t\t<\/div>\n\t\t\t\t\t<\/div>\n\t\t<\/div>\n\t\t\t\t\t<\/div>\n\t\t<\/section>\n\t\t\t\t<section class=\"elementor-section elementor-inner-section elementor-element elementor-element-ef7f8ac elementor-section-boxed elementor-section-height-default elementor-section-height-default\" data-id=\"ef7f8ac\" data-element_type=\"section\" data-e-type=\"section\">\n\t\t\t\t\t\t<div class=\"elementor-container elementor-column-gap-default\">\n\t\t\t\t\t<div class=\"elementor-column elementor-col-33 elementor-inner-column elementor-element elementor-element-d8a3809\" data-id=\"d8a3809\" data-element_type=\"column\" data-e-type=\"column\">\n\t\t\t<div class=\"elementor-widget-wrap\">\n\t\t\t\t\t\t\t<\/div>\n\t\t<\/div>\n\t\t\t\t<div class=\"elementor-column elementor-col-33 elementor-inner-column elementor-element elementor-element-50e10bf\" data-id=\"50e10bf\" data-element_type=\"column\" data-e-type=\"column\">\n\t\t\t<div class=\"elementor-widget-wrap elementor-element-populated\">\n\t\t\t\t\t\t<div class=\"elementor-element elementor-element-0774d54 elementor-widget elementor-widget-text-editor\" data-id=\"0774d54\" data-element_type=\"widget\" data-e-type=\"widget\" data-widget_type=\"text-editor.default\">\n\t\t\t\t<div class=\"elementor-widget-container\">\n\t\t\t\t\t\t\t\t\t<a id=\"programa-ceducativa\" name=\"programa-ceducativa\"><\/a>\nT\u00edtulo:\n<strong>Programa de mejoramiento de la calidad educativa y retenci\u00f3n estudiantil (UNCo, 2004-2005)<\/strong><em>\n<\/em>Autores: Silvia Mart\u00ednez, M\u00f3nica Echenique y Lucrecia Reta (compiladoras)\nISBN 987-1154-95-X\n206 p\u00e1gs.\nA\u00f1o de edici\u00f3n: 2006 \u2013 1ra. ed.\nSoporte papel\nPrecio $\nPubliFadecs\t\t\t\t\t\t\t\t<\/div>\n\t\t\t\t<\/div>\n\t\t\t\t\t<\/div>\n\t\t<\/div>\n\t\t\t\t<div class=\"elementor-column elementor-col-33 elementor-inner-column elementor-element elementor-element-afcb67d\" data-id=\"afcb67d\" data-element_type=\"column\" data-e-type=\"column\">\n\t\t\t<div class=\"elementor-widget-wrap elementor-element-populated\">\n\t\t\t\t\t\t<div class=\"elementor-element elementor-element-22f89be elementor-widget elementor-widget-text-editor\" data-id=\"22f89be\" data-element_type=\"widget\" data-e-type=\"widget\" data-widget_type=\"text-editor.default\">\n\t\t\t\t<div class=\"elementor-widget-container\">\n\t\t\t\t\t\t\t\t\t<p><strong>Resumen:<\/strong> Este libro re\u00fane experiencias docentes, de investigaci\u00f3n y de gesti\u00f3n relacionadas con aquellas que de una u otra forma se vincularon con el Programa de Mejoramiento de la Calidad Educativa y Retenci\u00f3n Estudiantil.<br \/>Sabemos que ninguno de los denominadores comunes y de las informaciones que presentamos en esta obra pueden ser generalizables. Pero esperamos que las cosas que aprendimos con nuestra participaci\u00f3n en el Programa puedan ser \u00fatiles para otras experiencias y puedan dar pistas para seguir intentando construir una Universidad m\u00e1s inclusora y solidaria.<\/p>\t\t\t\t\t\t\t\t<\/div>\n\t\t\t\t<\/div>\n\t\t\t\t\t<\/div>\n\t\t<\/div>\n\t\t\t\t\t<\/div>\n\t\t<\/section>\n\t\t\t\t<section class=\"elementor-section elementor-inner-section elementor-element elementor-element-a873ac2 elementor-section-boxed elementor-section-height-default elementor-section-height-default\" data-id=\"a873ac2\" data-element_type=\"section\" data-e-type=\"section\">\n\t\t\t\t\t\t<div class=\"elementor-container elementor-column-gap-default\">\n\t\t\t\t\t<div class=\"elementor-column elementor-col-33 elementor-inner-column elementor-element elementor-element-b625d24\" data-id=\"b625d24\" data-element_type=\"column\" data-e-type=\"column\">\n\t\t\t<div class=\"elementor-widget-wrap\">\n\t\t\t\t\t\t\t<\/div>\n\t\t<\/div>\n\t\t\t\t<div class=\"elementor-column elementor-col-33 elementor-inner-column elementor-element elementor-element-5353194\" data-id=\"5353194\" data-element_type=\"column\" data-e-type=\"column\">\n\t\t\t<div class=\"elementor-widget-wrap elementor-element-populated\">\n\t\t\t\t\t\t<div class=\"elementor-element elementor-element-b66bf29 elementor-widget elementor-widget-text-editor\" data-id=\"b66bf29\" data-element_type=\"widget\" data-e-type=\"widget\" data-widget_type=\"text-editor.default\">\n\t\t\t\t<div class=\"elementor-widget-container\">\n\t\t\t\t\t\t\t\t\t<p>T\u00edtulo:<br \/><strong>Represi\u00f3n, frustraci\u00f3n, corrupci\u00f3n, desencanto<\/strong><em><br \/><\/em>Subt\u00edtulo:<em><br \/>La reestructuraci\u00f3n capitalista en la Argentina: 1976-2001<br \/><\/em>Autor: Gloria Mas y Ana Elena Garc\u00eda<br \/>ISBN 987-1154-29-1<br \/>106 p\u00e1gs.<br \/>A\u00f1o de edici\u00f3n: 2006 \u2013 1ra. reimpresi\u00f3n<br \/>Soporte papel<br \/>Precio $<br \/>PubliFadecs<\/p>\t\t\t\t\t\t\t\t<\/div>\n\t\t\t\t<\/div>\n\t\t\t\t\t<\/div>\n\t\t<\/div>\n\t\t\t\t<div class=\"elementor-column elementor-col-33 elementor-inner-column elementor-element elementor-element-4fb5339\" data-id=\"4fb5339\" data-element_type=\"column\" data-e-type=\"column\">\n\t\t\t<div class=\"elementor-widget-wrap elementor-element-populated\">\n\t\t\t\t\t\t<div class=\"elementor-element elementor-element-267e502 elementor-widget elementor-widget-text-editor\" data-id=\"267e502\" data-element_type=\"widget\" data-e-type=\"widget\" data-widget_type=\"text-editor.default\">\n\t\t\t\t<div class=\"elementor-widget-container\">\n\t\t\t\t\t\t\t\t\t<p><strong>Resumen:<\/strong> El equipo de investigaci\u00f3n Gr.E.S.S. (Grupo de Estudios Sociales del Sur) contin\u00faa, con este trabajo, la producci\u00f3n de libros orientados a complementar la bibliograf\u00eda de las c\u00e1tedras en las que sus integrantes se desempe\u00f1an. La presente publicaci\u00f3n surgi\u00f3 a partir de los hechos que culminaron en diciembre de 2001 con la ca\u00edda del gobierno de la Alianza y la necesidad de explicarlos en t\u00e9rminos de un proceso hist\u00f3rico m\u00e1s amplio.<\/p>\t\t\t\t\t\t\t\t<\/div>\n\t\t\t\t<\/div>\n\t\t\t\t\t<\/div>\n\t\t<\/div>\n\t\t\t\t\t<\/div>\n\t\t<\/section>\n\t\t\t\t<section class=\"elementor-section elementor-inner-section elementor-element elementor-element-1a5b364 elementor-section-boxed elementor-section-height-default elementor-section-height-default\" data-id=\"1a5b364\" data-element_type=\"section\" data-e-type=\"section\">\n\t\t\t\t\t\t<div class=\"elementor-container elementor-column-gap-default\">\n\t\t\t\t\t<div class=\"elementor-column elementor-col-33 elementor-inner-column elementor-element elementor-element-f0d3016\" data-id=\"f0d3016\" data-element_type=\"column\" data-e-type=\"column\">\n\t\t\t<div class=\"elementor-widget-wrap\">\n\t\t\t\t\t\t\t<\/div>\n\t\t<\/div>\n\t\t\t\t<div class=\"elementor-column elementor-col-33 elementor-inner-column elementor-element elementor-element-fbb6479\" data-id=\"fbb6479\" data-element_type=\"column\" data-e-type=\"column\">\n\t\t\t<div class=\"elementor-widget-wrap elementor-element-populated\">\n\t\t\t\t\t\t<div class=\"elementor-element elementor-element-6385b9d elementor-widget elementor-widget-text-editor\" data-id=\"6385b9d\" data-element_type=\"widget\" data-e-type=\"widget\" data-widget_type=\"text-editor.default\">\n\t\t\t\t<div class=\"elementor-widget-container\">\n\t\t\t\t\t\t\t\t\t<p><a id=\"subj-limites\" name=\"subj-limites\"><\/a><br \/>T\u00edtulo:<br \/><strong>Subjetivaci\u00f3n en los l\u00edmites<\/strong><em><br \/><\/em>Autores: Ma. Susana Paponi (coord.), Sergio Usero, Ma. Eugenia Pi\u00f1ero y M\u00e1ximo Ponzoni<br \/>ISBN 987-1154-99-2<br \/>116 p\u00e1gs.<br \/>A\u00f1o de edici\u00f3n: 2006 \u2013 1ra. ed.<br \/>Soporte papel<br \/>Precio $<br \/>PubliFadecs<\/p>\t\t\t\t\t\t\t\t<\/div>\n\t\t\t\t<\/div>\n\t\t\t\t\t<\/div>\n\t\t<\/div>\n\t\t\t\t<div class=\"elementor-column elementor-col-33 elementor-inner-column elementor-element elementor-element-d8546f4\" data-id=\"d8546f4\" data-element_type=\"column\" data-e-type=\"column\">\n\t\t\t<div class=\"elementor-widget-wrap elementor-element-populated\">\n\t\t\t\t\t\t<div class=\"elementor-element elementor-element-6b13007 elementor-widget elementor-widget-text-editor\" data-id=\"6b13007\" data-element_type=\"widget\" data-e-type=\"widget\" data-widget_type=\"text-editor.default\">\n\t\t\t\t<div class=\"elementor-widget-container\">\n\t\t\t\t\t\t\t\t\t<p><strong>Resumen:<\/strong> Los textos que aqu\u00ed se publican reflejan en parte reflexiones surgidas en el Seminario (2005) <em>Michel Foucault: Problematizaci\u00f3n del Poder<\/em> de la Licenciatura en Filosof\u00eda y no hacen otra cosa que poner en evidencia lo que el mismo Foucault repet\u00eda: <em>pensar no consuela ni hace feliz, sino que inquieta profundamente<\/em>. De diversos modos y en las l\u00edneas que cada uno elige se hace jugar el pensamiento del fil\u00f3sofo que revolucion\u00f3 el pensar filos\u00f3fico del siglo XX y ante el cual dif\u00edcilmente se pueda permanecer indiferente.<\/p>\t\t\t\t\t\t\t\t<\/div>\n\t\t\t\t<\/div>\n\t\t\t\t\t<\/div>\n\t\t<\/div>\n\t\t\t\t\t<\/div>\n\t\t<\/section>\n\t\t\t\t<div class=\"elementor-element elementor-element-097ec2e elementor-widget elementor-widget-shortcode\" data-id=\"097ec2e\" data-element_type=\"widget\" data-e-type=\"widget\" data-widget_type=\"shortcode.default\">\n\t\t\t\t<div class=\"elementor-widget-container\">\n\t\t\t\t\t\t\t<div class=\"elementor-shortcode\">\t\t<div data-elementor-type=\"section\" data-elementor-id=\"4609\" class=\"elementor elementor-4609\" data-elementor-post-type=\"elementor_library\">\r\n\t\t\t\t\t<section class=\"elementor-section elementor-top-section elementor-element elementor-element-272e975d elementor-section-boxed elementor-section-height-default elementor-section-height-default\" data-id=\"272e975d\" data-element_type=\"section\" data-e-type=\"section\">\n\t\t\t\t\t\t<div class=\"elementor-container elementor-column-gap-default\">\n\t\t\t\t\t<div class=\"elementor-column elementor-col-100 elementor-top-column elementor-element elementor-element-44f68879\" data-id=\"44f68879\" data-element_type=\"column\" data-e-type=\"column\">\n\t\t\t<div class=\"elementor-widget-wrap elementor-element-populated\">\n\t\t\t\t\t\t<div class=\"elementor-element elementor-element-412ac052 elementor-widget-divider--view-line elementor-widget elementor-widget-divider\" data-id=\"412ac052\" data-element_type=\"widget\" data-e-type=\"widget\" data-widget_type=\"divider.default\">\n\t\t\t\t<div class=\"elementor-widget-container\">\n\t\t\t\t\t\t\t<div class=\"elementor-divider\">\n\t\t\t<span class=\"elementor-divider-separator\">\n\t\t\t\t\t\t<\/span>\n\t\t<\/div>\n\t\t\t\t\t\t<\/div>\n\t\t\t\t<\/div>\n\t\t\t\t<div class=\"elementor-element elementor-element-63396594 elementor-widget elementor-widget-text-editor\" data-id=\"63396594\" data-element_type=\"widget\" data-e-type=\"widget\" data-widget_type=\"text-editor.default\">\n\t\t\t\t<div class=\"elementor-widget-container\">\n\t\t\t\t\t\t\t\t\t<p><strong>INFORMACI\u00d3N<\/strong><br \/>Publicaciones<br \/>TE: (0298) 4433668, int 18<br \/>Correo electr\u00f3nico: <a href=\"mailto:publifadecs@hotmail.com\"><strong>publifadecs@hotmail.com<\/strong><\/a><br \/>Mendoza y Per\u00fa.<br \/>(8332) General Roca, R\u00edo Negro <br \/>Argentina<\/p>\t\t\t\t\t\t\t\t<\/div>\n\t\t\t\t<\/div>\n\t\t\t\t\t<\/div>\n\t\t<\/div>\n\t\t\t\t\t<\/div>\n\t\t<\/section>\n\t\t\t\t<\/div>\r\n\t\t<\/div>\n\t\t\t\t\t\t<\/div>\n\t\t\t\t<\/div>\n\t\t\t\t\t<\/div>\n\t\t<\/div>\n\t\t\t\t<div class=\"elementor-column elementor-col-33 elementor-top-column elementor-element elementor-element-e30d4a8\" data-id=\"e30d4a8\" data-element_type=\"column\" data-e-type=\"column\">\n\t\t\t<div class=\"elementor-widget-wrap elementor-element-populated\">\n\t\t\t\t\t\t<div class=\"elementor-element elementor-element-4c450cb elementor-nav-menu__align-start elementor-nav-menu--dropdown-none elementor-widget elementor-widget-nav-menu\" data-id=\"4c450cb\" data-element_type=\"widget\" data-e-type=\"widget\" id=\"menu-lateral\" data-settings=\"{&quot;layout&quot;:&quot;vertical&quot;,&quot;submenu_icon&quot;:{&quot;value&quot;:&quot;&lt;i class=\\&quot;fas fa-caret-down\\&quot; aria-hidden=\\&quot;true\\&quot;&gt;&lt;\\\/i&gt;&quot;,&quot;library&quot;:&quot;fa-solid&quot;}}\" data-widget_type=\"nav-menu.default\">\n\t\t\t\t<div class=\"elementor-widget-container\">\n\t\t\t\t\t\t\t\t<nav aria-label=\"Menu\" class=\"elementor-nav-menu--main elementor-nav-menu__container elementor-nav-menu--layout-vertical e--pointer-background e--animation-fade\">\r\n\t\t\t\t<ul id=\"menu-1-4c450cb\" class=\"elementor-nav-menu sm-vertical\"><li class=\"menu-item menu-item-type-post_type menu-item-object-page menu-item-4540\"><a href=\"https:\/\/fadeweb.uncoma.edu.ar\/index.php\/publifadecs\/\" class=\"elementor-item\">TITULOS PUBLICADOS<\/a><\/li>\n<li class=\"menu-item menu-item-type-post_type menu-item-object-page menu-item-4541\"><a href=\"https:\/\/fadeweb.uncoma.edu.ar\/index.php\/publifadecs\/autores-publicados\/\" class=\"elementor-item\">AUTORES PUBLICADOS<\/a><\/li>\n<li class=\"menu-item menu-item-type-post_type menu-item-object-page menu-item-4542\"><a href=\"https:\/\/fadeweb.uncoma.edu.ar\/index.php\/publifadecs\/titulos-en-imprenta\/\" class=\"elementor-item\">TITULOS EN IMPRENTA<\/a><\/li>\n<li class=\"menu-item menu-item-type-post_type menu-item-object-page menu-item-4543\"><a href=\"https:\/\/fadeweb.uncoma.edu.ar\/index.php\/publifadecs\/revista\/\" class=\"elementor-item\">REVISTA DE LA FACULTAD<\/a><\/li>\n<\/ul>\t\t\t<\/nav>\r\n\t\t\t\t\t\t<nav class=\"elementor-nav-menu--dropdown elementor-nav-menu__container\" aria-hidden=\"true\">\r\n\t\t\t\t<ul id=\"menu-2-4c450cb\" class=\"elementor-nav-menu sm-vertical\"><li class=\"menu-item menu-item-type-post_type menu-item-object-page menu-item-4540\"><a href=\"https:\/\/fadeweb.uncoma.edu.ar\/index.php\/publifadecs\/\" class=\"elementor-item\" tabindex=\"-1\">TITULOS PUBLICADOS<\/a><\/li>\n<li class=\"menu-item menu-item-type-post_type menu-item-object-page menu-item-4541\"><a href=\"https:\/\/fadeweb.uncoma.edu.ar\/index.php\/publifadecs\/autores-publicados\/\" class=\"elementor-item\" tabindex=\"-1\">AUTORES PUBLICADOS<\/a><\/li>\n<li class=\"menu-item menu-item-type-post_type menu-item-object-page menu-item-4542\"><a href=\"https:\/\/fadeweb.uncoma.edu.ar\/index.php\/publifadecs\/titulos-en-imprenta\/\" class=\"elementor-item\" tabindex=\"-1\">TITULOS EN IMPRENTA<\/a><\/li>\n<li class=\"menu-item menu-item-type-post_type menu-item-object-page menu-item-4543\"><a href=\"https:\/\/fadeweb.uncoma.edu.ar\/index.php\/publifadecs\/revista\/\" class=\"elementor-item\" tabindex=\"-1\">REVISTA DE LA FACULTAD<\/a><\/li>\n<\/ul>\t\t\t<\/nav>\r\n\t\t\t\t\t\t<\/div>\n\t\t\t\t<\/div>\n\t\t\t\t\t<\/div>\n\t\t<\/div>\n\t\t\t\t\t<\/div>\n\t\t<\/section>\n\t\t\t\t<\/div>\n\t\t","protected":false},"excerpt":{"rendered":"<p>SECRETARIA DE EXTENSION PUBLIFADECS T\u00cdTULOS PUBLICADOS 2006 A\u00f1o 2006 T\u00edtulo: 20 A\u00f1os Subt\u00edtulo: Construyendo H\u00e1bitat, Promoci\u00f3n y Ciudadan\u00edaAutor: Adriana Hipperdinger [et. al.]ISBN 987-604-019-7A\u00f1o de edici\u00f3n 2006 \u2013 1ra. ed.Soporte papelPrecio $ PubliFadecs Resumen: El hablar de las pr\u00e1cticas que sostenemos como seres humanos constituye un ejercicio que nos ayuda a entender mejor lo que hacemos. [&hellip;]<\/p>\n","protected":false},"author":2,"featured_media":0,"parent":3552,"menu_order":0,"comment_status":"closed","ping_status":"closed","template":"","meta":{"footnotes":""},"class_list":["post-3738","page","type-page","status-publish","hentry"],"_links":{"self":[{"href":"https:\/\/fadeweb.uncoma.edu.ar\/index.php\/wp-json\/wp\/v2\/pages\/3738","targetHints":{"allow":["GET"]}}],"collection":[{"href":"https:\/\/fadeweb.uncoma.edu.ar\/index.php\/wp-json\/wp\/v2\/pages"}],"about":[{"href":"https:\/\/fadeweb.uncoma.edu.ar\/index.php\/wp-json\/wp\/v2\/types\/page"}],"author":[{"embeddable":true,"href":"https:\/\/fadeweb.uncoma.edu.ar\/index.php\/wp-json\/wp\/v2\/users\/2"}],"replies":[{"embeddable":true,"href":"https:\/\/fadeweb.uncoma.edu.ar\/index.php\/wp-json\/wp\/v2\/comments?post=3738"}],"version-history":[{"count":51,"href":"https:\/\/fadeweb.uncoma.edu.ar\/index.php\/wp-json\/wp\/v2\/pages\/3738\/revisions"}],"predecessor-version":[{"id":6800,"href":"https:\/\/fadeweb.uncoma.edu.ar\/index.php\/wp-json\/wp\/v2\/pages\/3738\/revisions\/6800"}],"up":[{"embeddable":true,"href":"https:\/\/fadeweb.uncoma.edu.ar\/index.php\/wp-json\/wp\/v2\/pages\/3552"}],"wp:attachment":[{"href":"https:\/\/fadeweb.uncoma.edu.ar\/index.php\/wp-json\/wp\/v2\/media?parent=3738"}],"curies":[{"name":"wp","href":"https:\/\/api.w.org\/{rel}","templated":true}]}}