{"id":3707,"date":"2022-09-16T15:33:59","date_gmt":"2022-09-16T15:33:59","guid":{"rendered":"http:\/\/web.fadecs.uncoma.edu.ar\/?page_id=3707"},"modified":"2022-10-08T11:01:56","modified_gmt":"2022-10-08T14:01:56","slug":"titulos-publicados-2010","status":"publish","type":"page","link":"https:\/\/fadeweb.uncoma.edu.ar\/index.php\/publifadecs\/titulos-publicados-2010\/","title":{"rendered":"TITULOS PUBLICADOS 2010"},"content":{"rendered":"\t\t<div data-elementor-type=\"wp-page\" data-elementor-id=\"3707\" class=\"elementor elementor-3707\" data-elementor-post-type=\"page\">\n\t\t\t\t\t\t<section class=\"elementor-section elementor-top-section elementor-element elementor-element-9cf529e elementor-section-boxed elementor-section-height-default elementor-section-height-default\" data-id=\"9cf529e\" data-element_type=\"section\" data-e-type=\"section\">\n\t\t\t\t\t\t<div class=\"elementor-container elementor-column-gap-default\">\n\t\t\t\t\t<div class=\"elementor-column elementor-col-66 elementor-top-column elementor-element elementor-element-5d179a7\" data-id=\"5d179a7\" data-element_type=\"column\" data-e-type=\"column\">\n\t\t\t<div class=\"elementor-widget-wrap elementor-element-populated\">\n\t\t\t\t\t\t<div class=\"elementor-element elementor-element-c0381d6 elementor-widget elementor-widget-text-editor\" data-id=\"c0381d6\" data-element_type=\"widget\" data-e-type=\"widget\" data-widget_type=\"text-editor.default\">\n\t\t\t\t<div class=\"elementor-widget-container\">\n\t\t\t\t\t\t\t\t\t<h3><span class=\"texto\">SECRETARIA DE EXTENSION<\/span><\/h3>\t\t\t\t\t\t\t\t<\/div>\n\t\t\t\t<\/div>\n\t\t\t\t<div class=\"elementor-element elementor-element-ab359d1 elementor-widget elementor-widget-heading\" data-id=\"ab359d1\" data-element_type=\"widget\" data-e-type=\"widget\" data-widget_type=\"heading.default\">\n\t\t\t\t<div class=\"elementor-widget-container\">\n\t\t\t\t\t<h2 class=\"elementor-heading-title elementor-size-default\">PUBLIFADECS<\/h2>\t\t\t\t<\/div>\n\t\t\t\t<\/div>\n\t\t\t\t<div class=\"elementor-element elementor-element-78c1d3b elementor-widget elementor-widget-text-editor\" data-id=\"78c1d3b\" data-element_type=\"widget\" data-e-type=\"widget\" data-widget_type=\"text-editor.default\">\n\t\t\t\t<div class=\"elementor-widget-container\">\n\t\t\t\t\t\t\t\t\t<h4>T\u00cdTULOS PUBLICADOS 2010<\/h4>\t\t\t\t\t\t\t\t<\/div>\n\t\t\t\t<\/div>\n\t\t\t\t<div class=\"elementor-element elementor-element-d5d5136 elementor-widget elementor-widget-shortcode\" data-id=\"d5d5136\" data-element_type=\"widget\" data-e-type=\"widget\" data-widget_type=\"shortcode.default\">\n\t\t\t\t<div class=\"elementor-widget-container\">\n\t\t\t\t\t\t\t<div class=\"elementor-shortcode\">\t\t<div data-elementor-type=\"section\" data-elementor-id=\"4612\" class=\"elementor elementor-4612\" data-elementor-post-type=\"elementor_library\">\r\n\t\t\t\t\t<section class=\"elementor-section elementor-top-section elementor-element elementor-element-6364b083 elementor-section-boxed elementor-section-height-default elementor-section-height-default\" data-id=\"6364b083\" data-element_type=\"section\" data-e-type=\"section\">\n\t\t\t\t\t\t<div class=\"elementor-container elementor-column-gap-default\">\n\t\t\t\t\t<div class=\"elementor-column elementor-col-100 elementor-top-column elementor-element elementor-element-46b625cb\" data-id=\"46b625cb\" data-element_type=\"column\" data-e-type=\"column\">\n\t\t\t<div class=\"elementor-widget-wrap elementor-element-populated\">\n\t\t\t\t\t\t<section class=\"elementor-section elementor-inner-section elementor-element elementor-element-5560bc37 elementor-section-boxed elementor-section-height-default elementor-section-height-default\" data-id=\"5560bc37\" data-element_type=\"section\" data-e-type=\"section\">\n\t\t\t\t\t\t<div class=\"elementor-container elementor-column-gap-default\">\n\t\t\t\t\t<div class=\"elementor-column elementor-col-50 elementor-inner-column elementor-element elementor-element-5044b353\" data-id=\"5044b353\" data-element_type=\"column\" data-e-type=\"column\">\n\t\t\t<div class=\"elementor-widget-wrap elementor-element-populated\">\n\t\t\t\t\t\t<div class=\"elementor-element elementor-element-28645217 elementor-widget elementor-widget-image\" data-id=\"28645217\" data-element_type=\"widget\" data-e-type=\"widget\" data-widget_type=\"image.default\">\n\t\t\t\t<div class=\"elementor-widget-container\">\n\t\t\t\t\t\t\t\t\t\t\t\t\t\t\t<img decoding=\"async\" width=\"195\" height=\"149\" src=\"https:\/\/fadeweb.uncoma.edu.ar\/wp-content\/uploads\/2022\/09\/PUBLIFADECSLOGO-1.jpg\" class=\"attachment-large size-large wp-image-4611\" alt=\"\" \/>\t\t\t\t\t\t\t\t\t\t\t\t\t\t\t<\/div>\n\t\t\t\t<\/div>\n\t\t\t\t\t<\/div>\n\t\t<\/div>\n\t\t\t\t<div class=\"elementor-column elementor-col-50 elementor-inner-column elementor-element elementor-element-6d00d3c7\" data-id=\"6d00d3c7\" data-element_type=\"column\" data-e-type=\"column\">\n\t\t\t<div class=\"elementor-widget-wrap elementor-element-populated\">\n\t\t\t\t\t\t<div class=\"elementor-element elementor-element-701a0937 elementor-tabs-view-horizontal elementor-widget elementor-widget-tabs\" data-id=\"701a0937\" data-element_type=\"widget\" data-e-type=\"widget\" data-widget_type=\"tabs.default\">\n\t\t\t\t<div class=\"elementor-widget-container\">\n\t\t\t\t\t\t\t<div class=\"elementor-tabs\">\n\t\t\t<div class=\"elementor-tabs-wrapper\" role=\"tablist\" >\n\t\t\t\t\t\t\t\t\t<div id=\"elementor-tab-title-1881\" class=\"elementor-tab-title elementor-tab-desktop-title\" aria-selected=\"true\" data-tab=\"1\" role=\"tab\" tabindex=\"0\" aria-controls=\"elementor-tab-content-1881\" aria-expanded=\"false\">Quienes somos<\/div>\n\t\t\t\t\t\t\t\t\t<div id=\"elementor-tab-title-1882\" class=\"elementor-tab-title elementor-tab-desktop-title\" aria-selected=\"false\" data-tab=\"2\" role=\"tab\" tabindex=\"-1\" aria-controls=\"elementor-tab-content-1882\" aria-expanded=\"false\">C\u00f3mo publicar<\/div>\n\t\t\t\t\t\t\t\t\t<div id=\"elementor-tab-title-1883\" class=\"elementor-tab-title elementor-tab-desktop-title\" aria-selected=\"false\" data-tab=\"3\" role=\"tab\" tabindex=\"-1\" aria-controls=\"elementor-tab-content-1883\" aria-expanded=\"false\">C\u00f3mo comprar<\/div>\n\t\t\t\t\t\t\t\t\t<div id=\"elementor-tab-title-1884\" class=\"elementor-tab-title elementor-tab-desktop-title\" aria-selected=\"false\" data-tab=\"4\" role=\"tab\" tabindex=\"-1\" aria-controls=\"elementor-tab-content-1884\" aria-expanded=\"false\">Contacto<\/div>\n\t\t\t\t\t\t\t<\/div>\n\t\t\t<div class=\"elementor-tabs-content-wrapper\" role=\"tablist\" aria-orientation=\"vertical\">\n\t\t\t\t\t\t\t\t\t<div class=\"elementor-tab-title elementor-tab-mobile-title\" aria-selected=\"true\" data-tab=\"1\" role=\"tab\" tabindex=\"0\" aria-controls=\"elementor-tab-content-1881\" aria-expanded=\"false\">Quienes somos<\/div>\n\t\t\t\t\t<div id=\"elementor-tab-content-1881\" class=\"elementor-tab-content elementor-clearfix\" data-tab=\"1\" role=\"tabpanel\" aria-labelledby=\"elementor-tab-title-1881\" tabindex=\"0\" hidden=\"false\"><p>El Departamento de Publicaciones de la Facultad de Derecho y Ciencias Sociales, de la Universidad Nacional del Comahue, tiene una Coordinaci\u00f3n Ejecutiva a cargo de la <strong>Dise\u00f1adora Viviana Garc\u00eda<\/strong>. El Departamento es integrado adem\u00e1s por el <strong>Comunicador Social Adrian Pereyra<\/strong> en el \u00e1rea de edici\u00f3n, la nodocentes <strong>Sandra Erratchu<\/strong> en el \u00e1rea administrativa y <strong>Hugo Quintrem\u00e1n <\/strong>a cargo de la impresi\u00f3n y atenci\u00f3n del kiosco.<\/p><\/div>\n\t\t\t\t\t\t\t\t\t<div class=\"elementor-tab-title elementor-tab-mobile-title\" aria-selected=\"false\" data-tab=\"2\" role=\"tab\" tabindex=\"-1\" aria-controls=\"elementor-tab-content-1882\" aria-expanded=\"false\">C\u00f3mo publicar<\/div>\n\t\t\t\t\t<div id=\"elementor-tab-content-1882\" class=\"elementor-tab-content elementor-clearfix\" data-tab=\"2\" role=\"tabpanel\" aria-labelledby=\"elementor-tab-title-1882\" tabindex=\"0\" hidden=\"hidden\"><p class=\"subt1a\" align=\"left\">A los autores interesados en contratar nuestros servicios:<\/p><p class=\"texto\" align=\"left\">De nuestra consideraci\u00f3n:<\/p><p class=\"texto\" align=\"left\">Nos es grato dirigirnos a ud. a fin de responder su consulta sobre las caracter\u00edsticas del servicio de publicaci\u00f3n de nuestro sello editorial. El Departamento de Publicaciones es una organizaci\u00f3n dependiente de la Facultad de Derecho y Ciencias Sociales de la Universidad Nacional del Comahue.<\/p><p class=\"texto\" align=\"left\">Es nuestro objetivo satisfacer y generar demandas acad\u00e9micas y extrauniversitarias, editando materiales de inter\u00e9s elaborados en \u00e1mbitos diversos de la producci\u00f3n cient\u00edfico-literaria de la regi\u00f3n. El Consejo Editorial efectuar\u00e1 el control acad\u00e9mico de los trabajos que los Departamentos, los docentes o los investigadores presenten para ser publicados, y ser\u00e1 sometido a referato seg\u00fan sus caracter\u00edsticas.<\/p><p class=\"texto\" align=\"left\">La impresi\u00f3n de trabajos de terceras personas se realiza gracias a nuestro excedente en la capacidad de producci\u00f3n. Esta posibilidad se concreta bajo las condiciones de contrataci\u00f3n de servicios establecidas por la casa de estudios. Es requisito el pago del cincuenta por ciento (50 %) del costo de la edici\u00f3n al acordar la edici\u00f3n, y el resto contra entrega del total del material impreso.<\/p><p class=\"texto\" align=\"left\">El servicio que se contrata se compone de insumos (tonner, papel, master, cola de encuadernaci\u00f3n, broches), y producci\u00f3n (correcci\u00f3n ortogr\u00e1fica, diagramaci\u00f3n de interior, dise\u00f1o de tapa). El visto bueno final de la obra ser\u00e1 dado con un m\u00e1ximo de dos monos (copias armadas como libros) que ser\u00e1 controlado por el autor.<\/p><p class=\"texto\" align=\"left\">El servicio incluye el tr\u00e1mite de inscripci\u00f3n en el Registro de la Propiedad Intelectual, que se realiza en la C\u00e1mara Argentina del Libro, por el que se obtiene el n\u00famero de ISBN (International Standard Book Number o N\u00famero Internacional Normalizado para libros) de la obra. Este sistema permite que cada t\u00edtulo publicado tenga un n\u00famero de identificaci\u00f3n \u00fanico y simple compuesto por diez n\u00fameros, una \u00abC\u00e9dula de Identidad\u00bb para cada libro, que se aplica independientemente del destino que el editor asigne al libro: venta, distribuci\u00f3n gratuita o circulaci\u00f3n en c\u00edrculos espec\u00edficos.<\/p><\/div>\n\t\t\t\t\t\t\t\t\t<div class=\"elementor-tab-title elementor-tab-mobile-title\" aria-selected=\"false\" data-tab=\"3\" role=\"tab\" tabindex=\"-1\" aria-controls=\"elementor-tab-content-1883\" aria-expanded=\"false\">C\u00f3mo comprar<\/div>\n\t\t\t\t\t<div id=\"elementor-tab-content-1883\" class=\"elementor-tab-content elementor-clearfix\" data-tab=\"3\" role=\"tabpanel\" aria-labelledby=\"elementor-tab-title-1883\" tabindex=\"0\" hidden=\"hidden\"><p>Los interesados en adquirir alguna de nuestras publicaciones dirigir su pedido a la siguiente direcci\u00f3n <a href=\"mailto:publifadecs@hotmail.com\"><strong>publifadecs@hotmail.com<\/strong><\/a><\/p><\/div>\n\t\t\t\t\t\t\t\t\t<div class=\"elementor-tab-title elementor-tab-mobile-title\" aria-selected=\"false\" data-tab=\"4\" role=\"tab\" tabindex=\"-1\" aria-controls=\"elementor-tab-content-1884\" aria-expanded=\"false\">Contacto<\/div>\n\t\t\t\t\t<div id=\"elementor-tab-content-1884\" class=\"elementor-tab-content elementor-clearfix\" data-tab=\"4\" role=\"tabpanel\" aria-labelledby=\"elementor-tab-title-1884\" tabindex=\"0\" hidden=\"hidden\"><p>Puede enviarnos un mail a: <a href=\"mailto:publifadecs@hotmail.com\"><strong>publifadecs@hotmail.com<\/strong><\/a><\/p><\/div>\n\t\t\t\t\t\t\t<\/div>\n\t\t<\/div>\n\t\t\t\t\t\t<\/div>\n\t\t\t\t<\/div>\n\t\t\t\t\t<\/div>\n\t\t<\/div>\n\t\t\t\t\t<\/div>\n\t\t<\/section>\n\t\t\t\t\t<\/div>\n\t\t<\/div>\n\t\t\t\t\t<\/div>\n\t\t<\/section>\n\t\t\t\t<\/div>\r\n\t\t<\/div>\n\t\t\t\t\t\t<\/div>\n\t\t\t\t<\/div>\n\t\t\t\t<div class=\"elementor-element elementor-element-3c3c2f9 elementor-nav-menu--dropdown-tablet elementor-nav-menu__text-align-aside elementor-nav-menu--toggle elementor-nav-menu--burger elementor-widget elementor-widget-global elementor-global-6353 elementor-widget-nav-menu\" data-id=\"3c3c2f9\" data-element_type=\"widget\" data-e-type=\"widget\" data-settings=\"{&quot;layout&quot;:&quot;horizontal&quot;,&quot;submenu_icon&quot;:{&quot;value&quot;:&quot;fas fa-caret-down&quot;,&quot;library&quot;:&quot;fa-solid&quot;},&quot;toggle&quot;:&quot;burger&quot;}\" data-widget_type=\"nav-menu.default\">\n\t\t\t\t<div class=\"elementor-widget-container\">\n\t\t\t\t\t\t\t\t<nav aria-label=\"Menu\" class=\"elementor-nav-menu--main elementor-nav-menu__container elementor-nav-menu--layout-horizontal e--pointer-underline e--animation-fade\">\r\n\t\t\t\t<ul id=\"menu-1-3c3c2f9\" class=\"elementor-nav-menu\"><li class=\"menu-item menu-item-type-post_type menu-item-object-page menu-item-4544\"><a href=\"https:\/\/fadeweb.uncoma.edu.ar\/index.php\/publifadecs\/titulos-publicados-2010\/\" class=\"elementor-item\">2010<\/a><\/li>\n<li class=\"menu-item menu-item-type-post_type menu-item-object-page menu-item-4545\"><a href=\"https:\/\/fadeweb.uncoma.edu.ar\/index.php\/publifadecs\/titulos-publicados-2009\/\" class=\"elementor-item\">2009<\/a><\/li>\n<li class=\"menu-item menu-item-type-post_type menu-item-object-page menu-item-4546\"><a href=\"https:\/\/fadeweb.uncoma.edu.ar\/index.php\/publifadecs\/titulos-publicados-2008\/\" class=\"elementor-item\">2008<\/a><\/li>\n<li class=\"menu-item menu-item-type-post_type menu-item-object-page menu-item-4547\"><a href=\"https:\/\/fadeweb.uncoma.edu.ar\/index.php\/publifadecs\/titulos-publicados-2006\/\" class=\"elementor-item\">2006<\/a><\/li>\n<li class=\"menu-item menu-item-type-post_type menu-item-object-page menu-item-4548\"><a href=\"https:\/\/fadeweb.uncoma.edu.ar\/index.php\/publifadecs\/titulos-publicados-2005\/\" class=\"elementor-item\">2005<\/a><\/li>\n<li class=\"menu-item menu-item-type-post_type menu-item-object-page menu-item-4549\"><a href=\"https:\/\/fadeweb.uncoma.edu.ar\/index.php\/publifadecs\/titulos-publicados-2004\/\" class=\"elementor-item\">2004<\/a><\/li>\n<li class=\"menu-item menu-item-type-post_type menu-item-object-page menu-item-4550\"><a href=\"https:\/\/fadeweb.uncoma.edu.ar\/index.php\/publifadecs\/titulos-publicados-2003\/\" class=\"elementor-item\">2003<\/a><\/li>\n<li class=\"menu-item menu-item-type-post_type menu-item-object-page menu-item-4551\"><a href=\"https:\/\/fadeweb.uncoma.edu.ar\/index.php\/publifadecs\/titulos-publicados-2002\/\" class=\"elementor-item\">2002<\/a><\/li>\n<li class=\"menu-item menu-item-type-post_type menu-item-object-page menu-item-4552\"><a href=\"https:\/\/fadeweb.uncoma.edu.ar\/index.php\/publifadecs\/titulos-publicados-2001\/\" class=\"elementor-item\">2001<\/a><\/li>\n<li class=\"menu-item menu-item-type-post_type menu-item-object-page menu-item-4553\"><a href=\"https:\/\/fadeweb.uncoma.edu.ar\/index.php\/publifadecs\/titulos-publicados-2000\/\" class=\"elementor-item\">2000<\/a><\/li>\n<li class=\"menu-item menu-item-type-post_type menu-item-object-page menu-item-4554\"><a href=\"https:\/\/fadeweb.uncoma.edu.ar\/index.php\/publifadecs\/titulos-publicados-1998\/\" class=\"elementor-item\">1998<\/a><\/li>\n<li class=\"menu-item menu-item-type-post_type menu-item-object-page menu-item-4555\"><a href=\"https:\/\/fadeweb.uncoma.edu.ar\/index.php\/publifadecs\/titulos-publicados-1997\/\" class=\"elementor-item\">1997<\/a><\/li>\n<li class=\"menu-item menu-item-type-post_type menu-item-object-page menu-item-4556\"><a href=\"https:\/\/fadeweb.uncoma.edu.ar\/index.php\/publifadecs\/titulos-publicados-1996\/\" class=\"elementor-item\">1996<\/a><\/li>\n<li class=\"menu-item menu-item-type-post_type menu-item-object-page menu-item-4557\"><a href=\"https:\/\/fadeweb.uncoma.edu.ar\/index.php\/publifadecs\/titulos-publicados-1995\/\" class=\"elementor-item\">1995<\/a><\/li>\n<\/ul>\t\t\t<\/nav>\r\n\t\t\t\t\t<div class=\"elementor-menu-toggle\" role=\"button\" tabindex=\"0\" aria-label=\"Menu Toggle\" aria-expanded=\"false\">\r\n\t\t\t<i aria-hidden=\"true\" role=\"presentation\" class=\"elementor-menu-toggle__icon--open eicon-menu-bar\"><\/i><i aria-hidden=\"true\" role=\"presentation\" class=\"elementor-menu-toggle__icon--close eicon-close\"><\/i>\t\t<\/div>\r\n\t\t\t\t\t<nav class=\"elementor-nav-menu--dropdown elementor-nav-menu__container\" aria-hidden=\"true\">\r\n\t\t\t\t<ul id=\"menu-2-3c3c2f9\" class=\"elementor-nav-menu\"><li class=\"menu-item menu-item-type-post_type menu-item-object-page menu-item-4544\"><a href=\"https:\/\/fadeweb.uncoma.edu.ar\/index.php\/publifadecs\/titulos-publicados-2010\/\" class=\"elementor-item\" tabindex=\"-1\">2010<\/a><\/li>\n<li class=\"menu-item menu-item-type-post_type menu-item-object-page menu-item-4545\"><a href=\"https:\/\/fadeweb.uncoma.edu.ar\/index.php\/publifadecs\/titulos-publicados-2009\/\" class=\"elementor-item\" tabindex=\"-1\">2009<\/a><\/li>\n<li class=\"menu-item menu-item-type-post_type menu-item-object-page menu-item-4546\"><a href=\"https:\/\/fadeweb.uncoma.edu.ar\/index.php\/publifadecs\/titulos-publicados-2008\/\" class=\"elementor-item\" tabindex=\"-1\">2008<\/a><\/li>\n<li class=\"menu-item menu-item-type-post_type menu-item-object-page menu-item-4547\"><a href=\"https:\/\/fadeweb.uncoma.edu.ar\/index.php\/publifadecs\/titulos-publicados-2006\/\" class=\"elementor-item\" tabindex=\"-1\">2006<\/a><\/li>\n<li class=\"menu-item menu-item-type-post_type menu-item-object-page menu-item-4548\"><a href=\"https:\/\/fadeweb.uncoma.edu.ar\/index.php\/publifadecs\/titulos-publicados-2005\/\" class=\"elementor-item\" tabindex=\"-1\">2005<\/a><\/li>\n<li class=\"menu-item menu-item-type-post_type menu-item-object-page menu-item-4549\"><a href=\"https:\/\/fadeweb.uncoma.edu.ar\/index.php\/publifadecs\/titulos-publicados-2004\/\" class=\"elementor-item\" tabindex=\"-1\">2004<\/a><\/li>\n<li class=\"menu-item menu-item-type-post_type menu-item-object-page menu-item-4550\"><a href=\"https:\/\/fadeweb.uncoma.edu.ar\/index.php\/publifadecs\/titulos-publicados-2003\/\" class=\"elementor-item\" tabindex=\"-1\">2003<\/a><\/li>\n<li class=\"menu-item menu-item-type-post_type menu-item-object-page menu-item-4551\"><a href=\"https:\/\/fadeweb.uncoma.edu.ar\/index.php\/publifadecs\/titulos-publicados-2002\/\" class=\"elementor-item\" tabindex=\"-1\">2002<\/a><\/li>\n<li class=\"menu-item menu-item-type-post_type menu-item-object-page menu-item-4552\"><a href=\"https:\/\/fadeweb.uncoma.edu.ar\/index.php\/publifadecs\/titulos-publicados-2001\/\" class=\"elementor-item\" tabindex=\"-1\">2001<\/a><\/li>\n<li class=\"menu-item menu-item-type-post_type menu-item-object-page menu-item-4553\"><a href=\"https:\/\/fadeweb.uncoma.edu.ar\/index.php\/publifadecs\/titulos-publicados-2000\/\" class=\"elementor-item\" tabindex=\"-1\">2000<\/a><\/li>\n<li class=\"menu-item menu-item-type-post_type menu-item-object-page menu-item-4554\"><a href=\"https:\/\/fadeweb.uncoma.edu.ar\/index.php\/publifadecs\/titulos-publicados-1998\/\" class=\"elementor-item\" tabindex=\"-1\">1998<\/a><\/li>\n<li class=\"menu-item menu-item-type-post_type menu-item-object-page menu-item-4555\"><a href=\"https:\/\/fadeweb.uncoma.edu.ar\/index.php\/publifadecs\/titulos-publicados-1997\/\" class=\"elementor-item\" tabindex=\"-1\">1997<\/a><\/li>\n<li class=\"menu-item menu-item-type-post_type menu-item-object-page menu-item-4556\"><a href=\"https:\/\/fadeweb.uncoma.edu.ar\/index.php\/publifadecs\/titulos-publicados-1996\/\" class=\"elementor-item\" tabindex=\"-1\">1996<\/a><\/li>\n<li class=\"menu-item menu-item-type-post_type menu-item-object-page menu-item-4557\"><a href=\"https:\/\/fadeweb.uncoma.edu.ar\/index.php\/publifadecs\/titulos-publicados-1995\/\" class=\"elementor-item\" tabindex=\"-1\">1995<\/a><\/li>\n<\/ul>\t\t\t<\/nav>\r\n\t\t\t\t\t\t<\/div>\n\t\t\t\t<\/div>\n\t\t\t\t<div class=\"elementor-element elementor-element-84b338b elementor-widget elementor-widget-heading\" data-id=\"84b338b\" data-element_type=\"widget\" data-e-type=\"widget\" data-widget_type=\"heading.default\">\n\t\t\t\t<div class=\"elementor-widget-container\">\n\t\t\t\t\t<h2 class=\"elementor-heading-title elementor-size-default\">A\u00f1o 2010<\/h2>\t\t\t\t<\/div>\n\t\t\t\t<\/div>\n\t\t\t\t<section class=\"elementor-section elementor-inner-section elementor-element elementor-element-1fda3ce elementor-section-boxed elementor-section-height-default elementor-section-height-default\" data-id=\"1fda3ce\" data-element_type=\"section\" data-e-type=\"section\">\n\t\t\t\t\t\t<div class=\"elementor-container elementor-column-gap-default\">\n\t\t\t\t\t<div class=\"elementor-column elementor-col-33 elementor-inner-column elementor-element elementor-element-fe44956\" data-id=\"fe44956\" data-element_type=\"column\" data-e-type=\"column\">\n\t\t\t<div class=\"elementor-widget-wrap\">\n\t\t\t\t\t\t\t<\/div>\n\t\t<\/div>\n\t\t\t\t<div class=\"elementor-column elementor-col-33 elementor-inner-column elementor-element elementor-element-6725b25\" data-id=\"6725b25\" data-element_type=\"column\" data-e-type=\"column\">\n\t\t\t<div class=\"elementor-widget-wrap elementor-element-populated\">\n\t\t\t\t\t\t<div class=\"elementor-element elementor-element-1358ff0 elementor-widget elementor-widget-text-editor\" data-id=\"1358ff0\" data-element_type=\"widget\" data-e-type=\"widget\" data-widget_type=\"text-editor.default\">\n\t\t\t\t<div class=\"elementor-widget-container\">\n\t\t\t\t\t\t\t\t\t<p>T\u00edtulo<br \/><strong>C\u00f3digo Procesal Penal de la Provincia de R\u00edo Negro &#8211; Tomo I <\/strong><\/p><p>Autor Fernando S\u00e1nchez Freytes<\/p><p>ISBN 978-987-1549-25-2<\/p><p>Soporte Papel<\/p><p>P\u00e1gs. 582<\/p>\t\t\t\t\t\t\t\t<\/div>\n\t\t\t\t<\/div>\n\t\t\t\t\t<\/div>\n\t\t<\/div>\n\t\t\t\t<div class=\"elementor-column elementor-col-33 elementor-inner-column elementor-element elementor-element-735e15a\" data-id=\"735e15a\" data-element_type=\"column\" data-e-type=\"column\">\n\t\t\t<div class=\"elementor-widget-wrap elementor-element-populated\">\n\t\t\t\t\t\t<div class=\"elementor-element elementor-element-dfc5c1e elementor-widget elementor-widget-text-editor\" data-id=\"dfc5c1e\" data-element_type=\"widget\" data-e-type=\"widget\" data-widget_type=\"text-editor.default\">\n\t\t\t\t<div class=\"elementor-widget-container\">\n\t\t\t\t\t\t\t\t\t<p>Esta novena obra jur\u00eddica del docente de la Facultad de Derecho y Ciencias Sociales de la Universidad Nacional del Comahue (en las c\u00e1tedras de Derecho Penal I, Derecho Penal II, Seminario de Derecho Penal II y Seminario de Derecho Penal III) es un texto in\u00e9dito en la Provincia de R\u00edo Negro, en el que su autor anota y comenta, art\u00edculo por art\u00edculo, el C\u00f3digo de Procedimiento Penal local. El texto permite conocer todo lo que la doctrina tradicional y moderna predica sobre las disposiciones legales de este digesto jur\u00eddico, aunque se encarga de fijar su posici\u00f3n en cada una de ellas.<\/p>\t\t\t\t\t\t\t\t<\/div>\n\t\t\t\t<\/div>\n\t\t\t\t\t<\/div>\n\t\t<\/div>\n\t\t\t\t\t<\/div>\n\t\t<\/section>\n\t\t\t\t<section class=\"elementor-section elementor-inner-section elementor-element elementor-element-a76b491 elementor-section-boxed elementor-section-height-default elementor-section-height-default\" data-id=\"a76b491\" data-element_type=\"section\" data-e-type=\"section\">\n\t\t\t\t\t\t<div class=\"elementor-container elementor-column-gap-default\">\n\t\t\t\t\t<div class=\"elementor-column elementor-col-33 elementor-inner-column elementor-element elementor-element-b269176\" data-id=\"b269176\" data-element_type=\"column\" data-e-type=\"column\">\n\t\t\t<div class=\"elementor-widget-wrap\">\n\t\t\t\t\t\t\t<\/div>\n\t\t<\/div>\n\t\t\t\t<div class=\"elementor-column elementor-col-33 elementor-inner-column elementor-element elementor-element-a28619f\" data-id=\"a28619f\" data-element_type=\"column\" data-e-type=\"column\">\n\t\t\t<div class=\"elementor-widget-wrap elementor-element-populated\">\n\t\t\t\t\t\t<div class=\"elementor-element elementor-element-c484ad4 elementor-widget elementor-widget-text-editor\" data-id=\"c484ad4\" data-element_type=\"widget\" data-e-type=\"widget\" data-widget_type=\"text-editor.default\">\n\t\t\t\t<div class=\"elementor-widget-container\">\n\t\t\t\t\t\t\t\t\t<p>T\u00edtulo <strong>Humorismo y literatura <\/strong><\/p><p>Autor Sosa, Massi y Bosani<\/p><p>ISBN ISBN 978-987-1549-15-3<\/p><p>Soporte Papel y Cd<\/p><p>P\u00e1gs. 168<\/p>\t\t\t\t\t\t\t\t<\/div>\n\t\t\t\t<\/div>\n\t\t\t\t\t<\/div>\n\t\t<\/div>\n\t\t\t\t<div class=\"elementor-column elementor-col-33 elementor-inner-column elementor-element elementor-element-2e389a1\" data-id=\"2e389a1\" data-element_type=\"column\" data-e-type=\"column\">\n\t\t\t<div class=\"elementor-widget-wrap elementor-element-populated\">\n\t\t\t\t\t\t<div class=\"elementor-element elementor-element-86d7d90 elementor-widget elementor-widget-text-editor\" data-id=\"86d7d90\" data-element_type=\"widget\" data-e-type=\"widget\" data-widget_type=\"text-editor.default\">\n\t\t\t\t<div class=\"elementor-widget-container\">\n\t\t\t\t\t\t\t\t\t<p>El texto ofrece un recorrido por la literatura de humor y sus diferentes manifestaciones -el humor cr\u00edtico, el absurdo, el par\u00f3dico, el fant\u00e1stico, el ir\u00f3nico, el sat\u00edrico, el humor que otorga sentido y el que descubre el sinsentido-, desde los cl\u00e1sicos hasta nuestros d\u00edas.<br \/>El prop\u00f3sito de esta compilaci\u00f3n es poner a disposici\u00f3n de docentes y alumnos de nivel medio y superior un material bibliogr\u00e1fico que permita conocer y valorar textos literarios de distintas \u00e9pocas, pertenecientes a diferentes modalidades humor\u00edsticas y comentarlos poniendo particular atenci\u00f3n en los resortes internos del humor: el humor creado a partir de los personajes, de las situaciones, de los juegos con el lenguaje, etc.<\/p>\t\t\t\t\t\t\t\t<\/div>\n\t\t\t\t<\/div>\n\t\t\t\t\t<\/div>\n\t\t<\/div>\n\t\t\t\t\t<\/div>\n\t\t<\/section>\n\t\t\t\t<section class=\"elementor-section elementor-inner-section elementor-element elementor-element-5a39e86 elementor-section-boxed elementor-section-height-default elementor-section-height-default\" data-id=\"5a39e86\" data-element_type=\"section\" data-e-type=\"section\">\n\t\t\t\t\t\t<div class=\"elementor-container elementor-column-gap-default\">\n\t\t\t\t\t<div class=\"elementor-column elementor-col-33 elementor-inner-column elementor-element elementor-element-66f0e9d\" data-id=\"66f0e9d\" data-element_type=\"column\" data-e-type=\"column\">\n\t\t\t<div class=\"elementor-widget-wrap\">\n\t\t\t\t\t\t\t<\/div>\n\t\t<\/div>\n\t\t\t\t<div class=\"elementor-column elementor-col-33 elementor-inner-column elementor-element elementor-element-c4b25e9\" data-id=\"c4b25e9\" data-element_type=\"column\" data-e-type=\"column\">\n\t\t\t<div class=\"elementor-widget-wrap elementor-element-populated\">\n\t\t\t\t\t\t<div class=\"elementor-element elementor-element-f489fd2 elementor-widget elementor-widget-text-editor\" data-id=\"f489fd2\" data-element_type=\"widget\" data-e-type=\"widget\" id=\"AresNogueira1\" data-widget_type=\"text-editor.default\">\n\t\t\t\t<div class=\"elementor-widget-container\">\n\t\t\t\t\t\t\t\t\t<p>T\u00edtulo <strong>Temas de Derecho Romano Ed. Ampliada y corregida<\/strong><\/p><p>Autor Alicia Ares Nogueira<\/p><p>ISBN 978-987-1549-17-7<\/p><p>Soporte Papel<\/p><p>P\u00e1gs. 98<\/p>\t\t\t\t\t\t\t\t<\/div>\n\t\t\t\t<\/div>\n\t\t\t\t\t<\/div>\n\t\t<\/div>\n\t\t\t\t<div class=\"elementor-column elementor-col-33 elementor-inner-column elementor-element elementor-element-0be7a9c\" data-id=\"0be7a9c\" data-element_type=\"column\" data-e-type=\"column\">\n\t\t\t<div class=\"elementor-widget-wrap elementor-element-populated\">\n\t\t\t\t\t\t<div class=\"elementor-element elementor-element-8e05a8d elementor-widget elementor-widget-text-editor\" data-id=\"8e05a8d\" data-element_type=\"widget\" data-e-type=\"widget\" data-widget_type=\"text-editor.default\">\n\t\t\t\t<div class=\"elementor-widget-container\">\n\t\t\t\t\t\t\t\t\t<p>\u00abTodos los pueblos que se rigen por leyes y costumbres usan en parte su propio derecho y en parte el derecho com\u00fan de todos los hombres; pues el derecho que cada pueblo establece para s\u00ed, ese es suyo propio, y se llama derecho civil, como si dij\u00e9ramos derecho propio de la ciudad; en cambio, el que la raz\u00f3n natural establece entre todos los hombres, ese se observa uniformemente entre todos los pueblos y se llama derecho de gentes, como si dij\u00e9ramos el derecho que usan todas las naciones. As\u00ed, pues, el pueblo romano usa en parte su propio derecho y en parte el derecho com\u00fan de todos los hombres.\u00bb Gayo I.1<\/p>\t\t\t\t\t\t\t\t<\/div>\n\t\t\t\t<\/div>\n\t\t\t\t\t<\/div>\n\t\t<\/div>\n\t\t\t\t\t<\/div>\n\t\t<\/section>\n\t\t\t\t<section class=\"elementor-section elementor-inner-section elementor-element elementor-element-a798d48 elementor-section-boxed elementor-section-height-default elementor-section-height-default\" data-id=\"a798d48\" data-element_type=\"section\" data-e-type=\"section\">\n\t\t\t\t\t\t<div class=\"elementor-container elementor-column-gap-default\">\n\t\t\t\t\t<div class=\"elementor-column elementor-col-33 elementor-inner-column elementor-element elementor-element-1bd4c58\" data-id=\"1bd4c58\" data-element_type=\"column\" data-e-type=\"column\">\n\t\t\t<div class=\"elementor-widget-wrap\">\n\t\t\t\t\t\t\t<\/div>\n\t\t<\/div>\n\t\t\t\t<div class=\"elementor-column elementor-col-33 elementor-inner-column elementor-element elementor-element-b673a88\" data-id=\"b673a88\" data-element_type=\"column\" data-e-type=\"column\">\n\t\t\t<div class=\"elementor-widget-wrap elementor-element-populated\">\n\t\t\t\t\t\t<div class=\"elementor-element elementor-element-6345419 elementor-widget elementor-widget-text-editor\" data-id=\"6345419\" data-element_type=\"widget\" data-e-type=\"widget\" data-widget_type=\"text-editor.default\">\n\t\t\t\t<div class=\"elementor-widget-container\">\n\t\t\t\t\t\t\t\t\t<p>T\u00edtulo <strong>Revista de la Facultad N \u00ba 16 <\/strong><\/p><p>Autor FaDeCS<\/p><p>ISSN 950-9859-51-6<\/p><p>Soporte Digital<\/p><p>P\u00e1gs. 270<\/p>\t\t\t\t\t\t\t\t<\/div>\n\t\t\t\t<\/div>\n\t\t\t\t\t<\/div>\n\t\t<\/div>\n\t\t\t\t<div class=\"elementor-column elementor-col-33 elementor-inner-column elementor-element elementor-element-e161f34\" data-id=\"e161f34\" data-element_type=\"column\" data-e-type=\"column\">\n\t\t\t<div class=\"elementor-widget-wrap elementor-element-populated\">\n\t\t\t\t\t\t<div class=\"elementor-element elementor-element-355fa42 elementor-widget elementor-widget-text-editor\" data-id=\"355fa42\" data-element_type=\"widget\" data-e-type=\"widget\" data-widget_type=\"text-editor.default\">\n\t\t\t\t<div class=\"elementor-widget-container\">\n\t\t\t\t\t\t\t\t\t<p>\u00abEsta edici\u00f3n de la Revista de la Facultad &#8211; Estudios Sociales coincide con el Bicentenario argentino. Es tambi\u00e9n un tiempo de alegr\u00eda poder presentarla a los lectores. Los docentes e investigadores que escriben en este n\u00famero brindan miradas sobre asuntos surgidos de la propia urdimbre de sus proyectos de investigaci\u00f3n. Un alto porcentaje de art\u00edculos trata cuestiones locales y regionales. Ello otorga valor agregado a la publicaci\u00f3n y refleja una vinculaci\u00f3n cercana con el entorno de la UNComahue que tiene un protagonismo acad\u00e9mico y cultural sobre una extensi\u00f3n de 300 mil km2 y una poblaci\u00f3n superior al mill\u00f3n de habitantes. Las universidades y, en particular, las que tienen en su interior carreras de comunicaci\u00f3n y ciencias sociales se preparan para cambios. Se proyecta desde la Naci\u00f3n integrar el pa\u00eds con contenidos propios de las grandes regiones que lo compone. El rol de las universidades es destacado\u00bb, (p\u00e1rrafos extra\u00eddos del editorial).<\/p>\t\t\t\t\t\t\t\t<\/div>\n\t\t\t\t<\/div>\n\t\t\t\t\t<\/div>\n\t\t<\/div>\n\t\t\t\t\t<\/div>\n\t\t<\/section>\n\t\t\t\t<section class=\"elementor-section elementor-inner-section elementor-element elementor-element-5a049a0 elementor-section-boxed elementor-section-height-default elementor-section-height-default\" data-id=\"5a049a0\" data-element_type=\"section\" data-e-type=\"section\">\n\t\t\t\t\t\t<div class=\"elementor-container elementor-column-gap-default\">\n\t\t\t\t\t<div class=\"elementor-column elementor-col-33 elementor-inner-column elementor-element elementor-element-066d60b\" data-id=\"066d60b\" data-element_type=\"column\" data-e-type=\"column\">\n\t\t\t<div class=\"elementor-widget-wrap\">\n\t\t\t\t\t\t\t<\/div>\n\t\t<\/div>\n\t\t\t\t<div class=\"elementor-column elementor-col-33 elementor-inner-column elementor-element elementor-element-b762097\" data-id=\"b762097\" data-element_type=\"column\" data-e-type=\"column\">\n\t\t\t<div class=\"elementor-widget-wrap elementor-element-populated\">\n\t\t\t\t\t\t<div class=\"elementor-element elementor-element-113d20c elementor-widget elementor-widget-text-editor\" data-id=\"113d20c\" data-element_type=\"widget\" data-e-type=\"widget\" data-widget_type=\"text-editor.default\">\n\t\t\t\t<div class=\"elementor-widget-container\">\n\t\t\t\t\t\t\t\t\t<p>T\u00edtulo <strong>Silenciamientos y omisiones sobre abuso sexual infantil e incesto <\/strong><\/p><p>Autor Liliana Enriquez<\/p><p>ISBN E\/T<\/p><p>Soporte Papel<\/p><p>P\u00e1gs. 290<\/p>\t\t\t\t\t\t\t\t<\/div>\n\t\t\t\t<\/div>\n\t\t\t\t\t<\/div>\n\t\t<\/div>\n\t\t\t\t<div class=\"elementor-column elementor-col-33 elementor-inner-column elementor-element elementor-element-97ff752\" data-id=\"97ff752\" data-element_type=\"column\" data-e-type=\"column\">\n\t\t\t<div class=\"elementor-widget-wrap elementor-element-populated\">\n\t\t\t\t\t\t<div class=\"elementor-element elementor-element-e5a3a6e elementor-widget elementor-widget-text-editor\" data-id=\"e5a3a6e\" data-element_type=\"widget\" data-e-type=\"widget\" data-widget_type=\"text-editor.default\">\n\t\t\t\t<div class=\"elementor-widget-container\">\n\t\t\t\t\t\t\t\t\t<p>Abuso sexual e incesto son temas que rondan la pr\u00e1ctica de aquellos que hemos elegido trabajar con lo social-humano. Creemos necesario aclarar que la tarea profesional no es espec\u00edficamente la realizada con \u00abmenores\u00bb, sino tambi\u00e9n con los relatos de mujeres que transitaron esa experiencia y hoy son adultas. Aquellas mujeres, en el que el exceso traspas\u00f3 sus cuerpos cuando eran ni\u00f1as y sufren las secuelas y los trastornos espec\u00edficos del abuso sexual.<\/p><p>En el otro extremo, nos encontramos con madres a las cuales se les hace dif\u00edcil creer el relato de sus hijas\/os, as\u00ed como aceptar que personas que est\u00e1n tan cerca, puedan provocar un da\u00f1o que dura para toda la vida. En lo familiar resulta perturbador, confuso y ca\u00f3tico. Entre dudas, sospechas, informaci\u00f3n, confrontaci\u00f3n y un \u00abno saber qu\u00e9 hacer\u00bb se acercan y buscan ayuda frente al horror.<\/p><p>Aquellas que han decidido hacer la denuncia, suman muchas veces al horror familiar, la impotencia ante determinadas pr\u00e1cticas judiciales que entran en contradicci\u00f3n con lo que ella misma proclama: justicia. Ni\u00f1os y ni\u00f1as con relatos desgarradores que el mundo adulto no quiere escuchar. Madres, profesionales, operadores de justicia, jueces que insisten en pensar que los \u00abni\u00f1os mienten\u00bb \u00bfPor qu\u00e9 mentir\u00edan los ni\u00f1os? \u00bfQu\u00e9 ventajas obtendr\u00edan?<\/p>\t\t\t\t\t\t\t\t<\/div>\n\t\t\t\t<\/div>\n\t\t\t\t\t<\/div>\n\t\t<\/div>\n\t\t\t\t\t<\/div>\n\t\t<\/section>\n\t\t\t\t<section class=\"elementor-section elementor-inner-section elementor-element elementor-element-c9d042e elementor-section-boxed elementor-section-height-default elementor-section-height-default\" data-id=\"c9d042e\" data-element_type=\"section\" data-e-type=\"section\">\n\t\t\t\t\t\t<div class=\"elementor-container elementor-column-gap-default\">\n\t\t\t\t\t<div class=\"elementor-column elementor-col-33 elementor-inner-column elementor-element elementor-element-e70a03d\" data-id=\"e70a03d\" data-element_type=\"column\" data-e-type=\"column\">\n\t\t\t<div class=\"elementor-widget-wrap\">\n\t\t\t\t\t\t\t<\/div>\n\t\t<\/div>\n\t\t\t\t<div class=\"elementor-column elementor-col-33 elementor-inner-column elementor-element elementor-element-a189867\" data-id=\"a189867\" data-element_type=\"column\" data-e-type=\"column\">\n\t\t\t<div class=\"elementor-widget-wrap elementor-element-populated\">\n\t\t\t\t\t\t<div class=\"elementor-element elementor-element-0e6ca8e elementor-widget elementor-widget-text-editor\" data-id=\"0e6ca8e\" data-element_type=\"widget\" data-e-type=\"widget\" data-widget_type=\"text-editor.default\">\n\t\t\t\t<div class=\"elementor-widget-container\">\n\t\t\t\t\t\t\t\t\t<p>T\u00edtulo <strong>Entornos subjetivos actuales <\/strong><\/p><p>Autor M\u00f3nica Sobrino<\/p><p>ISBN 978-987-1549-24-5<\/p><p>Soporte Papel<\/p><p>P\u00e1gs. 122<\/p>\t\t\t\t\t\t\t\t<\/div>\n\t\t\t\t<\/div>\n\t\t\t\t\t<\/div>\n\t\t<\/div>\n\t\t\t\t<div class=\"elementor-column elementor-col-33 elementor-inner-column elementor-element elementor-element-9bc423d\" data-id=\"9bc423d\" data-element_type=\"column\" data-e-type=\"column\">\n\t\t\t<div class=\"elementor-widget-wrap elementor-element-populated\">\n\t\t\t\t\t\t<div class=\"elementor-element elementor-element-58b67f9 elementor-widget elementor-widget-text-editor\" data-id=\"58b67f9\" data-element_type=\"widget\" data-e-type=\"widget\" data-widget_type=\"text-editor.default\">\n\t\t\t\t<div class=\"elementor-widget-container\">\n\t\t\t\t\t\t\t\t\t<p>L@s autor@s del presente libro, profesores del Instituto de Formaci\u00f3n Docente de General Roca, publican el resultado de una investigaci\u00f3n realizada en escuelas primarias de la ciudad. Entendemos que es el primer trabajo de investigaci\u00f3n de estas caracter\u00edsticas; la intenci\u00f3n es describir, analizar y comprender las subjetividades de \u00e9poca en las generaciones infantiles y c\u00f3mo \u00e9stas interpelan las pr\u00e1cticas de ense\u00f1anza en la realidad escolar local.<\/p>\t\t\t\t\t\t\t\t<\/div>\n\t\t\t\t<\/div>\n\t\t\t\t\t<\/div>\n\t\t<\/div>\n\t\t\t\t\t<\/div>\n\t\t<\/section>\n\t\t\t\t<section class=\"elementor-section elementor-inner-section elementor-element elementor-element-761b78f elementor-section-boxed elementor-section-height-default elementor-section-height-default\" data-id=\"761b78f\" data-element_type=\"section\" data-e-type=\"section\">\n\t\t\t\t\t\t<div class=\"elementor-container elementor-column-gap-default\">\n\t\t\t\t\t<div class=\"elementor-column elementor-col-33 elementor-inner-column elementor-element elementor-element-842ad12\" data-id=\"842ad12\" data-element_type=\"column\" data-e-type=\"column\">\n\t\t\t<div class=\"elementor-widget-wrap\">\n\t\t\t\t\t\t\t<\/div>\n\t\t<\/div>\n\t\t\t\t<div class=\"elementor-column elementor-col-33 elementor-inner-column elementor-element elementor-element-946e432\" data-id=\"946e432\" data-element_type=\"column\" data-e-type=\"column\">\n\t\t\t<div class=\"elementor-widget-wrap elementor-element-populated\">\n\t\t\t\t\t\t<div class=\"elementor-element elementor-element-a51ffec elementor-widget elementor-widget-text-editor\" data-id=\"a51ffec\" data-element_type=\"widget\" data-e-type=\"widget\" data-widget_type=\"text-editor.default\">\n\t\t\t\t<div class=\"elementor-widget-container\">\n\t\t\t\t\t\t\t\t\t<p>T\u00edtulo <strong>Crisis y comunicaci\u00f3n en Argentina <\/strong><\/p><p>Autor Juan Carlos Bergonzi<\/p><p>ISSN 978-987-1549-23-8<\/p><p>Soporte Papel<\/p><p>P\u00e1gs. 314<\/p>\t\t\t\t\t\t\t\t<\/div>\n\t\t\t\t<\/div>\n\t\t\t\t\t<\/div>\n\t\t<\/div>\n\t\t\t\t<div class=\"elementor-column elementor-col-33 elementor-inner-column elementor-element elementor-element-860c2af\" data-id=\"860c2af\" data-element_type=\"column\" data-e-type=\"column\">\n\t\t\t<div class=\"elementor-widget-wrap elementor-element-populated\">\n\t\t\t\t\t\t<div class=\"elementor-element elementor-element-82bd375 elementor-widget elementor-widget-text-editor\" data-id=\"82bd375\" data-element_type=\"widget\" data-e-type=\"widget\" data-widget_type=\"text-editor.default\">\n\t\t\t\t<div class=\"elementor-widget-container\">\n\t\t\t\t\t\t\t\t\t<p>Este trabajo se ocupa de investigar la emisi\u00f3n de contenidos, con soporte en el g\u00e9nero editorial, comunicados en tiempos previos al golpe de Estado c\u00edvico militar del 24 de marzo de 1976. La etapa que atraves\u00f3 la sociedad nacional, desde las elecciones de marzo de 1973 hasta su conclusi\u00f3n tres a\u00f1os despu\u00e9s, est\u00e1 viva y en la memoria hist\u00f3rica de los argentinos. La obra brinda una mirada del contexto local e internacional de aquellos a\u00f1os y ofrece decodificaciones sobre el medio objeto de estudio.<\/p>\t\t\t\t\t\t\t\t<\/div>\n\t\t\t\t<\/div>\n\t\t\t\t\t<\/div>\n\t\t<\/div>\n\t\t\t\t\t<\/div>\n\t\t<\/section>\n\t\t\t\t<section class=\"elementor-section elementor-inner-section elementor-element elementor-element-519e716 elementor-section-boxed elementor-section-height-default elementor-section-height-default\" data-id=\"519e716\" data-element_type=\"section\" data-e-type=\"section\">\n\t\t\t\t\t\t<div class=\"elementor-container elementor-column-gap-default\">\n\t\t\t\t\t<div class=\"elementor-column elementor-col-33 elementor-inner-column elementor-element elementor-element-cd15df3\" data-id=\"cd15df3\" data-element_type=\"column\" data-e-type=\"column\">\n\t\t\t<div class=\"elementor-widget-wrap\">\n\t\t\t\t\t\t\t<\/div>\n\t\t<\/div>\n\t\t\t\t<div class=\"elementor-column elementor-col-33 elementor-inner-column elementor-element elementor-element-c208561\" data-id=\"c208561\" data-element_type=\"column\" data-e-type=\"column\">\n\t\t\t<div class=\"elementor-widget-wrap elementor-element-populated\">\n\t\t\t\t\t\t<div class=\"elementor-element elementor-element-4ee7121 elementor-widget elementor-widget-text-editor\" data-id=\"4ee7121\" data-element_type=\"widget\" data-e-type=\"widget\" data-widget_type=\"text-editor.default\">\n\t\t\t\t<div class=\"elementor-widget-container\">\n\t\t\t\t\t\t\t\t\t<p>Titulo <strong>\u00bfNuevas fronteras con m\u00faltiples cercamientos? <\/strong><\/p><p>Autor Andr\u00e9s M Dimitriu<\/p><p>ISBN 978-987-1549-21-4<\/p><p>Soporte Papel<\/p><p>P\u00e1gs 166<\/p>\t\t\t\t\t\t\t\t<\/div>\n\t\t\t\t<\/div>\n\t\t\t\t\t<\/div>\n\t\t<\/div>\n\t\t\t\t<div class=\"elementor-column elementor-col-33 elementor-inner-column elementor-element elementor-element-5c81eec\" data-id=\"5c81eec\" data-element_type=\"column\" data-e-type=\"column\">\n\t\t\t<div class=\"elementor-widget-wrap elementor-element-populated\">\n\t\t\t\t\t\t<div class=\"elementor-element elementor-element-3eeae5c elementor-widget elementor-widget-text-editor\" data-id=\"3eeae5c\" data-element_type=\"widget\" data-e-type=\"widget\" data-widget_type=\"text-editor.default\">\n\t\t\t\t<div class=\"elementor-widget-container\">\n\t\t\t\t\t\t\t\t\t<p>Los cercamientos caracterizaron las apropiaciones de tierras comunes, principalmente en Inglaterra, por parte de la realeza para cubrir sus apetencias de poder y volumen comercial. Las consecuencias, pasados varios siglos, alcanzan a nuestros d\u00edas. Los nuevos cercamientos incluyen la ocupaci\u00f3n de todos los espacios imaginables, f\u00edsicos o simb\u00f3licos, a escala global. Tierra, capital, trabajo. y pol\u00edtica. Con este libro esperamos contribuir con el debate mayor que, de modo asistem\u00e1tico pero de manera din\u00e1mica y en profundidad, se registra en las luchas ambientales y sociales en la Patagonia Argentina y, con crecientes v\u00ednculos, a nivel continental.<\/p>\t\t\t\t\t\t\t\t<\/div>\n\t\t\t\t<\/div>\n\t\t\t\t\t<\/div>\n\t\t<\/div>\n\t\t\t\t\t<\/div>\n\t\t<\/section>\n\t\t\t\t<section class=\"elementor-section elementor-inner-section elementor-element elementor-element-ec6d7c4 elementor-section-boxed elementor-section-height-default elementor-section-height-default\" data-id=\"ec6d7c4\" data-element_type=\"section\" data-e-type=\"section\">\n\t\t\t\t\t\t<div class=\"elementor-container elementor-column-gap-default\">\n\t\t\t\t\t<div class=\"elementor-column elementor-col-33 elementor-inner-column elementor-element elementor-element-a881a8c\" data-id=\"a881a8c\" data-element_type=\"column\" data-e-type=\"column\">\n\t\t\t<div class=\"elementor-widget-wrap\">\n\t\t\t\t\t\t\t<\/div>\n\t\t<\/div>\n\t\t\t\t<div class=\"elementor-column elementor-col-33 elementor-inner-column elementor-element elementor-element-e9a91df\" data-id=\"e9a91df\" data-element_type=\"column\" data-e-type=\"column\">\n\t\t\t<div class=\"elementor-widget-wrap elementor-element-populated\">\n\t\t\t\t\t\t<div class=\"elementor-element elementor-element-a7c1afa elementor-widget elementor-widget-text-editor\" data-id=\"a7c1afa\" data-element_type=\"widget\" data-e-type=\"widget\" data-widget_type=\"text-editor.default\">\n\t\t\t\t<div class=\"elementor-widget-container\">\n\t\t\t\t\t\t\t\t\t<p>T\u00edtulo <strong>El David <\/strong><\/p><p>Autor Jos\u00e9 Padr\u00f3n Hern\u00e1ndez<\/p><p>ISBN 978-987-1549-27-6<\/p><p>Soporte Papel<\/p><p>P\u00e1gs 124<\/p>\t\t\t\t\t\t\t\t<\/div>\n\t\t\t\t<\/div>\n\t\t\t\t\t<\/div>\n\t\t<\/div>\n\t\t\t\t<div class=\"elementor-column elementor-col-33 elementor-inner-column elementor-element elementor-element-93c05aa\" data-id=\"93c05aa\" data-element_type=\"column\" data-e-type=\"column\">\n\t\t\t<div class=\"elementor-widget-wrap elementor-element-populated\">\n\t\t\t\t\t\t<div class=\"elementor-element elementor-element-bfedfb3 elementor-widget elementor-widget-text-editor\" data-id=\"bfedfb3\" data-element_type=\"widget\" data-e-type=\"widget\" data-widget_type=\"text-editor.default\">\n\t\t\t\t<div class=\"elementor-widget-container\">\n\t\t\t\t\t\t\t\t\t<p>Resumen Julio Antonio Padr\u00f3n Hern\u00e1ndez tiene tres hijos biol\u00f3gicos y dos literarios. A los primeros los engendr\u00f3 con la urgencia que impone el amor; a sus hijos literarios, en cambio, los fue construyendo de a poco, como a la vida, sin apuros, para ir curando heridas, para entenderse a s\u00ed mismo. Pero fue necesario un gran dolor para que se animara a desatar el nudo y pusiera fin a su autoexilio. Y as\u00ed, impulsado por un enorme deseo de escape y libertad, se anim\u00f3 a publicar poemas y relatos escritos con una enorme energ\u00eda est\u00e9tica.<\/p><p>Hoy nos muestra en estos cuentos breves, en estas \u00bb <em>ficciones literarias <\/em>\u00bb como las llama el autor, un trozo de su propia historia. En cada uno de sus relatos va desgranando su pensamiento, su ideolog\u00eda y su profunda humanidad. Va mostrando que le duele la pobreza, la injusticia y la falta de oportunidades de sus personajes<\/p>\t\t\t\t\t\t\t\t<\/div>\n\t\t\t\t<\/div>\n\t\t\t\t\t<\/div>\n\t\t<\/div>\n\t\t\t\t\t<\/div>\n\t\t<\/section>\n\t\t\t\t<section class=\"elementor-section elementor-inner-section elementor-element elementor-element-1bca724 elementor-section-boxed elementor-section-height-default elementor-section-height-default\" data-id=\"1bca724\" data-element_type=\"section\" data-e-type=\"section\">\n\t\t\t\t\t\t<div class=\"elementor-container elementor-column-gap-default\">\n\t\t\t\t\t<div class=\"elementor-column elementor-col-33 elementor-inner-column elementor-element elementor-element-b22d071\" data-id=\"b22d071\" data-element_type=\"column\" data-e-type=\"column\">\n\t\t\t<div class=\"elementor-widget-wrap\">\n\t\t\t\t\t\t\t<\/div>\n\t\t<\/div>\n\t\t\t\t<div class=\"elementor-column elementor-col-33 elementor-inner-column elementor-element elementor-element-6f5473c\" data-id=\"6f5473c\" data-element_type=\"column\" data-e-type=\"column\">\n\t\t\t<div class=\"elementor-widget-wrap elementor-element-populated\">\n\t\t\t\t\t\t<div class=\"elementor-element elementor-element-1253f42 elementor-widget elementor-widget-text-editor\" data-id=\"1253f42\" data-element_type=\"widget\" data-e-type=\"widget\" data-widget_type=\"text-editor.default\">\n\t\t\t\t<div class=\"elementor-widget-container\">\n\t\t\t\t\t\t\t\t\t<p>T\u00edtulo <strong>Familias y situaci\u00f3n de pobreza <\/strong><\/p><p>Autor Dinorah Fait<\/p><p>ISBN 978-987-1549-19-1<\/p><p>Soporte Papel<\/p><p>P \u00e1gs. 160<\/p>\t\t\t\t\t\t\t\t<\/div>\n\t\t\t\t<\/div>\n\t\t\t\t\t<\/div>\n\t\t<\/div>\n\t\t\t\t<div class=\"elementor-column elementor-col-33 elementor-inner-column elementor-element elementor-element-9bbbc15\" data-id=\"9bbbc15\" data-element_type=\"column\" data-e-type=\"column\">\n\t\t\t<div class=\"elementor-widget-wrap elementor-element-populated\">\n\t\t\t\t\t\t<div class=\"elementor-element elementor-element-9cf7ff1 elementor-widget elementor-widget-text-editor\" data-id=\"9cf7ff1\" data-element_type=\"widget\" data-e-type=\"widget\" data-widget_type=\"text-editor.default\">\n\t\t\t\t<div class=\"elementor-widget-container\">\n\t\t\t\t\t\t\t\t\t<p>Recorrer los diferentes cap\u00edtulos de este libro es de alguna manera detenerse en la mirada que impregn\u00f3 cada una de las integrantes del Equipo del Proyecto de Investigaci\u00f3n \u00abFamilias y situaci\u00f3n de pobreza. Percepciones, demandas y necesidades de familias residentes en zonas de alto \u00edndice de NBI de General Roca. La elecci\u00f3n de una \u00abtoma\u00bb no fue casual, porque es un movimiento nuevo que se da en los albores de este milenio, un escenario diferente que se est\u00e1 gestando no s\u00f3lo en General Roca sino en el pa\u00eds.<\/p>\t\t\t\t\t\t\t\t<\/div>\n\t\t\t\t<\/div>\n\t\t\t\t\t<\/div>\n\t\t<\/div>\n\t\t\t\t\t<\/div>\n\t\t<\/section>\n\t\t\t\t<section class=\"elementor-section elementor-inner-section elementor-element elementor-element-6c57e49 elementor-section-boxed elementor-section-height-default elementor-section-height-default\" data-id=\"6c57e49\" data-element_type=\"section\" data-e-type=\"section\">\n\t\t\t\t\t\t<div class=\"elementor-container elementor-column-gap-default\">\n\t\t\t\t\t<div class=\"elementor-column elementor-col-33 elementor-inner-column elementor-element elementor-element-ddceed4\" data-id=\"ddceed4\" data-element_type=\"column\" data-e-type=\"column\">\n\t\t\t<div class=\"elementor-widget-wrap\">\n\t\t\t\t\t\t\t<\/div>\n\t\t<\/div>\n\t\t\t\t<div class=\"elementor-column elementor-col-33 elementor-inner-column elementor-element elementor-element-a8c1bd0\" data-id=\"a8c1bd0\" data-element_type=\"column\" data-e-type=\"column\">\n\t\t\t<div class=\"elementor-widget-wrap elementor-element-populated\">\n\t\t\t\t\t\t<div class=\"elementor-element elementor-element-532e282 elementor-widget elementor-widget-text-editor\" data-id=\"532e282\" data-element_type=\"widget\" data-e-type=\"widget\" data-widget_type=\"text-editor.default\">\n\t\t\t\t<div class=\"elementor-widget-container\">\n\t\t\t\t\t\t\t\t\t<p>T\u00edtulo <strong>Transcurso <\/strong><strong> Un repaso de contradicciones orientadas a la definici\u00f3n <\/strong><\/p><p>Autor Luciana Gargini<\/p><p>ISBN E\/T<\/p><p>Soporte Papel<\/p><p>P \u00e1gs. 100<\/p>\t\t\t\t\t\t\t\t<\/div>\n\t\t\t\t<\/div>\n\t\t\t\t\t<\/div>\n\t\t<\/div>\n\t\t\t\t<div class=\"elementor-column elementor-col-33 elementor-inner-column elementor-element elementor-element-40d6bdf\" data-id=\"40d6bdf\" data-element_type=\"column\" data-e-type=\"column\">\n\t\t\t<div class=\"elementor-widget-wrap elementor-element-populated\">\n\t\t\t\t\t\t<div class=\"elementor-element elementor-element-5c56aa4 elementor-widget elementor-widget-text-editor\" data-id=\"5c56aa4\" data-element_type=\"widget\" data-e-type=\"widget\" data-widget_type=\"text-editor.default\">\n\t\t\t\t<div class=\"elementor-widget-container\">\n\t\t\t\t\t\t\t\t\t<p>Tal como refiere Dolina, entre los celtas, se llegaba a ser poeta despu\u00e9s de <em>prolongados esfuerzos <\/em>. Es factible, para nosotros -simples mortales no celtas- poner la palabra po\u00e9tica de Mar\u00eda Luciana Gargini junto a la de otros poetas que por favor divino o por inspiraci\u00f3n ponen sus versos a nuestra disposici\u00f3n Su poes\u00eda la coloca all\u00ed, sin los entrenamientos tortuosos aludidos. Desde transcursos y repaso de contradicciones. Y entonces un yo l\u00edrico con alas, risa y poder batalla entre la certeza y el pasmo <em>con las manos en la masa del optimismo <\/em>, pero conciente de que <em>para volar no le sirve cualquier cielo. <\/em>Un sujeto po\u00e9tico penetrante y l\u00facido que ans\u00eda definir y define, que busca <em>desentra\u00f1ar el misterio de la verdad <\/em> y lo hace.<\/p>\t\t\t\t\t\t\t\t<\/div>\n\t\t\t\t<\/div>\n\t\t\t\t\t<\/div>\n\t\t<\/div>\n\t\t\t\t\t<\/div>\n\t\t<\/section>\n\t\t\t\t<section class=\"elementor-section elementor-inner-section elementor-element elementor-element-9b05db5 elementor-section-boxed elementor-section-height-default elementor-section-height-default\" data-id=\"9b05db5\" data-element_type=\"section\" data-e-type=\"section\">\n\t\t\t\t\t\t<div class=\"elementor-container elementor-column-gap-default\">\n\t\t\t\t\t<div class=\"elementor-column elementor-col-33 elementor-inner-column elementor-element elementor-element-11deb19\" data-id=\"11deb19\" data-element_type=\"column\" data-e-type=\"column\">\n\t\t\t<div class=\"elementor-widget-wrap\">\n\t\t\t\t\t\t\t<\/div>\n\t\t<\/div>\n\t\t\t\t<div class=\"elementor-column elementor-col-33 elementor-inner-column elementor-element elementor-element-41bdbd7\" data-id=\"41bdbd7\" data-element_type=\"column\" data-e-type=\"column\">\n\t\t\t<div class=\"elementor-widget-wrap elementor-element-populated\">\n\t\t\t\t\t\t<div class=\"elementor-element elementor-element-b5f623b elementor-widget elementor-widget-text-editor\" data-id=\"b5f623b\" data-element_type=\"widget\" data-e-type=\"widget\" data-widget_type=\"text-editor.default\">\n\t\t\t\t<div class=\"elementor-widget-container\">\n\t\t\t\t\t\t\t\t\t<p>T\u00edtulo <strong>Cr\u00f3nicas de la Escuela Media <\/strong><\/p><p>Autor Rosa Mart\u00ednez y otros<\/p><p>ISBN 978-987-1549-26-9<\/p><p>Soporte Papel<\/p><p>P \u00e1gs. 336<\/p>\t\t\t\t\t\t\t\t<\/div>\n\t\t\t\t<\/div>\n\t\t\t\t\t<\/div>\n\t\t<\/div>\n\t\t\t\t<div class=\"elementor-column elementor-col-33 elementor-inner-column elementor-element elementor-element-34a2e03\" data-id=\"34a2e03\" data-element_type=\"column\" data-e-type=\"column\">\n\t\t\t<div class=\"elementor-widget-wrap elementor-element-populated\">\n\t\t\t\t\t\t<div class=\"elementor-element elementor-element-99ee007 elementor-widget elementor-widget-text-editor\" data-id=\"99ee007\" data-element_type=\"widget\" data-e-type=\"widget\" data-widget_type=\"text-editor.default\">\n\t\t\t\t<div class=\"elementor-widget-container\">\n\t\t\t\t\t\t\t\t\t<p>Un grupo de extensionistas de la Facultad de Ciencias de la Educaci\u00f3n de la UNCo , presenta el resultado de sus trabajos con docentes de escuelas medias de Cipolletti y Neuqu\u00e9n (capital). Provienen de variados campos disciplinares, trabajan con contenidos dis\u00edmiles, se dirigen a estudiantes de edades diversas, se ubican en contextos institucionales distintos, apelan a soportes te\u00f3ricos diversos, emplean medios auxiliares que van desde los tradicionales como lo son la tiza y el pizarr\u00f3n, textos y publicaciones hasta TIC y pel\u00edculas. Lo que logra amalgamarlas es el deseo com\u00fan de modificar las pr\u00e1cticas docentes, mediante un trabajo colaborativo que eluda el modelo cl\u00e1sico de dictado de un curso, en el que se exponen prescripciones acerca del c\u00f3mo hacer para ense\u00f1ar de modo tal que el estudiante aprenda. Es un trabajo de docentes con docentes que indagan, desmontan esa materia prima que es el trabajo de ense\u00f1ar, poniendo en cuesti\u00f3n su propio quehacer. Y en esta tarea, buscan los sentidos del propio contenido a ense\u00f1ar, \u00abmiran\u00bb a sus estudiantes desde otros \u00e1ngulos y \u00abse miran\u00bb de manera distinta. Pero no paran all\u00ed: buscan aportes te\u00f3ricos y t\u00e9cnicos y crean formas distintas de ense\u00f1anza, expres\u00e1ndolo con su propia voz, dando cuenta de qu\u00e9, por qu\u00e9 y c\u00f3mo modificaron su accionar.<\/p>\t\t\t\t\t\t\t\t<\/div>\n\t\t\t\t<\/div>\n\t\t\t\t\t<\/div>\n\t\t<\/div>\n\t\t\t\t\t<\/div>\n\t\t<\/section>\n\t\t\t\t<div class=\"elementor-element elementor-element-8b79ce6 elementor-widget elementor-widget-shortcode\" data-id=\"8b79ce6\" data-element_type=\"widget\" data-e-type=\"widget\" data-widget_type=\"shortcode.default\">\n\t\t\t\t<div class=\"elementor-widget-container\">\n\t\t\t\t\t\t\t<div class=\"elementor-shortcode\">\t\t<div data-elementor-type=\"section\" data-elementor-id=\"4609\" class=\"elementor elementor-4609\" data-elementor-post-type=\"elementor_library\">\r\n\t\t\t\t\t<section class=\"elementor-section elementor-top-section elementor-element elementor-element-272e975d elementor-section-boxed elementor-section-height-default elementor-section-height-default\" data-id=\"272e975d\" data-element_type=\"section\" data-e-type=\"section\">\n\t\t\t\t\t\t<div class=\"elementor-container elementor-column-gap-default\">\n\t\t\t\t\t<div class=\"elementor-column elementor-col-100 elementor-top-column elementor-element elementor-element-44f68879\" data-id=\"44f68879\" data-element_type=\"column\" data-e-type=\"column\">\n\t\t\t<div class=\"elementor-widget-wrap elementor-element-populated\">\n\t\t\t\t\t\t<div class=\"elementor-element elementor-element-412ac052 elementor-widget-divider--view-line elementor-widget elementor-widget-divider\" data-id=\"412ac052\" data-element_type=\"widget\" data-e-type=\"widget\" data-widget_type=\"divider.default\">\n\t\t\t\t<div class=\"elementor-widget-container\">\n\t\t\t\t\t\t\t<div class=\"elementor-divider\">\n\t\t\t<span class=\"elementor-divider-separator\">\n\t\t\t\t\t\t<\/span>\n\t\t<\/div>\n\t\t\t\t\t\t<\/div>\n\t\t\t\t<\/div>\n\t\t\t\t<div class=\"elementor-element elementor-element-63396594 elementor-widget elementor-widget-text-editor\" data-id=\"63396594\" data-element_type=\"widget\" data-e-type=\"widget\" data-widget_type=\"text-editor.default\">\n\t\t\t\t<div class=\"elementor-widget-container\">\n\t\t\t\t\t\t\t\t\t<p><strong>INFORMACI\u00d3N<\/strong><br \/>Publicaciones<br \/>TE: (0298) 4433668, int 18<br \/>Correo electr\u00f3nico: <a href=\"mailto:publifadecs@hotmail.com\"><strong>publifadecs@hotmail.com<\/strong><\/a><br \/>Mendoza y Per\u00fa.<br \/>(8332) General Roca, R\u00edo Negro <br \/>Argentina<\/p>\t\t\t\t\t\t\t\t<\/div>\n\t\t\t\t<\/div>\n\t\t\t\t\t<\/div>\n\t\t<\/div>\n\t\t\t\t\t<\/div>\n\t\t<\/section>\n\t\t\t\t<\/div>\r\n\t\t<\/div>\n\t\t\t\t\t\t<\/div>\n\t\t\t\t<\/div>\n\t\t\t\t\t<\/div>\n\t\t<\/div>\n\t\t\t\t<div class=\"elementor-column elementor-col-33 elementor-top-column elementor-element elementor-element-a0b9cc7\" data-id=\"a0b9cc7\" data-element_type=\"column\" data-e-type=\"column\">\n\t\t\t<div class=\"elementor-widget-wrap elementor-element-populated\">\n\t\t\t\t\t\t<div class=\"elementor-element elementor-element-462de8e elementor-nav-menu__align-start elementor-nav-menu--dropdown-none elementor-widget elementor-widget-nav-menu\" data-id=\"462de8e\" data-element_type=\"widget\" data-e-type=\"widget\" id=\"menu-lateral\" data-settings=\"{&quot;layout&quot;:&quot;vertical&quot;,&quot;submenu_icon&quot;:{&quot;value&quot;:&quot;&lt;i class=\\&quot;fas fa-caret-down\\&quot; aria-hidden=\\&quot;true\\&quot;&gt;&lt;\\\/i&gt;&quot;,&quot;library&quot;:&quot;fa-solid&quot;}}\" data-widget_type=\"nav-menu.default\">\n\t\t\t\t<div class=\"elementor-widget-container\">\n\t\t\t\t\t\t\t\t<nav aria-label=\"Menu\" class=\"elementor-nav-menu--main elementor-nav-menu__container elementor-nav-menu--layout-vertical e--pointer-background e--animation-fade\">\r\n\t\t\t\t<ul id=\"menu-1-462de8e\" class=\"elementor-nav-menu sm-vertical\"><li class=\"menu-item menu-item-type-post_type menu-item-object-page menu-item-4540\"><a href=\"https:\/\/fadeweb.uncoma.edu.ar\/index.php\/publifadecs\/\" class=\"elementor-item\">TITULOS PUBLICADOS<\/a><\/li>\n<li class=\"menu-item menu-item-type-post_type menu-item-object-page menu-item-4541\"><a href=\"https:\/\/fadeweb.uncoma.edu.ar\/index.php\/publifadecs\/autores-publicados\/\" class=\"elementor-item\">AUTORES PUBLICADOS<\/a><\/li>\n<li class=\"menu-item menu-item-type-post_type menu-item-object-page menu-item-4542\"><a href=\"https:\/\/fadeweb.uncoma.edu.ar\/index.php\/publifadecs\/titulos-en-imprenta\/\" class=\"elementor-item\">TITULOS EN IMPRENTA<\/a><\/li>\n<li class=\"menu-item menu-item-type-post_type menu-item-object-page menu-item-4543\"><a href=\"https:\/\/fadeweb.uncoma.edu.ar\/index.php\/publifadecs\/revista\/\" class=\"elementor-item\">REVISTA DE LA FACULTAD<\/a><\/li>\n<\/ul>\t\t\t<\/nav>\r\n\t\t\t\t\t\t<nav class=\"elementor-nav-menu--dropdown elementor-nav-menu__container\" aria-hidden=\"true\">\r\n\t\t\t\t<ul id=\"menu-2-462de8e\" class=\"elementor-nav-menu sm-vertical\"><li class=\"menu-item menu-item-type-post_type menu-item-object-page menu-item-4540\"><a href=\"https:\/\/fadeweb.uncoma.edu.ar\/index.php\/publifadecs\/\" class=\"elementor-item\" tabindex=\"-1\">TITULOS PUBLICADOS<\/a><\/li>\n<li class=\"menu-item menu-item-type-post_type menu-item-object-page menu-item-4541\"><a href=\"https:\/\/fadeweb.uncoma.edu.ar\/index.php\/publifadecs\/autores-publicados\/\" class=\"elementor-item\" tabindex=\"-1\">AUTORES PUBLICADOS<\/a><\/li>\n<li class=\"menu-item menu-item-type-post_type menu-item-object-page menu-item-4542\"><a href=\"https:\/\/fadeweb.uncoma.edu.ar\/index.php\/publifadecs\/titulos-en-imprenta\/\" class=\"elementor-item\" tabindex=\"-1\">TITULOS EN IMPRENTA<\/a><\/li>\n<li class=\"menu-item menu-item-type-post_type menu-item-object-page menu-item-4543\"><a href=\"https:\/\/fadeweb.uncoma.edu.ar\/index.php\/publifadecs\/revista\/\" class=\"elementor-item\" tabindex=\"-1\">REVISTA DE LA FACULTAD<\/a><\/li>\n<\/ul>\t\t\t<\/nav>\r\n\t\t\t\t\t\t<\/div>\n\t\t\t\t<\/div>\n\t\t\t\t\t<\/div>\n\t\t<\/div>\n\t\t\t\t\t<\/div>\n\t\t<\/section>\n\t\t\t\t<\/div>\n\t\t","protected":false},"excerpt":{"rendered":"<p>SECRETARIA DE EXTENSION PUBLIFADECS T\u00cdTULOS PUBLICADOS 2010 A\u00f1o 2010 T\u00edtuloC\u00f3digo Procesal Penal de la Provincia de R\u00edo Negro &#8211; Tomo I Autor Fernando S\u00e1nchez Freytes ISBN 978-987-1549-25-2 Soporte Papel P\u00e1gs. 582 Esta novena obra jur\u00eddica del docente de la Facultad de Derecho y Ciencias Sociales de la Universidad Nacional del Comahue (en las c\u00e1tedras de [&hellip;]<\/p>\n","protected":false},"author":2,"featured_media":0,"parent":3552,"menu_order":0,"comment_status":"closed","ping_status":"closed","template":"","meta":{"footnotes":""},"class_list":["post-3707","page","type-page","status-publish","hentry"],"_links":{"self":[{"href":"https:\/\/fadeweb.uncoma.edu.ar\/index.php\/wp-json\/wp\/v2\/pages\/3707","targetHints":{"allow":["GET"]}}],"collection":[{"href":"https:\/\/fadeweb.uncoma.edu.ar\/index.php\/wp-json\/wp\/v2\/pages"}],"about":[{"href":"https:\/\/fadeweb.uncoma.edu.ar\/index.php\/wp-json\/wp\/v2\/types\/page"}],"author":[{"embeddable":true,"href":"https:\/\/fadeweb.uncoma.edu.ar\/index.php\/wp-json\/wp\/v2\/users\/2"}],"replies":[{"embeddable":true,"href":"https:\/\/fadeweb.uncoma.edu.ar\/index.php\/wp-json\/wp\/v2\/comments?post=3707"}],"version-history":[{"count":12,"href":"https:\/\/fadeweb.uncoma.edu.ar\/index.php\/wp-json\/wp\/v2\/pages\/3707\/revisions"}],"predecessor-version":[{"id":6406,"href":"https:\/\/fadeweb.uncoma.edu.ar\/index.php\/wp-json\/wp\/v2\/pages\/3707\/revisions\/6406"}],"up":[{"embeddable":true,"href":"https:\/\/fadeweb.uncoma.edu.ar\/index.php\/wp-json\/wp\/v2\/pages\/3552"}],"wp:attachment":[{"href":"https:\/\/fadeweb.uncoma.edu.ar\/index.php\/wp-json\/wp\/v2\/media?parent=3707"}],"curies":[{"name":"wp","href":"https:\/\/api.w.org\/{rel}","templated":true}]}}