{"id":3597,"date":"2022-09-16T13:26:17","date_gmt":"2022-09-16T13:26:17","guid":{"rendered":"http:\/\/web.fadecs.uncoma.edu.ar\/?page_id=3597"},"modified":"2022-10-09T22:14:50","modified_gmt":"2022-10-10T01:14:50","slug":"autores-publicados","status":"publish","type":"page","link":"https:\/\/fadeweb.uncoma.edu.ar\/index.php\/publifadecs\/autores-publicados\/","title":{"rendered":"AUTORES PUBLICADOS"},"content":{"rendered":"\t\t<div data-elementor-type=\"wp-page\" data-elementor-id=\"3597\" class=\"elementor elementor-3597\" data-elementor-post-type=\"page\">\n\t\t\t\t\t\t<section class=\"elementor-section elementor-top-section elementor-element elementor-element-83c0c81 elementor-section-boxed elementor-section-height-default elementor-section-height-default\" data-id=\"83c0c81\" data-element_type=\"section\" data-e-type=\"section\">\n\t\t\t\t\t\t<div class=\"elementor-container elementor-column-gap-default\">\n\t\t\t\t\t<div class=\"elementor-column elementor-col-66 elementor-top-column elementor-element elementor-element-4d0d2b7\" data-id=\"4d0d2b7\" data-element_type=\"column\" data-e-type=\"column\">\n\t\t\t<div class=\"elementor-widget-wrap elementor-element-populated\">\n\t\t\t\t\t\t<div class=\"elementor-element elementor-element-200073e elementor-widget elementor-widget-text-editor\" data-id=\"200073e\" data-element_type=\"widget\" data-e-type=\"widget\" data-widget_type=\"text-editor.default\">\n\t\t\t\t<div class=\"elementor-widget-container\">\n\t\t\t\t\t\t\t\t\t<h3><span class=\"texto\">SECRETARIA DE EXTENSION<\/span><\/h3>\t\t\t\t\t\t\t\t<\/div>\n\t\t\t\t<\/div>\n\t\t\t\t<div class=\"elementor-element elementor-element-02563d2 elementor-widget elementor-widget-heading\" data-id=\"02563d2\" data-element_type=\"widget\" data-e-type=\"widget\" data-widget_type=\"heading.default\">\n\t\t\t\t<div class=\"elementor-widget-container\">\n\t\t\t\t\t<h2 class=\"elementor-heading-title elementor-size-default\">PUBLIFADECS<\/h2>\t\t\t\t<\/div>\n\t\t\t\t<\/div>\n\t\t\t\t<div class=\"elementor-element elementor-element-ba8a5f3 elementor-widget elementor-widget-text-editor\" data-id=\"ba8a5f3\" data-element_type=\"widget\" data-e-type=\"widget\" data-widget_type=\"text-editor.default\">\n\t\t\t\t<div class=\"elementor-widget-container\">\n\t\t\t\t\t\t\t\t\t<h4>AUTORES PUBLICADOS<\/h4>\t\t\t\t\t\t\t\t<\/div>\n\t\t\t\t<\/div>\n\t\t\t\t<div class=\"elementor-element elementor-element-a09cb72 elementor-widget elementor-widget-shortcode\" data-id=\"a09cb72\" data-element_type=\"widget\" data-e-type=\"widget\" data-widget_type=\"shortcode.default\">\n\t\t\t\t<div class=\"elementor-widget-container\">\n\t\t\t\t\t\t\t<div class=\"elementor-shortcode\">\t\t<div data-elementor-type=\"section\" data-elementor-id=\"4612\" class=\"elementor elementor-4612\" data-elementor-post-type=\"elementor_library\">\r\n\t\t\t\t\t<section class=\"elementor-section elementor-top-section elementor-element elementor-element-6364b083 elementor-section-boxed elementor-section-height-default elementor-section-height-default\" data-id=\"6364b083\" data-element_type=\"section\" data-e-type=\"section\">\n\t\t\t\t\t\t<div class=\"elementor-container elementor-column-gap-default\">\n\t\t\t\t\t<div class=\"elementor-column elementor-col-100 elementor-top-column elementor-element elementor-element-46b625cb\" data-id=\"46b625cb\" data-element_type=\"column\" data-e-type=\"column\">\n\t\t\t<div class=\"elementor-widget-wrap elementor-element-populated\">\n\t\t\t\t\t\t<section class=\"elementor-section elementor-inner-section elementor-element elementor-element-5560bc37 elementor-section-boxed elementor-section-height-default elementor-section-height-default\" data-id=\"5560bc37\" data-element_type=\"section\" data-e-type=\"section\">\n\t\t\t\t\t\t<div class=\"elementor-container elementor-column-gap-default\">\n\t\t\t\t\t<div class=\"elementor-column elementor-col-50 elementor-inner-column elementor-element elementor-element-5044b353\" data-id=\"5044b353\" data-element_type=\"column\" data-e-type=\"column\">\n\t\t\t<div class=\"elementor-widget-wrap elementor-element-populated\">\n\t\t\t\t\t\t<div class=\"elementor-element elementor-element-28645217 elementor-widget elementor-widget-image\" data-id=\"28645217\" data-element_type=\"widget\" data-e-type=\"widget\" data-widget_type=\"image.default\">\n\t\t\t\t<div class=\"elementor-widget-container\">\n\t\t\t\t\t\t\t\t\t\t\t\t\t\t\t<img decoding=\"async\" width=\"195\" height=\"149\" src=\"https:\/\/fadeweb.uncoma.edu.ar\/wp-content\/uploads\/2022\/09\/PUBLIFADECSLOGO-1.jpg\" class=\"attachment-large size-large wp-image-4611\" alt=\"\" \/>\t\t\t\t\t\t\t\t\t\t\t\t\t\t\t<\/div>\n\t\t\t\t<\/div>\n\t\t\t\t\t<\/div>\n\t\t<\/div>\n\t\t\t\t<div class=\"elementor-column elementor-col-50 elementor-inner-column elementor-element elementor-element-6d00d3c7\" data-id=\"6d00d3c7\" data-element_type=\"column\" data-e-type=\"column\">\n\t\t\t<div class=\"elementor-widget-wrap elementor-element-populated\">\n\t\t\t\t\t\t<div class=\"elementor-element elementor-element-701a0937 elementor-tabs-view-horizontal elementor-widget elementor-widget-tabs\" data-id=\"701a0937\" data-element_type=\"widget\" data-e-type=\"widget\" data-widget_type=\"tabs.default\">\n\t\t\t\t<div class=\"elementor-widget-container\">\n\t\t\t\t\t\t\t<div class=\"elementor-tabs\">\n\t\t\t<div class=\"elementor-tabs-wrapper\" role=\"tablist\" >\n\t\t\t\t\t\t\t\t\t<div id=\"elementor-tab-title-1881\" class=\"elementor-tab-title elementor-tab-desktop-title\" aria-selected=\"true\" data-tab=\"1\" role=\"tab\" tabindex=\"0\" aria-controls=\"elementor-tab-content-1881\" aria-expanded=\"false\">Quienes somos<\/div>\n\t\t\t\t\t\t\t\t\t<div id=\"elementor-tab-title-1882\" class=\"elementor-tab-title elementor-tab-desktop-title\" aria-selected=\"false\" data-tab=\"2\" role=\"tab\" tabindex=\"-1\" aria-controls=\"elementor-tab-content-1882\" aria-expanded=\"false\">C\u00f3mo publicar<\/div>\n\t\t\t\t\t\t\t\t\t<div id=\"elementor-tab-title-1883\" class=\"elementor-tab-title elementor-tab-desktop-title\" aria-selected=\"false\" data-tab=\"3\" role=\"tab\" tabindex=\"-1\" aria-controls=\"elementor-tab-content-1883\" aria-expanded=\"false\">C\u00f3mo comprar<\/div>\n\t\t\t\t\t\t\t\t\t<div id=\"elementor-tab-title-1884\" class=\"elementor-tab-title elementor-tab-desktop-title\" aria-selected=\"false\" data-tab=\"4\" role=\"tab\" tabindex=\"-1\" aria-controls=\"elementor-tab-content-1884\" aria-expanded=\"false\">Contacto<\/div>\n\t\t\t\t\t\t\t<\/div>\n\t\t\t<div class=\"elementor-tabs-content-wrapper\" role=\"tablist\" aria-orientation=\"vertical\">\n\t\t\t\t\t\t\t\t\t<div class=\"elementor-tab-title elementor-tab-mobile-title\" aria-selected=\"true\" data-tab=\"1\" role=\"tab\" tabindex=\"0\" aria-controls=\"elementor-tab-content-1881\" aria-expanded=\"false\">Quienes somos<\/div>\n\t\t\t\t\t<div id=\"elementor-tab-content-1881\" class=\"elementor-tab-content elementor-clearfix\" data-tab=\"1\" role=\"tabpanel\" aria-labelledby=\"elementor-tab-title-1881\" tabindex=\"0\" hidden=\"false\"><p>El Departamento de Publicaciones de la Facultad de Derecho y Ciencias Sociales, de la Universidad Nacional del Comahue, tiene una Coordinaci\u00f3n Ejecutiva a cargo de la <strong>Dise\u00f1adora Viviana Garc\u00eda<\/strong>. El Departamento es integrado adem\u00e1s por el <strong>Comunicador Social Adrian Pereyra<\/strong> en el \u00e1rea de edici\u00f3n, la nodocentes <strong>Sandra Erratchu<\/strong> en el \u00e1rea administrativa y <strong>Hugo Quintrem\u00e1n <\/strong>a cargo de la impresi\u00f3n y atenci\u00f3n del kiosco.<\/p><\/div>\n\t\t\t\t\t\t\t\t\t<div class=\"elementor-tab-title elementor-tab-mobile-title\" aria-selected=\"false\" data-tab=\"2\" role=\"tab\" tabindex=\"-1\" aria-controls=\"elementor-tab-content-1882\" aria-expanded=\"false\">C\u00f3mo publicar<\/div>\n\t\t\t\t\t<div id=\"elementor-tab-content-1882\" class=\"elementor-tab-content elementor-clearfix\" data-tab=\"2\" role=\"tabpanel\" aria-labelledby=\"elementor-tab-title-1882\" tabindex=\"0\" hidden=\"hidden\"><p class=\"subt1a\" align=\"left\">A los autores interesados en contratar nuestros servicios:<\/p><p class=\"texto\" align=\"left\">De nuestra consideraci\u00f3n:<\/p><p class=\"texto\" align=\"left\">Nos es grato dirigirnos a ud. a fin de responder su consulta sobre las caracter\u00edsticas del servicio de publicaci\u00f3n de nuestro sello editorial. El Departamento de Publicaciones es una organizaci\u00f3n dependiente de la Facultad de Derecho y Ciencias Sociales de la Universidad Nacional del Comahue.<\/p><p class=\"texto\" align=\"left\">Es nuestro objetivo satisfacer y generar demandas acad\u00e9micas y extrauniversitarias, editando materiales de inter\u00e9s elaborados en \u00e1mbitos diversos de la producci\u00f3n cient\u00edfico-literaria de la regi\u00f3n. El Consejo Editorial efectuar\u00e1 el control acad\u00e9mico de los trabajos que los Departamentos, los docentes o los investigadores presenten para ser publicados, y ser\u00e1 sometido a referato seg\u00fan sus caracter\u00edsticas.<\/p><p class=\"texto\" align=\"left\">La impresi\u00f3n de trabajos de terceras personas se realiza gracias a nuestro excedente en la capacidad de producci\u00f3n. Esta posibilidad se concreta bajo las condiciones de contrataci\u00f3n de servicios establecidas por la casa de estudios. Es requisito el pago del cincuenta por ciento (50 %) del costo de la edici\u00f3n al acordar la edici\u00f3n, y el resto contra entrega del total del material impreso.<\/p><p class=\"texto\" align=\"left\">El servicio que se contrata se compone de insumos (tonner, papel, master, cola de encuadernaci\u00f3n, broches), y producci\u00f3n (correcci\u00f3n ortogr\u00e1fica, diagramaci\u00f3n de interior, dise\u00f1o de tapa). El visto bueno final de la obra ser\u00e1 dado con un m\u00e1ximo de dos monos (copias armadas como libros) que ser\u00e1 controlado por el autor.<\/p><p class=\"texto\" align=\"left\">El servicio incluye el tr\u00e1mite de inscripci\u00f3n en el Registro de la Propiedad Intelectual, que se realiza en la C\u00e1mara Argentina del Libro, por el que se obtiene el n\u00famero de ISBN (International Standard Book Number o N\u00famero Internacional Normalizado para libros) de la obra. Este sistema permite que cada t\u00edtulo publicado tenga un n\u00famero de identificaci\u00f3n \u00fanico y simple compuesto por diez n\u00fameros, una \u00abC\u00e9dula de Identidad\u00bb para cada libro, que se aplica independientemente del destino que el editor asigne al libro: venta, distribuci\u00f3n gratuita o circulaci\u00f3n en c\u00edrculos espec\u00edficos.<\/p><\/div>\n\t\t\t\t\t\t\t\t\t<div class=\"elementor-tab-title elementor-tab-mobile-title\" aria-selected=\"false\" data-tab=\"3\" role=\"tab\" tabindex=\"-1\" aria-controls=\"elementor-tab-content-1883\" aria-expanded=\"false\">C\u00f3mo comprar<\/div>\n\t\t\t\t\t<div id=\"elementor-tab-content-1883\" class=\"elementor-tab-content elementor-clearfix\" data-tab=\"3\" role=\"tabpanel\" aria-labelledby=\"elementor-tab-title-1883\" tabindex=\"0\" hidden=\"hidden\"><p>Los interesados en adquirir alguna de nuestras publicaciones dirigir su pedido a la siguiente direcci\u00f3n <a href=\"mailto:publifadecs@hotmail.com\"><strong>publifadecs@hotmail.com<\/strong><\/a><\/p><\/div>\n\t\t\t\t\t\t\t\t\t<div class=\"elementor-tab-title elementor-tab-mobile-title\" aria-selected=\"false\" data-tab=\"4\" role=\"tab\" tabindex=\"-1\" aria-controls=\"elementor-tab-content-1884\" aria-expanded=\"false\">Contacto<\/div>\n\t\t\t\t\t<div id=\"elementor-tab-content-1884\" class=\"elementor-tab-content elementor-clearfix\" data-tab=\"4\" role=\"tabpanel\" aria-labelledby=\"elementor-tab-title-1884\" tabindex=\"0\" hidden=\"hidden\"><p>Puede enviarnos un mail a: <a href=\"mailto:publifadecs@hotmail.com\"><strong>publifadecs@hotmail.com<\/strong><\/a><\/p><\/div>\n\t\t\t\t\t\t\t<\/div>\n\t\t<\/div>\n\t\t\t\t\t\t<\/div>\n\t\t\t\t<\/div>\n\t\t\t\t\t<\/div>\n\t\t<\/div>\n\t\t\t\t\t<\/div>\n\t\t<\/section>\n\t\t\t\t\t<\/div>\n\t\t<\/div>\n\t\t\t\t\t<\/div>\n\t\t<\/section>\n\t\t\t\t<\/div>\r\n\t\t<\/div>\n\t\t\t\t\t\t<\/div>\n\t\t\t\t<\/div>\n\t\t\t\t<div class=\"elementor-element elementor-element-ba03e4a elementor-widget elementor-widget-text-editor\" data-id=\"ba03e4a\" data-element_type=\"widget\" data-e-type=\"widget\" data-widget_type=\"text-editor.default\">\n\t\t\t\t<div class=\"elementor-widget-container\">\n\t\t\t\t\t\t\t\t\t<table border=\"2\" width=\"98%\" cellspacing=\"2\" cellpadding=\"2\"><tbody><tr><td class=\"texto\" valign=\"top\" bgcolor=\"#E8ECED\" width=\"40%\"><p class=\"subt1\" align=\"left\"><strong>Autor<\/strong><\/p><\/td><td class=\"texto\" valign=\"top\" bgcolor=\"#EDEDED\" width=\"60%\"><p class=\"subt1\" align=\"left\">Texto<\/p><\/td><\/tr><tr><td class=\"texto\" valign=\"top\" bgcolor=\"#CCCCCC\" width=\"40%\"><p>Ares Nogueira, Alicia<\/p><\/td><td class=\"texto\" valign=\"top\" bgcolor=\"#CCCCCC\" width=\"60%\"><p><a href=\"http:\/\/170.210.81.106\/newfade\/index.php\/publifadecs\/titulos-publicados-2010#AresNogueira1\">Temas de Derecho Romano<\/a><\/p><\/td><\/tr><tr><td class=\"texto\" valign=\"top\" width=\"40%\"><p>Bergero, Fabi\u00e1n<\/p><\/td><td class=\"texto\" valign=\"top\" width=\"60%\"><p><a href=\"http:\/\/170.210.81.106\/newfade\/wp-content\/uploads\/2022\/10\/04Maria_Teresa_Bernardi_y_Fabian_Bergero.pdf\">Revista de la Facultad 12, 2006<\/a><\/p><\/td><\/tr><tr><td class=\"texto\" valign=\"top\" bgcolor=\"#CCCCCC\" width=\"40%\"><p>Bergonzi, Juan Carlos<\/p><\/td><td class=\"texto\" valign=\"top\" bgcolor=\"#CCCCCC\" width=\"60%\"><p><a href=\"http:\/\/170.210.81.106\/newfade\/wp-content\/uploads\/2022\/10\/05Juan_Carlos_Bergonzi.pdf\">Revista de la Facultad 12, 2006<\/a><br \/><a href=\"http:\/\/170.210.81.106\/newfade\/index.php\/publifadecs\/titulos-publicados-2004#periodismo-patagonia\">Periodismo en la Patagonia<\/a><\/p><\/td><\/tr><tr><td class=\"texto\" valign=\"top\" width=\"40%\"><p>Bernardi, Mar\u00eda Teresa<\/p><\/td><td class=\"texto\" valign=\"top\" width=\"60%\"><p><a href=\"http:\/\/170.210.81.106\/newfade\/wp-content\/uploads\/2022\/10\/04Maria_Teresa_Bernardi_y_Fabian_Bergero.pdf\">Revista de la Facultad 12, 2006<\/a><\/p><\/td><\/tr><tr><td class=\"texto\" valign=\"top\" bgcolor=\"#CCCCCC\" width=\"40%\"><p>Bilder, Ernesto<\/p><\/td><td class=\"texto\" valign=\"top\" bgcolor=\"#CCCCCC\" width=\"60%\"><p><a href=\"http:\/\/170.210.81.106\/newfade\/wp-content\/uploads\/2022\/10\/11Ernesto_Bilder.pdf\">Revista de la Facultad 12, 2006<\/a><\/p><\/td><\/tr><tr><td class=\"texto\" valign=\"top\" width=\"40%\"><p>Borsani, Mar\u00eda Eugenia<\/p><\/td><td class=\"texto\" valign=\"top\" width=\"60%\"><p><a href=\"http:\/\/170.210.81.106\/newfade\/index.php\/publifadecs\/titulos-publicados-2005#bisagra-hermeneutica\">Una bisagra entre la Hermen\u00e9utica y la Filosof\u00eda de las Ciencias<\/a><br \/>Filosof\u00eda, cr\u00edtica, cultura<\/p><\/td><\/tr><tr><td class=\"texto\" valign=\"top\" bgcolor=\"#CCCCCC\" width=\"40%\"><p>Campos, Emilia<\/p><\/td><td class=\"texto\" valign=\"top\" bgcolor=\"#CCCCCC\" width=\"60%\"><p><a href=\"http:\/\/170.210.81.106\/newfade\/wp-content\/uploads\/2022\/10\/07emilia_campos_nueva_ver.pdf\">Revista de la Facultad 12, 2006<\/a><\/p><\/td><\/tr><tr><td class=\"texto\" valign=\"top\" width=\"40%\"><p>Cerutti, Angel<\/p><\/td><td class=\"texto\" valign=\"top\" width=\"60%\"><p><a href=\"http:\/\/170.210.81.106\/newfade\/wp-content\/uploads\/2022\/10\/02Angel_Cerutti_y_Cecilia_Gonzalez.pdf\">Revista de la Facultad 12, 2006<\/a><\/p><\/td><\/tr><tr><td class=\"texto\" valign=\"top\" bgcolor=\"#CCCCCC\" width=\"40%\"><p>Colegio de Abogados General Roca<\/p><\/td><td class=\"texto\" valign=\"top\" bgcolor=\"#CCCCCC\" width=\"60%\"><p><a href=\"http:\/\/170.210.81.106\/newfade\/index.php\/publifadecs\/titulos-publicados-2006#jurisprudencia34\">Comentarios de Jurisprudencia A\u00f1o XV N\u00ba 34 \u2013 2006<\/a><br \/><a href=\"http:\/\/170.210.81.106\/newfade\/index.php\/publifadecs\/titulos-publicados-2005#jurisprudencia33\">Comentarios de Jurisprudencia A\u00f1o XIV N\u00ba 33 \u2013 2005<\/a><br \/><a href=\"http:\/\/170.210.81.106\/newfade\/index.php\/publifadecs\/titulos-publicados-2004#jurisprudencia32\">Comentarios de Jurisprudencia A\u00f1o XIII N\u00ba 32 \u2013 2004<\/a><br \/><a href=\"http:\/\/170.210.81.106\/newfade\/index.php\/publifadecs\/titulos-publicados-2003#jurisprudencia31\">Comentarios de Jurisprudencia A\u00f1o XII N\u00ba 31 \u2013 2003<\/a><br \/><a href=\"http:\/\/170.210.81.106\/newfade\/index.php\/publifadecs\/titulos-publicados-2002#jurisprudencia30\">Comentarios de Jurisprudencia A\u00f1o XI N\u00ba 30 &#8211; 2002<\/a><\/p><\/td><\/tr><tr><td class=\"texto\" valign=\"top\" width=\"40%\"><p>Colegio de Abogados Alto Valle Oeste<\/p><\/td><td class=\"texto\" valign=\"top\" width=\"60%\"><p><a href=\"http:\/\/170.210.81.106\/newfade\/index.php\/publifadecs\/titulos-publicados-2006#jurisprudencia34\">Comentarios de Jurisprudencia A\u00f1o XV N\u00ba 34 \u2013 2006<\/a><a href=\"http:\/\/170.210.81.106\/newfade\/index.php\/publifadecs\/titulos-publicados-2006#jurisprudencia34\"><br \/><\/a><a href=\"http:\/\/170.210.81.106\/newfade\/index.php\/publifadecs\/titulos-publicados-2005#jurisprudencia33\">Comentarios de Jurisprudencia A\u00f1o XIV N\u00ba 33 \u2013 2005<\/a><a href=\"http:\/\/170.210.81.106\/newfade\/index.php\/publifadecs\/titulos-publicados-2006#jurisprudencia34\"><br \/><\/a><a href=\"http:\/\/170.210.81.106\/newfade\/index.php\/publifadecs\/titulos-publicados-2004#jurisprudencia32\">Comentarios de Jurisprudencia A\u00f1o XIII N\u00ba 32 \u2013 2004<\/a><a href=\"http:\/\/170.210.81.106\/newfade\/index.php\/publifadecs\/titulos-publicados-2006#jurisprudencia34\"><br \/><\/a><a href=\"http:\/\/170.210.81.106\/newfade\/index.php\/publifadecs\/titulos-publicados-2003#jurisprudencia31\">Comentarios de Jurisprudencia A\u00f1o XII N\u00ba 31 \u2013 2003<\/a><a href=\"http:\/\/170.210.81.106\/newfade\/index.php\/publifadecs\/titulos-publicados-2006#jurisprudencia34\"><br \/><\/a><a href=\"http:\/\/170.210.81.106\/newfade\/index.php\/publifadecs\/titulos-publicados-2002#jurisprudencia30\">Comentarios de Jurisprudencia A\u00f1o XI N\u00ba 30 &#8211; 2002<\/a><\/p><\/td><\/tr><tr><td class=\"texto\" valign=\"top\" bgcolor=\"#CCCCCC\" width=\"40%\"><p>Contreras, Ver\u00f3nica Lorena<\/p><\/td><td class=\"texto\" valign=\"top\" bgcolor=\"#CCCCCC\" width=\"60%\"><p><a href=\"http:\/\/170.210.81.106\/newfade\/wp-content\/uploads\/2022\/10\/08Veronica_L.pdf\">Revista de la Facultad 12, 2006<\/a><\/p><\/td><\/tr><tr><td class=\"texto\" valign=\"top\" width=\"40%\"><p>Coscia, Orlando Arc\u00e1ngel<\/p><\/td><td class=\"texto\" valign=\"top\" width=\"60%\"><p><a href=\"http:\/\/170.210.81.106\/newfade\/index.php\/publifadecs\/titulos-publicados-2001#pena-natural\">Pena natural<\/a><\/p><\/td><\/tr><tr><td class=\"texto\" valign=\"top\" bgcolor=\"#CCCCCC\" width=\"40%\"><p>Detzel, Patricia<\/p><\/td><td class=\"texto\" valign=\"top\" bgcolor=\"#CCCCCC\" width=\"60%\"><p><a href=\"http:\/\/170.210.81.106\/newfade\/index.php\/publifadecs\/titulos-publicados-2006#geometria-plano\">Ense\u00f1anza de la geometr\u00eda del plano<\/a><\/p><\/td><\/tr><tr><td class=\"texto\" valign=\"top\" width=\"40%\"><p>Diaco, Pamela<\/p><\/td><td class=\"texto\" valign=\"top\" width=\"60%\"><p><a href=\"http:\/\/170.210.81.106\/newfade\/index.php\/publifadecs\/titulos-publicados-2006#pensar-rio\">Pensar el r\u00edo<\/a><\/p><\/td><\/tr><tr><td class=\"texto\" valign=\"top\" bgcolor=\"#CCCCCC\" width=\"40%\"><p>Echenique, M\u00f3nica<\/p><\/td><td class=\"texto\" valign=\"top\" bgcolor=\"#CCCCCC\" width=\"60%\"><p><a href=\"http:\/\/170.210.81.106\/newfade\/index.php\/publifadecs\/titulos-publicados-2006#programa-ceducativa\">Programa de mejoramiento de la calidad educativa y retenci\u00f3n estudiantil (UNCo, 2004-2005)<\/a><\/p><\/td><\/tr><tr><td class=\"texto\" valign=\"top\" width=\"40%\"><p>Edith Litwin<\/p><\/td><td class=\"texto\" valign=\"top\" width=\"60%\"><p>Evaluar la propia ense\u00f1anza<\/p><\/td><\/tr><tr><td class=\"texto\" valign=\"top\" bgcolor=\"#CCCCCC\" width=\"40%\"><p>Fait Villalobos, Dinorah<\/p><\/td><td class=\"texto\" valign=\"top\" bgcolor=\"#CCCCCC\" width=\"60%\"><p><a href=\"http:\/\/170.210.81.106\/newfade\/index.php\/publifadecs\/titulos-publicados-2006#nrpsoc\">Ni\u00f1ez en riesgo y pol\u00edticas sociales<\/a><\/p><\/td><\/tr><tr><td class=\"texto\" valign=\"top\" width=\"40%\"><p>Fern\u00e1ndez, Alicia<\/p><\/td><td class=\"texto\" valign=\"top\" width=\"60%\"><p><a href=\"http:\/\/170.210.81.106\/newfade\/index.php\/publifadecs\/titulos-publicados-2005#enrpf\">Ense\u00f1anza de los n\u00fameros racionales positivos. Las fracciones<\/a><\/p><\/td><\/tr><tr><td class=\"texto\" valign=\"top\" bgcolor=\"#CCCCCC\" width=\"40%\"><p>Franco, Pablo<\/p><\/td><td class=\"texto\" valign=\"top\" bgcolor=\"#CCCCCC\" width=\"60%\"><p><a href=\"http:\/\/170.210.81.106\/newfade\/index.php\/publifadecs\/titulos-publicados-2005#hombre-abatido\">El hombre abatido<\/a><br \/><a href=\"http:\/\/170.210.81.106\/newfade\/index.php\/publifadecs\/titulos-publicados-2003#vida-instituciones\">Vida de las Instituciones<\/a><\/p><\/td><\/tr><tr><td class=\"texto\" valign=\"top\" width=\"40%\"><p>Galdeano, Juan Mario<\/p><\/td><td class=\"texto\" valign=\"top\" width=\"60%\"><p><a href=\"http:\/\/170.210.81.106\/newfade\/index.php\/publifadecs\/titulos-publicados-2006#estilo-municipal\">Manual de estilo municipal<\/a><\/p><\/td><\/tr><tr><td class=\"texto\" valign=\"top\" bgcolor=\"#CCCCCC\" width=\"40%\"><p>Gallego, Richar Fernando<\/p><\/td><td class=\"texto\" valign=\"top\" bgcolor=\"#CCCCCC\" width=\"60%\"><p><a href=\"http:\/\/170.210.81.106\/newfade\/index.php\/publifadecs\/titulos-publicados-2004#cdpct1ea\">Curso de Derecho Procesal Civil T. 1 Edici\u00f3n actualizada y ampliada<\/a><br \/>Curso de Derecho Procesal Civil.T. 2. Edici\u00f3n actualizada y ampliada.<\/p><\/td><\/tr><tr><td class=\"texto\" valign=\"top\" width=\"40%\"><p>Gallegos Garc\u00eda, Miguel<\/p><\/td><td class=\"texto\" valign=\"top\" width=\"60%\"><p><a href=\"http:\/\/170.210.81.106\/newfade\/index.php\/publifadecs\/titulos-publicados-1998\/\">Estudios de Derecho Romano<\/a><\/p><\/td><\/tr><tr><td class=\"texto\" valign=\"top\" bgcolor=\"#CCCCCC\" width=\"40%\"><p>Gamba, Ricardo<\/p><\/td><td class=\"texto\" valign=\"top\" bgcolor=\"#CCCCCC\" width=\"60%\"><p><a href=\"http:\/\/170.210.81.106\/newfade\/index.php\/publifadecs\/titulos-publicados-2005#lcdla\">La constituci\u00f3n de los argentinos<\/a><\/p><\/td><\/tr><tr><td class=\"texto\" valign=\"top\" width=\"40%\"><p>Garc\u00eda, Amelia B.<\/p><\/td><td class=\"texto\" valign=\"top\" width=\"60%\"><p><a href=\"http:\/\/170.210.81.106\/newfade\/index.php\/publifadecs\/titulos-publicados-2005#visita-inspector\">Hoy nos visita el inspector<\/a><\/p><\/td><\/tr><tr><td class=\"texto\" valign=\"top\" bgcolor=\"#CCCCCC\" width=\"40%\"><p>Garc\u00eda, Ana Elena<\/p><\/td><td class=\"texto\" valign=\"top\" bgcolor=\"#CCCCCC\" width=\"60%\"><p><a href=\"http:\/\/170.210.81.106\/newfade\/index.php\/publifadecs\/titulos-publicados-2004#rfcdrca\">Represi\u00f3n, frustraci\u00f3n, corrupci\u00f3n, desencanto<\/a><\/p><\/td><\/tr><tr><td class=\"texto\" valign=\"top\" width=\"40%\"><p>Gende, Carlos Emilio<\/p><\/td><td class=\"texto\" valign=\"top\" width=\"60%\"><p>Filosof\u00eda, cr\u00edtica, cultura<\/p><\/td><\/tr><tr><td class=\"texto\" valign=\"top\" bgcolor=\"#CCCCCC\" width=\"40%\"><p>Giuliani, Adriana<\/p><\/td><td class=\"texto\" valign=\"top\" bgcolor=\"#CCCCCC\" width=\"60%\"><p><a href=\"http:\/\/170.210.81.106\/newfade\/index.php\/publifadecs\/revista\/numeros-anteriores#12-11\">Revista de la Facultad 12, 2006<\/a><\/p><\/td><\/tr><tr><td class=\"texto\" valign=\"top\" width=\"40%\"><p>Gonz\u00e1lez, Cecilia<\/p><\/td><td class=\"texto\" valign=\"top\" width=\"60%\"><p><a href=\"http:\/\/170.210.81.106\/newfade\/wp-content\/uploads\/2022\/10\/02Angel_Cerutti_y_Cecilia_Gonzalez.pdf\">Revista de la Facultad 12, 2006<\/a><\/p><\/td><\/tr><tr><td class=\"texto\" valign=\"top\" bgcolor=\"#CCCCCC\" width=\"40%\"><p>Grupo de Estudios del Discurso del Comahue<\/p><\/td><td class=\"texto\" valign=\"top\" bgcolor=\"#CCCCCC\" width=\"60%\"><p><a href=\"http:\/\/170.210.81.106\/newfade\/index.php\/publifadecs\/titulos-publicados-2005#monografia\">La monograf\u00eda<\/a><\/p><\/td><\/tr><tr><td class=\"texto\" valign=\"top\" width=\"40%\"><p>Guti\u00e9rrez Colantuono, Pablo<\/p><\/td><td class=\"texto\" valign=\"top\" width=\"60%\"><p><a href=\"http:\/\/170.210.81.106\/newfade\/index.php\/publifadecs\/titulos-publicados-2005#ecjaanqn\">El control judicial de la Actividad Administrativa en Neuqu\u00e9n<\/a><\/p><\/td><\/tr><tr><td class=\"texto\" valign=\"top\" bgcolor=\"#CCCCCC\" width=\"40%\"><p>Hipperdinger Adriana<\/p><\/td><td class=\"texto\" valign=\"top\" bgcolor=\"#CCCCCC\" width=\"60%\"><p><a href=\"http:\/\/170.210.81.106\/newfade\/index.php\/publifadecs\/titulos-publicados-2006\/\">20 A\u00f1os<\/a><\/p><\/td><\/tr><tr><td class=\"texto\" valign=\"top\" width=\"40%\"><p>Instituto de Derecho Penal y Procesal Penal del Colegio de Abogados y Procuradores de Neuqu\u00e9n<\/p><\/td><td class=\"texto\" valign=\"top\" width=\"60%\"><p><a href=\"http:\/\/170.210.81.106\/newfade\/index.php\/publifadecs\/titulos-publicados-2006#cuadernos-dp\">Cuadernos de Derecho Penal<\/a><\/p><\/td><\/tr><tr><td class=\"texto\" valign=\"top\" bgcolor=\"#CCCCCC\" width=\"40%\"><p>Jim\u00e9nez, Jorge Osvaldo<\/p><\/td><td class=\"texto\" valign=\"top\" bgcolor=\"#CCCCCC\" width=\"60%\"><p><a href=\"http:\/\/170.210.81.106\/newfade\/index.php\/publifadecs\/titulos-publicados-2001\/\">Cuestiones patrimoniales del matrimonio<\/a><\/p><\/td><\/tr><tr><td class=\"texto\" valign=\"top\" width=\"40%\"><p>Kisnerman, Natalio<\/p><\/td><td class=\"texto\" valign=\"top\" width=\"60%\"><p><a href=\"http:\/\/170.210.81.106\/newfade\/index.php\/publifadecs\/titulos-publicados-2003#juventud-drc\">Juventud y desocupaci\u00f3n en la Regi\u00f3n Comahue<\/a><br \/><a href=\"https:\/\/fadeweb.uncoma.edu.ar\/extension\/publifadecs\/titulospublicados.htm#Kisnerman2\">Vida cotidiana y Trabajo Social<\/a><\/p><\/td><\/tr><tr><td class=\"texto\" valign=\"top\" bgcolor=\"#CCCCCC\" width=\"40%\"><p>Lagmanovich, David<\/p><\/td><td class=\"texto\" valign=\"top\" bgcolor=\"#CCCCCC\" width=\"60%\"><p><a href=\"http:\/\/170.210.81.106\/newfade\/index.php\/publifadecs\/titulos-publicados-2006#microrrelatos\">Microrrelatos Argentinos<\/a><\/p><\/td><\/tr><tr><td class=\"texto\" valign=\"top\" width=\"40%\"><p>Lar\u00eda, Patricia<\/p><\/td><td class=\"texto\" valign=\"top\" width=\"60%\"><p><a href=\"http:\/\/170.210.81.106\/newfade\/index.php\/publifadecs\/titulos-publicados-2003\/\">Aprendizaje tecnol\u00f3gico y sistema de innovaci\u00f3n<\/a><\/p><\/td><\/tr><tr><td class=\"texto\" valign=\"top\" bgcolor=\"#CCCCCC\" width=\"40%\"><p>Liz\u00e1rraga, Fernando<\/p><\/td><td class=\"texto\" valign=\"top\" bgcolor=\"#CCCCCC\" width=\"60%\"><p><a href=\"http:\/\/170.210.81.106\/newfade\/index.php\/publifadecs\/titulos-publicados-2005#lvmdoe\">Las vacas de M\u00edster Darwin y otros ensayos<\/a><\/p><\/td><\/tr><tr><td class=\"texto\" valign=\"top\" width=\"40%\"><p>L\u00f3pez Vicente, Mariela<\/p><\/td><td class=\"texto\" valign=\"top\" width=\"60%\"><p><a href=\"http:\/\/170.210.81.106\/newfade\/index.php\/publifadecs\/titulos-publicados-2005#trilla-agua\">Entre la trilla y el agua<\/a><\/p><\/td><\/tr><tr><td class=\"texto\" valign=\"top\" bgcolor=\"#CCCCCC\" width=\"40%\"><p>Lozano, Eduardo<\/p><\/td><td class=\"texto\" valign=\"top\" bgcolor=\"#CCCCCC\" width=\"60%\"><p><a href=\"http:\/\/170.210.81.106\/newfade\/index.php\/publifadecs\/titulos-publicados-2006#pensar-rio\">Pensar el r\u00edo<\/a><\/p><\/td><\/tr><tr><td class=\"texto\" valign=\"top\" width=\"40%\"><p>Macchi, Pablo<\/p><\/td><td class=\"texto\" valign=\"top\" width=\"60%\"><p><a href=\"http:\/\/170.210.81.106\/newfade\/index.php\/publifadecs\/titulos-publicados-2006#pensar-rio\">Pensar el r\u00edo<\/a><\/p><\/td><\/tr><tr><td class=\"texto\" valign=\"top\" bgcolor=\"#CCCCCC\" width=\"40%\"><p>Maida, Esther L.<\/p><\/td><td class=\"texto\" valign=\"top\" bgcolor=\"#CCCCCC\" width=\"60%\"><p><a href=\"http:\/\/170.210.81.106\/newfade\/index.php\/publifadecs\/titulos-publicados-2004#iavrn\">Inmigrantes en el Alto Valle de R\u00edo Negro<\/a><\/p><\/td><\/tr><tr><td class=\"texto\" valign=\"top\" width=\"40%\"><p>Mancuso, Carmen<\/p><\/td><td class=\"texto\" valign=\"top\" width=\"60%\"><p><a href=\"http:\/\/170.210.81.106\/newfade\/index.php\/publifadecs\/titulos-publicados-2004#calabria\">\u00a1Calabria m\u00eda!<\/a><\/p><\/td><\/tr><tr><td class=\"texto\" valign=\"top\" bgcolor=\"#CCCCCC\" width=\"40%\"><p>Marcoccia, Laura<\/p><\/td><td class=\"texto\" valign=\"top\" bgcolor=\"#CCCCCC\" width=\"60%\"><p><a href=\"http:\/\/170.210.81.106\/newfade\/index.php\/publifadecs\/titulos-publicados-2006#lecodrp\">La lectura y la escritura como objeto de reflexi\u00f3n y pr\u00e1ctica<\/a><\/p><\/td><\/tr><tr><td class=\"texto\" valign=\"top\" width=\"40%\"><p>Mart\u00edn, Diana<\/p><\/td><td class=\"texto\" valign=\"top\" width=\"60%\"><p><a href=\"http:\/\/170.210.81.106\/newfade\/index.php\/publifadecs\/titulos-publicados-2005#aprendizaje-nm\">El aprendizaje en el nivel medio<\/a><br \/><a href=\"https:\/\/fadeweb.uncoma.edu.ar\/extension\/publifadecs\/titulospublicados.htm#DianaMartin2\">La intervenci\u00f3n docente<\/a><\/p><\/td><\/tr><tr><td class=\"texto\" valign=\"top\" bgcolor=\"#CCCCCC\" width=\"40%\"><p>Mart\u00ednez, Rosa<\/p><\/td><td class=\"texto\" valign=\"top\" bgcolor=\"#CCCCCC\" width=\"60%\"><p><a href=\"http:\/\/170.210.81.106\/newfade\/index.php\/publifadecs\/titulos-publicados-2005#enrpexd\">Ense\u00f1anza de los n\u00fameros racionales positivos. Su expresi\u00f3n decimal<\/a><\/p><\/td><\/tr><tr><td class=\"texto\" valign=\"top\" width=\"40%\"><p>Mart\u00ednez, Silvia<\/p><\/td><td class=\"texto\" valign=\"top\" width=\"60%\"><p><a href=\"http:\/\/170.210.81.106\/newfade\/index.php\/publifadecs\/titulos-publicados-2006#programa-ceducativa\">Programa de mejoramiento de la calidad educativa y retenci\u00f3n estudiantil (UNCo, 2004-2005)<\/a><\/p><\/td><\/tr><tr><td class=\"texto\" valign=\"top\" bgcolor=\"#CCCCCC\" width=\"40%\"><p>Mas, Gloria<\/p><\/td><td class=\"texto\" valign=\"top\" bgcolor=\"#CCCCCC\" width=\"60%\"><p><a href=\"http:\/\/170.210.81.106\/newfade\/index.php\/publifadecs\/titulos-publicados-2005#sociedad-pensada\">La sociedad pensada<\/a><br \/><a href=\"http:\/\/170.210.81.106\/newfade\/index.php\/publifadecs\/titulos-publicados-2004#rfcdrca\">Represi\u00f3n, frustraci\u00f3n, corrupci\u00f3n, desencanto<\/a><\/p><\/td><\/tr><tr><td class=\"texto\" valign=\"top\" width=\"40%\"><p>Matus, Ana<\/p><\/td><td class=\"texto\" valign=\"top\" width=\"60%\"><p><a href=\"http:\/\/170.210.81.106\/newfade\/wp-content\/uploads\/2022\/10\/09Ana_Matus.pdf\">Revista de la Facultad 12, 2006<\/a><\/p><\/td><\/tr><tr><td class=\"texto\" valign=\"top\" bgcolor=\"#CCCCCC\" width=\"40%\"><p>Menni, Ana Mar\u00eda<\/p><\/td><td class=\"texto\" valign=\"top\" bgcolor=\"#CCCCCC\" width=\"60%\"><p><a href=\"http:\/\/170.210.81.106\/newfade\/wp-content\/uploads\/2022\/10\/12-Resenas-menni-compl.pdf\">Revista de la Facultad 12, 2006 <\/a><\/p><\/td><\/tr><tr><td class=\"texto\" valign=\"top\" width=\"40%\"><p>Miralles, Glenda<\/p><\/td><td class=\"texto\" valign=\"top\" width=\"60%\"><p><a href=\"http:\/\/170.210.81.106\/newfade\/index.php\/publifadecs\/titulos-publicados-2004#casa-galpon\">Entre la casa y el galp\u00f3n \u00bfHay lugar para el Sindicato<\/a>?<\/p><\/td><\/tr><tr><td class=\"texto\" valign=\"top\" bgcolor=\"#CCCCCC\" width=\"40%\"><p>Mu\u00f1oz, Rosana<\/p><\/td><td class=\"texto\" valign=\"top\" bgcolor=\"#CCCCCC\" width=\"60%\"><p><a href=\"http:\/\/170.210.81.106\/newfade\/index.php\/publifadecs\/titulos-publicados-2006#lecodrp\">La lectura y la escritura como objeto de reflexi\u00f3n y pr\u00e1ctica<\/a><\/p><\/td><\/tr><tr><td class=\"texto\" valign=\"top\" width=\"40%\"><p>Navarro Floria, Pedro<\/p><\/td><td class=\"texto\" valign=\"top\" width=\"60%\"><p><a href=\"http:\/\/170.210.81.106\/newfade\/index.php\/publifadecs\/titulos-publicados-2004#patagonia-cc\">Patagonia Ciencia y conquista<\/a><\/p><\/td><\/tr><tr><td class=\"texto\" valign=\"top\" bgcolor=\"#CCCCCC\" width=\"40%\"><p>Nicoletti, Mar\u00eda A.<\/p><\/td><td class=\"texto\" valign=\"top\" bgcolor=\"#CCCCCC\" width=\"60%\"><p><a href=\"http:\/\/170.210.81.106\/newfade\/index.php\/publifadecs\/titulos-publicados-2005#visita-inspector\">Hoy nos visita el inspector<\/a><\/p><\/td><\/tr><tr><td class=\"texto\" valign=\"top\" width=\"40%\"><p>Pagano, Olga Hebe<\/p><\/td><td class=\"texto\" valign=\"top\" width=\"60%\"><p><a href=\"http:\/\/170.210.81.106\/newfade\/index.php\/publifadecs\/titulos-publicados-2004\/\">Adalberto T. Pagano Una pasi\u00f3n rionegrina<\/a><\/p><\/td><\/tr><tr><td class=\"texto\" valign=\"top\" bgcolor=\"#CCCCCC\" width=\"40%\"><p>Paponi, Ma. Susana<\/p><\/td><td class=\"texto\" valign=\"top\" bgcolor=\"#CCCCCC\" width=\"60%\"><p><a href=\"http:\/\/170.210.81.106\/newfade\/index.php\/publifadecs\/titulos-publicados-2006#subj-limites\">Subjetivaci\u00f3n en los l\u00edmites<\/a><\/p><\/td><\/tr><tr><td class=\"texto\" valign=\"top\" width=\"40%\"><p>Pescader, Carlos<\/p><\/td><td class=\"texto\" valign=\"top\" width=\"60%\"><p><a href=\"https:\/\/fadeweb.uncoma.edu.ar\/extension\/publifadecs\/titulospublicados.htm#Pescader1\">El Proyecto de la Generaci\u00f3n del \u201937<\/a><br \/><a href=\"http:\/\/170.210.81.106\/newfade\/index.php\/publifadecs\/revista\/\">Revista de la Facultad 12, 2006<\/a><\/p><\/td><\/tr><tr><td class=\"texto\" valign=\"top\" bgcolor=\"#CCCCCC\" width=\"40%\"><p>Peruzzi, H\u00e9ctor C\u00e9sar<\/p><\/td><td class=\"texto\" valign=\"top\" bgcolor=\"#CCCCCC\" width=\"60%\"><p><a href=\"http:\/\/170.210.81.106\/newfade\/index.php\/publifadecs\/titulos-publicados-2004#cdpct1ea\">Curso de Derecho Procesal Civil T. 1 Edici\u00f3n actualizada y ampliada<\/a><br \/>Curso de Derecho Procesal Civil.T. 2. Edici\u00f3n actualizada y ampliada.<br \/><a href=\"https:\/\/fadeweb.uncoma.edu.ar\/extension\/publifadecs\/titulospublicados.htm#Peruzzi2\">Sindicatura concursal<\/a><\/p><\/td><\/tr><tr><td class=\"texto\" valign=\"top\" width=\"40%\"><p>Pi\u00f1ero, Ma. Eugenia<\/p><\/td><td class=\"texto\" valign=\"top\" width=\"60%\"><p><a href=\"http:\/\/170.210.81.106\/newfade\/index.php\/publifadecs\/titulos-publicados-2006#subj-limites\">Subjetivaci\u00f3n en los l\u00edmites<\/a><\/p><\/td><\/tr><tr><td class=\"texto\" valign=\"top\" bgcolor=\"#CCCCCC\" width=\"40%\"><p>Pollastri, Laura<\/p><\/td><td class=\"texto\" valign=\"top\" bgcolor=\"#CCCCCC\" width=\"60%\"><p><a href=\"http:\/\/170.210.81.106\/newfade\/index.php\/publifadecs\/titulos-publicados-2006#microrrelatos\">Microrrelatos Argentinos<\/a><\/p><\/td><\/tr><tr><td class=\"texto\" valign=\"top\" width=\"40%\"><p>Ponce de Le\u00f3n, Rodolfo<\/p><\/td><td class=\"texto\" valign=\"top\" width=\"60%\"><p><a href=\"http:\/\/170.210.81.106\/newfade\/index.php\/publifadecs\/titulos-publicados-2003#tratadosi\">Tratados de integraci\u00f3n<\/a><br \/><a href=\"https:\/\/fadeweb.uncoma.edu.ar\/extension\/publifadecs\/titulospublicados.htm#PoncedeLeon2\">Derechos humanos<\/a><\/p><\/td><\/tr><tr><td class=\"texto\" valign=\"top\" bgcolor=\"#CCCCCC\" width=\"40%\"><p>Ponzoni, M\u00e1ximo<\/p><\/td><td class=\"texto\" valign=\"top\" bgcolor=\"#CCCCCC\" width=\"60%\"><p><a href=\"http:\/\/170.210.81.106\/newfade\/index.php\/publifadecs\/titulos-publicados-2006#subj-limites\">Subjetivaci\u00f3n en los l\u00edmites<\/a><\/p><\/td><\/tr><tr><td class=\"texto\" valign=\"top\" width=\"40%\"><p>Reta, Lucrecia<\/p><\/td><td class=\"texto\" valign=\"top\" width=\"60%\"><p><a href=\"http:\/\/170.210.81.106\/newfade\/index.php\/publifadecs\/titulos-publicados-2006#programa-ceducativa\">Programa de mejoramiento de la calidad educativa y retenci\u00f3n estudiantil (UNCo, 2004-2005)<\/a><\/p><\/td><\/tr><tr><td class=\"texto\" valign=\"top\" bgcolor=\"#CCCCCC\" width=\"40%\"><p>Rithner, Juan Ra\u00fal<\/p><\/td><td class=\"texto\" valign=\"top\" bgcolor=\"#CCCCCC\" width=\"60%\"><p><a href=\"http:\/\/170.210.81.106\/newfade\/index.php\/publifadecs\/titulos-publicados-2006#bosquea\">Bosque afuera<\/a><\/p><\/td><\/tr><tr><td class=\"texto\" valign=\"top\" width=\"40%\"><p>Salgado, Juan Manuel<\/p><\/td><td class=\"texto\" valign=\"top\" width=\"60%\"><p><a href=\"http:\/\/170.210.81.106\/newfade\/index.php\/publifadecs\/titulos-publicados-2006#169\">169 de la OIT sobre pueblo ind\u00edgenas (Comentado y anotado)<\/a><\/p><\/td><\/tr><tr><td class=\"texto\" valign=\"top\" bgcolor=\"#CCCCCC\" width=\"40%\"><p>Salgado, Leonardo<\/p><\/td><td class=\"texto\" valign=\"top\" bgcolor=\"#CCCCCC\" width=\"60%\"><p><a href=\"http:\/\/170.210.81.106\/newfade\/index.php\/publifadecs\/titulos-publicados-2005#lvmdoe\">Las vacas de M\u00edster Darwin y otros ensayos<\/a><\/p><\/td><\/tr><tr><td class=\"texto\" valign=\"top\" width=\"40%\"><p>S\u00e1nchez Freytes, Fernando<\/p><\/td><td class=\"texto\" valign=\"top\" width=\"60%\"><p><a href=\"http:\/\/170.210.81.106\/newfade\/index.php\/publifadecs\/titulos-publicados-2005#hatd\">Historia y Actualidad de la Teor\u00eda del Delito<\/a><br \/><a href=\"http:\/\/170.210.81.106\/newfade\/index.php\/publifadecs\/titulos-publicados-2004#dlplpvpg\">De los Primeros Pensamientos a la Ley Penal Vigente Parte General<\/a><br \/><a href=\"http:\/\/170.210.81.106\/newfade\/index.php\/publifadecs\/titulos-publicados-2004#pacdppgeaa\">Principales Alcances y Controversias de Derecho Penal Parte General Edici\u00f3n Actualizada y Ampliada<\/a><br \/><a href=\"http:\/\/170.210.81.106\/newfade\/index.php\/publifadecs\/titulos-publicados-2003#defensaj\">La defensa en juicio<\/a><\/p><\/td><\/tr><tr><td class=\"texto\" valign=\"top\" bgcolor=\"#CCCCCC\" width=\"40%\"><p>Schiappa Pietra, Jos\u00e9<\/p><\/td><td class=\"texto\" valign=\"top\" bgcolor=\"#CCCCCC\" width=\"60%\"><p><a href=\"http:\/\/170.210.81.106\/newfade\/index.php\/publifadecs\/titulos-publicados-2003#leyenda-continua\">La leyenda continua<\/a><\/p><\/td><\/tr><tr><td class=\"texto\" valign=\"top\" width=\"40%\"><p>Schulmaister, Carlos R.<\/p><\/td><td class=\"texto\" valign=\"top\" width=\"60%\"><p><a href=\"http:\/\/170.210.81.106\/newfade\/index.php\/publifadecs\/titulos-publicados-2006#dlpylape\">De la patria y los actos patrios escolares<\/a><br \/><a href=\"http:\/\/170.210.81.106\/newfade\/wp-content\/uploads\/2022\/10\/03carlos_schulmaister.pdf\">Revista de la Facultad 12, 2006<\/a><\/p><\/td><\/tr><tr><td class=\"texto\" valign=\"top\" bgcolor=\"#CCCCCC\" width=\"40%\"><p>Sosa, N\u00e9lida Beatriz<\/p><\/td><td class=\"texto\" valign=\"top\" bgcolor=\"#CCCCCC\" width=\"60%\"><p><a href=\"http:\/\/170.210.81.106\/newfade\/wp-content\/uploads\/2022\/10\/06Nelida_Sosa.pdf\">Revista de la Facultad 12, 2006<\/a><\/p><\/td><\/tr><tr><td class=\"texto\" valign=\"top\" width=\"40%\"><p>Taller de escritura de cuentos cortos, relatos breves, poes\u00edas y textos period\u00edsticos. Proyecto Despertares<\/p><\/td><td class=\"texto\" valign=\"top\" width=\"60%\"><p><a href=\"http:\/\/170.210.81.106\/newfade\/index.php\/publifadecs\/titulos-publicados-2006\/\">Ausencias<\/a><\/p><\/td><\/tr><tr><td class=\"texto\" valign=\"top\" bgcolor=\"#CCCCCC\" width=\"40%\"><p>Teobaldo, Mirta E.<\/p><\/td><td class=\"texto\" valign=\"top\" bgcolor=\"#CCCCCC\" width=\"60%\"><p><a href=\"http:\/\/170.210.81.106\/newfade\/index.php\/publifadecs\/titulos-publicados-2005#visita-inspector\">Hoy nos visita el inspector<\/a><\/p><\/td><\/tr><tr><td class=\"texto\" valign=\"top\" width=\"40%\"><p>Tonini, Rodolfo C.<\/p><\/td><td class=\"texto\" valign=\"top\" width=\"60%\"><p><a href=\"http:\/\/170.210.81.106\/newfade\/index.php\/publifadecs\/titulos-publicados-2006#dlpylape\">De la patria y los actos patrios escolares<\/a><\/p><\/td><\/tr><tr><td class=\"texto\" valign=\"top\" bgcolor=\"#CCCCCC\" width=\"40%\"><p>Usero, Sergio<\/p><\/td><td class=\"texto\" valign=\"top\" bgcolor=\"#CCCCCC\" width=\"60%\"><p><a href=\"http:\/\/170.210.81.106\/newfade\/index.php\/publifadecs\/titulos-publicados-2006#subj-limites\">Subjetivaci\u00f3n en los l\u00edmites<\/a><\/p><\/td><\/tr><tr><td class=\"texto\" valign=\"top\" width=\"40%\"><p>Vanella, Liliana<\/p><\/td><td class=\"texto\" valign=\"top\" width=\"60%\"><p><a href=\"https:\/\/fadeweb.uncoma.edu.ar\/extension\/publifadecs\/titulospublicados.htm#DianaMartin2\">La intervencion docente<\/a><\/p><\/td><\/tr><tr><td class=\"texto\" valign=\"top\" bgcolor=\"#CCCCCC\" width=\"40%\"><p>Vouillat, Clara<\/p><\/td><td class=\"texto\" valign=\"top\" bgcolor=\"#CCCCCC\" width=\"60%\"><p><a href=\"http:\/\/170.210.81.106\/newfade\/index.php\/publifadecs\/titulos-publicados-2002#seniales\">Se\u00f1ales<\/a><\/p><\/td><\/tr><\/tbody><\/table>\t\t\t\t\t\t\t\t<\/div>\n\t\t\t\t<\/div>\n\t\t\t\t<div class=\"elementor-element elementor-element-7ab533a elementor-widget elementor-widget-shortcode\" data-id=\"7ab533a\" data-element_type=\"widget\" data-e-type=\"widget\" data-widget_type=\"shortcode.default\">\n\t\t\t\t<div class=\"elementor-widget-container\">\n\t\t\t\t\t\t\t<div class=\"elementor-shortcode\">\t\t<div data-elementor-type=\"section\" data-elementor-id=\"4609\" class=\"elementor elementor-4609\" data-elementor-post-type=\"elementor_library\">\r\n\t\t\t\t\t<section class=\"elementor-section elementor-top-section elementor-element elementor-element-272e975d elementor-section-boxed elementor-section-height-default elementor-section-height-default\" data-id=\"272e975d\" data-element_type=\"section\" data-e-type=\"section\">\n\t\t\t\t\t\t<div class=\"elementor-container elementor-column-gap-default\">\n\t\t\t\t\t<div class=\"elementor-column elementor-col-100 elementor-top-column elementor-element elementor-element-44f68879\" data-id=\"44f68879\" data-element_type=\"column\" data-e-type=\"column\">\n\t\t\t<div class=\"elementor-widget-wrap elementor-element-populated\">\n\t\t\t\t\t\t<div class=\"elementor-element elementor-element-412ac052 elementor-widget-divider--view-line elementor-widget elementor-widget-divider\" data-id=\"412ac052\" data-element_type=\"widget\" data-e-type=\"widget\" data-widget_type=\"divider.default\">\n\t\t\t\t<div class=\"elementor-widget-container\">\n\t\t\t\t\t\t\t<div class=\"elementor-divider\">\n\t\t\t<span class=\"elementor-divider-separator\">\n\t\t\t\t\t\t<\/span>\n\t\t<\/div>\n\t\t\t\t\t\t<\/div>\n\t\t\t\t<\/div>\n\t\t\t\t<div class=\"elementor-element elementor-element-63396594 elementor-widget elementor-widget-text-editor\" data-id=\"63396594\" data-element_type=\"widget\" data-e-type=\"widget\" data-widget_type=\"text-editor.default\">\n\t\t\t\t<div class=\"elementor-widget-container\">\n\t\t\t\t\t\t\t\t\t<p><strong>INFORMACI\u00d3N<\/strong><br \/>Publicaciones<br \/>TE: (0298) 4433668, int 18<br \/>Correo electr\u00f3nico: <a href=\"mailto:publifadecs@hotmail.com\"><strong>publifadecs@hotmail.com<\/strong><\/a><br \/>Mendoza y Per\u00fa.<br \/>(8332) General Roca, R\u00edo Negro <br \/>Argentina<\/p>\t\t\t\t\t\t\t\t<\/div>\n\t\t\t\t<\/div>\n\t\t\t\t\t<\/div>\n\t\t<\/div>\n\t\t\t\t\t<\/div>\n\t\t<\/section>\n\t\t\t\t<\/div>\r\n\t\t<\/div>\n\t\t\t\t\t\t<\/div>\n\t\t\t\t<\/div>\n\t\t\t\t\t<\/div>\n\t\t<\/div>\n\t\t\t\t<div class=\"elementor-column elementor-col-33 elementor-top-column elementor-element elementor-element-a212bc6\" data-id=\"a212bc6\" data-element_type=\"column\" data-e-type=\"column\">\n\t\t\t<div class=\"elementor-widget-wrap elementor-element-populated\">\n\t\t\t\t\t\t<div class=\"elementor-element elementor-element-8392274 elementor-nav-menu__align-start elementor-nav-menu--dropdown-none elementor-widget elementor-widget-nav-menu\" data-id=\"8392274\" data-element_type=\"widget\" data-e-type=\"widget\" id=\"menu-lateral\" data-settings=\"{&quot;layout&quot;:&quot;vertical&quot;,&quot;submenu_icon&quot;:{&quot;value&quot;:&quot;&lt;i class=\\&quot;fas fa-caret-down\\&quot; aria-hidden=\\&quot;true\\&quot;&gt;&lt;\\\/i&gt;&quot;,&quot;library&quot;:&quot;fa-solid&quot;}}\" data-widget_type=\"nav-menu.default\">\n\t\t\t\t<div class=\"elementor-widget-container\">\n\t\t\t\t\t\t\t\t<nav aria-label=\"Menu\" class=\"elementor-nav-menu--main elementor-nav-menu__container elementor-nav-menu--layout-vertical e--pointer-background e--animation-fade\">\r\n\t\t\t\t<ul id=\"menu-1-8392274\" class=\"elementor-nav-menu sm-vertical\"><li class=\"menu-item menu-item-type-post_type menu-item-object-page menu-item-4540\"><a href=\"https:\/\/fadeweb.uncoma.edu.ar\/index.php\/publifadecs\/\" class=\"elementor-item\">TITULOS PUBLICADOS<\/a><\/li>\n<li class=\"menu-item menu-item-type-post_type menu-item-object-page menu-item-4541\"><a href=\"https:\/\/fadeweb.uncoma.edu.ar\/index.php\/publifadecs\/autores-publicados\/\" class=\"elementor-item\">AUTORES PUBLICADOS<\/a><\/li>\n<li class=\"menu-item menu-item-type-post_type menu-item-object-page menu-item-4542\"><a href=\"https:\/\/fadeweb.uncoma.edu.ar\/index.php\/publifadecs\/titulos-en-imprenta\/\" class=\"elementor-item\">TITULOS EN IMPRENTA<\/a><\/li>\n<li class=\"menu-item menu-item-type-post_type menu-item-object-page menu-item-4543\"><a href=\"https:\/\/fadeweb.uncoma.edu.ar\/index.php\/publifadecs\/revista\/\" class=\"elementor-item\">REVISTA DE LA FACULTAD<\/a><\/li>\n<\/ul>\t\t\t<\/nav>\r\n\t\t\t\t\t\t<nav class=\"elementor-nav-menu--dropdown elementor-nav-menu__container\" aria-hidden=\"true\">\r\n\t\t\t\t<ul id=\"menu-2-8392274\" class=\"elementor-nav-menu sm-vertical\"><li class=\"menu-item menu-item-type-post_type menu-item-object-page menu-item-4540\"><a href=\"https:\/\/fadeweb.uncoma.edu.ar\/index.php\/publifadecs\/\" class=\"elementor-item\" tabindex=\"-1\">TITULOS PUBLICADOS<\/a><\/li>\n<li class=\"menu-item menu-item-type-post_type menu-item-object-page menu-item-4541\"><a href=\"https:\/\/fadeweb.uncoma.edu.ar\/index.php\/publifadecs\/autores-publicados\/\" class=\"elementor-item\" tabindex=\"-1\">AUTORES PUBLICADOS<\/a><\/li>\n<li class=\"menu-item menu-item-type-post_type menu-item-object-page menu-item-4542\"><a href=\"https:\/\/fadeweb.uncoma.edu.ar\/index.php\/publifadecs\/titulos-en-imprenta\/\" class=\"elementor-item\" tabindex=\"-1\">TITULOS EN IMPRENTA<\/a><\/li>\n<li class=\"menu-item menu-item-type-post_type menu-item-object-page menu-item-4543\"><a href=\"https:\/\/fadeweb.uncoma.edu.ar\/index.php\/publifadecs\/revista\/\" class=\"elementor-item\" tabindex=\"-1\">REVISTA DE LA FACULTAD<\/a><\/li>\n<\/ul>\t\t\t<\/nav>\r\n\t\t\t\t\t\t<\/div>\n\t\t\t\t<\/div>\n\t\t\t\t\t<\/div>\n\t\t<\/div>\n\t\t\t\t\t<\/div>\n\t\t<\/section>\n\t\t\t\t<\/div>\n\t\t","protected":false},"excerpt":{"rendered":"<p>SECRETARIA DE EXTENSION PUBLIFADECS AUTORES PUBLICADOS Autor Texto Ares Nogueira, Alicia Temas de Derecho Romano Bergero, Fabi\u00e1n Revista de la Facultad 12, 2006 Bergonzi, Juan Carlos Revista de la Facultad 12, 2006Periodismo en la Patagonia Bernardi, Mar\u00eda Teresa Revista de la Facultad 12, 2006 Bilder, Ernesto Revista de la Facultad 12, 2006 Borsani, Mar\u00eda Eugenia [&hellip;]<\/p>\n","protected":false},"author":2,"featured_media":0,"parent":3552,"menu_order":0,"comment_status":"closed","ping_status":"closed","template":"","meta":{"footnotes":""},"class_list":["post-3597","page","type-page","status-publish","hentry"],"_links":{"self":[{"href":"https:\/\/fadeweb.uncoma.edu.ar\/index.php\/wp-json\/wp\/v2\/pages\/3597","targetHints":{"allow":["GET"]}}],"collection":[{"href":"https:\/\/fadeweb.uncoma.edu.ar\/index.php\/wp-json\/wp\/v2\/pages"}],"about":[{"href":"https:\/\/fadeweb.uncoma.edu.ar\/index.php\/wp-json\/wp\/v2\/types\/page"}],"author":[{"embeddable":true,"href":"https:\/\/fadeweb.uncoma.edu.ar\/index.php\/wp-json\/wp\/v2\/users\/2"}],"replies":[{"embeddable":true,"href":"https:\/\/fadeweb.uncoma.edu.ar\/index.php\/wp-json\/wp\/v2\/comments?post=3597"}],"version-history":[{"count":51,"href":"https:\/\/fadeweb.uncoma.edu.ar\/index.php\/wp-json\/wp\/v2\/pages\/3597\/revisions"}],"predecessor-version":[{"id":6809,"href":"https:\/\/fadeweb.uncoma.edu.ar\/index.php\/wp-json\/wp\/v2\/pages\/3597\/revisions\/6809"}],"up":[{"embeddable":true,"href":"https:\/\/fadeweb.uncoma.edu.ar\/index.php\/wp-json\/wp\/v2\/pages\/3552"}],"wp:attachment":[{"href":"https:\/\/fadeweb.uncoma.edu.ar\/index.php\/wp-json\/wp\/v2\/media?parent=3597"}],"curies":[{"name":"wp","href":"https:\/\/api.w.org\/{rel}","templated":true}]}}