{"id":3340,"date":"2022-09-15T11:58:25","date_gmt":"2022-09-15T11:58:25","guid":{"rendered":"http:\/\/web.fadecs.uncoma.edu.ar\/?page_id=3340"},"modified":"2022-10-04T20:18:05","modified_gmt":"2022-10-04T23:18:05","slug":"profesorado-en-comunicacion-social","status":"publish","type":"page","link":"https:\/\/fadeweb.uncoma.edu.ar\/index.php\/carreras\/profesorado-en-comunicacion-social\/","title":{"rendered":"PROFESORADO EN COMUNICACION SOCIAL"},"content":{"rendered":"\t\t<div data-elementor-type=\"wp-page\" data-elementor-id=\"3340\" class=\"elementor elementor-3340\" data-elementor-post-type=\"page\">\n\t\t\t\t\t\t<section class=\"elementor-section elementor-top-section elementor-element elementor-element-129c3a7 elementor-section-boxed elementor-section-height-default elementor-section-height-default\" data-id=\"129c3a7\" data-element_type=\"section\" data-e-type=\"section\">\n\t\t\t\t\t\t<div class=\"elementor-container elementor-column-gap-default\">\n\t\t\t\t\t<div class=\"elementor-column elementor-col-66 elementor-top-column elementor-element elementor-element-130be73\" data-id=\"130be73\" data-element_type=\"column\" data-e-type=\"column\">\n\t\t\t<div class=\"elementor-widget-wrap elementor-element-populated\">\n\t\t\t\t\t\t<div class=\"elementor-element elementor-element-ad12465 elementor-widget elementor-widget-heading\" data-id=\"ad12465\" data-element_type=\"widget\" data-e-type=\"widget\" data-widget_type=\"heading.default\">\n\t\t\t\t<div class=\"elementor-widget-container\">\n\t\t\t\t\t<h2 class=\"elementor-heading-title elementor-size-default\">PROFESORADO EN COMUNICACION SOCIAL<\/h2>\t\t\t\t<\/div>\n\t\t\t\t<\/div>\n\t\t\t\t<div class=\"elementor-element elementor-element-c7fe7d8 elementor-widget elementor-widget-text-editor\" data-id=\"c7fe7d8\" data-element_type=\"widget\" data-e-type=\"widget\" data-widget_type=\"text-editor.default\">\n\t\t\t\t<div class=\"elementor-widget-container\">\n\t\t\t\t\t\t\t\t\t<div id=\"breadcrumbs\"><div id=\"menuhoriz\"><p><a href=\"https:\/\/www.google.com.ar\/maps\/place\/Facultad+de+Derecho+y+Ciencias+Sociales+-+UNCo\/@-39.0232891,-67.5639387,898m\/data=!3m2!1e3!4b1!4m5!3m4!1s0x960a02d7291848a3:0x10a7ac07855a0879!8m2!3d-39.0232933!4d-67.56175\">Se cursa en General Roca<\/a><\/p><\/div><\/div><div id=\"capa80\"><div class=\"texto\" align=\"left\"><p><span class=\"subt1a\"><strong>Duraci\u00f3n de la Carrera<\/strong><\/span><strong><br \/><\/strong>4 a\u00f1os<\/p><p><span class=\"subt1a\">T\u00edtulo a otorgar<\/span><strong><br \/><\/strong>Profesor en Comunicaci\u00f3n Social<\/p><p><span class=\"subt1a\">Perfil del Profesor en Comunicaci\u00f3n Social<\/span><strong><br \/><\/strong>El Profesor en Comunicaci\u00f3n Social es un profesional preparado para:<\/p><ul><li>Comprender la incidencia del fen\u00f3meno comunicacional en la educaci\u00f3n.<\/li><li>Operar sus conocimientos te\u00f3rico-pr\u00e1cticos situ\u00e1ndolos en el entrecruzamiento de los saberes y quehaceres del comunicador y educador.<\/li><li>Desempe\u00f1ar su trabajo tanto en el \u00e1mbito de la educaci\u00f3n polimodal como en la educaci\u00f3n superior y\/o universitaria (en la curr\u00edcula de Comunicaci\u00f3n Social y de otras carreras que requieran de su competencia).<\/li><li>Alentar en sus alumnos una mirada cr\u00edtica de la realidad sociocultural y potenciar sus capacidades comunicacionales para el mejoramiento de los \u00e1mbitos que habita.<\/li><\/ul><p class=\"subt1a\">Alcances de t\u00edtulo de Profesor en Comunicaci\u00f3n Social<\/p><ul><li>Organizar y coordinar los procesos de ense\u00f1anza-aprendizaje de las problem\u00e1ticas comunicacionales en los distintos niveles y modalidades educativas.<\/li><li>Analizar, producir, administrar y evaluar, con criterio pedag\u00f3gico y comunicacional, distintos medios de ense\u00f1anza con distintos grados de complejidad.<\/li><\/ul><p>\u00a0<\/p><p><span class=\"subt1a\">Descripci\u00f3n de la carrera<strong><br \/><\/strong><\/span>La carrera comprende:<\/p><ul><li>un <strong>ciclo introductorio<\/strong> de un a\u00f1o,<\/li><li>un <strong>ciclo b\u00e1sico<\/strong> de dos a\u00f1os y<\/li><li>un <strong>ciclo superior<\/strong> de un a\u00f1o.<\/li><\/ul><p>La carrera provee al alumno de conocimientos, habilidades y destrezas para cumplir actividades <strong>de producci\u00f3n, investigaci\u00f3n y planificaci\u00f3n de la comunicaci\u00f3n social<\/strong> a trav\u00e9s de dos ejes fundamentales: una formaci\u00f3n b\u00e1sica en Ciencias Humanas y una formaci\u00f3n profesional y t\u00e9cnica.<\/p><p>A partir del ciclo b\u00e1sico el alumno podr\u00e1 optar por el <strong>Profesorado en Comunicaci\u00f3n Social<\/strong>, que los habilita para planificar, conducir y evaluar los procesos de ense\u00f1anza-aprendizaje en todos los niveles del sistema educativo, que se ofrece con una curr\u00edcula propia, pero compatible con la establecida para la Licenciatura con la que comparte el ciclo introductorio y las asignaturas correspondientes a la formaci\u00f3n disciplinar y complementaria.<\/p><\/div><p class=\"texto\">\u00a0<\/p><\/div>\t\t\t\t\t\t\t\t<\/div>\n\t\t\t\t<\/div>\n\t\t\t\t<div class=\"elementor-element elementor-element-319d2ec elementor-widget elementor-widget-shortcode\" data-id=\"319d2ec\" data-element_type=\"widget\" data-e-type=\"widget\" data-widget_type=\"shortcode.default\">\n\t\t\t\t<div class=\"elementor-widget-container\">\n\t\t\t\t\t\t\t<div class=\"elementor-shortcode\">\t\t<div data-elementor-type=\"section\" data-elementor-id=\"4583\" class=\"elementor elementor-4583\" data-elementor-post-type=\"elementor_library\">\r\n\t\t\t\t\t<section class=\"elementor-section elementor-top-section elementor-element elementor-element-14232f66 elementor-section-boxed elementor-section-height-default elementor-section-height-default\" data-id=\"14232f66\" data-element_type=\"section\" data-e-type=\"section\">\n\t\t\t\t\t\t<div class=\"elementor-container elementor-column-gap-default\">\n\t\t\t\t\t<div class=\"elementor-column elementor-col-100 elementor-top-column elementor-element elementor-element-613d052d\" data-id=\"613d052d\" data-element_type=\"column\" data-e-type=\"column\">\n\t\t\t<div class=\"elementor-widget-wrap elementor-element-populated\">\n\t\t\t\t\t\t<div class=\"elementor-element elementor-element-6b448111 elementor-widget-divider--view-line elementor-widget elementor-widget-divider\" data-id=\"6b448111\" data-element_type=\"widget\" data-e-type=\"widget\" data-widget_type=\"divider.default\">\n\t\t\t\t<div class=\"elementor-widget-container\">\n\t\t\t\t\t\t\t<div class=\"elementor-divider\">\n\t\t\t<span class=\"elementor-divider-separator\">\n\t\t\t\t\t\t<\/span>\n\t\t<\/div>\n\t\t\t\t\t\t<\/div>\n\t\t\t\t<\/div>\n\t\t\t\t<div class=\"elementor-element elementor-element-4d542db7 elementor-widget elementor-widget-text-editor\" data-id=\"4d542db7\" data-element_type=\"widget\" data-e-type=\"widget\" data-widget_type=\"text-editor.default\">\n\t\t\t\t<div class=\"elementor-widget-container\">\n\t\t\t\t\t\t\t\t\t<p><strong>INFORMACI\u00d3N<\/strong><br \/>Departamento de Alumnos<br \/>TE: (0298) 4435700<br \/>Correo electr\u00f3nico:\u00a0<a href=\"mailto:alumnos@fade.uncoma.edu.ar\">alumnos@fade.uncoma.edu.ar<\/a><br \/>Mendoza y Per\u00fa.<br \/>(8332) General Roca, R\u00edo Negro<br \/>Argentina<\/p>\t\t\t\t\t\t\t\t<\/div>\n\t\t\t\t<\/div>\n\t\t\t\t\t<\/div>\n\t\t<\/div>\n\t\t\t\t\t<\/div>\n\t\t<\/section>\n\t\t\t\t<\/div>\r\n\t\t<\/div>\n\t\t\t\t\t\t<\/div>\n\t\t\t\t<\/div>\n\t\t\t\t\t<\/div>\n\t\t<\/div>\n\t\t\t\t<div class=\"elementor-column elementor-col-33 elementor-top-column elementor-element elementor-element-7be9a4a\" data-id=\"7be9a4a\" data-element_type=\"column\" data-e-type=\"column\">\n\t\t\t<div class=\"elementor-widget-wrap elementor-element-populated\">\n\t\t\t\t\t\t<div class=\"elementor-element elementor-element-928268a elementor-nav-menu__align-start elementor-nav-menu--dropdown-none elementor-widget elementor-widget-nav-menu\" data-id=\"928268a\" data-element_type=\"widget\" data-e-type=\"widget\" id=\"menu-lateral\" data-settings=\"{&quot;layout&quot;:&quot;vertical&quot;,&quot;submenu_icon&quot;:{&quot;value&quot;:&quot;&lt;i class=\\&quot;fas fa-caret-down\\&quot; aria-hidden=\\&quot;true\\&quot;&gt;&lt;\\\/i&gt;&quot;,&quot;library&quot;:&quot;fa-solid&quot;}}\" data-widget_type=\"nav-menu.default\">\n\t\t\t\t<div class=\"elementor-widget-container\">\n\t\t\t\t\t\t\t\t<nav aria-label=\"Menu\" class=\"elementor-nav-menu--main elementor-nav-menu__container elementor-nav-menu--layout-vertical e--pointer-background e--animation-fade\">\r\n\t\t\t\t<ul id=\"menu-1-928268a\" class=\"elementor-nav-menu sm-vertical\"><li class=\"menu-item menu-item-type-post_type menu-item-object-page menu-item-5339\"><a href=\"https:\/\/fadeweb.uncoma.edu.ar\/index.php\/carreras\/profesorado-en-comunicacion-social\/plan-de-estudios-profesorado-en-comunicacion-social\/\" class=\"elementor-item\">PLAN DE ESTUDIOS<\/a><\/li>\n<li class=\"menu-item menu-item-type-post_type menu-item-object-page menu-item-5338\"><a href=\"https:\/\/fadeweb.uncoma.edu.ar\/index.php\/carreras\/profesorado-en-comunicacion-social\/correlatividades-profesorado-en-comunicacion-social\/\" class=\"elementor-item\">CORRELATIVIDADES<\/a><\/li>\n<li class=\"menu-item menu-item-type-post_type menu-item-object-page menu-item-5342\"><a href=\"https:\/\/fadeweb.uncoma.edu.ar\/index.php\/programas\/programa-profesorado-en-comunicacion-social\/\" class=\"elementor-item\">PROGRAMAS<\/a><\/li>\n<li class=\"menu-item menu-item-type-post_type menu-item-object-page menu-item-5344\"><a href=\"https:\/\/fadeweb.uncoma.edu.ar\/index.php\/estudiantes\/calendario-academico\/\" class=\"elementor-item\">CALENDARIO ACADEMICO<\/a><\/li>\n<li class=\"menu-item menu-item-type-post_type menu-item-object-page menu-item-5345\"><a href=\"https:\/\/fadeweb.uncoma.edu.ar\/index.php\/estudiantes\/horarios-de-cursadas\/\" class=\"elementor-item\">HORARIOS CURSADAS<\/a><\/li>\n<li class=\"menu-item menu-item-type-custom menu-item-object-custom menu-item-5346\"><a href=\"http:\/\/siufade.uncoma.edu.ar\/\" class=\"elementor-item\">SIU FADE: Sistema de Gesti\u00f3n de Alumnos en Internet<\/a><\/li>\n<li class=\"menu-item menu-item-type-custom menu-item-object-custom menu-item-5347\"><a href=\"https:\/\/siufade.uncoma.edu.ar\/derecho\/fecha_examen\" class=\"elementor-item\">FECHAS DE EX\u00c1MENES<\/a><\/li>\n<\/ul>\t\t\t<\/nav>\r\n\t\t\t\t\t\t<nav class=\"elementor-nav-menu--dropdown elementor-nav-menu__container\" aria-hidden=\"true\">\r\n\t\t\t\t<ul id=\"menu-2-928268a\" class=\"elementor-nav-menu sm-vertical\"><li class=\"menu-item menu-item-type-post_type menu-item-object-page menu-item-5339\"><a href=\"https:\/\/fadeweb.uncoma.edu.ar\/index.php\/carreras\/profesorado-en-comunicacion-social\/plan-de-estudios-profesorado-en-comunicacion-social\/\" class=\"elementor-item\" tabindex=\"-1\">PLAN DE ESTUDIOS<\/a><\/li>\n<li class=\"menu-item menu-item-type-post_type menu-item-object-page menu-item-5338\"><a href=\"https:\/\/fadeweb.uncoma.edu.ar\/index.php\/carreras\/profesorado-en-comunicacion-social\/correlatividades-profesorado-en-comunicacion-social\/\" class=\"elementor-item\" tabindex=\"-1\">CORRELATIVIDADES<\/a><\/li>\n<li class=\"menu-item menu-item-type-post_type menu-item-object-page menu-item-5342\"><a href=\"https:\/\/fadeweb.uncoma.edu.ar\/index.php\/programas\/programa-profesorado-en-comunicacion-social\/\" class=\"elementor-item\" tabindex=\"-1\">PROGRAMAS<\/a><\/li>\n<li class=\"menu-item menu-item-type-post_type menu-item-object-page menu-item-5344\"><a href=\"https:\/\/fadeweb.uncoma.edu.ar\/index.php\/estudiantes\/calendario-academico\/\" class=\"elementor-item\" tabindex=\"-1\">CALENDARIO ACADEMICO<\/a><\/li>\n<li class=\"menu-item menu-item-type-post_type menu-item-object-page menu-item-5345\"><a href=\"https:\/\/fadeweb.uncoma.edu.ar\/index.php\/estudiantes\/horarios-de-cursadas\/\" class=\"elementor-item\" tabindex=\"-1\">HORARIOS CURSADAS<\/a><\/li>\n<li class=\"menu-item menu-item-type-custom menu-item-object-custom menu-item-5346\"><a href=\"http:\/\/siufade.uncoma.edu.ar\/\" class=\"elementor-item\" tabindex=\"-1\">SIU FADE: Sistema de Gesti\u00f3n de Alumnos en Internet<\/a><\/li>\n<li class=\"menu-item menu-item-type-custom menu-item-object-custom menu-item-5347\"><a href=\"https:\/\/siufade.uncoma.edu.ar\/derecho\/fecha_examen\" class=\"elementor-item\" tabindex=\"-1\">FECHAS DE EX\u00c1MENES<\/a><\/li>\n<\/ul>\t\t\t<\/nav>\r\n\t\t\t\t\t\t<\/div>\n\t\t\t\t<\/div>\n\t\t\t\t\t<\/div>\n\t\t<\/div>\n\t\t\t\t\t<\/div>\n\t\t<\/section>\n\t\t\t\t<\/div>\n\t\t","protected":false},"excerpt":{"rendered":"<p>PROFESORADO EN COMUNICACION SOCIAL Se cursa en General Roca Duraci\u00f3n de la Carrera4 a\u00f1os T\u00edtulo a otorgarProfesor en Comunicaci\u00f3n Social Perfil del Profesor en Comunicaci\u00f3n SocialEl Profesor en Comunicaci\u00f3n Social es un profesional preparado para: Comprender la incidencia del fen\u00f3meno comunicacional en la educaci\u00f3n. Operar sus conocimientos te\u00f3rico-pr\u00e1cticos situ\u00e1ndolos en el entrecruzamiento de los saberes [&hellip;]<\/p>\n","protected":false},"author":2,"featured_media":0,"parent":3309,"menu_order":0,"comment_status":"closed","ping_status":"closed","template":"","meta":{"footnotes":""},"class_list":["post-3340","page","type-page","status-publish","hentry"],"_links":{"self":[{"href":"https:\/\/fadeweb.uncoma.edu.ar\/index.php\/wp-json\/wp\/v2\/pages\/3340","targetHints":{"allow":["GET"]}}],"collection":[{"href":"https:\/\/fadeweb.uncoma.edu.ar\/index.php\/wp-json\/wp\/v2\/pages"}],"about":[{"href":"https:\/\/fadeweb.uncoma.edu.ar\/index.php\/wp-json\/wp\/v2\/types\/page"}],"author":[{"embeddable":true,"href":"https:\/\/fadeweb.uncoma.edu.ar\/index.php\/wp-json\/wp\/v2\/users\/2"}],"replies":[{"embeddable":true,"href":"https:\/\/fadeweb.uncoma.edu.ar\/index.php\/wp-json\/wp\/v2\/comments?post=3340"}],"version-history":[{"count":6,"href":"https:\/\/fadeweb.uncoma.edu.ar\/index.php\/wp-json\/wp\/v2\/pages\/3340\/revisions"}],"predecessor-version":[{"id":5350,"href":"https:\/\/fadeweb.uncoma.edu.ar\/index.php\/wp-json\/wp\/v2\/pages\/3340\/revisions\/5350"}],"up":[{"embeddable":true,"href":"https:\/\/fadeweb.uncoma.edu.ar\/index.php\/wp-json\/wp\/v2\/pages\/3309"}],"wp:attachment":[{"href":"https:\/\/fadeweb.uncoma.edu.ar\/index.php\/wp-json\/wp\/v2\/media?parent=3340"}],"curies":[{"name":"wp","href":"https:\/\/api.w.org\/{rel}","templated":true}]}}