{"id":3148,"date":"2022-09-14T16:14:06","date_gmt":"2022-09-14T16:14:06","guid":{"rendered":"http:\/\/web.fadecs.uncoma.edu.ar\/?page_id=3148"},"modified":"2026-04-24T09:22:09","modified_gmt":"2026-04-24T12:22:09","slug":"autoridades","status":"publish","type":"page","link":"https:\/\/fadeweb.uncoma.edu.ar\/index.php\/autoridades\/","title":{"rendered":"AUTORIDADES"},"content":{"rendered":"<style>\/*! elementor - v3.7.0 - 08-08-2022 *\/<br \/>.elementor-heading-title{padding:0;margin:0;line-height:1}.elementor-widget-heading .elementor-heading-title[class*=elementor-size-]>a{color:inherit;font-size:inherit;line-height:inherit}.elementor-widget-heading .elementor-heading-title.elementor-size-small{font-size:15px}.elementor-widget-heading .elementor-heading-title.elementor-size-medium{font-size:19px}.elementor-widget-heading .elementor-heading-title.elementor-size-large{font-size:29px}.elementor-widget-heading .elementor-heading-title.elementor-size-xl{font-size:39px}.elementor-widget-heading .elementor-heading-title.elementor-size-xxl{font-size:59px}<\/style>\n<h2>AUTORIDADES DE LA FADECS<\/h2>\n<p><strong><a href=\"https:\/\/fadeweb.uncoma.edu.ar\/index.php\/autoridades\/decano\/\">Decano<\/a><\/strong><br \/>\nAbog. Mg. Juan Carlos Fern\u00e1ndez |\u00a0<a href=\"mailto:spdecano@fade.uncoma.edu.ar\">spdecano@fade.uncoma.edu.ar<\/a><\/p>\n<p><strong><a href=\"https:\/\/fadeweb.uncoma.edu.ar\/index.php\/autoridades\/secretaria-academica\/\">Secretar\u00eda Acad\u00e9mica<\/a><\/strong><br \/>\nAbog. Ra\u00fal Edgardo Franco | <a href=\"mailto:secretaria.academica@fade.uncoma.edu.ar\">secretaria.academica@fade.uncoma.edu.ar<\/a><\/p>\n<p align=\"left\"><a href=\"https:\/\/fadeweb.uncoma.edu.ar\/index.php\/secretaria-de-extension-y-asuntos-estudiantiles\/\"><strong>Secretar\u00eda de Extensi\u00f3n y Asuntos Estudiantiles<\/strong><br \/>\n<\/a>Abog. Sof\u00eda Szechenyi | <a href=\"mailto:secretaria.extensionfadecs@gmail.com\">secretaria.extensionfadecs@gmail.com<\/a><\/p>\n<p align=\"left\"><strong><a href=\"https:\/\/fadeweb.uncoma.edu.ar\/index.php\/secretaria-de-bienestar-estudiantil\/\">Secretar\u00eda de Bienestar Estudiantil<\/a><\/strong><a href=\"https:\/\/fadeweb.uncoma.edu.ar\/autoridades\/extension.htm\"><u><br \/>\n<\/u><\/a>Lic. Victoria Formiga Fresser | <a href=\"mailto:bienestarestudiantil@fade.uncoma.edu.ar\">bienestarestudiantil@fade.uncoma.edu.ar<\/a><\/p>\n<p align=\"left\"><strong><a href=\"https:\/\/fadeweb.uncoma.edu.ar\/index.php\/autoridades\/secretaria-administrativa\/\">Secretar\u00eda Administrativa<\/a><\/strong><br \/>\nCdor. Juan Manuel Paseiro | <a href=\"mailto:secretaria.administrativa@fade.uncoma.edu.ar\">secretaria.administrativa@fade.uncoma.edu.ar<\/a><\/p>\n<p align=\"left\"><strong><a href=\"https:\/\/fadeweb.uncoma.edu.ar\/index.php\/secretaria-de-ciencia-y-tecnica-y-relaciones-internacionales\/\">Secretar\u00eda de Ciencia y T\u00e9cnica y Relaciones Internacionales<\/a><br \/>\n<\/strong>Mg.Cecilia Beitia |\u00a0<a href=\"mailto:invefade@gmail.com\">invefade@gmail.com<\/a><\/p>\n<p><strong><a href=\"https:\/\/posgradofadecs.uncoma.edu.ar\/\">Direcci\u00f3n de Departamento de Posgrado<\/a><br \/>\n<\/strong>Lic. Cristian G\u00f3mez | <a href=\"mailto:academica.posgrado@fade.uncoma.edu.ar\">academica.posgrado@fade.uncoma.edu.ar<\/a><\/p>\n<p><strong>Subsecretaria de Obras<\/strong><br \/>\nArq. Anal\u00eda D\u00edaz | <a href=\"mailto:subsecretariadeobras@fade.uncoma.edu.ar\">subsecretariadeobras@fade.uncoma.edu.ar<\/a><\/p>\n<p><strong><a href=\"https:\/\/fadeweb.uncoma.edu.ar\/index.php\/autoridades\/consejo-directivo\/\">Secretaria de Consejo Directivo<\/a><\/strong><br \/>\nAbog. Ayel\u00e9n Rojas | <a href=\"mailto:cjofade@yahoo.com.ar\">cjofade@yahoo.com.ar<\/a><\/p>\n<p>&nbsp;<\/p>\n<h4 align=\"left\">Vea tambi\u00e9n:<\/h4>\n<ul>\n<li>Integrantes del <a href=\"https:\/\/fadeweb.uncoma.edu.ar\/index.php\/autoridades\/consejo-directivo\/\">Consejo Directivo<\/a><\/li>\n<li>Autoridades de los distintos <a href=\"https:\/\/fadeweb.uncoma.edu.ar\/index.php\/autoridades\/secretaria-academica\/departamenos\/\">Departamentos<\/a><\/li>\n<li>Autoridades del <a href=\"https:\/\/fadeweb.uncoma.edu.ar\/index.php\/centro-de-estudiantes\/\">Centro de los Estudiantes<\/a><\/li>\n<\/ul>\n","protected":false},"excerpt":{"rendered":"<p>AUTORIDADES DE LA FADECS Decano Abog. Mg. Juan Carlos Fern\u00e1ndez |\u00a0spdecano@fade.uncoma.edu.ar Secretar\u00eda Acad\u00e9mica Abog. Ra\u00fal Edgardo Franco | secretaria.academica@fade.uncoma.edu.ar Secretar\u00eda de Extensi\u00f3n y Asuntos Estudiantiles Abog. Sof\u00eda Szechenyi | secretaria.extensionfadecs@gmail.com Secretar\u00eda de Bienestar Estudiantil Lic. Victoria Formiga Fresser | bienestarestudiantil@fade.uncoma.edu.ar Secretar\u00eda Administrativa Cdor. Juan Manuel Paseiro | secretaria.administrativa@fade.uncoma.edu.ar Secretar\u00eda de Ciencia y T\u00e9cnica y Relaciones [&hellip;]<\/p>\n","protected":false},"author":2,"featured_media":0,"parent":0,"menu_order":0,"comment_status":"closed","ping_status":"closed","template":"","meta":{"footnotes":""},"class_list":["post-3148","page","type-page","status-publish","hentry"],"_links":{"self":[{"href":"https:\/\/fadeweb.uncoma.edu.ar\/index.php\/wp-json\/wp\/v2\/pages\/3148","targetHints":{"allow":["GET"]}}],"collection":[{"href":"https:\/\/fadeweb.uncoma.edu.ar\/index.php\/wp-json\/wp\/v2\/pages"}],"about":[{"href":"https:\/\/fadeweb.uncoma.edu.ar\/index.php\/wp-json\/wp\/v2\/types\/page"}],"author":[{"embeddable":true,"href":"https:\/\/fadeweb.uncoma.edu.ar\/index.php\/wp-json\/wp\/v2\/users\/2"}],"replies":[{"embeddable":true,"href":"https:\/\/fadeweb.uncoma.edu.ar\/index.php\/wp-json\/wp\/v2\/comments?post=3148"}],"version-history":[{"count":27,"href":"https:\/\/fadeweb.uncoma.edu.ar\/index.php\/wp-json\/wp\/v2\/pages\/3148\/revisions"}],"predecessor-version":[{"id":27994,"href":"https:\/\/fadeweb.uncoma.edu.ar\/index.php\/wp-json\/wp\/v2\/pages\/3148\/revisions\/27994"}],"wp:attachment":[{"href":"https:\/\/fadeweb.uncoma.edu.ar\/index.php\/wp-json\/wp\/v2\/media?parent=3148"}],"curies":[{"name":"wp","href":"https:\/\/api.w.org\/{rel}","templated":true}]}}