{"id":29232,"date":"2026-08-31T13:52:08","date_gmt":"2026-08-31T16:52:08","guid":{"rendered":"https:\/\/fadeweb.uncoma.edu.ar\/?page_id=29232"},"modified":"2026-08-31T13:56:24","modified_gmt":"2026-08-31T16:56:24","slug":"cursos-programas-y-noticias-de-accesibilidad","status":"publish","type":"page","link":"https:\/\/fadeweb.uncoma.edu.ar\/index.php\/autoridades\/secretaria-academica\/accesibilidad\/cursos-programas-y-noticias-de-accesibilidad\/","title":{"rendered":"CURSOS, PROGRAMAS Y NOTICIAS DE ACCESIBILIDAD"},"content":{"rendered":"\t\t<div data-elementor-type=\"wp-page\" data-elementor-id=\"29232\" class=\"elementor elementor-29232\" data-elementor-post-type=\"page\">\n\t\t\t\t\t\t<section class=\"elementor-section elementor-top-section elementor-element elementor-element-c80e98e elementor-section-boxed elementor-section-height-default elementor-section-height-default\" data-id=\"c80e98e\" data-element_type=\"section\" data-e-type=\"section\">\n\t\t\t\t\t\t<div class=\"elementor-container elementor-column-gap-default\">\n\t\t\t\t\t<div class=\"elementor-column elementor-col-100 elementor-top-column elementor-element elementor-element-9139e53\" data-id=\"9139e53\" data-element_type=\"column\" data-e-type=\"column\">\n\t\t\t<div class=\"elementor-widget-wrap\">\n\t\t\t\t\t\t\t<\/div>\n\t\t<\/div>\n\t\t\t\t\t<\/div>\n\t\t<\/section>\n\t\t\t\t<section class=\"elementor-section elementor-top-section elementor-element elementor-element-b772425 elementor-section-boxed elementor-section-height-default elementor-section-height-default\" data-id=\"b772425\" data-element_type=\"section\" data-e-type=\"section\">\n\t\t\t\t\t\t<div class=\"elementor-container elementor-column-gap-default\">\n\t\t\t\t\t<div class=\"elementor-column elementor-col-50 elementor-top-column elementor-element elementor-element-38d2028\" data-id=\"38d2028\" data-element_type=\"column\" data-e-type=\"column\">\n\t\t\t<div class=\"elementor-widget-wrap elementor-element-populated\">\n\t\t\t\t\t\t<div class=\"elementor-element elementor-element-723399e elementor-widget elementor-widget-text-editor\" data-id=\"723399e\" data-element_type=\"widget\" data-e-type=\"widget\" data-widget_type=\"text-editor.default\">\n\t\t\t\t<div class=\"elementor-widget-container\">\n\t\t\t\t\t\t\t\t\t<div class=\"elementor-element elementor-element-ad20c49 elementor-widget elementor-widget-theme-post-title elementor-page-title elementor-widget-heading\" data-id=\"ad20c49\" data-element_type=\"widget\" data-e-type=\"widget\" data-widget_type=\"theme-post-title.default\"><div class=\"elementor-widget-container\"><h2 class=\"elementor-heading-title elementor-size-default\">PROGRAMA DE TUTORES PARES DE ACCESIBILIDAD | EQUIPO Y CANALES DE CONTACTO<\/h2><\/div><\/div><div class=\"elementor-element elementor-element-e3d0a8f elementor-widget elementor-widget-theme-post-content\" data-id=\"e3d0a8f\" data-element_type=\"widget\" data-e-type=\"widget\" data-widget_type=\"theme-post-content.default\"><div class=\"elementor-widget-container\"><p><img fetchpriority=\"high\" decoding=\"async\" class=\"alignnone wp-image-28824\" src=\"https:\/\/fadeweb.uncoma.edu.ar\/wp-content\/uploads\/2026\/08\/TUTOREs-PARES-819x1024.jpg\" sizes=\"(max-width: 800px) 100vw, 800px\" srcset=\"https:\/\/fadeweb.uncoma.edu.ar\/wp-content\/uploads\/2026\/08\/TUTOREs-PARES-819x1024.jpg 819w, https:\/\/fadeweb.uncoma.edu.ar\/wp-content\/uploads\/2026\/08\/TUTOREs-PARES-240x300.jpg 240w, https:\/\/fadeweb.uncoma.edu.ar\/wp-content\/uploads\/2026\/08\/TUTOREs-PARES-768x960.jpg 768w, https:\/\/fadeweb.uncoma.edu.ar\/wp-content\/uploads\/2026\/08\/TUTOREs-PARES-1228x1536.jpg 1228w, https:\/\/fadeweb.uncoma.edu.ar\/wp-content\/uploads\/2026\/08\/TUTOREs-PARES-1638x2048.jpg 1638w, https:\/\/fadeweb.uncoma.edu.ar\/wp-content\/uploads\/2026\/08\/TUTOREs-PARES-scaled.jpg 2047w\" alt=\"PROGRAMA DE TUTORES PARES DE ACCESIBILIDAD | EQUIPO Y CANALES DE CONTACTO\" width=\"400\" height=\"500\" \/><\/p><p>La Secretar\u00eda Acad\u00e9mica de la Facultad de Derecho y Ciencias Sociales comunica que el \u00c1rea de Accesibilidad impulsa el Programa de Tutores Pares, bajo la Ordenanza 0481\/2016. Las y los estudiantes avanzados que realizan el acompa\u00f1amiento pedag\u00f3gico a pares con discapacidad son:<\/p><p>\u2022<strong>\u00a0General Roca<\/strong>: Julieta del Carmen Nahuelcura y Diana Huayquimil.<br \/>\u2022\u00a0<strong>Neuqu\u00e9n:<\/strong>\u00a0Florencia Baez y Alejandra Marichelar.<br \/>\u2022\u00a0<strong>Biblioteca sonora-digital:<\/strong>\u00a0Roberto Saavedra.<\/p><p>La coordinaci\u00f3n docente est\u00e1 a cargo de Lieza Solaro, Francisco \u00c1lvarez y Paula Mu\u00f1oz.<\/p><p>Para consultas, inquietudes o asesoramiento, pueden escribirle a Helga Ticac al correo\u00a0<a href=\"mailto:accesibilidad@fade.uncoma.edu.ar\">accesibilidad@fade.uncoma.edu.ar<\/a><\/p><\/div><\/div>\t\t\t\t\t\t\t\t<\/div>\n\t\t\t\t<\/div>\n\t\t\t\t\t<\/div>\n\t\t<\/div>\n\t\t\t\t<div class=\"elementor-column elementor-col-50 elementor-top-column elementor-element elementor-element-42ae3c5\" data-id=\"42ae3c5\" data-element_type=\"column\" data-e-type=\"column\">\n\t\t\t<div class=\"elementor-widget-wrap elementor-element-populated\">\n\t\t\t\t\t\t<div class=\"elementor-element elementor-element-ce45348 elementor-widget elementor-widget-text-editor\" data-id=\"ce45348\" data-element_type=\"widget\" data-e-type=\"widget\" data-widget_type=\"text-editor.default\">\n\t\t\t\t<div class=\"elementor-widget-container\">\n\t\t\t\t\t\t\t\t\t<div class=\"elementor-element elementor-element-ad20c49 elementor-widget elementor-widget-theme-post-title elementor-page-title elementor-widget-heading\" data-id=\"ad20c49\" data-element_type=\"widget\" data-e-type=\"widget\" data-widget_type=\"theme-post-title.default\"><div class=\"elementor-widget-container\"><h2 class=\"elementor-heading-title elementor-size-default\">CURSO DE ACCESIBILIDAD DIGITAL | Herramientas y pr\u00e1cticas para personal Administrativo<\/h2><\/div><\/div><div class=\"elementor-element elementor-element-e3d0a8f elementor-widget elementor-widget-theme-post-content\" data-id=\"e3d0a8f\" data-element_type=\"widget\" data-e-type=\"widget\" data-widget_type=\"theme-post-content.default\"><div class=\"elementor-widget-container\"><p><img decoding=\"async\" class=\"alignnone wp-image-28926\" src=\"https:\/\/fadeweb.uncoma.edu.ar\/wp-content\/uploads\/2026\/08\/ACCESIBILIDAD-DIGITAL-819x1024.jpeg\" sizes=\"(max-width: 800px) 100vw, 800px\" srcset=\"https:\/\/fadeweb.uncoma.edu.ar\/wp-content\/uploads\/2026\/08\/ACCESIBILIDAD-DIGITAL-819x1024.jpeg 819w, https:\/\/fadeweb.uncoma.edu.ar\/wp-content\/uploads\/2026\/08\/ACCESIBILIDAD-DIGITAL-240x300.jpeg 240w, https:\/\/fadeweb.uncoma.edu.ar\/wp-content\/uploads\/2026\/08\/ACCESIBILIDAD-DIGITAL-768x960.jpeg 768w, https:\/\/fadeweb.uncoma.edu.ar\/wp-content\/uploads\/2026\/08\/ACCESIBILIDAD-DIGITAL.jpeg 1080w\" alt=\"CURSO DE ACCESIBILIDAD DIGITAL Herramientas y pr\u00e1cticas para personal Administrativo \" width=\"400\" height=\"500\" \/><\/p><p>Iniciamos las inscripciones para esta nueva propuesta formativa pensada para el personal nodocente y administrativo de nuestra comunidad universitaria. La universidad no solo ense\u00f1a: tambi\u00e9n gestiona, atiende, comunica y tramita.<\/p><p>Este curso parte de la premisa de que la accesibilidad digital es una verdadera competencia de gesti\u00f3n cotidiana.<\/p><p>A trav\u00e9s de herramientas pr\u00e1cticas y conceptos del Dise\u00f1o Universal para el Aprendizaje (DUA), exploraremos c\u00f3mo adaptar documentos, formularios, sitios web y comunicaciones para eliminar barreras y garantizar el acceso en igualdad de condiciones.<\/p><p>Estar\u00e1 a cargo de la Dra. Rafaela Mazalu.<\/p><p>Los destinatarios son la comunidad educativa en general (especialmente personal administrativo y nodocente).<\/p><p>Fecha de inicio: 31 de agosto.<\/p><p><strong><a href=\"https:\/\/forms.gle\/aWMhCBKtdjvdhUDt9\">Formulario de inscripci\u00f3n<\/a><\/strong><\/p><p><a href=\"https:\/\/drive.google.com\/file\/d\/1ZINF3sBfDwnJO5pfOxtycIel7lnVdQbV\/view?usp=sharing\"><strong>Mir\u00e1 el programa.<\/strong><\/a><\/p><\/div><\/div>\t\t\t\t\t\t\t\t<\/div>\n\t\t\t\t<\/div>\n\t\t\t\t\t<\/div>\n\t\t<\/div>\n\t\t\t\t\t<\/div>\n\t\t<\/section>\n\t\t\t\t<\/div>\n\t\t","protected":false},"excerpt":{"rendered":"<p>PROGRAMA DE TUTORES PARES DE ACCESIBILIDAD | EQUIPO Y CANALES DE CONTACTO La Secretar\u00eda Acad\u00e9mica de la Facultad de Derecho y Ciencias Sociales comunica que el \u00c1rea de Accesibilidad impulsa el Programa de Tutores Pares, bajo la Ordenanza 0481\/2016. Las y los estudiantes avanzados que realizan el acompa\u00f1amiento pedag\u00f3gico a pares con discapacidad son: \u2022\u00a0General [&hellip;]<\/p>\n","protected":false},"author":4,"featured_media":0,"parent":29220,"menu_order":0,"comment_status":"closed","ping_status":"closed","template":"","meta":{"footnotes":""},"class_list":["post-29232","page","type-page","status-publish","hentry"],"_links":{"self":[{"href":"https:\/\/fadeweb.uncoma.edu.ar\/index.php\/wp-json\/wp\/v2\/pages\/29232","targetHints":{"allow":["GET"]}}],"collection":[{"href":"https:\/\/fadeweb.uncoma.edu.ar\/index.php\/wp-json\/wp\/v2\/pages"}],"about":[{"href":"https:\/\/fadeweb.uncoma.edu.ar\/index.php\/wp-json\/wp\/v2\/types\/page"}],"author":[{"embeddable":true,"href":"https:\/\/fadeweb.uncoma.edu.ar\/index.php\/wp-json\/wp\/v2\/users\/4"}],"replies":[{"embeddable":true,"href":"https:\/\/fadeweb.uncoma.edu.ar\/index.php\/wp-json\/wp\/v2\/comments?post=29232"}],"version-history":[{"count":4,"href":"https:\/\/fadeweb.uncoma.edu.ar\/index.php\/wp-json\/wp\/v2\/pages\/29232\/revisions"}],"predecessor-version":[{"id":29236,"href":"https:\/\/fadeweb.uncoma.edu.ar\/index.php\/wp-json\/wp\/v2\/pages\/29232\/revisions\/29236"}],"up":[{"embeddable":true,"href":"https:\/\/fadeweb.uncoma.edu.ar\/index.php\/wp-json\/wp\/v2\/pages\/29220"}],"wp:attachment":[{"href":"https:\/\/fadeweb.uncoma.edu.ar\/index.php\/wp-json\/wp\/v2\/media?parent=29232"}],"curies":[{"name":"wp","href":"https:\/\/api.w.org\/{rel}","templated":true}]}}