{"id":29220,"date":"2026-08-31T11:34:47","date_gmt":"2026-08-31T14:34:47","guid":{"rendered":"https:\/\/fadeweb.uncoma.edu.ar\/?page_id=29220"},"modified":"2026-08-31T14:24:06","modified_gmt":"2026-08-31T17:24:06","slug":"accesibilidad","status":"publish","type":"page","link":"https:\/\/fadeweb.uncoma.edu.ar\/index.php\/autoridades\/secretaria-academica\/accesibilidad\/","title":{"rendered":"ACCESIBILIDAD"},"content":{"rendered":"\t\t<div data-elementor-type=\"wp-page\" data-elementor-id=\"29220\" class=\"elementor elementor-29220\" data-elementor-post-type=\"page\">\n\t\t\t\t\t\t<section class=\"elementor-section elementor-top-section elementor-element elementor-element-578fc640 elementor-section-boxed elementor-section-height-default elementor-section-height-default\" data-id=\"578fc640\" data-element_type=\"section\" data-e-type=\"section\">\n\t\t\t\t\t\t<div class=\"elementor-container elementor-column-gap-default\">\n\t\t\t\t\t<div class=\"elementor-column elementor-col-100 elementor-top-column elementor-element elementor-element-9f8529e\" data-id=\"9f8529e\" data-element_type=\"column\" data-e-type=\"column\">\n\t\t\t<div class=\"elementor-widget-wrap elementor-element-populated\">\n\t\t\t\t\t\t<div class=\"elementor-element elementor-element-213cf2d7 elementor-widget elementor-widget-text-editor\" data-id=\"213cf2d7\" data-element_type=\"widget\" data-e-type=\"widget\" data-widget_type=\"text-editor.default\">\n\t\t\t\t<div class=\"elementor-widget-container\">\n\t\t\t\t\t\t\t\t\t<h2><span style=\"color: #00549d;\"><strong>\u00c1rea de Accesibilidad<\/strong><\/span><\/h2>\t\t\t\t\t\t\t\t<\/div>\n\t\t\t\t<\/div>\n\t\t\t\t\t<\/div>\n\t\t<\/div>\n\t\t\t\t\t<\/div>\n\t\t<\/section>\n\t\t\t\t<section class=\"elementor-section elementor-top-section elementor-element elementor-element-a236370 elementor-section-boxed elementor-section-height-default elementor-section-height-default\" data-id=\"a236370\" data-element_type=\"section\" data-e-type=\"section\">\n\t\t\t\t\t\t<div class=\"elementor-container elementor-column-gap-default\">\n\t\t\t\t\t<div class=\"elementor-column elementor-col-50 elementor-top-column elementor-element elementor-element-b0e982d\" data-id=\"b0e982d\" data-element_type=\"column\" data-e-type=\"column\">\n\t\t\t<div class=\"elementor-widget-wrap elementor-element-populated\">\n\t\t\t\t\t\t<div class=\"elementor-element elementor-element-9b14b0a elementor-widget elementor-widget-text-editor\" data-id=\"9b14b0a\" data-element_type=\"widget\" data-e-type=\"widget\" data-widget_type=\"text-editor.default\">\n\t\t\t\t<div class=\"elementor-widget-container\">\n\t\t\t\t\t\t\t\t\t<p>La Facultad de Derecho y Ciencias Sociales apunta a la inclusi\u00f3n efectiva de los estudiantes con discapacidad, por lo cual lleva adelante un Plan de Accesibilidad conformado por Programas y Proyectos tendientes a resolver las situaciones que dificultan su ingreso, permanencia y egreso.<\/p><p>La Accesibilidad Acad\u00e9mica integra, entonces, el principio de accesibilidad universal a la vida universitaria y sin soslayar la obligada accesibilidad f\u00edsica comunicacional (y el equipamiento que esto requiere) atiende espec\u00edficamente los aspectos curriculares, pedag\u00f3gicos y did\u00e1cticos para respaldar la formaci\u00f3n integral, en funci\u00f3n de los alcances de cada trayecto profesional particular y eso requiere que las Casas de Estudios tengan la disposici\u00f3n necesaria para dar respuestas singulares a situaciones igualmente singulares, con anclaje en \u00e9stos principios.(Programa Integral de Accesibilidad en las Universidades P\u00fablicas. Profundizaci\u00f3n y avances en su implementaci\u00f3n)- Comisi\u00f3n Interuniversitaria Discapacidad y Derechos Humanos 2013-.<\/p><p>La Universidad Nacional del Comahue en el Reglamento de Administraci\u00f3n Acad\u00e9mica para Carreras de pregrado y carreras de grado, modalidad presencial, Ordenanza acad\u00e9mica 273\/2018 plantea como premisa la accesibilidad acad\u00e9mica, la implementaci\u00f3n de ajustes razonables, de acceso, curriculares y de contexto.<\/p><p>La actividad acad\u00e9mica debe contemplar el principio de \u00abaccesibilidad universal\u00bb, garantizando trayectos curriculares flexibles en cuanto a los dise\u00f1os operativos y metodol\u00f3gicos, sin que ello implique recorte de contenido curricular, tanto en las cursadas como en las instancias evaluativas, brindando los sistemas de apoyos, recursos t\u00e9cnicos, estrategias o dispositivos acad\u00e9micos necesarios y suficientes.<\/p><p>Entre los Proyectos interinstitucionales tendientes a apuntar a la eliminaci\u00f3n de barreras se encuentra el Servicio de Producci\u00f3n de textos acad\u00e9micos FADECS\/ FADEL (Res. 267\/2019\u00a0 \/FADECS)\u00a0 Sector de Biblioteca Sonora- Digital, que se ocupa de la producci\u00f3n propia (en diferentes soportes) y del intercambio interbibliotecario.<\/p><p>El Proyecto Servicio de Producciones audiovisuales accesibles (Res. 121\/19), servicio de traducci\u00f3n intersemi\u00f3tica de contenidos audiovisuales para personas con alg\u00fan tipo de discapacidad sensorial. Los soportes accesibles refieren a audiodescripciones, subtitulado oculto (CC) e interpretaci\u00f3n en Lengua de Se\u00f1as Argentina.<\/p><p>Entre las acciones del \u00e1rea se encuentra el acompa\u00f1amiento, orientaci\u00f3n y seguimiento de los estudiantes con discapacidad de la Facultad, la coordinaci\u00f3n del Plan de accesibilidad, la promoci\u00f3n de la accesibilidad acad\u00e9mica, f\u00edsica y comunicacional.<\/p><p><strong>Accesibilidad a cargo de Dra. Helga Ticac<\/strong><\/p><p>Correo institucional: <a href=\"mailto:accesibilidad@fade.uncoma.edu.ar\">accesibilidad@fade.uncoma.edu.ar<\/a><\/p>\t\t\t\t\t\t\t\t<\/div>\n\t\t\t\t<\/div>\n\t\t\t\t\t<\/div>\n\t\t<\/div>\n\t\t\t\t<div class=\"elementor-column elementor-col-50 elementor-top-column elementor-element elementor-element-8e708a2\" data-id=\"8e708a2\" data-element_type=\"column\" data-e-type=\"column\">\n\t\t\t<div class=\"elementor-widget-wrap elementor-element-populated\">\n\t\t\t\t\t\t<div class=\"elementor-element elementor-element-67c5152 elementor-align-justify elementor-widget elementor-widget-button\" data-id=\"67c5152\" data-element_type=\"widget\" data-e-type=\"widget\" data-widget_type=\"button.default\">\n\t\t\t\t<div class=\"elementor-widget-container\">\n\t\t\t\t\t\t\t\t\t<div class=\"elementor-button-wrapper\">\n\t\t\t\t\t<a class=\"elementor-button elementor-button-link elementor-size-sm\" href=\"https:\/\/fadeweb.uncoma.edu.ar\/index.php\/autoridades\/secretaria-academica\/accesibilidad\/cursos-programas-y-noticias-de-accesibilidad\/\">\n\t\t\t\t\t\t<span class=\"elementor-button-content-wrapper\">\n\t\t\t\t\t\t\t\t\t<span class=\"elementor-button-text\">CURSOS, PROGRAMAS, ETC<\/span>\n\t\t\t\t\t<\/span>\n\t\t\t\t\t<\/a>\n\t\t\t\t<\/div>\n\t\t\t\t\t\t\t\t<\/div>\n\t\t\t\t<\/div>\n\t\t\t\t<div class=\"elementor-element elementor-element-6a23b07 elementor-align-justify elementor-widget elementor-widget-button\" data-id=\"6a23b07\" data-element_type=\"widget\" data-e-type=\"widget\" data-widget_type=\"button.default\">\n\t\t\t\t<div class=\"elementor-widget-container\">\n\t\t\t\t\t\t\t\t\t<div class=\"elementor-button-wrapper\">\n\t\t\t\t\t<a class=\"elementor-button elementor-button-link elementor-size-sm\" href=\"https:\/\/fadeweb.uncoma.edu.ar\/index.php\/producciones-audiovisuales-accesibilidad\/\">\n\t\t\t\t\t\t<span class=\"elementor-button-content-wrapper\">\n\t\t\t\t\t\t\t\t\t<span class=\"elementor-button-text\">PRODUCCIONES AUDIOVISUALES<\/span>\n\t\t\t\t\t<\/span>\n\t\t\t\t\t<\/a>\n\t\t\t\t<\/div>\n\t\t\t\t\t\t\t\t<\/div>\n\t\t\t\t<\/div>\n\t\t\t\t\t<\/div>\n\t\t<\/div>\n\t\t\t\t\t<\/div>\n\t\t<\/section>\n\t\t\t\t<\/div>\n\t\t","protected":false},"excerpt":{"rendered":"<p>\u00c1rea de Accesibilidad La Facultad de Derecho y Ciencias Sociales apunta a la inclusi\u00f3n efectiva de los estudiantes con discapacidad, por lo cual lleva adelante un Plan de Accesibilidad conformado por Programas y Proyectos tendientes a resolver las situaciones que dificultan su ingreso, permanencia y egreso. La Accesibilidad Acad\u00e9mica integra, entonces, el principio de accesibilidad [&hellip;]<\/p>\n","protected":false},"author":4,"featured_media":0,"parent":3920,"menu_order":0,"comment_status":"closed","ping_status":"closed","template":"","meta":{"footnotes":""},"class_list":["post-29220","page","type-page","status-publish","hentry"],"_links":{"self":[{"href":"https:\/\/fadeweb.uncoma.edu.ar\/index.php\/wp-json\/wp\/v2\/pages\/29220","targetHints":{"allow":["GET"]}}],"collection":[{"href":"https:\/\/fadeweb.uncoma.edu.ar\/index.php\/wp-json\/wp\/v2\/pages"}],"about":[{"href":"https:\/\/fadeweb.uncoma.edu.ar\/index.php\/wp-json\/wp\/v2\/types\/page"}],"author":[{"embeddable":true,"href":"https:\/\/fadeweb.uncoma.edu.ar\/index.php\/wp-json\/wp\/v2\/users\/4"}],"replies":[{"embeddable":true,"href":"https:\/\/fadeweb.uncoma.edu.ar\/index.php\/wp-json\/wp\/v2\/comments?post=29220"}],"version-history":[{"count":10,"href":"https:\/\/fadeweb.uncoma.edu.ar\/index.php\/wp-json\/wp\/v2\/pages\/29220\/revisions"}],"predecessor-version":[{"id":29250,"href":"https:\/\/fadeweb.uncoma.edu.ar\/index.php\/wp-json\/wp\/v2\/pages\/29220\/revisions\/29250"}],"up":[{"embeddable":true,"href":"https:\/\/fadeweb.uncoma.edu.ar\/index.php\/wp-json\/wp\/v2\/pages\/3920"}],"wp:attachment":[{"href":"https:\/\/fadeweb.uncoma.edu.ar\/index.php\/wp-json\/wp\/v2\/media?parent=29220"}],"curies":[{"name":"wp","href":"https:\/\/api.w.org\/{rel}","templated":true}]}}