{"id":1603,"date":"2022-06-16T14:36:57","date_gmt":"2022-06-16T14:36:57","guid":{"rendered":"http:\/\/web.fadecs.uncoma.edu.ar\/?page_id=1603"},"modified":"2022-11-24T13:23:25","modified_gmt":"2022-11-24T16:23:25","slug":"notifadecs","status":"publish","type":"page","link":"https:\/\/fadeweb.uncoma.edu.ar\/index.php\/notifadecs\/","title":{"rendered":"Notifadecs"},"content":{"rendered":"\t\t<div data-elementor-type=\"wp-page\" data-elementor-id=\"1603\" class=\"elementor elementor-1603\" data-elementor-post-type=\"page\">\n\t\t\t\t\t\t<section class=\"elementor-section elementor-top-section elementor-element elementor-element-878157f elementor-section-boxed elementor-section-height-default elementor-section-height-default\" data-id=\"878157f\" data-element_type=\"section\" data-e-type=\"section\">\n\t\t\t\t\t\t<div class=\"elementor-container elementor-column-gap-default\">\n\t\t\t\t\t<div class=\"elementor-column elementor-col-100 elementor-top-column elementor-element elementor-element-d117ffd\" data-id=\"d117ffd\" data-element_type=\"column\" data-e-type=\"column\">\n\t\t\t<div class=\"elementor-widget-wrap elementor-element-populated\">\n\t\t\t\t\t\t<div class=\"elementor-element elementor-element-741f2ba elementor-widget elementor-widget-button\" data-id=\"741f2ba\" data-element_type=\"widget\" data-e-type=\"widget\" data-widget_type=\"button.default\">\n\t\t\t\t<div class=\"elementor-widget-container\">\n\t\t\t\t\t\t\t\t\t<div class=\"elementor-button-wrapper\">\n\t\t\t\t\t<a class=\"elementor-button elementor-button-link elementor-size-sm\" href=\"https:\/\/fadeweb.uncoma.edu.ar\/index.php\/notifadecs\/suscribirse-notifadecs\/\">\n\t\t\t\t\t\t<span class=\"elementor-button-content-wrapper\">\n\t\t\t\t\t\t\t\t\t<span class=\"elementor-button-text\">SUSCR\u00cdBASE A NUESTRO BOLET\u00cdN!<\/span>\n\t\t\t\t\t<\/span>\n\t\t\t\t\t<\/a>\n\t\t\t\t<\/div>\n\t\t\t\t\t\t\t\t<\/div>\n\t\t\t\t<\/div>\n\t\t\t\t<div class=\"elementor-element elementor-element-70d7fa6 elementor-widget-divider--view-line_text elementor-widget-divider--element-align-center elementor-widget elementor-widget-divider\" data-id=\"70d7fa6\" data-element_type=\"widget\" data-e-type=\"widget\" data-widget_type=\"divider.default\">\n\t\t\t\t<div class=\"elementor-widget-container\">\n\t\t\t\t\t\t\t<div class=\"elementor-divider\">\n\t\t\t<span class=\"elementor-divider-separator\">\n\t\t\t\t\t\t\t<h2 class=\"elementor-divider__text elementor-divider__element\">\n\t\t\t\tNOTIFADECS\t\t\t\t<\/h2>\n\t\t\t\t\t\t<\/span>\n\t\t<\/div>\n\t\t\t\t\t\t<\/div>\n\t\t\t\t<\/div>\n\t\t\t\t<div class=\"elementor-element elementor-element-7fe5cd7 elementor-grid-3 elementor-grid-tablet-2 elementor-grid-mobile-1 elementor-posts--thumbnail-top elementor-card-shadow-yes elementor-posts__hover-gradient elementor-widget elementor-widget-posts\" data-id=\"7fe5cd7\" data-element_type=\"widget\" data-e-type=\"widget\" data-settings=\"{&quot;pagination_type&quot;:&quot;numbers_and_prev_next&quot;,&quot;cards_columns&quot;:&quot;3&quot;,&quot;cards_columns_tablet&quot;:&quot;2&quot;,&quot;cards_columns_mobile&quot;:&quot;1&quot;,&quot;cards_row_gap&quot;:{&quot;unit&quot;:&quot;px&quot;,&quot;size&quot;:35,&quot;sizes&quot;:[]},&quot;cards_row_gap_tablet&quot;:{&quot;unit&quot;:&quot;px&quot;,&quot;size&quot;:&quot;&quot;,&quot;sizes&quot;:[]},&quot;cards_row_gap_mobile&quot;:{&quot;unit&quot;:&quot;px&quot;,&quot;size&quot;:&quot;&quot;,&quot;sizes&quot;:[]}}\" data-widget_type=\"posts.cards\">\n\t\t\t\t<div class=\"elementor-widget-container\">\n\t\t\t\t\t\t\t<div class=\"elementor-posts-container elementor-posts elementor-posts--skin-cards elementor-grid\" role=\"list\">\r\n\t\t\t\t<article class=\"elementor-post elementor-grid-item post-28021 post type-post status-publish format-standard has-post-thumbnail hentry category-notifadecs\" role=\"listitem\">\r\n\t\t\t<div class=\"elementor-post__card\">\r\n\t\t\t\t<a class=\"elementor-post__thumbnail__link\" href=\"https:\/\/fadeweb.uncoma.edu.ar\/index.php\/2026\/05\/01\/1-de-mayo-dia-internacional-de-los-las-trabajadores-as-3\/\" tabindex=\"-1\" ><div class=\"elementor-post__thumbnail\"><img fetchpriority=\"high\" decoding=\"async\" width=\"768\" height=\"960\" src=\"https:\/\/fadeweb.uncoma.edu.ar\/wp-content\/uploads\/2026\/04\/1-DE-MAYO-2026-2-768x960.jpg\" class=\"attachment-medium_large size-medium_large wp-image-28022\" alt=\"1 DE MAYO D\u00cdA INTERNACIONAL DE LOS\/LAS TRABAJADORES\/AS\" srcset=\"https:\/\/fadeweb.uncoma.edu.ar\/wp-content\/uploads\/2026\/04\/1-DE-MAYO-2026-2-768x960.jpg 768w, https:\/\/fadeweb.uncoma.edu.ar\/wp-content\/uploads\/2026\/04\/1-DE-MAYO-2026-2-240x300.jpg 240w, https:\/\/fadeweb.uncoma.edu.ar\/wp-content\/uploads\/2026\/04\/1-DE-MAYO-2026-2-819x1024.jpg 819w, https:\/\/fadeweb.uncoma.edu.ar\/wp-content\/uploads\/2026\/04\/1-DE-MAYO-2026-2-1229x1536.jpg 1229w, https:\/\/fadeweb.uncoma.edu.ar\/wp-content\/uploads\/2026\/04\/1-DE-MAYO-2026-2-1638x2048.jpg 1638w, https:\/\/fadeweb.uncoma.edu.ar\/wp-content\/uploads\/2026\/04\/1-DE-MAYO-2026-2.jpg 2000w\" sizes=\"(max-width: 768px) 100vw, 768px\" \/><\/div><\/a>\r\n\t\t\t\t<div class=\"elementor-post__text\">\r\n\t\t\t\t<h3 class=\"elementor-post__title\">\r\n\t\t\t<a href=\"https:\/\/fadeweb.uncoma.edu.ar\/index.php\/2026\/05\/01\/1-de-mayo-dia-internacional-de-los-las-trabajadores-as-3\/\" >\r\n\t\t\t\t1 DE MAYO D\u00cdA INTERNACIONAL DE LOS\/LAS TRABAJADORES\/AS\t\t\t<\/a>\r\n\t\t<\/h3>\r\n\t\t\t\t<div class=\"elementor-post__excerpt\">\r\n\t\t\t<p>La defensa del empleo enfrenta un modelo de desregulaci\u00f3n que desvaloriza el trabajo y precariza al personal universitario al pulverizar los salarios. Se busca desmantelar<\/p>\n\t\t<\/div>\r\n\t\t\r\n\t\t<a class=\"elementor-post__read-more\" href=\"https:\/\/fadeweb.uncoma.edu.ar\/index.php\/2026\/05\/01\/1-de-mayo-dia-internacional-de-los-las-trabajadores-as-3\/\" aria-label=\"Read more about 1 DE MAYO D\u00cdA INTERNACIONAL DE LOS\/LAS TRABAJADORES\/AS\" tabindex=\"-1\" >\r\n\t\t\tLeer m\u00e1s \u00bb\t\t<\/a>\r\n\r\n\t\t\t\t<\/div>\r\n\t\t\t\t<div class=\"elementor-post__meta-data\">\r\n\t\t\t\t\t<span class=\"elementor-post-date\">\r\n\t\t\t1 mayo, 2026\t\t<\/span>\r\n\t\t\t\t<\/div>\r\n\t\t\t\t\t<\/div>\r\n\t\t<\/article>\r\n\t\t\t\t<article class=\"elementor-post elementor-grid-item post-28053 post type-post status-publish format-standard has-post-thumbnail hentry category-concursos category-notifadecs\" role=\"listitem\">\r\n\t\t\t<div class=\"elementor-post__card\">\r\n\t\t\t\t<a class=\"elementor-post__thumbnail__link\" href=\"https:\/\/fadeweb.uncoma.edu.ar\/index.php\/2026\/04\/30\/acta-de-evaluacion-departamento-de-ciencias-de-la-informacion-y-comunicacion-social-8\/\" tabindex=\"-1\" ><div class=\"elementor-post__thumbnail\"><img decoding=\"async\" width=\"768\" height=\"960\" src=\"https:\/\/fadeweb.uncoma.edu.ar\/wp-content\/uploads\/2025\/10\/concursos-EVALUACION-768x960.jpg\" class=\"attachment-medium_large size-medium_large wp-image-26656\" alt=\"ACTA DE EVALUACI\u00d3N\" srcset=\"https:\/\/fadeweb.uncoma.edu.ar\/wp-content\/uploads\/2025\/10\/concursos-EVALUACION-768x960.jpg 768w, https:\/\/fadeweb.uncoma.edu.ar\/wp-content\/uploads\/2025\/10\/concursos-EVALUACION-240x300.jpg 240w, https:\/\/fadeweb.uncoma.edu.ar\/wp-content\/uploads\/2025\/10\/concursos-EVALUACION-819x1024.jpg 819w, https:\/\/fadeweb.uncoma.edu.ar\/wp-content\/uploads\/2025\/10\/concursos-EVALUACION.jpg 1080w\" sizes=\"(max-width: 768px) 100vw, 768px\" \/><\/div><\/a>\r\n\t\t\t\t<div class=\"elementor-post__text\">\r\n\t\t\t\t<h3 class=\"elementor-post__title\">\r\n\t\t\t<a href=\"https:\/\/fadeweb.uncoma.edu.ar\/index.php\/2026\/04\/30\/acta-de-evaluacion-departamento-de-ciencias-de-la-informacion-y-comunicacion-social-8\/\" >\r\n\t\t\t\tACTA DE EVALUACI\u00d3N | Departamento de Ciencias de la Informaci\u00f3n y Comunicaci\u00f3n Social\t\t\t<\/a>\r\n\t\t<\/h3>\r\n\t\t\t\t<div class=\"elementor-post__excerpt\">\r\n\t\t\t<p>Resoluci\u00f3n N\u00ba0147\/2025-CD-FDCS Acta de Evaluaci\u00f3n correspondiente al concurso aprobado por Resoluci\u00f3n N\u00ba0147\/2025-CD-FDCS, para la cobertura de un (1) cargo de Jefe\/a de Trabajos Pr\u00e1cticos Regular<\/p>\n\t\t<\/div>\r\n\t\t\r\n\t\t<a class=\"elementor-post__read-more\" href=\"https:\/\/fadeweb.uncoma.edu.ar\/index.php\/2026\/04\/30\/acta-de-evaluacion-departamento-de-ciencias-de-la-informacion-y-comunicacion-social-8\/\" aria-label=\"Read more about ACTA DE EVALUACI\u00d3N | Departamento de Ciencias de la Informaci\u00f3n y Comunicaci\u00f3n Social\" tabindex=\"-1\" >\r\n\t\t\tLeer m\u00e1s \u00bb\t\t<\/a>\r\n\r\n\t\t\t\t<\/div>\r\n\t\t\t\t<div class=\"elementor-post__meta-data\">\r\n\t\t\t\t\t<span class=\"elementor-post-date\">\r\n\t\t\t30 abril, 2026\t\t<\/span>\r\n\t\t\t\t<\/div>\r\n\t\t\t\t\t<\/div>\r\n\t\t<\/article>\r\n\t\t\t\t<article class=\"elementor-post elementor-grid-item post-28043 post type-post status-publish format-standard has-post-thumbnail hentry category-notifadecs\" role=\"listitem\">\r\n\t\t\t<div class=\"elementor-post__card\">\r\n\t\t\t\t<a class=\"elementor-post__thumbnail__link\" href=\"https:\/\/fadeweb.uncoma.edu.ar\/index.php\/2026\/04\/29\/estudiantes-del-cem-43-de-roca-visitaron-el-museo-y-grabaron-un-radioteatro\/\" tabindex=\"-1\" ><div class=\"elementor-post__thumbnail\"><img decoding=\"async\" width=\"768\" height=\"284\" src=\"https:\/\/fadeweb.uncoma.edu.ar\/wp-content\/uploads\/2026\/04\/est-mcr-768x284.jpeg\" class=\"attachment-medium_large size-medium_large wp-image-28044\" alt=\"ESTUDIANTES DEL CEM 43 DE ROCA VISITARON EL MUSEO Y GRABARON UN RADIOTEATRO\" srcset=\"https:\/\/fadeweb.uncoma.edu.ar\/wp-content\/uploads\/2026\/04\/est-mcr-768x284.jpeg 768w, https:\/\/fadeweb.uncoma.edu.ar\/wp-content\/uploads\/2026\/04\/est-mcr-300x111.jpeg 300w, https:\/\/fadeweb.uncoma.edu.ar\/wp-content\/uploads\/2026\/04\/est-mcr-1024x379.jpeg 1024w, https:\/\/fadeweb.uncoma.edu.ar\/wp-content\/uploads\/2026\/04\/est-mcr.jpeg 1280w\" sizes=\"(max-width: 768px) 100vw, 768px\" \/><\/div><\/a>\r\n\t\t\t\t<div class=\"elementor-post__text\">\r\n\t\t\t\t<h3 class=\"elementor-post__title\">\r\n\t\t\t<a href=\"https:\/\/fadeweb.uncoma.edu.ar\/index.php\/2026\/04\/29\/estudiantes-del-cem-43-de-roca-visitaron-el-museo-y-grabaron-un-radioteatro\/\" >\r\n\t\t\t\tESTUDIANTES DEL CEM 43 DE ROCA VISITARON EL MUSEO Y GRABARON UN RADIOTEATRO\t\t\t<\/a>\r\n\t\t<\/h3>\r\n\t\t\t\t<div class=\"elementor-post__excerpt\">\r\n\t\t\t<p>Como parte de las tareas de difusi\u00f3n de la historia de la comunicaci\u00f3n en la Patagonia, el Museo de la Comunicaci\u00f3n Regional recibi\u00f3 a estudiantes<\/p>\n\t\t<\/div>\r\n\t\t\r\n\t\t<a class=\"elementor-post__read-more\" href=\"https:\/\/fadeweb.uncoma.edu.ar\/index.php\/2026\/04\/29\/estudiantes-del-cem-43-de-roca-visitaron-el-museo-y-grabaron-un-radioteatro\/\" aria-label=\"Read more about ESTUDIANTES DEL CEM 43 DE ROCA VISITARON EL MUSEO Y GRABARON UN RADIOTEATRO\" tabindex=\"-1\" >\r\n\t\t\tLeer m\u00e1s \u00bb\t\t<\/a>\r\n\r\n\t\t\t\t<\/div>\r\n\t\t\t\t<div class=\"elementor-post__meta-data\">\r\n\t\t\t\t\t<span class=\"elementor-post-date\">\r\n\t\t\t29 abril, 2026\t\t<\/span>\r\n\t\t\t\t<\/div>\r\n\t\t\t\t\t<\/div>\r\n\t\t<\/article>\r\n\t\t\t\t<article class=\"elementor-post elementor-grid-item post-28042 post type-post status-publish format-standard has-post-thumbnail hentry category-notifadecs category-pasantias-2\" role=\"listitem\">\r\n\t\t\t<div class=\"elementor-post__card\">\r\n\t\t\t\t<a class=\"elementor-post__thumbnail__link\" href=\"https:\/\/fadeweb.uncoma.edu.ar\/index.php\/2026\/04\/29\/convocatoria-a-pasantia-en-la-direccion-de-usep-y-parques-industriales\/\" tabindex=\"-1\" ><div class=\"elementor-post__thumbnail\"><img loading=\"lazy\" decoding=\"async\" width=\"768\" height=\"960\" src=\"https:\/\/fadeweb.uncoma.edu.ar\/wp-content\/uploads\/2026\/04\/pasantias-usep-2-2026-768x960.jpg\" class=\"attachment-medium_large size-medium_large wp-image-28045\" alt=\"\" srcset=\"https:\/\/fadeweb.uncoma.edu.ar\/wp-content\/uploads\/2026\/04\/pasantias-usep-2-2026-768x960.jpg 768w, https:\/\/fadeweb.uncoma.edu.ar\/wp-content\/uploads\/2026\/04\/pasantias-usep-2-2026-240x300.jpg 240w, https:\/\/fadeweb.uncoma.edu.ar\/wp-content\/uploads\/2026\/04\/pasantias-usep-2-2026-819x1024.jpg 819w, https:\/\/fadeweb.uncoma.edu.ar\/wp-content\/uploads\/2026\/04\/pasantias-usep-2-2026-1228x1536.jpg 1228w, https:\/\/fadeweb.uncoma.edu.ar\/wp-content\/uploads\/2026\/04\/pasantias-usep-2-2026-1638x2048.jpg 1638w, https:\/\/fadeweb.uncoma.edu.ar\/wp-content\/uploads\/2026\/04\/pasantias-usep-2-2026-scaled.jpg 2047w\" sizes=\"(max-width: 768px) 100vw, 768px\" \/><\/div><\/a>\r\n\t\t\t\t<div class=\"elementor-post__text\">\r\n\t\t\t\t<h3 class=\"elementor-post__title\">\r\n\t\t\t<a href=\"https:\/\/fadeweb.uncoma.edu.ar\/index.php\/2026\/04\/29\/convocatoria-a-pasantia-en-la-direccion-de-usep-y-parques-industriales\/\" >\r\n\t\t\t\tCONVOCATORIA A PASANT\u00cdA EN LA DIRECCI\u00d3N DE USEP Y PARQUES INDUSTRIALES\t\t\t<\/a>\r\n\t\t<\/h3>\r\n\t\t\t\t<div class=\"elementor-post__excerpt\">\r\n\t\t\t<p>La Secretar\u00eda de Extensi\u00f3n de la FADECS convoca a las\/los estudiantes de la carrera de Abogac\u00eda de la Facultad de Derecho y Ciencias Sociales, a<\/p>\n\t\t<\/div>\r\n\t\t\r\n\t\t<a class=\"elementor-post__read-more\" href=\"https:\/\/fadeweb.uncoma.edu.ar\/index.php\/2026\/04\/29\/convocatoria-a-pasantia-en-la-direccion-de-usep-y-parques-industriales\/\" aria-label=\"Read more about CONVOCATORIA A PASANT\u00cdA EN LA DIRECCI\u00d3N DE USEP Y PARQUES INDUSTRIALES\" tabindex=\"-1\" >\r\n\t\t\tLeer m\u00e1s \u00bb\t\t<\/a>\r\n\r\n\t\t\t\t<\/div>\r\n\t\t\t\t<div class=\"elementor-post__meta-data\">\r\n\t\t\t\t\t<span class=\"elementor-post-date\">\r\n\t\t\t29 abril, 2026\t\t<\/span>\r\n\t\t\t\t<\/div>\r\n\t\t\t\t\t<\/div>\r\n\t\t<\/article>\r\n\t\t\t\t<article class=\"elementor-post elementor-grid-item post-28039 post type-post status-publish format-standard has-post-thumbnail hentry category-notifadecs\" role=\"listitem\">\r\n\t\t\t<div class=\"elementor-post__card\">\r\n\t\t\t\t<a class=\"elementor-post__thumbnail__link\" href=\"https:\/\/fadeweb.uncoma.edu.ar\/index.php\/2026\/04\/28\/listas-de-fadecs-por-claustro\/\" tabindex=\"-1\" ><div class=\"elementor-post__thumbnail\"><img loading=\"lazy\" decoding=\"async\" width=\"768\" height=\"960\" src=\"https:\/\/fadeweb.uncoma.edu.ar\/wp-content\/uploads\/2026\/04\/LISTAS-PRESENTADAS-2026-768x960.jpg\" class=\"attachment-medium_large size-medium_large wp-image-28040\" alt=\"LISTAS DE FADECS POR CLAUSTRO\" srcset=\"https:\/\/fadeweb.uncoma.edu.ar\/wp-content\/uploads\/2026\/04\/LISTAS-PRESENTADAS-2026-768x960.jpg 768w, https:\/\/fadeweb.uncoma.edu.ar\/wp-content\/uploads\/2026\/04\/LISTAS-PRESENTADAS-2026-240x300.jpg 240w, https:\/\/fadeweb.uncoma.edu.ar\/wp-content\/uploads\/2026\/04\/LISTAS-PRESENTADAS-2026-819x1024.jpg 819w, https:\/\/fadeweb.uncoma.edu.ar\/wp-content\/uploads\/2026\/04\/LISTAS-PRESENTADAS-2026-1229x1536.jpg 1229w, https:\/\/fadeweb.uncoma.edu.ar\/wp-content\/uploads\/2026\/04\/LISTAS-PRESENTADAS-2026-1638x2048.jpg 1638w, https:\/\/fadeweb.uncoma.edu.ar\/wp-content\/uploads\/2026\/04\/LISTAS-PRESENTADAS-2026.jpg 2000w\" sizes=\"(max-width: 768px) 100vw, 768px\" \/><\/div><\/a>\r\n\t\t\t\t<div class=\"elementor-post__text\">\r\n\t\t\t\t<h3 class=\"elementor-post__title\">\r\n\t\t\t<a href=\"https:\/\/fadeweb.uncoma.edu.ar\/index.php\/2026\/04\/28\/listas-de-fadecs-por-claustro\/\" >\r\n\t\t\t\tLISTAS DE FADECS POR CLAUSTRO\t\t\t<\/a>\r\n\t\t<\/h3>\r\n\t\t\t\t<div class=\"elementor-post__excerpt\">\r\n\t\t\t<p>El Consejo Directivo de la FADECS-UNCo informa las f\u00f3rmulas y listas de candidatos por claustro de nuestra unidad acad\u00e9mica. Elecciones UNCo 2026\u00a0 La impugnaci\u00f3n de<\/p>\n\t\t<\/div>\r\n\t\t\r\n\t\t<a class=\"elementor-post__read-more\" href=\"https:\/\/fadeweb.uncoma.edu.ar\/index.php\/2026\/04\/28\/listas-de-fadecs-por-claustro\/\" aria-label=\"Read more about LISTAS DE FADECS POR CLAUSTRO\" tabindex=\"-1\" >\r\n\t\t\tLeer m\u00e1s \u00bb\t\t<\/a>\r\n\r\n\t\t\t\t<\/div>\r\n\t\t\t\t<div class=\"elementor-post__meta-data\">\r\n\t\t\t\t\t<span class=\"elementor-post-date\">\r\n\t\t\t28 abril, 2026\t\t<\/span>\r\n\t\t\t\t<\/div>\r\n\t\t\t\t\t<\/div>\r\n\t\t<\/article>\r\n\t\t\t\t<article class=\"elementor-post elementor-grid-item post-28024 post type-post status-publish format-standard has-post-thumbnail hentry category-notifadecs\" role=\"listitem\">\r\n\t\t\t<div class=\"elementor-post__card\">\r\n\t\t\t\t<a class=\"elementor-post__thumbnail__link\" href=\"https:\/\/fadeweb.uncoma.edu.ar\/index.php\/2026\/04\/27\/fadecs-rechaza-modificaciones-a-la-ley-de-glaciares-por-regresion-en-materia-ambiental\/\" tabindex=\"-1\" ><div class=\"elementor-post__thumbnail\"><img loading=\"lazy\" decoding=\"async\" width=\"768\" height=\"960\" src=\"https:\/\/fadeweb.uncoma.edu.ar\/wp-content\/uploads\/2026\/04\/LEY-DE-GLACIARES-768x960.jpg\" class=\"attachment-medium_large size-medium_large wp-image-28025\" alt=\"FADECS RECHAZA MODIFICACIONES A LA LEY DE GLACIARES POR REGRESI\u00d3N EN MATERIA AMBIENTAL\" srcset=\"https:\/\/fadeweb.uncoma.edu.ar\/wp-content\/uploads\/2026\/04\/LEY-DE-GLACIARES-768x960.jpg 768w, https:\/\/fadeweb.uncoma.edu.ar\/wp-content\/uploads\/2026\/04\/LEY-DE-GLACIARES-240x300.jpg 240w, https:\/\/fadeweb.uncoma.edu.ar\/wp-content\/uploads\/2026\/04\/LEY-DE-GLACIARES-819x1024.jpg 819w, https:\/\/fadeweb.uncoma.edu.ar\/wp-content\/uploads\/2026\/04\/LEY-DE-GLACIARES.jpg 1080w\" sizes=\"(max-width: 768px) 100vw, 768px\" \/><\/div><\/a>\r\n\t\t\t\t<div class=\"elementor-post__text\">\r\n\t\t\t\t<h3 class=\"elementor-post__title\">\r\n\t\t\t<a href=\"https:\/\/fadeweb.uncoma.edu.ar\/index.php\/2026\/04\/27\/fadecs-rechaza-modificaciones-a-la-ley-de-glaciares-por-regresion-en-materia-ambiental\/\" >\r\n\t\t\t\tFADECS RECHAZA MODIFICACIONES A LA LEY DE GLACIARES POR REGRESI\u00d3N EN MATERIA AMBIENTAL\t\t\t<\/a>\r\n\t\t<\/h3>\r\n\t\t\t\t<div class=\"elementor-post__excerpt\">\r\n\t\t\t<p>El Consejo Directivo de la Facultad de Derecho y Ciencias Sociales rechaz\u00f3 la reforma de la Ley Nacional 26.639 de Glaciares, dado que significa una<\/p>\n\t\t<\/div>\r\n\t\t\r\n\t\t<a class=\"elementor-post__read-more\" href=\"https:\/\/fadeweb.uncoma.edu.ar\/index.php\/2026\/04\/27\/fadecs-rechaza-modificaciones-a-la-ley-de-glaciares-por-regresion-en-materia-ambiental\/\" aria-label=\"Read more about FADECS RECHAZA MODIFICACIONES A LA LEY DE GLACIARES POR REGRESI\u00d3N EN MATERIA AMBIENTAL\" tabindex=\"-1\" >\r\n\t\t\tLeer m\u00e1s \u00bb\t\t<\/a>\r\n\r\n\t\t\t\t<\/div>\r\n\t\t\t\t<div class=\"elementor-post__meta-data\">\r\n\t\t\t\t\t<span class=\"elementor-post-date\">\r\n\t\t\t27 abril, 2026\t\t<\/span>\r\n\t\t\t\t<\/div>\r\n\t\t\t\t\t<\/div>\r\n\t\t<\/article>\r\n\t\t\t\t<article class=\"elementor-post elementor-grid-item post-28017 post type-post status-publish format-standard has-post-thumbnail hentry category-notifadecs\" role=\"listitem\">\r\n\t\t\t<div class=\"elementor-post__card\">\r\n\t\t\t\t<a class=\"elementor-post__thumbnail__link\" href=\"https:\/\/fadeweb.uncoma.edu.ar\/index.php\/2026\/04\/27\/compromiso-universitario-y-educacion-tecnica\/\" tabindex=\"-1\" ><div class=\"elementor-post__thumbnail\"><img loading=\"lazy\" decoding=\"async\" width=\"768\" height=\"812\" src=\"https:\/\/fadeweb.uncoma.edu.ar\/wp-content\/uploads\/2026\/04\/ce2-768x812.jpeg\" class=\"attachment-medium_large size-medium_large wp-image-28019\" alt=\"COMPROMISO UNIVERSITARIO Y EDUCACI\u00d3N T\u00c9CNICA\" srcset=\"https:\/\/fadeweb.uncoma.edu.ar\/wp-content\/uploads\/2026\/04\/ce2-768x812.jpeg 768w, https:\/\/fadeweb.uncoma.edu.ar\/wp-content\/uploads\/2026\/04\/ce2-284x300.jpeg 284w, https:\/\/fadeweb.uncoma.edu.ar\/wp-content\/uploads\/2026\/04\/ce2-969x1024.jpeg 969w, https:\/\/fadeweb.uncoma.edu.ar\/wp-content\/uploads\/2026\/04\/ce2.jpeg 1363w\" sizes=\"(max-width: 768px) 100vw, 768px\" \/><\/div><\/a>\r\n\t\t\t\t<div class=\"elementor-post__text\">\r\n\t\t\t\t<h3 class=\"elementor-post__title\">\r\n\t\t\t<a href=\"https:\/\/fadeweb.uncoma.edu.ar\/index.php\/2026\/04\/27\/compromiso-universitario-y-educacion-tecnica\/\" >\r\n\t\t\t\tCOMPROMISO UNIVERSITARIO Y EDUCACI\u00d3N T\u00c9CNICA\t\t\t<\/a>\r\n\t\t<\/h3>\r\n\t\t\t\t<div class=\"elementor-post__excerpt\">\r\n\t\t\t<p>Desde la FADECS creemos en el poder de las redes locales. Por eso, realizamos un convenio con el CET 33 (especialidad Maestro Mayor de Obras),<\/p>\n\t\t<\/div>\r\n\t\t\r\n\t\t<a class=\"elementor-post__read-more\" href=\"https:\/\/fadeweb.uncoma.edu.ar\/index.php\/2026\/04\/27\/compromiso-universitario-y-educacion-tecnica\/\" aria-label=\"Read more about COMPROMISO UNIVERSITARIO Y EDUCACI\u00d3N T\u00c9CNICA\" tabindex=\"-1\" >\r\n\t\t\tLeer m\u00e1s \u00bb\t\t<\/a>\r\n\r\n\t\t\t\t<\/div>\r\n\t\t\t\t<div class=\"elementor-post__meta-data\">\r\n\t\t\t\t\t<span class=\"elementor-post-date\">\r\n\t\t\t27 abril, 2026\t\t<\/span>\r\n\t\t\t\t<\/div>\r\n\t\t\t\t\t<\/div>\r\n\t\t<\/article>\r\n\t\t\t\t<article class=\"elementor-post elementor-grid-item post-28009 post type-post status-publish format-standard has-post-thumbnail hentry category-notifadecs\" role=\"listitem\">\r\n\t\t\t<div class=\"elementor-post__card\">\r\n\t\t\t\t<a class=\"elementor-post__thumbnail__link\" href=\"https:\/\/fadeweb.uncoma.edu.ar\/index.php\/2026\/04\/24\/elecciones-unco-2026-padrones-oficializados-de-la-fadecs\/\" tabindex=\"-1\" ><div class=\"elementor-post__thumbnail\"><img loading=\"lazy\" decoding=\"async\" width=\"768\" height=\"960\" src=\"https:\/\/fadeweb.uncoma.edu.ar\/wp-content\/uploads\/2026\/04\/PADRONES-OFICIALES-2026-1-768x960.jpg\" class=\"attachment-medium_large size-medium_large wp-image-28011\" alt=\"Elecciones UNCo 2026 PADRONES OFICIALIZADOS DE LA FADECS\" srcset=\"https:\/\/fadeweb.uncoma.edu.ar\/wp-content\/uploads\/2026\/04\/PADRONES-OFICIALES-2026-1-768x960.jpg 768w, https:\/\/fadeweb.uncoma.edu.ar\/wp-content\/uploads\/2026\/04\/PADRONES-OFICIALES-2026-1-240x300.jpg 240w, https:\/\/fadeweb.uncoma.edu.ar\/wp-content\/uploads\/2026\/04\/PADRONES-OFICIALES-2026-1-819x1024.jpg 819w, https:\/\/fadeweb.uncoma.edu.ar\/wp-content\/uploads\/2026\/04\/PADRONES-OFICIALES-2026-1-1229x1536.jpg 1229w, https:\/\/fadeweb.uncoma.edu.ar\/wp-content\/uploads\/2026\/04\/PADRONES-OFICIALES-2026-1-1638x2048.jpg 1638w, https:\/\/fadeweb.uncoma.edu.ar\/wp-content\/uploads\/2026\/04\/PADRONES-OFICIALES-2026-1.jpg 2000w\" sizes=\"(max-width: 768px) 100vw, 768px\" \/><\/div><\/a>\r\n\t\t\t\t<div class=\"elementor-post__text\">\r\n\t\t\t\t<h3 class=\"elementor-post__title\">\r\n\t\t\t<a href=\"https:\/\/fadeweb.uncoma.edu.ar\/index.php\/2026\/04\/24\/elecciones-unco-2026-padrones-oficializados-de-la-fadecs\/\" >\r\n\t\t\t\tElecciones UNCo 2026 | PADRONES OFICIALIZADOS DE LA FADECS\t\t\t<\/a>\r\n\t\t<\/h3>\r\n\t\t\t\t<div class=\"elementor-post__excerpt\">\r\n\t\t\t<p>El Consejo Directivo de la FADECS-UNCo informa los padrones oficiales de nuestra unidad acad\u00e9mica (Ordenanza Rectoral N\u00ba1119\/2026). La presentaci\u00f3n de f\u00f3rmulas y listas de candidatos\/as<\/p>\n\t\t<\/div>\r\n\t\t\r\n\t\t<a class=\"elementor-post__read-more\" href=\"https:\/\/fadeweb.uncoma.edu.ar\/index.php\/2026\/04\/24\/elecciones-unco-2026-padrones-oficializados-de-la-fadecs\/\" aria-label=\"Read more about Elecciones UNCo 2026 | PADRONES OFICIALIZADOS DE LA FADECS\" tabindex=\"-1\" >\r\n\t\t\tLeer m\u00e1s \u00bb\t\t<\/a>\r\n\r\n\t\t\t\t<\/div>\r\n\t\t\t\t<div class=\"elementor-post__meta-data\">\r\n\t\t\t\t\t<span class=\"elementor-post-date\">\r\n\t\t\t24 abril, 2026\t\t<\/span>\r\n\t\t\t\t<\/div>\r\n\t\t\t\t\t<\/div>\r\n\t\t<\/article>\r\n\t\t\t\t<article class=\"elementor-post elementor-grid-item post-28004 post type-post status-publish format-standard has-post-thumbnail hentry category-notifadecs\" role=\"listitem\">\r\n\t\t\t<div class=\"elementor-post__card\">\r\n\t\t\t\t<a class=\"elementor-post__thumbnail__link\" href=\"https:\/\/fadeweb.uncoma.edu.ar\/index.php\/2026\/04\/24\/proyecto-de-extension-mapeo-colectivo-y-visibilizacion-de-violencias-en-el-territorio\/\" tabindex=\"-1\" ><div class=\"elementor-post__thumbnail\"><img loading=\"lazy\" decoding=\"async\" width=\"768\" height=\"521\" src=\"https:\/\/fadeweb.uncoma.edu.ar\/wp-content\/uploads\/2026\/04\/parra-copia-768x521.jpg\" class=\"attachment-medium_large size-medium_large wp-image-28005\" alt=\"PROYECTO DE EXTENSI\u00d3N: MAPEO COLECTIVO Y VISIBILIZACI\u00d3N DE VIOLENCIAS EN EL TERRITORIO\" srcset=\"https:\/\/fadeweb.uncoma.edu.ar\/wp-content\/uploads\/2026\/04\/parra-copia-768x521.jpg 768w, https:\/\/fadeweb.uncoma.edu.ar\/wp-content\/uploads\/2026\/04\/parra-copia-300x204.jpg 300w, https:\/\/fadeweb.uncoma.edu.ar\/wp-content\/uploads\/2026\/04\/parra-copia-1024x695.jpg 1024w, https:\/\/fadeweb.uncoma.edu.ar\/wp-content\/uploads\/2026\/04\/parra-copia.jpg 1129w\" sizes=\"(max-width: 768px) 100vw, 768px\" \/><\/div><\/a>\r\n\t\t\t\t<div class=\"elementor-post__text\">\r\n\t\t\t\t<h3 class=\"elementor-post__title\">\r\n\t\t\t<a href=\"https:\/\/fadeweb.uncoma.edu.ar\/index.php\/2026\/04\/24\/proyecto-de-extension-mapeo-colectivo-y-visibilizacion-de-violencias-en-el-territorio\/\" >\r\n\t\t\t\tPROYECTO DE EXTENSI\u00d3N: MAPEO COLECTIVO Y VISIBILIZACI\u00d3N DE VIOLENCIAS EN EL TERRITORIO\t\t\t<\/a>\r\n\t\t<\/h3>\r\n\t\t\t\t<div class=\"elementor-post__excerpt\">\r\n\t\t\t<p>La c\u00e1tedra de Filosof\u00eda del Derecho (4\u00ba a\u00f1o de Abogac\u00eda) celebra el inicio del proyecto de extensi\u00f3n \u201cViolencias estructurales en territorios y contextos locales: di\u00e1logos<\/p>\n\t\t<\/div>\r\n\t\t\r\n\t\t<a class=\"elementor-post__read-more\" href=\"https:\/\/fadeweb.uncoma.edu.ar\/index.php\/2026\/04\/24\/proyecto-de-extension-mapeo-colectivo-y-visibilizacion-de-violencias-en-el-territorio\/\" aria-label=\"Read more about PROYECTO DE EXTENSI\u00d3N: MAPEO COLECTIVO Y VISIBILIZACI\u00d3N DE VIOLENCIAS EN EL TERRITORIO\" tabindex=\"-1\" >\r\n\t\t\tLeer m\u00e1s \u00bb\t\t<\/a>\r\n\r\n\t\t\t\t<\/div>\r\n\t\t\t\t<div class=\"elementor-post__meta-data\">\r\n\t\t\t\t\t<span class=\"elementor-post-date\">\r\n\t\t\t24 abril, 2026\t\t<\/span>\r\n\t\t\t\t<\/div>\r\n\t\t\t\t\t<\/div>\r\n\t\t<\/article>\r\n\t\t\t\t<\/div>\r\n\t\t\r\n\t\t\t\t<div class=\"e-load-more-anchor\" data-page=\"1\" data-max-page=\"570\" data-next-page=\"https:\/\/fadeweb.uncoma.edu.ar\/index.php\/wp-json\/wp\/v2\/pages\/1603\/page\/2\/\"><\/div>\r\n\t\t\t\t<nav class=\"elementor-pagination\" aria-label=\"Pagination\">\r\n\t\t\t<span class=\"page-numbers prev\">&laquo; Anterior<\/span>\n<span aria-current=\"page\" class=\"page-numbers current\"><span class=\"elementor-screen-only\">Page<\/span>1<\/span>\n<a class=\"page-numbers\" href=\"https:\/\/fadeweb.uncoma.edu.ar\/index.php\/wp-json\/wp\/v2\/pages\/1603\/page\/2\/\"><span class=\"elementor-screen-only\">Page<\/span>2<\/a>\n<a class=\"page-numbers\" href=\"https:\/\/fadeweb.uncoma.edu.ar\/index.php\/wp-json\/wp\/v2\/pages\/1603\/page\/3\/\"><span class=\"elementor-screen-only\">Page<\/span>3<\/a>\n<span class=\"page-numbers dots\">&hellip;<\/span>\n<a class=\"page-numbers\" href=\"https:\/\/fadeweb.uncoma.edu.ar\/index.php\/wp-json\/wp\/v2\/pages\/1603\/page\/570\/\"><span class=\"elementor-screen-only\">Page<\/span>570<\/a>\n<a class=\"page-numbers next\" href=\"https:\/\/fadeweb.uncoma.edu.ar\/index.php\/wp-json\/wp\/v2\/pages\/1603\/page\/2\/\">Siguiente &raquo;<\/a>\t\t<\/nav>\r\n\t\t\t\t\t\t<\/div>\n\t\t\t\t<\/div>\n\t\t\t\t\t<\/div>\n\t\t<\/div>\n\t\t\t\t\t<\/div>\n\t\t<\/section>\n\t\t\t\t<\/div>\n\t\t","protected":false},"excerpt":{"rendered":"<p>SUSCR\u00cdBASE A NUESTRO BOLET\u00cdN! NOTIFADECS<\/p>\n","protected":false},"author":2,"featured_media":0,"parent":0,"menu_order":0,"comment_status":"closed","ping_status":"closed","template":"","meta":{"footnotes":""},"class_list":["post-1603","page","type-page","status-publish","hentry"],"_links":{"self":[{"href":"https:\/\/fadeweb.uncoma.edu.ar\/index.php\/wp-json\/wp\/v2\/pages\/1603","targetHints":{"allow":["GET"]}}],"collection":[{"href":"https:\/\/fadeweb.uncoma.edu.ar\/index.php\/wp-json\/wp\/v2\/pages"}],"about":[{"href":"https:\/\/fadeweb.uncoma.edu.ar\/index.php\/wp-json\/wp\/v2\/types\/page"}],"author":[{"embeddable":true,"href":"https:\/\/fadeweb.uncoma.edu.ar\/index.php\/wp-json\/wp\/v2\/users\/2"}],"replies":[{"embeddable":true,"href":"https:\/\/fadeweb.uncoma.edu.ar\/index.php\/wp-json\/wp\/v2\/comments?post=1603"}],"version-history":[{"count":33,"href":"https:\/\/fadeweb.uncoma.edu.ar\/index.php\/wp-json\/wp\/v2\/pages\/1603\/revisions"}],"predecessor-version":[{"id":11275,"href":"https:\/\/fadeweb.uncoma.edu.ar\/index.php\/wp-json\/wp\/v2\/pages\/1603\/revisions\/11275"}],"wp:attachment":[{"href":"https:\/\/fadeweb.uncoma.edu.ar\/index.php\/wp-json\/wp\/v2\/media?parent=1603"}],"curies":[{"name":"wp","href":"https:\/\/api.w.org\/{rel}","templated":true}]}}