{"id":15407,"date":"2023-05-12T11:55:48","date_gmt":"2023-05-12T14:55:48","guid":{"rendered":"https:\/\/fadeweb.uncoma.edu.ar\/?page_id=15407"},"modified":"2023-05-12T12:20:38","modified_gmt":"2023-05-12T15:20:38","slug":"talles-upami","status":"publish","type":"page","link":"https:\/\/fadeweb.uncoma.edu.ar\/index.php\/secretaria-de-extension-y-asuntos-estudiantiles\/talles-upami\/","title":{"rendered":"Talleres UPAMI"},"content":{"rendered":"\t\t<div data-elementor-type=\"wp-post\" data-elementor-id=\"15407\" class=\"elementor elementor-15407\" data-elementor-post-type=\"page\">\n\t\t\t\t\t\t<section class=\"elementor-section elementor-top-section elementor-element elementor-element-95fc4d6 elementor-section-boxed elementor-section-height-default elementor-section-height-default\" data-id=\"95fc4d6\" data-element_type=\"section\" data-e-type=\"section\">\n\t\t\t\t\t\t<div class=\"elementor-container elementor-column-gap-default\">\n\t\t\t\t\t<div class=\"elementor-column elementor-col-100 elementor-top-column elementor-element elementor-element-1e197c7\" data-id=\"1e197c7\" data-element_type=\"column\" data-e-type=\"column\">\n\t\t\t<div class=\"elementor-widget-wrap elementor-element-populated\">\n\t\t\t\t\t\t<div class=\"elementor-element elementor-element-0a1817d elementor-widget elementor-widget-text-editor\" data-id=\"0a1817d\" data-element_type=\"widget\" data-e-type=\"widget\" data-widget_type=\"text-editor.default\">\n\t\t\t\t<div class=\"elementor-widget-container\">\n\t\t\t\t\t\t\t\t\t<h2>TALLERES UPAMI<\/h2><p>Quienes deseen presentar su propuesta pueden pueden orientarse a partir de la lectura del <a href=\"https:\/\/fadeweb.uncoma.edu.ar\/wp-content\/uploads\/2023\/05\/GLOSARIO-DE-LAS-TEMATICAS-SOCIOPREVENTIVAS-2023.pdf\">glosario<\/a> sobre las tem\u00e1ticas de las actividades socio preventivas realizadas en el marco del Programa Nacional de Prevenci\u00f3n Socio comunitaria \u201cPrevenir para seguir creciendo\u201d y los cursos del Programa Universidad Para Adultos Mayores Integrados (UPAMI) del INSSJP, y de la <a href=\"https:\/\/fadeweb.uncoma.edu.ar\/wp-content\/uploads\/2023\/05\/UPAMI-\u2022-Guia-para-Presentacion-de-Formularios-.docx.pdf\">gu\u00eda para la presentaci\u00f3n de propuestas<\/a>. Las mismas deber\u00e1n ser presentadas por correo electr\u00f3nico a trav\u00e9s del <a href=\"https:\/\/fadeweb.uncoma.edu.ar\/wp-content\/uploads\/2023\/05\/UPAMI-\u2022-Formulario-1-Programa-Curso-PPU-2023.pdf\">formulario previsto<\/a>.<\/p><p>Presentaci\u00f3n de propuestas: <a href=\"mailto:upamifadecs@gmail.com\">upamifadecs@gmail.com<\/a><\/p><p>\u00a0<\/p>\t\t\t\t\t\t\t\t<\/div>\n\t\t\t\t<\/div>\n\t\t\t\t<div class=\"elementor-element elementor-element-11d069a elementor-grid-3 elementor-grid-tablet-2 elementor-grid-mobile-1 elementor-posts--thumbnail-top elementor-widget elementor-widget-posts\" data-id=\"11d069a\" data-element_type=\"widget\" data-e-type=\"widget\" data-settings=\"{&quot;classic_columns&quot;:&quot;3&quot;,&quot;classic_columns_tablet&quot;:&quot;2&quot;,&quot;classic_columns_mobile&quot;:&quot;1&quot;,&quot;classic_row_gap&quot;:{&quot;unit&quot;:&quot;px&quot;,&quot;size&quot;:35,&quot;sizes&quot;:[]},&quot;classic_row_gap_tablet&quot;:{&quot;unit&quot;:&quot;px&quot;,&quot;size&quot;:&quot;&quot;,&quot;sizes&quot;:[]},&quot;classic_row_gap_mobile&quot;:{&quot;unit&quot;:&quot;px&quot;,&quot;size&quot;:&quot;&quot;,&quot;sizes&quot;:[]}}\" data-widget_type=\"posts.classic\">\n\t\t\t\t<div class=\"elementor-widget-container\">\n\t\t\t\t\t\t\t<div class=\"elementor-posts-container elementor-posts elementor-posts--skin-classic elementor-grid\" role=\"list\">\r\n\t\t\t\t<article class=\"elementor-post elementor-grid-item post-27171 post type-post status-publish format-standard has-post-thumbnail hentry category-notifadecs category-upami\" role=\"listitem\">\r\n\t\t\t\t<a class=\"elementor-post__thumbnail__link\" href=\"https:\/\/fadeweb.uncoma.edu.ar\/index.php\/2025\/11\/28\/se-amplia-una-semana-convocatoria-a-presentar-talleres-upami-2026\/\" tabindex=\"-1\" >\r\n\t\t\t<div class=\"elementor-post__thumbnail\"><img fetchpriority=\"high\" decoding=\"async\" width=\"240\" height=\"300\" src=\"https:\/\/fadeweb.uncoma.edu.ar\/wp-content\/uploads\/2025\/11\/UPAMI-talleres-2025-240x300.jpg\" class=\"attachment-medium size-medium wp-image-27172\" alt=\"UPAMI talleres 2025\" srcset=\"https:\/\/fadeweb.uncoma.edu.ar\/wp-content\/uploads\/2025\/11\/UPAMI-talleres-2025-240x300.jpg 240w, https:\/\/fadeweb.uncoma.edu.ar\/wp-content\/uploads\/2025\/11\/UPAMI-talleres-2025-819x1024.jpg 819w, https:\/\/fadeweb.uncoma.edu.ar\/wp-content\/uploads\/2025\/11\/UPAMI-talleres-2025-768x960.jpg 768w, https:\/\/fadeweb.uncoma.edu.ar\/wp-content\/uploads\/2025\/11\/UPAMI-talleres-2025.jpg 1080w\" sizes=\"(max-width: 240px) 100vw, 240px\" \/><\/div>\r\n\t\t<\/a>\r\n\t\t\t\t<div class=\"elementor-post__text\">\r\n\t\t\t\t<h3 class=\"elementor-post__title\">\r\n\t\t\t<a href=\"https:\/\/fadeweb.uncoma.edu.ar\/index.php\/2025\/11\/28\/se-amplia-una-semana-convocatoria-a-presentar-talleres-upami-2026\/\" >\r\n\t\t\t\tSE EXTIENDE EL PLAZO DE LA CONVOCATORIA A PRESENTAR TALLERES UPAMI 2026\t\t\t<\/a>\r\n\t\t<\/h3>\r\n\t\t\t\t<div class=\"elementor-post__meta-data\">\r\n\t\t\t\t\t<span class=\"elementor-post-date\">\r\n\t\t\t28 noviembre, 2025\t\t<\/span>\r\n\t\t\t\t<\/div>\r\n\t\t\t\t<div class=\"elementor-post__excerpt\">\r\n\t\t\t<p>La Facultad de Derecho y Ciencias Sociales convoca a docentes y graduados\/as a presentar propuestas de talleres destinados a personas mayores, para ser dictados en<\/p>\n\t\t<\/div>\r\n\t\t\r\n\t\t<a class=\"elementor-post__read-more\" href=\"https:\/\/fadeweb.uncoma.edu.ar\/index.php\/2025\/11\/28\/se-amplia-una-semana-convocatoria-a-presentar-talleres-upami-2026\/\" aria-label=\"Read more about SE EXTIENDE EL PLAZO DE LA CONVOCATORIA A PRESENTAR TALLERES UPAMI 2026\" tabindex=\"-1\" >\r\n\t\t\tLeer m\u00e1s \u00bb\t\t<\/a>\r\n\r\n\t\t\t\t<\/div>\r\n\t\t\t\t<\/article>\r\n\t\t\t\t<article class=\"elementor-post elementor-grid-item post-27107 post type-post status-publish format-standard has-post-thumbnail hentry category-notifadecs category-upami\" role=\"listitem\">\r\n\t\t\t\t<a class=\"elementor-post__thumbnail__link\" href=\"https:\/\/fadeweb.uncoma.edu.ar\/index.php\/2025\/11\/20\/convocatoria-a-presentar-talleres-upami-2026\/\" tabindex=\"-1\" >\r\n\t\t\t<div class=\"elementor-post__thumbnail\"><img decoding=\"async\" width=\"240\" height=\"300\" src=\"https:\/\/fadeweb.uncoma.edu.ar\/wp-content\/uploads\/2025\/11\/CONVOCATORIA-talleres-2025-3-240x300.jpg\" class=\"attachment-medium size-medium wp-image-27118\" alt=\"\" srcset=\"https:\/\/fadeweb.uncoma.edu.ar\/wp-content\/uploads\/2025\/11\/CONVOCATORIA-talleres-2025-3-240x300.jpg 240w, https:\/\/fadeweb.uncoma.edu.ar\/wp-content\/uploads\/2025\/11\/CONVOCATORIA-talleres-2025-3-819x1024.jpg 819w, https:\/\/fadeweb.uncoma.edu.ar\/wp-content\/uploads\/2025\/11\/CONVOCATORIA-talleres-2025-3-768x960.jpg 768w, https:\/\/fadeweb.uncoma.edu.ar\/wp-content\/uploads\/2025\/11\/CONVOCATORIA-talleres-2025-3.jpg 1080w\" sizes=\"(max-width: 240px) 100vw, 240px\" \/><\/div>\r\n\t\t<\/a>\r\n\t\t\t\t<div class=\"elementor-post__text\">\r\n\t\t\t\t<h3 class=\"elementor-post__title\">\r\n\t\t\t<a href=\"https:\/\/fadeweb.uncoma.edu.ar\/index.php\/2025\/11\/20\/convocatoria-a-presentar-talleres-upami-2026\/\" >\r\n\t\t\t\tCONVOCATORIA A PRESENTAR TALLERES UPAMI 2026\t\t\t<\/a>\r\n\t\t<\/h3>\r\n\t\t\t\t<div class=\"elementor-post__meta-data\">\r\n\t\t\t\t\t<span class=\"elementor-post-date\">\r\n\t\t\t20 noviembre, 2025\t\t<\/span>\r\n\t\t\t\t<\/div>\r\n\t\t\t\t<div class=\"elementor-post__excerpt\">\r\n\t\t\t<p>La Facultad de Derecho y Ciencias Sociales convoca a docentes y graduados\/as a presentar propuestas de talleres destinados a personas mayores, para ser dictados en<\/p>\n\t\t<\/div>\r\n\t\t\r\n\t\t<a class=\"elementor-post__read-more\" href=\"https:\/\/fadeweb.uncoma.edu.ar\/index.php\/2025\/11\/20\/convocatoria-a-presentar-talleres-upami-2026\/\" aria-label=\"Read more about CONVOCATORIA A PRESENTAR TALLERES UPAMI 2026\" tabindex=\"-1\" >\r\n\t\t\tLeer m\u00e1s \u00bb\t\t<\/a>\r\n\r\n\t\t\t\t<\/div>\r\n\t\t\t\t<\/article>\r\n\t\t\t\t<article class=\"elementor-post elementor-grid-item post-26177 post type-post status-publish format-standard has-post-thumbnail hentry category-notifadecs category-upami\" role=\"listitem\">\r\n\t\t\t\t<a class=\"elementor-post__thumbnail__link\" href=\"https:\/\/fadeweb.uncoma.edu.ar\/index.php\/2025\/08\/25\/inscripcion-a-talleres-upami-2023-segundo-cuatrimestre-2\/\" tabindex=\"-1\" >\r\n\t\t\t<div class=\"elementor-post__thumbnail\"><img decoding=\"async\" width=\"240\" height=\"300\" src=\"https:\/\/fadeweb.uncoma.edu.ar\/wp-content\/uploads\/2025\/08\/talleres-2025-2-b-240x300.jpg\" class=\"attachment-medium size-medium wp-image-26178\" alt=\"INSCRIPCI\u00d3N A TALLERES UPAMI 2023 SEGUNDO CUATRIMESTRE La Secretar\u00eda de Extensi\u00f3n de la FADECS-UNCo informa que la inscripci\u00f3n a los talleres UPAMI 2025 para este segundo cuatrimestre estar\u00e1n abiertas desde el 25 de agosto al 30 de septiembre. La lista de los talleres es esta: Talleres Virtuales Alimentaci\u00f3n saludable \u2013 Jueves de 18 a 20 \u2013 M. Candela Gonzalez Te contamos nuestra historia \u2013 Mi\u00e9rcoles de 10 a 12 \u2013 Oscar Casanova Conversaciones sobre filosof\u00eda \u2013 Jueves de 14 a 16 \u2013 Mart\u00edn D\u00edaz Derecho de familia y sucesiones \u2013 Mi\u00e9rcoles de 16 a 18 \u2013 Camila Etulain Bienvenidos a Canva \u2013 Lunes de 16 a 18 \u2013 Cecilia Daniele Caminamos por la historia: relatos y entrevistas \u2013 Martes de 15 a 17 \u2013 Jorge Subrini Conociendo mis derechos \u2013 Mi\u00e9rcoles de 10 a 12 \u2013 Ver\u00f3nica Ortiz Escritura interactiva \u2013 Martes de 14 a 16 \u2013 Cecilia Daniele Estimulaci\u00f3n cognitiva \u2013 Jueves de 16 a 18 \u2013 Mauro Huenchul Inform\u00e1tica inicial \u2013 S\u00e1bado de 8 a 10 \u2013 Diego Iraldi Inform\u00e1tica intermedio \u2013 S\u00e1bado de 10 a 12 \u2013 Diego Iraldi Talleres Presenciales Estimulaci\u00f3n cognitiva \u2013 Viernes de 10 a 12 \u2013 Mauro Huenchul Te contamos nuestra historia \u2013 Jueves de 10 a 12 \u2013 Oscar Casanova Arte terapia \u2013 Mi\u00e9rcoles de 16 a 18 \u2013 Mauro Huenchul El dictado de los cursos virtuales comenzar\u00e1 durante la segunda semana de septiembre Las inscripciones se podr\u00e1n realizar: De manera VIRTUAL, a trav\u00e9s de la p\u00e1gina https:\/\/comunidad.pami.org.ar\/talleresycursos\/inicio PRESENCIAL, en la sede de PAMI (esquina 9 de Julio y Belgrano), del 25 de agosto al 30 de septiembre Por CELULAR al 2932 411793 o al CORREO ELECTR\u00d3NICO: upamifadecs@gmail.com Los talleres comenzar\u00e1n a dictarse siempre que cuenten con la cantidad de inscriptos necesarios para iniciar. Por cualquier duda o consultas e informaci\u00f3n sobre los diferentes talleres, comunicarse al mail upamifadecs@gmail.com o al n\u00famero 2932 411793. \u00a1Las y los esperamos!\" srcset=\"https:\/\/fadeweb.uncoma.edu.ar\/wp-content\/uploads\/2025\/08\/talleres-2025-2-b-240x300.jpg 240w, https:\/\/fadeweb.uncoma.edu.ar\/wp-content\/uploads\/2025\/08\/talleres-2025-2-b-819x1024.jpg 819w, https:\/\/fadeweb.uncoma.edu.ar\/wp-content\/uploads\/2025\/08\/talleres-2025-2-b-768x960.jpg 768w, https:\/\/fadeweb.uncoma.edu.ar\/wp-content\/uploads\/2025\/08\/talleres-2025-2-b.jpg 1080w\" sizes=\"(max-width: 240px) 100vw, 240px\" \/><\/div>\r\n\t\t<\/a>\r\n\t\t\t\t<div class=\"elementor-post__text\">\r\n\t\t\t\t<h3 class=\"elementor-post__title\">\r\n\t\t\t<a href=\"https:\/\/fadeweb.uncoma.edu.ar\/index.php\/2025\/08\/25\/inscripcion-a-talleres-upami-2023-segundo-cuatrimestre-2\/\" >\r\n\t\t\t\tINSCRIPCI\u00d3N A TALLERES UPAMI 2025 SEGUNDO CUATRIMESTRE\t\t\t<\/a>\r\n\t\t<\/h3>\r\n\t\t\t\t<div class=\"elementor-post__meta-data\">\r\n\t\t\t\t\t<span class=\"elementor-post-date\">\r\n\t\t\t25 agosto, 2025\t\t<\/span>\r\n\t\t\t\t<\/div>\r\n\t\t\t\t<div class=\"elementor-post__excerpt\">\r\n\t\t\t<p>&nbsp; La Secretar\u00eda de Extensi\u00f3n de la FADECS-UNCo informa que la inscripci\u00f3n a los talleres UPAMI 2025 para este segundo cuatrimestre estar\u00e1n abiertas desde el<\/p>\n\t\t<\/div>\r\n\t\t\r\n\t\t<a class=\"elementor-post__read-more\" href=\"https:\/\/fadeweb.uncoma.edu.ar\/index.php\/2025\/08\/25\/inscripcion-a-talleres-upami-2023-segundo-cuatrimestre-2\/\" aria-label=\"Read more about INSCRIPCI\u00d3N A TALLERES UPAMI 2025 SEGUNDO CUATRIMESTRE\" tabindex=\"-1\" >\r\n\t\t\tLeer m\u00e1s \u00bb\t\t<\/a>\r\n\r\n\t\t\t\t<\/div>\r\n\t\t\t\t<\/article>\r\n\t\t\t\t<article class=\"elementor-post elementor-grid-item post-25896 post type-post status-publish format-standard has-post-thumbnail hentry category-notifadecs category-upami\" role=\"listitem\">\r\n\t\t\t\t<a class=\"elementor-post__thumbnail__link\" href=\"https:\/\/fadeweb.uncoma.edu.ar\/index.php\/2025\/07\/25\/se-extiende-la-convocatoria-a-presentar-talleres-upami-2025\/\" tabindex=\"-1\" >\r\n\t\t\t<div class=\"elementor-post__thumbnail\"><img loading=\"lazy\" decoding=\"async\" width=\"240\" height=\"300\" src=\"https:\/\/fadeweb.uncoma.edu.ar\/wp-content\/uploads\/2025\/07\/talleres-upami-2025-240x300.jpg\" class=\"attachment-medium size-medium wp-image-25897\" alt=\"Se extiende hasta el pr\u00f3ximo mi\u00e9rcoles CONVOCATORIA A PRESENTAR TALLERES UPAMI 2025\" srcset=\"https:\/\/fadeweb.uncoma.edu.ar\/wp-content\/uploads\/2025\/07\/talleres-upami-2025-240x300.jpg 240w, https:\/\/fadeweb.uncoma.edu.ar\/wp-content\/uploads\/2025\/07\/talleres-upami-2025-819x1024.jpg 819w, https:\/\/fadeweb.uncoma.edu.ar\/wp-content\/uploads\/2025\/07\/talleres-upami-2025-768x960.jpg 768w, https:\/\/fadeweb.uncoma.edu.ar\/wp-content\/uploads\/2025\/07\/talleres-upami-2025.jpg 1080w\" sizes=\"(max-width: 240px) 100vw, 240px\" \/><\/div>\r\n\t\t<\/a>\r\n\t\t\t\t<div class=\"elementor-post__text\">\r\n\t\t\t\t<h3 class=\"elementor-post__title\">\r\n\t\t\t<a href=\"https:\/\/fadeweb.uncoma.edu.ar\/index.php\/2025\/07\/25\/se-extiende-la-convocatoria-a-presentar-talleres-upami-2025\/\" >\r\n\t\t\t\tSE EXTIENDE LA CONVOCATORIA A PRESENTAR TALLERES UPAMI 2025\t\t\t<\/a>\r\n\t\t<\/h3>\r\n\t\t\t\t<div class=\"elementor-post__meta-data\">\r\n\t\t\t\t\t<span class=\"elementor-post-date\">\r\n\t\t\t25 julio, 2025\t\t<\/span>\r\n\t\t\t\t<\/div>\r\n\t\t\t\t<div class=\"elementor-post__excerpt\">\r\n\t\t\t<p>La convocatoria de la FADECS a docentes y graduados\/as, a presentar propuestas de talleres destinados a personas mayores, en el marco del programa UPAMI 2025,<\/p>\n\t\t<\/div>\r\n\t\t\r\n\t\t<a class=\"elementor-post__read-more\" href=\"https:\/\/fadeweb.uncoma.edu.ar\/index.php\/2025\/07\/25\/se-extiende-la-convocatoria-a-presentar-talleres-upami-2025\/\" aria-label=\"Read more about SE EXTIENDE LA CONVOCATORIA A PRESENTAR TALLERES UPAMI 2025\" tabindex=\"-1\" >\r\n\t\t\tLeer m\u00e1s \u00bb\t\t<\/a>\r\n\r\n\t\t\t\t<\/div>\r\n\t\t\t\t<\/article>\r\n\t\t\t\t<article class=\"elementor-post elementor-grid-item post-25825 post type-post status-publish format-standard has-post-thumbnail hentry category-notifadecs category-upami\" role=\"listitem\">\r\n\t\t\t\t<a class=\"elementor-post__thumbnail__link\" href=\"https:\/\/fadeweb.uncoma.edu.ar\/index.php\/2025\/07\/04\/convocatoria-a-presentar-talleres-upami-2025\/\" tabindex=\"-1\" >\r\n\t\t\t<div class=\"elementor-post__thumbnail\"><img loading=\"lazy\" decoding=\"async\" width=\"240\" height=\"300\" src=\"https:\/\/fadeweb.uncoma.edu.ar\/wp-content\/uploads\/2025\/07\/talleres-2025-fadecs-240x300.jpg\" class=\"attachment-medium size-medium wp-image-25826\" alt=\"CONVOCATORIA A PRESENTAR TALLERES UPAMI 2025\" srcset=\"https:\/\/fadeweb.uncoma.edu.ar\/wp-content\/uploads\/2025\/07\/talleres-2025-fadecs-240x300.jpg 240w, https:\/\/fadeweb.uncoma.edu.ar\/wp-content\/uploads\/2025\/07\/talleres-2025-fadecs-819x1024.jpg 819w, https:\/\/fadeweb.uncoma.edu.ar\/wp-content\/uploads\/2025\/07\/talleres-2025-fadecs-768x960.jpg 768w, https:\/\/fadeweb.uncoma.edu.ar\/wp-content\/uploads\/2025\/07\/talleres-2025-fadecs.jpg 1080w\" sizes=\"(max-width: 240px) 100vw, 240px\" \/><\/div>\r\n\t\t<\/a>\r\n\t\t\t\t<div class=\"elementor-post__text\">\r\n\t\t\t\t<h3 class=\"elementor-post__title\">\r\n\t\t\t<a href=\"https:\/\/fadeweb.uncoma.edu.ar\/index.php\/2025\/07\/04\/convocatoria-a-presentar-talleres-upami-2025\/\" >\r\n\t\t\t\tCONVOCATORIA A PRESENTAR TALLERES UPAMI 2025\t\t\t<\/a>\r\n\t\t<\/h3>\r\n\t\t\t\t<div class=\"elementor-post__meta-data\">\r\n\t\t\t\t\t<span class=\"elementor-post-date\">\r\n\t\t\t4 julio, 2025\t\t<\/span>\r\n\t\t\t\t<\/div>\r\n\t\t\t\t<div class=\"elementor-post__excerpt\">\r\n\t\t\t<p>Desde la Facultad de Derecho y Ciencias Sociales convocamos a docentes y graduados\/as a presentar propuestas de talleres destinados a personas mayores, para ser dictados<\/p>\n\t\t<\/div>\r\n\t\t\r\n\t\t<a class=\"elementor-post__read-more\" href=\"https:\/\/fadeweb.uncoma.edu.ar\/index.php\/2025\/07\/04\/convocatoria-a-presentar-talleres-upami-2025\/\" aria-label=\"Read more about CONVOCATORIA A PRESENTAR TALLERES UPAMI 2025\" tabindex=\"-1\" >\r\n\t\t\tLeer m\u00e1s \u00bb\t\t<\/a>\r\n\r\n\t\t\t\t<\/div>\r\n\t\t\t\t<\/article>\r\n\t\t\t\t<article class=\"elementor-post elementor-grid-item post-25087 post type-post status-publish format-standard has-post-thumbnail hentry category-notifadecs category-upami\" role=\"listitem\">\r\n\t\t\t\t<a class=\"elementor-post__thumbnail__link\" href=\"https:\/\/fadeweb.uncoma.edu.ar\/index.php\/2025\/05\/08\/inscripcion-a-talleres-upami-2025\/\" tabindex=\"-1\" >\r\n\t\t\t<div class=\"elementor-post__thumbnail\"><img loading=\"lazy\" decoding=\"async\" width=\"240\" height=\"300\" src=\"https:\/\/fadeweb.uncoma.edu.ar\/wp-content\/uploads\/2025\/05\/talleres-2025-1-240x300.jpg\" class=\"attachment-medium size-medium wp-image-25088\" alt=\"INSCRIPCI\u00d3N A TALLERES UPAMI 2025\" srcset=\"https:\/\/fadeweb.uncoma.edu.ar\/wp-content\/uploads\/2025\/05\/talleres-2025-1-240x300.jpg 240w, https:\/\/fadeweb.uncoma.edu.ar\/wp-content\/uploads\/2025\/05\/talleres-2025-1-819x1024.jpg 819w, https:\/\/fadeweb.uncoma.edu.ar\/wp-content\/uploads\/2025\/05\/talleres-2025-1-768x960.jpg 768w, https:\/\/fadeweb.uncoma.edu.ar\/wp-content\/uploads\/2025\/05\/talleres-2025-1.jpg 1080w\" sizes=\"(max-width: 240px) 100vw, 240px\" \/><\/div>\r\n\t\t<\/a>\r\n\t\t\t\t<div class=\"elementor-post__text\">\r\n\t\t\t\t<h3 class=\"elementor-post__title\">\r\n\t\t\t<a href=\"https:\/\/fadeweb.uncoma.edu.ar\/index.php\/2025\/05\/08\/inscripcion-a-talleres-upami-2025\/\" >\r\n\t\t\t\tINSCRIPCI\u00d3N A TALLERES UPAMI 2025\t\t\t<\/a>\r\n\t\t<\/h3>\r\n\t\t\t\t<div class=\"elementor-post__meta-data\">\r\n\t\t\t\t\t<span class=\"elementor-post-date\">\r\n\t\t\t8 mayo, 2025\t\t<\/span>\r\n\t\t\t\t<\/div>\r\n\t\t\t\t<div class=\"elementor-post__excerpt\">\r\n\t\t\t<p>La Secretar\u00eda de Extensi\u00f3n de la FADECS-UNCo informa que la inscripci\u00f3n a los talleres UPAMI 2025 est\u00e1 abierta desde el 8\/5 hasta el 31\/5. Los<\/p>\n\t\t<\/div>\r\n\t\t\r\n\t\t<a class=\"elementor-post__read-more\" href=\"https:\/\/fadeweb.uncoma.edu.ar\/index.php\/2025\/05\/08\/inscripcion-a-talleres-upami-2025\/\" aria-label=\"Read more about INSCRIPCI\u00d3N A TALLERES UPAMI 2025\" tabindex=\"-1\" >\r\n\t\t\tLeer m\u00e1s \u00bb\t\t<\/a>\r\n\r\n\t\t\t\t<\/div>\r\n\t\t\t\t<\/article>\r\n\t\t\t\t<\/div>\r\n\t\t\r\n\t\t\t\t\t\t<\/div>\n\t\t\t\t<\/div>\n\t\t\t\t\t<\/div>\n\t\t<\/div>\n\t\t\t\t\t<\/div>\n\t\t<\/section>\n\t\t\t\t<\/div>\n\t\t","protected":false},"excerpt":{"rendered":"<p>TALLERES UPAMI Quienes deseen presentar su propuesta pueden pueden orientarse a partir de la lectura del glosario sobre las tem\u00e1ticas de las actividades socio preventivas realizadas en el marco del Programa Nacional de Prevenci\u00f3n Socio comunitaria \u201cPrevenir para seguir creciendo\u201d y los cursos del Programa Universidad Para Adultos Mayores Integrados (UPAMI) del INSSJP, y de [&hellip;]<\/p>\n","protected":false},"author":4,"featured_media":0,"parent":3456,"menu_order":0,"comment_status":"closed","ping_status":"closed","template":"","meta":{"footnotes":""},"class_list":["post-15407","page","type-page","status-publish","hentry"],"_links":{"self":[{"href":"https:\/\/fadeweb.uncoma.edu.ar\/index.php\/wp-json\/wp\/v2\/pages\/15407","targetHints":{"allow":["GET"]}}],"collection":[{"href":"https:\/\/fadeweb.uncoma.edu.ar\/index.php\/wp-json\/wp\/v2\/pages"}],"about":[{"href":"https:\/\/fadeweb.uncoma.edu.ar\/index.php\/wp-json\/wp\/v2\/types\/page"}],"author":[{"embeddable":true,"href":"https:\/\/fadeweb.uncoma.edu.ar\/index.php\/wp-json\/wp\/v2\/users\/4"}],"replies":[{"embeddable":true,"href":"https:\/\/fadeweb.uncoma.edu.ar\/index.php\/wp-json\/wp\/v2\/comments?post=15407"}],"version-history":[{"count":9,"href":"https:\/\/fadeweb.uncoma.edu.ar\/index.php\/wp-json\/wp\/v2\/pages\/15407\/revisions"}],"predecessor-version":[{"id":15428,"href":"https:\/\/fadeweb.uncoma.edu.ar\/index.php\/wp-json\/wp\/v2\/pages\/15407\/revisions\/15428"}],"up":[{"embeddable":true,"href":"https:\/\/fadeweb.uncoma.edu.ar\/index.php\/wp-json\/wp\/v2\/pages\/3456"}],"wp:attachment":[{"href":"https:\/\/fadeweb.uncoma.edu.ar\/index.php\/wp-json\/wp\/v2\/media?parent=15407"}],"curies":[{"name":"wp","href":"https:\/\/api.w.org\/{rel}","templated":true}]}}