{"id":10256,"date":"2022-11-08T11:05:35","date_gmt":"2022-11-08T14:05:35","guid":{"rendered":"http:\/\/170.210.81.106\/newfade\/?page_id=10256"},"modified":"2022-11-08T11:11:17","modified_gmt":"2022-11-08T14:11:17","slug":"diplomatura-en-herramientas-gerontologicas","status":"publish","type":"page","link":"https:\/\/fadeweb.uncoma.edu.ar\/index.php\/secretaria-de-extension-y-asuntos-estudiantiles\/diplomatura-en-herramientas-gerontologicas\/","title":{"rendered":"DIPLOMATURA EN HERRAMIENTAS GERONTOL\u00d3GICAS"},"content":{"rendered":"\t\t<div data-elementor-type=\"wp-page\" data-elementor-id=\"10256\" class=\"elementor elementor-10256\" data-elementor-post-type=\"page\">\n\t\t\t\t\t\t<section class=\"elementor-section elementor-top-section elementor-element elementor-element-210a4c4 elementor-section-boxed elementor-section-height-default elementor-section-height-default\" data-id=\"210a4c4\" data-element_type=\"section\" data-e-type=\"section\">\n\t\t\t\t\t\t<div class=\"elementor-container elementor-column-gap-default\">\n\t\t\t\t\t<div class=\"elementor-column elementor-col-100 elementor-top-column elementor-element elementor-element-5df6c90\" data-id=\"5df6c90\" data-element_type=\"column\" data-e-type=\"column\">\n\t\t\t<div class=\"elementor-widget-wrap elementor-element-populated\">\n\t\t\t\t\t\t<div class=\"elementor-element elementor-element-d706a1a elementor-grid-3 elementor-grid-tablet-2 elementor-grid-mobile-1 elementor-posts--thumbnail-top elementor-widget elementor-widget-posts\" data-id=\"d706a1a\" data-element_type=\"widget\" data-e-type=\"widget\" data-settings=\"{&quot;pagination_type&quot;:&quot;numbers_and_prev_next&quot;,&quot;classic_columns&quot;:&quot;3&quot;,&quot;classic_columns_tablet&quot;:&quot;2&quot;,&quot;classic_columns_mobile&quot;:&quot;1&quot;,&quot;classic_row_gap&quot;:{&quot;unit&quot;:&quot;px&quot;,&quot;size&quot;:35,&quot;sizes&quot;:[]},&quot;classic_row_gap_tablet&quot;:{&quot;unit&quot;:&quot;px&quot;,&quot;size&quot;:&quot;&quot;,&quot;sizes&quot;:[]},&quot;classic_row_gap_mobile&quot;:{&quot;unit&quot;:&quot;px&quot;,&quot;size&quot;:&quot;&quot;,&quot;sizes&quot;:[]}}\" data-widget_type=\"posts.classic\">\n\t\t\t\t<div class=\"elementor-widget-container\">\n\t\t\t\t\t\t\t<div class=\"elementor-posts-container elementor-posts elementor-posts--skin-classic elementor-grid\" role=\"list\">\r\n\t\t\t\t<article class=\"elementor-post elementor-grid-item post-17018 post type-post status-publish format-standard has-post-thumbnail hentry category-diplomatura-g category-notifadecs\" role=\"listitem\">\r\n\t\t\t\t<a class=\"elementor-post__thumbnail__link\" href=\"https:\/\/fadeweb.uncoma.edu.ar\/index.php\/2023\/09\/01\/cerro-la-segunda-cohorte-de-la-diplomatura-en-herramientas-gerontologicas\/\" tabindex=\"-1\" >\r\n\t\t\t<div class=\"elementor-post__thumbnail\"><img fetchpriority=\"high\" decoding=\"async\" width=\"300\" height=\"270\" src=\"https:\/\/fadeweb.uncoma.edu.ar\/wp-content\/uploads\/2023\/09\/cierre-gero-300x270.jpg\" class=\"attachment-medium size-medium wp-image-17019\" alt=\"\" srcset=\"https:\/\/fadeweb.uncoma.edu.ar\/wp-content\/uploads\/2023\/09\/cierre-gero-300x270.jpg 300w, https:\/\/fadeweb.uncoma.edu.ar\/wp-content\/uploads\/2023\/09\/cierre-gero-1024x922.jpg 1024w, https:\/\/fadeweb.uncoma.edu.ar\/wp-content\/uploads\/2023\/09\/cierre-gero-768x691.jpg 768w, https:\/\/fadeweb.uncoma.edu.ar\/wp-content\/uploads\/2023\/09\/cierre-gero-1536x1382.jpg 1536w, https:\/\/fadeweb.uncoma.edu.ar\/wp-content\/uploads\/2023\/09\/cierre-gero.jpg 1600w\" sizes=\"(max-width: 300px) 100vw, 300px\" \/><\/div>\r\n\t\t<\/a>\r\n\t\t\t\t<div class=\"elementor-post__text\">\r\n\t\t\t\t<h3 class=\"elementor-post__title\">\r\n\t\t\t<a href=\"https:\/\/fadeweb.uncoma.edu.ar\/index.php\/2023\/09\/01\/cerro-la-segunda-cohorte-de-la-diplomatura-en-herramientas-gerontologicas\/\" >\r\n\t\t\t\tCERR\u00d3 LA SEGUNDA COHORTE DE LA DIPLOMATURA EN HERRAMIENTAS GERONTOL\u00d3GICAS\t\t\t<\/a>\r\n\t\t<\/h3>\r\n\t\t\t\t<div class=\"elementor-post__meta-data\">\r\n\t\t\t\t\t<span class=\"elementor-post-date\">\r\n\t\t\t1 septiembre, 2023\t\t<\/span>\r\n\t\t\t\t<\/div>\r\n\t\t\t\t<div class=\"elementor-post__excerpt\">\r\n\t\t\t<p>La segunda cohorte de la Diplomatura en Herramientas Gerontol\u00f3gicas cerr\u00f3 su cursado el mi\u00e9rcoles 30 de agosto de 2023. El encuentro fue de mucho entusiasmo<\/p>\n\t\t<\/div>\r\n\t\t\r\n\t\t<a class=\"elementor-post__read-more\" href=\"https:\/\/fadeweb.uncoma.edu.ar\/index.php\/2023\/09\/01\/cerro-la-segunda-cohorte-de-la-diplomatura-en-herramientas-gerontologicas\/\" aria-label=\"Read more about CERR\u00d3 LA SEGUNDA COHORTE DE LA DIPLOMATURA EN HERRAMIENTAS GERONTOL\u00d3GICAS\" tabindex=\"-1\" >\r\n\t\t\tRead More \u00bb\t\t<\/a>\r\n\r\n\t\t\t\t<\/div>\r\n\t\t\t\t<\/article>\r\n\t\t\t\t<article class=\"elementor-post elementor-grid-item post-14639 post type-post status-publish format-standard has-post-thumbnail hentry category-diplomatura-g category-notifadecs\" role=\"listitem\">\r\n\t\t\t\t<a class=\"elementor-post__thumbnail__link\" href=\"https:\/\/fadeweb.uncoma.edu.ar\/index.php\/2023\/03\/23\/comenzo-a-dictarse-la-diplomatura-en-herramientas-gerontologicas\/\" tabindex=\"-1\" >\r\n\t\t\t<div class=\"elementor-post__thumbnail\"><img decoding=\"async\" width=\"300\" height=\"225\" src=\"https:\/\/fadeweb.uncoma.edu.ar\/wp-content\/uploads\/2023\/03\/InicioDiploHerrGer-300x225.jpeg\" class=\"attachment-medium size-medium wp-image-14640\" alt=\"\" srcset=\"https:\/\/fadeweb.uncoma.edu.ar\/wp-content\/uploads\/2023\/03\/InicioDiploHerrGer-300x225.jpeg 300w, https:\/\/fadeweb.uncoma.edu.ar\/wp-content\/uploads\/2023\/03\/InicioDiploHerrGer-768x576.jpeg 768w, https:\/\/fadeweb.uncoma.edu.ar\/wp-content\/uploads\/2023\/03\/InicioDiploHerrGer.jpeg 1024w\" sizes=\"(max-width: 300px) 100vw, 300px\" \/><\/div>\r\n\t\t<\/a>\r\n\t\t\t\t<div class=\"elementor-post__text\">\r\n\t\t\t\t<h3 class=\"elementor-post__title\">\r\n\t\t\t<a href=\"https:\/\/fadeweb.uncoma.edu.ar\/index.php\/2023\/03\/23\/comenzo-a-dictarse-la-diplomatura-en-herramientas-gerontologicas\/\" >\r\n\t\t\t\tCOMENZ\u00d3 A DICTARSE LA DIPLOMATURA EN HERRAMIENTAS GERONTOL\u00d3GICAS\t\t\t<\/a>\r\n\t\t<\/h3>\r\n\t\t\t\t<div class=\"elementor-post__meta-data\">\r\n\t\t\t\t\t<span class=\"elementor-post-date\">\r\n\t\t\t23 marzo, 2023\t\t<\/span>\r\n\t\t\t\t<\/div>\r\n\t\t\t\t<div class=\"elementor-post__excerpt\">\r\n\t\t\t<p>El Primer Encuentro de la Diplomatura en Herramientas Gerontol\u00f3gicas 2023 se realiz\u00f3 el mi\u00e9rcoles 22 de marzo a trav\u00e9s de la plataforma Zoom. Las palabras<\/p>\n\t\t<\/div>\r\n\t\t\r\n\t\t<a class=\"elementor-post__read-more\" href=\"https:\/\/fadeweb.uncoma.edu.ar\/index.php\/2023\/03\/23\/comenzo-a-dictarse-la-diplomatura-en-herramientas-gerontologicas\/\" aria-label=\"Read more about COMENZ\u00d3 A DICTARSE LA DIPLOMATURA EN HERRAMIENTAS GERONTOL\u00d3GICAS\" tabindex=\"-1\" >\r\n\t\t\tRead More \u00bb\t\t<\/a>\r\n\r\n\t\t\t\t<\/div>\r\n\t\t\t\t<\/article>\r\n\t\t\t\t<article class=\"elementor-post elementor-grid-item post-14609 post type-post status-publish format-standard has-post-thumbnail hentry category-diplomatura-g category-notifadecs\" role=\"listitem\">\r\n\t\t\t\t<a class=\"elementor-post__thumbnail__link\" href=\"https:\/\/fadeweb.uncoma.edu.ar\/index.php\/2023\/03\/22\/becas-de-la-diplomatura-en-herramientas-gerontologicas\/\" tabindex=\"-1\" >\r\n\t\t\t<div class=\"elementor-post__thumbnail\"><img decoding=\"async\" width=\"300\" height=\"300\" src=\"https:\/\/fadeweb.uncoma.edu.ar\/wp-content\/uploads\/2023\/03\/becas-gero-BECADOS-300x300.jpg\" class=\"attachment-medium size-medium wp-image-14610\" alt=\"\" srcset=\"https:\/\/fadeweb.uncoma.edu.ar\/wp-content\/uploads\/2023\/03\/becas-gero-BECADOS-300x300.jpg 300w, https:\/\/fadeweb.uncoma.edu.ar\/wp-content\/uploads\/2023\/03\/becas-gero-BECADOS-1024x1024.jpg 1024w, https:\/\/fadeweb.uncoma.edu.ar\/wp-content\/uploads\/2023\/03\/becas-gero-BECADOS-150x150.jpg 150w, https:\/\/fadeweb.uncoma.edu.ar\/wp-content\/uploads\/2023\/03\/becas-gero-BECADOS-768x768.jpg 768w, https:\/\/fadeweb.uncoma.edu.ar\/wp-content\/uploads\/2023\/03\/becas-gero-BECADOS.jpg 1080w\" sizes=\"(max-width: 300px) 100vw, 300px\" \/><\/div>\r\n\t\t<\/a>\r\n\t\t\t\t<div class=\"elementor-post__text\">\r\n\t\t\t\t<h3 class=\"elementor-post__title\">\r\n\t\t\t<a href=\"https:\/\/fadeweb.uncoma.edu.ar\/index.php\/2023\/03\/22\/becas-de-la-diplomatura-en-herramientas-gerontologicas\/\" >\r\n\t\t\t\tBECAS DE LA DIPLOMATURA EN HERRAMIENTAS GERONTOL\u00d3GICAS\t\t\t<\/a>\r\n\t\t<\/h3>\r\n\t\t\t\t<div class=\"elementor-post__meta-data\">\r\n\t\t\t\t\t<span class=\"elementor-post-date\">\r\n\t\t\t22 marzo, 2023\t\t<\/span>\r\n\t\t\t\t<\/div>\r\n\t\t\t\t<div class=\"elementor-post__excerpt\">\r\n\t\t\t<p>La Secretar\u00eda de Extensi\u00f3n informa las\/los estudiantes que quedaron seleccionadas\/os para las becas de la Diplomatura en Herramientas Gerontol\u00f3gicas: de Sociolog\u00eda Laura Lagos; de Servicio<\/p>\n\t\t<\/div>\r\n\t\t\r\n\t\t<a class=\"elementor-post__read-more\" href=\"https:\/\/fadeweb.uncoma.edu.ar\/index.php\/2023\/03\/22\/becas-de-la-diplomatura-en-herramientas-gerontologicas\/\" aria-label=\"Read more about BECAS DE LA DIPLOMATURA EN HERRAMIENTAS GERONTOL\u00d3GICAS\" tabindex=\"-1\" >\r\n\t\t\tRead More \u00bb\t\t<\/a>\r\n\r\n\t\t\t\t<\/div>\r\n\t\t\t\t<\/article>\r\n\t\t\t\t<article class=\"elementor-post elementor-grid-item post-14420 post type-post status-publish format-standard has-post-thumbnail hentry category-becas category-diplomatura-g category-extension category-notifadecs\" role=\"listitem\">\r\n\t\t\t\t<a class=\"elementor-post__thumbnail__link\" href=\"https:\/\/fadeweb.uncoma.edu.ar\/index.php\/2023\/03\/14\/becas-para-la-diplomatura-en-herramientas-gerontologicas\/\" tabindex=\"-1\" >\r\n\t\t\t<div class=\"elementor-post__thumbnail\"><img loading=\"lazy\" decoding=\"async\" width=\"300\" height=\"300\" src=\"https:\/\/fadeweb.uncoma.edu.ar\/wp-content\/uploads\/2023\/03\/becas-gero-300x300.jpg\" class=\"attachment-medium size-medium wp-image-14421\" alt=\"\" srcset=\"https:\/\/fadeweb.uncoma.edu.ar\/wp-content\/uploads\/2023\/03\/becas-gero-300x300.jpg 300w, https:\/\/fadeweb.uncoma.edu.ar\/wp-content\/uploads\/2023\/03\/becas-gero-1024x1024.jpg 1024w, https:\/\/fadeweb.uncoma.edu.ar\/wp-content\/uploads\/2023\/03\/becas-gero-150x150.jpg 150w, https:\/\/fadeweb.uncoma.edu.ar\/wp-content\/uploads\/2023\/03\/becas-gero-768x768.jpg 768w, https:\/\/fadeweb.uncoma.edu.ar\/wp-content\/uploads\/2023\/03\/becas-gero.jpg 1080w\" sizes=\"(max-width: 300px) 100vw, 300px\" \/><\/div>\r\n\t\t<\/a>\r\n\t\t\t\t<div class=\"elementor-post__text\">\r\n\t\t\t\t<h3 class=\"elementor-post__title\">\r\n\t\t\t<a href=\"https:\/\/fadeweb.uncoma.edu.ar\/index.php\/2023\/03\/14\/becas-para-la-diplomatura-en-herramientas-gerontologicas\/\" >\r\n\t\t\t\tBECAS PARA LA DIPLOMATURA EN \u201cHERRAMIENTAS GERONTOL\u00d3GICAS\u201d\t\t\t<\/a>\r\n\t\t<\/h3>\r\n\t\t\t\t<div class=\"elementor-post__meta-data\">\r\n\t\t\t\t\t<span class=\"elementor-post-date\">\r\n\t\t\t14 marzo, 2023\t\t<\/span>\r\n\t\t\t\t<\/div>\r\n\t\t\t\t<div class=\"elementor-post__excerpt\">\r\n\t\t\t<p>La Secretar\u00eda de Extensi\u00f3n y Asuntos Estudiantiles otorgar\u00e1 5 (cinco) becas a estudiantes de las carreras de Abogac\u00eda, Servicio Social, Sociolog\u00eda y Comunicaci\u00f3n Social de<\/p>\n\t\t<\/div>\r\n\t\t\r\n\t\t<a class=\"elementor-post__read-more\" href=\"https:\/\/fadeweb.uncoma.edu.ar\/index.php\/2023\/03\/14\/becas-para-la-diplomatura-en-herramientas-gerontologicas\/\" aria-label=\"Read more about BECAS PARA LA DIPLOMATURA EN \u201cHERRAMIENTAS GERONTOL\u00d3GICAS\u201d\" tabindex=\"-1\" >\r\n\t\t\tRead More \u00bb\t\t<\/a>\r\n\r\n\t\t\t\t<\/div>\r\n\t\t\t\t<\/article>\r\n\t\t\t\t<article class=\"elementor-post elementor-grid-item post-14411 post type-post status-publish format-standard has-post-thumbnail hentry category-diplomatura-g category-extension category-notifadecs\" role=\"listitem\">\r\n\t\t\t\t<a class=\"elementor-post__thumbnail__link\" href=\"https:\/\/fadeweb.uncoma.edu.ar\/index.php\/2023\/03\/13\/diplomatura-en-herramientas-gerontologicas-se-amplio-la-fecha-de-inscripcion\/\" tabindex=\"-1\" >\r\n\t\t\t<div class=\"elementor-post__thumbnail\"><img loading=\"lazy\" decoding=\"async\" width=\"300\" height=\"300\" src=\"https:\/\/fadeweb.uncoma.edu.ar\/wp-content\/uploads\/2023\/03\/DIPLOMATURA-EN-HERRAMIENTAS-GERONTOLOGICAS-2023-300x300.jpg\" class=\"attachment-medium size-medium wp-image-14412\" alt=\"\" srcset=\"https:\/\/fadeweb.uncoma.edu.ar\/wp-content\/uploads\/2023\/03\/DIPLOMATURA-EN-HERRAMIENTAS-GERONTOLOGICAS-2023-300x300.jpg 300w, https:\/\/fadeweb.uncoma.edu.ar\/wp-content\/uploads\/2023\/03\/DIPLOMATURA-EN-HERRAMIENTAS-GERONTOLOGICAS-2023-1024x1024.jpg 1024w, https:\/\/fadeweb.uncoma.edu.ar\/wp-content\/uploads\/2023\/03\/DIPLOMATURA-EN-HERRAMIENTAS-GERONTOLOGICAS-2023-150x150.jpg 150w, https:\/\/fadeweb.uncoma.edu.ar\/wp-content\/uploads\/2023\/03\/DIPLOMATURA-EN-HERRAMIENTAS-GERONTOLOGICAS-2023-768x768.jpg 768w, https:\/\/fadeweb.uncoma.edu.ar\/wp-content\/uploads\/2023\/03\/DIPLOMATURA-EN-HERRAMIENTAS-GERONTOLOGICAS-2023.jpg 1080w\" sizes=\"(max-width: 300px) 100vw, 300px\" \/><\/div>\r\n\t\t<\/a>\r\n\t\t\t\t<div class=\"elementor-post__text\">\r\n\t\t\t\t<h3 class=\"elementor-post__title\">\r\n\t\t\t<a href=\"https:\/\/fadeweb.uncoma.edu.ar\/index.php\/2023\/03\/13\/diplomatura-en-herramientas-gerontologicas-se-amplio-la-fecha-de-inscripcion\/\" >\r\n\t\t\t\tDIPLOMATURA EN HERRAMIENTAS GERONTOL\u00d3GICAS. SE AMPLI\u00d3 LA FECHA DE INSCRIPCI\u00d3N.\t\t\t<\/a>\r\n\t\t<\/h3>\r\n\t\t\t\t<div class=\"elementor-post__meta-data\">\r\n\t\t\t\t\t<span class=\"elementor-post-date\">\r\n\t\t\t13 marzo, 2023\t\t<\/span>\r\n\t\t\t\t<\/div>\r\n\t\t\t\t<div class=\"elementor-post__excerpt\">\r\n\t\t\t<p>La segunda cohorte de la Diplomatura en Herramientas Gerontol\u00f3gicas, aprobada por el CD de la FADECS, comenzar\u00e1 a dictarse el 22 de marzo de 2023.<\/p>\n\t\t<\/div>\r\n\t\t\r\n\t\t<a class=\"elementor-post__read-more\" href=\"https:\/\/fadeweb.uncoma.edu.ar\/index.php\/2023\/03\/13\/diplomatura-en-herramientas-gerontologicas-se-amplio-la-fecha-de-inscripcion\/\" aria-label=\"Read more about DIPLOMATURA EN HERRAMIENTAS GERONTOL\u00d3GICAS. SE AMPLI\u00d3 LA FECHA DE INSCRIPCI\u00d3N.\" tabindex=\"-1\" >\r\n\t\t\tRead More \u00bb\t\t<\/a>\r\n\r\n\t\t\t\t<\/div>\r\n\t\t\t\t<\/article>\r\n\t\t\t\t<article class=\"elementor-post elementor-grid-item post-13675 post type-post status-publish format-standard has-post-thumbnail hentry category-consejo-directivo category-diplomatura-g category-extension category-notifadecs\" role=\"listitem\">\r\n\t\t\t\t<a class=\"elementor-post__thumbnail__link\" href=\"https:\/\/fadeweb.uncoma.edu.ar\/index.php\/2023\/02\/09\/diplomatura-en-herramientas-gerontologicas-5\/\" tabindex=\"-1\" >\r\n\t\t\t<div class=\"elementor-post__thumbnail\"><img loading=\"lazy\" decoding=\"async\" width=\"300\" height=\"300\" src=\"https:\/\/fadeweb.uncoma.edu.ar\/wp-content\/uploads\/2023\/02\/Herram-Geront-2dacohorte-2023-300x300.jpeg\" class=\"attachment-medium size-medium wp-image-13676\" alt=\"\" srcset=\"https:\/\/fadeweb.uncoma.edu.ar\/wp-content\/uploads\/2023\/02\/Herram-Geront-2dacohorte-2023-300x300.jpeg 300w, https:\/\/fadeweb.uncoma.edu.ar\/wp-content\/uploads\/2023\/02\/Herram-Geront-2dacohorte-2023-1024x1024.jpeg 1024w, https:\/\/fadeweb.uncoma.edu.ar\/wp-content\/uploads\/2023\/02\/Herram-Geront-2dacohorte-2023-150x150.jpeg 150w, https:\/\/fadeweb.uncoma.edu.ar\/wp-content\/uploads\/2023\/02\/Herram-Geront-2dacohorte-2023-768x768.jpeg 768w, https:\/\/fadeweb.uncoma.edu.ar\/wp-content\/uploads\/2023\/02\/Herram-Geront-2dacohorte-2023.jpeg 1080w\" sizes=\"(max-width: 300px) 100vw, 300px\" \/><\/div>\r\n\t\t<\/a>\r\n\t\t\t\t<div class=\"elementor-post__text\">\r\n\t\t\t\t<h3 class=\"elementor-post__title\">\r\n\t\t\t<a href=\"https:\/\/fadeweb.uncoma.edu.ar\/index.php\/2023\/02\/09\/diplomatura-en-herramientas-gerontologicas-5\/\" >\r\n\t\t\t\tDIPLOMATURA EN HERRAMIENTAS GERONTOL\u00d3GICAS\t\t\t<\/a>\r\n\t\t<\/h3>\r\n\t\t\t\t<div class=\"elementor-post__meta-data\">\r\n\t\t\t\t\t<span class=\"elementor-post-date\">\r\n\t\t\t9 febrero, 2023\t\t<\/span>\r\n\t\t\t\t<\/div>\r\n\t\t\t\t<div class=\"elementor-post__excerpt\">\r\n\t\t\t<p>La segunda cohorte de la Diplomatura en Herramientas Gerontol\u00f3gicas, aprobada por el CD de la FADECS, comenzar\u00e1 a dictarse en marzo de 2023. Las inscripciones<\/p>\n\t\t<\/div>\r\n\t\t\r\n\t\t<a class=\"elementor-post__read-more\" href=\"https:\/\/fadeweb.uncoma.edu.ar\/index.php\/2023\/02\/09\/diplomatura-en-herramientas-gerontologicas-5\/\" aria-label=\"Read more about DIPLOMATURA EN HERRAMIENTAS GERONTOL\u00d3GICAS\" tabindex=\"-1\" >\r\n\t\t\tRead More \u00bb\t\t<\/a>\r\n\r\n\t\t\t\t<\/div>\r\n\t\t\t\t<\/article>\r\n\t\t\t\t<\/div>\r\n\t\t\r\n\t\t\t\t<div class=\"e-load-more-anchor\" data-page=\"1\" data-max-page=\"5\" data-next-page=\"https:\/\/fadeweb.uncoma.edu.ar\/index.php\/wp-json\/wp\/v2\/pages\/10256\/page\/2\/\"><\/div>\r\n\t\t\t\t<nav class=\"elementor-pagination\" aria-label=\"Pagination\">\r\n\t\t\t<span class=\"page-numbers prev\">&laquo; Anterior<\/span>\n<span aria-current=\"page\" class=\"page-numbers current\"><span class=\"elementor-screen-only\">Page<\/span>1<\/span>\n<a class=\"page-numbers\" href=\"https:\/\/fadeweb.uncoma.edu.ar\/index.php\/wp-json\/wp\/v2\/pages\/10256\/page\/2\/\"><span class=\"elementor-screen-only\">Page<\/span>2<\/a>\n<a class=\"page-numbers\" href=\"https:\/\/fadeweb.uncoma.edu.ar\/index.php\/wp-json\/wp\/v2\/pages\/10256\/page\/3\/\"><span class=\"elementor-screen-only\">Page<\/span>3<\/a>\n<a class=\"page-numbers\" href=\"https:\/\/fadeweb.uncoma.edu.ar\/index.php\/wp-json\/wp\/v2\/pages\/10256\/page\/4\/\"><span class=\"elementor-screen-only\">Page<\/span>4<\/a>\n<a class=\"page-numbers\" href=\"https:\/\/fadeweb.uncoma.edu.ar\/index.php\/wp-json\/wp\/v2\/pages\/10256\/page\/5\/\"><span class=\"elementor-screen-only\">Page<\/span>5<\/a>\n<a class=\"page-numbers next\" href=\"https:\/\/fadeweb.uncoma.edu.ar\/index.php\/wp-json\/wp\/v2\/pages\/10256\/page\/2\/\">Siguiente &raquo;<\/a>\t\t<\/nav>\r\n\t\t\t\t\t\t<\/div>\n\t\t\t\t<\/div>\n\t\t\t\t\t<\/div>\n\t\t<\/div>\n\t\t\t\t\t<\/div>\n\t\t<\/section>\n\t\t\t\t<\/div>\n\t\t","protected":false},"excerpt":{"rendered":"","protected":false},"author":4,"featured_media":0,"parent":3456,"menu_order":0,"comment_status":"closed","ping_status":"closed","template":"","meta":{"footnotes":""},"class_list":["post-10256","page","type-page","status-publish","hentry"],"_links":{"self":[{"href":"https:\/\/fadeweb.uncoma.edu.ar\/index.php\/wp-json\/wp\/v2\/pages\/10256","targetHints":{"allow":["GET"]}}],"collection":[{"href":"https:\/\/fadeweb.uncoma.edu.ar\/index.php\/wp-json\/wp\/v2\/pages"}],"about":[{"href":"https:\/\/fadeweb.uncoma.edu.ar\/index.php\/wp-json\/wp\/v2\/types\/page"}],"author":[{"embeddable":true,"href":"https:\/\/fadeweb.uncoma.edu.ar\/index.php\/wp-json\/wp\/v2\/users\/4"}],"replies":[{"embeddable":true,"href":"https:\/\/fadeweb.uncoma.edu.ar\/index.php\/wp-json\/wp\/v2\/comments?post=10256"}],"version-history":[{"count":4,"href":"https:\/\/fadeweb.uncoma.edu.ar\/index.php\/wp-json\/wp\/v2\/pages\/10256\/revisions"}],"predecessor-version":[{"id":10264,"href":"https:\/\/fadeweb.uncoma.edu.ar\/index.php\/wp-json\/wp\/v2\/pages\/10256\/revisions\/10264"}],"up":[{"embeddable":true,"href":"https:\/\/fadeweb.uncoma.edu.ar\/index.php\/wp-json\/wp\/v2\/pages\/3456"}],"wp:attachment":[{"href":"https:\/\/fadeweb.uncoma.edu.ar\/index.php\/wp-json\/wp\/v2\/media?parent=10256"}],"curies":[{"name":"wp","href":"https:\/\/api.w.org\/{rel}","templated":true}]}}